{"id":10164,"date":"2017-05-21T09:10:38","date_gmt":"2017-05-21T08:10:38","guid":{"rendered":"https:\/\/www.konferenztechnik.de\/?page_id=10164\/"},"modified":"2023-08-02T12:02:07","modified_gmt":"2023-08-02T10:02:07","slug":"ki%cc%87ralama-rehberli%cc%87k-si%cc%87stemleri%cc%87-duesseldorf","status":"publish","type":"page","link":"https:\/\/konferenztechnik.de\/tr\/ki%cc%87ralama-rehberli%cc%87k-si%cc%87stemleri%cc%87-duesseldorf\/","title":{"rendered":"D\u00fcsseldorf y\u00f6nlendirme sistemleri kiralama"},"content":{"rendered":"<div data-elementor-type=\"wp-page\" data-elementor-id=\"10164\" class=\"elementor elementor-10164\" data-elementor-post-type=\"page\">\n\t\t\t\t<div data-particle_enable=\"false\" data-particle-mobile-disabled=\"false\" class=\"elementor-element elementor-element-35149378 e-flex e-con-boxed e-con e-parent\" data-id=\"35149378\" data-element_type=\"container\">\n\t\t\t\t\t<div class=\"e-con-inner\">\n\t\t\t\t<div class=\"elementor-element elementor-element-650d19b8 elementor-widget elementor-widget-heading\" data-id=\"650d19b8\" data-element_type=\"widget\" data-settings=\"{&quot;_animation&quot;:&quot;none&quot;}\" data-widget_type=\"heading.default\">\n\t\t\t\t<div class=\"elementor-widget-container\">\n\t\t\t\t\t<h1 class=\"elementor-heading-title elementor-size-default\">D\u00fcsseldorf tur rehberi sistemleri kiralama: D\u00fcsseldorf'ta tur rehberi sistemleri ve tur rehberi kiralama<\/h1>\t\t\t\t<\/div>\n\t\t\t\t<\/div>\n\t\t\t\t\t<\/div>\n\t\t\t\t<\/div>\n\t\t<div data-particle_enable=\"false\" data-particle-mobile-disabled=\"false\" class=\"elementor-element elementor-element-31077f78 e-flex e-con-boxed e-con e-parent\" data-id=\"31077f78\" data-element_type=\"container\">\n\t\t\t\t\t<div class=\"e-con-inner\">\n\t\t\t\t<div class=\"elementor-element elementor-element-34c14bcd elementor-widget-widescreen__width-inherit elementor-widget elementor-widget-image\" data-id=\"34c14bcd\" data-element_type=\"widget\" data-widget_type=\"image.default\">\n\t\t\t\t<div class=\"elementor-widget-container\">\n\t\t\t\t\t\t\t\t\t\t\t\t\t\t\t<img fetchpriority=\"high\" decoding=\"async\" width=\"1200\" height=\"450\" src=\"https:\/\/konferenztechnik.de\/wp-content\/uploads\/2017\/05\/veranstaltungstechnik-duesseldorf.jpg\" class=\"attachment-full size-full wp-image-10169\" alt=\"\" srcset=\"https:\/\/konferenztechnik.de\/wp-content\/uploads\/2017\/05\/veranstaltungstechnik-duesseldorf.jpg 1200w, https:\/\/konferenztechnik.de\/wp-content\/uploads\/2017\/05\/veranstaltungstechnik-duesseldorf-300x113.jpg 300w, https:\/\/konferenztechnik.de\/wp-content\/uploads\/2017\/05\/veranstaltungstechnik-duesseldorf-1024x384.jpg 1024w, https:\/\/konferenztechnik.de\/wp-content\/uploads\/2017\/05\/veranstaltungstechnik-duesseldorf-768x288.jpg 768w\" sizes=\"(max-width: 1200px) 100vw, 1200px\" title=\"\">\t\t\t\t\t\t\t\t\t\t\t\t\t\t\t<\/div>\n\t\t\t\t<\/div>\n\t\t<div data-particle_enable=\"false\" data-particle-mobile-disabled=\"false\" class=\"elementor-element elementor-element-4e00be84 e-flex e-con-boxed e-con e-parent\" data-id=\"4e00be84\" data-element_type=\"container\">\n\t\t\t\t\t<div class=\"e-con-inner\">\n\t\t\t\t<div class=\"elementor-element elementor-element-3cb028fc elementor-align-left elementor-widget elementor-widget-button\" data-id=\"3cb028fc\" data-element_type=\"widget\" data-widget_type=\"button.default\">\n\t\t\t\t<div class=\"elementor-widget-container\">\n\t\t\t\t\t\t\t\t\t<div class=\"elementor-button-wrapper\">\n\t\t\t\t\t<a class=\"elementor-button elementor-button-link elementor-size-lg\" href=\"#serviceteam\">\n\t\t\t\t\t\t<span class=\"elementor-button-content-wrapper\">\n\t\t\t\t\t\t<span class=\"elementor-button-icon\">\n\t\t\t\t<svg aria-hidden=\"true\" class=\"e-font-icon-svg e-far-arrow-alt-circle-down\" viewbox=\"0 0 512 512\" xmlns=\"http:\/\/www.w3.org\/2000\/svg\"><path d=\"M256 8C119 8 8 119 8 256s111 248 248 248 248-111 248-248S393 8 256 8zm0 448c-110.5 0-200-89.5-200-200S145.5 56 256 56s200 89.5 200 200-89.5 200-200 200zm-32-316v116h-67c-10.7 0-16 12.9-8.5 20.5l99 99c4.7 4.7 12.3 4.7 17 0l99-99c7.6-7.6 2.2-20.5-8.5-20.5h-67V140c0-6.6-5.4-12-12-12h-40c-6.6 0-12 5.4-12 12z\"><\/path><\/svg>\t\t\t<\/span>\n\t\t\t\t\t\t\t\t\t<span class=\"elementor-button-text\">\u015eimdi Sorgula<\/span>\n\t\t\t\t\t<\/span>\n\t\t\t\t\t<\/a>\n\t\t\t\t<\/div>\n\t\t\t\t\t\t\t\t<\/div>\n\t\t\t\t<\/div>\n\t\t\t\t\t<\/div>\n\t\t\t\t<\/div>\n\t\t\t\t<div class=\"elementor-element elementor-element-640b0751 elementor-widget elementor-widget-shortcode\" data-id=\"640b0751\" data-element_type=\"widget\" data-widget_type=\"shortcode.default\">\n\t\t\t\t<div class=\"elementor-widget-container\">\n\t\t\t\t\t\t\t<div class=\"elementor-shortcode\">\t\t<div data-elementor-type=\"container\" data-elementor-id=\"37020\" class=\"elementor elementor-37020\" data-elementor-post-type=\"elementor_library\">\n\t\t\t\t<div data-particle_enable=\"false\" data-particle-mobile-disabled=\"false\" class=\"elementor-element elementor-element-349c2afa e-flex e-con-boxed e-con e-parent\" data-id=\"349c2afa\" data-element_type=\"container\">\n\t\t\t\t\t<div class=\"e-con-inner\">\n\t\t\t\t<div class=\"elementor-element elementor-element-821cbc8 elementor-widget__width-inherit elementor-widget elementor-widget-eael-post-list\" data-id=\"821cbc8\" data-element_type=\"widget\" data-settings=\"{&quot;_animation&quot;:&quot;none&quot;}\" data-widget_type=\"eael-post-list.default\">\n\t\t\t\t<div class=\"elementor-widget-container\">\n\t\t\t\t\t<div class=\"eael-post-list-container advanced layout-advanced\"><div class=\"eael-post-list-wrap\"><div class=\"eael-post-list-posts-wrap eael-post-appender eael-post-appender-821cbc8\"><div class=\"eael-post-list-post\"><div class=\"eael-post-list-post-inner\"><div class=\"eael-post-list-thumbnail\"><a href=\"https:\/\/konferenztechnik.de\/tr\/televic-unite\/\">\n                <img decoding=\"async\" src=\"https:\/\/konferenztechnik.de\/wp-content\/uploads\/2023\/06\/televic-unite-fuehrungsanlage.jpg\" alt=\"El mikrofonu ve kulakl\u0131k mikrofonu, al\u0131c\u0131lar ve \u015farj istasyonlar\u0131 ile Televic UNITE f\u0131s\u0131ldama ve y\u00f6nlendirme sistemi\" title=\"\">\n            <\/a><\/div><div class=\"eael-post-list-content\"><h3 class=\"eael-post-list-title\"><a href=\"https:\/\/konferenztechnik.de\/tr\/televic-unite\/\" >Televic Unite \u2013 yolcu y\u00f6nlendirme sistemi<\/a><\/h3><p>\u00c7ok i\u015flevli sistem: ziyaret\u00e7i turlar\u0131, kablosuz sunumlar, i\u015fitme destekli terc\u00fcme<\/p><a href=\"https:\/\/konferenztechnik.de\/tr\/televic-unite\/\" class=\"eael-post-elements-readmore-btn\" >\u203a daha fazla<\/a><div class=\"boxed-meta\"><\/div><\/div><\/div><\/div><div class=\"eael-post-list-post\"><div class=\"eael-post-list-post-inner\"><div class=\"eael-post-list-thumbnail\"><a href=\"https:\/\/konferenztechnik.de\/tr\/beyerdynamic-tts-300-ki%cc%87si%cc%87sel-yoenlendi%cc%87rme-si%cc%87stemi%cc%87\/\">\n                <img decoding=\"async\" src=\"https:\/\/konferenztechnik.de\/wp-content\/uploads\/2023\/06\/Beyerdynamic-TTS300-mieten.jpg\" alt=\"El mikrofonu, al\u0131c\u0131lar ve \u015farj istasyonlar\u0131 ile Beyerdynamic&#039;ten TTS300 tipi f\u0131s\u0131ldama sistemi ve y\u00f6nlendirme sistemi\" title=\"\">\n            <\/a><\/div><div class=\"eael-post-list-content\"><h3 class=\"eael-post-list-title\"><a href=\"https:\/\/konferenztechnik.de\/tr\/beyerdynamic-tts-300-ki%cc%87si%cc%87sel-yoenlendi%cc%87rme-si%cc%87stemi%cc%87\/\" >Beyerdynamic TTS 300 \u2013 ki\u015fi y\u00f6nlendirme sistemi<\/a><\/h3><p>En fazla 10 kanal\u0131n paralel \u00e7al\u0131\u015fmas\u0131, \u015farj s\u00fcresi: 30 dakika<\/p><a href=\"https:\/\/konferenztechnik.de\/tr\/beyerdynamic-tts-300-ki%cc%87si%cc%87sel-yoenlendi%cc%87rme-si%cc%87stemi%cc%87\/\" class=\"eael-post-elements-readmore-btn\" >\u203a daha fazla<\/a><div class=\"boxed-meta\"><\/div><\/div><\/div><\/div><div class=\"eael-post-list-post\"><div class=\"eael-post-list-post-inner\"><div class=\"eael-post-list-thumbnail\"><a href=\"https:\/\/konferenztechnik.de\/tr\/sennheiser-tourguide-2020-d-ki%cc%87si%cc%87sel-yoenlendi%cc%87rme-si%cc%87stemi%cc%87\/\">\n                <img decoding=\"async\" src=\"https:\/\/konferenztechnik.de\/wp-content\/uploads\/2023\/06\/tourguide-system-kaufen-mieten.jpg\" alt=\"\" title=\"\">\n            <\/a><\/div><div class=\"eael-post-list-content\"><h3 class=\"eael-post-list-title\"><a href=\"https:\/\/konferenztechnik.de\/tr\/sennheiser-tourguide-2020-d-ki%cc%87si%cc%87sel-yoenlendi%cc%87rme-si%cc%87stemi%cc%87\/\" >Sennheiser Tourguide 2020 D \u2013 tur rehberli\u011fi sistemi<\/a><\/h3><p>Sennheiser 2020-D dijital tur rehberi sistemi, kullan\u0131m kolayl\u0131\u011f\u0131n\u0131 profesyonel fonksiyonlarla birle\u015ftiriyor.<\/p><a href=\"https:\/\/konferenztechnik.de\/tr\/sennheiser-tourguide-2020-d-ki%cc%87si%cc%87sel-yoenlendi%cc%87rme-si%cc%87stemi%cc%87\/\" class=\"eael-post-elements-readmore-btn\" >\u203a daha fazla<\/a><div class=\"boxed-meta\"><\/div><\/div><\/div><\/div><div class=\"eael-post-list-post\"><div class=\"eael-post-list-post-inner\"><div class=\"eael-post-list-thumbnail\"><a href=\"https:\/\/konferenztechnik.de\/tr\/beyerdynamic-synexis-ki%cc%87si%cc%87sel-yoenlendi%cc%87rme-si%cc%87stemi%cc%87\/\">\n                <img decoding=\"async\" src=\"https:\/\/konferenztechnik.de\/wp-content\/uploads\/2023\/06\/beyerdynamic-synexis.jpg\" alt=\"El mikrofonu, al\u0131c\u0131lar ve \u015farj istasyonlar\u0131 ile Beyerdynamic Synexis f\u0131s\u0131ldama ve y\u00f6nlendirme sistemi\" title=\"\">\n            <\/a><\/div><div class=\"eael-post-list-content\"><h3 class=\"eael-post-list-title\"><a href=\"https:\/\/konferenztechnik.de\/tr\/beyerdynamic-synexis-ki%cc%87si%cc%87sel-yoenlendi%cc%87rme-si%cc%87stemi%cc%87\/\" >Beyerdynamic Synexis \u2013 ki\u015fi y\u00f6nlendirme sistemi<\/a><\/h3><p>\u00c7ok y\u00f6nl\u00fc kullan\u0131m: ziyaret\u00e7i turlar\u0131, s\u00f6zl\u00fc \u00e7eviri uygulamalar\u0131, i\u015fitme yard\u0131m\u0131<\/p><a href=\"https:\/\/konferenztechnik.de\/tr\/beyerdynamic-synexis-ki%cc%87si%cc%87sel-yoenlendi%cc%87rme-si%cc%87stemi%cc%87\/\" class=\"eael-post-elements-readmore-btn\" >\u203a daha fazla<\/a><div class=\"boxed-meta\"><\/div><\/div><\/div><\/div><\/div><\/div>\n\t\t<\/div>\t\t\t\t<\/div>\n\t\t\t\t<\/div>\n\t\t\t\t\t<\/div>\n\t\t\t\t<\/div>\n\t\t\t\t<\/div>\n\t\t<\/div>\n\t\t\t\t\t\t<\/div>\n\t\t\t\t<\/div>\n\t\t\t\t<div class=\"elementor-element elementor-element-3edec940 elementor-widget elementor-widget-spacer\" data-id=\"3edec940\" data-element_type=\"widget\" data-widget_type=\"spacer.default\">\n\t\t\t\t<div class=\"elementor-widget-container\">\n\t\t\t\t\t\t\t<div class=\"elementor-spacer\">\n\t\t\t<div class=\"elementor-spacer-inner\"><\/div>\n\t\t<\/div>\n\t\t\t\t\t\t<\/div>\n\t\t\t\t<\/div>\n\t\t\t\t\t<\/div>\n\t\t\t\t<\/div>\n\t\t<div data-particle_enable=\"false\" data-particle-mobile-disabled=\"false\" class=\"elementor-element elementor-element-7de41ea3 e-flex e-con-boxed e-con e-parent\" data-id=\"7de41ea3\" data-element_type=\"container\">\n\t\t\t\t\t<div class=\"e-con-inner\">\n\t\t\t\t<div class=\"elementor-element elementor-element-27b8c8be elementor-widget__width-initial elementor-widget elementor-widget-text-editor\" data-id=\"27b8c8be\" data-element_type=\"widget\" data-widget_type=\"text-editor.default\">\n\t\t\t\t<div class=\"elementor-widget-container\">\n\t\t\t\t\t\t\t\t\t<p>Y\u00fcksek ya\u015fam kalitesi ve Orta Avrupa ekonomik b\u00f6lgesinin merkezindeki konumuyla D\u00fcsseldorf, a\u00e7\u0131k ve \u00e7ok y\u00f6nl\u00fc bir ya\u015fam tarz\u0131 metropol\u00fc olarak kendini g\u00f6stermektedir. D\u00fcsseldorf'ta arka arkaya d\u00fczenlenen \u00e7ok say\u0131da ticaret fuar\u0131, kongre, konferans ve etkinlik de Kuzey Ren-Vestfalya eyalet ba\u015fkentinin \u00e7e\u015fitli ula\u015f\u0131m akslar\u0131 \u00fczerinde g\u00fc\u00e7l\u00fc bir ekonomik konuma sahip oldu\u011funu g\u00f6stermektedir.<\/p>\t\t\t\t\t\t\t\t<\/div>\n\t\t\t\t<\/div>\n\t\t\t\t<div class=\"elementor-element elementor-element-71c59f8e elementor-widget__width-initial elementor-widget elementor-widget-heading\" data-id=\"71c59f8e\" data-element_type=\"widget\" data-settings=\"{&quot;_animation&quot;:&quot;none&quot;}\" data-widget_type=\"heading.default\">\n\t\t\t\t<div class=\"elementor-widget-container\">\n\t\t\t\t\t<h2 class=\"elementor-heading-title elementor-size-default\">D\u00fcsseldorf i\u00e7in f\u0131s\u0131lt\u0131 sistemleri: H\u0131zl\u0131 ve b\u00fcy\u00fck miktarlarda<\/h2>\t\t\t\t<\/div>\n\t\t\t\t<\/div>\n\t\t\t\t<div class=\"elementor-element elementor-element-418bc500 elementor-widget__width-inherit elementor-widget elementor-widget-text-editor\" data-id=\"418bc500\" data-element_type=\"widget\" data-widget_type=\"text-editor.default\">\n\t\t\t\t<div class=\"elementor-widget-container\">\n\t\t\t\t\t\t\t\t\t<p>PCS Konferenztechnik'in \u015firket merkezi D\u00fcsseldorf'tad\u0131r. PCS, merkezi da\u011f\u0131t\u0131m deposundan kongre salonlar\u0131na, konferans otellerine ve ayn\u0131 zamanda terc\u00fcmanlara, D\u00fcsseldorf ve \u00e7evresindeki her b\u00fcy\u00fckl\u00fckteki \u015firket ve etkinlik organizat\u00f6rlerine do\u011frudan insan y\u00f6nlendirme sistemleri (PFA'lar veya Pefas'lar), f\u0131s\u0131ldama sistemleri ve tur rehberi sistemleri tedarik etmektedir. Talepler \u00e7ok h\u0131zl\u0131 bir \u015fekilde i\u015fleme al\u0131n\u0131r ve etkinlik mekan\u0131na teslimat genellikle birka\u00e7 saat i\u00e7inde ger\u00e7ekle\u015fir. PCS, D\u00fcsseldorf'ta \u00e7ok say\u0131da a\u015fa\u011f\u0131daki kiral\u0131k ekipmanlar\u0131 sa\u011flamaktad\u0131r:<\/p>\t\t\t\t\t\t\t\t<\/div>\n\t\t\t\t<\/div>\n\t\t\t\t<div class=\"elementor-element elementor-element-4807984c elementor-widget__width-inherit elementor-widget elementor-widget-text-editor\" data-id=\"4807984c\" data-element_type=\"widget\" data-widget_type=\"text-editor.default\">\n\t\t\t\t<div class=\"elementor-widget-container\">\n\t\t\t\t\t\t\t\t\t<ul><li>Beyerdynamic Synexis RP8 kablosuz al\u0131c\u0131<\/li><li>Beyerdynamic Synexis TH8 el mikrofonu<\/li><li>Beyerdynamic Synexis TP8 bodypack verici<\/li><li>Beyerdynamic Synexis TS8 sabit verici<\/li><\/ul><div class=\"spacer\">\u00a0<\/div><ul><li>Beyerdynamic FE30 ve FE316 kablosuz al\u0131c\u0131lar<\/li><li>Beyerdynamic el mikrofonu SEM30 ve SEM316<\/li><li>Beyerdynamic TS30 ve TS316 bodypack vericiler<\/li><li>Beyerdynamic sabit verici CT30 ve CT316<\/li><\/ul><div class=\"spacer\">\u00a0<\/div><ul><li>Sennheiser dijital radyo al\u0131c\u0131s\u0131 Tourguide HDE 2020-D<\/li><li>Sennheiser Tourguide Digital SKM 2020-D el mikrofonu<\/li><li>Sennheiser \u015farj kutusu EZL 2020-20L<\/li><\/ul><div class=\"spacer\">\u00a0<\/div><ul><li>Sennheiser UHF al\u0131c\u0131 EK 1039<\/li><li>Sennheiser SKM 2000 UHF el mikrofonu<\/li><\/ul>\t\t\t\t\t\t\t\t<\/div>\n\t\t\t\t<\/div>\n\t\t\t\t<div class=\"elementor-element elementor-element-086301b elementor-widget__width-inherit elementor-widget elementor-widget-text-editor\" data-id=\"086301b\" data-element_type=\"widget\" data-widget_type=\"text-editor.default\">\n\t\t\t\t<div class=\"elementor-widget-container\">\n\t\t\t\t\t\t\t\t\t<p>Bazen fabrika kontrol sistemleri veya f\u0131s\u0131lt\u0131 kutular\u0131 olarak da adland\u0131r\u0131lan bu \u2013 cihazlar\u0131n\u0131n t\u00fcm\u00fc teknik olarak bir tarafta bir mikrofon\/verici ve di\u011fer tarafta bir veya daha fazla al\u0131c\u0131 elemandan olu\u015fur. Bu par\u00e7alar radyo arac\u0131l\u0131\u011f\u0131yla birbirine ba\u011flan\u0131r. Uygulamaya ba\u011fl\u0131 olarak, kat\u0131l\u0131mc\u0131lar kulakl\u0131k, tek kulakl\u0131 kulakl\u0131k veya stetoskop kulakl\u0131klar\u0131 aras\u0131nda se\u00e7im yapabilirler. Bir kat\u0131l\u0131mc\u0131n\u0131n i\u015fitme engeli varsa (anahtar kelime: engelsiz) do\u011frudan bir i\u015fitme cihaz\u0131na iletmek i\u00e7in ind\u00fcksiyon d\u00f6ng\u00fcs\u00fc kullan\u0131l\u0131r.<\/p><p>\u00a0<\/p><p>Rehber sistemler konferanslarda, kongrelerde veya mahkeme duru\u015fmalar\u0131nda simultane terc\u00fcmanlar veya f\u0131s\u0131lt\u0131l\u0131 terc\u00fcmanlar\u0131n yan\u0131 s\u0131ra rehberli \u015fehir turlar\u0131, m\u00fcze turlar\u0131 veya g\u00fcr\u00fclt\u00fcl\u00fc \u00fcretim salonlar\u0131nda fabrika turlar\u0131\/grup turlar\u0131 i\u00e7in kullan\u0131l\u0131r. Elbette, t\u00fcm g\u00fcn s\u00fcren konferanslarda kullan\u0131lanlar gibi ses ge\u00e7irmez bir kabine sahip bir s\u00f6zl\u00fc \u00e7eviri sisteminin yerini tutmazlar ve bu nedenle mobil \/ seyahat kullan\u0131m\u0131 i\u00e7in idealdirler.<\/p>\t\t\t\t\t\t\t\t<\/div>\n\t\t\t\t<\/div>\n\t\t\t\t<div class=\"elementor-element elementor-element-695f0151 elementor-widget__width-initial elementor-widget elementor-widget-heading\" data-id=\"695f0151\" data-element_type=\"widget\" data-settings=\"{&quot;_animation&quot;:&quot;none&quot;}\" data-widget_type=\"heading.default\">\n\t\t\t\t<div class=\"elementor-widget-container\">\n\t\t\t\t\t<h2 class=\"elementor-heading-title elementor-size-default\">Tourguide-Rental D\u00fcsseldorf: Kiralamak sat\u0131n almaktan daha iyidir<\/h2>\t\t\t\t<\/div>\n\t\t\t\t<\/div>\n\t\t\t\t<div class=\"elementor-element elementor-element-6179dcba elementor-widget__width-inherit elementor-widget elementor-widget-text-editor\" data-id=\"6179dcba\" data-element_type=\"widget\" data-widget_type=\"text-editor.default\">\n\t\t\t\t<div class=\"elementor-widget-container\">\n\t\t\t\t\t\t\t\t\t<p>PCS Konferenztechnik, tur rehberi sistemleri, tur rehberi sistemleri ve benzer ekipmanlar\u0131n kiralanmas\u0131nda uzmand\u0131r. Kiralaman\u0131n avantaj\u0131 genellikle a\u00e7\u0131kt\u0131r: bu sistemleri kiralayanlar her zaman tamamen i\u015flevsel ve teknik olarak bak\u0131ml\u0131 ekipmanlara sahip olmay\u0131 garanti ederler. Dahas\u0131, kulakl\u0131klar hijyenik olarak temizlenir ve her zaman yeniden paketlenir. Bu alanda onlarca y\u0131ll\u0131k deneyime sahip olan D\u00fcsseldorf'taki PCS teknisyenleri, hem yeni ba\u015flayanlar hem de profesyoneller i\u00e7in kapsaml\u0131 teknik tavsiyeler sunmaktad\u0131r. G\u00fcn\u00fcn 24 saati hizmet veren dan\u0131\u015fma hatt\u0131 \u00fczerinden gelen sorular h\u0131zl\u0131 ve kolay bir \u015fekilde yan\u0131tlanmaktad\u0131r.<br \/>Elbette, bu t\u00fcr yararl\u0131 sistemleri gelecekte daha s\u0131k kullanmak isterseniz, bu sistemleri bizden de sat\u0131n alabilirsiniz.<\/p>\t\t\t\t\t\t\t\t<\/div>\n\t\t\t\t<\/div>\n\t\t\t\t<div class=\"elementor-element elementor-element-f8e43b6 elementor-widget__width-initial elementor-widget elementor-widget-heading\" data-id=\"f8e43b6\" data-element_type=\"widget\" data-settings=\"{&quot;_animation&quot;:&quot;none&quot;}\" data-widget_type=\"heading.default\">\n\t\t\t\t<div class=\"elementor-widget-container\">\n\t\t\t\t\t<h2 class=\"elementor-heading-title elementor-size-default\">\u0130ndirilenler El kitaplar\u0131, k\u0131lavuzlar ve bilgilendirme materyalleri\n<\/h2>\t\t\t\t<\/div>\n\t\t\t\t<\/div>\n\t\t\t\t<div class=\"elementor-element elementor-element-48ab5c45 elementor-widget elementor-widget-shortcode\" data-id=\"48ab5c45\" data-element_type=\"widget\" data-widget_type=\"shortcode.default\">\n\t\t\t\t<div class=\"elementor-widget-container\">\n\t\t\t\t\t\t\t<div class=\"elementor-shortcode\">\t\t<div data-elementor-type=\"container\" data-elementor-id=\"30709\" class=\"elementor elementor-30709\" data-elementor-post-type=\"elementor_library\">\n\t\t\t\t<div data-particle_enable=\"false\" data-particle-mobile-disabled=\"false\" class=\"elementor-element elementor-element-50123a19 e-flex e-con-boxed e-con e-parent\" data-id=\"50123a19\" data-element_type=\"container\" data-settings=\"{&quot;background_background&quot;:&quot;classic&quot;}\">\n\t\t\t\t\t<div class=\"e-con-inner\">\n\t\t\t\t<div class=\"elementor-element elementor-element-7b023e62 elementor-icon-list--layout-traditional elementor-list-item-link-full_width elementor-widget elementor-widget-icon-list\" data-id=\"7b023e62\" data-element_type=\"widget\" data-widget_type=\"icon-list.default\">\n\t\t\t\t<div class=\"elementor-widget-container\">\n\t\t\t\t\t\t\t<ul class=\"elementor-icon-list-items\">\n\t\t\t\t\t\t\t<li class=\"elementor-icon-list-item\">\n\t\t\t\t\t\t\t\t\t\t\t<a href=\"\/wp-content\/uploads\/2017\/06\/beyerdynamic-synexis-manual-bedienungsanleitung.pdf\" target=\"_blank\">\n\n\t\t\t\t\t\t\t\t\t\t\t\t<span class=\"elementor-icon-list-icon\">\n\t\t\t\t\t\t\t<svg aria-hidden=\"true\" class=\"e-font-icon-svg e-far-file-pdf\" viewbox=\"0 0 384 512\" xmlns=\"http:\/\/www.w3.org\/2000\/svg\"><path d=\"M369.9 97.9L286 14C277 5 264.8-.1 252.1-.1H48C21.5 0 0 21.5 0 48v416c0 26.5 21.5 48 48 48h288c26.5 0 48-21.5 48-48V131.9c0-12.7-5.1-25-14.1-34zM332.1 128H256V51.9l76.1 76.1zM48 464V48h160v104c0 13.3 10.7 24 24 24h104v288H48zm250.2-143.7c-12.2-12-47-8.7-64.4-6.5-17.2-10.5-28.7-25-36.8-46.3 3.9-16.1 10.1-40.6 5.4-56-4.2-26.2-37.8-23.6-42.6-5.9-4.4 16.1-.4 38.5 7 67.1-10 23.9-24.9 56-35.4 74.4-20 10.3-47 26.2-51 46.2-3.3 15.8 26 55.2 76.1-31.2 22.4-7.4 46.8-16.5 68.4-20.1 18.9 10.2 41 17 55.8 17 25.5 0 28-28.2 17.5-38.7zm-198.1 77.8c5.1-13.7 24.5-29.5 30.4-35-19 30.3-30.4 35.7-30.4 35zm81.6-190.6c7.4 0 6.7 32.1 1.8 40.8-4.4-13.9-4.3-40.8-1.8-40.8zm-24.4 136.6c9.7-16.9 18-37 24.7-54.7 8.3 15.1 18.9 27.2 30.1 35.5-20.8 4.3-38.9 13.1-54.8 19.2zm131.6-5s-5 6-37.3-7.8c35.1-2.6 40.9 5.4 37.3 7.8z\"><\/path><\/svg>\t\t\t\t\t\t<\/span>\n\t\t\t\t\t\t\t\t\t\t<span class=\"elementor-icon-list-text\">Beyerdynamic Synexis Manuel Kullan\u0131m K\u0131lavuzu<\/span>\n\t\t\t\t\t\t\t\t\t\t\t<\/a>\n\t\t\t\t\t\t\t\t\t<\/li>\n\t\t\t\t\t\t\t\t<li class=\"elementor-icon-list-item\">\n\t\t\t\t\t\t\t\t\t\t\t<a href=\"\/wp-content\/uploads\/2017\/06\/beyerdynamic-synexis_quick-start-guide.pdf\" target=\"_blank\">\n\n\t\t\t\t\t\t\t\t\t\t\t\t<span class=\"elementor-icon-list-icon\">\n\t\t\t\t\t\t\t<svg aria-hidden=\"true\" class=\"e-font-icon-svg e-far-file-pdf\" viewbox=\"0 0 384 512\" xmlns=\"http:\/\/www.w3.org\/2000\/svg\"><path d=\"M369.9 97.9L286 14C277 5 264.8-.1 252.1-.1H48C21.5 0 0 21.5 0 48v416c0 26.5 21.5 48 48 48h288c26.5 0 48-21.5 48-48V131.9c0-12.7-5.1-25-14.1-34zM332.1 128H256V51.9l76.1 76.1zM48 464V48h160v104c0 13.3 10.7 24 24 24h104v288H48zm250.2-143.7c-12.2-12-47-8.7-64.4-6.5-17.2-10.5-28.7-25-36.8-46.3 3.9-16.1 10.1-40.6 5.4-56-4.2-26.2-37.8-23.6-42.6-5.9-4.4 16.1-.4 38.5 7 67.1-10 23.9-24.9 56-35.4 74.4-20 10.3-47 26.2-51 46.2-3.3 15.8 26 55.2 76.1-31.2 22.4-7.4 46.8-16.5 68.4-20.1 18.9 10.2 41 17 55.8 17 25.5 0 28-28.2 17.5-38.7zm-198.1 77.8c5.1-13.7 24.5-29.5 30.4-35-19 30.3-30.4 35.7-30.4 35zm81.6-190.6c7.4 0 6.7 32.1 1.8 40.8-4.4-13.9-4.3-40.8-1.8-40.8zm-24.4 136.6c9.7-16.9 18-37 24.7-54.7 8.3 15.1 18.9 27.2 30.1 35.5-20.8 4.3-38.9 13.1-54.8 19.2zm131.6-5s-5 6-37.3-7.8c35.1-2.6 40.9 5.4 37.3 7.8z\"><\/path><\/svg>\t\t\t\t\t\t<\/span>\n\t\t\t\t\t\t\t\t\t\t<span class=\"elementor-icon-list-text\">Beyerdynamic Synexis H\u0131zl\u0131 Ba\u015flang\u0131\u00e7 K\u0131lavuzu<\/span>\n\t\t\t\t\t\t\t\t\t\t\t<\/a>\n\t\t\t\t\t\t\t\t\t<\/li>\n\t\t\t\t\t\t\t\t<li class=\"elementor-icon-list-item\">\n\t\t\t\t\t\t\t\t\t\t\t<a href=\"\/wp-content\/uploads\/2017\/06\/Bedienungsanleitung-Sennheiser-Tourguide2020_DE.pdf\" target=\"_blank\">\n\n\t\t\t\t\t\t\t\t\t\t\t\t<span class=\"elementor-icon-list-icon\">\n\t\t\t\t\t\t\t<svg aria-hidden=\"true\" class=\"e-font-icon-svg e-far-file-pdf\" viewbox=\"0 0 384 512\" xmlns=\"http:\/\/www.w3.org\/2000\/svg\"><path d=\"M369.9 97.9L286 14C277 5 264.8-.1 252.1-.1H48C21.5 0 0 21.5 0 48v416c0 26.5 21.5 48 48 48h288c26.5 0 48-21.5 48-48V131.9c0-12.7-5.1-25-14.1-34zM332.1 128H256V51.9l76.1 76.1zM48 464V48h160v104c0 13.3 10.7 24 24 24h104v288H48zm250.2-143.7c-12.2-12-47-8.7-64.4-6.5-17.2-10.5-28.7-25-36.8-46.3 3.9-16.1 10.1-40.6 5.4-56-4.2-26.2-37.8-23.6-42.6-5.9-4.4 16.1-.4 38.5 7 67.1-10 23.9-24.9 56-35.4 74.4-20 10.3-47 26.2-51 46.2-3.3 15.8 26 55.2 76.1-31.2 22.4-7.4 46.8-16.5 68.4-20.1 18.9 10.2 41 17 55.8 17 25.5 0 28-28.2 17.5-38.7zm-198.1 77.8c5.1-13.7 24.5-29.5 30.4-35-19 30.3-30.4 35.7-30.4 35zm81.6-190.6c7.4 0 6.7 32.1 1.8 40.8-4.4-13.9-4.3-40.8-1.8-40.8zm-24.4 136.6c9.7-16.9 18-37 24.7-54.7 8.3 15.1 18.9 27.2 30.1 35.5-20.8 4.3-38.9 13.1-54.8 19.2zm131.6-5s-5 6-37.3-7.8c35.1-2.6 40.9 5.4 37.3 7.8z\"><\/path><\/svg>\t\t\t\t\t\t<\/span>\n\t\t\t\t\t\t\t\t\t\t<span class=\"elementor-icon-list-text\">Sennheiser Tourguide 2020 kullan\u0131m k\u0131lavuzu Almanca<\/span>\n\t\t\t\t\t\t\t\t\t\t\t<\/a>\n\t\t\t\t\t\t\t\t\t<\/li>\n\t\t\t\t\t\t\t\t<li class=\"elementor-icon-list-item\">\n\t\t\t\t\t\t\t\t\t\t\t<a href=\"\/wp-content\/uploads\/2017\/06\/sennheiser-tourguide-SK2020DUS-en.pdf\" target=\"_blank\">\n\n\t\t\t\t\t\t\t\t\t\t\t\t<span class=\"elementor-icon-list-icon\">\n\t\t\t\t\t\t\t<svg aria-hidden=\"true\" class=\"e-font-icon-svg e-far-file-pdf\" viewbox=\"0 0 384 512\" xmlns=\"http:\/\/www.w3.org\/2000\/svg\"><path d=\"M369.9 97.9L286 14C277 5 264.8-.1 252.1-.1H48C21.5 0 0 21.5 0 48v416c0 26.5 21.5 48 48 48h288c26.5 0 48-21.5 48-48V131.9c0-12.7-5.1-25-14.1-34zM332.1 128H256V51.9l76.1 76.1zM48 464V48h160v104c0 13.3 10.7 24 24 24h104v288H48zm250.2-143.7c-12.2-12-47-8.7-64.4-6.5-17.2-10.5-28.7-25-36.8-46.3 3.9-16.1 10.1-40.6 5.4-56-4.2-26.2-37.8-23.6-42.6-5.9-4.4 16.1-.4 38.5 7 67.1-10 23.9-24.9 56-35.4 74.4-20 10.3-47 26.2-51 46.2-3.3 15.8 26 55.2 76.1-31.2 22.4-7.4 46.8-16.5 68.4-20.1 18.9 10.2 41 17 55.8 17 25.5 0 28-28.2 17.5-38.7zm-198.1 77.8c5.1-13.7 24.5-29.5 30.4-35-19 30.3-30.4 35.7-30.4 35zm81.6-190.6c7.4 0 6.7 32.1 1.8 40.8-4.4-13.9-4.3-40.8-1.8-40.8zm-24.4 136.6c9.7-16.9 18-37 24.7-54.7 8.3 15.1 18.9 27.2 30.1 35.5-20.8 4.3-38.9 13.1-54.8 19.2zm131.6-5s-5 6-37.3-7.8c35.1-2.6 40.9 5.4 37.3 7.8z\"><\/path><\/svg>\t\t\t\t\t\t<\/span>\n\t\t\t\t\t\t\t\t\t\t<span class=\"elementor-icon-list-text\">Sennheiser Tourguide SK2020D ABD K\u0131lavuzu \u0130ngilizce<\/span>\n\t\t\t\t\t\t\t\t\t\t\t<\/a>\n\t\t\t\t\t\t\t\t\t<\/li>\n\t\t\t\t\t\t<\/ul>\n\t\t\t\t\t\t<\/div>\n\t\t\t\t<\/div>\n\t\t\t\t\t<\/div>\n\t\t\t\t<\/div>\n\t\t\t\t<\/div>\n\t\t<\/div>\n\t\t\t\t\t\t<\/div>\n\t\t\t\t<\/div>\n\t\t\t\t<div class=\"elementor-element elementor-element-3793fdcd elementor-widget__width-initial elementor-widget elementor-widget-heading\" data-id=\"3793fdcd\" data-element_type=\"widget\" data-settings=\"{&quot;_animation&quot;:&quot;none&quot;}\" data-widget_type=\"heading.default\">\n\t\t\t\t<div class=\"elementor-widget-container\">\n\t\t\t\t\t<h2 class=\"elementor-heading-title elementor-size-default\">D\u00fcsseldorf y\u00f6nlendirme sistemleri kiralama<\/h2>\t\t\t\t<\/div>\n\t\t\t\t<\/div>\n\t\t\t\t<div class=\"elementor-element elementor-element-ee7650c elementor-widget elementor-widget-eael-adv-accordion\" data-id=\"ee7650c\" data-element_type=\"widget\" data-widget_type=\"eael-adv-accordion.default\">\n\t\t\t\t<div class=\"elementor-widget-container\">\n\t\t\t\t\t            <div class=\"eael-adv-accordion\" id=\"eael-adv-accordion-ee7650c\" data-scroll-on-click=\"no\" data-scroll-speed=\"300\" data-accordion-id=\"ee7650c\" data-accordion-type=\"accordion\" data-toogle-speed=\"300\">\n            <div class=\"eael-accordion-list\">\n\t\t\t\t\t<div id=\"veranstaltungsorte-fr-events-und-kongresse-in-dsseldorf\" class=\"elementor-tab-title eael-accordion-header\" tabindex=\"0\" data-tab=\"1\" aria-controls=\"elementor-tab-content-2501\"><span class=\"eael-advanced-accordion-icon-closed\"><svg aria-hidden=\"true\" class=\"fa-accordion-icon e-font-icon-svg e-fas-plus\" viewbox=\"0 0 448 512\" xmlns=\"http:\/\/www.w3.org\/2000\/svg\"><path d=\"M416 208H272V64c0-17.67-14.33-32-32-32h-32c-17.67 0-32 14.33-32 32v144H32c-17.67 0-32 14.33-32 32v32c0 17.67 14.33 32 32 32h144v144c0 17.67 14.33 32 32 32h32c17.67 0 32-14.33 32-32V304h144c17.67 0 32-14.33 32-32v-32c0-17.67-14.33-32-32-32z\"><\/path><\/svg><\/span><span class=\"eael-advanced-accordion-icon-opened\"><svg aria-hidden=\"true\" class=\"fa-accordion-icon e-font-icon-svg e-fas-minus\" viewbox=\"0 0 448 512\" xmlns=\"http:\/\/www.w3.org\/2000\/svg\"><path d=\"M416 208H32c-17.67 0-32 14.33-32 32v32c0 17.67 14.33 32 32 32h384c17.67 0 32-14.33 32-32v-32c0-17.67-14.33-32-32-32z\"><\/path><\/svg><\/span><span class=\"eael-accordion-tab-title\">D\u00fcsseldorf'taki etkinlik ve kongre mekanlar\u0131<\/span><svg aria-hidden=\"true\" class=\"fa-toggle e-font-icon-svg e-fas-angle-right\" viewbox=\"0 0 256 512\" xmlns=\"http:\/\/www.w3.org\/2000\/svg\"><path d=\"M224.3 273l-136 136c-9.4 9.4-24.6 9.4-33.9 0l-22.6-22.6c-9.4-9.4-9.4-24.6 0-33.9l96.4-96.4-96.4-96.4c-9.4-9.4-9.4-24.6 0-33.9L54.3 103c9.4-9.4 24.6-9.4 33.9 0l136 136c9.5 9.4 9.5 24.6.1 34z\"><\/path><\/svg><\/div><div id=\"elementor-tab-content-2501\" class=\"eael-accordion-content clearfix\" data-tab=\"1\" aria-labelledby=\"veranstaltungsorte-fr-events-und-kongresse-in-dsseldorf\"><div><ul><li>D\u00fcsseldorf Ticaret Fuar Merkezi<\/li><li>CCD \u2013 D\u00fcsseldorf Kongre Merkezi<\/li><li>HORISUM<\/li><li>Mitsubishi Electric Salonu<\/li><li>Havaalan\u0131 istasyonu<\/li><li>Esprit Arena<\/li><li>ISS Kubbe<\/li><li>Castello D\u00fcsseldorf <\/li><\/ul><\/div><\/div>\n\t\t\t\t\t<\/div><div class=\"eael-accordion-list\">\n\t\t\t\t\t<div id=\"-die-wichtigsten-veranstaltungshotels-in-dsseldorf\" class=\"elementor-tab-title eael-accordion-header\" tabindex=\"0\" data-tab=\"2\" aria-controls=\"elementor-tab-content-2502\"><span class=\"eael-advanced-accordion-icon-closed\"><svg aria-hidden=\"true\" class=\"fa-accordion-icon e-font-icon-svg e-fas-plus\" viewbox=\"0 0 448 512\" xmlns=\"http:\/\/www.w3.org\/2000\/svg\"><path d=\"M416 208H272V64c0-17.67-14.33-32-32-32h-32c-17.67 0-32 14.33-32 32v144H32c-17.67 0-32 14.33-32 32v32c0 17.67 14.33 32 32 32h144v144c0 17.67 14.33 32 32 32h32c17.67 0 32-14.33 32-32V304h144c17.67 0 32-14.33 32-32v-32c0-17.67-14.33-32-32-32z\"><\/path><\/svg><\/span><span class=\"eael-advanced-accordion-icon-opened\"><svg aria-hidden=\"true\" class=\"fa-accordion-icon e-font-icon-svg e-fas-minus\" viewbox=\"0 0 448 512\" xmlns=\"http:\/\/www.w3.org\/2000\/svg\"><path d=\"M416 208H32c-17.67 0-32 14.33-32 32v32c0 17.67 14.33 32 32 32h384c17.67 0 32-14.33 32-32v-32c0-17.67-14.33-32-32-32z\"><\/path><\/svg><\/span><span class=\"eael-accordion-tab-title\"> D\u00fcsseldorf'taki en \u00f6nemli etkinlik otelleri<\/span><svg aria-hidden=\"true\" class=\"fa-toggle e-font-icon-svg e-fas-angle-right\" viewbox=\"0 0 256 512\" xmlns=\"http:\/\/www.w3.org\/2000\/svg\"><path d=\"M224.3 273l-136 136c-9.4 9.4-24.6 9.4-33.9 0l-22.6-22.6c-9.4-9.4-9.4-24.6 0-33.9l96.4-96.4-96.4-96.4c-9.4-9.4-9.4-24.6 0-33.9L54.3 103c9.4-9.4 24.6-9.4 33.9 0l136 136c9.5 9.4 9.5 24.6.1 34z\"><\/path><\/svg><\/div><div id=\"elementor-tab-content-2502\" class=\"eael-accordion-content clearfix\" data-tab=\"2\" aria-labelledby=\"-die-wichtigsten-veranstaltungshotels-in-dsseldorf\"><div><ul><li>Lindner Congress Hotel D\u00fcsseldorf<\/li><li>NH D\u00fcsseldorf \u015eehir<\/li><li>NH D\u00fcsseldorf City North<\/li><li>relexa Hotel Airport D\u00fcsseldorf<\/li><li>Hilton D\u00fcsseldorf<\/li><li>Maritim Hotel D\u00fcsseldorf<\/li><li>Van der Valk Airport Hotel D\u00fcsseldorf<\/li><li>Tulip Inn D\u00fcsseldorf Arena<\/li><li>Radisson Blue Scandinavia Hotel D\u00fcsseldorf<\/li><li>Renaissance D\u00fcsseldorf Otel<\/li><li>Courtyard by Marriott D\u00fcsseldorf<\/li><\/ul><\/div><\/div>\n\t\t\t\t\t<\/div><div class=\"eael-accordion-list\">\n\t\t\t\t\t<div id=\"-die-messe-kln-und-die-wichtigsten-messetermine\" class=\"elementor-tab-title eael-accordion-header\" tabindex=\"0\" data-tab=\"3\" aria-controls=\"elementor-tab-content-2503\"><span class=\"eael-advanced-accordion-icon-closed\"><svg aria-hidden=\"true\" class=\"fa-accordion-icon e-font-icon-svg e-fas-plus\" viewbox=\"0 0 448 512\" xmlns=\"http:\/\/www.w3.org\/2000\/svg\"><path d=\"M416 208H272V64c0-17.67-14.33-32-32-32h-32c-17.67 0-32 14.33-32 32v144H32c-17.67 0-32 14.33-32 32v32c0 17.67 14.33 32 32 32h144v144c0 17.67 14.33 32 32 32h32c17.67 0 32-14.33 32-32V304h144c17.67 0 32-14.33 32-32v-32c0-17.67-14.33-32-32-32z\"><\/path><\/svg><\/span><span class=\"eael-advanced-accordion-icon-opened\"><svg aria-hidden=\"true\" class=\"fa-accordion-icon e-font-icon-svg e-fas-minus\" viewbox=\"0 0 448 512\" xmlns=\"http:\/\/www.w3.org\/2000\/svg\"><path d=\"M416 208H32c-17.67 0-32 14.33-32 32v32c0 17.67 14.33 32 32 32h384c17.67 0 32-14.33 32-32v-32c0-17.67-14.33-32-32-32z\"><\/path><\/svg><\/span><span class=\"eael-accordion-tab-title\"> K\u00f6ln Fuar Merkezi ve en \u00f6nemli fuar tarihleri<\/span><svg aria-hidden=\"true\" class=\"fa-toggle e-font-icon-svg e-fas-angle-right\" viewbox=\"0 0 256 512\" xmlns=\"http:\/\/www.w3.org\/2000\/svg\"><path d=\"M224.3 273l-136 136c-9.4 9.4-24.6 9.4-33.9 0l-22.6-22.6c-9.4-9.4-9.4-24.6 0-33.9l96.4-96.4-96.4-96.4c-9.4-9.4-9.4-24.6 0-33.9L54.3 103c9.4-9.4 24.6-9.4 33.9 0l136 136c9.5 9.4 9.5 24.6.1 34z\"><\/path><\/svg><\/div><div id=\"elementor-tab-content-2503\" class=\"eael-accordion-content clearfix\" data-tab=\"3\" aria-labelledby=\"-die-messe-kln-und-die-wichtigsten-messetermine\"><div><ul><li>\u00e7izme D\u00fcsseldorf<\/li><li>EuroShop<\/li><li>Enerji Depolama Avrupa<\/li><li>ElectronicPartner<\/li><li>TOP HAIR D\u00fcsseldorf<\/li><li>interpack<\/li><li>Interbride<\/li><li>ITPS<\/li><li>Expopharm<\/li><li>G\u00dcZELL\u0130K<\/li><li>Kaynak ve kesme<\/li><li>Rehacare<\/li><li>Medica<\/li><li>drupa<\/li><li>Newcast<\/li><li>glasstec<\/li><li>METEC<\/li><li>Thermprocess<\/li><\/ul><\/div><\/div>\n\t\t\t\t\t<\/div><\/div>\t\t\t\t<\/div>\n\t\t\t\t<\/div>\n\t\t\t\t\t<\/div>\n\t\t\t\t<\/div>\n\t\t<div data-particle_enable=\"false\" data-particle-mobile-disabled=\"false\" class=\"elementor-element elementor-element-28c8b95 e-flex e-con-boxed e-con e-parent\" data-id=\"28c8b95\" data-element_type=\"container\">\n\t\t\t\t\t<div class=\"e-con-inner\">\n\t\t\t\t<div class=\"elementor-element elementor-element-45b06d7a elementor-widget elementor-widget-shortcode\" data-id=\"45b06d7a\" data-element_type=\"widget\" data-widget_type=\"shortcode.default\">\n\t\t\t\t<div class=\"elementor-widget-container\">\n\t\t\t\t\t\t\t<div class=\"elementor-shortcode\"><\/div>\n\t\t\t\t\t\t<\/div>\n\t\t\t\t<\/div>\n\t\t\t\t\t<\/div>\n\t\t\t\t<\/div>\n\t\t\t\t<\/div>","protected":false},"excerpt":{"rendered":"<p>F\u00fchrungsanlagen mieten D\u00fcsseldorf: Personenf\u00fchrungsanlagen und Tourguide-Miete in D\u00fcsseldorf Jetzt anfragen Mit seiner hohen Lebensqualit\u00e4t und inmitten der zentralen europ\u00e4ischen Wirtschaftsregion gelegen pr\u00e4sentiert sich D\u00fcsseldorf als offene und vielf\u00e4ltige Lifestyle-Metropole. Dass die nordrhein-westf\u00e4lische Landeshauptstadt wirtschaftsstark an verschiedenen Verkehrsachsen liegt, zeigen auch die zahlreichen Messen, Kongresse, Tagungen und Events, die in D\u00fcsseldorf in dichter Reihenfolge stattfinden. Fl\u00fcsteranlagen [&hellip;]<\/p>","protected":false},"author":1,"featured_media":45482,"parent":0,"menu_order":0,"comment_status":"closed","ping_status":"closed","template":"","meta":{"_acf_changed":false,"footnotes":""},"class_list":["post-10164","page","type-page","status-publish","has-post-thumbnail","hentry"],"acf":[],"_links":{"self":[{"href":"https:\/\/konferenztechnik.de\/tr\/wp-json\/wp\/v2\/pages\/10164","targetHints":{"allow":["GET"]}}],"collection":[{"href":"https:\/\/konferenztechnik.de\/tr\/wp-json\/wp\/v2\/pages"}],"about":[{"href":"https:\/\/konferenztechnik.de\/tr\/wp-json\/wp\/v2\/types\/page"}],"author":[{"embeddable":true,"href":"https:\/\/konferenztechnik.de\/tr\/wp-json\/wp\/v2\/users\/1"}],"replies":[{"embeddable":true,"href":"https:\/\/konferenztechnik.de\/tr\/wp-json\/wp\/v2\/comments?post=10164"}],"version-history":[{"count":0,"href":"https:\/\/konferenztechnik.de\/tr\/wp-json\/wp\/v2\/pages\/10164\/revisions"}],"wp:featuredmedia":[{"embeddable":true,"href":"https:\/\/konferenztechnik.de\/tr\/wp-json\/wp\/v2\/media\/45482"}],"wp:attachment":[{"href":"https:\/\/konferenztechnik.de\/tr\/wp-json\/wp\/v2\/media?parent=10164"}],"curies":[{"name":"wp","href":"https:\/\/api.w.org\/{rel}","templated":true}]}}