{"id":10431,"date":"2017-06-11T12:50:39","date_gmt":"2017-06-11T11:50:39","guid":{"rendered":"https:\/\/www.konferenztechnik.de\/?page_id=10431\/"},"modified":"2023-08-07T08:39:52","modified_gmt":"2023-08-07T06:39:52","slug":"ki%cc%87ralik-rehber-si%cc%87stemleri%cc%87-ulm","status":"publish","type":"page","link":"https:\/\/konferenztechnik.de\/tr\/ki%cc%87ralik-rehber-si%cc%87stemleri%cc%87-ulm\/","title":{"rendered":"Y\u00f6nlendirme sistemleri kiralama Ulm"},"content":{"rendered":"<div data-elementor-type=\"wp-page\" data-elementor-id=\"10431\" class=\"elementor elementor-10431\" data-elementor-post-type=\"page\">\n\t\t\t\t<div data-particle_enable=\"false\" data-particle-mobile-disabled=\"false\" class=\"elementor-element elementor-element-247c2793 e-flex e-con-boxed e-con e-parent\" data-id=\"247c2793\" data-element_type=\"container\">\n\t\t\t\t\t<div class=\"e-con-inner\">\n\t\t\t\t<div class=\"elementor-element elementor-element-115a99e8 elementor-widget elementor-widget-heading\" data-id=\"115a99e8\" data-element_type=\"widget\" data-settings=\"{&quot;_animation&quot;:&quot;none&quot;}\" data-widget_type=\"heading.default\">\n\t\t\t\t<div class=\"elementor-widget-container\">\n\t\t\t\t\t<h1 class=\"elementor-heading-title elementor-size-default\">Rehber sistem kiralama Ulm: Tuna-\u0130ller b\u00f6lgesinde f\u0131s\u0131lt\u0131 vakalar\u0131 ve PFA kiralama<\/h1>\t\t\t\t<\/div>\n\t\t\t\t<\/div>\n\t\t\t\t\t<\/div>\n\t\t\t\t<\/div>\n\t\t<div data-particle_enable=\"false\" data-particle-mobile-disabled=\"false\" class=\"elementor-element elementor-element-2985a980 e-flex e-con-boxed e-con e-parent\" data-id=\"2985a980\" data-element_type=\"container\">\n\t\t\t\t\t<div class=\"e-con-inner\">\n\t\t\t\t<div class=\"elementor-element elementor-element-5eb64a28 elementor-widget-widescreen__width-inherit elementor-widget elementor-widget-image\" data-id=\"5eb64a28\" data-element_type=\"widget\" data-widget_type=\"image.default\">\n\t\t\t\t<div class=\"elementor-widget-container\">\n\t\t\t\t\t\t\t\t\t\t\t\t\t\t\t<img fetchpriority=\"high\" decoding=\"async\" width=\"850\" height=\"340\" src=\"https:\/\/konferenztechnik.de\/wp-content\/uploads\/2017\/06\/veranstaltungstechnik-ulm.jpg\" class=\"attachment-full size-full wp-image-10432\" alt=\"\" srcset=\"https:\/\/konferenztechnik.de\/wp-content\/uploads\/2017\/06\/veranstaltungstechnik-ulm.jpg 850w, https:\/\/konferenztechnik.de\/wp-content\/uploads\/2017\/06\/veranstaltungstechnik-ulm-300x120.jpg 300w, https:\/\/konferenztechnik.de\/wp-content\/uploads\/2017\/06\/veranstaltungstechnik-ulm-768x307.jpg 768w\" sizes=\"(max-width: 850px) 100vw, 850px\" title=\"\">\t\t\t\t\t\t\t\t\t\t\t\t\t\t\t<\/div>\n\t\t\t\t<\/div>\n\t\t<div data-particle_enable=\"false\" data-particle-mobile-disabled=\"false\" class=\"elementor-element elementor-element-5501db00 e-flex e-con-boxed e-con e-parent\" data-id=\"5501db00\" data-element_type=\"container\">\n\t\t\t\t\t<div class=\"e-con-inner\">\n\t\t\t\t<div class=\"elementor-element elementor-element-d0dbc08 elementor-align-left elementor-widget elementor-widget-button\" data-id=\"d0dbc08\" data-element_type=\"widget\" data-widget_type=\"button.default\">\n\t\t\t\t<div class=\"elementor-widget-container\">\n\t\t\t\t\t\t\t\t\t<div class=\"elementor-button-wrapper\">\n\t\t\t\t\t<a class=\"elementor-button elementor-button-link elementor-size-lg\" href=\"#serviceteam\">\n\t\t\t\t\t\t<span class=\"elementor-button-content-wrapper\">\n\t\t\t\t\t\t<span class=\"elementor-button-icon\">\n\t\t\t\t<svg aria-hidden=\"true\" class=\"e-font-icon-svg e-far-arrow-alt-circle-down\" viewbox=\"0 0 512 512\" xmlns=\"http:\/\/www.w3.org\/2000\/svg\"><path d=\"M256 8C119 8 8 119 8 256s111 248 248 248 248-111 248-248S393 8 256 8zm0 448c-110.5 0-200-89.5-200-200S145.5 56 256 56s200 89.5 200 200-89.5 200-200 200zm-32-316v116h-67c-10.7 0-16 12.9-8.5 20.5l99 99c4.7 4.7 12.3 4.7 17 0l99-99c7.6-7.6 2.2-20.5-8.5-20.5h-67V140c0-6.6-5.4-12-12-12h-40c-6.6 0-12 5.4-12 12z\"><\/path><\/svg>\t\t\t<\/span>\n\t\t\t\t\t\t\t\t\t<span class=\"elementor-button-text\">\u015eimdi Sorgula<\/span>\n\t\t\t\t\t<\/span>\n\t\t\t\t\t<\/a>\n\t\t\t\t<\/div>\n\t\t\t\t\t\t\t\t<\/div>\n\t\t\t\t<\/div>\n\t\t\t\t\t<\/div>\n\t\t\t\t<\/div>\n\t\t\t\t<div class=\"elementor-element elementor-element-13d54bf3 elementor-widget elementor-widget-shortcode\" data-id=\"13d54bf3\" data-element_type=\"widget\" data-widget_type=\"shortcode.default\">\n\t\t\t\t<div class=\"elementor-widget-container\">\n\t\t\t\t\t\t\t<div class=\"elementor-shortcode\">\t\t<div data-elementor-type=\"container\" data-elementor-id=\"37020\" class=\"elementor elementor-37020\" data-elementor-post-type=\"elementor_library\">\n\t\t\t\t<div data-particle_enable=\"false\" data-particle-mobile-disabled=\"false\" class=\"elementor-element elementor-element-349c2afa e-flex e-con-boxed e-con e-parent\" data-id=\"349c2afa\" data-element_type=\"container\">\n\t\t\t\t\t<div class=\"e-con-inner\">\n\t\t\t\t<div class=\"elementor-element elementor-element-821cbc8 elementor-widget__width-inherit elementor-widget elementor-widget-eael-post-list\" data-id=\"821cbc8\" data-element_type=\"widget\" data-settings=\"{&quot;_animation&quot;:&quot;none&quot;}\" data-widget_type=\"eael-post-list.default\">\n\t\t\t\t<div class=\"elementor-widget-container\">\n\t\t\t\t\t<div class=\"eael-post-list-container advanced layout-advanced\"><div class=\"eael-post-list-wrap\"><div class=\"eael-post-list-posts-wrap eael-post-appender eael-post-appender-821cbc8\"><div class=\"eael-post-list-post\"><div class=\"eael-post-list-post-inner\"><div class=\"eael-post-list-thumbnail\"><a href=\"https:\/\/konferenztechnik.de\/tr\/televic-unite\/\">\n                <img decoding=\"async\" src=\"https:\/\/konferenztechnik.de\/wp-content\/uploads\/2023\/06\/televic-unite-fuehrungsanlage.jpg\" alt=\"El mikrofonu ve kulakl\u0131k mikrofonu, al\u0131c\u0131lar ve \u015farj istasyonlar\u0131 ile Televic UNITE f\u0131s\u0131ldama ve y\u00f6nlendirme sistemi\" title=\"\">\n            <\/a><\/div><div class=\"eael-post-list-content\"><h3 class=\"eael-post-list-title\"><a href=\"https:\/\/konferenztechnik.de\/tr\/televic-unite\/\" >Televic Unite \u2013 yolcu y\u00f6nlendirme sistemi<\/a><\/h3><p>\u00c7ok i\u015flevli sistem: ziyaret\u00e7i turlar\u0131, kablosuz sunumlar, i\u015fitme destekli terc\u00fcme<\/p><a href=\"https:\/\/konferenztechnik.de\/tr\/televic-unite\/\" class=\"eael-post-elements-readmore-btn\" >\u203a daha fazla<\/a><div class=\"boxed-meta\"><\/div><\/div><\/div><\/div><div class=\"eael-post-list-post\"><div class=\"eael-post-list-post-inner\"><div class=\"eael-post-list-thumbnail\"><a href=\"https:\/\/konferenztechnik.de\/tr\/beyerdynamic-tts-300-ki%cc%87si%cc%87sel-yoenlendi%cc%87rme-si%cc%87stemi%cc%87\/\">\n                <img decoding=\"async\" src=\"https:\/\/konferenztechnik.de\/wp-content\/uploads\/2023\/06\/Beyerdynamic-TTS300-mieten.jpg\" alt=\"El mikrofonu, al\u0131c\u0131lar ve \u015farj istasyonlar\u0131 ile Beyerdynamic&#039;ten TTS300 tipi f\u0131s\u0131ldama sistemi ve y\u00f6nlendirme sistemi\" title=\"\">\n            <\/a><\/div><div class=\"eael-post-list-content\"><h3 class=\"eael-post-list-title\"><a href=\"https:\/\/konferenztechnik.de\/tr\/beyerdynamic-tts-300-ki%cc%87si%cc%87sel-yoenlendi%cc%87rme-si%cc%87stemi%cc%87\/\" >Beyerdynamic TTS 300 \u2013 ki\u015fi y\u00f6nlendirme sistemi<\/a><\/h3><p>En fazla 10 kanal\u0131n paralel \u00e7al\u0131\u015fmas\u0131, \u015farj s\u00fcresi: 30 dakika<\/p><a href=\"https:\/\/konferenztechnik.de\/tr\/beyerdynamic-tts-300-ki%cc%87si%cc%87sel-yoenlendi%cc%87rme-si%cc%87stemi%cc%87\/\" class=\"eael-post-elements-readmore-btn\" >\u203a daha fazla<\/a><div class=\"boxed-meta\"><\/div><\/div><\/div><\/div><div class=\"eael-post-list-post\"><div class=\"eael-post-list-post-inner\"><div class=\"eael-post-list-thumbnail\"><a href=\"https:\/\/konferenztechnik.de\/tr\/sennheiser-tourguide-2020-d-ki%cc%87si%cc%87sel-yoenlendi%cc%87rme-si%cc%87stemi%cc%87\/\">\n                <img decoding=\"async\" src=\"https:\/\/konferenztechnik.de\/wp-content\/uploads\/2023\/06\/tourguide-system-kaufen-mieten.jpg\" alt=\"\" title=\"\">\n            <\/a><\/div><div class=\"eael-post-list-content\"><h3 class=\"eael-post-list-title\"><a href=\"https:\/\/konferenztechnik.de\/tr\/sennheiser-tourguide-2020-d-ki%cc%87si%cc%87sel-yoenlendi%cc%87rme-si%cc%87stemi%cc%87\/\" >Sennheiser Tourguide 2020 D \u2013 tur rehberli\u011fi sistemi<\/a><\/h3><p>Sennheiser 2020-D dijital tur rehberi sistemi, kullan\u0131m kolayl\u0131\u011f\u0131n\u0131 profesyonel fonksiyonlarla birle\u015ftiriyor.<\/p><a href=\"https:\/\/konferenztechnik.de\/tr\/sennheiser-tourguide-2020-d-ki%cc%87si%cc%87sel-yoenlendi%cc%87rme-si%cc%87stemi%cc%87\/\" class=\"eael-post-elements-readmore-btn\" >\u203a daha fazla<\/a><div class=\"boxed-meta\"><\/div><\/div><\/div><\/div><div class=\"eael-post-list-post\"><div class=\"eael-post-list-post-inner\"><div class=\"eael-post-list-thumbnail\"><a href=\"https:\/\/konferenztechnik.de\/tr\/beyerdynamic-synexis-ki%cc%87si%cc%87sel-yoenlendi%cc%87rme-si%cc%87stemi%cc%87\/\">\n                <img decoding=\"async\" src=\"https:\/\/konferenztechnik.de\/wp-content\/uploads\/2023\/06\/beyerdynamic-synexis.jpg\" alt=\"El mikrofonu, al\u0131c\u0131lar ve \u015farj istasyonlar\u0131 ile Beyerdynamic Synexis f\u0131s\u0131ldama ve y\u00f6nlendirme sistemi\" title=\"\">\n            <\/a><\/div><div class=\"eael-post-list-content\"><h3 class=\"eael-post-list-title\"><a href=\"https:\/\/konferenztechnik.de\/tr\/beyerdynamic-synexis-ki%cc%87si%cc%87sel-yoenlendi%cc%87rme-si%cc%87stemi%cc%87\/\" >Beyerdynamic Synexis \u2013 ki\u015fi y\u00f6nlendirme sistemi<\/a><\/h3><p>\u00c7ok y\u00f6nl\u00fc kullan\u0131m: ziyaret\u00e7i turlar\u0131, s\u00f6zl\u00fc \u00e7eviri uygulamalar\u0131, i\u015fitme yard\u0131m\u0131<\/p><a href=\"https:\/\/konferenztechnik.de\/tr\/beyerdynamic-synexis-ki%cc%87si%cc%87sel-yoenlendi%cc%87rme-si%cc%87stemi%cc%87\/\" class=\"eael-post-elements-readmore-btn\" >\u203a daha fazla<\/a><div class=\"boxed-meta\"><\/div><\/div><\/div><\/div><\/div><\/div>\n\t\t<\/div>\t\t\t\t<\/div>\n\t\t\t\t<\/div>\n\t\t\t\t\t<\/div>\n\t\t\t\t<\/div>\n\t\t\t\t<\/div>\n\t\t<\/div>\n\t\t\t\t\t\t<\/div>\n\t\t\t\t<\/div>\n\t\t\t\t<div class=\"elementor-element elementor-element-579a1c46 elementor-widget elementor-widget-spacer\" data-id=\"579a1c46\" data-element_type=\"widget\" data-widget_type=\"spacer.default\">\n\t\t\t\t<div class=\"elementor-widget-container\">\n\t\t\t\t\t\t\t<div class=\"elementor-spacer\">\n\t\t\t<div class=\"elementor-spacer-inner\"><\/div>\n\t\t<\/div>\n\t\t\t\t\t\t<\/div>\n\t\t\t\t<\/div>\n\t\t\t\t\t<\/div>\n\t\t\t\t<\/div>\n\t\t<div data-particle_enable=\"false\" data-particle-mobile-disabled=\"false\" class=\"elementor-element elementor-element-2282be40 e-flex e-con-boxed e-con e-parent\" data-id=\"2282be40\" data-element_type=\"container\">\n\t\t\t\t\t<div class=\"e-con-inner\">\n\t\t\t\t<div class=\"elementor-element elementor-element-4ebe9831 elementor-widget__width-initial elementor-widget elementor-widget-text-editor\" data-id=\"4ebe9831\" data-element_type=\"widget\" data-widget_type=\"text-editor.default\">\n\t\t\t\t<div class=\"elementor-widget-container\">\n\t\t\t\t\t\t\t\t\t<p>Airbus'tan test makinesi \u00fcreticisi Zwick Roell \u2013'ye kadar \u00e7ok say\u0131da \u015firket \u2013 ile Baden-W\u00fcrttemberg'deki Ulm, Bavyeral\u0131 karde\u015f \u015fehri Neu-Ulm ile birlikte ekonomik a\u00e7\u0131dan g\u00fc\u00e7l\u00fc Tuna-\u0130ller b\u00f6lgesinin merkezini olu\u015fturmaktad\u0131r. Ulm (ve Neu-Ulm) ve \u00e7evresindeki en \u00f6nemli end\u00fcstriler elektronik end\u00fcstrisi, silah \u00fcretimi ve ticari ara\u00e7 \u00fcretimidir. Ulm'deki ticaret fuarlar\u0131n\u0131n merkezi Donauhalle ve Donausaal'\u0131n bulundu\u011fu sergi alan\u0131d\u0131r. Ulm Kongre Merkezi (CCU) her \u00f6l\u00e7ekte konferans ve toplant\u0131 d\u00fczenlemek i\u00e7in kapsaml\u0131 bir altyap\u0131 sunmaktad\u0131r.<\/p>\t\t\t\t\t\t\t\t<\/div>\n\t\t\t\t<\/div>\n\t\t\t\t<div class=\"elementor-element elementor-element-284111cf elementor-widget__width-initial elementor-widget elementor-widget-heading\" data-id=\"284111cf\" data-element_type=\"widget\" data-settings=\"{&quot;_animation&quot;:&quot;none&quot;}\" data-widget_type=\"heading.default\">\n\t\t\t\t<div class=\"elementor-widget-container\">\n\t\t\t\t\t<h2 class=\"elementor-heading-title elementor-size-default\">Donau-Iller b\u00f6lgesinde Pefas ve fabrika turu sistemlerini kiralay\u0131n<\/h2>\t\t\t\t<\/div>\n\t\t\t\t<\/div>\n\t\t\t\t<div class=\"elementor-element elementor-element-183b78d7 elementor-widget__width-inherit elementor-widget elementor-widget-text-editor\" data-id=\"183b78d7\" data-element_type=\"widget\" data-widget_type=\"text-editor.default\">\n\t\t\t\t<div class=\"elementor-widget-container\">\n\t\t\t\t\t\t\t\t\t<p>PCS, M\u00fcnih \u015fubesinden Ulm, Alb-Donau b\u00f6lgesi ve Donau-Iller b\u00f6lgesinin di\u011fer k\u0131s\u0131mlar\u0131na \u2013 PFA ki\u015fisel tur rehberi sistemleri, f\u0131s\u0131lt\u0131 kasalar\u0131, tur rehberi sistemleri ve fabrika tur sistemleri tedarik etmektedir. Bu sistemleri kiralamak veya kiraya vermek, kongre organizat\u00f6rleri veya konferans d\u00fczenleyicileri i\u00e7in sat\u0131n almaya k\u0131yasla bir dizi \u00f6nemli avantaja sahiptir:<\/p><p>\u00a0<\/p><ul><li>Talep \u00fczerine b\u00fcy\u00fck miktarlarda bile profesyoneller taraf\u0131ndan servis edilen cihazlar<\/li><li>T\u00fcm sistemler i\u015flevsellik a\u00e7\u0131s\u0131ndan \u00f6nceden y\u00fczde 100 test edilmi\u015ftir<\/li><li>Piller \/ \u015farj edilebilir piller \u015farj edilmi\u015ftir<\/li><li>\u0130letim frekanslar\u0131 \u00f6nceden ayarlanm\u0131\u015ft\u0131r, esnek kanal se\u00e7imi m\u00fcmk\u00fcnd\u00fcr<\/li><li>Her yeni g\u00f6revlendirme \u00f6ncesinde profesyonel dan\u0131\u015fmanl\u0131k<\/li><li>Sistemler teslimattan \u00f6nce hijyenik olarak temizlenir, kulakl\u0131klar her teslimattan \u00f6nce taze olarak paketlenir<\/li><li>Sistemlerin Ulm, Alb-Danube b\u00f6lgesi ve Tuna-\u0130ller b\u00f6lgesindeki konferans mekan\u0131na do\u011frudan zaman\u0131nda teslim edilmesi<\/li><\/ul>\t\t\t\t\t\t\t\t<\/div>\n\t\t\t\t<\/div>\n\t\t\t\t<div class=\"elementor-element elementor-element-32c2b59d elementor-widget__width-initial elementor-widget elementor-widget-heading\" data-id=\"32c2b59d\" data-element_type=\"widget\" data-settings=\"{&quot;_animation&quot;:&quot;none&quot;}\" data-widget_type=\"heading.default\">\n\t\t\t\t<div class=\"elementor-widget-container\">\n\t\t\t\t\t<h2 class=\"elementor-heading-title elementor-size-default\">Kongreler, mahkeme duru\u015fmalar\u0131, fabrika turlar\u0131 ve daha fazlas\u0131<\/h2>\t\t\t\t<\/div>\n\t\t\t\t<\/div>\n\t\t\t\t<div class=\"elementor-element elementor-element-3fb54631 elementor-widget__width-inherit elementor-widget elementor-widget-text-editor\" data-id=\"3fb54631\" data-element_type=\"widget\" data-widget_type=\"text-editor.default\">\n\t\t\t\t<div class=\"elementor-widget-container\">\n\t\t\t\t\t\t\t\t\t<p>PFA (\"Pefa\u201d\" olarak da k\u0131salt\u0131l\u0131r), tur rehberi sistemleri ve fabrika turu sistemleri, f\u0131s\u0131lt\u0131l\u0131 ve simultane terc\u00fcman veya \u00e7evirmen hizmetlerinin gerekli oldu\u011fu konferanslarda, kongrelerde ve mahkeme duru\u015fmalar\u0131nda kullan\u0131l\u0131r. \u015eirket turlar\u0131, \u015fehir turlar\u0131 ve sergilerin rehberli turlar\u0131, tur rehberi sistemleri (PFA), tur rehberi sistemleri ve benzerleri i\u00e7in ba\u015fka bir uygulama alan\u0131d\u0131r. Elbette, a\u00e7\u0131kland\u0131\u011f\u0131 gibi mobil \/ hareketli kullan\u0131m i\u00e7in daha ideal olduklar\u0131ndan, t\u00fcm g\u00fcn s\u00fcren konferanslarda kullan\u0131ld\u0131\u011f\u0131 gibi ses ge\u00e7irmez bir kabine sahip bir \u00e7eviri sisteminin yerini almazlar.<\/p>\t\t\t\t\t\t\t\t<\/div>\n\t\t\t\t<\/div>\n\t\t\t\t<div class=\"elementor-element elementor-element-7b340b13 elementor-widget__width-initial elementor-widget elementor-widget-heading\" data-id=\"7b340b13\" data-element_type=\"widget\" data-settings=\"{&quot;_animation&quot;:&quot;none&quot;}\" data-widget_type=\"heading.default\">\n\t\t\t\t<div class=\"elementor-widget-container\">\n\t\t\t\t\t<h2 class=\"elementor-heading-title elementor-size-default\">Marka \u00fcreticilerinin sistemleri ve dijitalle\u015fme<\/h2>\t\t\t\t<\/div>\n\t\t\t\t<\/div>\n\t\t\t\t<div class=\"elementor-element elementor-element-2a4f2009 elementor-widget__width-inherit elementor-widget elementor-widget-text-editor\" data-id=\"2a4f2009\" data-element_type=\"widget\" data-widget_type=\"text-editor.default\">\n\t\t\t\t<div class=\"elementor-widget-container\">\n\t\t\t\t\t\t\t\t\t<p>PCS, Ulm ve \u00e7evresinde rehber sistemleri, tur rehberi sistemleri, f\u0131s\u0131lt\u0131 sistemleri ve benzeri cihazlar\u0131n kullan\u0131m\u0131 i\u00e7in \u00f6ncelikle Beyerdynamic ve Sennheiser marka \u00fcreticilerine g\u00fcvenmektedir. Y\u0131llard\u0131r denenmi\u015f ve test edilmi\u015f sistemler i\u00e7in de dijital teknoloji kullan\u0131l\u0131yor. Beyerdynamic Synexis, Beyerdynamic TTS-300 ve Sennheiser Tourguide 2020-D sistemleri, di\u011ferlerinin yan\u0131 s\u0131ra, Ulm ve Tuna-\u0130ller b\u00f6lgesindeki etkinlikler i\u00e7in \u00e7ok b\u00fcy\u00fck miktarlarda mevcuttur.<\/p><p>\u00a0<\/p><p>M\u00fcnih ve Heilbronn'daki en yak\u0131n PCS \u015fubelerimiz sorunuzu d\u00f6rt g\u00f6zle bekliyor!<\/p>\t\t\t\t\t\t\t\t<\/div>\n\t\t\t\t<\/div>\n\t\t\t\t<div class=\"elementor-element elementor-element-973a02f elementor-widget__width-initial elementor-widget elementor-widget-heading\" data-id=\"973a02f\" data-element_type=\"widget\" data-settings=\"{&quot;_animation&quot;:&quot;none&quot;}\" data-widget_type=\"heading.default\">\n\t\t\t\t<div class=\"elementor-widget-container\">\n\t\t\t\t\t<h2 class=\"elementor-heading-title elementor-size-default\">\u0130ndirilenler El kitaplar\u0131, k\u0131lavuzlar ve bilgilendirme materyalleri\n<\/h2>\t\t\t\t<\/div>\n\t\t\t\t<\/div>\n\t\t\t\t<div class=\"elementor-element elementor-element-65df1ae3 elementor-widget elementor-widget-shortcode\" data-id=\"65df1ae3\" data-element_type=\"widget\" data-widget_type=\"shortcode.default\">\n\t\t\t\t<div class=\"elementor-widget-container\">\n\t\t\t\t\t\t\t<div class=\"elementor-shortcode\">\t\t<div data-elementor-type=\"container\" data-elementor-id=\"30709\" class=\"elementor elementor-30709\" data-elementor-post-type=\"elementor_library\">\n\t\t\t\t<div data-particle_enable=\"false\" data-particle-mobile-disabled=\"false\" class=\"elementor-element elementor-element-50123a19 e-flex e-con-boxed e-con e-parent\" data-id=\"50123a19\" data-element_type=\"container\" data-settings=\"{&quot;background_background&quot;:&quot;classic&quot;}\">\n\t\t\t\t\t<div class=\"e-con-inner\">\n\t\t\t\t<div class=\"elementor-element elementor-element-7b023e62 elementor-icon-list--layout-traditional elementor-list-item-link-full_width elementor-widget elementor-widget-icon-list\" data-id=\"7b023e62\" data-element_type=\"widget\" data-widget_type=\"icon-list.default\">\n\t\t\t\t<div class=\"elementor-widget-container\">\n\t\t\t\t\t\t\t<ul class=\"elementor-icon-list-items\">\n\t\t\t\t\t\t\t<li class=\"elementor-icon-list-item\">\n\t\t\t\t\t\t\t\t\t\t\t<a href=\"\/wp-content\/uploads\/2017\/06\/beyerdynamic-synexis-manual-bedienungsanleitung.pdf\" target=\"_blank\">\n\n\t\t\t\t\t\t\t\t\t\t\t\t<span class=\"elementor-icon-list-icon\">\n\t\t\t\t\t\t\t<svg aria-hidden=\"true\" class=\"e-font-icon-svg e-far-file-pdf\" viewbox=\"0 0 384 512\" xmlns=\"http:\/\/www.w3.org\/2000\/svg\"><path d=\"M369.9 97.9L286 14C277 5 264.8-.1 252.1-.1H48C21.5 0 0 21.5 0 48v416c0 26.5 21.5 48 48 48h288c26.5 0 48-21.5 48-48V131.9c0-12.7-5.1-25-14.1-34zM332.1 128H256V51.9l76.1 76.1zM48 464V48h160v104c0 13.3 10.7 24 24 24h104v288H48zm250.2-143.7c-12.2-12-47-8.7-64.4-6.5-17.2-10.5-28.7-25-36.8-46.3 3.9-16.1 10.1-40.6 5.4-56-4.2-26.2-37.8-23.6-42.6-5.9-4.4 16.1-.4 38.5 7 67.1-10 23.9-24.9 56-35.4 74.4-20 10.3-47 26.2-51 46.2-3.3 15.8 26 55.2 76.1-31.2 22.4-7.4 46.8-16.5 68.4-20.1 18.9 10.2 41 17 55.8 17 25.5 0 28-28.2 17.5-38.7zm-198.1 77.8c5.1-13.7 24.5-29.5 30.4-35-19 30.3-30.4 35.7-30.4 35zm81.6-190.6c7.4 0 6.7 32.1 1.8 40.8-4.4-13.9-4.3-40.8-1.8-40.8zm-24.4 136.6c9.7-16.9 18-37 24.7-54.7 8.3 15.1 18.9 27.2 30.1 35.5-20.8 4.3-38.9 13.1-54.8 19.2zm131.6-5s-5 6-37.3-7.8c35.1-2.6 40.9 5.4 37.3 7.8z\"><\/path><\/svg>\t\t\t\t\t\t<\/span>\n\t\t\t\t\t\t\t\t\t\t<span class=\"elementor-icon-list-text\">Beyerdynamic Synexis Manuel Kullan\u0131m K\u0131lavuzu<\/span>\n\t\t\t\t\t\t\t\t\t\t\t<\/a>\n\t\t\t\t\t\t\t\t\t<\/li>\n\t\t\t\t\t\t\t\t<li class=\"elementor-icon-list-item\">\n\t\t\t\t\t\t\t\t\t\t\t<a href=\"\/wp-content\/uploads\/2017\/06\/beyerdynamic-synexis_quick-start-guide.pdf\" target=\"_blank\">\n\n\t\t\t\t\t\t\t\t\t\t\t\t<span class=\"elementor-icon-list-icon\">\n\t\t\t\t\t\t\t<svg aria-hidden=\"true\" class=\"e-font-icon-svg e-far-file-pdf\" viewbox=\"0 0 384 512\" xmlns=\"http:\/\/www.w3.org\/2000\/svg\"><path d=\"M369.9 97.9L286 14C277 5 264.8-.1 252.1-.1H48C21.5 0 0 21.5 0 48v416c0 26.5 21.5 48 48 48h288c26.5 0 48-21.5 48-48V131.9c0-12.7-5.1-25-14.1-34zM332.1 128H256V51.9l76.1 76.1zM48 464V48h160v104c0 13.3 10.7 24 24 24h104v288H48zm250.2-143.7c-12.2-12-47-8.7-64.4-6.5-17.2-10.5-28.7-25-36.8-46.3 3.9-16.1 10.1-40.6 5.4-56-4.2-26.2-37.8-23.6-42.6-5.9-4.4 16.1-.4 38.5 7 67.1-10 23.9-24.9 56-35.4 74.4-20 10.3-47 26.2-51 46.2-3.3 15.8 26 55.2 76.1-31.2 22.4-7.4 46.8-16.5 68.4-20.1 18.9 10.2 41 17 55.8 17 25.5 0 28-28.2 17.5-38.7zm-198.1 77.8c5.1-13.7 24.5-29.5 30.4-35-19 30.3-30.4 35.7-30.4 35zm81.6-190.6c7.4 0 6.7 32.1 1.8 40.8-4.4-13.9-4.3-40.8-1.8-40.8zm-24.4 136.6c9.7-16.9 18-37 24.7-54.7 8.3 15.1 18.9 27.2 30.1 35.5-20.8 4.3-38.9 13.1-54.8 19.2zm131.6-5s-5 6-37.3-7.8c35.1-2.6 40.9 5.4 37.3 7.8z\"><\/path><\/svg>\t\t\t\t\t\t<\/span>\n\t\t\t\t\t\t\t\t\t\t<span class=\"elementor-icon-list-text\">Beyerdynamic Synexis H\u0131zl\u0131 Ba\u015flang\u0131\u00e7 K\u0131lavuzu<\/span>\n\t\t\t\t\t\t\t\t\t\t\t<\/a>\n\t\t\t\t\t\t\t\t\t<\/li>\n\t\t\t\t\t\t\t\t<li class=\"elementor-icon-list-item\">\n\t\t\t\t\t\t\t\t\t\t\t<a href=\"\/wp-content\/uploads\/2017\/06\/Bedienungsanleitung-Sennheiser-Tourguide2020_DE.pdf\" target=\"_blank\">\n\n\t\t\t\t\t\t\t\t\t\t\t\t<span class=\"elementor-icon-list-icon\">\n\t\t\t\t\t\t\t<svg aria-hidden=\"true\" class=\"e-font-icon-svg e-far-file-pdf\" viewbox=\"0 0 384 512\" xmlns=\"http:\/\/www.w3.org\/2000\/svg\"><path d=\"M369.9 97.9L286 14C277 5 264.8-.1 252.1-.1H48C21.5 0 0 21.5 0 48v416c0 26.5 21.5 48 48 48h288c26.5 0 48-21.5 48-48V131.9c0-12.7-5.1-25-14.1-34zM332.1 128H256V51.9l76.1 76.1zM48 464V48h160v104c0 13.3 10.7 24 24 24h104v288H48zm250.2-143.7c-12.2-12-47-8.7-64.4-6.5-17.2-10.5-28.7-25-36.8-46.3 3.9-16.1 10.1-40.6 5.4-56-4.2-26.2-37.8-23.6-42.6-5.9-4.4 16.1-.4 38.5 7 67.1-10 23.9-24.9 56-35.4 74.4-20 10.3-47 26.2-51 46.2-3.3 15.8 26 55.2 76.1-31.2 22.4-7.4 46.8-16.5 68.4-20.1 18.9 10.2 41 17 55.8 17 25.5 0 28-28.2 17.5-38.7zm-198.1 77.8c5.1-13.7 24.5-29.5 30.4-35-19 30.3-30.4 35.7-30.4 35zm81.6-190.6c7.4 0 6.7 32.1 1.8 40.8-4.4-13.9-4.3-40.8-1.8-40.8zm-24.4 136.6c9.7-16.9 18-37 24.7-54.7 8.3 15.1 18.9 27.2 30.1 35.5-20.8 4.3-38.9 13.1-54.8 19.2zm131.6-5s-5 6-37.3-7.8c35.1-2.6 40.9 5.4 37.3 7.8z\"><\/path><\/svg>\t\t\t\t\t\t<\/span>\n\t\t\t\t\t\t\t\t\t\t<span class=\"elementor-icon-list-text\">Sennheiser Tourguide 2020 kullan\u0131m k\u0131lavuzu Almanca<\/span>\n\t\t\t\t\t\t\t\t\t\t\t<\/a>\n\t\t\t\t\t\t\t\t\t<\/li>\n\t\t\t\t\t\t\t\t<li class=\"elementor-icon-list-item\">\n\t\t\t\t\t\t\t\t\t\t\t<a href=\"\/wp-content\/uploads\/2017\/06\/sennheiser-tourguide-SK2020DUS-en.pdf\" target=\"_blank\">\n\n\t\t\t\t\t\t\t\t\t\t\t\t<span class=\"elementor-icon-list-icon\">\n\t\t\t\t\t\t\t<svg aria-hidden=\"true\" class=\"e-font-icon-svg e-far-file-pdf\" viewbox=\"0 0 384 512\" xmlns=\"http:\/\/www.w3.org\/2000\/svg\"><path d=\"M369.9 97.9L286 14C277 5 264.8-.1 252.1-.1H48C21.5 0 0 21.5 0 48v416c0 26.5 21.5 48 48 48h288c26.5 0 48-21.5 48-48V131.9c0-12.7-5.1-25-14.1-34zM332.1 128H256V51.9l76.1 76.1zM48 464V48h160v104c0 13.3 10.7 24 24 24h104v288H48zm250.2-143.7c-12.2-12-47-8.7-64.4-6.5-17.2-10.5-28.7-25-36.8-46.3 3.9-16.1 10.1-40.6 5.4-56-4.2-26.2-37.8-23.6-42.6-5.9-4.4 16.1-.4 38.5 7 67.1-10 23.9-24.9 56-35.4 74.4-20 10.3-47 26.2-51 46.2-3.3 15.8 26 55.2 76.1-31.2 22.4-7.4 46.8-16.5 68.4-20.1 18.9 10.2 41 17 55.8 17 25.5 0 28-28.2 17.5-38.7zm-198.1 77.8c5.1-13.7 24.5-29.5 30.4-35-19 30.3-30.4 35.7-30.4 35zm81.6-190.6c7.4 0 6.7 32.1 1.8 40.8-4.4-13.9-4.3-40.8-1.8-40.8zm-24.4 136.6c9.7-16.9 18-37 24.7-54.7 8.3 15.1 18.9 27.2 30.1 35.5-20.8 4.3-38.9 13.1-54.8 19.2zm131.6-5s-5 6-37.3-7.8c35.1-2.6 40.9 5.4 37.3 7.8z\"><\/path><\/svg>\t\t\t\t\t\t<\/span>\n\t\t\t\t\t\t\t\t\t\t<span class=\"elementor-icon-list-text\">Sennheiser Tourguide SK2020D ABD K\u0131lavuzu \u0130ngilizce<\/span>\n\t\t\t\t\t\t\t\t\t\t\t<\/a>\n\t\t\t\t\t\t\t\t\t<\/li>\n\t\t\t\t\t\t<\/ul>\n\t\t\t\t\t\t<\/div>\n\t\t\t\t<\/div>\n\t\t\t\t\t<\/div>\n\t\t\t\t<\/div>\n\t\t\t\t<\/div>\n\t\t<\/div>\n\t\t\t\t\t\t<\/div>\n\t\t\t\t<\/div>\n\t\t\t\t<div class=\"elementor-element elementor-element-236e71b8 elementor-widget__width-initial elementor-widget elementor-widget-heading\" data-id=\"236e71b8\" data-element_type=\"widget\" data-settings=\"{&quot;_animation&quot;:&quot;none&quot;}\" data-widget_type=\"heading.default\">\n\t\t\t\t<div class=\"elementor-widget-container\">\n\t\t\t\t\t<h2 class=\"elementor-heading-title elementor-size-default\">Y\u00f6nlendirme sistemleri kiralama Ulm<\/h2>\t\t\t\t<\/div>\n\t\t\t\t<\/div>\n\t\t\t\t<div class=\"elementor-element elementor-element-58164578 elementor-widget elementor-widget-eael-adv-accordion\" data-id=\"58164578\" data-element_type=\"widget\" data-widget_type=\"eael-adv-accordion.default\">\n\t\t\t\t<div class=\"elementor-widget-container\">\n\t\t\t\t\t            <div class=\"eael-adv-accordion\" id=\"eael-adv-accordion-58164578\" data-scroll-on-click=\"no\" data-scroll-speed=\"300\" data-accordion-id=\"58164578\" data-accordion-type=\"accordion\" data-toogle-speed=\"300\">\n            <div class=\"eael-accordion-list\">\n\t\t\t\t\t<div id=\"-veranstaltungsorte-fr-events-und-kongresse-in-ulm-\" class=\"elementor-tab-title eael-accordion-header\" tabindex=\"0\" data-tab=\"1\" aria-controls=\"elementor-tab-content-1471\"><span class=\"eael-advanced-accordion-icon-closed\"><svg aria-hidden=\"true\" class=\"fa-accordion-icon e-font-icon-svg e-fas-plus\" viewbox=\"0 0 448 512\" xmlns=\"http:\/\/www.w3.org\/2000\/svg\"><path d=\"M416 208H272V64c0-17.67-14.33-32-32-32h-32c-17.67 0-32 14.33-32 32v144H32c-17.67 0-32 14.33-32 32v32c0 17.67 14.33 32 32 32h144v144c0 17.67 14.33 32 32 32h32c17.67 0 32-14.33 32-32V304h144c17.67 0 32-14.33 32-32v-32c0-17.67-14.33-32-32-32z\"><\/path><\/svg><\/span><span class=\"eael-advanced-accordion-icon-opened\"><svg aria-hidden=\"true\" class=\"fa-accordion-icon e-font-icon-svg e-fas-minus\" viewbox=\"0 0 448 512\" xmlns=\"http:\/\/www.w3.org\/2000\/svg\"><path d=\"M416 208H32c-17.67 0-32 14.33-32 32v32c0 17.67 14.33 32 32 32h384c17.67 0 32-14.33 32-32v-32c0-17.67-14.33-32-32-32z\"><\/path><\/svg><\/span><span class=\"eael-accordion-tab-title\"> Ulm'deki etkinlik ve kongre mekanlar\u0131 <\/span><svg aria-hidden=\"true\" class=\"fa-toggle e-font-icon-svg e-fas-angle-right\" viewbox=\"0 0 256 512\" xmlns=\"http:\/\/www.w3.org\/2000\/svg\"><path d=\"M224.3 273l-136 136c-9.4 9.4-24.6 9.4-33.9 0l-22.6-22.6c-9.4-9.4-9.4-24.6 0-33.9l96.4-96.4-96.4-96.4c-9.4-9.4-9.4-24.6 0-33.9L54.3 103c9.4-9.4 24.6-9.4 33.9 0l136 136c9.5 9.4 9.5 24.6.1 34z\"><\/path><\/svg><\/div><div id=\"elementor-tab-content-1471\" class=\"eael-accordion-content clearfix\" data-tab=\"1\" aria-labelledby=\"-veranstaltungsorte-fr-events-und-kongresse-in-ulm-\"><div><ul><li>Sergi merkezi<\/li><li>Tuna Salonu<\/li><li>Tuna Salonu<\/li><li>Ulm Kongre Merkezi \u2013 CCU<\/li><li>Tah\u0131l Ambar\u0131 Ulm<\/li><li>Ratiopharm Arena (Neu-Ulm)<\/li><li>Roxy<\/li><li>Courtine am Gaisenberg \u2013 Jazzkeller Sauschdall \/ CAT<\/li><li>Wiblingen Manast\u0131r\u0131<\/li><\/ul><\/div><\/div>\n\t\t\t\t\t<\/div><div class=\"eael-accordion-list\">\n\t\t\t\t\t<div id=\"-die-wichtigsten-veranstaltungshotels-in-ulm-\" class=\"elementor-tab-title eael-accordion-header\" tabindex=\"0\" data-tab=\"2\" aria-controls=\"elementor-tab-content-1472\"><span class=\"eael-advanced-accordion-icon-closed\"><svg aria-hidden=\"true\" class=\"fa-accordion-icon e-font-icon-svg e-fas-plus\" viewbox=\"0 0 448 512\" xmlns=\"http:\/\/www.w3.org\/2000\/svg\"><path d=\"M416 208H272V64c0-17.67-14.33-32-32-32h-32c-17.67 0-32 14.33-32 32v144H32c-17.67 0-32 14.33-32 32v32c0 17.67 14.33 32 32 32h144v144c0 17.67 14.33 32 32 32h32c17.67 0 32-14.33 32-32V304h144c17.67 0 32-14.33 32-32v-32c0-17.67-14.33-32-32-32z\"><\/path><\/svg><\/span><span class=\"eael-advanced-accordion-icon-opened\"><svg aria-hidden=\"true\" class=\"fa-accordion-icon e-font-icon-svg e-fas-minus\" viewbox=\"0 0 448 512\" xmlns=\"http:\/\/www.w3.org\/2000\/svg\"><path d=\"M416 208H32c-17.67 0-32 14.33-32 32v32c0 17.67 14.33 32 32 32h384c17.67 0 32-14.33 32-32v-32c0-17.67-14.33-32-32-32z\"><\/path><\/svg><\/span><span class=\"eael-accordion-tab-title\"> Ulm'deki en \u00f6nemli etkinlik otelleri <\/span><svg aria-hidden=\"true\" class=\"fa-toggle e-font-icon-svg e-fas-angle-right\" viewbox=\"0 0 256 512\" xmlns=\"http:\/\/www.w3.org\/2000\/svg\"><path d=\"M224.3 273l-136 136c-9.4 9.4-24.6 9.4-33.9 0l-22.6-22.6c-9.4-9.4-9.4-24.6 0-33.9l96.4-96.4-96.4-96.4c-9.4-9.4-9.4-24.6 0-33.9L54.3 103c9.4-9.4 24.6-9.4 33.9 0l136 136c9.5 9.4 9.5 24.6.1 34z\"><\/path><\/svg><\/div><div id=\"elementor-tab-content-1472\" class=\"eael-accordion-content clearfix\" data-tab=\"2\" aria-labelledby=\"-die-wichtigsten-veranstaltungshotels-in-ulm-\"><div><ul><li>Maritim Hotel Ulm<\/li><li>Best Western Plus Atrium Otel<\/li><li>Golden Tulip Parkhotel Neu-Ulm<\/li><li>Hirsch Otel-Restoran<\/li><li>Hotel &amp; Rasthaus Seligweiler<\/li><li>Orange Hotel &amp; Apartments<\/li><li>InterCityHotel Ulm<\/li><li>Hotel L\u00f6wen<\/li><li>Hotel Ulmer Stuben<\/li><li>Barf\u00fc\u00dfer Hotel Neu-Ulm<\/li><li>Blaubeuren Konferans Merkezi<\/li><\/ul><\/div><\/div>\n\t\t\t\t\t<\/div><div class=\"eael-accordion-list\">\n\t\t\t\t\t<div id=\"-die-wichtigsten-messetermine-in-ulm-\" class=\"elementor-tab-title eael-accordion-header\" tabindex=\"0\" data-tab=\"3\" aria-controls=\"elementor-tab-content-1473\"><span class=\"eael-advanced-accordion-icon-closed\"><svg aria-hidden=\"true\" class=\"fa-accordion-icon e-font-icon-svg e-fas-plus\" viewbox=\"0 0 448 512\" xmlns=\"http:\/\/www.w3.org\/2000\/svg\"><path d=\"M416 208H272V64c0-17.67-14.33-32-32-32h-32c-17.67 0-32 14.33-32 32v144H32c-17.67 0-32 14.33-32 32v32c0 17.67 14.33 32 32 32h144v144c0 17.67 14.33 32 32 32h32c17.67 0 32-14.33 32-32V304h144c17.67 0 32-14.33 32-32v-32c0-17.67-14.33-32-32-32z\"><\/path><\/svg><\/span><span class=\"eael-advanced-accordion-icon-opened\"><svg aria-hidden=\"true\" class=\"fa-accordion-icon e-font-icon-svg e-fas-minus\" viewbox=\"0 0 448 512\" xmlns=\"http:\/\/www.w3.org\/2000\/svg\"><path d=\"M416 208H32c-17.67 0-32 14.33-32 32v32c0 17.67 14.33 32 32 32h384c17.67 0 32-14.33 32-32v-32c0-17.67-14.33-32-32-32z\"><\/path><\/svg><\/span><span class=\"eael-accordion-tab-title\"> Ulm'deki en \u00f6nemli ticaret fuar\u0131 tarihleri <\/span><svg aria-hidden=\"true\" class=\"fa-toggle e-font-icon-svg e-fas-angle-right\" viewbox=\"0 0 256 512\" xmlns=\"http:\/\/www.w3.org\/2000\/svg\"><path d=\"M224.3 273l-136 136c-9.4 9.4-24.6 9.4-33.9 0l-22.6-22.6c-9.4-9.4-9.4-24.6 0-33.9l96.4-96.4-96.4-96.4c-9.4-9.4-9.4-24.6 0-33.9L54.3 103c9.4-9.4 24.6-9.4 33.9 0l136 136c9.5 9.4 9.5 24.6.1 34z\"><\/path><\/svg><\/div><div id=\"elementor-tab-content-1473\" class=\"eael-accordion-content clearfix\" data-tab=\"3\" aria-labelledby=\"-die-wichtigsten-messetermine-in-ulm-\"><div><ul><li>Ulm \u00e7ad\u0131r\u0131<\/li><li>BioChem\u0130leti\u015fim<\/li><li>DIGA Ulm-Wiblingen<\/li><li>TIER+leisure<\/li><li>Aquaristic Days Ulm<\/li><li>Ulm Sonbahar Fuar\u0131<\/li><li>KIBUM Ulm<\/li><li>S\u00fcr\u00fcngen Fuar\u0131 Ulm<\/li><li>Baden-W\u00fcrttemberg Avc\u0131l\u0131k ve Bal\u0131k\u00e7\u0131l\u0131k Fuar\u0131<\/li><li>Avc\u0131l\u0131k, Bal\u0131k\u00e7\u0131l\u0131k ve Do\u011fa Ulm<\/li><li>Ulm e\u011fitim fuar\u0131<\/li><li>KPA PLASTI\u0307K \u00dcR\u00dcNLERI\u0307 G\u00dcNCEL<\/li><li>LWF Ulm<\/li><li>End\u00fcstriyel bile\u015fen temizleme sempozyumu<\/li><li>orada ve uzakta<\/li><li>ISMU \u2013 Uluslararas\u0131 Koleksiyonerler Fuar\u0131 Ulm<\/li><li>Sanat I\u015f\u0131lt\u0131s\u0131<\/li><li>raumtex G\u00fcney Ulm<\/li><li>D\u00f6vme fuar\u0131 Ulm<\/li><li>Technorama Ulm<\/li><li>Ulm evlilik y\u0131ld\u00f6n\u00fcm\u00fc<\/li><li>WHEELIES Motosiklet G\u00f6sterisi Ulm<\/li><\/ul><\/div><\/div>\n\t\t\t\t\t<\/div><\/div>\t\t\t\t<\/div>\n\t\t\t\t<\/div>\n\t\t\t\t\t<\/div>\n\t\t\t\t<\/div>\n\t\t<div data-particle_enable=\"false\" data-particle-mobile-disabled=\"false\" class=\"elementor-element elementor-element-1ec98f83 e-flex e-con-boxed e-con e-parent\" data-id=\"1ec98f83\" data-element_type=\"container\">\n\t\t\t\t\t<div class=\"e-con-inner\">\n\t\t\t\t<div class=\"elementor-element elementor-element-7e0633bc elementor-widget elementor-widget-shortcode\" data-id=\"7e0633bc\" data-element_type=\"widget\" data-widget_type=\"shortcode.default\">\n\t\t\t\t<div class=\"elementor-widget-container\">\n\t\t\t\t\t\t\t<div class=\"elementor-shortcode\"><\/div>\n\t\t\t\t\t\t<\/div>\n\t\t\t\t<\/div>\n\t\t\t\t\t<\/div>\n\t\t\t\t<\/div>\n\t\t\t\t<\/div>","protected":false},"excerpt":{"rendered":"<p>Ulm komuta ve kontrol sistemleri kiralama: Tuna-\u0130ller b\u00f6lgesinde whisper box ve PFA kiralama \u015eimdi sor Airbus'tan test makinesi \u00fcreticisi Zwick Roell \u2013'ye kadar \u00e7ok say\u0131da \u015firket \u2013 ile Baden-W\u00fcrttemberg'deki Ulm, Bavyeral\u0131 karde\u015f \u015fehri Neu-Ulm ile birlikte ekonomik a\u00e7\u0131dan g\u00fc\u00e7l\u00fc Tuna-\u0130ller b\u00f6lgesinin merkezini olu\u015fturmaktad\u0131r. Ulm (ve Neu-Ulm) ve \u00e7evresindeki en \u00f6nemli end\u00fcstriler elektronik end\u00fcstrisi, silah \u00fcretimi ve [...]<\/p>","protected":false},"author":1,"featured_media":45482,"parent":0,"menu_order":0,"comment_status":"closed","ping_status":"closed","template":"","meta":{"_acf_changed":false,"footnotes":""},"class_list":["post-10431","page","type-page","status-publish","has-post-thumbnail","hentry"],"acf":[],"_links":{"self":[{"href":"https:\/\/konferenztechnik.de\/tr\/wp-json\/wp\/v2\/pages\/10431","targetHints":{"allow":["GET"]}}],"collection":[{"href":"https:\/\/konferenztechnik.de\/tr\/wp-json\/wp\/v2\/pages"}],"about":[{"href":"https:\/\/konferenztechnik.de\/tr\/wp-json\/wp\/v2\/types\/page"}],"author":[{"embeddable":true,"href":"https:\/\/konferenztechnik.de\/tr\/wp-json\/wp\/v2\/users\/1"}],"replies":[{"embeddable":true,"href":"https:\/\/konferenztechnik.de\/tr\/wp-json\/wp\/v2\/comments?post=10431"}],"version-history":[{"count":0,"href":"https:\/\/konferenztechnik.de\/tr\/wp-json\/wp\/v2\/pages\/10431\/revisions"}],"wp:featuredmedia":[{"embeddable":true,"href":"https:\/\/konferenztechnik.de\/tr\/wp-json\/wp\/v2\/media\/45482"}],"wp:attachment":[{"href":"https:\/\/konferenztechnik.de\/tr\/wp-json\/wp\/v2\/media?parent=10431"}],"curies":[{"name":"wp","href":"https:\/\/api.w.org\/{rel}","templated":true}]}}