{"id":10446,"date":"2017-06-17T14:23:39","date_gmt":"2017-06-17T13:23:39","guid":{"rendered":"https:\/\/www.konferenztechnik.de\/?page_id=10446\/"},"modified":"2023-08-03T11:20:42","modified_gmt":"2023-08-03T09:20:42","slug":"ki%cc%87ralama-rehberli%cc%87k-si%cc%87stemleri%cc%87-kassel","status":"publish","type":"page","link":"https:\/\/konferenztechnik.de\/tr\/ki%cc%87ralama-rehberli%cc%87k-si%cc%87stemleri%cc%87-kassel\/","title":{"rendered":"Kassel y\u00f6nlendirme sistemleri kiralama"},"content":{"rendered":"<div data-elementor-type=\"wp-page\" data-elementor-id=\"10446\" class=\"elementor elementor-10446\" data-elementor-post-type=\"page\">\n\t\t\t\t<div data-particle_enable=\"false\" data-particle-mobile-disabled=\"false\" class=\"elementor-element elementor-element-1480725b e-flex e-con-boxed e-con e-parent\" data-id=\"1480725b\" data-element_type=\"container\">\n\t\t\t\t\t<div class=\"e-con-inner\">\n\t\t\t\t<div class=\"elementor-element elementor-element-2086c0a6 elementor-widget elementor-widget-heading\" data-id=\"2086c0a6\" data-element_type=\"widget\" data-settings=\"{&quot;_animation&quot;:&quot;none&quot;}\" data-widget_type=\"heading.default\">\n\t\t\t\t<div class=\"elementor-widget-container\">\n\t\t\t\t\t<h1 class=\"elementor-heading-title elementor-size-default\">Kassel rehber sistemleri kiralama: Kuzey Hessen'de rehber \u00e7antalar\u0131, tur rehberi sistemleri, PFA'lar ve tur rehberi sistemleri kiralama<\/h1>\t\t\t\t<\/div>\n\t\t\t\t<\/div>\n\t\t\t\t\t<\/div>\n\t\t\t\t<\/div>\n\t\t<div data-particle_enable=\"false\" data-particle-mobile-disabled=\"false\" class=\"elementor-element elementor-element-24a41579 e-flex e-con-boxed e-con e-parent\" data-id=\"24a41579\" data-element_type=\"container\">\n\t\t\t\t\t<div class=\"e-con-inner\">\n\t\t\t\t<div class=\"elementor-element elementor-element-47d101d4 elementor-widget-widescreen__width-inherit elementor-widget elementor-widget-image\" data-id=\"47d101d4\" data-element_type=\"widget\" data-widget_type=\"image.default\">\n\t\t\t\t<div class=\"elementor-widget-container\">\n\t\t\t\t\t\t\t\t\t\t\t\t\t\t\t<img fetchpriority=\"high\" decoding=\"async\" width=\"850\" height=\"340\" src=\"https:\/\/konferenztechnik.de\/wp-content\/uploads\/2017\/06\/veranstaltungstechnik-kassel.jpg\" class=\"attachment-full size-full wp-image-10447\" alt=\"\" srcset=\"https:\/\/konferenztechnik.de\/wp-content\/uploads\/2017\/06\/veranstaltungstechnik-kassel.jpg 850w, https:\/\/konferenztechnik.de\/wp-content\/uploads\/2017\/06\/veranstaltungstechnik-kassel-300x120.jpg 300w, https:\/\/konferenztechnik.de\/wp-content\/uploads\/2017\/06\/veranstaltungstechnik-kassel-768x307.jpg 768w\" sizes=\"(max-width: 850px) 100vw, 850px\" title=\"\">\t\t\t\t\t\t\t\t\t\t\t\t\t\t\t<\/div>\n\t\t\t\t<\/div>\n\t\t<div data-particle_enable=\"false\" data-particle-mobile-disabled=\"false\" class=\"elementor-element elementor-element-1450e803 e-flex e-con-boxed e-con e-parent\" data-id=\"1450e803\" data-element_type=\"container\">\n\t\t\t\t\t<div class=\"e-con-inner\">\n\t\t\t\t<div class=\"elementor-element elementor-element-2a449afe elementor-align-left elementor-widget elementor-widget-button\" data-id=\"2a449afe\" data-element_type=\"widget\" data-widget_type=\"button.default\">\n\t\t\t\t<div class=\"elementor-widget-container\">\n\t\t\t\t\t\t\t\t\t<div class=\"elementor-button-wrapper\">\n\t\t\t\t\t<a class=\"elementor-button elementor-button-link elementor-size-lg\" href=\"#serviceteam\">\n\t\t\t\t\t\t<span class=\"elementor-button-content-wrapper\">\n\t\t\t\t\t\t<span class=\"elementor-button-icon\">\n\t\t\t\t<svg aria-hidden=\"true\" class=\"e-font-icon-svg e-far-arrow-alt-circle-down\" viewbox=\"0 0 512 512\" xmlns=\"http:\/\/www.w3.org\/2000\/svg\"><path d=\"M256 8C119 8 8 119 8 256s111 248 248 248 248-111 248-248S393 8 256 8zm0 448c-110.5 0-200-89.5-200-200S145.5 56 256 56s200 89.5 200 200-89.5 200-200 200zm-32-316v116h-67c-10.7 0-16 12.9-8.5 20.5l99 99c4.7 4.7 12.3 4.7 17 0l99-99c7.6-7.6 2.2-20.5-8.5-20.5h-67V140c0-6.6-5.4-12-12-12h-40c-6.6 0-12 5.4-12 12z\"><\/path><\/svg>\t\t\t<\/span>\n\t\t\t\t\t\t\t\t\t<span class=\"elementor-button-text\">\u015eimdi Sorgula<\/span>\n\t\t\t\t\t<\/span>\n\t\t\t\t\t<\/a>\n\t\t\t\t<\/div>\n\t\t\t\t\t\t\t\t<\/div>\n\t\t\t\t<\/div>\n\t\t\t\t\t<\/div>\n\t\t\t\t<\/div>\n\t\t\t\t<div class=\"elementor-element elementor-element-6a51fa3 elementor-widget elementor-widget-shortcode\" data-id=\"6a51fa3\" data-element_type=\"widget\" data-widget_type=\"shortcode.default\">\n\t\t\t\t<div class=\"elementor-widget-container\">\n\t\t\t\t\t\t\t<div class=\"elementor-shortcode\">\t\t<div data-elementor-type=\"container\" data-elementor-id=\"37020\" class=\"elementor elementor-37020\" data-elementor-post-type=\"elementor_library\">\n\t\t\t\t<div data-particle_enable=\"false\" data-particle-mobile-disabled=\"false\" class=\"elementor-element elementor-element-349c2afa e-flex e-con-boxed e-con e-parent\" data-id=\"349c2afa\" data-element_type=\"container\">\n\t\t\t\t\t<div class=\"e-con-inner\">\n\t\t\t\t<div class=\"elementor-element elementor-element-821cbc8 elementor-widget__width-inherit elementor-widget elementor-widget-eael-post-list\" data-id=\"821cbc8\" data-element_type=\"widget\" data-settings=\"{&quot;_animation&quot;:&quot;none&quot;}\" data-widget_type=\"eael-post-list.default\">\n\t\t\t\t<div class=\"elementor-widget-container\">\n\t\t\t\t\t<div class=\"eael-post-list-container advanced layout-advanced\"><div class=\"eael-post-list-wrap\"><div class=\"eael-post-list-posts-wrap eael-post-appender eael-post-appender-821cbc8\"><div class=\"eael-post-list-post\"><div class=\"eael-post-list-post-inner\"><div class=\"eael-post-list-thumbnail\"><a href=\"https:\/\/konferenztechnik.de\/tr\/televic-unite\/\">\n                <img decoding=\"async\" src=\"https:\/\/konferenztechnik.de\/wp-content\/uploads\/2023\/06\/televic-unite-fuehrungsanlage.jpg\" alt=\"El mikrofonu ve kulakl\u0131k mikrofonu, al\u0131c\u0131lar ve \u015farj istasyonlar\u0131 ile Televic UNITE f\u0131s\u0131ldama ve y\u00f6nlendirme sistemi\" title=\"\">\n            <\/a><\/div><div class=\"eael-post-list-content\"><h3 class=\"eael-post-list-title\"><a href=\"https:\/\/konferenztechnik.de\/tr\/televic-unite\/\" >Televic Unite \u2013 yolcu y\u00f6nlendirme sistemi<\/a><\/h3><p>\u00c7ok i\u015flevli sistem: ziyaret\u00e7i turlar\u0131, kablosuz sunumlar, i\u015fitme destekli terc\u00fcme<\/p><a href=\"https:\/\/konferenztechnik.de\/tr\/televic-unite\/\" class=\"eael-post-elements-readmore-btn\" >\u203a daha fazla<\/a><div class=\"boxed-meta\"><\/div><\/div><\/div><\/div><div class=\"eael-post-list-post\"><div class=\"eael-post-list-post-inner\"><div class=\"eael-post-list-thumbnail\"><a href=\"https:\/\/konferenztechnik.de\/tr\/beyerdynamic-tts-300-ki%cc%87si%cc%87sel-yoenlendi%cc%87rme-si%cc%87stemi%cc%87\/\">\n                <img decoding=\"async\" src=\"https:\/\/konferenztechnik.de\/wp-content\/uploads\/2023\/06\/Beyerdynamic-TTS300-mieten.jpg\" alt=\"El mikrofonu, al\u0131c\u0131lar ve \u015farj istasyonlar\u0131 ile Beyerdynamic&#039;ten TTS300 tipi f\u0131s\u0131ldama sistemi ve y\u00f6nlendirme sistemi\" title=\"\">\n            <\/a><\/div><div class=\"eael-post-list-content\"><h3 class=\"eael-post-list-title\"><a href=\"https:\/\/konferenztechnik.de\/tr\/beyerdynamic-tts-300-ki%cc%87si%cc%87sel-yoenlendi%cc%87rme-si%cc%87stemi%cc%87\/\" >Beyerdynamic TTS 300 \u2013 ki\u015fi y\u00f6nlendirme sistemi<\/a><\/h3><p>En fazla 10 kanal\u0131n paralel \u00e7al\u0131\u015fmas\u0131, \u015farj s\u00fcresi: 30 dakika<\/p><a href=\"https:\/\/konferenztechnik.de\/tr\/beyerdynamic-tts-300-ki%cc%87si%cc%87sel-yoenlendi%cc%87rme-si%cc%87stemi%cc%87\/\" class=\"eael-post-elements-readmore-btn\" >\u203a daha fazla<\/a><div class=\"boxed-meta\"><\/div><\/div><\/div><\/div><div class=\"eael-post-list-post\"><div class=\"eael-post-list-post-inner\"><div class=\"eael-post-list-thumbnail\"><a href=\"https:\/\/konferenztechnik.de\/tr\/sennheiser-tourguide-2020-d-ki%cc%87si%cc%87sel-yoenlendi%cc%87rme-si%cc%87stemi%cc%87\/\">\n                <img decoding=\"async\" src=\"https:\/\/konferenztechnik.de\/wp-content\/uploads\/2023\/06\/tourguide-system-kaufen-mieten.jpg\" alt=\"\" title=\"\">\n            <\/a><\/div><div class=\"eael-post-list-content\"><h3 class=\"eael-post-list-title\"><a href=\"https:\/\/konferenztechnik.de\/tr\/sennheiser-tourguide-2020-d-ki%cc%87si%cc%87sel-yoenlendi%cc%87rme-si%cc%87stemi%cc%87\/\" >Sennheiser Tourguide 2020 D \u2013 tur rehberli\u011fi sistemi<\/a><\/h3><p>Sennheiser 2020-D dijital tur rehberi sistemi, kullan\u0131m kolayl\u0131\u011f\u0131n\u0131 profesyonel fonksiyonlarla birle\u015ftiriyor.<\/p><a href=\"https:\/\/konferenztechnik.de\/tr\/sennheiser-tourguide-2020-d-ki%cc%87si%cc%87sel-yoenlendi%cc%87rme-si%cc%87stemi%cc%87\/\" class=\"eael-post-elements-readmore-btn\" >\u203a daha fazla<\/a><div class=\"boxed-meta\"><\/div><\/div><\/div><\/div><div class=\"eael-post-list-post\"><div class=\"eael-post-list-post-inner\"><div class=\"eael-post-list-thumbnail\"><a href=\"https:\/\/konferenztechnik.de\/tr\/beyerdynamic-synexis-ki%cc%87si%cc%87sel-yoenlendi%cc%87rme-si%cc%87stemi%cc%87\/\">\n                <img decoding=\"async\" src=\"https:\/\/konferenztechnik.de\/wp-content\/uploads\/2023\/06\/beyerdynamic-synexis.jpg\" alt=\"El mikrofonu, al\u0131c\u0131lar ve \u015farj istasyonlar\u0131 ile Beyerdynamic Synexis f\u0131s\u0131ldama ve y\u00f6nlendirme sistemi\" title=\"\">\n            <\/a><\/div><div class=\"eael-post-list-content\"><h3 class=\"eael-post-list-title\"><a href=\"https:\/\/konferenztechnik.de\/tr\/beyerdynamic-synexis-ki%cc%87si%cc%87sel-yoenlendi%cc%87rme-si%cc%87stemi%cc%87\/\" >Beyerdynamic Synexis \u2013 ki\u015fi y\u00f6nlendirme sistemi<\/a><\/h3><p>\u00c7ok y\u00f6nl\u00fc kullan\u0131m: ziyaret\u00e7i turlar\u0131, s\u00f6zl\u00fc \u00e7eviri uygulamalar\u0131, i\u015fitme yard\u0131m\u0131<\/p><a href=\"https:\/\/konferenztechnik.de\/tr\/beyerdynamic-synexis-ki%cc%87si%cc%87sel-yoenlendi%cc%87rme-si%cc%87stemi%cc%87\/\" class=\"eael-post-elements-readmore-btn\" >\u203a daha fazla<\/a><div class=\"boxed-meta\"><\/div><\/div><\/div><\/div><\/div><\/div>\n\t\t<\/div>\t\t\t\t<\/div>\n\t\t\t\t<\/div>\n\t\t\t\t\t<\/div>\n\t\t\t\t<\/div>\n\t\t\t\t<\/div>\n\t\t<\/div>\n\t\t\t\t\t\t<\/div>\n\t\t\t\t<\/div>\n\t\t\t\t<div class=\"elementor-element elementor-element-759d3fe6 elementor-widget elementor-widget-spacer\" data-id=\"759d3fe6\" data-element_type=\"widget\" data-widget_type=\"spacer.default\">\n\t\t\t\t<div class=\"elementor-widget-container\">\n\t\t\t\t\t\t\t<div class=\"elementor-spacer\">\n\t\t\t<div class=\"elementor-spacer-inner\"><\/div>\n\t\t<\/div>\n\t\t\t\t\t\t<\/div>\n\t\t\t\t<\/div>\n\t\t\t\t\t<\/div>\n\t\t\t\t<\/div>\n\t\t<div data-particle_enable=\"false\" data-particle-mobile-disabled=\"false\" class=\"elementor-element elementor-element-8b6c0f2 e-flex e-con-boxed e-con e-parent\" data-id=\"8b6c0f2\" data-element_type=\"container\">\n\t\t\t\t\t<div class=\"e-con-inner\">\n\t\t\t\t<div class=\"elementor-element elementor-element-75b5c919 elementor-widget__width-initial elementor-widget elementor-widget-text-editor\" data-id=\"75b5c919\" data-element_type=\"widget\" data-widget_type=\"text-editor.default\">\n\t\t\t\t<div class=\"elementor-widget-container\">\n\t\t\t\t\t\t\t\t\t<p>Almanya'n\u0131n co\u011frafi merkezine yak\u0131n bir konumda bulunan Kassel, 200.000 n\u00fcfusuyla Kuzey Hessen eyaletinin en b\u00fcy\u00fck, Hessen eyaletinin ise \u00fc\u00e7\u00fcnc\u00fc b\u00fcy\u00fck \u015fehridir. Fuar merkezi Kassel'in say\u0131s\u0131z ticaret fuar\u0131na ev sahipli\u011fi yaparken, Kongress Palais Kassel, Karlsaue sergi alanlar\u0131, documenta-Halle ve Wilhelmsh\u00f6he alanlar\u0131 etkinlikler, kongreler ve fonksiyonlar i\u00e7in \u00e7ok say\u0131da ba\u015fka olanak sunmaktad\u0131r. Ayr\u0131ca Kassel'de \u00e7ok say\u0131da m\u00fckemmel m\u00fcze bulunmaktad\u0131r.<\/p>\t\t\t\t\t\t\t\t<\/div>\n\t\t\t\t<\/div>\n\t\t\t\t<div class=\"elementor-element elementor-element-7acb926d elementor-widget__width-initial elementor-widget elementor-widget-heading\" data-id=\"7acb926d\" data-element_type=\"widget\" data-settings=\"{&quot;_animation&quot;:&quot;none&quot;}\" data-widget_type=\"heading.default\">\n\t\t\t\t<div class=\"elementor-widget-container\">\n\t\t\t\t\t<h2 class=\"elementor-heading-title elementor-size-default\">Kassel'de PFA ve f\u0131s\u0131lt\u0131 vakalar\u0131 ile m\u00fcdahale olmadan ileti\u015fim kurun<\/h2>\t\t\t\t<\/div>\n\t\t\t\t<\/div>\n\t\t\t\t<div class=\"elementor-element elementor-element-25c0475f elementor-widget__width-inherit elementor-widget elementor-widget-text-editor\" data-id=\"25c0475f\" data-element_type=\"widget\" data-widget_type=\"text-editor.default\">\n\t\t\t\t<div class=\"elementor-widget-container\">\n\t\t\t\t\t\t\t\t\t<p>Tur rehber sistemleri, insan rehber sistemleri (\"Pefa\u201d\" veya PFA olarak da k\u0131salt\u0131l\u0131r), f\u0131s\u0131lt\u0131 kutular\u0131 ve fabrika tur rehber sistemleri ile PCS, D\u00fcsseldorf tesisinden Kassel'e ve kuzey Hessen'in \u00e7o\u011fu b\u00f6lgesine hizmet vermektedir. Bu cihazlar, bir konu\u015fmac\u0131 ile bir grup insan aras\u0131nda parazitsiz ileti\u015fimin gerekli oldu\u011fu her yerde kullan\u0131l\u0131r. Sim\u00fcltane veya f\u0131s\u0131lt\u0131l\u0131 terc\u00fcmanlar\u0131n konu\u015fmalar\u0131 ve kat\u0131l\u0131mc\u0131lar\u0131n katk\u0131lar\u0131n\u0131 farkl\u0131 dillere \u00e7evirdi\u011fi konferanslar, kongreler ve mahkeme duru\u015fmalar\u0131 da Kassel'deki \u00f6nemli bir uygulama alan\u0131d\u0131r. Elbette, mobil \/ hareketli kullan\u0131m i\u00e7in ideal olduklar\u0131ndan, t\u00fcm g\u00fcn s\u00fcren konferanslarda kullan\u0131lan ses ge\u00e7irmez kabinli bir s\u00f6zl\u00fc \u00e7eviri sisteminin yerini tutmazlar.<br \/>Rehberli \u015fehir turlar\u0131, rehberli m\u00fcze turlar\u0131 ve fabrika turlar\u0131, rehber sistemleri ve benzer sistemler i\u00e7in bir ba\u015fka uygulama alan\u0131d\u0131r.<\/p>\t\t\t\t\t\t\t\t<\/div>\n\t\t\t\t<\/div>\n\t\t\t\t<div class=\"elementor-element elementor-element-ec55d15 elementor-widget__width-initial elementor-widget elementor-widget-heading\" data-id=\"ec55d15\" data-element_type=\"widget\" data-settings=\"{&quot;_animation&quot;:&quot;none&quot;}\" data-widget_type=\"heading.default\">\n\t\t\t\t<div class=\"elementor-widget-container\">\n\t\t\t\t\t<h2 class=\"elementor-heading-title elementor-size-default\">Vericiler ve al\u0131c\u0131lar kullanarak insanlar\u0131 birbirine ba\u011flamak<\/h2>\t\t\t\t<\/div>\n\t\t\t\t<\/div>\n\t\t\t\t<div class=\"elementor-element elementor-element-5a25e1f2 elementor-widget__width-inherit elementor-widget elementor-widget-text-editor\" data-id=\"5a25e1f2\" data-element_type=\"widget\" data-widget_type=\"text-editor.default\">\n\t\t\t\t<div class=\"elementor-widget-container\">\n\t\t\t\t\t\t\t\t\t<p>Teknik olarak, PFA, f\u0131s\u0131ldama durumlar\u0131 ve tur rehberi sistemleri her zaman ayn\u0131 \u015fekilde \u00e7al\u0131\u015f\u0131r: Bir konu\u015fmac\u0131, mikrofonlar, el veya cep vericileri ve ilgili al\u0131c\u0131lar\/kulakl\u0131klar arac\u0131l\u0131\u011f\u0131yla bir grup insana ba\u011flan\u0131r. PCS, Kassel ve \u00e7evresindeki b\u00f6lgeler ile Kuzey Hessen i\u00e7in \u00f6ncelikle Sennheiser ve Beyerdynamic \u00fcreticilerine g\u00fcvenmektedir. \u00dcr\u00fcn yelpazesi b\u00fcy\u00fck miktarlarda a\u015fa\u011f\u0131daki cihazlar\u0131 i\u00e7ermektedir:<\/p><p>\u00a0<\/p><ul><li>Sennheiser Tourguide 2020-D<\/li><li>Beyerdynamic Synexis<\/li><li>Beyerdynamic TTS-300<\/li><\/ul><div class=\"spacer\">\u00a0<\/div><p>PCS, talep \u00fczerine \u00e7ok say\u0131da ba\u015fka sistem de sa\u011flayabilir. Kassel'deki \u00e7o\u011fu m\u00fc\u015fteri i\u00e7in y\u00f6netim sistemlerini kiralaman\u0131n sat\u0131n almaya g\u00f6re bir\u00e7ok avantaj\u0131 vard\u0131r: Di\u011fer \u015feylerin yan\u0131 s\u0131ra, kiral\u0131k ekipmanla her zaman profesyonelce bak\u0131m\u0131 yap\u0131lm\u0131\u015f, hijyenik olarak temizlenmi\u015f, ilgili gereksinimlere g\u00f6re \u00f6zelle\u015ftirilmi\u015f ve do\u011frudan Kuzey Hessen'deki mekana zaman\u0131nda teslim edilen sistemlere sahip olursunuz. \u0130lgilenen taraflar e-posta sorular\u0131na genellikle bir saat i\u00e7inde yan\u0131t al\u0131rlar. Bu alandaki 20 y\u0131ll\u0131k deneyimi sayesinde PCS, m\u00fc\u015fterilerine akla gelebilecek her durum i\u00e7in sa\u011flam teknik tavsiyeler sunabilir. <\/p>\t\t\t\t\t\t\t\t<\/div>\n\t\t\t\t<\/div>\n\t\t\t\t<div class=\"elementor-element elementor-element-12e2f665 elementor-widget__width-initial elementor-widget elementor-widget-heading\" data-id=\"12e2f665\" data-element_type=\"widget\" data-settings=\"{&quot;_animation&quot;:&quot;none&quot;}\" data-widget_type=\"heading.default\">\n\t\t\t\t<div class=\"elementor-widget-container\">\n\t\t\t\t\t<h2 class=\"elementor-heading-title elementor-size-default\">\u0130ndirilenler El kitaplar\u0131, k\u0131lavuzlar ve bilgilendirme materyalleri\n<\/h2>\t\t\t\t<\/div>\n\t\t\t\t<\/div>\n\t\t\t\t<div class=\"elementor-element elementor-element-43a0a297 elementor-widget elementor-widget-shortcode\" data-id=\"43a0a297\" data-element_type=\"widget\" data-widget_type=\"shortcode.default\">\n\t\t\t\t<div class=\"elementor-widget-container\">\n\t\t\t\t\t\t\t<div class=\"elementor-shortcode\">\t\t<div data-elementor-type=\"container\" data-elementor-id=\"30709\" class=\"elementor elementor-30709\" data-elementor-post-type=\"elementor_library\">\n\t\t\t\t<div data-particle_enable=\"false\" data-particle-mobile-disabled=\"false\" class=\"elementor-element elementor-element-50123a19 e-flex e-con-boxed e-con e-parent\" data-id=\"50123a19\" data-element_type=\"container\" data-settings=\"{&quot;background_background&quot;:&quot;classic&quot;}\">\n\t\t\t\t\t<div class=\"e-con-inner\">\n\t\t\t\t<div class=\"elementor-element elementor-element-7b023e62 elementor-icon-list--layout-traditional elementor-list-item-link-full_width elementor-widget elementor-widget-icon-list\" data-id=\"7b023e62\" data-element_type=\"widget\" data-widget_type=\"icon-list.default\">\n\t\t\t\t<div class=\"elementor-widget-container\">\n\t\t\t\t\t\t\t<ul class=\"elementor-icon-list-items\">\n\t\t\t\t\t\t\t<li class=\"elementor-icon-list-item\">\n\t\t\t\t\t\t\t\t\t\t\t<a href=\"\/wp-content\/uploads\/2017\/06\/beyerdynamic-synexis-manual-bedienungsanleitung.pdf\" target=\"_blank\">\n\n\t\t\t\t\t\t\t\t\t\t\t\t<span class=\"elementor-icon-list-icon\">\n\t\t\t\t\t\t\t<svg aria-hidden=\"true\" class=\"e-font-icon-svg e-far-file-pdf\" viewbox=\"0 0 384 512\" xmlns=\"http:\/\/www.w3.org\/2000\/svg\"><path d=\"M369.9 97.9L286 14C277 5 264.8-.1 252.1-.1H48C21.5 0 0 21.5 0 48v416c0 26.5 21.5 48 48 48h288c26.5 0 48-21.5 48-48V131.9c0-12.7-5.1-25-14.1-34zM332.1 128H256V51.9l76.1 76.1zM48 464V48h160v104c0 13.3 10.7 24 24 24h104v288H48zm250.2-143.7c-12.2-12-47-8.7-64.4-6.5-17.2-10.5-28.7-25-36.8-46.3 3.9-16.1 10.1-40.6 5.4-56-4.2-26.2-37.8-23.6-42.6-5.9-4.4 16.1-.4 38.5 7 67.1-10 23.9-24.9 56-35.4 74.4-20 10.3-47 26.2-51 46.2-3.3 15.8 26 55.2 76.1-31.2 22.4-7.4 46.8-16.5 68.4-20.1 18.9 10.2 41 17 55.8 17 25.5 0 28-28.2 17.5-38.7zm-198.1 77.8c5.1-13.7 24.5-29.5 30.4-35-19 30.3-30.4 35.7-30.4 35zm81.6-190.6c7.4 0 6.7 32.1 1.8 40.8-4.4-13.9-4.3-40.8-1.8-40.8zm-24.4 136.6c9.7-16.9 18-37 24.7-54.7 8.3 15.1 18.9 27.2 30.1 35.5-20.8 4.3-38.9 13.1-54.8 19.2zm131.6-5s-5 6-37.3-7.8c35.1-2.6 40.9 5.4 37.3 7.8z\"><\/path><\/svg>\t\t\t\t\t\t<\/span>\n\t\t\t\t\t\t\t\t\t\t<span class=\"elementor-icon-list-text\">Beyerdynamic Synexis Manuel Kullan\u0131m K\u0131lavuzu<\/span>\n\t\t\t\t\t\t\t\t\t\t\t<\/a>\n\t\t\t\t\t\t\t\t\t<\/li>\n\t\t\t\t\t\t\t\t<li class=\"elementor-icon-list-item\">\n\t\t\t\t\t\t\t\t\t\t\t<a href=\"\/wp-content\/uploads\/2017\/06\/beyerdynamic-synexis_quick-start-guide.pdf\" target=\"_blank\">\n\n\t\t\t\t\t\t\t\t\t\t\t\t<span class=\"elementor-icon-list-icon\">\n\t\t\t\t\t\t\t<svg aria-hidden=\"true\" class=\"e-font-icon-svg e-far-file-pdf\" viewbox=\"0 0 384 512\" xmlns=\"http:\/\/www.w3.org\/2000\/svg\"><path d=\"M369.9 97.9L286 14C277 5 264.8-.1 252.1-.1H48C21.5 0 0 21.5 0 48v416c0 26.5 21.5 48 48 48h288c26.5 0 48-21.5 48-48V131.9c0-12.7-5.1-25-14.1-34zM332.1 128H256V51.9l76.1 76.1zM48 464V48h160v104c0 13.3 10.7 24 24 24h104v288H48zm250.2-143.7c-12.2-12-47-8.7-64.4-6.5-17.2-10.5-28.7-25-36.8-46.3 3.9-16.1 10.1-40.6 5.4-56-4.2-26.2-37.8-23.6-42.6-5.9-4.4 16.1-.4 38.5 7 67.1-10 23.9-24.9 56-35.4 74.4-20 10.3-47 26.2-51 46.2-3.3 15.8 26 55.2 76.1-31.2 22.4-7.4 46.8-16.5 68.4-20.1 18.9 10.2 41 17 55.8 17 25.5 0 28-28.2 17.5-38.7zm-198.1 77.8c5.1-13.7 24.5-29.5 30.4-35-19 30.3-30.4 35.7-30.4 35zm81.6-190.6c7.4 0 6.7 32.1 1.8 40.8-4.4-13.9-4.3-40.8-1.8-40.8zm-24.4 136.6c9.7-16.9 18-37 24.7-54.7 8.3 15.1 18.9 27.2 30.1 35.5-20.8 4.3-38.9 13.1-54.8 19.2zm131.6-5s-5 6-37.3-7.8c35.1-2.6 40.9 5.4 37.3 7.8z\"><\/path><\/svg>\t\t\t\t\t\t<\/span>\n\t\t\t\t\t\t\t\t\t\t<span class=\"elementor-icon-list-text\">Beyerdynamic Synexis H\u0131zl\u0131 Ba\u015flang\u0131\u00e7 K\u0131lavuzu<\/span>\n\t\t\t\t\t\t\t\t\t\t\t<\/a>\n\t\t\t\t\t\t\t\t\t<\/li>\n\t\t\t\t\t\t\t\t<li class=\"elementor-icon-list-item\">\n\t\t\t\t\t\t\t\t\t\t\t<a href=\"\/wp-content\/uploads\/2017\/06\/Bedienungsanleitung-Sennheiser-Tourguide2020_DE.pdf\" target=\"_blank\">\n\n\t\t\t\t\t\t\t\t\t\t\t\t<span class=\"elementor-icon-list-icon\">\n\t\t\t\t\t\t\t<svg aria-hidden=\"true\" class=\"e-font-icon-svg e-far-file-pdf\" viewbox=\"0 0 384 512\" xmlns=\"http:\/\/www.w3.org\/2000\/svg\"><path d=\"M369.9 97.9L286 14C277 5 264.8-.1 252.1-.1H48C21.5 0 0 21.5 0 48v416c0 26.5 21.5 48 48 48h288c26.5 0 48-21.5 48-48V131.9c0-12.7-5.1-25-14.1-34zM332.1 128H256V51.9l76.1 76.1zM48 464V48h160v104c0 13.3 10.7 24 24 24h104v288H48zm250.2-143.7c-12.2-12-47-8.7-64.4-6.5-17.2-10.5-28.7-25-36.8-46.3 3.9-16.1 10.1-40.6 5.4-56-4.2-26.2-37.8-23.6-42.6-5.9-4.4 16.1-.4 38.5 7 67.1-10 23.9-24.9 56-35.4 74.4-20 10.3-47 26.2-51 46.2-3.3 15.8 26 55.2 76.1-31.2 22.4-7.4 46.8-16.5 68.4-20.1 18.9 10.2 41 17 55.8 17 25.5 0 28-28.2 17.5-38.7zm-198.1 77.8c5.1-13.7 24.5-29.5 30.4-35-19 30.3-30.4 35.7-30.4 35zm81.6-190.6c7.4 0 6.7 32.1 1.8 40.8-4.4-13.9-4.3-40.8-1.8-40.8zm-24.4 136.6c9.7-16.9 18-37 24.7-54.7 8.3 15.1 18.9 27.2 30.1 35.5-20.8 4.3-38.9 13.1-54.8 19.2zm131.6-5s-5 6-37.3-7.8c35.1-2.6 40.9 5.4 37.3 7.8z\"><\/path><\/svg>\t\t\t\t\t\t<\/span>\n\t\t\t\t\t\t\t\t\t\t<span class=\"elementor-icon-list-text\">Sennheiser Tourguide 2020 kullan\u0131m k\u0131lavuzu Almanca<\/span>\n\t\t\t\t\t\t\t\t\t\t\t<\/a>\n\t\t\t\t\t\t\t\t\t<\/li>\n\t\t\t\t\t\t\t\t<li class=\"elementor-icon-list-item\">\n\t\t\t\t\t\t\t\t\t\t\t<a href=\"\/wp-content\/uploads\/2017\/06\/sennheiser-tourguide-SK2020DUS-en.pdf\" target=\"_blank\">\n\n\t\t\t\t\t\t\t\t\t\t\t\t<span class=\"elementor-icon-list-icon\">\n\t\t\t\t\t\t\t<svg aria-hidden=\"true\" class=\"e-font-icon-svg e-far-file-pdf\" viewbox=\"0 0 384 512\" xmlns=\"http:\/\/www.w3.org\/2000\/svg\"><path d=\"M369.9 97.9L286 14C277 5 264.8-.1 252.1-.1H48C21.5 0 0 21.5 0 48v416c0 26.5 21.5 48 48 48h288c26.5 0 48-21.5 48-48V131.9c0-12.7-5.1-25-14.1-34zM332.1 128H256V51.9l76.1 76.1zM48 464V48h160v104c0 13.3 10.7 24 24 24h104v288H48zm250.2-143.7c-12.2-12-47-8.7-64.4-6.5-17.2-10.5-28.7-25-36.8-46.3 3.9-16.1 10.1-40.6 5.4-56-4.2-26.2-37.8-23.6-42.6-5.9-4.4 16.1-.4 38.5 7 67.1-10 23.9-24.9 56-35.4 74.4-20 10.3-47 26.2-51 46.2-3.3 15.8 26 55.2 76.1-31.2 22.4-7.4 46.8-16.5 68.4-20.1 18.9 10.2 41 17 55.8 17 25.5 0 28-28.2 17.5-38.7zm-198.1 77.8c5.1-13.7 24.5-29.5 30.4-35-19 30.3-30.4 35.7-30.4 35zm81.6-190.6c7.4 0 6.7 32.1 1.8 40.8-4.4-13.9-4.3-40.8-1.8-40.8zm-24.4 136.6c9.7-16.9 18-37 24.7-54.7 8.3 15.1 18.9 27.2 30.1 35.5-20.8 4.3-38.9 13.1-54.8 19.2zm131.6-5s-5 6-37.3-7.8c35.1-2.6 40.9 5.4 37.3 7.8z\"><\/path><\/svg>\t\t\t\t\t\t<\/span>\n\t\t\t\t\t\t\t\t\t\t<span class=\"elementor-icon-list-text\">Sennheiser Tourguide SK2020D ABD K\u0131lavuzu \u0130ngilizce<\/span>\n\t\t\t\t\t\t\t\t\t\t\t<\/a>\n\t\t\t\t\t\t\t\t\t<\/li>\n\t\t\t\t\t\t<\/ul>\n\t\t\t\t\t\t<\/div>\n\t\t\t\t<\/div>\n\t\t\t\t\t<\/div>\n\t\t\t\t<\/div>\n\t\t\t\t<\/div>\n\t\t<\/div>\n\t\t\t\t\t\t<\/div>\n\t\t\t\t<\/div>\n\t\t\t\t<div class=\"elementor-element elementor-element-1c38d76b elementor-widget__width-initial elementor-widget elementor-widget-heading\" data-id=\"1c38d76b\" data-element_type=\"widget\" data-settings=\"{&quot;_animation&quot;:&quot;none&quot;}\" data-widget_type=\"heading.default\">\n\t\t\t\t<div class=\"elementor-widget-container\">\n\t\t\t\t\t<h2 class=\"elementor-heading-title elementor-size-default\">Kassel y\u00f6nlendirme sistemleri kiralama<\/h2>\t\t\t\t<\/div>\n\t\t\t\t<\/div>\n\t\t\t\t<div class=\"elementor-element elementor-element-5f010093 elementor-widget elementor-widget-eael-adv-accordion\" data-id=\"5f010093\" data-element_type=\"widget\" data-widget_type=\"eael-adv-accordion.default\">\n\t\t\t\t<div class=\"elementor-widget-container\">\n\t\t\t\t\t            <div class=\"eael-adv-accordion\" id=\"eael-adv-accordion-5f010093\" data-scroll-on-click=\"no\" data-scroll-speed=\"300\" data-accordion-id=\"5f010093\" data-accordion-type=\"accordion\" data-toogle-speed=\"300\">\n            <div class=\"eael-accordion-list\">\n\t\t\t\t\t<div id=\"-veranstaltungsorte-fr-events-und-kongresse-in-kassel\" class=\"elementor-tab-title eael-accordion-header\" tabindex=\"0\" data-tab=\"1\" aria-controls=\"elementor-tab-content-1591\"><span class=\"eael-advanced-accordion-icon-closed\"><svg aria-hidden=\"true\" class=\"fa-accordion-icon e-font-icon-svg e-fas-plus\" viewbox=\"0 0 448 512\" xmlns=\"http:\/\/www.w3.org\/2000\/svg\"><path d=\"M416 208H272V64c0-17.67-14.33-32-32-32h-32c-17.67 0-32 14.33-32 32v144H32c-17.67 0-32 14.33-32 32v32c0 17.67 14.33 32 32 32h144v144c0 17.67 14.33 32 32 32h32c17.67 0 32-14.33 32-32V304h144c17.67 0 32-14.33 32-32v-32c0-17.67-14.33-32-32-32z\"><\/path><\/svg><\/span><span class=\"eael-advanced-accordion-icon-opened\"><svg aria-hidden=\"true\" class=\"fa-accordion-icon e-font-icon-svg e-fas-minus\" viewbox=\"0 0 448 512\" xmlns=\"http:\/\/www.w3.org\/2000\/svg\"><path d=\"M416 208H32c-17.67 0-32 14.33-32 32v32c0 17.67 14.33 32 32 32h384c17.67 0 32-14.33 32-32v-32c0-17.67-14.33-32-32-32z\"><\/path><\/svg><\/span><span class=\"eael-accordion-tab-title\"> Kassel'deki etkinlik ve kongre mekanlar\u0131<\/span><svg aria-hidden=\"true\" class=\"fa-toggle e-font-icon-svg e-fas-angle-right\" viewbox=\"0 0 256 512\" xmlns=\"http:\/\/www.w3.org\/2000\/svg\"><path d=\"M224.3 273l-136 136c-9.4 9.4-24.6 9.4-33.9 0l-22.6-22.6c-9.4-9.4-9.4-24.6 0-33.9l96.4-96.4-96.4-96.4c-9.4-9.4-9.4-24.6 0-33.9L54.3 103c9.4-9.4 24.6-9.4 33.9 0l136 136c9.5 9.4 9.5 24.6.1 34z\"><\/path><\/svg><\/div><div id=\"elementor-tab-content-1591\" class=\"eael-accordion-content clearfix\" data-tab=\"1\" aria-labelledby=\"-veranstaltungsorte-fr-events-und-kongresse-in-kassel\"><div><ul><li>Kassel Ticaret Fuar\u0131<\/li><li>Congress Palais Kassel<\/li><li>Karlsaue sergi alanlar\u0131<\/li><li>Kulturbahnhof'un g\u00fcney kanad\u0131<\/li><li>documenta-Halle Kassel<\/li><li>Kassel Bilim Park\u0131<\/li><li>Orangery Kassel<\/li><li>ECKD \u2013 Etkinlik ve Konferans Merkezi Kassel<\/li><li>dec ali\u015fveri\u0307\u015f merkezi\u0307<\/li><li>Wilhelmsh\u00f6he Da\u011f Park\u0131<\/li><li>Bergpark Wilhelmsh\u00f6he'deki Balo Salonu<\/li><li>Devlet Tiyatrosu<\/li><li>K\u00fc\u00e7\u00fck sahne 70<\/li><li>Komedi Kassel<\/li><li>Merkezde Tiyatro<\/li><li>Buga G\u00f6l\u00fc \u00fczerinde yelkenli restoran <\/li><\/ul><\/div><\/div>\n\t\t\t\t\t<\/div><div class=\"eael-accordion-list\">\n\t\t\t\t\t<div id=\"-die-wichtigsten-veranstaltungshotels-in-kassel\" class=\"elementor-tab-title eael-accordion-header\" tabindex=\"0\" data-tab=\"2\" aria-controls=\"elementor-tab-content-1592\"><span class=\"eael-advanced-accordion-icon-closed\"><svg aria-hidden=\"true\" class=\"fa-accordion-icon e-font-icon-svg e-fas-plus\" viewbox=\"0 0 448 512\" xmlns=\"http:\/\/www.w3.org\/2000\/svg\"><path d=\"M416 208H272V64c0-17.67-14.33-32-32-32h-32c-17.67 0-32 14.33-32 32v144H32c-17.67 0-32 14.33-32 32v32c0 17.67 14.33 32 32 32h144v144c0 17.67 14.33 32 32 32h32c17.67 0 32-14.33 32-32V304h144c17.67 0 32-14.33 32-32v-32c0-17.67-14.33-32-32-32z\"><\/path><\/svg><\/span><span class=\"eael-advanced-accordion-icon-opened\"><svg aria-hidden=\"true\" class=\"fa-accordion-icon e-font-icon-svg e-fas-minus\" viewbox=\"0 0 448 512\" xmlns=\"http:\/\/www.w3.org\/2000\/svg\"><path d=\"M416 208H32c-17.67 0-32 14.33-32 32v32c0 17.67 14.33 32 32 32h384c17.67 0 32-14.33 32-32v-32c0-17.67-14.33-32-32-32z\"><\/path><\/svg><\/span><span class=\"eael-accordion-tab-title\"> Kassel'deki en \u00f6nemli etkinlik otelleri<\/span><svg aria-hidden=\"true\" class=\"fa-toggle e-font-icon-svg e-fas-angle-right\" viewbox=\"0 0 256 512\" xmlns=\"http:\/\/www.w3.org\/2000\/svg\"><path d=\"M224.3 273l-136 136c-9.4 9.4-24.6 9.4-33.9 0l-22.6-22.6c-9.4-9.4-9.4-24.6 0-33.9l96.4-96.4-96.4-96.4c-9.4-9.4-9.4-24.6 0-33.9L54.3 103c9.4-9.4 24.6-9.4 33.9 0l136 136c9.5 9.4 9.5 24.6.1 34z\"><\/path><\/svg><\/div><div id=\"elementor-tab-content-1592\" class=\"eael-accordion-content clearfix\" data-tab=\"2\" aria-labelledby=\"-die-wichtigsten-veranstaltungshotels-in-kassel\"><div><ul><li>Castle Hotel Wilhelmsh\u00f6he<\/li><li>H4 Hotel Kassel, Grand La Strada Kassel<\/li><li>Wyndham Garden Kassel<\/li><li>Hotel Schweizer Hof<\/li><li>Design Conference Hotel &amp; Restaurant Steinernes Schweinchen<\/li><li>Best Western Plus Hotel Kassel City<\/li><li>Best Western Ambassador International<\/li><li>pentahotel Kassel<\/li><li>GenoHotel Baunatal<\/li><li>IntercityHotel Kassel<\/li><li>Hotel Gude <\/li><\/ul><\/div><\/div>\n\t\t\t\t\t<\/div><div class=\"eael-accordion-list\">\n\t\t\t\t\t<div id=\"-messe-kassel-und-die-wichtigsten-messetermine\" class=\"elementor-tab-title eael-accordion-header\" tabindex=\"0\" data-tab=\"3\" aria-controls=\"elementor-tab-content-1593\"><span class=\"eael-advanced-accordion-icon-closed\"><svg aria-hidden=\"true\" class=\"fa-accordion-icon e-font-icon-svg e-fas-plus\" viewbox=\"0 0 448 512\" xmlns=\"http:\/\/www.w3.org\/2000\/svg\"><path d=\"M416 208H272V64c0-17.67-14.33-32-32-32h-32c-17.67 0-32 14.33-32 32v144H32c-17.67 0-32 14.33-32 32v32c0 17.67 14.33 32 32 32h144v144c0 17.67 14.33 32 32 32h32c17.67 0 32-14.33 32-32V304h144c17.67 0 32-14.33 32-32v-32c0-17.67-14.33-32-32-32z\"><\/path><\/svg><\/span><span class=\"eael-advanced-accordion-icon-opened\"><svg aria-hidden=\"true\" class=\"fa-accordion-icon e-font-icon-svg e-fas-minus\" viewbox=\"0 0 448 512\" xmlns=\"http:\/\/www.w3.org\/2000\/svg\"><path d=\"M416 208H32c-17.67 0-32 14.33-32 32v32c0 17.67 14.33 32 32 32h384c17.67 0 32-14.33 32-32v-32c0-17.67-14.33-32-32-32z\"><\/path><\/svg><\/span><span class=\"eael-accordion-tab-title\"> Messe Kassel ve en \u00f6nemli ticaret fuar\u0131 tarihleri<\/span><svg aria-hidden=\"true\" class=\"fa-toggle e-font-icon-svg e-fas-angle-right\" viewbox=\"0 0 256 512\" xmlns=\"http:\/\/www.w3.org\/2000\/svg\"><path d=\"M224.3 273l-136 136c-9.4 9.4-24.6 9.4-33.9 0l-22.6-22.6c-9.4-9.4-9.4-24.6 0-33.9l96.4-96.4-96.4-96.4c-9.4-9.4-9.4-24.6 0-33.9L54.3 103c9.4-9.4 24.6-9.4 33.9 0l136 136c9.5 9.4 9.5 24.6.1 34z\"><\/path><\/svg><\/div><div id=\"elementor-tab-content-1593\" class=\"eael-accordion-content clearfix\" data-tab=\"3\" aria-labelledby=\"-messe-kassel-und-die-wichtigsten-messetermine\"><div><ul><li>Kuzey Hessen Sanayi Fuar\u0131<\/li><li>Almanya-Hollanda kuma\u015f pazar\u0131<\/li><li>\u00c7\u0131rakl\u0131k ve e\u011fitim g\u00fcnleri Kassel<\/li><li>Bah\u00e7e ve Hayvanat Bah\u00e7esi Etkinli\u011fi<\/li><li>HEIKO<\/li><li>CARAT performans fuar\u0131<\/li><li>Uluslararas\u0131 g\u00fcvercin pazar\u0131<\/li><li>Sonbahar sergisi<\/li><li>Bahar sergisi<\/li><li>M\u00f6Lo<\/li><li>Connichi<\/li><li>\u00dccret dan\u0131\u015fman\u0131 konferans\u0131<\/li><li>Sonbahar b\u00fcy\u00fcs\u00fc Kassel<\/li><li>DIY DesignMarkt Kassel<\/li><li>WBK International, Kuzey Hessen \u0130n\u015faat ve Emlak Fuar\u0131<\/li><li>BIKE Expo Kassel<\/li><li>WoB MotoTrade<\/li><li>Ifba<\/li><li>Expo PetroTrans<\/li><li>Expolife Uluslararas\u0131<\/li><li>Model Yap\u0131m Deneyimi Kassel<\/li><li>CACIB Kassel<\/li><li>FUNK. TAG Kassel<\/li><li>Ev Sinemas\u0131 Trendleri<\/li><li>Kassel Motosiklet Fuar\u0131<\/li><li>RO-KA-TECH <\/li><\/ul><\/div><\/div>\n\t\t\t\t\t<\/div><\/div>\t\t\t\t<\/div>\n\t\t\t\t<\/div>\n\t\t\t\t\t<\/div>\n\t\t\t\t<\/div>\n\t\t<div data-particle_enable=\"false\" data-particle-mobile-disabled=\"false\" class=\"elementor-element elementor-element-6c4542da e-flex e-con-boxed e-con e-parent\" data-id=\"6c4542da\" data-element_type=\"container\">\n\t\t\t\t\t<div class=\"e-con-inner\">\n\t\t\t\t<div class=\"elementor-element elementor-element-1ff096ac elementor-widget elementor-widget-shortcode\" data-id=\"1ff096ac\" data-element_type=\"widget\" data-widget_type=\"shortcode.default\">\n\t\t\t\t<div class=\"elementor-widget-container\">\n\t\t\t\t\t\t\t<div class=\"elementor-shortcode\"><\/div>\n\t\t\t\t\t\t<\/div>\n\t\t\t\t<\/div>\n\t\t\t\t\t<\/div>\n\t\t\t\t<\/div>\n\t\t\t\t<\/div>","protected":false},"excerpt":{"rendered":"<p>F\u00fchrungsanlagen mieten Kassel: Vermietung von F\u00fcsterkoffern, Personenf\u00fchrungsanlagen, PFAs und Tourguide-Systemen in Nordhessen Jetzt anfragen Nahe am geografischen Mittelpunkt von Deutschland gelegen ist Kassel mit seinen 200.000 Einwohnern die gr\u00f6\u00dfte Stadt Nordhessens und die drittgr\u00f6\u00dfte in Hessen. Austragungsort der zahlreichen Kasseler Messen ist das Messezentrum, daneben gibt es mit dem Kongress Palais Kassel, dem Ausstellungsgel\u00e4nde Karlsaue, [&hellip;]<\/p>","protected":false},"author":1,"featured_media":45482,"parent":0,"menu_order":0,"comment_status":"closed","ping_status":"closed","template":"","meta":{"_acf_changed":false,"footnotes":""},"class_list":["post-10446","page","type-page","status-publish","has-post-thumbnail","hentry"],"acf":[],"_links":{"self":[{"href":"https:\/\/konferenztechnik.de\/tr\/wp-json\/wp\/v2\/pages\/10446","targetHints":{"allow":["GET"]}}],"collection":[{"href":"https:\/\/konferenztechnik.de\/tr\/wp-json\/wp\/v2\/pages"}],"about":[{"href":"https:\/\/konferenztechnik.de\/tr\/wp-json\/wp\/v2\/types\/page"}],"author":[{"embeddable":true,"href":"https:\/\/konferenztechnik.de\/tr\/wp-json\/wp\/v2\/users\/1"}],"replies":[{"embeddable":true,"href":"https:\/\/konferenztechnik.de\/tr\/wp-json\/wp\/v2\/comments?post=10446"}],"version-history":[{"count":0,"href":"https:\/\/konferenztechnik.de\/tr\/wp-json\/wp\/v2\/pages\/10446\/revisions"}],"wp:featuredmedia":[{"embeddable":true,"href":"https:\/\/konferenztechnik.de\/tr\/wp-json\/wp\/v2\/media\/45482"}],"wp:attachment":[{"href":"https:\/\/konferenztechnik.de\/tr\/wp-json\/wp\/v2\/media?parent=10446"}],"curies":[{"name":"wp","href":"https:\/\/api.w.org\/{rel}","templated":true}]}}