{"id":10455,"date":"2017-06-17T15:04:22","date_gmt":"2017-06-17T14:04:22","guid":{"rendered":"https:\/\/www.konferenztechnik.de\/?page_id=10455\/"},"modified":"2023-09-01T13:10:20","modified_gmt":"2023-09-01T11:10:20","slug":"innsbruck-ki%cc%87ralama-rehberli%cc%87k-si%cc%87stemleri%cc%87","status":"publish","type":"page","link":"https:\/\/konferenztechnik.de\/tr\/innsbruck-ki%cc%87ralama-rehberli%cc%87k-si%cc%87stemleri%cc%87\/","title":{"rendered":"Innsbruck y\u00f6nlendirme sistemleri kiralama"},"content":{"rendered":"<h1>Tur rehberi sistemleri kiralama Innsbruck: Tirol'de tur rehberi sistemleri, f\u0131s\u0131lt\u0131 sistemleri ve Pefas kiralama<\/h1>\n<div class=\"call-action-slider-img\" style=\"padding-top:6px;\">\n<img decoding=\"async\" src=\"https:\/\/konferenztechnik.de\/wp-content\/uploads\/2017\/06\/veranstaltungstechnik-innsbruck.jpg\" alt=\"\u0130nnsbruck&#039;ta terc\u00fcmanl\u0131k ekipman\u0131 kiralama\" class=\"alignleft size-full wp-image-9527\" title=\"\"><br \/>\n<button class=\"btn popmake-10003\">Fiyat teklifi isteyin,<br \/>\nbir saat i\u00e7inde<br \/>\nseninle! &#x9B;<\/button><\/div>\n<p>[spacer size=\"20\u2033]<\/p>\n<div id=\"newscontainer\">\n<div class=\"newskasten\"><a href=\"https:\/\/konferenztechnik.de\/tr\/konferans-eki%cc%87pmani-ki%cc%87ralama\/rehberli%cc%87k-si%cc%87stemleri%cc%87\/\">Sennheiser tur rehberi<br \/>\n<img decoding=\"async\" src=\"https:\/\/konferenztechnik.de\/wp-content\/uploads\/2017\/03\/fuehrungsanlagen-mieten.jpg\" alt=\"PCS GmbH&#039;den Innsbruck y\u00f6nlendirme sistemlerini kiralay\u0131n\" class=\"alignnone size-full wp-image-9536\" title=\"\"><\/a><br \/>\n[temiz]<br \/>\n[list icon=\"moon-checkmark\" color=\"#a62055\u2033]\u00c7enelik al\u0131c\u0131s\u0131[\/list]<br \/>\n[list icon=\"moon-checkmark\" color=\"#a62055\u2033]Ayn\u0131 anda alt\u0131 kanala kadar[\/list]<br \/>\n[list icon=\"moon-checkmark\" color=\"#a62055\u2033]Kullan\u0131\u015fl\u0131 \u015farj \u00e7antalar\u0131[\/list]<\/p>\n<p><a class=\"weiter\" href=\"https:\/\/konferenztechnik.de\/tr\/konferans-eki%cc%87pmani-ki%cc%87ralama\/rehberli%cc%87k-si%cc%87stemleri%cc%87\/\">\u203a Daha fazla<\/a><\/div>\n<div class=\"newskasten\"><a href=\"https:\/\/konferenztechnik.de\/tr\/konferans-eki%cc%87pmani-ki%cc%87ralama\/rehberli%cc%87k-si%cc%87stemleri%cc%87\/\">Beyerdynamic Synexis<br \/>\n<img decoding=\"async\" src=\"https:\/\/konferenztechnik.de\/wp-content\/uploads\/2017\/05\/dolmetschertechnik-mieten-1.jpg\" alt=\"Rehber sistemleri kiralama Innsbruck Beyerdynamic Synexis\" class=\"alignleft size-full wp-image-9707\" title=\"\"><\/a><br \/>\n[temiz]<br \/>\n[list icon=\"moon-checkmark\" color=\"#a62055\u2033]\u00c7e\u015fitli uygulama senaryolar\u0131[\/list]<br \/>\n[list icon=\"moon-checkmark\" color=\"#a62055\u2033]Paralel olarak sekiz kanala kadar[\/list]<br \/>\n[list icon=\"moon-checkmark\" color=\"#a62055\u2033]Kulakl\u0131klar veya tek kulakl\u0131 kulakl\u0131klar[\/list]<\/p>\n<p><a class=\"weiter\" href=\"https:\/\/konferenztechnik.de\/tr\/konferans-eki%cc%87pmani-ki%cc%87ralama\/rehberli%cc%87k-si%cc%87stemleri%cc%87\/\">\u203a Daha fazla<\/a><\/div>\n<div class=\"newskasten\"><a href=\"https:\/\/konferenztechnik.de\/tr\/konferans-eki%cc%87pmani-ki%cc%87ralama\/tercuemanlik-si%cc%87stemleri%cc%87\/\">Terc\u00fcman kabinleri<br \/>\n<img decoding=\"async\" src=\"https:\/\/konferenztechnik.de\/wp-content\/uploads\/2017\/03\/dolmetscherkabinen-mieten.jpg\" alt=\"terc\u00fcmanl\u0131k-kabinleri-kiral\u0131k-innsbruck\" class=\"alignnone size-full wp-image-9535\" title=\"\"><\/a><br \/>\n[temiz]<br \/>\n[list icon=\"moon-checkmark\" color=\"#a62055\u2033]B\u00fcy\u00fck konferanslar i\u00e7in[\/list]<br \/>\n[list icon=\"moon-checkmark\" color=\"#a62055\u2033]Ayn\u0131 anda bir\u00e7ok dil[\/list]<br \/>\n[list icon=\"moon-checkmark\" color=\"#a62055\u2033]ISO sertifikal\u0131[\/list]<\/p>\n<p><a class=\"weiter\" href=\"https:\/\/konferenztechnik.de\/tr\/konferans-eki%cc%87pmani-ki%cc%87ralama\/tercuemanlik-si%cc%87stemleri%cc%87\/\">\u203a Daha fazla<\/a><\/div>\n<\/div>\n<p>Alplerin kalbinde elveri\u015fli bir konuma sahip olan ve bir\u00e7ok \u00fcniversiteye ev sahipli\u011fi yapan Tirol'\u00fcn ba\u015fkenti Innsbruck, uzun zamand\u0131r ticaret fuarlar\u0131, kongreler ve (turistik) etkinlikler i\u00e7in pop\u00fcler bir mekan olmu\u015ftur. Merkezi mekanlar aras\u0131nda Nordkette s\u0131rada\u011flar\u0131n\u0131n eteklerindeki Congress Innsbruck\u201d kongre merkezi, \u015fehir merkezine de yak\u0131n olan Innsbruck Sergi Merkezi, Congresspark Igls, Olympiaworld Innsbruck ve Bergisel kayakla atlama stadyumu bulunmaktad\u0131r.<\/p>\n<h2>Tirol otelleri, kongreleri ve etkinlikleri i\u00e7in y\u00f6netim sistemleri<\/h2>\n<p>Tur rehberi sistemleri etkinlikler, kongreler ve konferanslar\u0131n yan\u0131 s\u0131ra \u015fehir turlar\u0131, fabrika ve m\u00fcze turlar\u0131 i\u00e7in PCS'den h\u0131zl\u0131 ve kolay bir \u015fekilde kiralanabilir. Konferans teknolojisi sa\u011flay\u0131c\u0131s\u0131 PCS, M\u00fcnih ve Heilbronn'daki \u015fubelerinden Innsbruck ve Tirol'e tur rehberi sistemleri, f\u0131s\u0131lt\u0131 kutular\u0131, Pefas, fabrika tur rehberi sistemleri ve ki\u015fisel tur rehberi sistemleri (PFA) tedarik etmektedir. Tur rehberi sistemleri ve benzeri sistemlerin kiralanmas\u0131, Tirol konferans otelleri, f\u0131s\u0131ldayan terc\u00fcmanlar, kongre ve etkinlik organizat\u00f6rleri i\u00e7in de dahil olmak \u00fczere, sat\u0131n almaya k\u0131yasla \u00e7ok say\u0131da avantaja sahiptir: Rehber sistemleri sat\u0131n almak yerine kiralayanlar, s\u00f6z konusu etkinli\u011fin gereksinimlerine tam olarak uyarlanm\u0131\u015f ve her zaman hijyenik olarak temizlenmi\u015f, y\u00fczde 100 test edilmi\u015f sistemlere sahip olurlar. PCS, \u00e7o\u011fu durumda bir saat i\u00e7inde e-posta yoluyla gelen talepleri i\u015fleme koyar ve ayr\u0131ca ayr\u0131nt\u0131l\u0131 teknik tavsiyelerde bulunan 24 saat hizmet veren bir yard\u0131m hatt\u0131 da mevcuttur. Hijyenik olarak temizlenmi\u015f ve her zaman yeniden paketlenmi\u015f kulakl\u0131klarla donat\u0131lm\u0131\u015f olan PCS, tur rehberi sistemlerini ve Pefas'\u0131 do\u011frudan Tirol'deki konferans merkezlerine, kongre otellerine, etkinlik yerlerine ve konferans terc\u00fcmanlar\u0131na teslim etmektedir.<\/p>\n<h2>\u00c7a\u011fr\u0131 \u00fczerine marka \u00fcreticisi<\/h2>\n<p>Ekipman s\u00f6z konusu oldu\u011funda, PCS \u00f6ncelikle Beyerdynamic ve Sennheiser \u00fcreticilerinin markalar\u0131na g\u00fcvenmektedir. Di\u011ferlerinin yan\u0131 s\u0131ra, Innsbruck i\u00e7in a\u015fa\u011f\u0131daki sistemler mevcuttur:<\/p>\n<p>Beyerdynamic cihazlar\u0131:<\/p>\n<ul>\n<li>Synexis RP8 radyo al\u0131c\u0131s\u0131<\/li>\n<li>Synexis TP8 klipsli mikrofonlu bel tipi verici<\/li>\n<li>Synexis TH8 el mikrofonu<\/li>\n<li>Sabit verici TS8<\/li>\n<\/ul>\n<p>[spacer size=\"20\u2033]<\/p>\n<p>Sennheiser cihazlar\u0131:<\/p>\n<ul>\n<li>Tur rehberi kulakl\u0131klar\u0131 HDE-2020<\/li>\n<li>Tur rehberi el mikrofonu SKM-2020<\/li>\n<li>Tur rehberi cep vericisi SK-2020-D<\/li>\n<li>\u015earj kutusu EZL 2020-20L<\/li>\n<\/ul>\n<p>[spacer size=\"20\u2033]<br \/>\nPefas, ki\u015fisel tur rehberi sistemleri ve tur rehberi sistemleri \u00e7ok benzer bir \u015fekilde \u00e7al\u0131\u015f\u0131r: bir ki\u015fi her zaman mikrofonlar ve vericilerin yan\u0131 s\u0131ra al\u0131c\u0131 \u00fcniteleri ve kulakl\u0131klar kullanarak bir grup dinleyiciye ba\u011flan\u0131r. Yukar\u0131da bahsedilen uygulamalara ek olarak, bu cihazlar s\u00f6zl\u00fc konferanslar ve mahkeme duru\u015fmalar\u0131 i\u00e7in de kullan\u0131lmaktad\u0131r. Eri\u015filebilirlik konusuyla ba\u011flant\u0131l\u0131 olarak, rehberlik sistemleri Innsbruck ve \u00e7evresinde i\u015fitme engelli ki\u015filer i\u00e7in i\u015fitme yard\u0131m\u0131 alan\u0131nda da giderek daha fazla kullan\u0131lmaktad\u0131r.<\/p>\n<p>[spacer size=\"40\u2033]<br \/>\n[cwa id='fuehrungsanlagenpdfdownloads']<br \/>\n[spacer size=\"20\u2033]<\/p>\n<div class=\"sidebar-line\">\n<span><\/span><\/div>\n<p>[spacer size=\"20\u2033]<\/p>\n<div class=\"leistungen-menu\">\n[column size=\"1-2\u2033 last=\"0\u2033]<\/p>\n<h3>K\u0131lavuz sistemi kiralama<\/h3>\n<p>[menu theme_location='dolmetschertechnik-mieten-stuttgart']<br \/>\n[\/column]<\/p>\n<p>[column size=\"1-2\u2033 last=\"0\u2033]<\/p>\n<h3>K\u0131lavuz sistemi sat\u0131n al\u0131n<\/h3>\n<p>[menu theme_location='dolmetschertechnik-mieten-stuttgart-2\u2032]<br \/>\n[\/column]<\/p>\n<p>[column size=\"1-2\u2033 last=\"0\u2033]<\/p>\n<h3>Kurulum ve entegrasyon<\/h3>\n<p>[menu theme_location='dolmetschertechnik-mieten-stuttgart-4\u2032]<br \/>\n[\/column]<\/p>\n<p>[column size=\"1-4\u2033 last=\"1\u2033]<\/p>\n<h3 >PCS konferans teknolojisi<\/h3>\n<p>[menu theme_location='dolmetschertechnik-mieten-stuttgart-3\u2032]<br \/>\n[\/column]<\/p>\n<\/div>","protected":false},"excerpt":{"rendered":"<p>F\u00fchrungsanlagen mieten Innsbruck: Tourguide-Systeme, Fl\u00fcsteranlagen und Pefas in Tirol ausleihen Angebot anfordern, in einer Stunde bei Ihnen! &#x9B; [spacer size=&#8220;20&#8243;] Sennheiser Tourguide [clear] [list icon=&#8220;moon-checkmark&#8220; color=&#8220;#a62055&#8243;]Kinnb\u00fcgelempf\u00e4nger[\/list] [list icon=&#8220;moon-checkmark&#8220; color=&#8220;#a62055&#8243;]Bis zu sechs Kan\u00e4le simultan[\/list] [list icon=&#8220;moon-checkmark&#8220; color=&#8220;#a62055&#8243;]Handliche Ladekoffer[\/list] \u203a Mehr Beyerdynamic Synexis [clear] [list icon=&#8220;moon-checkmark&#8220; color=&#8220;#a62055&#8243;]Verschiedene Anwendungsszenarien[\/list] [list icon=&#8220;moon-checkmark&#8220; color=&#8220;#a62055&#8243;]Bis zu acht Kan\u00e4le parallel[\/list] [list icon=&#8220;moon-checkmark&#8220; [&hellip;]<\/p>","protected":false},"author":1,"featured_media":45482,"parent":0,"menu_order":0,"comment_status":"closed","ping_status":"closed","template":"","meta":{"_acf_changed":false,"footnotes":""},"class_list":["post-10455","page","type-page","status-publish","has-post-thumbnail","hentry"],"acf":[],"_links":{"self":[{"href":"https:\/\/konferenztechnik.de\/tr\/wp-json\/wp\/v2\/pages\/10455","targetHints":{"allow":["GET"]}}],"collection":[{"href":"https:\/\/konferenztechnik.de\/tr\/wp-json\/wp\/v2\/pages"}],"about":[{"href":"https:\/\/konferenztechnik.de\/tr\/wp-json\/wp\/v2\/types\/page"}],"author":[{"embeddable":true,"href":"https:\/\/konferenztechnik.de\/tr\/wp-json\/wp\/v2\/users\/1"}],"replies":[{"embeddable":true,"href":"https:\/\/konferenztechnik.de\/tr\/wp-json\/wp\/v2\/comments?post=10455"}],"version-history":[{"count":0,"href":"https:\/\/konferenztechnik.de\/tr\/wp-json\/wp\/v2\/pages\/10455\/revisions"}],"wp:featuredmedia":[{"embeddable":true,"href":"https:\/\/konferenztechnik.de\/tr\/wp-json\/wp\/v2\/media\/45482"}],"wp:attachment":[{"href":"https:\/\/konferenztechnik.de\/tr\/wp-json\/wp\/v2\/media?parent=10455"}],"curies":[{"name":"wp","href":"https:\/\/api.w.org\/{rel}","templated":true}]}}