{"id":10691,"date":"2017-07-27T10:15:43","date_gmt":"2017-07-27T09:15:43","guid":{"rendered":"https:\/\/www.konferenztechnik.de\/?page_id=10691\/"},"modified":"2023-06-14T13:17:36","modified_gmt":"2023-06-14T11:17:36","slug":"wolfsburg-tercueman-kabini-kiralama","status":"publish","type":"page","link":"https:\/\/konferenztechnik.de\/tr\/wolfsburg-tercueman-kabini-kiralama\/","title":{"rendered":"Wolfsburg s\u00f6zl\u00fc terc\u00fcme kabinleri kiralama"},"content":{"rendered":"<div data-elementor-type=\"wp-page\" data-elementor-id=\"10691\" class=\"elementor elementor-10691\" data-elementor-post-type=\"page\">\n\t\t\t\t<div data-particle_enable=\"false\" data-particle-mobile-disabled=\"false\" class=\"elementor-element elementor-element-311e86ed e-flex e-con-boxed e-con e-parent\" data-id=\"311e86ed\" data-element_type=\"container\">\n\t\t\t\t\t<div class=\"e-con-inner\">\n\t\t\t\t<div class=\"elementor-element elementor-element-72688d97 elementor-widget elementor-widget-heading\" data-id=\"72688d97\" data-element_type=\"widget\" data-settings=\"{&quot;_animation&quot;:&quot;none&quot;}\" data-widget_type=\"heading.default\">\n\t\t\t\t<div class=\"elementor-widget-container\">\n\t\t\t\t\t<h1 class=\"elementor-heading-title elementor-size-default\">Wolfsburg terc\u00fcman kabinleri kiralama: Hannover-Brunswick-G\u00f6ttingen-Wolfsburg metropolitan b\u00f6lgesinde terc\u00fcman kabinleri<\/h1>\t\t\t\t<\/div>\n\t\t\t\t<\/div>\n\t\t\t\t<div class=\"elementor-element elementor-element-7cf5f6c4 elementor-widget elementor-widget-image\" data-id=\"7cf5f6c4\" data-element_type=\"widget\" data-widget_type=\"image.default\">\n\t\t\t\t<div class=\"elementor-widget-container\">\n\t\t\t\t\t\t\t\t\t\t\t\t\t\t\t<img fetchpriority=\"high\" decoding=\"async\" width=\"800\" height=\"320\" src=\"https:\/\/konferenztechnik.de\/wp-content\/uploads\/2017\/06\/veranstaltungstechnik-wolfsburg.jpg\" class=\"attachment-large size-large wp-image-10420\" alt=\"\" srcset=\"https:\/\/konferenztechnik.de\/wp-content\/uploads\/2017\/06\/veranstaltungstechnik-wolfsburg.jpg 850w, https:\/\/konferenztechnik.de\/wp-content\/uploads\/2017\/06\/veranstaltungstechnik-wolfsburg-300x120.jpg 300w, https:\/\/konferenztechnik.de\/wp-content\/uploads\/2017\/06\/veranstaltungstechnik-wolfsburg-768x307.jpg 768w\" sizes=\"(max-width: 800px) 100vw, 800px\" title=\"\">\t\t\t\t\t\t\t\t\t\t\t\t\t\t\t<\/div>\n\t\t\t\t<\/div>\n\t\t\t\t<div class=\"elementor-element elementor-element-1de095f0 elementor-widget__width-initial elementor-widget elementor-widget-text-editor\" data-id=\"1de095f0\" data-element_type=\"widget\" data-widget_type=\"text-editor.default\">\n\t\t\t\t<div class=\"elementor-widget-container\">\n\t\t\t\t\t\t\t\t\t<p>Wolfsburg denince akla genellikle futbol ya da otomotiv end\u00fcstrisi geliyor. Ancak A\u015fa\u011f\u0131 Saksonya'daki Hannover-Braunschweig-G\u00f6ttingen-Wolfsburg metropolitan b\u00f6lgesinde yer alan 120.000 n\u00fcfuslu \u015fehir, otomotiv end\u00fcstrisinin \u00f6tesinde ekonomik yap\u0131lar\u0131 te\u015fvik etmek i\u00e7in ge\u00e7mi\u015fte \u00e7ok \u015fey yapt\u0131. Wolfsburg'da d\u00fczenli olarak uluslararas\u0131 kongre ve konferanslar d\u00fczenleniyor, \u00f6zellikle de otomotiv yan sanayi ile ba\u011flant\u0131l\u0131 olarak.<\/p>\t\t\t\t\t\t\t\t<\/div>\n\t\t\t\t<\/div>\n\t\t\t\t\t<\/div>\n\t\t\t\t<\/div>\n\t\t<div data-particle_enable=\"false\" data-particle-mobile-disabled=\"false\" class=\"elementor-element elementor-element-6085d184 e-flex e-con-boxed e-con e-parent\" data-id=\"6085d184\" data-element_type=\"container\">\n\t\t\t\t\t<div class=\"e-con-inner\">\n\t\t\t\t<div class=\"elementor-element elementor-element-4249da9a elementor-widget elementor-widget-image\" data-id=\"4249da9a\" data-element_type=\"widget\" data-widget_type=\"image.default\">\n\t\t\t\t<div class=\"elementor-widget-container\">\n\t\t\t\t\t\t\t\t\t\t\t\t\t\t\t<img decoding=\"async\" width=\"800\" height=\"407\" src=\"https:\/\/konferenztechnik.de\/wp-content\/uploads\/2016\/10\/dolmetscherkabinen-mieten-1024x521.jpg\" class=\"attachment-large size-large wp-image-8570\" alt=\"\" srcset=\"https:\/\/konferenztechnik.de\/wp-content\/uploads\/2016\/10\/dolmetscherkabinen-mieten-1024x521.jpg 1024w, https:\/\/konferenztechnik.de\/wp-content\/uploads\/2016\/10\/dolmetscherkabinen-mieten-300x153.jpg 300w, https:\/\/konferenztechnik.de\/wp-content\/uploads\/2016\/10\/dolmetscherkabinen-mieten-768x390.jpg 768w, https:\/\/konferenztechnik.de\/wp-content\/uploads\/2016\/10\/dolmetscherkabinen-mieten.jpg 1200w\" sizes=\"(max-width: 800px) 100vw, 800px\" title=\"\">\t\t\t\t\t\t\t\t\t\t\t\t\t\t\t<\/div>\n\t\t\t\t<\/div>\n\t\t\t\t\t<\/div>\n\t\t\t\t<\/div>\n\t\t<div data-particle_enable=\"false\" data-particle-mobile-disabled=\"false\" class=\"elementor-element elementor-element-2f40256e e-flex e-con-boxed e-con e-parent\" data-id=\"2f40256e\" data-element_type=\"container\">\n\t\t\t\t\t<div class=\"e-con-inner\">\n\t\t\t\t<div class=\"elementor-element elementor-element-7199779d elementor-widget elementor-widget-spacer\" data-id=\"7199779d\" data-element_type=\"widget\" data-widget_type=\"spacer.default\">\n\t\t\t\t<div class=\"elementor-widget-container\">\n\t\t\t\t\t\t\t<div class=\"elementor-spacer\">\n\t\t\t<div class=\"elementor-spacer-inner\"><\/div>\n\t\t<\/div>\n\t\t\t\t\t\t<\/div>\n\t\t\t\t<\/div>\n\t\t\t\t<div class=\"elementor-element elementor-element-318c9d6f elementor-widget__width-initial elementor-widget elementor-widget-heading\" data-id=\"318c9d6f\" data-element_type=\"widget\" data-settings=\"{&quot;_animation&quot;:&quot;none&quot;}\" data-widget_type=\"heading.default\">\n\t\t\t\t<div class=\"elementor-widget-container\">\n\t\t\t\t\t<h2 class=\"elementor-heading-title elementor-size-default\">Audipack Silent 9300: Terc\u00fcmanlar i\u00e7in optimum i\u015f istasyonlar\u0131\n<\/h2>\t\t\t\t<\/div>\n\t\t\t\t<\/div>\n\t\t\t\t<div class=\"elementor-element elementor-element-266a7a65 elementor-widget__width-initial elementor-widget elementor-widget-text-editor\" data-id=\"266a7a65\" data-element_type=\"widget\" data-widget_type=\"text-editor.default\">\n\t\t\t\t<div class=\"elementor-widget-container\">\n\t\t\t\t\t\t\t\t\t<p>PCS, Wolfsburg merkezli \u015firketlere, kongre organizat\u00f6rlerine ve etkinlik d\u00fczenleyicilerine genellikle Berlin'deki konumundan konu\u015fmac\u0131 kabinleri, \u00e7evirmen kabinleri ve terc\u00fcman kabinleri tedarik etmektedir. PCS, Hollandal\u0131 marka \u00fcreticisi Audipack'e ve art\u0131k end\u00fcstri standard\u0131 haline gelmi\u015f olan Audipack Silent serisinden terc\u00fcman kabinlerine g\u00fcveniyor. Odak noktas\u0131, 160 x 160 x 200 cm i\u00e7 boyutlar\u0131 ve 210 kg a\u011f\u0131rl\u0131\u011f\u0131 ile ISO 4043\/2016 sertifikal\u0131 Audipack Silent 9300 kabinleri. Ses yal\u0131t\u0131m\u0131 24 dB olan bu kabinler neredeyse ses ge\u00e7irmezdir ve konferans terc\u00fcmanlar\u0131 i\u00e7in geni\u015f pencereleri, \u00e7ok sessiz havaland\u0131rmas\u0131 ve uygun \u00e7al\u0131\u015fma \u0131\u015f\u0131klar\u0131yla iki ila d\u00f6rt konforlu i\u015f istasyonu sunar. Mod\u00fcler bir tasar\u0131ma sahiptirler ve t\u00fcm standart s\u00f6zl\u00fc \u00e7eviri sistemleriyle uyumludurlar.<\/p>\t\t\t\t\t\t\t\t<\/div>\n\t\t\t\t<\/div>\n\t\t\t\t\t<\/div>\n\t\t\t\t<\/div>\n\t\t<div data-particle_enable=\"false\" data-particle-mobile-disabled=\"false\" class=\"elementor-element elementor-element-4e843f81 e-flex e-con-boxed e-con e-parent\" data-id=\"4e843f81\" data-element_type=\"container\">\n\t\t\t\t\t<div class=\"e-con-inner\">\n\t\t\t\t<div class=\"elementor-element elementor-element-2ffe7537 elementor-widget__width-initial elementor-list-item-link-full_width elementor-widget elementor-widget-icon-list\" data-id=\"2ffe7537\" data-element_type=\"widget\" data-widget_type=\"icon-list.default\">\n\t\t\t\t<div class=\"elementor-widget-container\">\n\t\t\t\t\t\t\t<ul class=\"elementor-icon-list-items\">\n\t\t\t\t\t\t\t<li class=\"elementor-icon-list-item\">\n\t\t\t\t\t\t\t\t\t\t\t<span class=\"elementor-icon-list-icon\">\n\t\t\t\t\t\t\t<svg aria-hidden=\"true\" class=\"e-font-icon-svg e-fas-check\" viewbox=\"0 0 512 512\" xmlns=\"http:\/\/www.w3.org\/2000\/svg\"><path d=\"M173.898 439.404l-166.4-166.4c-9.997-9.997-9.997-26.206 0-36.204l36.203-36.204c9.997-9.998 26.207-9.998 36.204 0L192 312.69 432.095 72.596c9.997-9.997 26.207-9.997 36.204 0l36.203 36.204c9.997 9.997 9.997 26.206 0 36.204l-294.4 294.401c-9.998 9.997-26.207 9.997-36.204-.001z\"><\/path><\/svg>\t\t\t\t\t\t<\/span>\n\t\t\t\t\t\t\t\t\t\t<span class=\"elementor-icon-list-text\">\u00c7ok iyi ses yal\u0131t\u0131m\u0131 \u2013 neredeyse ses ge\u00e7irmez<\/span>\n\t\t\t\t\t\t\t\t\t<\/li>\n\t\t\t\t\t\t\t\t<li class=\"elementor-icon-list-item\">\n\t\t\t\t\t\t\t\t\t\t\t<span class=\"elementor-icon-list-icon\">\n\t\t\t\t\t\t\t<svg aria-hidden=\"true\" class=\"e-font-icon-svg e-fas-check\" viewbox=\"0 0 512 512\" xmlns=\"http:\/\/www.w3.org\/2000\/svg\"><path d=\"M173.898 439.404l-166.4-166.4c-9.997-9.997-9.997-26.206 0-36.204l36.203-36.204c9.997-9.998 26.207-9.998 36.204 0L192 312.69 432.095 72.596c9.997-9.997 26.207-9.997 36.204 0l36.203 36.204c9.997 9.997 9.997 26.206 0 36.204l-294.4 294.401c-9.998 9.997-26.207 9.997-36.204-.001z\"><\/path><\/svg>\t\t\t\t\t\t<\/span>\n\t\t\t\t\t\t\t\t\t\t<span class=\"elementor-icon-list-text\">Mod\u00fcler tasar\u0131m (standart olarak kabin ba\u015f\u0131na iki terc\u00fcman i\u015f istasyonu, esnek bir \u015fekilde kabin ba\u015f\u0131na \u00fc\u00e7 veya d\u00f6rt i\u015f istasyonuna geni\u015fletilebilir), herhangi bir say\u0131da kabin paralel olarak kullan\u0131labilir<\/span>\n\t\t\t\t\t\t\t\t\t<\/li>\n\t\t\t\t\t\t\t\t<li class=\"elementor-icon-list-item\">\n\t\t\t\t\t\t\t\t\t\t\t<span class=\"elementor-icon-list-icon\">\n\t\t\t\t\t\t\t<svg aria-hidden=\"true\" class=\"e-font-icon-svg e-fas-check\" viewbox=\"0 0 512 512\" xmlns=\"http:\/\/www.w3.org\/2000\/svg\"><path d=\"M173.898 439.404l-166.4-166.4c-9.997-9.997-9.997-26.206 0-36.204l36.203-36.204c9.997-9.998 26.207-9.998 36.204 0L192 312.69 432.095 72.596c9.997-9.997 26.207-9.997 36.204 0l36.203 36.204c9.997 9.997 9.997 26.206 0 36.204l-294.4 294.401c-9.998 9.997-26.207 9.997-36.204-.001z\"><\/path><\/svg>\t\t\t\t\t\t<\/span>\n\t\t\t\t\t\t\t\t\t\t<span class=\"elementor-icon-list-text\">Kolay ta\u015f\u0131ma, konferans alan\u0131nda h\u0131zl\u0131 kurulum ve s\u00f6k\u00fcm<\/span>\n\t\t\t\t\t\t\t\t\t<\/li>\n\t\t\t\t\t\t\t\t<li class=\"elementor-icon-list-item\">\n\t\t\t\t\t\t\t\t\t\t\t<span class=\"elementor-icon-list-icon\">\n\t\t\t\t\t\t\t<svg aria-hidden=\"true\" class=\"e-font-icon-svg e-fas-check\" viewbox=\"0 0 512 512\" xmlns=\"http:\/\/www.w3.org\/2000\/svg\"><path d=\"M173.898 439.404l-166.4-166.4c-9.997-9.997-9.997-26.206 0-36.204l36.203-36.204c9.997-9.998 26.207-9.998 36.204 0L192 312.69 432.095 72.596c9.997-9.997 26.207-9.997 36.204 0l36.203 36.204c9.997 9.997 9.997 26.206 0 36.204l-294.4 294.401c-9.998 9.997-26.207 9.997-36.204-.001z\"><\/path><\/svg>\t\t\t\t\t\t<\/span>\n\t\t\t\t\t\t\t\t\t\t<span class=\"elementor-icon-list-text\">Podyumun ve salonun \u00e7ok iyi bir \u015fekilde g\u00f6r\u00fclebilmesi i\u00e7in geni\u015f pencereler<\/span>\n\t\t\t\t\t\t\t\t\t<\/li>\n\t\t\t\t\t\t\t\t<li class=\"elementor-icon-list-item\">\n\t\t\t\t\t\t\t\t\t\t\t<span class=\"elementor-icon-list-icon\">\n\t\t\t\t\t\t\t<svg aria-hidden=\"true\" class=\"e-font-icon-svg e-fas-check\" viewbox=\"0 0 512 512\" xmlns=\"http:\/\/www.w3.org\/2000\/svg\"><path d=\"M173.898 439.404l-166.4-166.4c-9.997-9.997-9.997-26.206 0-36.204l36.203-36.204c9.997-9.998 26.207-9.998 36.204 0L192 312.69 432.095 72.596c9.997-9.997 26.207-9.997 36.204 0l36.203 36.204c9.997 9.997 9.997 26.206 0 36.204l-294.4 294.401c-9.998 9.997-26.207 9.997-36.204-.001z\"><\/path><\/svg>\t\t\t\t\t\t<\/span>\n\t\t\t\t\t\t\t\t\t\t<span class=\"elementor-icon-list-text\">\u00d6zellikle derin masa, sessiz havaland\u0131rma, yan kablo \u00e7\u0131k\u0131\u015flar\u0131 ve uyumlu \u00e7al\u0131\u015fma lambalar\u0131 dahil<\/span>\n\t\t\t\t\t\t\t\t\t<\/li>\n\t\t\t\t\t\t\t\t<li class=\"elementor-icon-list-item\">\n\t\t\t\t\t\t\t\t\t\t\t<span class=\"elementor-icon-list-icon\">\n\t\t\t\t\t\t\t<svg aria-hidden=\"true\" class=\"e-font-icon-svg e-fas-check\" viewbox=\"0 0 512 512\" xmlns=\"http:\/\/www.w3.org\/2000\/svg\"><path d=\"M173.898 439.404l-166.4-166.4c-9.997-9.997-9.997-26.206 0-36.204l36.203-36.204c9.997-9.998 26.207-9.998 36.204 0L192 312.69 432.095 72.596c9.997-9.997 26.207-9.997 36.204 0l36.203 36.204c9.997 9.997 9.997 26.206 0 36.204l-294.4 294.401c-9.998 9.997-26.207 9.997-36.204-.001z\"><\/path><\/svg>\t\t\t\t\t\t<\/span>\n\t\t\t\t\t\t\t\t\t\t<span class=\"elementor-icon-list-text\">T\u00fcm yayg\u0131n s\u00f6zl\u00fc \u00e7eviri sistemleri ile uyumlu<\/span>\n\t\t\t\t\t\t\t\t\t<\/li>\n\t\t\t\t\t\t\t\t<li class=\"elementor-icon-list-item\">\n\t\t\t\t\t\t\t\t\t\t\t<span class=\"elementor-icon-list-icon\">\n\t\t\t\t\t\t\t<svg aria-hidden=\"true\" class=\"e-font-icon-svg e-fas-check\" viewbox=\"0 0 512 512\" xmlns=\"http:\/\/www.w3.org\/2000\/svg\"><path d=\"M173.898 439.404l-166.4-166.4c-9.997-9.997-9.997-26.206 0-36.204l36.203-36.204c9.997-9.998 26.207-9.998 36.204 0L192 312.69 432.095 72.596c9.997-9.997 26.207-9.997 36.204 0l36.203 36.204c9.997 9.997 9.997 26.206 0 36.204l-294.4 294.401c-9.998 9.997-26.207 9.997-36.204-.001z\"><\/path><\/svg>\t\t\t\t\t\t<\/span>\n\t\t\t\t\t\t\t\t\t\t<span class=\"elementor-icon-list-text\">Genellikle profesyonel terc\u00fcman masalar\u0131 ve\/veya mikrofonlu ve kulakl\u0131kl\u0131 kulakl\u0131klar ile donat\u0131lm\u0131\u015ft\u0131r<\/span>\n\t\t\t\t\t\t\t\t\t<\/li>\n\t\t\t\t\t\t\t\t<li class=\"elementor-icon-list-item\">\n\t\t\t\t\t\t\t\t\t\t\t<span class=\"elementor-icon-list-icon\">\n\t\t\t\t\t\t\t<svg aria-hidden=\"true\" class=\"e-font-icon-svg e-fas-check\" viewbox=\"0 0 512 512\" xmlns=\"http:\/\/www.w3.org\/2000\/svg\"><path d=\"M173.898 439.404l-166.4-166.4c-9.997-9.997-9.997-26.206 0-36.204l36.203-36.204c9.997-9.998 26.207-9.998 36.204 0L192 312.69 432.095 72.596c9.997-9.997 26.207-9.997 36.204 0l36.203 36.204c9.997 9.997 9.997 26.206 0 36.204l-294.4 294.401c-9.998 9.997-26.207 9.997-36.204-.001z\"><\/path><\/svg>\t\t\t\t\t\t<\/span>\n\t\t\t\t\t\t\t\t\t\t<span class=\"elementor-icon-list-text\">ISO sertifikal\u0131 - en az ISO 4043'\u00fc kar\u015f\u0131l\u0131yor<\/span>\n\t\t\t\t\t\t\t\t\t<\/li>\n\t\t\t\t\t\t<\/ul>\n\t\t\t\t\t\t<\/div>\n\t\t\t\t<\/div>\n\t\t\t\t<div class=\"elementor-element elementor-element-f6afc5d elementor-widget__width-initial elementor-widget elementor-widget-text-editor\" data-id=\"f6afc5d\" data-element_type=\"widget\" data-widget_type=\"text-editor.default\">\n\t\t\t\t<div class=\"elementor-widget-container\">\n\t\t\t\t\t\t\t\t\t<p>Audipack Silent 9300 serisinin ses ge\u00e7irmez terc\u00fcmanl\u0131k kabinleri \/ hoparl\u00f6r kutular\u0131, 160 x 160 x 200 cm i\u00e7 boyutlar\u0131yla dikkat \u00e7ekmeyen a\u00e7\u0131k gri veya fare grisi renginde tedarik edilir. D\u0131\u015f boyutlar 168 x 168 x yakla\u015f\u0131k 220 cm'dir, standart bir kabinin a\u011f\u0131rl\u0131\u011f\u0131 210 kg'd\u0131r<\/p>\t\t\t\t\t\t\t\t<\/div>\n\t\t\t\t<\/div>\n\t\t\t\t<div class=\"elementor-element elementor-element-4fe16da7 elementor-widget__width-initial elementor-widget elementor-widget-heading\" data-id=\"4fe16da7\" data-element_type=\"widget\" data-settings=\"{&quot;_animation&quot;:&quot;none&quot;}\" data-widget_type=\"heading.default\">\n\t\t\t\t<div class=\"elementor-widget-container\">\n\t\t\t\t\t<h2 class=\"elementor-heading-title elementor-size-default\">\nPCS s\u00f6zl\u00fc terc\u00fcme kabinlerinin \u00f6zellikleri (Audipack Silent 9300 Serisi)<\/h2>\t\t\t\t<\/div>\n\t\t\t\t<\/div>\n\t\t<div data-particle_enable=\"false\" data-particle-mobile-disabled=\"false\" class=\"elementor-element elementor-element-69579acd e-flex e-con-boxed e-con e-parent\" data-id=\"69579acd\" data-element_type=\"container\" data-settings=\"{&quot;background_background&quot;:&quot;classic&quot;,&quot;background_motion_fx_motion_fx_scrolling&quot;:&quot;yes&quot;,&quot;background_motion_fx_devices&quot;:[&quot;widescreen&quot;,&quot;desktop&quot;,&quot;laptop&quot;,&quot;tablet_extra&quot;,&quot;tablet&quot;,&quot;mobile&quot;]}\">\n\t\t\t\t\t<div class=\"e-con-inner\">\n\t\t<div data-particle_enable=\"false\" data-particle-mobile-disabled=\"false\" class=\"elementor-element elementor-element-4d2ba202 e-flex e-con-boxed e-con e-parent\" data-id=\"4d2ba202\" data-element_type=\"container\" data-settings=\"{&quot;background_background&quot;:&quot;classic&quot;}\">\n\t\t\t\t\t<div class=\"e-con-inner\">\n\t\t\t\t<div class=\"elementor-element elementor-element-b0f312a elementor-widget__width-auto elementor-widget elementor-widget-heading\" data-id=\"b0f312a\" data-element_type=\"widget\" data-settings=\"{&quot;_animation&quot;:&quot;none&quot;}\" data-widget_type=\"heading.default\">\n\t\t\t\t<div class=\"elementor-widget-container\">\n\t\t\t\t\t<h3 class=\"elementor-heading-title elementor-size-medium\">ISO sertifikal\u0131<\/h3>\t\t\t\t<\/div>\n\t\t\t\t<\/div>\n\t\t\t\t<div class=\"elementor-element elementor-element-501bfd58 elementor-widget__width-initial elementor-view-default elementor-widget elementor-widget-icon\" data-id=\"501bfd58\" data-element_type=\"widget\" data-widget_type=\"icon.default\">\n\t\t\t\t<div class=\"elementor-widget-container\">\n\t\t\t\t\t\t\t<div class=\"elementor-icon-wrapper\">\n\t\t\t<div class=\"elementor-icon\">\n\t\t\t<svg aria-hidden=\"true\" class=\"e-font-icon-svg e-fas-certificate\" viewbox=\"0 0 512 512\" xmlns=\"http:\/\/www.w3.org\/2000\/svg\"><path d=\"M458.622 255.92l45.985-45.005c13.708-12.977 7.316-36.039-10.664-40.339l-62.65-15.99 17.661-62.015c4.991-17.838-11.829-34.663-29.661-29.671l-61.994 17.667-15.984-62.671C337.085.197 313.765-6.276 300.99 7.228L256 53.57 211.011 7.229c-12.63-13.351-36.047-7.234-40.325 10.668l-15.984 62.671-61.995-17.667C74.87 57.907 58.056 74.738 63.046 92.572l17.661 62.015-62.65 15.99C.069 174.878-6.31 197.944 7.392 210.915l45.985 45.005-45.985 45.004c-13.708 12.977-7.316 36.039 10.664 40.339l62.65 15.99-17.661 62.015c-4.991 17.838 11.829 34.663 29.661 29.671l61.994-17.667 15.984 62.671c4.439 18.575 27.696 24.018 40.325 10.668L256 458.61l44.989 46.001c12.5 13.488 35.987 7.486 40.325-10.668l15.984-62.671 61.994 17.667c17.836 4.994 34.651-11.837 29.661-29.671l-17.661-62.015 62.65-15.99c17.987-4.302 24.366-27.367 10.664-40.339l-45.984-45.004z\"><\/path><\/svg>\t\t\t<\/div>\n\t\t<\/div>\n\t\t\t\t\t\t<\/div>\n\t\t\t\t<\/div>\n\t\t\t\t\t<\/div>\n\t\t\t\t<\/div>\n\t\t<div data-particle_enable=\"false\" data-particle-mobile-disabled=\"false\" class=\"elementor-element elementor-element-41394515 e-flex e-con-boxed e-con e-parent\" data-id=\"41394515\" data-element_type=\"container\" data-settings=\"{&quot;background_background&quot;:&quot;classic&quot;}\">\n\t\t\t\t\t<div class=\"e-con-inner\">\n\t\t\t\t<div class=\"elementor-element elementor-element-a49a487 elementor-widget__width-inherit elementor-widget elementor-widget-text-editor\" data-id=\"a49a487\" data-element_type=\"widget\" data-widget_type=\"text-editor.default\">\n\t\t\t\t<div class=\"elementor-widget-container\">\n\t\t\t\t\t\t\t\t\t<p>Audipack s\u00f6zl\u00fc terc\u00fcme kabinleri ISO 4043\/2016 standard\u0131 ve DIN 56924 uyar\u0131nca sertifikaland\u0131r\u0131lm\u0131\u015ft\u0131r.<\/p>\t\t\t\t\t\t\t\t<\/div>\n\t\t\t\t<\/div>\n\t\t\t\t\t<\/div>\n\t\t\t\t<\/div>\n\t\t<div data-particle_enable=\"false\" data-particle-mobile-disabled=\"false\" class=\"elementor-element elementor-element-e8b715b e-flex e-con-boxed e-con e-parent\" data-id=\"e8b715b\" data-element_type=\"container\" data-settings=\"{&quot;background_background&quot;:&quot;classic&quot;}\">\n\t\t\t\t\t<div class=\"e-con-inner\">\n\t\t\t\t<div class=\"elementor-element elementor-element-33aeea0d elementor-widget__width-auto elementor-widget elementor-widget-heading\" data-id=\"33aeea0d\" data-element_type=\"widget\" data-settings=\"{&quot;_animation&quot;:&quot;none&quot;}\" data-widget_type=\"heading.default\">\n\t\t\t\t<div class=\"elementor-widget-container\">\n\t\t\t\t\t<h3 class=\"elementor-heading-title elementor-size-medium\">A\u011f\u0131rl\u0131k<\/h3>\t\t\t\t<\/div>\n\t\t\t\t<\/div>\n\t\t\t\t<div class=\"elementor-element elementor-element-52b6cddd elementor-widget__width-initial elementor-view-default elementor-widget elementor-widget-icon\" data-id=\"52b6cddd\" data-element_type=\"widget\" data-widget_type=\"icon.default\">\n\t\t\t\t<div class=\"elementor-widget-container\">\n\t\t\t\t\t\t\t<div class=\"elementor-icon-wrapper\">\n\t\t\t<div class=\"elementor-icon\">\n\t\t\t<svg aria-hidden=\"true\" class=\"e-font-icon-svg e-fas-weight-hanging\" viewbox=\"0 0 512 512\" xmlns=\"http:\/\/www.w3.org\/2000\/svg\"><path d=\"M510.28 445.86l-73.03-292.13c-3.8-15.19-16.44-25.72-30.87-25.72h-60.25c3.57-10.05 5.88-20.72 5.88-32 0-53.02-42.98-96-96-96s-96 42.98-96 96c0 11.28 2.3 21.95 5.88 32h-60.25c-14.43 0-27.08 10.54-30.87 25.72L1.72 445.86C-6.61 479.17 16.38 512 48.03 512h415.95c31.64 0 54.63-32.83 46.3-66.14zM256 128c-17.64 0-32-14.36-32-32s14.36-32 32-32 32 14.36 32 32-14.36 32-32 32z\"><\/path><\/svg>\t\t\t<\/div>\n\t\t<\/div>\n\t\t\t\t\t\t<\/div>\n\t\t\t\t<\/div>\n\t\t\t\t\t<\/div>\n\t\t\t\t<\/div>\n\t\t<div data-particle_enable=\"false\" data-particle-mobile-disabled=\"false\" class=\"elementor-element elementor-element-46b54446 e-flex e-con-boxed e-con e-parent\" data-id=\"46b54446\" data-element_type=\"container\" data-settings=\"{&quot;background_background&quot;:&quot;classic&quot;}\">\n\t\t\t\t\t<div class=\"e-con-inner\">\n\t\t\t\t<div class=\"elementor-element elementor-element-1f17ec18 elementor-widget__width-inherit elementor-widget elementor-widget-text-editor\" data-id=\"1f17ec18\" data-element_type=\"widget\" data-widget_type=\"text-editor.default\">\n\t\t\t\t<div class=\"elementor-widget-container\">\n\t\t\t\t\t\t\t\t\t<p>210kg<\/p>\t\t\t\t\t\t\t\t<\/div>\n\t\t\t\t<\/div>\n\t\t\t\t\t<\/div>\n\t\t\t\t<\/div>\n\t\t<div data-particle_enable=\"false\" data-particle-mobile-disabled=\"false\" class=\"elementor-element elementor-element-5a93bf70 e-flex e-con-boxed e-con e-parent\" data-id=\"5a93bf70\" data-element_type=\"container\" data-settings=\"{&quot;background_background&quot;:&quot;classic&quot;}\">\n\t\t\t\t\t<div class=\"e-con-inner\">\n\t\t\t\t<div class=\"elementor-element elementor-element-78b11b7d elementor-widget__width-auto elementor-widget elementor-widget-heading\" data-id=\"78b11b7d\" data-element_type=\"widget\" data-settings=\"{&quot;_animation&quot;:&quot;none&quot;}\" data-widget_type=\"heading.default\">\n\t\t\t\t<div class=\"elementor-widget-container\">\n\t\t\t\t\t<h3 class=\"elementor-heading-title elementor-size-medium\">Ses yal\u0131t\u0131m\u0131<\/h3>\t\t\t\t<\/div>\n\t\t\t\t<\/div>\n\t\t\t\t<div class=\"elementor-element elementor-element-7e01a73c elementor-widget__width-initial elementor-view-default elementor-widget elementor-widget-icon\" data-id=\"7e01a73c\" data-element_type=\"widget\" data-widget_type=\"icon.default\">\n\t\t\t\t<div class=\"elementor-widget-container\">\n\t\t\t\t\t\t\t<div class=\"elementor-icon-wrapper\">\n\t\t\t<div class=\"elementor-icon\">\n\t\t\t<svg aria-hidden=\"true\" class=\"e-font-icon-svg e-fas-volume-mute\" viewbox=\"0 0 512 512\" xmlns=\"http:\/\/www.w3.org\/2000\/svg\"><path d=\"M215.03 71.05L126.06 160H24c-13.26 0-24 10.74-24 24v144c0 13.25 10.74 24 24 24h102.06l88.97 88.95c15.03 15.03 40.97 4.47 40.97-16.97V88.02c0-21.46-25.96-31.98-40.97-16.97zM461.64 256l45.64-45.64c6.3-6.3 6.3-16.52 0-22.82l-22.82-22.82c-6.3-6.3-16.52-6.3-22.82 0L416 210.36l-45.64-45.64c-6.3-6.3-16.52-6.3-22.82 0l-22.82 22.82c-6.3 6.3-6.3 16.52 0 22.82L370.36 256l-45.63 45.63c-6.3 6.3-6.3 16.52 0 22.82l22.82 22.82c6.3 6.3 16.52 6.3 22.82 0L416 301.64l45.64 45.64c6.3 6.3 16.52 6.3 22.82 0l22.82-22.82c6.3-6.3 6.3-16.52 0-22.82L461.64 256z\"><\/path><\/svg>\t\t\t<\/div>\n\t\t<\/div>\n\t\t\t\t\t\t<\/div>\n\t\t\t\t<\/div>\n\t\t\t\t\t<\/div>\n\t\t\t\t<\/div>\n\t\t<div data-particle_enable=\"false\" data-particle-mobile-disabled=\"false\" class=\"elementor-element elementor-element-241e13cf e-flex e-con-boxed e-con e-parent\" data-id=\"241e13cf\" data-element_type=\"container\" data-settings=\"{&quot;background_background&quot;:&quot;classic&quot;}\">\n\t\t\t\t\t<div class=\"e-con-inner\">\n\t\t\t\t<div class=\"elementor-element elementor-element-7ebce3b elementor-widget__width-inherit elementor-widget elementor-widget-text-editor\" data-id=\"7ebce3b\" data-element_type=\"widget\" data-widget_type=\"text-editor.default\">\n\t\t\t\t<div class=\"elementor-widget-container\">\n\t\t\t\t\t\t\t\t\t<p>210kg<\/p>\t\t\t\t\t\t\t\t<\/div>\n\t\t\t\t<\/div>\n\t\t\t\t\t<\/div>\n\t\t\t\t<\/div>\n\t\t<div data-particle_enable=\"false\" data-particle-mobile-disabled=\"false\" class=\"elementor-element elementor-element-38a722e3 e-flex e-con-boxed e-con e-parent\" data-id=\"38a722e3\" data-element_type=\"container\" data-settings=\"{&quot;background_background&quot;:&quot;classic&quot;}\">\n\t\t\t\t\t<div class=\"e-con-inner\">\n\t\t\t\t<div class=\"elementor-element elementor-element-1c7eb9eb elementor-widget__width-auto elementor-widget elementor-widget-heading\" data-id=\"1c7eb9eb\" data-element_type=\"widget\" data-settings=\"{&quot;_animation&quot;:&quot;none&quot;}\" data-widget_type=\"heading.default\">\n\t\t\t\t<div class=\"elementor-widget-container\">\n\t\t\t\t\t<h3 class=\"elementor-heading-title elementor-size-medium\">\u0130\u00e7 boyutlar<\/h3>\t\t\t\t<\/div>\n\t\t\t\t<\/div>\n\t\t\t\t<div class=\"elementor-element elementor-element-714974ae elementor-widget__width-initial elementor-view-default elementor-widget elementor-widget-icon\" data-id=\"714974ae\" data-element_type=\"widget\" data-widget_type=\"icon.default\">\n\t\t\t\t<div class=\"elementor-widget-container\">\n\t\t\t\t\t\t\t<div class=\"elementor-icon-wrapper\">\n\t\t\t<div class=\"elementor-icon\">\n\t\t\t<svg aria-hidden=\"true\" class=\"e-font-icon-svg e-fas-ruler-combined\" viewbox=\"0 0 512 512\" xmlns=\"http:\/\/www.w3.org\/2000\/svg\"><path d=\"M160 288h-56c-4.42 0-8-3.58-8-8v-16c0-4.42 3.58-8 8-8h56v-64h-56c-4.42 0-8-3.58-8-8v-16c0-4.42 3.58-8 8-8h56V96h-56c-4.42 0-8-3.58-8-8V72c0-4.42 3.58-8 8-8h56V32c0-17.67-14.33-32-32-32H32C14.33 0 0 14.33 0 32v448c0 2.77.91 5.24 1.57 7.8L160 329.38V288zm320 64h-32v56c0 4.42-3.58 8-8 8h-16c-4.42 0-8-3.58-8-8v-56h-64v56c0 4.42-3.58 8-8 8h-16c-4.42 0-8-3.58-8-8v-56h-64v56c0 4.42-3.58 8-8 8h-16c-4.42 0-8-3.58-8-8v-56h-41.37L24.2 510.43c2.56.66 5.04 1.57 7.8 1.57h448c17.67 0 32-14.33 32-32v-96c0-17.67-14.33-32-32-32z\"><\/path><\/svg>\t\t\t<\/div>\n\t\t<\/div>\n\t\t\t\t\t\t<\/div>\n\t\t\t\t<\/div>\n\t\t\t\t\t<\/div>\n\t\t\t\t<\/div>\n\t\t<div data-particle_enable=\"false\" data-particle-mobile-disabled=\"false\" class=\"elementor-element elementor-element-22957e0a e-flex e-con-boxed e-con e-parent\" data-id=\"22957e0a\" data-element_type=\"container\" data-settings=\"{&quot;background_background&quot;:&quot;classic&quot;}\">\n\t\t\t\t\t<div class=\"e-con-inner\">\n\t\t\t\t<div class=\"elementor-element elementor-element-10a16d65 elementor-widget__width-inherit elementor-widget elementor-widget-text-editor\" data-id=\"10a16d65\" data-element_type=\"widget\" data-widget_type=\"text-editor.default\">\n\t\t\t\t<div class=\"elementor-widget-container\">\n\t\t\t\t\t\t\t\t\t<p>160cm x 160cm x 200cm (G\/D\/Y)<\/p>\t\t\t\t\t\t\t\t<\/div>\n\t\t\t\t<\/div>\n\t\t\t\t\t<\/div>\n\t\t\t\t<\/div>\n\t\t<div data-particle_enable=\"false\" data-particle-mobile-disabled=\"false\" class=\"elementor-element elementor-element-6f5f66c5 e-flex e-con-boxed e-con e-parent\" data-id=\"6f5f66c5\" data-element_type=\"container\" data-settings=\"{&quot;background_background&quot;:&quot;classic&quot;}\">\n\t\t\t\t\t<div class=\"e-con-inner\">\n\t\t\t\t<div class=\"elementor-element elementor-element-2decb4e8 elementor-widget__width-auto elementor-widget elementor-widget-heading\" data-id=\"2decb4e8\" data-element_type=\"widget\" data-settings=\"{&quot;_animation&quot;:&quot;none&quot;}\" data-widget_type=\"heading.default\">\n\t\t\t\t<div class=\"elementor-widget-container\">\n\t\t\t\t\t<h3 class=\"elementor-heading-title elementor-size-medium\">D\u0131\u015f boyutlar<\/h3>\t\t\t\t<\/div>\n\t\t\t\t<\/div>\n\t\t\t\t<div class=\"elementor-element elementor-element-36cd0bce elementor-widget__width-initial elementor-view-default elementor-widget elementor-widget-icon\" data-id=\"36cd0bce\" data-element_type=\"widget\" data-widget_type=\"icon.default\">\n\t\t\t\t<div class=\"elementor-widget-container\">\n\t\t\t\t\t\t\t<div class=\"elementor-icon-wrapper\">\n\t\t\t<div class=\"elementor-icon\">\n\t\t\t<svg aria-hidden=\"true\" class=\"e-font-icon-svg e-fas-ruler-combined\" viewbox=\"0 0 512 512\" xmlns=\"http:\/\/www.w3.org\/2000\/svg\"><path d=\"M160 288h-56c-4.42 0-8-3.58-8-8v-16c0-4.42 3.58-8 8-8h56v-64h-56c-4.42 0-8-3.58-8-8v-16c0-4.42 3.58-8 8-8h56V96h-56c-4.42 0-8-3.58-8-8V72c0-4.42 3.58-8 8-8h56V32c0-17.67-14.33-32-32-32H32C14.33 0 0 14.33 0 32v448c0 2.77.91 5.24 1.57 7.8L160 329.38V288zm320 64h-32v56c0 4.42-3.58 8-8 8h-16c-4.42 0-8-3.58-8-8v-56h-64v56c0 4.42-3.58 8-8 8h-16c-4.42 0-8-3.58-8-8v-56h-64v56c0 4.42-3.58 8-8 8h-16c-4.42 0-8-3.58-8-8v-56h-41.37L24.2 510.43c2.56.66 5.04 1.57 7.8 1.57h448c17.67 0 32-14.33 32-32v-96c0-17.67-14.33-32-32-32z\"><\/path><\/svg>\t\t\t<\/div>\n\t\t<\/div>\n\t\t\t\t\t\t<\/div>\n\t\t\t\t<\/div>\n\t\t\t\t\t<\/div>\n\t\t\t\t<\/div>\n\t\t<div data-particle_enable=\"false\" data-particle-mobile-disabled=\"false\" class=\"elementor-element elementor-element-4bffb2a6 e-flex e-con-boxed e-con e-parent\" data-id=\"4bffb2a6\" data-element_type=\"container\" data-settings=\"{&quot;background_background&quot;:&quot;classic&quot;}\">\n\t\t\t\t\t<div class=\"e-con-inner\">\n\t\t\t\t<div class=\"elementor-element elementor-element-1e9aa96b elementor-widget__width-inherit elementor-widget elementor-widget-text-editor\" data-id=\"1e9aa96b\" data-element_type=\"widget\" data-widget_type=\"text-editor.default\">\n\t\t\t\t<div class=\"elementor-widget-container\">\n\t\t\t\t\t\t\t\t\t<p>168cm x 168cm x yakla\u015f\u0131k 220cm (fan, W\/D\/H ile)<br \/>(L\u00fctfen kap\u0131 ve ge\u00e7i\u015f i\u00e7in solda, sa\u011fda veya arkada 0,5 m bo\u015fluk b\u0131rak\u0131n)<\/p>\t\t\t\t\t\t\t\t<\/div>\n\t\t\t\t<\/div>\n\t\t\t\t\t<\/div>\n\t\t\t\t<\/div>\n\t\t\t\t\t<\/div>\n\t\t\t\t<\/div>\n\t\t\t\t\t<\/div>\n\t\t\t\t<\/div>\n\t\t<div data-particle_enable=\"false\" data-particle-mobile-disabled=\"false\" class=\"elementor-element elementor-element-75a4e1c2 e-flex e-con-boxed e-con e-parent\" data-id=\"75a4e1c2\" data-element_type=\"container\">\n\t\t\t\t\t<div class=\"e-con-inner\">\n\t\t\t\t<div class=\"elementor-element elementor-element-7f851315 elementor-widget elementor-widget-image\" data-id=\"7f851315\" data-element_type=\"widget\" data-widget_type=\"image.default\">\n\t\t\t\t<div class=\"elementor-widget-container\">\n\t\t\t\t\t\t\t\t\t\t\t\t\t\t\t<img decoding=\"async\" width=\"800\" height=\"298\" src=\"https:\/\/konferenztechnik.de\/wp-content\/uploads\/2016\/10\/sprecherkabinen-mieten-1-1024x381.jpg\" class=\"attachment-large size-large wp-image-8569\" alt=\"\" srcset=\"https:\/\/konferenztechnik.de\/wp-content\/uploads\/2016\/10\/sprecherkabinen-mieten-1-1024x381.jpg 1024w, https:\/\/konferenztechnik.de\/wp-content\/uploads\/2016\/10\/sprecherkabinen-mieten-1-300x112.jpg 300w, https:\/\/konferenztechnik.de\/wp-content\/uploads\/2016\/10\/sprecherkabinen-mieten-1-768x286.jpg 768w, https:\/\/konferenztechnik.de\/wp-content\/uploads\/2016\/10\/sprecherkabinen-mieten-1.jpg 1200w\" sizes=\"(max-width: 800px) 100vw, 800px\" title=\"\">\t\t\t\t\t\t\t\t\t\t\t\t\t\t\t<\/div>\n\t\t\t\t<\/div>\n\t\t\t\t\t<\/div>\n\t\t\t\t<\/div>\n\t\t<div data-particle_enable=\"false\" data-particle-mobile-disabled=\"false\" class=\"elementor-element elementor-element-7f390be1 e-flex e-con-boxed e-con e-parent\" data-id=\"7f390be1\" data-element_type=\"container\">\n\t\t\t\t\t<div class=\"e-con-inner\">\n\t\t\t\t<div class=\"elementor-element elementor-element-4a9b3d20 elementor-widget elementor-widget-spacer\" data-id=\"4a9b3d20\" data-element_type=\"widget\" data-widget_type=\"spacer.default\">\n\t\t\t\t<div class=\"elementor-widget-container\">\n\t\t\t\t\t\t\t<div class=\"elementor-spacer\">\n\t\t\t<div class=\"elementor-spacer-inner\"><\/div>\n\t\t<\/div>\n\t\t\t\t\t\t<\/div>\n\t\t\t\t<\/div>\n\t\t\t\t<div class=\"elementor-element elementor-element-7b58c6e0 elementor-widget__width-initial elementor-widget elementor-widget-heading\" data-id=\"7b58c6e0\" data-element_type=\"widget\" data-settings=\"{&quot;_animation&quot;:&quot;none&quot;}\" data-widget_type=\"heading.default\">\n\t\t\t\t<div class=\"elementor-widget-container\">\n\t\t\t\t\t<h2 class=\"elementor-heading-title elementor-size-default\">PCS terc\u00fcmanl\u0131k kabinlerinin kat plan\u0131<\/h2>\t\t\t\t<\/div>\n\t\t\t\t<\/div>\n\t\t\t\t\t<\/div>\n\t\t\t\t<\/div>\n\t\t<div data-particle_enable=\"false\" data-particle-mobile-disabled=\"false\" class=\"elementor-element elementor-element-321a148a e-flex e-con-boxed e-con e-parent\" data-id=\"321a148a\" data-element_type=\"container\">\n\t\t\t\t\t<div class=\"e-con-inner\">\n\t\t\t\t<div class=\"elementor-element elementor-element-58d61768 elementor-widget elementor-widget-image\" data-id=\"58d61768\" data-element_type=\"widget\" data-widget_type=\"image.default\">\n\t\t\t\t<div class=\"elementor-widget-container\">\n\t\t\t\t\t\t\t\t\t\t\t\t\t\t\t<img loading=\"lazy\" decoding=\"async\" width=\"800\" height=\"300\" src=\"https:\/\/konferenztechnik.de\/wp-content\/uploads\/2017\/08\/grundriss-dolmetscherkabine-audipack-1024x384.jpg\" class=\"attachment-large size-large wp-image-11001\" alt=\"\" srcset=\"https:\/\/konferenztechnik.de\/wp-content\/uploads\/2017\/08\/grundriss-dolmetscherkabine-audipack-1024x384.jpg 1024w, https:\/\/konferenztechnik.de\/wp-content\/uploads\/2017\/08\/grundriss-dolmetscherkabine-audipack-300x113.jpg 300w, https:\/\/konferenztechnik.de\/wp-content\/uploads\/2017\/08\/grundriss-dolmetscherkabine-audipack-768x288.jpg 768w, https:\/\/konferenztechnik.de\/wp-content\/uploads\/2017\/08\/grundriss-dolmetscherkabine-audipack.jpg 1200w\" sizes=\"(max-width: 800px) 100vw, 800px\" title=\"\">\t\t\t\t\t\t\t\t\t\t\t\t\t\t\t<\/div>\n\t\t\t\t<\/div>\n\t\t\t\t<div class=\"elementor-element elementor-element-68b04cb3 elementor-widget elementor-widget-spacer\" data-id=\"68b04cb3\" data-element_type=\"widget\" data-widget_type=\"spacer.default\">\n\t\t\t\t<div class=\"elementor-widget-container\">\n\t\t\t\t\t\t\t<div class=\"elementor-spacer\">\n\t\t\t<div class=\"elementor-spacer-inner\"><\/div>\n\t\t<\/div>\n\t\t\t\t\t\t<\/div>\n\t\t\t\t<\/div>\n\t\t\t\t<div class=\"elementor-element elementor-element-328f067b elementor-widget elementor-widget-shortcode\" data-id=\"328f067b\" data-element_type=\"widget\" data-widget_type=\"shortcode.default\">\n\t\t\t\t<div class=\"elementor-widget-container\">\n\t\t\t\t\t\t\t<div class=\"elementor-shortcode\">\t\t<div data-elementor-type=\"container\" data-elementor-id=\"29969\" class=\"elementor elementor-29969\" data-elementor-post-type=\"elementor_library\">\n\t\t\t\t<div data-particle_enable=\"false\" data-particle-mobile-disabled=\"false\" class=\"elementor-element elementor-element-ea6b94b e-flex e-con-boxed e-con e-parent\" data-id=\"ea6b94b\" data-element_type=\"container\" data-settings=\"{&quot;background_background&quot;:&quot;classic&quot;,&quot;background_motion_fx_motion_fx_scrolling&quot;:&quot;yes&quot;,&quot;background_motion_fx_devices&quot;:[&quot;widescreen&quot;,&quot;desktop&quot;,&quot;laptop&quot;,&quot;tablet_extra&quot;,&quot;tablet&quot;,&quot;mobile&quot;]}\">\n\t\t\t\t\t<div class=\"e-con-inner\">\n\t\t\t\t<div class=\"elementor-element elementor-element-4b29be6a elementor-widget__width-initial elementor-widget elementor-widget-heading\" data-id=\"4b29be6a\" data-element_type=\"widget\" data-settings=\"{&quot;_animation&quot;:&quot;none&quot;}\" data-widget_type=\"heading.default\">\n\t\t\t\t<div class=\"elementor-widget-container\">\n\t\t\t\t\t<h2 class=\"elementor-heading-title elementor-size-default\">\u0130ndirmeler: K\u0131lavuzlar, montaj talimatlar\u0131, bilgi bro\u015f\u00fcrleri<\/h2>\t\t\t\t<\/div>\n\t\t\t\t<\/div>\n\t\t<div data-particle_enable=\"false\" data-particle-mobile-disabled=\"false\" class=\"elementor-element elementor-element-672f32c4 e-flex e-con-boxed e-con e-parent\" data-id=\"672f32c4\" data-element_type=\"container\" data-settings=\"{&quot;background_background&quot;:&quot;classic&quot;}\">\n\t\t\t\t\t<div class=\"e-con-inner\">\n\t\t\t\t<div class=\"elementor-element elementor-element-6df42967 elementor-icon-list--layout-traditional elementor-list-item-link-full_width elementor-widget elementor-widget-icon-list\" data-id=\"6df42967\" data-element_type=\"widget\" data-widget_type=\"icon-list.default\">\n\t\t\t\t<div class=\"elementor-widget-container\">\n\t\t\t\t\t\t\t<ul class=\"elementor-icon-list-items\">\n\t\t\t\t\t\t\t<li class=\"elementor-icon-list-item\">\n\t\t\t\t\t\t\t\t\t\t\t<a href=\"http:\/\/www.konferenztechnik.de\/wp-content\/uploads\/2017\/05\/Audipack-Silent-Serie-Interpreter-Booth-Manual.pdf\" target=\"_blank\">\n\n\t\t\t\t\t\t\t\t\t\t\t\t<span class=\"elementor-icon-list-icon\">\n\t\t\t\t\t\t\t<svg aria-hidden=\"true\" class=\"e-font-icon-svg e-far-file-pdf\" viewbox=\"0 0 384 512\" xmlns=\"http:\/\/www.w3.org\/2000\/svg\"><path d=\"M369.9 97.9L286 14C277 5 264.8-.1 252.1-.1H48C21.5 0 0 21.5 0 48v416c0 26.5 21.5 48 48 48h288c26.5 0 48-21.5 48-48V131.9c0-12.7-5.1-25-14.1-34zM332.1 128H256V51.9l76.1 76.1zM48 464V48h160v104c0 13.3 10.7 24 24 24h104v288H48zm250.2-143.7c-12.2-12-47-8.7-64.4-6.5-17.2-10.5-28.7-25-36.8-46.3 3.9-16.1 10.1-40.6 5.4-56-4.2-26.2-37.8-23.6-42.6-5.9-4.4 16.1-.4 38.5 7 67.1-10 23.9-24.9 56-35.4 74.4-20 10.3-47 26.2-51 46.2-3.3 15.8 26 55.2 76.1-31.2 22.4-7.4 46.8-16.5 68.4-20.1 18.9 10.2 41 17 55.8 17 25.5 0 28-28.2 17.5-38.7zm-198.1 77.8c5.1-13.7 24.5-29.5 30.4-35-19 30.3-30.4 35.7-30.4 35zm81.6-190.6c7.4 0 6.7 32.1 1.8 40.8-4.4-13.9-4.3-40.8-1.8-40.8zm-24.4 136.6c9.7-16.9 18-37 24.7-54.7 8.3 15.1 18.9 27.2 30.1 35.5-20.8 4.3-38.9 13.1-54.8 19.2zm131.6-5s-5 6-37.3-7.8c35.1-2.6 40.9 5.4 37.3 7.8z\"><\/path><\/svg>\t\t\t\t\t\t<\/span>\n\t\t\t\t\t\t\t\t\t\t<span class=\"elementor-icon-list-text\">Audipack Silent Serisi Terc\u00fcman Kabini K\u0131lavuzu<\/span>\n\t\t\t\t\t\t\t\t\t\t\t<\/a>\n\t\t\t\t\t\t\t\t\t<\/li>\n\t\t\t\t\t\t\t\t<li class=\"elementor-icon-list-item\">\n\t\t\t\t\t\t\t\t\t\t\t<a href=\"http:\/\/www.konferenztechnik.de\/wp-content\/uploads\/2017\/05\/Audipack-Silent-Serie-Dolmetschkabine-Aufbauanleitung.pdf\" target=\"_blank\">\n\n\t\t\t\t\t\t\t\t\t\t\t\t<span class=\"elementor-icon-list-icon\">\n\t\t\t\t\t\t\t<svg aria-hidden=\"true\" class=\"e-font-icon-svg e-far-file-pdf\" viewbox=\"0 0 384 512\" xmlns=\"http:\/\/www.w3.org\/2000\/svg\"><path d=\"M369.9 97.9L286 14C277 5 264.8-.1 252.1-.1H48C21.5 0 0 21.5 0 48v416c0 26.5 21.5 48 48 48h288c26.5 0 48-21.5 48-48V131.9c0-12.7-5.1-25-14.1-34zM332.1 128H256V51.9l76.1 76.1zM48 464V48h160v104c0 13.3 10.7 24 24 24h104v288H48zm250.2-143.7c-12.2-12-47-8.7-64.4-6.5-17.2-10.5-28.7-25-36.8-46.3 3.9-16.1 10.1-40.6 5.4-56-4.2-26.2-37.8-23.6-42.6-5.9-4.4 16.1-.4 38.5 7 67.1-10 23.9-24.9 56-35.4 74.4-20 10.3-47 26.2-51 46.2-3.3 15.8 26 55.2 76.1-31.2 22.4-7.4 46.8-16.5 68.4-20.1 18.9 10.2 41 17 55.8 17 25.5 0 28-28.2 17.5-38.7zm-198.1 77.8c5.1-13.7 24.5-29.5 30.4-35-19 30.3-30.4 35.7-30.4 35zm81.6-190.6c7.4 0 6.7 32.1 1.8 40.8-4.4-13.9-4.3-40.8-1.8-40.8zm-24.4 136.6c9.7-16.9 18-37 24.7-54.7 8.3 15.1 18.9 27.2 30.1 35.5-20.8 4.3-38.9 13.1-54.8 19.2zm131.6-5s-5 6-37.3-7.8c35.1-2.6 40.9 5.4 37.3 7.8z\"><\/path><\/svg>\t\t\t\t\t\t<\/span>\n\t\t\t\t\t\t\t\t\t\t<span class=\"elementor-icon-list-text\">Audipack Silent Serisi terc\u00fcme kabini montaj talimatlar\u0131<\/span>\n\t\t\t\t\t\t\t\t\t\t\t<\/a>\n\t\t\t\t\t\t\t\t\t<\/li>\n\t\t\t\t\t\t\t\t<li class=\"elementor-icon-list-item\">\n\t\t\t\t\t\t\t\t\t\t\t<a href=\"http:\/\/www.konferenztechnik.de\/wp-content\/uploads\/2017\/05\/Audipack-Silent-Series-ISO-Certification.pdf\" target=\"_blank\">\n\n\t\t\t\t\t\t\t\t\t\t\t\t<span class=\"elementor-icon-list-icon\">\n\t\t\t\t\t\t\t<svg aria-hidden=\"true\" class=\"e-font-icon-svg e-far-file-pdf\" viewbox=\"0 0 384 512\" xmlns=\"http:\/\/www.w3.org\/2000\/svg\"><path d=\"M369.9 97.9L286 14C277 5 264.8-.1 252.1-.1H48C21.5 0 0 21.5 0 48v416c0 26.5 21.5 48 48 48h288c26.5 0 48-21.5 48-48V131.9c0-12.7-5.1-25-14.1-34zM332.1 128H256V51.9l76.1 76.1zM48 464V48h160v104c0 13.3 10.7 24 24 24h104v288H48zm250.2-143.7c-12.2-12-47-8.7-64.4-6.5-17.2-10.5-28.7-25-36.8-46.3 3.9-16.1 10.1-40.6 5.4-56-4.2-26.2-37.8-23.6-42.6-5.9-4.4 16.1-.4 38.5 7 67.1-10 23.9-24.9 56-35.4 74.4-20 10.3-47 26.2-51 46.2-3.3 15.8 26 55.2 76.1-31.2 22.4-7.4 46.8-16.5 68.4-20.1 18.9 10.2 41 17 55.8 17 25.5 0 28-28.2 17.5-38.7zm-198.1 77.8c5.1-13.7 24.5-29.5 30.4-35-19 30.3-30.4 35.7-30.4 35zm81.6-190.6c7.4 0 6.7 32.1 1.8 40.8-4.4-13.9-4.3-40.8-1.8-40.8zm-24.4 136.6c9.7-16.9 18-37 24.7-54.7 8.3 15.1 18.9 27.2 30.1 35.5-20.8 4.3-38.9 13.1-54.8 19.2zm131.6-5s-5 6-37.3-7.8c35.1-2.6 40.9 5.4 37.3 7.8z\"><\/path><\/svg>\t\t\t\t\t\t<\/span>\n\t\t\t\t\t\t\t\t\t\t<span class=\"elementor-icon-list-text\">Audipack Silent Serisi ISO Sertifikas\u0131<\/span>\n\t\t\t\t\t\t\t\t\t\t\t<\/a>\n\t\t\t\t\t\t\t\t\t<\/li>\n\t\t\t\t\t\t\t\t<li class=\"elementor-icon-list-item\">\n\t\t\t\t\t\t\t\t\t\t\t<a href=\"http:\/\/www.konferenztechnik.de\/wp-content\/uploads\/2017\/05\/Audipack-Silent-Serie-Broschuere.pdf\" target=\"_blank\">\n\n\t\t\t\t\t\t\t\t\t\t\t\t<span class=\"elementor-icon-list-icon\">\n\t\t\t\t\t\t\t<svg aria-hidden=\"true\" class=\"e-font-icon-svg e-far-file-pdf\" viewbox=\"0 0 384 512\" xmlns=\"http:\/\/www.w3.org\/2000\/svg\"><path d=\"M369.9 97.9L286 14C277 5 264.8-.1 252.1-.1H48C21.5 0 0 21.5 0 48v416c0 26.5 21.5 48 48 48h288c26.5 0 48-21.5 48-48V131.9c0-12.7-5.1-25-14.1-34zM332.1 128H256V51.9l76.1 76.1zM48 464V48h160v104c0 13.3 10.7 24 24 24h104v288H48zm250.2-143.7c-12.2-12-47-8.7-64.4-6.5-17.2-10.5-28.7-25-36.8-46.3 3.9-16.1 10.1-40.6 5.4-56-4.2-26.2-37.8-23.6-42.6-5.9-4.4 16.1-.4 38.5 7 67.1-10 23.9-24.9 56-35.4 74.4-20 10.3-47 26.2-51 46.2-3.3 15.8 26 55.2 76.1-31.2 22.4-7.4 46.8-16.5 68.4-20.1 18.9 10.2 41 17 55.8 17 25.5 0 28-28.2 17.5-38.7zm-198.1 77.8c5.1-13.7 24.5-29.5 30.4-35-19 30.3-30.4 35.7-30.4 35zm81.6-190.6c7.4 0 6.7 32.1 1.8 40.8-4.4-13.9-4.3-40.8-1.8-40.8zm-24.4 136.6c9.7-16.9 18-37 24.7-54.7 8.3 15.1 18.9 27.2 30.1 35.5-20.8 4.3-38.9 13.1-54.8 19.2zm131.6-5s-5 6-37.3-7.8c35.1-2.6 40.9 5.4 37.3 7.8z\"><\/path><\/svg>\t\t\t\t\t\t<\/span>\n\t\t\t\t\t\t\t\t\t\t<span class=\"elementor-icon-list-text\">Audipack Sessiz Seri bro\u015f\u00fcr\u00fc<\/span>\n\t\t\t\t\t\t\t\t\t\t\t<\/a>\n\t\t\t\t\t\t\t\t\t<\/li>\n\t\t\t\t\t\t<\/ul>\n\t\t\t\t\t\t<\/div>\n\t\t\t\t<\/div>\n\t\t\t\t\t<\/div>\n\t\t\t\t<\/div>\n\t\t\t\t\t<\/div>\n\t\t\t\t<\/div>\n\t\t\t\t<\/div>\n\t\t<\/div>\n\t\t\t\t\t\t<\/div>\n\t\t\t\t<\/div>\n\t\t\t\t\t<\/div>\n\t\t\t\t<\/div>\n\t\t<div data-particle_enable=\"false\" data-particle-mobile-disabled=\"false\" class=\"elementor-element elementor-element-3200bf30 e-flex e-con-boxed e-con e-parent\" data-id=\"3200bf30\" data-element_type=\"container\" data-settings=\"{&quot;background_background&quot;:&quot;classic&quot;,&quot;background_motion_fx_motion_fx_scrolling&quot;:&quot;yes&quot;,&quot;background_motion_fx_devices&quot;:[&quot;widescreen&quot;,&quot;desktop&quot;,&quot;laptop&quot;,&quot;tablet_extra&quot;,&quot;tablet&quot;,&quot;mobile&quot;]}\">\n\t\t\t\t\t<div class=\"e-con-inner\">\n\t\t\t\t<div class=\"elementor-element elementor-element-4c4705b5 elementor-widget elementor-widget-spacer\" data-id=\"4c4705b5\" data-element_type=\"widget\" data-widget_type=\"spacer.default\">\n\t\t\t\t<div class=\"elementor-widget-container\">\n\t\t\t\t\t\t\t<div class=\"elementor-spacer\">\n\t\t\t<div class=\"elementor-spacer-inner\"><\/div>\n\t\t<\/div>\n\t\t\t\t\t\t<\/div>\n\t\t\t\t<\/div>\n\t\t\t\t<div class=\"elementor-element elementor-element-1023cadd elementor-widget__width-initial elementor-widget elementor-widget-heading\" data-id=\"1023cadd\" data-element_type=\"widget\" data-settings=\"{&quot;_animation&quot;:&quot;none&quot;}\" data-widget_type=\"heading.default\">\n\t\t\t\t<div class=\"elementor-widget-container\">\n\t\t\t\t\t<h2 class=\"elementor-heading-title elementor-size-default\">Tam servis, teknik dan\u0131\u015fmanl\u0131k dahil<\/h2>\t\t\t\t<\/div>\n\t\t\t\t<\/div>\n\t\t\t\t<div class=\"elementor-element elementor-element-7415ed93 elementor-widget__width-inherit elementor-widget elementor-widget-text-editor\" data-id=\"7415ed93\" data-element_type=\"widget\" data-widget_type=\"text-editor.default\">\n\t\t\t\t<div class=\"elementor-widget-container\">\n\t\t\t\t\t\t\t\t\t<p>Wolfsburg'da faaliyet g\u00f6steren \u015firketler ve kongre organizat\u00f6rleri genellikle terc\u00fcman kabinlerini sat\u0131n almak yerine kiralamay\u0131 tercih etmektedir. PCS m\u00fc\u015fterilerine kapsaml\u0131 bir hizmet sunmaktad\u0131r: teslimat ve toplama i\u015flemlerinin planlanmas\u0131 ve organizasyonundan zaman\u0131nda kurulum ve s\u00f6k\u00fcm i\u015flemlerine ve ek etkinlik teknolojilerinin sa\u011flanmas\u0131na kadar. S\u00f6zl\u00fc terc\u00fcme kabinleri kullan\u0131l\u0131rken, bunlar\u0131n konferans salonunda do\u011fru \u015fekilde konumland\u0131r\u0131lmas\u0131 \u00f6zellikle \u00f6nemlidir. Simultane terc\u00fcmanlara ve \u00e7evirmenlere g\u00f6revlerini m\u00fcmk\u00fcn olan en iyi \u015fekilde yerine getirebilecekleri bir \u00e7al\u0131\u015fma alan\u0131 sa\u011flamal\u0131d\u0131rlar. Alan yetersizli\u011fi nedeniyle terc\u00fcme kabinleri konferansla ayn\u0131 odada konumland\u0131r\u0131lam\u0131yorsa, terc\u00fcmanlar\u0131n i\u015flemleri takip edebilmelerini sa\u011flamak i\u00e7in video sistemleri ve di\u011fer konferans teknolojileri gereklidir.<\/p><p>\u00a0<\/p><p>PCS, Wolfsburg ve \u00e7evresindeki m\u00fc\u015fterilerine \u00e7ok dilli konferanslar\u0131n, y\u00f6netim kurulu toplant\u0131lar\u0131n\u0131n, EWC toplant\u0131lar\u0131n\u0131n ve di\u011fer kurumsal etkinliklerin planlanmas\u0131 ve ger\u00e7ekle\u015ftirilmesinde kapsaml\u0131 teknik uzmanl\u0131k sunmaktad\u0131r. \u0130lk tahmin i\u00e7in terc\u00fcme edilecek dillerin say\u0131s\u0131n\u0131n, konferans salonunun yakla\u015f\u0131k b\u00fcy\u00fckl\u00fc\u011f\u00fcn\u00fcn ve beklenen kat\u0131l\u0131mc\u0131 say\u0131s\u0131n\u0131n bilinmesi \u00f6nemlidir.<\/p>\t\t\t\t\t\t\t\t<\/div>\n\t\t\t\t<\/div>\n\t\t\t\t<div class=\"elementor-element elementor-element-383f24a2 elementor-widget elementor-widget-image\" data-id=\"383f24a2\" data-element_type=\"widget\" data-widget_type=\"image.default\">\n\t\t\t\t<div class=\"elementor-widget-container\">\n\t\t\t\t\t\t\t\t\t\t\t\t\t\t\t<img loading=\"lazy\" decoding=\"async\" width=\"800\" height=\"300\" src=\"https:\/\/konferenztechnik.de\/wp-content\/uploads\/2016\/10\/specherkabinen-events-1024x384.jpg\" class=\"attachment-large size-large wp-image-8490\" alt=\"\" srcset=\"https:\/\/konferenztechnik.de\/wp-content\/uploads\/2016\/10\/specherkabinen-events-1024x384.jpg 1024w, https:\/\/konferenztechnik.de\/wp-content\/uploads\/2016\/10\/specherkabinen-events-300x113.jpg 300w, https:\/\/konferenztechnik.de\/wp-content\/uploads\/2016\/10\/specherkabinen-events-768x288.jpg 768w, https:\/\/konferenztechnik.de\/wp-content\/uploads\/2016\/10\/specherkabinen-events.jpg 1200w\" sizes=\"(max-width: 800px) 100vw, 800px\" title=\"\">\t\t\t\t\t\t\t\t\t\t\t\t\t\t\t<\/div>\n\t\t\t\t<\/div>\n\t\t\t\t<div class=\"elementor-element elementor-element-26c52602 elementor-widget__width-initial elementor-widget elementor-widget-heading\" data-id=\"26c52602\" data-element_type=\"widget\" data-settings=\"{&quot;_animation&quot;:&quot;none&quot;}\" data-widget_type=\"heading.default\">\n\t\t\t\t<div class=\"elementor-widget-container\">\n\t\t\t\t\t<h2 class=\"elementor-heading-title elementor-size-default\">Wolfsburg s\u00f6zl\u00fc terc\u00fcme kabinleri kiralama<\/h2>\t\t\t\t<\/div>\n\t\t\t\t<\/div>\n\t\t\t\t<div class=\"elementor-element elementor-element-3ec7ef1 elementor-widget elementor-widget-eael-adv-accordion\" data-id=\"3ec7ef1\" data-element_type=\"widget\" data-widget_type=\"eael-adv-accordion.default\">\n\t\t\t\t<div class=\"elementor-widget-container\">\n\t\t\t\t\t            <div class=\"eael-adv-accordion\" id=\"eael-adv-accordion-3ec7ef1\" data-scroll-on-click=\"no\" data-scroll-speed=\"300\" data-accordion-id=\"3ec7ef1\" data-accordion-type=\"accordion\" data-toogle-speed=\"300\">\n            <div class=\"eael-accordion-list\">\n\t\t\t\t\t<div id=\"veranstaltungsorte-fr-events-und-kongresse-in-wolfsburg\" class=\"elementor-tab-title eael-accordion-header\" tabindex=\"0\" data-tab=\"1\" aria-controls=\"elementor-tab-content-6581\"><span class=\"eael-advanced-accordion-icon-closed\"><svg aria-hidden=\"true\" class=\"fa-accordion-icon e-font-icon-svg e-fas-plus\" viewbox=\"0 0 448 512\" xmlns=\"http:\/\/www.w3.org\/2000\/svg\"><path d=\"M416 208H272V64c0-17.67-14.33-32-32-32h-32c-17.67 0-32 14.33-32 32v144H32c-17.67 0-32 14.33-32 32v32c0 17.67 14.33 32 32 32h144v144c0 17.67 14.33 32 32 32h32c17.67 0 32-14.33 32-32V304h144c17.67 0 32-14.33 32-32v-32c0-17.67-14.33-32-32-32z\"><\/path><\/svg><\/span><span class=\"eael-advanced-accordion-icon-opened\"><svg aria-hidden=\"true\" class=\"fa-accordion-icon e-font-icon-svg e-fas-minus\" viewbox=\"0 0 448 512\" xmlns=\"http:\/\/www.w3.org\/2000\/svg\"><path d=\"M416 208H32c-17.67 0-32 14.33-32 32v32c0 17.67 14.33 32 32 32h384c17.67 0 32-14.33 32-32v-32c0-17.67-14.33-32-32-32z\"><\/path><\/svg><\/span><span class=\"eael-accordion-tab-title\">Wolfsburg'da etkinlik ve kongre mekanlar\u0131<\/span><svg aria-hidden=\"true\" class=\"fa-toggle e-font-icon-svg e-fas-angle-right\" viewbox=\"0 0 256 512\" xmlns=\"http:\/\/www.w3.org\/2000\/svg\"><path d=\"M224.3 273l-136 136c-9.4 9.4-24.6 9.4-33.9 0l-22.6-22.6c-9.4-9.4-9.4-24.6 0-33.9l96.4-96.4-96.4-96.4c-9.4-9.4-9.4-24.6 0-33.9L54.3 103c9.4-9.4 24.6-9.4 33.9 0l136 136c9.5 9.4 9.5 24.6.1 34z\"><\/path><\/svg><\/div><div id=\"elementor-tab-content-6581\" class=\"eael-accordion-content clearfix\" data-tab=\"1\" aria-labelledby=\"veranstaltungsorte-fr-events-und-kongresse-in-wolfsburg\"><ul><li>CongressPark Wolfsburg<\/li><li>Ostfalia \u00dcniversitesi<\/li><li>Wolfsburg AG, kapal\u0131 y\u00fczme havuzu \u2013 Kultur am Schachtweg<\/li><li>Gen\u00e7lik Evi, Phaeno<\/li><li>Hellwinkel Teraslar\u0131<\/li><li>Wolfsburg Tiyatrosu<\/li><li>Wolfsburg Planetaryumu<\/li><li>K\u00e4storf sehpa yel de\u011firmeni<\/li><li>ZOB<\/li><li>St Stephen's Kilisesi Detmerode<\/li><li>Hoffmann von Fallersleben M\u00fczesi<\/li><li>M\u00fczik evi Musicus<\/li><li>Wolfsburg Kalesi<\/li><li>Volkswagen AutoMuseum<\/li><li>Allerpark Wolfsburg<\/li><\/ul><\/div>\n\t\t\t\t\t<\/div><div class=\"eael-accordion-list\">\n\t\t\t\t\t<div id=\"die-wichtigsten-veranstaltungshotels-in-wolfsburg\" class=\"elementor-tab-title eael-accordion-header\" tabindex=\"0\" data-tab=\"2\" aria-controls=\"elementor-tab-content-6582\"><span class=\"eael-advanced-accordion-icon-closed\"><svg aria-hidden=\"true\" class=\"fa-accordion-icon e-font-icon-svg e-fas-plus\" viewbox=\"0 0 448 512\" xmlns=\"http:\/\/www.w3.org\/2000\/svg\"><path d=\"M416 208H272V64c0-17.67-14.33-32-32-32h-32c-17.67 0-32 14.33-32 32v144H32c-17.67 0-32 14.33-32 32v32c0 17.67 14.33 32 32 32h144v144c0 17.67 14.33 32 32 32h32c17.67 0 32-14.33 32-32V304h144c17.67 0 32-14.33 32-32v-32c0-17.67-14.33-32-32-32z\"><\/path><\/svg><\/span><span class=\"eael-advanced-accordion-icon-opened\"><svg aria-hidden=\"true\" class=\"fa-accordion-icon e-font-icon-svg e-fas-minus\" viewbox=\"0 0 448 512\" xmlns=\"http:\/\/www.w3.org\/2000\/svg\"><path d=\"M416 208H32c-17.67 0-32 14.33-32 32v32c0 17.67 14.33 32 32 32h384c17.67 0 32-14.33 32-32v-32c0-17.67-14.33-32-32-32z\"><\/path><\/svg><\/span><span class=\"eael-accordion-tab-title\">Wolfsburg'daki en \u00f6nemli etkinlik otelleri<\/span><svg aria-hidden=\"true\" class=\"fa-toggle e-font-icon-svg e-fas-angle-right\" viewbox=\"0 0 256 512\" xmlns=\"http:\/\/www.w3.org\/2000\/svg\"><path d=\"M224.3 273l-136 136c-9.4 9.4-24.6 9.4-33.9 0l-22.6-22.6c-9.4-9.4-9.4-24.6 0-33.9l96.4-96.4-96.4-96.4c-9.4-9.4-9.4-24.6 0-33.9L54.3 103c9.4-9.4 24.6-9.4 33.9 0l136 136c9.5 9.4 9.5 24.6.1 34z\"><\/path><\/svg><\/div><div id=\"elementor-tab-content-6582\" class=\"eael-accordion-content clearfix\" data-tab=\"2\" aria-labelledby=\"die-wichtigsten-veranstaltungshotels-in-wolfsburg\"><ul><li>BEST WESTERN PREMIER Hotel an der Wasserburg<\/li><li>The Ritz-Carlton Wolfsburg<\/li><li>\u0130\u00c7 Wolfsburg<\/li><li>Leonardo Hotel Wolfsburg \u015eehir Merkezi<\/li><li>City Partner Parkhotel Wolfsburg<\/li><li>BEST WESTERN Hotel Alte M\u00fchle (Wolfsburg yak\u0131n\u0131nda Weyhausen)<\/li><li>AVALON Hotelpark K\u00f6nigshof (K\u00f6nigslutter)<\/li><li>Hotel am BernsteinSee (Sassenburg)<\/li><\/ul><\/div>\n\t\t\t\t\t<\/div><div class=\"eael-accordion-list\">\n\t\t\t\t\t<div id=\"die-wichtigsten-messetermine-in-wolfsburg\" class=\"elementor-tab-title eael-accordion-header\" tabindex=\"0\" data-tab=\"3\" aria-controls=\"elementor-tab-content-6583\"><span class=\"eael-advanced-accordion-icon-closed\"><svg aria-hidden=\"true\" class=\"fa-accordion-icon e-font-icon-svg e-fas-plus\" viewbox=\"0 0 448 512\" xmlns=\"http:\/\/www.w3.org\/2000\/svg\"><path d=\"M416 208H272V64c0-17.67-14.33-32-32-32h-32c-17.67 0-32 14.33-32 32v144H32c-17.67 0-32 14.33-32 32v32c0 17.67 14.33 32 32 32h144v144c0 17.67 14.33 32 32 32h32c17.67 0 32-14.33 32-32V304h144c17.67 0 32-14.33 32-32v-32c0-17.67-14.33-32-32-32z\"><\/path><\/svg><\/span><span class=\"eael-advanced-accordion-icon-opened\"><svg aria-hidden=\"true\" class=\"fa-accordion-icon e-font-icon-svg e-fas-minus\" viewbox=\"0 0 448 512\" xmlns=\"http:\/\/www.w3.org\/2000\/svg\"><path d=\"M416 208H32c-17.67 0-32 14.33-32 32v32c0 17.67 14.33 32 32 32h384c17.67 0 32-14.33 32-32v-32c0-17.67-14.33-32-32-32z\"><\/path><\/svg><\/span><span class=\"eael-accordion-tab-title\">Wolfsburg'daki en \u00f6nemli fuar tarihleri<\/span><svg aria-hidden=\"true\" class=\"fa-toggle e-font-icon-svg e-fas-angle-right\" viewbox=\"0 0 256 512\" xmlns=\"http:\/\/www.w3.org\/2000\/svg\"><path d=\"M224.3 273l-136 136c-9.4 9.4-24.6 9.4-33.9 0l-22.6-22.6c-9.4-9.4-9.4-24.6 0-33.9l96.4-96.4-96.4-96.4c-9.4-9.4-9.4-24.6 0-33.9L54.3 103c9.4-9.4 24.6-9.4 33.9 0l136 136c9.5 9.4 9.5 24.6.1 34z\"><\/path><\/svg><\/div><div id=\"elementor-tab-content-6583\" class=\"eael-accordion-content clearfix\" data-tab=\"3\" aria-labelledby=\"die-wichtigsten-messetermine-in-wolfsburg\"><ul><li>IZB Wolfsburg<\/li><li>Bekle!<\/li><li>Wolfsburg'daki evimiz<\/li><li>Sizin eigenART Wolfsburg<\/li><li>Motosiklet Wolfsburg<\/li><li>Wolfsburg D\u00fc\u011f\u00fcn Fuar\u0131<\/li><li>Bawoga Wolfsburg<\/li><li>END\u00dcSTRI\u0307 FORUMU<\/li><li>YENILIK\u00c7I LOJISTIK<\/li><li>parentum Wolfsburg<\/li><li>Yarat\u0131c\u0131l\u0131k ve Hobi Fuar\u0131 Wolfsburg<\/li><\/ul><\/div>\n\t\t\t\t\t<\/div><\/div>\t\t\t\t<\/div>\n\t\t\t\t<\/div>\n\t\t\t\t\t<\/div>\n\t\t\t\t<\/div>\n\t\t<div data-particle_enable=\"false\" data-particle-mobile-disabled=\"false\" class=\"elementor-element elementor-element-4ae8781c e-flex e-con-boxed e-con e-parent\" data-id=\"4ae8781c\" data-element_type=\"container\">\n\t\t\t\t\t<div class=\"e-con-inner\">\n\t\t\t\t<div class=\"elementor-element elementor-element-385979b8 elementor-widget elementor-widget-shortcode\" data-id=\"385979b8\" data-element_type=\"widget\" data-widget_type=\"shortcode.default\">\n\t\t\t\t<div class=\"elementor-widget-container\">\n\t\t\t\t\t\t\t<div class=\"elementor-shortcode\"><\/div>\n\t\t\t\t\t\t<\/div>\n\t\t\t\t<\/div>\n\t\t\t\t\t<\/div>\n\t\t\t\t<\/div>\n\t\t\t\t<\/div>","protected":false},"excerpt":{"rendered":"<p>Dolmetscherkabinen mieten Wolfsburg: \u00dcbersetzerkabinen in der Metropolregion Hannover-Braunschweig-G\u00f6ttingen-Wolfsburg Wer Wolfsburg h\u00f6rt, denkt nach wie vor meist an Fu\u00dfball oder die Automobilindustrie. Dabei hat die 120.000-Einwohner-Stadt in der nieders\u00e4chsischen Metropolregion Hannover-Braunschweig-G\u00f6ttingen-Wolfsburg bereits in der Vergangenheit einiges unternommen, um Wirtschaftsstrukturen jenseits der Automobilindustrie zu f\u00f6rdern. Nicht zuletzt in Zusammenhang mit der Automobilzulieferindustrie finden in Wolfsburg regelm\u00e4\u00dfig internationale [&hellip;]<\/p>","protected":false},"author":1,"featured_media":45482,"parent":0,"menu_order":0,"comment_status":"closed","ping_status":"closed","template":"","meta":{"_acf_changed":false,"footnotes":""},"class_list":["post-10691","page","type-page","status-publish","has-post-thumbnail","hentry"],"acf":[],"_links":{"self":[{"href":"https:\/\/konferenztechnik.de\/tr\/wp-json\/wp\/v2\/pages\/10691","targetHints":{"allow":["GET"]}}],"collection":[{"href":"https:\/\/konferenztechnik.de\/tr\/wp-json\/wp\/v2\/pages"}],"about":[{"href":"https:\/\/konferenztechnik.de\/tr\/wp-json\/wp\/v2\/types\/page"}],"author":[{"embeddable":true,"href":"https:\/\/konferenztechnik.de\/tr\/wp-json\/wp\/v2\/users\/1"}],"replies":[{"embeddable":true,"href":"https:\/\/konferenztechnik.de\/tr\/wp-json\/wp\/v2\/comments?post=10691"}],"version-history":[{"count":0,"href":"https:\/\/konferenztechnik.de\/tr\/wp-json\/wp\/v2\/pages\/10691\/revisions"}],"wp:featuredmedia":[{"embeddable":true,"href":"https:\/\/konferenztechnik.de\/tr\/wp-json\/wp\/v2\/media\/45482"}],"wp:attachment":[{"href":"https:\/\/konferenztechnik.de\/tr\/wp-json\/wp\/v2\/media?parent=10691"}],"curies":[{"name":"wp","href":"https:\/\/api.w.org\/{rel}","templated":true}]}}