{"id":10769,"date":"2017-08-02T16:45:54","date_gmt":"2017-08-02T14:45:54","guid":{"rendered":"https:\/\/www.konferenztechnik.de\/?page_id=10769\/"},"modified":"2023-09-01T13:11:18","modified_gmt":"2023-09-01T11:11:18","slug":"ki%cc%87si%cc%87sel-yoenlendi%cc%87rme-si%cc%87stemi%cc%87-ki%cc%87ralama","status":"publish","type":"page","link":"https:\/\/konferenztechnik.de\/tr\/ki%cc%87si%cc%87sel-yoenlendi%cc%87rme-si%cc%87stemi%cc%87-ki%cc%87ralama\/","title":{"rendered":"Bir tur rehberi sistemi kiralay\u0131n"},"content":{"rendered":"<h1>Bir tur rehberi sistemi kiralay\u0131n: Tur rehberi sistemlerini, rehber sistemlerini, PFA'lar\u0131 h\u0131zl\u0131 ve esnek bir \u015fekilde kiralay\u0131n<\/h1>\n<p>[spacer size=\"20\u2033]<\/p>\n<div class=\"call-action-slider-img\">\n<img fetchpriority=\"high\" decoding=\"async\" width=\"1200\" height=\"448\" src=\"https:\/\/konferenztechnik.de\/wp-content\/uploads\/2017\/08\/fuehrungsanlage-sennheiser-tourguide.jpg\" alt=\"Bir tur rehberi sistemi kiralay\u0131n\" class=\"alignnone size-full wp-image-10776\" title=\"\" srcset=\"https:\/\/konferenztechnik.de\/wp-content\/uploads\/2017\/08\/fuehrungsanlage-sennheiser-tourguide.jpg 1200w, https:\/\/konferenztechnik.de\/wp-content\/uploads\/2017\/08\/fuehrungsanlage-sennheiser-tourguide-300x112.jpg 300w, https:\/\/konferenztechnik.de\/wp-content\/uploads\/2017\/08\/fuehrungsanlage-sennheiser-tourguide-1024x382.jpg 1024w, https:\/\/konferenztechnik.de\/wp-content\/uploads\/2017\/08\/fuehrungsanlage-sennheiser-tourguide-768x287.jpg 768w\" sizes=\"(max-width: 1200px) 100vw, 1200px\" \/><br \/>\n<button class=\"btn popmake-9405\">Fiyat teklifi isteyin,<br \/>\nbir saat i\u00e7inde<br \/>\nseninle! &#x9B;<\/button><\/div>\n<p>Tur rehberi sistemlerini kiralamak tamamen karma\u015f\u0131k de\u011fildir: PCS'de tur rehberi sistemlerini, tur rehberi sistemlerini, f\u0131s\u0131lt\u0131 sistemlerini veya PFA'lar\u0131 h\u0131zl\u0131 ve kolay bir \u015fekilde kiralayabilirsiniz. Tur rehberi sistemleri fabrika turlar\u0131, \u015fehir turlar\u0131 \u2013 ve her t\u00fcrl\u00fc rehberli tur i\u00e7in uygundur. Ayr\u0131ca f\u0131s\u0131lt\u0131yla \u00e7eviri i\u00e7in, yani \u00e7ok dillilik gerekti\u011finde de kullan\u0131labilirler.<\/p>\n<p>[spacer size=\"20\u2033]<\/p>\n<div id=\"newscontainer\">\n<div class=\"newskasten\"><a href=\"https:\/\/konferenztechnik.de\/tr\/konferans-eki%cc%87pmani-ki%cc%87ralama\/rehberli%cc%87k-si%cc%87stemleri%cc%87\/\">Sennheiser tur rehberi<br \/>\n<img decoding=\"async\" src=\"https:\/\/konferenztechnik.de\/wp-content\/uploads\/2017\/03\/fuehrungsanlagen-mieten.jpg\" alt=\"rehber-birimler-kiralama-berlin\" class=\"alignnone size-full wp-image-9536\" title=\"\"><\/a><br \/>\n[temiz]<br \/>\n[list icon=\"moon-checkmark\" color=\"#a62055\u2033]\u00c7enelik al\u0131c\u0131s\u0131[\/list]<br \/>\n[list icon=\"moon-checkmark\" color=\"#a62055\u2033]Ayn\u0131 anda en fazla alt\u0131 kanal\/grup[\/list]<br \/>\n[list icon=\"moon-checkmark\" color=\"#a62055\u2033]Kullan\u0131\u015fl\u0131 \u015farj \u00e7antalar\u0131[\/list]<br \/>\n<a class=\"weiter\" href=\"https:\/\/konferenztechnik.de\/tr\/konferans-eki%cc%87pmani-ki%cc%87ralama\/rehberli%cc%87k-si%cc%87stemleri%cc%87\/\">\u203a Daha fazla<\/a><\/div>\n<div class=\"newskasten\"><a href=\"https:\/\/konferenztechnik.de\/tr\/konferans-eki%cc%87pmani-ki%cc%87ralama\/rehberli%cc%87k-si%cc%87stemleri%cc%87\/\">Beyerdynamic Synexis<br \/>\n<img decoding=\"async\" width=\"530\" height=\"393\" src=\"https:\/\/konferenztechnik.de\/wp-content\/uploads\/2017\/03\/fuehrungsanlagen-mieten-berlin-synexis-1.jpg\" alt=\"Berlin Beyerdynamic Synexis rehber sistemleri kiralama\" class=\"alignleft size-full wp-image-9707\" title=\"\" srcset=\"https:\/\/konferenztechnik.de\/wp-content\/uploads\/2017\/03\/fuehrungsanlagen-mieten-berlin-synexis-1.jpg 530w, https:\/\/konferenztechnik.de\/wp-content\/uploads\/2017\/03\/fuehrungsanlagen-mieten-berlin-synexis-1-300x222.jpg 300w\" sizes=\"(max-width: 530px) 100vw, 530px\" \/><\/a><br \/>\n[temiz]<br \/>\n[list icon=\"moon-checkmark\" color=\"#a62055\u2033]\u00c7e\u015fitli uygulama senaryolar\u0131[\/list]<br \/>\n[list icon=\"moon-checkmark\" color=\"#a62055\u2033]Paralel olarak sekiz adede kadar kanal\/grup[\/list]<br \/>\n[list icon=\"moon-checkmark\" color=\"#a62055\u2033]Kulakl\u0131klar veya tek kulakl\u0131 kulakl\u0131klar[\/list]<br \/>\n<a class=\"weiter\" href=\"https:\/\/konferenztechnik.de\/tr\/konferans-eki%cc%87pmani-ki%cc%87ralama\/rehberli%cc%87k-si%cc%87stemleri%cc%87\/\">\u203a Daha fazla<\/a><\/div>\n<div class=\"newskasten\"><a href=\"https:\/\/konferenztechnik.de\/tr\/konferans-eki%cc%87pmani-ki%cc%87ralama\/tercuemanlik-si%cc%87stemleri%cc%87\/\">Terc\u00fcman kabinleri<br \/>\n<img decoding=\"async\" src=\"https:\/\/konferenztechnik.de\/wp-content\/uploads\/2017\/03\/dolmetscherkabinen-mieten.jpg\" alt=\"terc\u00fcman kabini kiralama\" class=\"alignnone size-full wp-image-9535\" title=\"\"><\/a><br \/>\n[temiz]<br \/>\n[list icon=\"moon-checkmark\" color=\"#a62055\u2033]Simultane terc\u00fcmanlar i\u00e7in[\/list]<br \/>\n[list icon=\"moon-checkmark\" color=\"#a62055\u2033]standart uyumlu: ISO sertifikal\u0131[\/list]<br \/>\n[list icon=\"moon-checkmark\" color=\"#a62055\u2033]Ses yal\u0131t\u0131ml\u0131[\/list]<br \/>\n<a class=\"weiter\" href=\"https:\/\/konferenztechnik.de\/tr\/konferans-eki%cc%87pmani-ki%cc%87ralama\/tercuemanlik-si%cc%87stemleri%cc%87\/\">\u203a Daha fazla<\/a><\/div>\n<\/div>\n<h2>Mobil ve esnek<\/h2>\n<p>Yaya y\u00f6nlendirme sistemlerimiz mobil ve esnek kullan\u0131ml\u0131d\u0131r. PCS'de minimum sipari\u015f miktar\u0131 yoktur; m\u00fc\u015fteriler bizden tam olarak ihtiya\u00e7 duyduklar\u0131 say\u0131da \u00fcnite al\u0131rlar. Bu konuda size tavsiyede bulunmaktan memnuniyet duyar\u0131z.<br \/>\nPFA'lar temel olarak bir verici mikrofon ve al\u0131c\u0131lardan olu\u015fur. B\u00f6ylece bir konu\u015fmac\u0131n\u0131n katk\u0131lar\u0131 birka\u00e7 kat\u0131l\u0131mc\u0131s\u0131 olan bir gruba en iyi \u015fekilde iletilebilir, sokak g\u00fcr\u00fclt\u00fcs\u00fc veya y\u00fcksek \u00fcretim seslerinde bile \u2013'yi anlamak kolayd\u0131r. Birka\u00e7 mikrofon ve dolay\u0131s\u0131yla birka\u00e7 grup paralel olarak kullan\u0131labilir. Hem \u00e7ok k\u00fc\u00e7\u00fck hem de b\u00fcy\u00fck gruplar i\u00e7in kullan\u0131labilir.<\/p>\n<h2>Her zaman bak\u0131ml\u0131 ve hemen kullan\u0131ma haz\u0131r<\/h2>\n<p>Yolcu y\u00f6nlendirme sistemlerimiz her zaman \"kullan\u0131ma haz\u0131rd\u0131r\", yani hemen kullan\u0131ma haz\u0131rd\u0131r. Sistemler depomuzdan ayr\u0131lmadan \u00f6nce kapsaml\u0131 bir fonksiyon testi ger\u00e7ekle\u015ftirilir. T\u00fcm bataryalar taze ve tam \u015farjl\u0131d\u0131r. Cihazlar elbette kullan\u0131mdan \u00f6nce hijyenik olarak temizlenir. B\u00f6ylece hemen \u00e7al\u0131\u015fmaya ba\u015flayabilir ve tamamen etkinli\u011finize konsantre olabilirsiniz.<\/p>\n<h2>Servis ve destek<\/h2>\n<p>T\u00fcm nakliye lojisti\u011fiyle biz ilgileniyoruz. Siz sadece bize sistemin ne zaman ve nereye teslim edilmesini istedi\u011finizi s\u00f6yleyin. Sistemi size kurye ile zaman\u0131nda g\u00f6nderece\u011fiz ve istedi\u011finiz yerden tekrar alaca\u011f\u0131z. Elbette \u00fclke \u00e7ap\u0131nda.<br \/>\nSistemi kullan\u0131rken yard\u0131ma ihtiyac\u0131n\u0131z olursa, e\u011fitimli teknisyenlerimiz size telefonla destek vermekten mutluluk duyacakt\u0131r. \u2013 do\u011fal olarak 24 saat hizmet veren bir yard\u0131m hatt\u0131 sunmaktad\u0131r.<\/p>\n<p>[spacer size=\"20\u2033]<br \/>\n[callout add_button=\"no\" button_text=\"Learn More\" button_url=\"#\" button_color=\"#a62055\u2033]<\/p>\n<h2>Yerel ba\u011flant\u0131lar\u0131m\u0131z:<\/h2>\n<div class=\"tagcloud\">\n<a href=\"https:\/\/konferenztechnik.de\/tr\/ki%cc%87ralama-rehber-si%cc%87stemleri%cc%87-augsburg\/\">Augsburg <\/a><a href=\"https:\/\/konferenztechnik.de\/tr\/ki%cc%87ralama-rehberli%cc%87k-si%cc%87stemleri%cc%87-berli%cc%87n\/\">Berlin <\/a><a href=\"https:\/\/konferenztechnik.de\/tr\/bielefeldde-ki%cc%87ralik-rehber-si%cc%87stemleri%cc%87\/\">Bielefeld <\/a><a href=\"https:\/\/konferenztechnik.de\/tr\/ki%cc%87ralama-rehberli%cc%87k-si%cc%87stemleri%cc%87-bonn\/\">Bonn <\/a><a href=\"https:\/\/konferenztechnik.de\/tr\/ki%cc%87ralama-rehberli%cc%87k-si%cc%87stemleri%cc%87-brandenburg\/\">Brandenburg <\/a><a href=\"https:\/\/konferenztechnik.de\/tr\/dortmund-ki%cc%87ra-rehberli%cc%87k-si%cc%87stemleri%cc%87\/\">Dortmund <\/a><a href=\"https:\/\/konferenztechnik.de\/tr\/duisburg-ki%cc%87ralik-rehber-si%cc%87stemleri%cc%87\/\">Duisburg <\/a><a href=\"https:\/\/konferenztechnik.de\/tr\/ki%cc%87ralama-rehberli%cc%87k-si%cc%87stemleri%cc%87-duesseldorf\/\">D\u00fcsseldorf <\/a><a href=\"https:\/\/konferenztechnik.de\/tr\/ki%cc%87ralama-rehber-si%cc%87stemleri%cc%87-essen\/\">Yemek <\/a><a href=\"https:\/\/konferenztechnik.de\/tr\/ki%cc%87ra-rehberli%cc%87k-si%cc%87stemleri%cc%87-frankfurt-am-main\/\">Frankfurt a. M. <\/a><a href=\"https:\/\/konferenztechnik.de\/tr\/ki%cc%87ralama-rehberli%cc%87k-si%cc%87stemleri%cc%87-freising\/\">Freising <\/a><a href=\"https:\/\/konferenztechnik.de\/tr\/ki%cc%87ralama-rehberli%cc%87k-si%cc%87stemleri%cc%87-friedrichshafen\/\">Friedrichshafen <\/a><a href=\"https:\/\/konferenztechnik.de\/tr\/fuerstenfeldbruck-ki%cc%87ralama-rehberli%cc%87k-si%cc%87stemleri%cc%87\/\">F\u00fcrstenfeld K\u00f6pr\u00fcs\u00fc <\/a><a href=\"https:\/\/konferenztechnik.de\/tr\/garching-ki%cc%87ralik-rehber-si%cc%87stemleri%cc%87\/\">Garching <\/a><a href=\"https:\/\/konferenztechnik.de\/tr\/ki%cc%87ralama-rehberli%cc%87k-si%cc%87stemleri%cc%87-garmisch-partenkirchen\/\">Garmisch-Partenkirchen <\/a><a href=\"https:\/\/konferenztechnik.de\/tr\/ki%cc%87ralik-rehber-si%cc%87stemleri%cc%87-hamburg\/\">Hamburg <\/a><a href=\"https:\/\/konferenztechnik.de\/tr\/heidelberg-ki%cc%87ralik-rehber-si%cc%87stemleri%cc%87\/\">Heidelberg <\/a><a href=\"https:\/\/konferenztechnik.de\/tr\/heilbronn-ki%cc%87ralik-rehber-si%cc%87stemleri%cc%87\/\">Heilbronn <\/a><a href=\"https:\/\/konferenztechnik.de\/tr\/innsbruck-ki%cc%87ralama-rehberli%cc%87k-si%cc%87stemleri%cc%87\/\">Innsbruck <\/a><a href=\"https:\/\/konferenztechnik.de\/tr\/karlsruhe-ki%cc%87ralik-rehber-si%cc%87stemleri%cc%87\/\">Karlsruhe <\/a><a href=\"https:\/\/konferenztechnik.de\/tr\/ki%cc%87ralama-rehberli%cc%87k-si%cc%87stemleri%cc%87-kassel\/\">Kassel <\/a><a href=\"https:\/\/konferenztechnik.de\/tr\/ki%cc%87ralama-rehber-si%cc%87stemleri%cc%87-kempten\/\">Kempten <\/a><a href=\"https:\/\/konferenztechnik.de\/tr\/ki%cc%87ralama-rehberli%cc%87k-si%cc%87stemleri%cc%87-koeln\/\">K\u00f6ln <\/a><a href=\"https:\/\/konferenztechnik.de\/tr\/landsberg-ki%cc%87ralik-rehber-si%cc%87stemleri%cc%87\/\">Landsberg <\/a><a href=\"https:\/\/konferenztechnik.de\/tr\/ki%cc%87ralama-rehberli%cc%87k-si%cc%87stemleri%cc%87-leipzig\/\">Leipzig <\/a><a href=\"https:\/\/konferenztechnik.de\/tr\/ki%cc%87ralama-rehber-si%cc%87stemleri%cc%87-lindau\/\">Lindau <\/a><a href=\"https:\/\/konferenztechnik.de\/tr\/ki%cc%87ralama-rehber-si%cc%87stemleri%cc%87-mannheim\/\">Mannheim <\/a><a href=\"https:\/\/konferenztechnik.de\/tr\/mueni%cc%87h-ki%cc%87ra-rehberli%cc%87k-si%cc%87stemleri%cc%87\/\">M\u00fcnih <\/a><a href=\"https:\/\/konferenztechnik.de\/tr\/ki%cc%87ralama-rehberli%cc%87k-si%cc%87stemleri%cc%87-muenster\/\">Minster <\/a><a href=\"https:\/\/konferenztechnik.de\/tr\/ki%cc%87ralama-rehber-si%cc%87stemleri%cc%87-nuernberg\/\">N\u00fcrnberg <\/a><a href=\"https:\/\/konferenztechnik.de\/tr\/passau-ki%cc%87ralama-rehberli%cc%87k-si%cc%87stemleri%cc%87\/\">Passau <\/a><a href=\"https:\/\/konferenztechnik.de\/tr\/potsdam-ki%cc%87ralik-rehber-si%cc%87stemleri%cc%87\/\">Potsdam <\/a><a href=\"https:\/\/konferenztechnik.de\/tr\/regensburg-ki%cc%87ra-rehberli%cc%87k-si%cc%87stemleri%cc%87\/\">Regensburg <\/a><a href=\"https:\/\/konferenztechnik.de\/tr\/rosenheim-ki%cc%87ralik-rehber-si%cc%87stemleri%cc%87\/\">Rosenheim <\/a><a href=\"https:\/\/konferenztechnik.de\/tr\/ki%cc%87ralama-rehber-si%cc%87stemleri%cc%87-rostock\/\">Rostock <\/a><a href=\"https:\/\/konferenztechnik.de\/tr\/ki%cc%87ralama-rehberli%cc%87k-si%cc%87stemleri%cc%87-stuttgart\/\">Stuttgart <\/a><a href=\"https:\/\/konferenztechnik.de\/tr\/ki%cc%87ralik-rehber-si%cc%87stemleri%cc%87-ulm\/\">Ulm <\/a><a href=\"https:\/\/konferenztechnik.de\/tr\/wolfsburg-ki%cc%87ralik-rehber-si%cc%87stemleri%cc%87\/\">Wolfsburg <\/a><a href=\"https:\/\/konferenztechnik.de\/tr\/wuerzburg-ki%cc%87ralama-rehberli%cc%87k-si%cc%87stemleri%cc%87\/\">W\u00fcrzburg <\/a><\/div>\n<p>[\/callout]<br \/>\n[spacer size=\"20\u2033]<\/p>\n<div class=\"sidebar-line\">\n<span><\/span><\/div>\n<p>[spacer size=\"20\u2033]<\/p>\n<div class=\"leistungen-menu\">\n[column size=\"1-2\u2033 last=\"0\u2033]<\/p>\n<h3>K\u0131lavuz sistemi kiralama<\/h3>\n<p>[menu theme_location='dolmetschertechnik-mieten-stuttgart']<br \/>\n[\/column]<\/p>\n<p>[column size=\"1-2\u2033 last=\"0\u2033]<\/p>\n<h3>K\u0131lavuz sistemi sat\u0131n al\u0131n<\/h3>\n<p>[menu theme_location='dolmetschertechnik-mieten-stuttgart-2\u2032]<br \/>\n[\/column]<\/p>\n<p>[column size=\"1-2\u2033 last=\"0\u2033]<\/p>\n<h3>Kurulum ve entegrasyon<\/h3>\n<p>[menu theme_location='dolmetschertechnik-mieten-stuttgart-3\u2032]<br \/>\n[\/column]<\/p>\n<p>[column size=\"1-4\u2033 last=\"1\u2033]<\/p>\n<h3 >PCS konferans teknolojisi<\/h3>\n<p>[menu theme_location='dolmetschertechnik-mieten-stuttgart-4\u2032]<br \/>\n[\/column]<\/p>\n<\/div>","protected":false},"excerpt":{"rendered":"<p>Personenf\u00fchrungsanlage mieten: Tourguide-Systeme, F\u00fchrungsanlagen, PFAs schnell und flexibel leihen [spacer size=&#8220;20&#8243;] Angebot anfordern, in einer Stunde bei Ihnen! &#x9B; Personenf\u00fchrungsanlagen mieten funktioniert v\u00f6llig unkompliziert: Bei PCS k\u00f6nnen Sie Tourguide-Systeme, F\u00fchrungsanlagen, Fl\u00fcsteranlagen oder PFAs einfach und schnell mieten. Die Personenf\u00fchrungsanlagen sind geeignet f\u00fcr Werksf\u00fchrungen, Stadtf\u00fchrungen &#8211; also F\u00fchrungen aller Art. Auch der Einsatz beim Fl\u00fcsterdolmetschen ist [&hellip;]<\/p>","protected":false},"author":1,"featured_media":45482,"parent":0,"menu_order":0,"comment_status":"closed","ping_status":"closed","template":"","meta":{"_acf_changed":false,"footnotes":""},"class_list":["post-10769","page","type-page","status-publish","has-post-thumbnail","hentry"],"acf":[],"_links":{"self":[{"href":"https:\/\/konferenztechnik.de\/tr\/wp-json\/wp\/v2\/pages\/10769","targetHints":{"allow":["GET"]}}],"collection":[{"href":"https:\/\/konferenztechnik.de\/tr\/wp-json\/wp\/v2\/pages"}],"about":[{"href":"https:\/\/konferenztechnik.de\/tr\/wp-json\/wp\/v2\/types\/page"}],"author":[{"embeddable":true,"href":"https:\/\/konferenztechnik.de\/tr\/wp-json\/wp\/v2\/users\/1"}],"replies":[{"embeddable":true,"href":"https:\/\/konferenztechnik.de\/tr\/wp-json\/wp\/v2\/comments?post=10769"}],"version-history":[{"count":0,"href":"https:\/\/konferenztechnik.de\/tr\/wp-json\/wp\/v2\/pages\/10769\/revisions"}],"wp:featuredmedia":[{"embeddable":true,"href":"https:\/\/konferenztechnik.de\/tr\/wp-json\/wp\/v2\/media\/45482"}],"wp:attachment":[{"href":"https:\/\/konferenztechnik.de\/tr\/wp-json\/wp\/v2\/media?parent=10769"}],"curies":[{"name":"wp","href":"https:\/\/api.w.org\/{rel}","templated":true}]}}