{"id":11599,"date":"2017-09-23T18:54:41","date_gmt":"2017-09-23T16:54:41","guid":{"rendered":"https:\/\/www.konferenztechnik.de\/?page_id=11599"},"modified":"2023-07-28T11:43:55","modified_gmt":"2023-07-28T09:43:55","slug":"dortmund-konferans-eki%cc%87pmanlari-ki%cc%87ralama","status":"publish","type":"page","link":"https:\/\/konferenztechnik.de\/tr\/dortmund-konferans-eki%cc%87pmanlari-ki%cc%87ralama\/","title":{"rendered":"Konferans teknolojisi kiralama Dortmund"},"content":{"rendered":"<div data-elementor-type=\"wp-page\" data-elementor-id=\"11599\" class=\"elementor elementor-11599\" data-elementor-post-type=\"page\">\n\t\t\t\t<div data-particle_enable=\"false\" data-particle-mobile-disabled=\"false\" class=\"elementor-element elementor-element-4a753363 e-flex e-con-boxed e-con e-parent\" data-id=\"4a753363\" data-element_type=\"container\">\n\t\t\t\t\t<div class=\"e-con-inner\">\n\t\t\t\t<div class=\"elementor-element elementor-element-31c4f790 elementor-widget elementor-widget-heading\" data-id=\"31c4f790\" data-element_type=\"widget\" data-settings=\"{&quot;_animation&quot;:&quot;none&quot;}\" data-widget_type=\"heading.default\">\n\t\t\t\t<div class=\"elementor-widget-container\">\n\t\t\t\t\t<h1 class=\"elementor-heading-title elementor-size-default\">Dortmund konferans teknolojisi kiralama, Vestfalya'da AV medya teknolojisi kiralama<\/h1>\t\t\t\t<\/div>\n\t\t\t\t<\/div>\n\t\t\t\t<div class=\"elementor-element elementor-element-19ae5c3e elementor-widget-widescreen__width-inherit elementor-widget elementor-widget-image\" data-id=\"19ae5c3e\" data-element_type=\"widget\" data-widget_type=\"image.default\">\n\t\t\t\t<div class=\"elementor-widget-container\">\n\t\t\t\t\t\t\t\t\t\t\t\t\t\t\t<img fetchpriority=\"high\" decoding=\"async\" width=\"850\" height=\"380\" src=\"https:\/\/konferenztechnik.de\/wp-content\/uploads\/2017\/05\/veranstaltungstechnik-dortmund.jpg\" class=\"attachment-full size-full wp-image-10281\" alt=\"\" srcset=\"https:\/\/konferenztechnik.de\/wp-content\/uploads\/2017\/05\/veranstaltungstechnik-dortmund.jpg 850w, https:\/\/konferenztechnik.de\/wp-content\/uploads\/2017\/05\/veranstaltungstechnik-dortmund-300x134.jpg 300w, https:\/\/konferenztechnik.de\/wp-content\/uploads\/2017\/05\/veranstaltungstechnik-dortmund-768x343.jpg 768w\" sizes=\"(max-width: 850px) 100vw, 850px\" title=\"\">\t\t\t\t\t\t\t\t\t\t\t\t\t\t\t<\/div>\n\t\t\t\t<\/div>\n\t\t<div data-particle_enable=\"false\" data-particle-mobile-disabled=\"false\" class=\"elementor-element elementor-element-65b14924 e-flex e-con-boxed e-con e-parent\" data-id=\"65b14924\" data-element_type=\"container\">\n\t\t\t\t\t<div class=\"e-con-inner\">\n\t\t\t\t<div class=\"elementor-element elementor-element-4d07a17d elementor-align-left elementor-widget elementor-widget-button\" data-id=\"4d07a17d\" data-element_type=\"widget\" data-widget_type=\"button.default\">\n\t\t\t\t<div class=\"elementor-widget-container\">\n\t\t\t\t\t\t\t\t\t<div class=\"elementor-button-wrapper\">\n\t\t\t\t\t<a class=\"elementor-button elementor-button-link elementor-size-lg\" href=\"#serviceteam\">\n\t\t\t\t\t\t<span class=\"elementor-button-content-wrapper\">\n\t\t\t\t\t\t<span class=\"elementor-button-icon\">\n\t\t\t\t<svg aria-hidden=\"true\" class=\"e-font-icon-svg e-far-arrow-alt-circle-down\" viewbox=\"0 0 512 512\" xmlns=\"http:\/\/www.w3.org\/2000\/svg\"><path d=\"M256 8C119 8 8 119 8 256s111 248 248 248 248-111 248-248S393 8 256 8zm0 448c-110.5 0-200-89.5-200-200S145.5 56 256 56s200 89.5 200 200-89.5 200-200 200zm-32-316v116h-67c-10.7 0-16 12.9-8.5 20.5l99 99c4.7 4.7 12.3 4.7 17 0l99-99c7.6-7.6 2.2-20.5-8.5-20.5h-67V140c0-6.6-5.4-12-12-12h-40c-6.6 0-12 5.4-12 12z\"><\/path><\/svg>\t\t\t<\/span>\n\t\t\t\t\t\t\t\t\t<span class=\"elementor-button-text\">\u015eimdi Sorgula<\/span>\n\t\t\t\t\t<\/span>\n\t\t\t\t\t<\/a>\n\t\t\t\t<\/div>\n\t\t\t\t\t\t\t\t<\/div>\n\t\t\t\t<\/div>\n\t\t\t\t\t<\/div>\n\t\t\t\t<\/div>\n\t\t<div data-particle_enable=\"false\" data-particle-mobile-disabled=\"false\" class=\"elementor-element elementor-element-73e085ab e-flex e-con-boxed e-con e-parent\" data-id=\"73e085ab\" data-element_type=\"container\">\n\t\t\t\t\t<div class=\"e-con-inner\">\n\t\t\t\t<div class=\"elementor-element elementor-element-382f76b8 elementor-widget__width-inherit smart-post-list-4-col elementor-hidden-mobile elementor-widget elementor-widget-eael-post-list\" data-id=\"382f76b8\" data-element_type=\"widget\" data-settings=\"{&quot;_animation&quot;:&quot;none&quot;}\" data-widget_type=\"eael-post-list.default\">\n\t\t\t\t<div class=\"elementor-widget-container\">\n\t\t\t\t\t<div class=\"eael-post-list-container advanced layout-advanced\"><div class=\"eael-post-list-wrap\"><div class=\"eael-post-list-posts-wrap eael-post-appender eael-post-appender-382f76b8\"><div class=\"eael-post-list-post\"><div class=\"eael-post-list-post-inner\"><div class=\"eael-post-list-thumbnail\"><a href=\"https:\/\/konferenztechnik.de\/tr\/ki%cc%87si%cc%87sel-yoenlendi%cc%87rme-si%cc%87stemleri%cc%87-ki%cc%87rala-satin-al-kur\/\">\n                <img decoding=\"async\" src=\"https:\/\/konferenztechnik.de\/wp-content\/uploads\/2023\/07\/personenfuehrungsanlage-mieten-kaufen-jpg.webp\" alt=\"Bir adam mikrofona konu\u015fuyor, seyirci tur s\u0131ras\u0131nda tur rehberi sistemi ile dinliyor. PCS&#039;den tur rehberi sistemleri kiralay\u0131n, sat\u0131n al\u0131n veya kiralay\u0131n.\" title=\"\">\n            <\/a><\/div><div class=\"eael-post-list-content\"><h3 class=\"eael-post-list-title\"><a href=\"https:\/\/konferenztechnik.de\/tr\/ki%cc%87si%cc%87sel-yoenlendi%cc%87rme-si%cc%87stemleri%cc%87-ki%cc%87rala-satin-al-kur\/\" >Yolcu y\u00f6nlendirme sistemleri<\/a><\/h3><p>Tur rehberi sistemleri, rehber sistemleri, f\u0131s\u0131lt\u0131 sistemleri veya PFA'lar, kulakl\u0131klar, mikrofonlar, \u015farj \u00fcniteleri, ta\u015f\u0131ma \u00e7antalar\u0131, aksesuarlar<\/p><a href=\"https:\/\/konferenztechnik.de\/tr\/ki%cc%87si%cc%87sel-yoenlendi%cc%87rme-si%cc%87stemleri%cc%87-ki%cc%87rala-satin-al-kur\/\" class=\"eael-post-elements-readmore-btn\" >\u203a daha fazla<\/a><div class=\"boxed-meta\"><\/div><\/div><\/div><\/div><div class=\"eael-post-list-post\"><div class=\"eael-post-list-post-inner\"><div class=\"eael-post-list-thumbnail\"><a href=\"https:\/\/konferenztechnik.de\/tr\/konferans-alicisi-kulaklik-alicisi\/\">\n                <img decoding=\"async\" src=\"https:\/\/konferenztechnik.de\/wp-content\/uploads\/2023\/06\/kopfhoerer-empfaenger-jpg.webp\" alt=\"Yorumlanan dilleri dinlemek i\u00e7in kulakl\u0131klarla birlikte bir konferans masas\u0131na yerle\u015ftirilmi\u015f iki konferans al\u0131c\u0131s\u0131\" title=\"\">\n            <\/a><\/div><div class=\"eael-post-list-content\"><h3 class=\"eael-post-list-title\"><a href=\"https:\/\/konferenztechnik.de\/tr\/konferans-alicisi-kulaklik-alicisi\/\" >Konferans al\u0131c\u0131s\u0131, kulakl\u0131k al\u0131c\u0131s\u0131<\/a><\/h3><p>Konferans al\u0131c\u0131s\u0131 kiralama: Sim\u00fcltane \u00e7evirili konferanslar i\u00e7in al\u0131c\u0131lar ve kulakl\u0131klar<\/p><a href=\"https:\/\/konferenztechnik.de\/tr\/konferans-alicisi-kulaklik-alicisi\/\" class=\"eael-post-elements-readmore-btn\" >\u203a daha fazla<\/a><div class=\"boxed-meta\"><\/div><\/div><\/div><\/div><div class=\"eael-post-list-post\"><div class=\"eael-post-list-post-inner\"><div class=\"eael-post-list-thumbnail\"><a href=\"https:\/\/konferenztechnik.de\/tr\/goeruesme-sistemleri-interkom-istasyonlari-kiralayin-satin-alin-kurun-kiraya-verin\/\">\n                <img decoding=\"async\" src=\"https:\/\/konferenztechnik.de\/wp-content\/uploads\/2023\/06\/diskussionsanlage-sprechstellen-tischmikrofone.jpg\" alt=\"Bir konferans masas\u0131n\u0131n etraf\u0131na da\u011f\u0131t\u0131lm\u0131\u015f, deveboynu mikrofonlara sahip masa mikrofonu \u00fcniteleri\" title=\"\">\n            <\/a><\/div><div class=\"eael-post-list-content\"><h3 class=\"eael-post-list-title\"><a href=\"https:\/\/konferenztechnik.de\/tr\/goeruesme-sistemleri-interkom-istasyonlari-kiralayin-satin-alin-kurun-kiraya-verin\/\" >\u2013 g\u00f6r\u00fc\u015fme sistemleri, interkom istasyonlar\u0131 kiralay\u0131n, sat\u0131n al\u0131n, kurun, kiraya verin<\/a><\/h3><p>\u2013 g\u00f6r\u00fc\u015fme sistemleri, interkom istasyonlar\u0131 kiralay\u0131n, sat\u0131n al\u0131n, kurun, kiraya verin<\/p><a href=\"https:\/\/konferenztechnik.de\/tr\/goeruesme-sistemleri-interkom-istasyonlari-kiralayin-satin-alin-kurun-kiraya-verin\/\" class=\"eael-post-elements-readmore-btn\" >\u203a daha fazla<\/a><div class=\"boxed-meta\"><\/div><\/div><\/div><\/div><div class=\"eael-post-list-post\"><div class=\"eael-post-list-post-inner\"><div class=\"eael-post-list-thumbnail\"><a href=\"https:\/\/konferenztechnik.de\/tr\/tercueman-stantlari-ve-konusmaci-stantlari\/\">\n                <img decoding=\"async\" src=\"https:\/\/konferenztechnik.de\/wp-content\/uploads\/2022\/06\/dolmetscherkabine-sprecherkabine-mieten-kaufen-leasen-jpg.webp\" alt=\"\u0130ki simultane terc\u00fcman i\u00e7in s\u00f6zl\u00fc terc\u00fcme kabini\" title=\"\">\n            <\/a><\/div><div class=\"eael-post-list-content\"><h3 class=\"eael-post-list-title\"><a href=\"https:\/\/konferenztechnik.de\/tr\/tercueman-stantlari-ve-konusmaci-stantlari\/\" >Terc\u00fcman kabinleri ve konu\u015fmac\u0131 kabinleri<\/a><\/h3><p>S\u00f6zl\u00fc terc\u00fcme kabini, simultane terc\u00fcmanlar\u0131n \u00e7al\u0131\u015fma yeridir<\/p><a href=\"https:\/\/konferenztechnik.de\/tr\/tercueman-stantlari-ve-konusmaci-stantlari\/\" class=\"eael-post-elements-readmore-btn\" >\u203a daha fazla<\/a><div class=\"boxed-meta\"><\/div><\/div><\/div><\/div><div class=\"eael-post-list-post\"><div class=\"eael-post-list-post-inner\"><div class=\"eael-post-list-thumbnail\"><a href=\"https:\/\/konferenztechnik.de\/tr\/tercueman-masalari\/\">\n                <img decoding=\"async\" src=\"https:\/\/konferenztechnik.de\/wp-content\/uploads\/2022\/06\/dolmetscherpulte-mieten-kaufen-leasen-jpg.webp\" alt=\"Televizyon terc\u00fcmanl\u0131\u011f\u0131 masas\u0131\" title=\"\">\n            <\/a><\/div><div class=\"eael-post-list-content\"><h3 class=\"eael-post-list-title\"><a href=\"https:\/\/konferenztechnik.de\/tr\/tercueman-masalari\/\" >Terc\u00fcme masalar\u0131<\/a><\/h3><p>Bir s\u00f6zl\u00fc \u00e7eviri kabininin temel donan\u0131m\u0131 bir s\u00f6zl\u00fc \u00e7eviri masas\u0131 i\u00e7erir.<\/p><a href=\"https:\/\/konferenztechnik.de\/tr\/tercueman-masalari\/\" class=\"eael-post-elements-readmore-btn\" >\u203a daha fazla<\/a><div class=\"boxed-meta\"><\/div><\/div><\/div><\/div><\/div><\/div>\n\t\t<\/div>\t\t\t\t<\/div>\n\t\t\t\t<\/div>\n\t\t\t\t\t<\/div>\n\t\t\t\t<\/div>\n\t\t\t\t\t<\/div>\n\t\t\t\t<\/div>\n\t\t<div data-particle_enable=\"false\" data-particle-mobile-disabled=\"false\" class=\"elementor-element elementor-element-4af0bfd3 e-flex e-con-boxed e-con e-parent\" data-id=\"4af0bfd3\" data-element_type=\"container\">\n\t\t\t\t\t<div class=\"e-con-inner\">\n\t\t\t\t<div class=\"elementor-element elementor-element-2b4fbf9a elementor-widget__width-initial elementor-widget elementor-widget-text-editor\" data-id=\"2b4fbf9a\" data-element_type=\"widget\" data-widget_type=\"text-editor.default\">\n\t\t\t\t<div class=\"elementor-widget-container\">\n\t\t\t\t\t\t\t\t\t<p>Hissedar toplant\u0131lar\u0131ndan \u015fehir turlar\u0131na, yorumlanm\u0131\u015f mahkeme duru\u015fmalar\u0131ndan \u015firket kutlamalar\u0131na: PCS, Dortmund ve Westphalia'ya video, ses ve simultane teknolojisi \u2013, yani geni\u015f anlamda konferans ve AV medya teknolojisi sa\u011fl\u0131yor. PCS'nin kiral\u0131k sistemleri Dortmund'daki konferans otellerinin yan\u0131 s\u0131ra Westfalenhalle gibi etkinlik merkezlerinde veya Lensing-Carree Konferans Merkezi gibi kongre merkezlerinde de kullan\u0131lmaktad\u0131r. \u00d6zellikle PCS AV medya teknolojisi, Dortmund ve t\u00fcm Ruhr b\u00f6lgesindeki \u00e7ok say\u0131da etkinlik yerinde kullan\u0131lmaktad\u0131r.<\/p>\t\t\t\t\t\t\t\t<\/div>\n\t\t\t\t<\/div>\n\t\t\t\t<div class=\"elementor-element elementor-element-47aa8b12 elementor-widget__width-initial elementor-widget elementor-widget-heading\" data-id=\"47aa8b12\" data-element_type=\"widget\" data-settings=\"{&quot;_animation&quot;:&quot;none&quot;}\" data-widget_type=\"heading.default\">\n\t\t\t\t<div class=\"elementor-widget-container\">\n\t\t\t\t\t<h2 class=\"elementor-heading-title elementor-size-default\">Konferans teknolojisini i\u015fe almak neden \u00e7o\u011fu zaman daha iyi bir \u00e7\u00f6z\u00fcmd\u00fcr?<\/h2>\t\t\t\t<\/div>\n\t\t\t\t<\/div>\n\t\t\t\t<div class=\"elementor-element elementor-element-4b6b2c62 elementor-widget elementor-widget-image\" data-id=\"4b6b2c62\" data-element_type=\"widget\" data-widget_type=\"image.default\">\n\t\t\t\t<div class=\"elementor-widget-container\">\n\t\t\t\t\t\t\t\t\t\t\t\t\t\t\t<img decoding=\"async\" width=\"1200\" height=\"450\" src=\"https:\/\/konferenztechnik.de\/wp-content\/uploads\/2016\/10\/events-fullservice.jpg\" class=\"attachment-full size-full wp-image-8489\" alt=\"events-fullservice\" srcset=\"https:\/\/konferenztechnik.de\/wp-content\/uploads\/2016\/10\/events-fullservice.jpg 1200w, https:\/\/konferenztechnik.de\/wp-content\/uploads\/2016\/10\/events-fullservice-300x113.jpg 300w, https:\/\/konferenztechnik.de\/wp-content\/uploads\/2016\/10\/events-fullservice-1024x384.jpg 1024w, https:\/\/konferenztechnik.de\/wp-content\/uploads\/2016\/10\/events-fullservice-768x288.jpg 768w\" sizes=\"(max-width: 1200px) 100vw, 1200px\" title=\"\">\t\t\t\t\t\t\t\t\t\t\t\t\t\t\t<\/div>\n\t\t\t\t<\/div>\n\t\t\t\t<div class=\"elementor-element elementor-element-1a1828a1 elementor-widget__width-inherit elementor-widget elementor-widget-text-editor\" data-id=\"1a1828a1\" data-element_type=\"widget\" data-widget_type=\"text-editor.default\">\n\t\t\t\t<div class=\"elementor-widget-container\">\n\t\t\t\t\t\t\t\t\t<p>Konferans ve AV medya teknolojisinde uzmanla\u015fm\u0131\u015f bir \u015firket olarak Dortmund'daki PCS, terc\u00fcmanl\u0131k sistemleri, masa\u00fcst\u00fc mikrofon \u00fcniteleri, konferans al\u0131c\u0131lar\u0131n\u0131n yan\u0131 s\u0131ra kiralama veya sat\u0131n alma i\u00e7in genel seslendirme sistemleri ve projekt\u00f6rler sunmaktad\u0131r. Bir m\u00fc\u015fteri i\u00e7in kiralaman\u0131n m\u0131 yoksa sat\u0131n alman\u0131n m\u0131 daha iyi bir \u00e7\u00f6z\u00fcm oldu\u011fu, di\u011fer \u015feylerin yan\u0131 s\u0131ra, ilgili sistemlerin ne s\u0131kl\u0131kla kullan\u0131ld\u0131\u011f\u0131na ve s\u00f6z konusu \u015firketin teknik uzmanl\u0131k d\u00fczeyine ba\u011fl\u0131d\u0131r. Bir yandan, PCS taraf\u0131ndan sunulan kapsaml\u0131 hizmet ve dan\u0131\u015fmanl\u0131k yelpazesi, konferans teknolojisi sistemlerinin kiralanmas\u0131 lehine konu\u015fmaktad\u0131r. Buna ek olarak, konferans ve AV medya teknolojisi kiralayanlar, her etkinlikten \u00f6nce PCS teknisyenleri taraf\u0131ndan performans a\u00e7\u0131s\u0131ndan kontrol edilen ve profesyonel olarak bak\u0131m\u0131 yap\u0131lan sistemlere sahip olurlar.<\/p>\t\t\t\t\t\t\t\t<\/div>\n\t\t\t\t<\/div>\n\t\t\t\t<div class=\"elementor-element elementor-element-4829e77 elementor-widget__width-initial elementor-widget elementor-widget-heading\" data-id=\"4829e77\" data-element_type=\"widget\" data-settings=\"{&quot;_animation&quot;:&quot;none&quot;}\" data-widget_type=\"heading.default\">\n\t\t\t\t<div class=\"elementor-widget-container\">\n\t\t\t\t\t<h2 class=\"elementor-heading-title elementor-size-default\">Konferans teknolojisi kiralama: Ekipmandan daha fazlas\u0131<\/h2>\t\t\t\t<\/div>\n\t\t\t\t<\/div>\n\t\t\t\t<div class=\"elementor-element elementor-element-7174eb9 elementor-widget__width-inherit elementor-widget elementor-widget-text-editor\" data-id=\"7174eb9\" data-element_type=\"widget\" data-widget_type=\"text-editor.default\">\n\t\t\t\t<div class=\"elementor-widget-container\">\n\t\t\t\t\t\t\t\t\t<p>Dan\u0131\u015fmanl\u0131k ve hizmetlerle ilgili olarak, Dortmund etkinlik organizat\u00f6rleri, konferans teknolojisi kiralarken, baz\u0131lar\u0131 \u00fccretsiz olan a\u015fa\u011f\u0131daki ek \u2013 tekliflerinden yararlanabilirler:<\/p>\t\t\t\t\t\t\t\t<\/div>\n\t\t\t\t<\/div>\n\t\t\t\t<div class=\"elementor-element elementor-element-aff56a0 elementor-icon-list--layout-traditional elementor-list-item-link-full_width elementor-widget elementor-widget-icon-list\" data-id=\"aff56a0\" data-element_type=\"widget\" data-widget_type=\"icon-list.default\">\n\t\t\t\t<div class=\"elementor-widget-container\">\n\t\t\t\t\t\t\t<ul class=\"elementor-icon-list-items\">\n\t\t\t\t\t\t\t<li class=\"elementor-icon-list-item\">\n\t\t\t\t\t\t\t\t\t\t\t<span class=\"elementor-icon-list-icon\">\n\t\t\t\t\t\t\t<svg aria-hidden=\"true\" class=\"e-font-icon-svg e-fas-check\" viewbox=\"0 0 512 512\" xmlns=\"http:\/\/www.w3.org\/2000\/svg\"><path d=\"M173.898 439.404l-166.4-166.4c-9.997-9.997-9.997-26.206 0-36.204l36.203-36.204c9.997-9.998 26.207-9.998 36.204 0L192 312.69 432.095 72.596c9.997-9.997 26.207-9.997 36.204 0l36.203 36.204c9.997 9.997 9.997 26.206 0 36.204l-294.4 294.401c-9.998 9.997-26.207 9.997-36.204-.001z\"><\/path><\/svg>\t\t\t\t\t\t<\/span>\n\t\t\t\t\t\t\t\t\t\t<span class=\"elementor-icon-list-text\">PCS proje planlay\u0131c\u0131lar\u0131ndan ayr\u0131nt\u0131l\u0131 tavsiyeler<\/span>\n\t\t\t\t\t\t\t\t\t<\/li>\n\t\t\t\t\t\t\t\t<li class=\"elementor-icon-list-item\">\n\t\t\t\t\t\t\t\t\t\t\t<span class=\"elementor-icon-list-icon\">\n\t\t\t\t\t\t\t<svg aria-hidden=\"true\" class=\"e-font-icon-svg e-fas-check\" viewbox=\"0 0 512 512\" xmlns=\"http:\/\/www.w3.org\/2000\/svg\"><path d=\"M173.898 439.404l-166.4-166.4c-9.997-9.997-9.997-26.206 0-36.204l36.203-36.204c9.997-9.998 26.207-9.998 36.204 0L192 312.69 432.095 72.596c9.997-9.997 26.207-9.997 36.204 0l36.203 36.204c9.997 9.997 9.997 26.206 0 36.204l-294.4 294.401c-9.998 9.997-26.207 9.997-36.204-.001z\"><\/path><\/svg>\t\t\t\t\t\t<\/span>\n\t\t\t\t\t\t\t\t\t\t<span class=\"elementor-icon-list-text\">Etkinlik planlamas\u0131nda aktif destek<\/span>\n\t\t\t\t\t\t\t\t\t<\/li>\n\t\t\t\t\t\t\t\t<li class=\"elementor-icon-list-item\">\n\t\t\t\t\t\t\t\t\t\t\t<span class=\"elementor-icon-list-icon\">\n\t\t\t\t\t\t\t<svg aria-hidden=\"true\" class=\"e-font-icon-svg e-fas-check\" viewbox=\"0 0 512 512\" xmlns=\"http:\/\/www.w3.org\/2000\/svg\"><path d=\"M173.898 439.404l-166.4-166.4c-9.997-9.997-9.997-26.206 0-36.204l36.203-36.204c9.997-9.998 26.207-9.998 36.204 0L192 312.69 432.095 72.596c9.997-9.997 26.207-9.997 36.204 0l36.203 36.204c9.997 9.997 9.997 26.206 0 36.204l-294.4 294.401c-9.998 9.997-26.207 9.997-36.204-.001z\"><\/path><\/svg>\t\t\t\t\t\t<\/span>\n\t\t\t\t\t\t\t\t\t\t<span class=\"elementor-icon-list-text\">Sipari\u015f edilen sistemlerin do\u011frudan Dortmund ve Vestfalya'daki etkinlik mekanlar\u0131na zaman\u0131nda teslim edilmesi<\/span>\n\t\t\t\t\t\t\t\t\t<\/li>\n\t\t\t\t\t\t\t\t<li class=\"elementor-icon-list-item\">\n\t\t\t\t\t\t\t\t\t\t\t<span class=\"elementor-icon-list-icon\">\n\t\t\t\t\t\t\t<svg aria-hidden=\"true\" class=\"e-font-icon-svg e-fas-check\" viewbox=\"0 0 512 512\" xmlns=\"http:\/\/www.w3.org\/2000\/svg\"><path d=\"M173.898 439.404l-166.4-166.4c-9.997-9.997-9.997-26.206 0-36.204l36.203-36.204c9.997-9.998 26.207-9.998 36.204 0L192 312.69 432.095 72.596c9.997-9.997 26.207-9.997 36.204 0l36.203 36.204c9.997 9.997 9.997 26.206 0 36.204l-294.4 294.401c-9.998 9.997-26.207 9.997-36.204-.001z\"><\/path><\/svg>\t\t\t\t\t\t<\/span>\n\t\t\t\t\t\t\t\t\t\t<span class=\"elementor-icon-list-text\">E\u011fitimli teknisyenler taraf\u0131ndan yerinde sistem kurulumu<\/span>\n\t\t\t\t\t\t\t\t\t<\/li>\n\t\t\t\t\t\t\t\t<li class=\"elementor-icon-list-item\">\n\t\t\t\t\t\t\t\t\t\t\t<span class=\"elementor-icon-list-icon\">\n\t\t\t\t\t\t\t<svg aria-hidden=\"true\" class=\"e-font-icon-svg e-fas-check\" viewbox=\"0 0 512 512\" xmlns=\"http:\/\/www.w3.org\/2000\/svg\"><path d=\"M173.898 439.404l-166.4-166.4c-9.997-9.997-9.997-26.206 0-36.204l36.203-36.204c9.997-9.998 26.207-9.998 36.204 0L192 312.69 432.095 72.596c9.997-9.997 26.207-9.997 36.204 0l36.203 36.204c9.997 9.997 9.997 26.206 0 36.204l-294.4 294.401c-9.998 9.997-26.207 9.997-36.204-.001z\"><\/path><\/svg>\t\t\t\t\t\t<\/span>\n\t\t\t\t\t\t\t\t\t\t<span class=\"elementor-icon-list-text\">Etkinlik s\u0131ras\u0131nda destek<\/span>\n\t\t\t\t\t\t\t\t\t<\/li>\n\t\t\t\t\t\t\t\t<li class=\"elementor-icon-list-item\">\n\t\t\t\t\t\t\t\t\t\t\t<span class=\"elementor-icon-list-icon\">\n\t\t\t\t\t\t\t<svg aria-hidden=\"true\" class=\"e-font-icon-svg e-fas-check\" viewbox=\"0 0 512 512\" xmlns=\"http:\/\/www.w3.org\/2000\/svg\"><path d=\"M173.898 439.404l-166.4-166.4c-9.997-9.997-9.997-26.206 0-36.204l36.203-36.204c9.997-9.998 26.207-9.998 36.204 0L192 312.69 432.095 72.596c9.997-9.997 26.207-9.997 36.204 0l36.203 36.204c9.997 9.997 9.997 26.206 0 36.204l-294.4 294.401c-9.998 9.997-26.207 9.997-36.204-.001z\"><\/path><\/svg>\t\t\t\t\t\t<\/span>\n\t\t\t\t\t\t\t\t\t\t<span class=\"elementor-icon-list-text\">Olay sonras\u0131nda sistemlerin s\u00f6k\u00fclmesi ve kald\u0131r\u0131lmas\u0131 <\/span>\n\t\t\t\t\t\t\t\t\t<\/li>\n\t\t\t\t\t\t<\/ul>\n\t\t\t\t\t\t<\/div>\n\t\t\t\t<\/div>\n\t\t\t\t<div class=\"elementor-element elementor-element-3575bbb5 elementor-widget__width-inherit elementor-widget elementor-widget-text-editor\" data-id=\"3575bbb5\" data-element_type=\"widget\" data-widget_type=\"text-editor.default\">\n\t\t\t\t<div class=\"elementor-widget-container\">\n\t\t\t\t\t\t\t\t\t<p>Yukar\u0131da belirtilen \u00f6zelliklere ek olarak, kiral\u0131k sistemler genellikle konferans teknolojisindeki en son trendlere kar\u015f\u0131l\u0131k gelme avantaj\u0131na da sahiptir. \u00d6rne\u011fin, masa \u00fcst\u00fc mikrofon \u00fcniteleri (veya tart\u0131\u015fma sistemleri \/ mikrofon zincirleri) s\u00f6z konusu oldu\u011funda, genellikle \"Bosch Dicentis\u201d\" gibi kablosuz sistemlere talep vard\u0131r. Bunlar \u00f6zellikle h\u0131zl\u0131 bir \u015fekilde kurulabilir ve esnek bir \u015fekilde konumland\u0131r\u0131labilir. PCS teknisyenleri, \u015fu anda trend olan kablosuz sistemlerin mi yoksa klasik kablolu sistemlerin mi bir etkinlik i\u00e7in daha iyi bir \u00e7\u00f6z\u00fcm oldu\u011funu h\u0131zl\u0131 bir \u015fekilde belirleyebilir.<\/p><p>Dortmund ve Vestfalya'dan gelen e-posta talepleri PCS taraf\u0131ndan genellikle bir saat i\u00e7inde yan\u0131tlanmaktad\u0131r. Ayr\u0131ca Dortmund kongre organizat\u00f6rleri, etkinlik organizat\u00f6rleri ve di\u011fer t\u00fcm \u015firketlere yard\u0131mc\u0131 olmaktan mutluluk duyan 24 saat hizmet veren bir telefon hatt\u0131 da bulunmaktad\u0131r. Dortmund\/Vestfalya b\u00f6lgesine D\u00fcsseldorf'taki PCS \u015fubesi hizmet vermektedir.<\/p>\t\t\t\t\t\t\t\t<\/div>\n\t\t\t\t<\/div>\n\t\t\t\t<div class=\"elementor-element elementor-element-5d95ed2f elementor-widget elementor-widget-image\" data-id=\"5d95ed2f\" data-element_type=\"widget\" data-widget_type=\"image.default\">\n\t\t\t\t<div class=\"elementor-widget-container\">\n\t\t\t\t\t\t\t\t\t\t\t\t\t\t\t<img decoding=\"async\" width=\"1200\" height=\"450\" src=\"https:\/\/konferenztechnik.de\/wp-content\/uploads\/2016\/10\/events-berlin.jpg\" class=\"attachment-full size-full wp-image-8486\" alt=\"\" srcset=\"https:\/\/konferenztechnik.de\/wp-content\/uploads\/2016\/10\/events-berlin.jpg 1200w, https:\/\/konferenztechnik.de\/wp-content\/uploads\/2016\/10\/events-berlin-300x113.jpg 300w, https:\/\/konferenztechnik.de\/wp-content\/uploads\/2016\/10\/events-berlin-1024x384.jpg 1024w, https:\/\/konferenztechnik.de\/wp-content\/uploads\/2016\/10\/events-berlin-768x288.jpg 768w\" sizes=\"(max-width: 1200px) 100vw, 1200px\" title=\"\">\t\t\t\t\t\t\t\t\t\t\t\t\t\t\t<\/div>\n\t\t\t\t<\/div>\n\t\t<div data-particle_enable=\"false\" data-particle-mobile-disabled=\"false\" class=\"elementor-element elementor-element-28b0e954 e-flex e-con-boxed e-con e-parent\" data-id=\"28b0e954\" data-element_type=\"container\">\n\t\t\t\t\t<div class=\"e-con-inner\">\n\t\t\t\t<div class=\"elementor-element elementor-element-ab80ae6 elementor-align-left elementor-widget elementor-widget-button\" data-id=\"ab80ae6\" data-element_type=\"widget\" data-widget_type=\"button.default\">\n\t\t\t\t<div class=\"elementor-widget-container\">\n\t\t\t\t\t\t\t\t\t<div class=\"elementor-button-wrapper\">\n\t\t\t\t\t<a class=\"elementor-button elementor-button-link elementor-size-lg\" href=\"#serviceteam\">\n\t\t\t\t\t\t<span class=\"elementor-button-content-wrapper\">\n\t\t\t\t\t\t<span class=\"elementor-button-icon\">\n\t\t\t\t<svg aria-hidden=\"true\" class=\"e-font-icon-svg e-far-arrow-alt-circle-down\" viewbox=\"0 0 512 512\" xmlns=\"http:\/\/www.w3.org\/2000\/svg\"><path d=\"M256 8C119 8 8 119 8 256s111 248 248 248 248-111 248-248S393 8 256 8zm0 448c-110.5 0-200-89.5-200-200S145.5 56 256 56s200 89.5 200 200-89.5 200-200 200zm-32-316v116h-67c-10.7 0-16 12.9-8.5 20.5l99 99c4.7 4.7 12.3 4.7 17 0l99-99c7.6-7.6 2.2-20.5-8.5-20.5h-67V140c0-6.6-5.4-12-12-12h-40c-6.6 0-12 5.4-12 12z\"><\/path><\/svg>\t\t\t<\/span>\n\t\t\t\t\t\t\t\t\t<span class=\"elementor-button-text\">\u015eimdi Sorgula<\/span>\n\t\t\t\t\t<\/span>\n\t\t\t\t\t<\/a>\n\t\t\t\t<\/div>\n\t\t\t\t\t\t\t\t<\/div>\n\t\t\t\t<\/div>\n\t\t\t\t\t<\/div>\n\t\t\t\t<\/div>\n\t\t\t\t<div class=\"elementor-element elementor-element-72b783a5 elementor-widget__width-initial elementor-widget elementor-widget-heading\" data-id=\"72b783a5\" data-element_type=\"widget\" data-settings=\"{&quot;_animation&quot;:&quot;none&quot;}\" data-widget_type=\"heading.default\">\n\t\t\t\t<div class=\"elementor-widget-container\">\n\t\t\t\t\t<h2 class=\"elementor-heading-title elementor-size-default\">Konferans teknolojisi kiralama Dortmund<\/h2>\t\t\t\t<\/div>\n\t\t\t\t<\/div>\n\t\t\t\t<div class=\"elementor-element elementor-element-3d3bf931 elementor-widget elementor-widget-eael-adv-accordion\" data-id=\"3d3bf931\" data-element_type=\"widget\" data-widget_type=\"eael-adv-accordion.default\">\n\t\t\t\t<div class=\"elementor-widget-container\">\n\t\t\t\t\t            <div class=\"eael-adv-accordion\" id=\"eael-adv-accordion-3d3bf931\" data-scroll-on-click=\"no\" data-scroll-speed=\"300\" data-accordion-id=\"3d3bf931\" data-accordion-type=\"accordion\" data-toogle-speed=\"300\">\n            <div class=\"eael-accordion-list\">\n\t\t\t\t\t<div id=\"veranstaltungsorte-fr-events-und-kongresse-in-dortmund-\" class=\"elementor-tab-title eael-accordion-header\" tabindex=\"0\" data-tab=\"1\" aria-controls=\"elementor-tab-content-1021\"><span class=\"eael-advanced-accordion-icon-closed\"><svg aria-hidden=\"true\" class=\"fa-accordion-icon e-font-icon-svg e-fas-plus\" viewbox=\"0 0 448 512\" xmlns=\"http:\/\/www.w3.org\/2000\/svg\"><path d=\"M416 208H272V64c0-17.67-14.33-32-32-32h-32c-17.67 0-32 14.33-32 32v144H32c-17.67 0-32 14.33-32 32v32c0 17.67 14.33 32 32 32h144v144c0 17.67 14.33 32 32 32h32c17.67 0 32-14.33 32-32V304h144c17.67 0 32-14.33 32-32v-32c0-17.67-14.33-32-32-32z\"><\/path><\/svg><\/span><span class=\"eael-advanced-accordion-icon-opened\"><svg aria-hidden=\"true\" class=\"fa-accordion-icon e-font-icon-svg e-fas-minus\" viewbox=\"0 0 448 512\" xmlns=\"http:\/\/www.w3.org\/2000\/svg\"><path d=\"M416 208H32c-17.67 0-32 14.33-32 32v32c0 17.67 14.33 32 32 32h384c17.67 0 32-14.33 32-32v-32c0-17.67-14.33-32-32-32z\"><\/path><\/svg><\/span><span class=\"eael-accordion-tab-title\">Dortmund'daki etkinlik ve kongre mekanlar\u0131 <\/span><svg aria-hidden=\"true\" class=\"fa-toggle e-font-icon-svg e-fas-angle-right\" viewbox=\"0 0 256 512\" xmlns=\"http:\/\/www.w3.org\/2000\/svg\"><path d=\"M224.3 273l-136 136c-9.4 9.4-24.6 9.4-33.9 0l-22.6-22.6c-9.4-9.4-9.4-24.6 0-33.9l96.4-96.4-96.4-96.4c-9.4-9.4-9.4-24.6 0-33.9L54.3 103c9.4-9.4 24.6-9.4 33.9 0l136 136c9.5 9.4 9.5 24.6.1 34z\"><\/path><\/svg><\/div><div id=\"elementor-tab-content-1021\" class=\"eael-accordion-content clearfix\" data-tab=\"1\" aria-labelledby=\"veranstaltungsorte-fr-events-und-kongresse-in-dortmund-\"><div><ul><li>Dortmund Westfalenhallen Sergi Merkezi<\/li><li>Dietrich Keuning Evi<\/li><li>Westhusen Kalesi<\/li><li>Dortmund U<\/li><li>Lensing-Carree Konferans Merkezi<\/li><li>Dortmund Konser Salonu<\/li><li>Etkinlik kilisesi Dortmund<\/li><li>Bay Walter<\/li><li>Hoesch M\u00fczesi<\/li><li>Alman Futbol M\u00fczesi<\/li><li>CineStar Dortmund<\/li><li>Baba Blatzheim<\/li><li>SIGNAL IDUNA PARK<\/li><li>Freisch\u00fctz<\/li><li>Hansa kok fabrikas\u0131<\/li><li>Barop \u00e7ok katl\u0131 otopark \u2013 Stolzenhoff<\/li><li>ACELE SAAT<\/li><li>Sch\u00fcrmanns parkta<\/li><li>G\u00f6l pavyonu<\/li><li>Eventhouse \/ Sunshine Otel<\/li><li>Sanat ve K\u00fclt\u00fcr Tarihi M\u00fczesi Rotunda<\/li><\/ul><\/div><\/div>\n\t\t\t\t\t<\/div><div class=\"eael-accordion-list\">\n\t\t\t\t\t<div id=\"die-wichtigsten-veranstaltungshotels-in-dortmund\" class=\"elementor-tab-title eael-accordion-header\" tabindex=\"0\" data-tab=\"2\" aria-controls=\"elementor-tab-content-1022\"><span class=\"eael-advanced-accordion-icon-closed\"><svg aria-hidden=\"true\" class=\"fa-accordion-icon e-font-icon-svg e-fas-plus\" viewbox=\"0 0 448 512\" xmlns=\"http:\/\/www.w3.org\/2000\/svg\"><path d=\"M416 208H272V64c0-17.67-14.33-32-32-32h-32c-17.67 0-32 14.33-32 32v144H32c-17.67 0-32 14.33-32 32v32c0 17.67 14.33 32 32 32h144v144c0 17.67 14.33 32 32 32h32c17.67 0 32-14.33 32-32V304h144c17.67 0 32-14.33 32-32v-32c0-17.67-14.33-32-32-32z\"><\/path><\/svg><\/span><span class=\"eael-advanced-accordion-icon-opened\"><svg aria-hidden=\"true\" class=\"fa-accordion-icon e-font-icon-svg e-fas-minus\" viewbox=\"0 0 448 512\" xmlns=\"http:\/\/www.w3.org\/2000\/svg\"><path d=\"M416 208H32c-17.67 0-32 14.33-32 32v32c0 17.67 14.33 32 32 32h384c17.67 0 32-14.33 32-32v-32c0-17.67-14.33-32-32-32z\"><\/path><\/svg><\/span><span class=\"eael-accordion-tab-title\">Dortmund'daki en \u00f6nemli etkinlik otelleri<\/span><svg aria-hidden=\"true\" class=\"fa-toggle e-font-icon-svg e-fas-angle-right\" viewbox=\"0 0 256 512\" xmlns=\"http:\/\/www.w3.org\/2000\/svg\"><path d=\"M224.3 273l-136 136c-9.4 9.4-24.6 9.4-33.9 0l-22.6-22.6c-9.4-9.4-9.4-24.6 0-33.9l96.4-96.4-96.4-96.4c-9.4-9.4-9.4-24.6 0-33.9L54.3 103c9.4-9.4 24.6-9.4 33.9 0l136 136c9.5 9.4 9.5 24.6.1 34z\"><\/path><\/svg><\/div><div id=\"elementor-tab-content-1022\" class=\"eael-accordion-content clearfix\" data-tab=\"2\" aria-labelledby=\"die-wichtigsten-veranstaltungshotels-in-dortmund\"><ul><li>Parkhotel Wittekindshof<\/li><li>Radisson Blu Dortmund<\/li><li>Mercure Hotel Dortmund Messe &amp; Kongress Westfalenhallen<\/li><li>Mercure Hotel Dortmund Centrum<\/li><li>Arcadia Grand Hotel Dortmund<\/li><li>Ringhotel Drees, Best Western Hotel Dortmund Havaalan\u0131<\/li><li>TOP Konferans Merkezi Dortmund<\/li><li>TOP Hotel Esplanade<\/li><li>Steigenberger Hotel Dortmund<\/li><li>DJH Youth Guesthouse Adolph Kolping<\/li><\/ul><\/div>\n\t\t\t\t\t<\/div><div class=\"eael-accordion-list\">\n\t\t\t\t\t<div id=\"messe-dortmund-und-die-wichtigsten-messetermine\" class=\"elementor-tab-title eael-accordion-header\" tabindex=\"0\" data-tab=\"3\" aria-controls=\"elementor-tab-content-1023\"><span class=\"eael-advanced-accordion-icon-closed\"><svg aria-hidden=\"true\" class=\"fa-accordion-icon e-font-icon-svg e-fas-plus\" viewbox=\"0 0 448 512\" xmlns=\"http:\/\/www.w3.org\/2000\/svg\"><path d=\"M416 208H272V64c0-17.67-14.33-32-32-32h-32c-17.67 0-32 14.33-32 32v144H32c-17.67 0-32 14.33-32 32v32c0 17.67 14.33 32 32 32h144v144c0 17.67 14.33 32 32 32h32c17.67 0 32-14.33 32-32V304h144c17.67 0 32-14.33 32-32v-32c0-17.67-14.33-32-32-32z\"><\/path><\/svg><\/span><span class=\"eael-advanced-accordion-icon-opened\"><svg aria-hidden=\"true\" class=\"fa-accordion-icon e-font-icon-svg e-fas-minus\" viewbox=\"0 0 448 512\" xmlns=\"http:\/\/www.w3.org\/2000\/svg\"><path d=\"M416 208H32c-17.67 0-32 14.33-32 32v32c0 17.67 14.33 32 32 32h384c17.67 0 32-14.33 32-32v-32c0-17.67-14.33-32-32-32z\"><\/path><\/svg><\/span><span class=\"eael-accordion-tab-title\">Messe Dortmund ve en \u00f6nemli ticari fuar tarihleri<\/span><svg aria-hidden=\"true\" class=\"fa-toggle e-font-icon-svg e-fas-angle-right\" viewbox=\"0 0 256 512\" xmlns=\"http:\/\/www.w3.org\/2000\/svg\"><path d=\"M224.3 273l-136 136c-9.4 9.4-24.6 9.4-33.9 0l-22.6-22.6c-9.4-9.4-9.4-24.6 0-33.9l96.4-96.4-96.4-96.4c-9.4-9.4-9.4-24.6 0-33.9L54.3 103c9.4-9.4 24.6-9.4 33.9 0l136 136c9.5 9.4 9.5 24.6.1 34z\"><\/path><\/svg><\/div><div id=\"elementor-tab-content-1023\" class=\"eael-accordion-content clearfix\" data-tab=\"3\" aria-labelledby=\"messe-dortmund-und-die-wichtigsten-messetermine\"><ul><li>Cake &amp; Bake Germany, Best of Events International<\/li><li>Alman posta g\u00fcvercini sergisi<\/li><li>G\u00f6zl\u00fck &amp; Co<\/li><li>vivanti<\/li><li>EMPACK Dortmund<\/li><li>AV &amp; K\u00d6PEK<\/li><li>BALIK &amp; MELEK<\/li><li>Elektrik M\u00fchendisli\u011fi<\/li><li>\u00c7ama\u015f\u0131rhane ve daha fazlas\u0131<\/li><li>Bak\u0131m Dortmund<\/li><li>POMPA &amp; VANALAR<\/li><li>INTERMODELLBAU<\/li><li>SCH\u00dcTTGUT<\/li><li>GERI\u0307 D\u00d6N\u00dc\u015e\u00dcM TEKNOLOJI\u0307SI\u0307<\/li><li>Uygulamal\u0131 \u00dcretim<\/li><li>WM At\u00f6lye Fuar\u0131<\/li><li>AD\u0130L DOSTLAR<\/li><li>InterTabac<\/li><li>\u0130LK<\/li><li>DORTMUNDER SONBAHAR<\/li><li>DKM<\/li><li>Alman Comic Con Dortmund<\/li><\/ul><\/div>\n\t\t\t\t\t<\/div><\/div>\t\t\t\t<\/div>\n\t\t\t\t<\/div>\n\t\t\t\t\t<\/div>\n\t\t\t\t<\/div>\n\t\t<div data-particle_enable=\"false\" data-particle-mobile-disabled=\"false\" class=\"elementor-element elementor-element-3fcce273 e-flex e-con-boxed e-con e-parent\" data-id=\"3fcce273\" data-element_type=\"container\">\n\t\t\t\t\t<div class=\"e-con-inner\">\n\t\t\t\t<div class=\"elementor-element elementor-element-50b5e50b elementor-widget elementor-widget-shortcode\" data-id=\"50b5e50b\" data-element_type=\"widget\" data-widget_type=\"shortcode.default\">\n\t\t\t\t<div class=\"elementor-widget-container\">\n\t\t\t\t\t\t\t<div class=\"elementor-shortcode\"><\/div>\n\t\t\t\t\t\t<\/div>\n\t\t\t\t<\/div>\n\t\t\t\t\t<\/div>\n\t\t\t\t<\/div>\n\t\t\t\t<\/div>","protected":false},"excerpt":{"rendered":"<p>Konferenztechnik mieten Dortmund, Vermietung von AV-Medientechnik in Westfalen Jetzt anfragen Diskussionsanlagen, Sprechstellen \u2013 mieten, kaufen, installieren, leasen Diskussionsanlagen, Sprechstellen \u2013 mieten, kaufen, installieren, leasen \u203a mehr Dolmetschkabinen und Sprecherkabinen Die Dolmetschkabine ist der Arbeitsplatz der Simultandolmetscher*innen \u203a mehr Dolmetschpulte Zur Grundausr\u00fcstung einer Dolmetscherkabine geh\u00f6rt ein Dolmetschpult. \u203a mehr Konferenzempf\u00e4nger, Kopfh\u00f6rerempf\u00e4nger Konferenzempf\u00e4nger mieten: Empf\u00e4nger und Kopfh\u00f6rer [&hellip;]<\/p>","protected":false},"author":1,"featured_media":45482,"parent":0,"menu_order":0,"comment_status":"closed","ping_status":"closed","template":"","meta":{"_acf_changed":false,"footnotes":""},"class_list":["post-11599","page","type-page","status-publish","has-post-thumbnail","hentry"],"acf":[],"_links":{"self":[{"href":"https:\/\/konferenztechnik.de\/tr\/wp-json\/wp\/v2\/pages\/11599","targetHints":{"allow":["GET"]}}],"collection":[{"href":"https:\/\/konferenztechnik.de\/tr\/wp-json\/wp\/v2\/pages"}],"about":[{"href":"https:\/\/konferenztechnik.de\/tr\/wp-json\/wp\/v2\/types\/page"}],"author":[{"embeddable":true,"href":"https:\/\/konferenztechnik.de\/tr\/wp-json\/wp\/v2\/users\/1"}],"replies":[{"embeddable":true,"href":"https:\/\/konferenztechnik.de\/tr\/wp-json\/wp\/v2\/comments?post=11599"}],"version-history":[{"count":0,"href":"https:\/\/konferenztechnik.de\/tr\/wp-json\/wp\/v2\/pages\/11599\/revisions"}],"wp:featuredmedia":[{"embeddable":true,"href":"https:\/\/konferenztechnik.de\/tr\/wp-json\/wp\/v2\/media\/45482"}],"wp:attachment":[{"href":"https:\/\/konferenztechnik.de\/tr\/wp-json\/wp\/v2\/media?parent=11599"}],"curies":[{"name":"wp","href":"https:\/\/api.w.org\/{rel}","templated":true}]}}