{"id":11608,"date":"2017-09-23T19:48:07","date_gmt":"2017-09-23T17:48:07","guid":{"rendered":"https:\/\/www.konferenztechnik.de\/?page_id=11608"},"modified":"2023-07-26T12:22:49","modified_gmt":"2023-07-26T10:22:49","slug":"konferans-eki%cc%87pmani-ki%cc%87ralama-kassel","status":"publish","type":"page","link":"https:\/\/konferenztechnik.de\/tr\/konferans-eki%cc%87pmani-ki%cc%87ralama-kassel\/","title":{"rendered":"Konferans teknolojisi kiralama Kassel"},"content":{"rendered":"<div data-elementor-type=\"wp-page\" data-elementor-id=\"11608\" class=\"elementor elementor-11608\" data-elementor-post-type=\"page\">\n\t\t\t\t<div data-particle_enable=\"false\" data-particle-mobile-disabled=\"false\" class=\"elementor-element elementor-element-24cbc321 e-flex e-con-boxed e-con e-parent\" data-id=\"24cbc321\" data-element_type=\"container\">\n\t\t\t\t\t<div class=\"e-con-inner\">\n\t\t\t\t<div class=\"elementor-element elementor-element-5ca48b9 elementor-widget elementor-widget-heading\" data-id=\"5ca48b9\" data-element_type=\"widget\" data-settings=\"{&quot;_animation&quot;:&quot;none&quot;}\" data-widget_type=\"heading.default\">\n\t\t\t\t<div class=\"elementor-widget-container\">\n\t\t\t\t\t<h1 class=\"elementor-heading-title elementor-size-default\">Konferans teknolojisi kiralama Kassel, Kuzey Hessen'de ses, video ve simultane teknoloji kiralama <\/h1>\t\t\t\t<\/div>\n\t\t\t\t<\/div>\n\t\t\t\t<div class=\"elementor-element elementor-element-4ecc64b6 elementor-widget-widescreen__width-inherit elementor-widget elementor-widget-image\" data-id=\"4ecc64b6\" data-element_type=\"widget\" data-widget_type=\"image.default\">\n\t\t\t\t<div class=\"elementor-widget-container\">\n\t\t\t\t\t\t\t\t\t\t\t\t\t\t\t<img fetchpriority=\"high\" decoding=\"async\" width=\"850\" height=\"340\" src=\"https:\/\/konferenztechnik.de\/wp-content\/uploads\/2017\/06\/veranstaltungstechnik-kassel.jpg\" class=\"attachment-full size-full wp-image-10447\" alt=\"\" srcset=\"https:\/\/konferenztechnik.de\/wp-content\/uploads\/2017\/06\/veranstaltungstechnik-kassel.jpg 850w, https:\/\/konferenztechnik.de\/wp-content\/uploads\/2017\/06\/veranstaltungstechnik-kassel-300x120.jpg 300w, https:\/\/konferenztechnik.de\/wp-content\/uploads\/2017\/06\/veranstaltungstechnik-kassel-768x307.jpg 768w\" sizes=\"(max-width: 850px) 100vw, 850px\" title=\"\">\t\t\t\t\t\t\t\t\t\t\t\t\t\t\t<\/div>\n\t\t\t\t<\/div>\n\t\t<div data-particle_enable=\"false\" data-particle-mobile-disabled=\"false\" class=\"elementor-element elementor-element-5b0eb5f7 e-flex e-con-boxed e-con e-parent\" data-id=\"5b0eb5f7\" data-element_type=\"container\">\n\t\t\t\t\t<div class=\"e-con-inner\">\n\t\t\t\t<div class=\"elementor-element elementor-element-47743ece elementor-align-left elementor-widget elementor-widget-button\" data-id=\"47743ece\" data-element_type=\"widget\" data-widget_type=\"button.default\">\n\t\t\t\t<div class=\"elementor-widget-container\">\n\t\t\t\t\t\t\t\t\t<div class=\"elementor-button-wrapper\">\n\t\t\t\t\t<a class=\"elementor-button elementor-button-link elementor-size-lg\" href=\"#serviceteam\">\n\t\t\t\t\t\t<span class=\"elementor-button-content-wrapper\">\n\t\t\t\t\t\t<span class=\"elementor-button-icon\">\n\t\t\t\t<svg aria-hidden=\"true\" class=\"e-font-icon-svg e-far-arrow-alt-circle-down\" viewbox=\"0 0 512 512\" xmlns=\"http:\/\/www.w3.org\/2000\/svg\"><path d=\"M256 8C119 8 8 119 8 256s111 248 248 248 248-111 248-248S393 8 256 8zm0 448c-110.5 0-200-89.5-200-200S145.5 56 256 56s200 89.5 200 200-89.5 200-200 200zm-32-316v116h-67c-10.7 0-16 12.9-8.5 20.5l99 99c4.7 4.7 12.3 4.7 17 0l99-99c7.6-7.6 2.2-20.5-8.5-20.5h-67V140c0-6.6-5.4-12-12-12h-40c-6.6 0-12 5.4-12 12z\"><\/path><\/svg>\t\t\t<\/span>\n\t\t\t\t\t\t\t\t\t<span class=\"elementor-button-text\">\u015eimdi Sorgula<\/span>\n\t\t\t\t\t<\/span>\n\t\t\t\t\t<\/a>\n\t\t\t\t<\/div>\n\t\t\t\t\t\t\t\t<\/div>\n\t\t\t\t<\/div>\n\t\t\t\t\t<\/div>\n\t\t\t\t<\/div>\n\t\t<div data-particle_enable=\"false\" data-particle-mobile-disabled=\"false\" class=\"elementor-element elementor-element-19bd71bd e-flex e-con-boxed e-con e-parent\" data-id=\"19bd71bd\" data-element_type=\"container\">\n\t\t\t\t\t<div class=\"e-con-inner\">\n\t\t\t\t<div class=\"elementor-element elementor-element-7980f88d elementor-widget__width-inherit smart-post-list-4-col elementor-hidden-mobile elementor-widget elementor-widget-eael-post-list\" data-id=\"7980f88d\" data-element_type=\"widget\" data-settings=\"{&quot;_animation&quot;:&quot;none&quot;}\" data-widget_type=\"eael-post-list.default\">\n\t\t\t\t<div class=\"elementor-widget-container\">\n\t\t\t\t\t<div class=\"eael-post-list-container advanced layout-advanced\"><div class=\"eael-post-list-wrap\"><div class=\"eael-post-list-posts-wrap eael-post-appender eael-post-appender-7980f88d\"><div class=\"eael-post-list-post\"><div class=\"eael-post-list-post-inner\"><div class=\"eael-post-list-thumbnail\"><a href=\"https:\/\/konferenztechnik.de\/tr\/ki%cc%87si%cc%87sel-yoenlendi%cc%87rme-si%cc%87stemleri%cc%87-ki%cc%87rala-satin-al-kur\/\">\n                <img decoding=\"async\" src=\"https:\/\/konferenztechnik.de\/wp-content\/uploads\/2023\/07\/personenfuehrungsanlage-mieten-kaufen-jpg.webp\" alt=\"Bir adam mikrofona konu\u015fuyor, seyirci tur s\u0131ras\u0131nda tur rehberi sistemi ile dinliyor. PCS&#039;den tur rehberi sistemleri kiralay\u0131n, sat\u0131n al\u0131n veya kiralay\u0131n.\" title=\"\">\n            <\/a><\/div><div class=\"eael-post-list-content\"><h3 class=\"eael-post-list-title\"><a href=\"https:\/\/konferenztechnik.de\/tr\/ki%cc%87si%cc%87sel-yoenlendi%cc%87rme-si%cc%87stemleri%cc%87-ki%cc%87rala-satin-al-kur\/\" >Yolcu y\u00f6nlendirme sistemleri<\/a><\/h3><p>Tur rehberi sistemleri, rehber sistemleri, f\u0131s\u0131lt\u0131 sistemleri veya PFA'lar, kulakl\u0131klar, mikrofonlar, \u015farj \u00fcniteleri, ta\u015f\u0131ma \u00e7antalar\u0131, aksesuarlar<\/p><a href=\"https:\/\/konferenztechnik.de\/tr\/ki%cc%87si%cc%87sel-yoenlendi%cc%87rme-si%cc%87stemleri%cc%87-ki%cc%87rala-satin-al-kur\/\" class=\"eael-post-elements-readmore-btn\" >\u203a daha fazla<\/a><div class=\"boxed-meta\"><\/div><\/div><\/div><\/div><div class=\"eael-post-list-post\"><div class=\"eael-post-list-post-inner\"><div class=\"eael-post-list-thumbnail\"><a href=\"https:\/\/konferenztechnik.de\/tr\/konferans-alicisi-kulaklik-alicisi\/\">\n                <img decoding=\"async\" src=\"https:\/\/konferenztechnik.de\/wp-content\/uploads\/2023\/06\/kopfhoerer-empfaenger-jpg.webp\" alt=\"Yorumlanan dilleri dinlemek i\u00e7in kulakl\u0131klarla birlikte bir konferans masas\u0131na yerle\u015ftirilmi\u015f iki konferans al\u0131c\u0131s\u0131\" title=\"\">\n            <\/a><\/div><div class=\"eael-post-list-content\"><h3 class=\"eael-post-list-title\"><a href=\"https:\/\/konferenztechnik.de\/tr\/konferans-alicisi-kulaklik-alicisi\/\" >Konferans al\u0131c\u0131s\u0131, kulakl\u0131k al\u0131c\u0131s\u0131<\/a><\/h3><p>Konferans al\u0131c\u0131s\u0131 kiralama: Sim\u00fcltane \u00e7evirili konferanslar i\u00e7in al\u0131c\u0131lar ve kulakl\u0131klar<\/p><a href=\"https:\/\/konferenztechnik.de\/tr\/konferans-alicisi-kulaklik-alicisi\/\" class=\"eael-post-elements-readmore-btn\" >\u203a daha fazla<\/a><div class=\"boxed-meta\"><\/div><\/div><\/div><\/div><div class=\"eael-post-list-post\"><div class=\"eael-post-list-post-inner\"><div class=\"eael-post-list-thumbnail\"><a href=\"https:\/\/konferenztechnik.de\/tr\/goeruesme-sistemleri-interkom-istasyonlari-kiralayin-satin-alin-kurun-kiraya-verin\/\">\n                <img decoding=\"async\" src=\"https:\/\/konferenztechnik.de\/wp-content\/uploads\/2023\/06\/diskussionsanlage-sprechstellen-tischmikrofone.jpg\" alt=\"Bir konferans masas\u0131n\u0131n etraf\u0131na da\u011f\u0131t\u0131lm\u0131\u015f, deveboynu mikrofonlara sahip masa mikrofonu \u00fcniteleri\" title=\"\">\n            <\/a><\/div><div class=\"eael-post-list-content\"><h3 class=\"eael-post-list-title\"><a href=\"https:\/\/konferenztechnik.de\/tr\/goeruesme-sistemleri-interkom-istasyonlari-kiralayin-satin-alin-kurun-kiraya-verin\/\" >\u2013 g\u00f6r\u00fc\u015fme sistemleri, interkom istasyonlar\u0131 kiralay\u0131n, sat\u0131n al\u0131n, kurun, kiraya verin<\/a><\/h3><p>\u2013 g\u00f6r\u00fc\u015fme sistemleri, interkom istasyonlar\u0131 kiralay\u0131n, sat\u0131n al\u0131n, kurun, kiraya verin<\/p><a href=\"https:\/\/konferenztechnik.de\/tr\/goeruesme-sistemleri-interkom-istasyonlari-kiralayin-satin-alin-kurun-kiraya-verin\/\" class=\"eael-post-elements-readmore-btn\" >\u203a daha fazla<\/a><div class=\"boxed-meta\"><\/div><\/div><\/div><\/div><div class=\"eael-post-list-post\"><div class=\"eael-post-list-post-inner\"><div class=\"eael-post-list-thumbnail\"><a href=\"https:\/\/konferenztechnik.de\/tr\/tercueman-stantlari-ve-konusmaci-stantlari\/\">\n                <img decoding=\"async\" src=\"https:\/\/konferenztechnik.de\/wp-content\/uploads\/2022\/06\/dolmetscherkabine-sprecherkabine-mieten-kaufen-leasen-jpg.webp\" alt=\"\u0130ki simultane terc\u00fcman i\u00e7in s\u00f6zl\u00fc terc\u00fcme kabini\" title=\"\">\n            <\/a><\/div><div class=\"eael-post-list-content\"><h3 class=\"eael-post-list-title\"><a href=\"https:\/\/konferenztechnik.de\/tr\/tercueman-stantlari-ve-konusmaci-stantlari\/\" >Terc\u00fcman kabinleri ve konu\u015fmac\u0131 kabinleri<\/a><\/h3><p>S\u00f6zl\u00fc terc\u00fcme kabini, simultane terc\u00fcmanlar\u0131n \u00e7al\u0131\u015fma yeridir<\/p><a href=\"https:\/\/konferenztechnik.de\/tr\/tercueman-stantlari-ve-konusmaci-stantlari\/\" class=\"eael-post-elements-readmore-btn\" >\u203a daha fazla<\/a><div class=\"boxed-meta\"><\/div><\/div><\/div><\/div><div class=\"eael-post-list-post\"><div class=\"eael-post-list-post-inner\"><div class=\"eael-post-list-thumbnail\"><a href=\"https:\/\/konferenztechnik.de\/tr\/tercueman-masalari\/\">\n                <img decoding=\"async\" src=\"https:\/\/konferenztechnik.de\/wp-content\/uploads\/2022\/06\/dolmetscherpulte-mieten-kaufen-leasen-jpg.webp\" alt=\"Televizyon terc\u00fcmanl\u0131\u011f\u0131 masas\u0131\" title=\"\">\n            <\/a><\/div><div class=\"eael-post-list-content\"><h3 class=\"eael-post-list-title\"><a href=\"https:\/\/konferenztechnik.de\/tr\/tercueman-masalari\/\" >Terc\u00fcme masalar\u0131<\/a><\/h3><p>Bir s\u00f6zl\u00fc \u00e7eviri kabininin temel donan\u0131m\u0131 bir s\u00f6zl\u00fc \u00e7eviri masas\u0131 i\u00e7erir.<\/p><a href=\"https:\/\/konferenztechnik.de\/tr\/tercueman-masalari\/\" class=\"eael-post-elements-readmore-btn\" >\u203a daha fazla<\/a><div class=\"boxed-meta\"><\/div><\/div><\/div><\/div><\/div><\/div>\n\t\t<\/div>\t\t\t\t<\/div>\n\t\t\t\t<\/div>\n\t\t\t\t\t<\/div>\n\t\t\t\t<\/div>\n\t\t\t\t\t<\/div>\n\t\t\t\t<\/div>\n\t\t<div data-particle_enable=\"false\" data-particle-mobile-disabled=\"false\" class=\"elementor-element elementor-element-5451216c e-flex e-con-boxed e-con e-parent\" data-id=\"5451216c\" data-element_type=\"container\">\n\t\t\t\t\t<div class=\"e-con-inner\">\n\t\t\t\t<div class=\"elementor-element elementor-element-40224d62 elementor-widget__width-initial elementor-widget elementor-widget-text-editor\" data-id=\"40224d62\" data-element_type=\"widget\" data-widget_type=\"text-editor.default\">\n\t\t\t\t<div class=\"elementor-widget-container\">\n\t\t\t\t\t\t\t\t\t<p>\u0130ster kablosuz ister kablolu tart\u0131\u015fma sistemleri, hoparl\u00f6r ve mikrofonlu genel seslendirme teknolojisi, projekt\u00f6rl\u00fc video teknolojisi, TED oylama sistemleri veya ilgili sim\u00fcltane teknolojili terc\u00fcme kabinleri olsun: PCS, Kassel ve Hessen'in kuzeyine ses, g\u00f6r\u00fcnt\u00fc ve sim\u00fcltane teknolojisi \u2013 alanlar\u0131nda kiral\u0131k sistemler sa\u011flar ve bu sayede teklif, sistemlerin yaln\u0131zca kiralanmas\u0131n\u0131n \u00e7ok \u00f6tesine ge\u00e7er. Donan\u0131m\u0131n yan\u0131 s\u0131ra PCS, konferans teknolojisinin kiralanmas\u0131yla ba\u011flant\u0131l\u0131 olarak kapsaml\u0131 bir dan\u0131\u015fmanl\u0131k ve hizmet yelpazesi de sunmaktad\u0131r. <br \/><br \/>PCS taraf\u0131ndan Kassel b\u00f6lgesinde sa\u011flanan hizmetler, etkinlik planlamas\u0131nda teknik dan\u0131\u015fmanl\u0131k ve destekten ekipman\u0131n zaman\u0131nda teslimine ve sistemlerin sahada kurulumuna kadar uzanmaktad\u0131r. Talep \u00fczerine, PCS taraf\u0131ndan e\u011fitilen etkinlik teknisyenleri de \u2013 etkinli\u011fi i\u00e7in teknik destek sa\u011flayabilir ve elbette etkinlik sonunda sistemlerin sorunsuz bir \u015fekilde s\u00f6k\u00fclmesini ve kald\u0131r\u0131lmas\u0131n\u0131 sa\u011flayabilir.<\/p><div class=\"spacer\">\u00a0<\/div>\t\t\t\t\t\t\t\t<\/div>\n\t\t\t\t<\/div>\n\t\t\t\t<div class=\"elementor-element elementor-element-70687d0d elementor-widget__width-initial elementor-widget elementor-widget-heading\" data-id=\"70687d0d\" data-element_type=\"widget\" data-settings=\"{&quot;_animation&quot;:&quot;none&quot;}\" data-widget_type=\"heading.default\">\n\t\t\t\t<div class=\"elementor-widget-container\">\n\t\t\t\t\t<h2 class=\"elementor-heading-title elementor-size-default\">\u015eehir turlar\u0131ndan hissedar toplant\u0131lar\u0131na kadar AV medya teknolojisi \u2013<\/h2>\t\t\t\t<\/div>\n\t\t\t\t<\/div>\n\t\t\t\t<div class=\"elementor-element elementor-element-6cc6910f elementor-widget elementor-widget-image\" data-id=\"6cc6910f\" data-element_type=\"widget\" data-widget_type=\"image.default\">\n\t\t\t\t<div class=\"elementor-widget-container\">\n\t\t\t\t\t\t\t\t\t\t\t\t\t\t\t<img decoding=\"async\" width=\"1200\" height=\"450\" src=\"https:\/\/konferenztechnik.de\/wp-content\/uploads\/2016\/10\/events-fullservice.jpg\" class=\"attachment-full size-full wp-image-8489\" alt=\"events-fullservice\" srcset=\"https:\/\/konferenztechnik.de\/wp-content\/uploads\/2016\/10\/events-fullservice.jpg 1200w, https:\/\/konferenztechnik.de\/wp-content\/uploads\/2016\/10\/events-fullservice-300x113.jpg 300w, https:\/\/konferenztechnik.de\/wp-content\/uploads\/2016\/10\/events-fullservice-1024x384.jpg 1024w, https:\/\/konferenztechnik.de\/wp-content\/uploads\/2016\/10\/events-fullservice-768x288.jpg 768w\" sizes=\"(max-width: 1200px) 100vw, 1200px\" title=\"\">\t\t\t\t\t\t\t\t\t\t\t\t\t\t\t<\/div>\n\t\t\t\t<\/div>\n\t\t\t\t<div class=\"elementor-element elementor-element-1a81e0de elementor-widget__width-inherit elementor-widget elementor-widget-text-editor\" data-id=\"1a81e0de\" data-element_type=\"widget\" data-widget_type=\"text-editor.default\">\n\t\t\t\t<div class=\"elementor-widget-container\">\n\t\t\t\t\t\t\t\t\t<p>PCS'den kiralanan konferans ve AV medya teknolojisi, Kassel ve Kuzey Hessen'de uluslararas\u0131 kongreler, yuvarlak masa toplant\u0131lar\u0131, \u00e7ok dilli konferanslar, hissedar toplant\u0131lar\u0131, kurumsal etkinlikler, ticaret fuarlar\u0131 ve sergiler i\u00e7in ve simultane terc\u00fcman hizmetlerinin gerekli oldu\u011fu her yerde kullan\u0131lmaktad\u0131r. PCS'den kiralanan konferans teknolojisinin Kassel'de kullan\u0131ld\u0131\u011f\u0131 tipik mekanlar aras\u0131nda Messe Kassel, Kongress Palais Kassel, S\u00fcdfl\u00fcgel Kulturbahnhof ve documenta-Halle tesisleri yer almaktad\u0131r.<\/p><p>PCS, D\u00fcsseldorf'taki genel merkezinden Kassel ve Kuzey Hessen'e hizmet vermektedir. Sorular en iyi telefon veya e-posta yoluyla yap\u0131l\u0131r ve e-postalar genellikle bir saat i\u00e7inde yan\u0131tlan\u0131r.<\/p>\t\t\t\t\t\t\t\t<\/div>\n\t\t\t\t<\/div>\n\t\t\t\t<div class=\"elementor-element elementor-element-510c605e elementor-widget elementor-widget-image\" data-id=\"510c605e\" data-element_type=\"widget\" data-widget_type=\"image.default\">\n\t\t\t\t<div class=\"elementor-widget-container\">\n\t\t\t\t\t\t\t\t\t\t\t\t\t\t\t<img decoding=\"async\" width=\"1200\" height=\"450\" src=\"https:\/\/konferenztechnik.de\/wp-content\/uploads\/2016\/10\/events-berlin.jpg\" class=\"attachment-full size-full wp-image-8486\" alt=\"\" srcset=\"https:\/\/konferenztechnik.de\/wp-content\/uploads\/2016\/10\/events-berlin.jpg 1200w, https:\/\/konferenztechnik.de\/wp-content\/uploads\/2016\/10\/events-berlin-300x113.jpg 300w, https:\/\/konferenztechnik.de\/wp-content\/uploads\/2016\/10\/events-berlin-1024x384.jpg 1024w, https:\/\/konferenztechnik.de\/wp-content\/uploads\/2016\/10\/events-berlin-768x288.jpg 768w\" sizes=\"(max-width: 1200px) 100vw, 1200px\" title=\"\">\t\t\t\t\t\t\t\t\t\t\t\t\t\t\t<\/div>\n\t\t\t\t<\/div>\n\t\t<div data-particle_enable=\"false\" data-particle-mobile-disabled=\"false\" class=\"elementor-element elementor-element-1d8088e4 e-flex e-con-boxed e-con e-parent\" data-id=\"1d8088e4\" data-element_type=\"container\">\n\t\t\t\t\t<div class=\"e-con-inner\">\n\t\t\t\t<div class=\"elementor-element elementor-element-2ed5d20 elementor-align-left elementor-widget elementor-widget-button\" data-id=\"2ed5d20\" data-element_type=\"widget\" data-widget_type=\"button.default\">\n\t\t\t\t<div class=\"elementor-widget-container\">\n\t\t\t\t\t\t\t\t\t<div class=\"elementor-button-wrapper\">\n\t\t\t\t\t<a class=\"elementor-button elementor-button-link elementor-size-lg\" href=\"#serviceteam\">\n\t\t\t\t\t\t<span class=\"elementor-button-content-wrapper\">\n\t\t\t\t\t\t<span class=\"elementor-button-icon\">\n\t\t\t\t<svg aria-hidden=\"true\" class=\"e-font-icon-svg e-far-arrow-alt-circle-down\" viewbox=\"0 0 512 512\" xmlns=\"http:\/\/www.w3.org\/2000\/svg\"><path d=\"M256 8C119 8 8 119 8 256s111 248 248 248 248-111 248-248S393 8 256 8zm0 448c-110.5 0-200-89.5-200-200S145.5 56 256 56s200 89.5 200 200-89.5 200-200 200zm-32-316v116h-67c-10.7 0-16 12.9-8.5 20.5l99 99c4.7 4.7 12.3 4.7 17 0l99-99c7.6-7.6 2.2-20.5-8.5-20.5h-67V140c0-6.6-5.4-12-12-12h-40c-6.6 0-12 5.4-12 12z\"><\/path><\/svg>\t\t\t<\/span>\n\t\t\t\t\t\t\t\t\t<span class=\"elementor-button-text\">\u015eimdi Sorgula<\/span>\n\t\t\t\t\t<\/span>\n\t\t\t\t\t<\/a>\n\t\t\t\t<\/div>\n\t\t\t\t\t\t\t\t<\/div>\n\t\t\t\t<\/div>\n\t\t\t\t\t<\/div>\n\t\t\t\t<\/div>\n\t\t\t\t<div class=\"elementor-element elementor-element-5047b6db elementor-widget__width-initial elementor-widget elementor-widget-heading\" data-id=\"5047b6db\" data-element_type=\"widget\" data-settings=\"{&quot;_animation&quot;:&quot;none&quot;}\" data-widget_type=\"heading.default\">\n\t\t\t\t<div class=\"elementor-widget-container\">\n\t\t\t\t\t<h2 class=\"elementor-heading-title elementor-size-default\">Konferans teknolojisi kiralama Kassel<\/h2>\t\t\t\t<\/div>\n\t\t\t\t<\/div>\n\t\t\t\t<div class=\"elementor-element elementor-element-b754d67 elementor-widget elementor-widget-eael-adv-accordion\" data-id=\"b754d67\" data-element_type=\"widget\" data-widget_type=\"eael-adv-accordion.default\">\n\t\t\t\t<div class=\"elementor-widget-container\">\n\t\t\t\t\t            <div class=\"eael-adv-accordion\" id=\"eael-adv-accordion-b754d67\" data-scroll-on-click=\"no\" data-scroll-speed=\"300\" data-accordion-id=\"b754d67\" data-accordion-type=\"accordion\" data-toogle-speed=\"300\">\n            <div class=\"eael-accordion-list\">\n\t\t\t\t\t<div id=\"veranstaltungsorte-fr-events-und-kongresse-in-kassel\" class=\"elementor-tab-title eael-accordion-header\" tabindex=\"0\" data-tab=\"1\" aria-controls=\"elementor-tab-content-1921\"><span class=\"eael-advanced-accordion-icon-closed\"><svg aria-hidden=\"true\" class=\"fa-accordion-icon e-font-icon-svg e-fas-plus\" viewbox=\"0 0 448 512\" xmlns=\"http:\/\/www.w3.org\/2000\/svg\"><path d=\"M416 208H272V64c0-17.67-14.33-32-32-32h-32c-17.67 0-32 14.33-32 32v144H32c-17.67 0-32 14.33-32 32v32c0 17.67 14.33 32 32 32h144v144c0 17.67 14.33 32 32 32h32c17.67 0 32-14.33 32-32V304h144c17.67 0 32-14.33 32-32v-32c0-17.67-14.33-32-32-32z\"><\/path><\/svg><\/span><span class=\"eael-advanced-accordion-icon-opened\"><svg aria-hidden=\"true\" class=\"fa-accordion-icon e-font-icon-svg e-fas-minus\" viewbox=\"0 0 448 512\" xmlns=\"http:\/\/www.w3.org\/2000\/svg\"><path d=\"M416 208H32c-17.67 0-32 14.33-32 32v32c0 17.67 14.33 32 32 32h384c17.67 0 32-14.33 32-32v-32c0-17.67-14.33-32-32-32z\"><\/path><\/svg><\/span><span class=\"eael-accordion-tab-title\">Kassel'deki etkinlik ve kongre mekanlar\u0131<\/span><svg aria-hidden=\"true\" class=\"fa-toggle e-font-icon-svg e-fas-angle-right\" viewbox=\"0 0 256 512\" xmlns=\"http:\/\/www.w3.org\/2000\/svg\"><path d=\"M224.3 273l-136 136c-9.4 9.4-24.6 9.4-33.9 0l-22.6-22.6c-9.4-9.4-9.4-24.6 0-33.9l96.4-96.4-96.4-96.4c-9.4-9.4-9.4-24.6 0-33.9L54.3 103c9.4-9.4 24.6-9.4 33.9 0l136 136c9.5 9.4 9.5 24.6.1 34z\"><\/path><\/svg><\/div><div id=\"elementor-tab-content-1921\" class=\"eael-accordion-content clearfix\" data-tab=\"1\" aria-labelledby=\"veranstaltungsorte-fr-events-und-kongresse-in-kassel\"><div><ul><li>Kassel Ticaret Fuar\u0131<\/li><li>Congress Palais Kassel<\/li><li>Karlsaue sergi alanlar\u0131<\/li><li>Kulturbahnhof'un g\u00fcney kanad\u0131<\/li><li>documenta-Halle Kassel<\/li><li>Kassel Bilim Park\u0131<\/li><li>Orangery Kassel, ECKD \u2013 Etkinlik ve Konferans Merkezi Kassel<\/li><li>dec ali\u015fveri\u0307\u015f merkezi\u0307<\/li><li>Wilhelmsh\u00f6he Da\u011f Park\u0131<\/li><li>Bergpark Wilhelmsh\u00f6he'deki Balo Salonu<\/li><li>Devlet Tiyatrosu<\/li><li>K\u00fc\u00e7\u00fck sahne 70<\/li><li>Komedi Kassel<\/li><li>Merkezde Tiyatro<\/li><li>Buga G\u00f6l\u00fc \u00fczerinde yelkenli restoran <\/li><\/ul><\/div><\/div>\n\t\t\t\t\t<\/div><div class=\"eael-accordion-list\">\n\t\t\t\t\t<div id=\"die-wichtigsten-veranstaltungshotels-in-kassel\" class=\"elementor-tab-title eael-accordion-header\" tabindex=\"0\" data-tab=\"2\" aria-controls=\"elementor-tab-content-1922\"><span class=\"eael-advanced-accordion-icon-closed\"><svg aria-hidden=\"true\" class=\"fa-accordion-icon e-font-icon-svg e-fas-plus\" viewbox=\"0 0 448 512\" xmlns=\"http:\/\/www.w3.org\/2000\/svg\"><path d=\"M416 208H272V64c0-17.67-14.33-32-32-32h-32c-17.67 0-32 14.33-32 32v144H32c-17.67 0-32 14.33-32 32v32c0 17.67 14.33 32 32 32h144v144c0 17.67 14.33 32 32 32h32c17.67 0 32-14.33 32-32V304h144c17.67 0 32-14.33 32-32v-32c0-17.67-14.33-32-32-32z\"><\/path><\/svg><\/span><span class=\"eael-advanced-accordion-icon-opened\"><svg aria-hidden=\"true\" class=\"fa-accordion-icon e-font-icon-svg e-fas-minus\" viewbox=\"0 0 448 512\" xmlns=\"http:\/\/www.w3.org\/2000\/svg\"><path d=\"M416 208H32c-17.67 0-32 14.33-32 32v32c0 17.67 14.33 32 32 32h384c17.67 0 32-14.33 32-32v-32c0-17.67-14.33-32-32-32z\"><\/path><\/svg><\/span><span class=\"eael-accordion-tab-title\">Kassel'deki en \u00f6nemli etkinlik otelleri<\/span><svg aria-hidden=\"true\" class=\"fa-toggle e-font-icon-svg e-fas-angle-right\" viewbox=\"0 0 256 512\" xmlns=\"http:\/\/www.w3.org\/2000\/svg\"><path d=\"M224.3 273l-136 136c-9.4 9.4-24.6 9.4-33.9 0l-22.6-22.6c-9.4-9.4-9.4-24.6 0-33.9l96.4-96.4-96.4-96.4c-9.4-9.4-9.4-24.6 0-33.9L54.3 103c9.4-9.4 24.6-9.4 33.9 0l136 136c9.5 9.4 9.5 24.6.1 34z\"><\/path><\/svg><\/div><div id=\"elementor-tab-content-1922\" class=\"eael-accordion-content clearfix\" data-tab=\"2\" aria-labelledby=\"die-wichtigsten-veranstaltungshotels-in-kassel\"><div><ul><li>Castle Hotel Wilhelmsh\u00f6he<\/li><li>H4 Hotel Kassel<\/li><li>Grand La Strada Kassel<\/li><li>Wyndham Garden Kassel<\/li><li>Hotel Schweizer Hof<\/li><li>Design Conference Hotel &amp; Restaurant Steinernes Schweinchen<\/li><li>Best Western Plus Hotel Kassel City<\/li><li>Best Western Ambassador International<\/li><li>pentahotel Kassel<\/li><li>GenoHotel Baunatal<\/li><li>IntercityHotel Kassel<\/li><li>Hotel Gude <\/li><\/ul><\/div><\/div>\n\t\t\t\t\t<\/div><div class=\"eael-accordion-list\">\n\t\t\t\t\t<div id=\"messe-kassel-und-die-wichtigsten-messetermine\" class=\"elementor-tab-title eael-accordion-header\" tabindex=\"0\" data-tab=\"3\" aria-controls=\"elementor-tab-content-1923\"><span class=\"eael-advanced-accordion-icon-closed\"><svg aria-hidden=\"true\" class=\"fa-accordion-icon e-font-icon-svg e-fas-plus\" viewbox=\"0 0 448 512\" xmlns=\"http:\/\/www.w3.org\/2000\/svg\"><path d=\"M416 208H272V64c0-17.67-14.33-32-32-32h-32c-17.67 0-32 14.33-32 32v144H32c-17.67 0-32 14.33-32 32v32c0 17.67 14.33 32 32 32h144v144c0 17.67 14.33 32 32 32h32c17.67 0 32-14.33 32-32V304h144c17.67 0 32-14.33 32-32v-32c0-17.67-14.33-32-32-32z\"><\/path><\/svg><\/span><span class=\"eael-advanced-accordion-icon-opened\"><svg aria-hidden=\"true\" class=\"fa-accordion-icon e-font-icon-svg e-fas-minus\" viewbox=\"0 0 448 512\" xmlns=\"http:\/\/www.w3.org\/2000\/svg\"><path d=\"M416 208H32c-17.67 0-32 14.33-32 32v32c0 17.67 14.33 32 32 32h384c17.67 0 32-14.33 32-32v-32c0-17.67-14.33-32-32-32z\"><\/path><\/svg><\/span><span class=\"eael-accordion-tab-title\">Messe Kassel ve en \u00f6nemli ticaret fuar\u0131 tarihleri<\/span><svg aria-hidden=\"true\" class=\"fa-toggle e-font-icon-svg e-fas-angle-right\" viewbox=\"0 0 256 512\" xmlns=\"http:\/\/www.w3.org\/2000\/svg\"><path d=\"M224.3 273l-136 136c-9.4 9.4-24.6 9.4-33.9 0l-22.6-22.6c-9.4-9.4-9.4-24.6 0-33.9l96.4-96.4-96.4-96.4c-9.4-9.4-9.4-24.6 0-33.9L54.3 103c9.4-9.4 24.6-9.4 33.9 0l136 136c9.5 9.4 9.5 24.6.1 34z\"><\/path><\/svg><\/div><div id=\"elementor-tab-content-1923\" class=\"eael-accordion-content clearfix\" data-tab=\"3\" aria-labelledby=\"messe-kassel-und-die-wichtigsten-messetermine\"><div><ul><li>Kuzey Hessen Sanayi Fuar\u0131<\/li><li>Almanya-Hollanda kuma\u015f pazar\u0131<\/li><li>\u00c7\u0131rakl\u0131k ve e\u011fitim g\u00fcnleri Kassel<\/li><li>Bah\u00e7e ve Hayvanat Bah\u00e7esi Etkinli\u011fi, HEIKO<\/li><li>CARAT performans fuar\u0131<\/li><li>Uluslararas\u0131 g\u00fcvercin pazar\u0131<\/li><li>Sonbahar sergisi<\/li><li>\u0130lkbahar sergisi, M\u00f6Lo, Connichi, \u00dccret dan\u0131\u015fman\u0131 konferans\u0131, Sonbahar b\u00fcy\u00fcs\u00fc Kassel<\/li><li>DIY DesignMarkt Kassel<\/li><li>WBK Uluslararas\u0131<\/li><li>Yap\u0131 ve emlak fuar\u0131 Kuzey Hessen<\/li><li>BIKE Expo Kassel<\/li><li>WoB MotoTrade<\/li><li>Ifba<\/li><li>Expo PetroTrans<\/li><li>Expolife Uluslararas\u0131<\/li><li>Model Yap\u0131m Deneyimi Kassel<\/li><li>CACIB Kassel<\/li><li>FUNK. TAG Kassel<\/li><li>Ev Sinemas\u0131 Trendleri<\/li><li>Kassel Motosiklet Fuar\u0131<\/li><li>RO-KA-TECH <\/li><\/ul><\/div><\/div>\n\t\t\t\t\t<\/div><\/div>\t\t\t\t<\/div>\n\t\t\t\t<\/div>\n\t\t\t\t\t<\/div>\n\t\t\t\t<\/div>\n\t\t<div data-particle_enable=\"false\" data-particle-mobile-disabled=\"false\" class=\"elementor-element elementor-element-508d9c69 e-flex e-con-boxed e-con e-parent\" data-id=\"508d9c69\" data-element_type=\"container\">\n\t\t\t\t\t<div class=\"e-con-inner\">\n\t\t\t\t<div class=\"elementor-element elementor-element-4da78cec elementor-widget elementor-widget-shortcode\" data-id=\"4da78cec\" data-element_type=\"widget\" data-widget_type=\"shortcode.default\">\n\t\t\t\t<div class=\"elementor-widget-container\">\n\t\t\t\t\t\t\t<div class=\"elementor-shortcode\"><\/div>\n\t\t\t\t\t\t<\/div>\n\t\t\t\t<\/div>\n\t\t\t\t\t<\/div>\n\t\t\t\t<\/div>\n\t\t\t\t<\/div>","protected":false},"excerpt":{"rendered":"<p>Konferans teknolojisi kiralama Ulm, Donau-Iller b\u00f6lgesinde ses, g\u00f6r\u00fcnt\u00fc ve simultane teknoloji kiralama \u015eimdi sor Tart\u0131\u015fma sistemleri, mikrofon \u00fcniteleri \u2013 kiralama, sat\u0131n alma, kurulum, kiralama Tart\u0131\u015fma sistemleri, mikrofon \u00fcniteleri \u2013 kiralama, sat\u0131n alma, kurulum, kiralama \u203a devam\u0131 S\u00f6zl\u00fc \u00e7eviri kabinleri ve konu\u015fmac\u0131 kabinleri S\u00f6zl\u00fc \u00e7eviri kabini, simultane \u00e7evirmenlerin \u00e7al\u0131\u015fma yeridir \u203a devam\u0131 S\u00f6zl\u00fc \u00e7eviri masalar\u0131 Bir s\u00f6zl\u00fc \u00e7eviri kabininin temel ekipman\u0131 bir s\u00f6zl\u00fc \u00e7eviri masas\u0131 i\u00e7erir. \u203a devam\u0131 Konferans al\u0131c\u0131lar\u0131, kulakl\u0131k al\u0131c\u0131lar\u0131 Konferans al\u0131c\u0131lar\u0131 [...]<\/p>","protected":false},"author":1,"featured_media":45482,"parent":0,"menu_order":0,"comment_status":"closed","ping_status":"closed","template":"","meta":{"_acf_changed":false,"footnotes":""},"class_list":["post-11608","page","type-page","status-publish","has-post-thumbnail","hentry"],"acf":[],"_links":{"self":[{"href":"https:\/\/konferenztechnik.de\/tr\/wp-json\/wp\/v2\/pages\/11608","targetHints":{"allow":["GET"]}}],"collection":[{"href":"https:\/\/konferenztechnik.de\/tr\/wp-json\/wp\/v2\/pages"}],"about":[{"href":"https:\/\/konferenztechnik.de\/tr\/wp-json\/wp\/v2\/types\/page"}],"author":[{"embeddable":true,"href":"https:\/\/konferenztechnik.de\/tr\/wp-json\/wp\/v2\/users\/1"}],"replies":[{"embeddable":true,"href":"https:\/\/konferenztechnik.de\/tr\/wp-json\/wp\/v2\/comments?post=11608"}],"version-history":[{"count":0,"href":"https:\/\/konferenztechnik.de\/tr\/wp-json\/wp\/v2\/pages\/11608\/revisions"}],"wp:featuredmedia":[{"embeddable":true,"href":"https:\/\/konferenztechnik.de\/tr\/wp-json\/wp\/v2\/media\/45482"}],"wp:attachment":[{"href":"https:\/\/konferenztechnik.de\/tr\/wp-json\/wp\/v2\/media?parent=11608"}],"curies":[{"name":"wp","href":"https:\/\/api.w.org\/{rel}","templated":true}]}}