{"id":11622,"date":"2017-09-24T11:50:39","date_gmt":"2017-09-24T09:50:39","guid":{"rendered":"https:\/\/www.konferenztechnik.de\/?page_id=11622"},"modified":"2023-10-04T13:29:55","modified_gmt":"2023-10-04T11:29:55","slug":"rostock-di%cc%87afon-i%cc%87stasyonlari-ki%cc%87ralama","status":"publish","type":"page","link":"https:\/\/konferenztechnik.de\/tr\/rostock-di%cc%87afon-i%cc%87stasyonlari-ki%cc%87ralama\/","title":{"rendered":"Kiral\u0131k mikrofon \u00fcniteleri Rostock"},"content":{"rendered":"<div data-elementor-type=\"wp-page\" data-elementor-id=\"11622\" class=\"elementor elementor-11622\" data-elementor-post-type=\"page\">\n\t\t\t\t<div data-particle_enable=\"false\" data-particle-mobile-disabled=\"false\" class=\"elementor-element elementor-element-656ac924 e-flex e-con-boxed e-con e-parent\" data-id=\"656ac924\" data-element_type=\"container\">\n\t\t\t\t\t<div class=\"e-con-inner\">\n\t\t\t\t<div class=\"elementor-element elementor-element-7594fa79 elementor-widget elementor-widget-heading\" data-id=\"7594fa79\" data-element_type=\"widget\" data-settings=\"{&quot;_animation&quot;:&quot;none&quot;}\" data-widget_type=\"heading.default\">\n\t\t\t\t<div class=\"elementor-widget-container\">\n\t\t\t\t\t<h1 class=\"elementor-heading-title elementor-size-default\">Rostock'ta mikrofon \u00fcniteleri, tart\u0131\u015fma sistemleri, konferans sistemleri kiralay\u0131n<\/h1>\t\t\t\t<\/div>\n\t\t\t\t<\/div>\n\t\t\t\t<div class=\"elementor-element elementor-element-3fd5b0c5 elementor-widget-widescreen__width-inherit elementor-widget elementor-widget-image\" data-id=\"3fd5b0c5\" data-element_type=\"widget\" data-widget_type=\"image.default\">\n\t\t\t\t<div class=\"elementor-widget-container\">\n\t\t\t\t\t\t\t\t\t\t\t\t\t\t\t<img fetchpriority=\"high\" decoding=\"async\" width=\"850\" height=\"319\" src=\"https:\/\/konferenztechnik.de\/wp-content\/uploads\/2017\/05\/veranstaltungstechnik-rostock.jpg\" class=\"attachment-full size-full wp-image-10291\" alt=\"\" srcset=\"https:\/\/konferenztechnik.de\/wp-content\/uploads\/2017\/05\/veranstaltungstechnik-rostock.jpg 850w, https:\/\/konferenztechnik.de\/wp-content\/uploads\/2017\/05\/veranstaltungstechnik-rostock-300x113.jpg 300w, https:\/\/konferenztechnik.de\/wp-content\/uploads\/2017\/05\/veranstaltungstechnik-rostock-768x288.jpg 768w\" sizes=\"(max-width: 850px) 100vw, 850px\" title=\"\">\t\t\t\t\t\t\t\t\t\t\t\t\t\t\t<\/div>\n\t\t\t\t<\/div>\n\t\t<div data-particle_enable=\"false\" data-particle-mobile-disabled=\"false\" class=\"elementor-element elementor-element-7daea27 e-flex e-con-boxed e-con e-child\" data-id=\"7daea27\" data-element_type=\"container\">\n\t\t\t\t\t<div class=\"e-con-inner\">\n\t\t\t\t<div class=\"elementor-element elementor-element-75a65007 elementor-align-left elementor-widget elementor-widget-button\" data-id=\"75a65007\" data-element_type=\"widget\" data-widget_type=\"button.default\">\n\t\t\t\t<div class=\"elementor-widget-container\">\n\t\t\t\t\t\t\t\t\t<div class=\"elementor-button-wrapper\">\n\t\t\t\t\t<a class=\"elementor-button elementor-button-link elementor-size-lg\" href=\"#serviceteam\">\n\t\t\t\t\t\t<span class=\"elementor-button-content-wrapper\">\n\t\t\t\t\t\t<span class=\"elementor-button-icon\">\n\t\t\t\t<svg aria-hidden=\"true\" class=\"e-font-icon-svg e-far-arrow-alt-circle-down\" viewbox=\"0 0 512 512\" xmlns=\"http:\/\/www.w3.org\/2000\/svg\"><path d=\"M256 8C119 8 8 119 8 256s111 248 248 248 248-111 248-248S393 8 256 8zm0 448c-110.5 0-200-89.5-200-200S145.5 56 256 56s200 89.5 200 200-89.5 200-200 200zm-32-316v116h-67c-10.7 0-16 12.9-8.5 20.5l99 99c4.7 4.7 12.3 4.7 17 0l99-99c7.6-7.6 2.2-20.5-8.5-20.5h-67V140c0-6.6-5.4-12-12-12h-40c-6.6 0-12 5.4-12 12z\"><\/path><\/svg>\t\t\t<\/span>\n\t\t\t\t\t\t\t\t\t<span class=\"elementor-button-text\">\u015eimdi Sorgula<\/span>\n\t\t\t\t\t<\/span>\n\t\t\t\t\t<\/a>\n\t\t\t\t<\/div>\n\t\t\t\t\t\t\t\t<\/div>\n\t\t\t\t<\/div>\n\t\t\t\t\t<\/div>\n\t\t\t\t<\/div>\n\t\t<div data-particle_enable=\"false\" data-particle-mobile-disabled=\"false\" class=\"elementor-element elementor-element-7f8774f6 e-flex e-con-boxed e-con e-child\" data-id=\"7f8774f6\" data-element_type=\"container\">\n\t\t\t\t\t<div class=\"e-con-inner\">\n\t\t\t\t<div class=\"elementor-element elementor-element-2727eff2 elementor-widget elementor-widget-shortcode\" data-id=\"2727eff2\" data-element_type=\"widget\" data-widget_type=\"shortcode.default\">\n\t\t\t\t<div class=\"elementor-widget-container\">\n\t\t\t\t\t\t\t<div class=\"elementor-shortcode\">\t\t<div data-elementor-type=\"section\" data-elementor-id=\"37185\" class=\"elementor elementor-37185\" data-elementor-post-type=\"elementor_library\">\n\t\t\t<div data-particle_enable=\"false\" data-particle-mobile-disabled=\"false\" class=\"elementor-element elementor-element-26482db e-flex e-con-boxed e-con e-parent\" data-id=\"26482db\" data-element_type=\"container\">\n\t\t\t\t\t<div class=\"e-con-inner\">\n\t\t\t\t<div class=\"elementor-element elementor-element-d8130b9 elementor-widget__width-inherit elementor-widget elementor-widget-eael-post-list\" data-id=\"d8130b9\" data-element_type=\"widget\" data-settings=\"{&quot;_animation&quot;:&quot;none&quot;}\" data-widget_type=\"eael-post-list.default\">\n\t\t\t\t<div class=\"elementor-widget-container\">\n\t\t\t\t\t<div class=\"eael-post-list-container advanced layout-advanced\"><div class=\"eael-post-list-wrap\"><div class=\"eael-post-list-posts-wrap eael-post-appender eael-post-appender-d8130b9\"><div class=\"eael-post-list-post\"><div class=\"eael-post-list-post-inner\"><div class=\"eael-post-list-thumbnail\"><a href=\"https:\/\/konferenztechnik.de\/tr\/televic-confidea-g4-tartisma-si%cc%87stemi%cc%87\/\">\n                <img decoding=\"async\" src=\"https:\/\/konferenztechnik.de\/wp-content\/uploads\/2023\/06\/televic-confidea-g4-1.jpg\" alt=\"Kablosuz konferans g\u00f6r\u00fc\u015fme istasyonu tipi Televic Confidea G4\" title=\"\">\n            <\/a><\/div><div class=\"eael-post-list-content\"><h3 class=\"eael-post-list-title\"><a href=\"https:\/\/konferenztechnik.de\/tr\/televic-confidea-g4-tartisma-si%cc%87stemi%cc%87\/\" >Televic Confidea G4 \u2013 Tart\u0131\u015fma \u00fcnitesi<\/a><\/h3><p>Confidea G4 kablosuz konferans sistemi Flex sisteminin \u00f6nc\u00fcl\u00fcd\u00fcr ve...<\/p><a href=\"https:\/\/konferenztechnik.de\/tr\/televic-confidea-g4-tartisma-si%cc%87stemi%cc%87\/\" class=\"eael-post-elements-readmore-btn\" >\u203a daha fazla<\/a><div class=\"boxed-meta\"><\/div><\/div><\/div><\/div><div class=\"eael-post-list-post\"><div class=\"eael-post-list-post-inner\"><div class=\"eael-post-list-thumbnail\"><a href=\"https:\/\/konferenztechnik.de\/tr\/shure-microflex-komple-goeruesme-sistemi\/\">\n                <img decoding=\"async\" src=\"https:\/\/konferenztechnik.de\/wp-content\/uploads\/2023\/07\/shure-microflex-sprechstellen-jpg.webp\" alt=\"Shure Microflex serisi mikrofon \u00fcnitesi\" title=\"\">\n            <\/a><\/div><div class=\"eael-post-list-content\"><h3 class=\"eael-post-list-title\"><a href=\"https:\/\/konferenztechnik.de\/tr\/shure-microflex-komple-goeruesme-sistemi\/\" >Shure Microflex Komple \u2013 Tart\u0131\u015fma sistemi<\/a><\/h3><p>Modern, sade tasar\u0131m zarif ve abart\u0131s\u0131zd\u0131r ve evinizle iyi uyum sa\u011flar...<\/p><a href=\"https:\/\/konferenztechnik.de\/tr\/shure-microflex-komple-goeruesme-sistemi\/\" class=\"eael-post-elements-readmore-btn\" >\u203a daha fazla<\/a><div class=\"boxed-meta\"><\/div><\/div><\/div><\/div><div class=\"eael-post-list-post\"><div class=\"eael-post-list-post-inner\"><div class=\"eael-post-list-thumbnail\"><a href=\"https:\/\/konferenztechnik.de\/tr\/televic-confidea-flex-goeruesme-si%cc%87stemi%cc%87\/\">\n                <img decoding=\"async\" src=\"https:\/\/konferenztechnik.de\/wp-content\/uploads\/2022\/06\/televic-confidea-flex.jpg\" alt=\"Televic Confidea Flex kablosuz konferans \u00fcnitesi\" title=\"\">\n            <\/a><\/div><div class=\"eael-post-list-content\"><h3 class=\"eael-post-list-title\"><a href=\"https:\/\/konferenztechnik.de\/tr\/televic-confidea-flex-goeruesme-si%cc%87stemi%cc%87\/\" >Televic Confidea Flex \u2013 Tart\u0131\u015fma \u00fcnitesi<\/a><\/h3><p>Confidea Flex sistemi \u00e7ok \u00e7e\u015fitli uygulama senaryolar\u0131na kolayca uyarlanabilir. itibaren...<\/p><a href=\"https:\/\/konferenztechnik.de\/tr\/televic-confidea-flex-goeruesme-si%cc%87stemi%cc%87\/\" class=\"eael-post-elements-readmore-btn\" >\u203a daha fazla<\/a><div class=\"boxed-meta\"><\/div><\/div><\/div><\/div><div class=\"eael-post-list-post\"><div class=\"eael-post-list-post-inner\"><div class=\"eael-post-list-thumbnail\"><a href=\"https:\/\/konferenztechnik.de\/tr\/bosch-dicentis-tartisma-si%cc%87stemi%cc%87\/\">\n                <img decoding=\"async\" src=\"https:\/\/konferenztechnik.de\/wp-content\/uploads\/2022\/06\/bosch-dicentis-sprechstelle.jpg\" alt=\"Kaz boynu mikrofonlu Bosch Dicentis konferans mikrofon \u00fcnitesi ve ek bilgi ve veri giri\u015fi i\u00e7in k\u00fc\u00e7\u00fck bir ekran\" title=\"\">\n            <\/a><\/div><div class=\"eael-post-list-content\"><h3 class=\"eael-post-list-title\"><a href=\"https:\/\/konferenztechnik.de\/tr\/bosch-dicentis-tartisma-si%cc%87stemi%cc%87\/\" >Bosch Dicentis \u2013 Tart\u0131\u015fma \u00fcnitesi<\/a><\/h3><p>Y\u00fcksek esnekli\u011fi ve basit kurulumu sayesinde DICENTIS kablosuz konferans sistemi, her t\u00fcrl\u00fc...<\/p><a href=\"https:\/\/konferenztechnik.de\/tr\/bosch-dicentis-tartisma-si%cc%87stemi%cc%87\/\" class=\"eael-post-elements-readmore-btn\" >\u203a daha fazla<\/a><div class=\"boxed-meta\"><\/div><\/div><\/div><\/div><div class=\"eael-post-list-post\"><div class=\"eael-post-list-post-inner\"><div class=\"eael-post-list-thumbnail\"><a href=\"https:\/\/konferenztechnik.de\/tr\/sennheiser-adn-goeruesme-si%cc%87stemi%cc%87\/\">\n                <img decoding=\"async\" src=\"https:\/\/konferenztechnik.de\/wp-content\/uploads\/2022\/06\/sennheiser-adn.jpg\" alt=\"Sennheiser ADN kablosuz konferans \u00fcnitesi\" title=\"\">\n            <\/a><\/div><div class=\"eael-post-list-content\"><h3 class=\"eael-post-list-title\"><a href=\"https:\/\/konferenztechnik.de\/tr\/sennheiser-adn-goeruesme-si%cc%87stemi%cc%87\/\" >Sennheiser ADN \u2013 Tart\u0131\u015fma sistemi<\/a><\/h3><p>ADN konferans sistemi etkin geri bildirim bast\u0131rma \u00f6zelli\u011fine sahiptir. Bu...<\/p><a href=\"https:\/\/konferenztechnik.de\/tr\/sennheiser-adn-goeruesme-si%cc%87stemi%cc%87\/\" class=\"eael-post-elements-readmore-btn\" >\u203a daha fazla<\/a><div class=\"boxed-meta\"><\/div><\/div><\/div><\/div><div class=\"eael-post-list-post\"><div class=\"eael-post-list-post-inner\"><div class=\"eael-post-list-thumbnail\"><a href=\"https:\/\/konferenztechnik.de\/tr\/beyerdynamic-quinta-goeruesme-si%cc%87stemi%cc%87\/\">\n                <img decoding=\"async\" src=\"https:\/\/konferenztechnik.de\/wp-content\/uploads\/2022\/06\/beyerdynamic-quinta.jpg\" alt=\"Konferans mikrofon \u00fcnitesi Beyerdynamic Quinta, kablosuz, deveboynu mikrofonlu\" title=\"\">\n            <\/a><\/div><div class=\"eael-post-list-content\"><h3 class=\"eael-post-list-title\"><a href=\"https:\/\/konferenztechnik.de\/tr\/beyerdynamic-quinta-goeruesme-si%cc%87stemi%cc%87\/\" >Beyerdynamic Quinta \u2013 Tart\u0131\u015fma sistemi<\/a><\/h3><p>Beyerdynamic Quinta sistemi, toplant\u0131lar, konferanslar, video ve bas\u0131n konferanslar\u0131, mahkeme salonlar\u0131 i\u00e7in tasarlanm\u0131\u015ft\u0131r...<\/p><a href=\"https:\/\/konferenztechnik.de\/tr\/beyerdynamic-quinta-goeruesme-si%cc%87stemi%cc%87\/\" class=\"eael-post-elements-readmore-btn\" >\u203a daha fazla<\/a><div class=\"boxed-meta\"><\/div><\/div><\/div><\/div><div class=\"eael-post-list-post\"><div class=\"eael-post-list-post-inner\"><div class=\"eael-post-list-thumbnail\"><a href=\"https:\/\/konferenztechnik.de\/tr\/bosch-tartisma-tartisma-si%cc%87stemi%cc%87\/\">\n                <img decoding=\"async\" src=\"https:\/\/konferenztechnik.de\/wp-content\/uploads\/2023\/06\/bosch-discussion-NG.jpg\" alt=\"Mikrofon \u00fcnitesinde yorumlanan dilleri \u00e7a\u011f\u0131rmak i\u00e7in dil se\u00e7icili Bosch Discussion Next Generation mikrofon \u00fcnitesi\" title=\"\">\n            <\/a><\/div><div class=\"eael-post-list-content\"><h3 class=\"eael-post-list-title\"><a href=\"https:\/\/konferenztechnik.de\/tr\/bosch-tartisma-tartisma-si%cc%87stemi%cc%87\/\" >Bosch Tart\u0131\u015fma \u2013 Tart\u0131\u015fma \u00fcnitesi<\/a><\/h3><p>DCN konferans \u00e7\u00f6z\u00fcmleri \u00e7ok y\u00f6nl\u00fcl\u00fckleri ile karakterize edilir ve y\u00fcksek ses kalitesi ve...<\/p><a href=\"https:\/\/konferenztechnik.de\/tr\/bosch-tartisma-tartisma-si%cc%87stemi%cc%87\/\" class=\"eael-post-elements-readmore-btn\" >\u203a daha fazla<\/a><div class=\"boxed-meta\"><\/div><\/div><\/div><\/div><div class=\"eael-post-list-post\"><div class=\"eael-post-list-post-inner\"><div class=\"eael-post-list-thumbnail\"><a href=\"https:\/\/konferenztechnik.de\/tr\/bosch-ccs-1000-d-tartisma-ueni%cc%87tesi%cc%87\/\">\n                <img decoding=\"async\" src=\"https:\/\/konferenztechnik.de\/wp-content\/uploads\/2023\/06\/sennheiser-ccs-1000-d.jpg\" alt=\"Mikrofon istasyonu tipi Bosch CCS 1000 d\" title=\"\">\n            <\/a><\/div><div class=\"eael-post-list-content\"><h3 class=\"eael-post-list-title\"><a href=\"https:\/\/konferenztechnik.de\/tr\/bosch-ccs-1000-d-tartisma-ueni%cc%87tesi%cc%87\/\" >BOSCH CCS 1000 D \u2013 Tart\u0131\u015fma \u00fcnitesi<\/a><\/h3><p>CCS 1000 D, teknik yeniliklerden \u00f6d\u00fcn vermeden sadeli\u011fi ile etkileyicidir.<\/p><a href=\"https:\/\/konferenztechnik.de\/tr\/bosch-ccs-1000-d-tartisma-ueni%cc%87tesi%cc%87\/\" class=\"eael-post-elements-readmore-btn\" >\u203a daha fazla<\/a><div class=\"boxed-meta\"><\/div><\/div><\/div><\/div><\/div><\/div>\n\t\t<\/div>\t\t\t\t<\/div>\n\t\t\t\t<\/div>\n\t\t\t\t\t<\/div>\n\t\t\t\t<\/div>\n\t\t\t\t<\/div>\n\t\t<\/div>\n\t\t\t\t\t\t<\/div>\n\t\t\t\t<\/div>\n\t\t\t\t\t<\/div>\n\t\t\t\t<\/div>\n\t\t\t\t\t<\/div>\n\t\t\t\t<\/div>\n\t\t<div data-particle_enable=\"false\" data-particle-mobile-disabled=\"false\" class=\"elementor-element elementor-element-381b5c64 e-flex e-con-boxed e-con e-parent\" data-id=\"381b5c64\" data-element_type=\"container\">\n\t\t\t\t\t<div class=\"e-con-inner\">\n\t\t\t\t<div class=\"elementor-element elementor-element-2eb2f78d elementor-widget__width-initial elementor-widget elementor-widget-text-editor\" data-id=\"2eb2f78d\" data-element_type=\"widget\" data-widget_type=\"text-editor.default\">\n\t\t\t\t<div class=\"elementor-widget-container\">\n\t\t\t\t\t\t\t\t\t<p>Rostock'u d\u00fc\u015f\u00fcnd\u00fc\u011f\u00fcn\u00fczde akl\u0131n\u0131za ilk olarak Balt\u0131k Denizi k\u0131y\u0131s\u0131ndaki tatil ve dinlence yerleri gelebilir. Ancak Rostock \u00f6zellikle etkinlikler i\u00e7in pop\u00fcler bir yerdir ve kuzeydo\u011fu Almanya'daki en b\u00fcy\u00fck iki etkinlik yeri olan HanseMesse ve StadtHalle Rostock'a sahiptir. Kongreler, \u00e7al\u0131\u015ftaylar, seminerler, konferanslar, kurumsal etkinlikler \u2013 Rostock'ta ne planl\u0131yorsan\u0131z planlay\u0131n, Rostock'taki etkinli\u011finiz i\u00e7in do\u011fru konferans teknolojisini bizden kiralayabilirsiniz.<\/p><p>\u00a0<\/p><p>PCS Konferenztechnik olarak, masa mikrofonlar\u0131 ve mikrofon \u00fcniteleri gibi konferans ekipmanlar\u0131n\u0131n kiralanmas\u0131 konusunda size g\u00fcvenilir tavsiyeler sunuyoruz. Bu alanda 22 y\u0131l\u0131 a\u015fk\u0131n s\u00fcredir ba\u015far\u0131yla faaliyet g\u00f6steriyor olmam\u0131z sebepsiz de\u011fildir. Uzmanl\u0131\u011f\u0131m\u0131zdan yararlan\u0131n ve uzun y\u0131llara dayanan deneyimimizden faydalan\u0131n.<\/p><p>\u00a0<\/p><p>\u0130ster kablolu mikrofon \u00fcnitelerine ister \u2013 kablosuz masa mikrofonlar\u0131na ihtiyac\u0131n\u0131z olsun, geni\u015f kiral\u0131k \u00fcr\u00fcn yelpazemizden se\u00e7im yapabilirsiniz. \u2013 sistemlerini teslim ediyor, kuruyor, bak\u0131m\u0131n\u0131 yap\u0131yor ve etkinlik sonras\u0131nda tekrar teslim al\u0131yoruz. Biri Berlin'de olmak \u00fczere Almanya'daki d\u00f6rt teslimat noktam\u0131zla size h\u0131zl\u0131 ve esnek bir \u015fekilde tedarik sa\u011flayabiliriz.<\/p>\t\t\t\t\t\t\t\t<\/div>\n\t\t\t\t<\/div>\n\t\t\t\t<div class=\"elementor-element elementor-element-11472440 elementor-widget__width-initial elementor-widget elementor-widget-heading\" data-id=\"11472440\" data-element_type=\"widget\" data-settings=\"{&quot;_animation&quot;:&quot;none&quot;}\" data-widget_type=\"heading.default\">\n\t\t\t\t<div class=\"elementor-widget-container\">\n\t\t\t\t\t<h2 class=\"elementor-heading-title elementor-size-default\">Bu sistemleri bizden rahatl\u0131kla kiralayabilirsiniz<\/h2>\t\t\t\t<\/div>\n\t\t\t\t<\/div>\n\t\t\t\t<div class=\"elementor-element elementor-element-47378d6e elementor-widget elementor-widget-image\" data-id=\"47378d6e\" data-element_type=\"widget\" data-widget_type=\"image.default\">\n\t\t\t\t<div class=\"elementor-widget-container\">\n\t\t\t\t\t\t\t\t\t\t\t\t\t\t\t<img decoding=\"async\" width=\"2550\" height=\"1074\" src=\"https:\/\/konferenztechnik.de\/wp-content\/uploads\/2023\/07\/sprechstellen-mieten-pcs-konferenztechnik-jpg.webp\" class=\"attachment-full size-full wp-image-37195\" alt=\"Bir toplant\u0131 i\u00e7in haz\u0131rlanm\u0131\u015f, yaz\u0131 malzemeleri, i\u00e7ecekler ve kablosuz konferans mikrofon \u00fcniteleri ile dolu bir dizi konferans masas\u0131n\u0131n g\u00f6r\u00fcn\u00fcm\u00fc - her \u015fey bir konferans i\u00e7in haz\u0131r g\u00f6r\u00fcn\u00fcyor.\" srcset=\"https:\/\/konferenztechnik.de\/wp-content\/uploads\/2023\/07\/sprechstellen-mieten-pcs-konferenztechnik-jpg.webp 2550w, https:\/\/konferenztechnik.de\/wp-content\/uploads\/2023\/07\/sprechstellen-mieten-pcs-konferenztechnik-300x126.webp 300w, https:\/\/konferenztechnik.de\/wp-content\/uploads\/2023\/07\/sprechstellen-mieten-pcs-konferenztechnik-1024x431.webp 1024w, https:\/\/konferenztechnik.de\/wp-content\/uploads\/2023\/07\/sprechstellen-mieten-pcs-konferenztechnik-768x323.webp 768w, https:\/\/konferenztechnik.de\/wp-content\/uploads\/2023\/07\/sprechstellen-mieten-pcs-konferenztechnik-1536x647.webp 1536w, https:\/\/konferenztechnik.de\/wp-content\/uploads\/2023\/07\/sprechstellen-mieten-pcs-konferenztechnik-2048x863.webp 2048w, https:\/\/konferenztechnik.de\/wp-content\/uploads\/2023\/07\/sprechstellen-mieten-pcs-konferenztechnik-18x8.webp 18w\" sizes=\"(max-width: 2550px) 100vw, 2550px\" title=\"\">\t\t\t\t\t\t\t\t\t\t\t\t\t\t\t<\/div>\n\t\t\t\t<\/div>\n\t\t\t\t<div class=\"elementor-element elementor-element-54bb73ba elementor-align-right elementor-mobile-align-center elementor-widget elementor-widget-button\" data-id=\"54bb73ba\" data-element_type=\"widget\" data-widget_type=\"button.default\">\n\t\t\t\t<div class=\"elementor-widget-container\">\n\t\t\t\t\t\t\t\t\t<div class=\"elementor-button-wrapper\">\n\t\t\t\t\t<a class=\"elementor-button elementor-button-link elementor-size-lg\" href=\"#serviceteam\">\n\t\t\t\t\t\t<span class=\"elementor-button-content-wrapper\">\n\t\t\t\t\t\t<span class=\"elementor-button-icon\">\n\t\t\t\t<svg aria-hidden=\"true\" class=\"e-font-icon-svg e-far-arrow-alt-circle-down\" viewbox=\"0 0 512 512\" xmlns=\"http:\/\/www.w3.org\/2000\/svg\"><path d=\"M256 8C119 8 8 119 8 256s111 248 248 248 248-111 248-248S393 8 256 8zm0 448c-110.5 0-200-89.5-200-200S145.5 56 256 56s200 89.5 200 200-89.5 200-200 200zm-32-316v116h-67c-10.7 0-16 12.9-8.5 20.5l99 99c4.7 4.7 12.3 4.7 17 0l99-99c7.6-7.6 2.2-20.5-8.5-20.5h-67V140c0-6.6-5.4-12-12-12h-40c-6.6 0-12 5.4-12 12z\"><\/path><\/svg>\t\t\t<\/span>\n\t\t\t\t\t\t\t\t\t<span class=\"elementor-button-text\">\u015eimdi Sorgula<\/span>\n\t\t\t\t\t<\/span>\n\t\t\t\t\t<\/a>\n\t\t\t\t<\/div>\n\t\t\t\t\t\t\t\t<\/div>\n\t\t\t\t<\/div>\n\t\t\t\t<div class=\"elementor-element elementor-element-61a7f483 elementor-widget__width-inherit elementor-widget elementor-widget-text-editor\" data-id=\"61a7f483\" data-element_type=\"widget\" data-widget_type=\"text-editor.default\">\n\t\t\t\t<div class=\"elementor-widget-container\">\n\t\t\t\t\t\t\t\t\t<p>\u00a0Sadece sayg\u0131n \u00fcreticilerin ekipmanlar\u0131n\u0131 kiral\u0131yoruz ve b\u00f6ylece kalite ve performans\u0131 garanti ediyoruz. \u00d6rne\u011fin, a\u015fa\u011f\u0131daki mikrofon \u00fcnitelerini kiralayabilirsiniz:<\/p>\t\t\t\t\t\t\t\t<\/div>\n\t\t\t\t<\/div>\n\t\t\t\t<div class=\"elementor-element elementor-element-21178ea4 elementor-icon-list--layout-traditional elementor-list-item-link-full_width elementor-widget elementor-widget-icon-list\" data-id=\"21178ea4\" data-element_type=\"widget\" data-widget_type=\"icon-list.default\">\n\t\t\t\t<div class=\"elementor-widget-container\">\n\t\t\t\t\t\t\t<ul class=\"elementor-icon-list-items\">\n\t\t\t\t\t\t\t<li class=\"elementor-icon-list-item\">\n\t\t\t\t\t\t\t\t\t\t\t<a href=\"https:\/\/konferenztechnik.de\/tr\/bosch-dicentis-tartisma-si%cc%87stemi%cc%87\/\">\n\n\t\t\t\t\t\t\t\t\t\t\t\t<span class=\"elementor-icon-list-icon\">\n\t\t\t\t\t\t\t<svg aria-hidden=\"true\" class=\"e-font-icon-svg e-fas-check\" viewbox=\"0 0 512 512\" xmlns=\"http:\/\/www.w3.org\/2000\/svg\"><path d=\"M173.898 439.404l-166.4-166.4c-9.997-9.997-9.997-26.206 0-36.204l36.203-36.204c9.997-9.998 26.207-9.998 36.204 0L192 312.69 432.095 72.596c9.997-9.997 26.207-9.997 36.204 0l36.203 36.204c9.997 9.997 9.997 26.206 0 36.204l-294.4 294.401c-9.998 9.997-26.207 9.997-36.204-.001z\"><\/path><\/svg>\t\t\t\t\t\t<\/span>\n\t\t\t\t\t\t\t\t\t\t<span class=\"elementor-icon-list-text\">Bosch Dicentis mikrofon \u00fcniteleri \u2013 Kablosuz konferans sistemi<\/span>\n\t\t\t\t\t\t\t\t\t\t\t<\/a>\n\t\t\t\t\t\t\t\t\t<\/li>\n\t\t\t\t\t\t\t\t<li class=\"elementor-icon-list-item\">\n\t\t\t\t\t\t\t\t\t\t\t<a href=\"https:\/\/konferenztechnik.de\/tr\/televic-confidea-flex-goeruesme-si%cc%87stemi%cc%87\/\">\n\n\t\t\t\t\t\t\t\t\t\t\t\t<span class=\"elementor-icon-list-icon\">\n\t\t\t\t\t\t\t<svg aria-hidden=\"true\" class=\"e-font-icon-svg e-fas-check\" viewbox=\"0 0 512 512\" xmlns=\"http:\/\/www.w3.org\/2000\/svg\"><path d=\"M173.898 439.404l-166.4-166.4c-9.997-9.997-9.997-26.206 0-36.204l36.203-36.204c9.997-9.998 26.207-9.998 36.204 0L192 312.69 432.095 72.596c9.997-9.997 26.207-9.997 36.204 0l36.203 36.204c9.997 9.997 9.997 26.206 0 36.204l-294.4 294.401c-9.998 9.997-26.207 9.997-36.204-.001z\"><\/path><\/svg>\t\t\t\t\t\t<\/span>\n\t\t\t\t\t\t\t\t\t\t<span class=\"elementor-icon-list-text\">Televic Confidea Flex mikrofon \u00fcniteleri \u2013 Kablosuz konferans sistemi<\/span>\n\t\t\t\t\t\t\t\t\t\t\t<\/a>\n\t\t\t\t\t\t\t\t\t<\/li>\n\t\t\t\t\t\t\t\t<li class=\"elementor-icon-list-item\">\n\t\t\t\t\t\t\t\t\t\t\t<a href=\"https:\/\/konferenztechnik.de\/tr\/bosch-ccs-1000-d-tartisma-ueni%cc%87tesi%cc%87\/\">\n\n\t\t\t\t\t\t\t\t\t\t\t\t<span class=\"elementor-icon-list-icon\">\n\t\t\t\t\t\t\t<svg aria-hidden=\"true\" class=\"e-font-icon-svg e-fas-check\" viewbox=\"0 0 512 512\" xmlns=\"http:\/\/www.w3.org\/2000\/svg\"><path d=\"M173.898 439.404l-166.4-166.4c-9.997-9.997-9.997-26.206 0-36.204l36.203-36.204c9.997-9.998 26.207-9.998 36.204 0L192 312.69 432.095 72.596c9.997-9.997 26.207-9.997 36.204 0l36.203 36.204c9.997 9.997 9.997 26.206 0 36.204l-294.4 294.401c-9.998 9.997-26.207 9.997-36.204-.001z\"><\/path><\/svg>\t\t\t\t\t\t<\/span>\n\t\t\t\t\t\t\t\t\t\t<span class=\"elementor-icon-list-text\">BOSCH CCS 1000 D \u2013 Tart\u0131\u015fma \u00fcnitesi<\/span>\n\t\t\t\t\t\t\t\t\t\t\t<\/a>\n\t\t\t\t\t\t\t\t\t<\/li>\n\t\t\t\t\t\t\t\t<li class=\"elementor-icon-list-item\">\n\t\t\t\t\t\t\t\t\t\t\t<a href=\"https:\/\/konferenztechnik.de\/tr\/bosch-tartisma-tartisma-si%cc%87stemi%cc%87\/\">\n\n\t\t\t\t\t\t\t\t\t\t\t\t<span class=\"elementor-icon-list-icon\">\n\t\t\t\t\t\t\t<svg aria-hidden=\"true\" class=\"e-font-icon-svg e-fas-check\" viewbox=\"0 0 512 512\" xmlns=\"http:\/\/www.w3.org\/2000\/svg\"><path d=\"M173.898 439.404l-166.4-166.4c-9.997-9.997-9.997-26.206 0-36.204l36.203-36.204c9.997-9.998 26.207-9.998 36.204 0L192 312.69 432.095 72.596c9.997-9.997 26.207-9.997 36.204 0l36.203 36.204c9.997 9.997 9.997 26.206 0 36.204l-294.4 294.401c-9.998 9.997-26.207 9.997-36.204-.001z\"><\/path><\/svg>\t\t\t\t\t\t<\/span>\n\t\t\t\t\t\t\t\t\t\t<span class=\"elementor-icon-list-text\">Bosch Tart\u0131\u015fma mikrofon \u00fcniteleri \u2013 Kablolu konferans sistemi (terc\u00fcme kanallar\u0131\/\u00e7eviri dahil)<\/span>\n\t\t\t\t\t\t\t\t\t\t\t<\/a>\n\t\t\t\t\t\t\t\t\t<\/li>\n\t\t\t\t\t\t\t\t<li class=\"elementor-icon-list-item\">\n\t\t\t\t\t\t\t\t\t\t\t<a href=\"https:\/\/konferenztechnik.de\/tr\/goeruesme-sistemleri-interkom-istasyonlari-kiralayin-satin-alin-kurun-kiraya-verin\/\">\n\n\t\t\t\t\t\t\t\t\t\t\t\t<span class=\"elementor-icon-list-icon\">\n\t\t\t\t\t\t\t<svg aria-hidden=\"true\" class=\"e-font-icon-svg e-fas-check\" viewbox=\"0 0 512 512\" xmlns=\"http:\/\/www.w3.org\/2000\/svg\"><path d=\"M173.898 439.404l-166.4-166.4c-9.997-9.997-9.997-26.206 0-36.204l36.203-36.204c9.997-9.998 26.207-9.998 36.204 0L192 312.69 432.095 72.596c9.997-9.997 26.207-9.997 36.204 0l36.203 36.204c9.997 9.997 9.997 26.206 0 36.204l-294.4 294.401c-9.998 9.997-26.207 9.997-36.204-.001z\"><\/path><\/svg>\t\t\t\t\t\t<\/span>\n\t\t\t\t\t\t\t\t\t\t<span class=\"elementor-icon-list-text\">Ve \u00e7ok daha fazlas\u0131...<\/span>\n\t\t\t\t\t\t\t\t\t\t\t<\/a>\n\t\t\t\t\t\t\t\t\t<\/li>\n\t\t\t\t\t\t<\/ul>\n\t\t\t\t\t\t<\/div>\n\t\t\t\t<\/div>\n\t\t\t\t<div class=\"elementor-element elementor-element-72fa6dbb elementor-widget elementor-widget-image\" data-id=\"72fa6dbb\" data-element_type=\"widget\" data-widget_type=\"image.default\">\n\t\t\t\t<div class=\"elementor-widget-container\">\n\t\t\t\t\t\t\t\t\t\t\t\t\t\t\t<img decoding=\"async\" width=\"1200\" height=\"450\" src=\"https:\/\/konferenztechnik.de\/wp-content\/uploads\/2016\/10\/events-berlin.jpg\" class=\"attachment-full size-full wp-image-8486\" alt=\"\" srcset=\"https:\/\/konferenztechnik.de\/wp-content\/uploads\/2016\/10\/events-berlin.jpg 1200w, https:\/\/konferenztechnik.de\/wp-content\/uploads\/2016\/10\/events-berlin-300x113.jpg 300w, https:\/\/konferenztechnik.de\/wp-content\/uploads\/2016\/10\/events-berlin-1024x384.jpg 1024w, https:\/\/konferenztechnik.de\/wp-content\/uploads\/2016\/10\/events-berlin-768x288.jpg 768w\" sizes=\"(max-width: 1200px) 100vw, 1200px\" title=\"\">\t\t\t\t\t\t\t\t\t\t\t\t\t\t\t<\/div>\n\t\t\t\t<\/div>\n\t\t<div data-particle_enable=\"false\" data-particle-mobile-disabled=\"false\" class=\"elementor-element elementor-element-69149eee e-flex e-con-boxed e-con e-child\" data-id=\"69149eee\" data-element_type=\"container\">\n\t\t\t\t\t<div class=\"e-con-inner\">\n\t\t\t\t<div class=\"elementor-element elementor-element-5413c0d2 elementor-align-left elementor-widget elementor-widget-button\" data-id=\"5413c0d2\" data-element_type=\"widget\" data-widget_type=\"button.default\">\n\t\t\t\t<div class=\"elementor-widget-container\">\n\t\t\t\t\t\t\t\t\t<div class=\"elementor-button-wrapper\">\n\t\t\t\t\t<a class=\"elementor-button elementor-button-link elementor-size-lg\" href=\"#serviceteam\">\n\t\t\t\t\t\t<span class=\"elementor-button-content-wrapper\">\n\t\t\t\t\t\t<span class=\"elementor-button-icon\">\n\t\t\t\t<svg aria-hidden=\"true\" class=\"e-font-icon-svg e-far-arrow-alt-circle-down\" viewbox=\"0 0 512 512\" xmlns=\"http:\/\/www.w3.org\/2000\/svg\"><path d=\"M256 8C119 8 8 119 8 256s111 248 248 248 248-111 248-248S393 8 256 8zm0 448c-110.5 0-200-89.5-200-200S145.5 56 256 56s200 89.5 200 200-89.5 200-200 200zm-32-316v116h-67c-10.7 0-16 12.9-8.5 20.5l99 99c4.7 4.7 12.3 4.7 17 0l99-99c7.6-7.6 2.2-20.5-8.5-20.5h-67V140c0-6.6-5.4-12-12-12h-40c-6.6 0-12 5.4-12 12z\"><\/path><\/svg>\t\t\t<\/span>\n\t\t\t\t\t\t\t\t\t<span class=\"elementor-button-text\">\u015eimdi Sorgula<\/span>\n\t\t\t\t\t<\/span>\n\t\t\t\t\t<\/a>\n\t\t\t\t<\/div>\n\t\t\t\t\t\t\t\t<\/div>\n\t\t\t\t<\/div>\n\t\t\t\t\t<\/div>\n\t\t\t\t<\/div>\n\t\t\t\t<div class=\"elementor-element elementor-element-1bd371bb elementor-widget__width-initial elementor-widget elementor-widget-heading\" data-id=\"1bd371bb\" data-element_type=\"widget\" data-settings=\"{&quot;_animation&quot;:&quot;none&quot;}\" data-widget_type=\"heading.default\">\n\t\t\t\t<div class=\"elementor-widget-container\">\n\t\t\t\t\t<h2 class=\"elementor-heading-title elementor-size-default\">Profesyonel ileti\u015fim i\u00e7in profesyonel teknoloji<\/h2>\t\t\t\t<\/div>\n\t\t\t\t<\/div>\n\t\t\t\t<div class=\"elementor-element elementor-element-54d3e1ba elementor-widget__width-inherit elementor-widget elementor-widget-text-editor\" data-id=\"54d3e1ba\" data-element_type=\"widget\" data-widget_type=\"text-editor.default\">\n\t\t\t\t<div class=\"elementor-widget-container\">\n\t\t\t\t\t\t\t\t\t<p>Her etkinli\u011fin ileti\u015fim teknolojisi i\u00e7in kendine \u00f6zg\u00fc gereksinimleri vard\u0131r. Odan\u0131n b\u00fcy\u00fckl\u00fc\u011f\u00fc, oturma d\u00fczeni ve kat\u0131lan konuk say\u0131s\u0131 burada \u00f6nemli bir etkiye sahiptir. Bize g\u00fcvenin: Sizin i\u00e7in en iyisinin ne oldu\u011funu biliyoruz. Bizimle ileti\u015fime ge\u00e7in ve size tavsiyelerde bulunal\u0131m. Etkinli\u011finizde optimum ses kalitesi ve konu\u015fma anla\u015f\u0131l\u0131rl\u0131\u011f\u0131 i\u00e7in do\u011fru \u00e7\u00f6z\u00fcm\u00fc birlikte bulaca\u011f\u0131z.<\/p>\t\t\t\t\t\t\t\t<\/div>\n\t\t\t\t<\/div>\n\t\t\t\t<div class=\"elementor-element elementor-element-1debd79a elementor-widget__width-inherit elementor-widget elementor-widget-text-editor\" data-id=\"1debd79a\" data-element_type=\"widget\" data-widget_type=\"text-editor.default\">\n\t\t\t\t<div class=\"elementor-widget-container\">\n\t\t\t\t\t\t\t\t\t<p>PCS-Konferenztechnik'te Berlin'de kablolu veya kablosuz mikrofon \u00fcniteleri kiralayabilirsiniz. Konferans sistemleri mevcut bir genel seslendirme sistemine h\u0131zl\u0131 ve kolay bir \u015fekilde ba\u011flanabilir veya do\u011frudan dahili hoparl\u00f6rlerle kullan\u0131labilir.<\/p>\t\t\t\t\t\t\t\t<\/div>\n\t\t\t\t<\/div>\n\t\t\t\t<div class=\"elementor-element elementor-element-12417f9 elementor-widget__width-inherit elementor-widget elementor-widget-text-editor\" data-id=\"12417f9\" data-element_type=\"widget\" data-widget_type=\"text-editor.default\">\n\t\t\t\t<div class=\"elementor-widget-container\">\n\t\t\t\t\t\t\t\t\t<p>Di\u011fer sistemler ve sa\u011flay\u0131c\u0131lar talep \u00fczerine!<\/p>\t\t\t\t\t\t\t\t<\/div>\n\t\t\t\t<\/div>\n\t\t\t\t<div class=\"elementor-element elementor-element-36e0c0e2 elementor-widget elementor-widget-heading\" data-id=\"36e0c0e2\" data-element_type=\"widget\" data-settings=\"{&quot;_animation&quot;:&quot;none&quot;}\" data-widget_type=\"heading.default\">\n\t\t\t\t<div class=\"elementor-widget-container\">\n\t\t\t\t\t<h2 class=\"elementor-heading-title elementor-size-default\">Avantaj\u0131n\u0131z: maksimum anla\u015f\u0131labilirlik ve kullan\u0131\u015fl\u0131 ek fonksiyonlar<\/h2>\t\t\t\t<\/div>\n\t\t\t\t<\/div>\n\t\t\t\t<div class=\"elementor-element elementor-element-417695ac elementor-widget__width-inherit elementor-widget elementor-widget-text-editor\" data-id=\"417695ac\" data-element_type=\"widget\" data-widget_type=\"text-editor.default\">\n\t\t\t\t<div class=\"elementor-widget-container\">\n\t\t\t\t\t\t\t\t\t<p>Masa mikrofonlar\u0131n\u0131 kullanarak belirleyici bir avantaj elde edersiniz: y\u00fcksek sesli ve tart\u0131\u015fmalar\u0131n yo\u011fun oldu\u011fu etkinliklerde bile t\u00fcm kat\u0131l\u0131mc\u0131lar i\u00e7in maksimum anla\u015f\u0131labilirlik \u2013. Modele ba\u011fl\u0131 olarak, kullan\u0131\u015fl\u0131 ek sistem i\u015flevlerinden de yararlanabilirsiniz. \u00d6rne\u011fin, ses kayd\u0131na m\u0131 ihtiyac\u0131n\u0131z var? Ya da konuklar\u0131n \u00e7ok dilli olmas\u0131 nedeniyle terc\u00fcme kanallar\u0131n\u0131n e\u015fzamanl\u0131 olarak izlenmesi gerekli mi? Kiralama sistemlerimiz \u00e7ok say\u0131da kullan\u0131\u015fl\u0131 \u00f6zellik sunar.<\/p><p>\u00a0<\/p><p>Etkinli\u011finiz i\u00e7in biraz daha fazla teknolojiye mi ihtiyac\u0131n\u0131z var? O zaman bizimle ileti\u015fime ge\u00e7in ve size tavsiyelerde bulunal\u0131m. \u00dcr\u00fcn yelpazemizde sizin i\u00e7in ba\u015fka konferans sistemleri, ses ve g\u00f6r\u00fcnt\u00fc sistemleri ve daha fazlas\u0131 var. Sistemlerimizi mevcut teknolojinizle birle\u015ftirmeniz de m\u00fcmk\u00fcn.<\/p>\t\t\t\t\t\t\t\t<\/div>\n\t\t\t\t<\/div>\n\t\t\t\t<div class=\"elementor-element elementor-element-7c5bd06a elementor-widget elementor-widget-eael-adv-accordion\" data-id=\"7c5bd06a\" data-element_type=\"widget\" data-widget_type=\"eael-adv-accordion.default\">\n\t\t\t\t<div class=\"elementor-widget-container\">\n\t\t\t\t\t            <div class=\"eael-adv-accordion\" id=\"eael-adv-accordion-7c5bd06a\" data-scroll-on-click=\"no\" data-scroll-speed=\"300\" data-accordion-id=\"7c5bd06a\" data-accordion-type=\"accordion\" data-toogle-speed=\"300\">\n            <div class=\"eael-accordion-list\">\n\t\t\t\t\t<div id=\"veranstaltungsorte-fr-events-und-kongresse-in-rostock\" class=\"elementor-tab-title eael-accordion-header\" tabindex=\"0\" data-tab=\"1\" aria-controls=\"elementor-tab-content-2081\"><span class=\"eael-advanced-accordion-icon-closed\"><svg aria-hidden=\"true\" class=\"fa-accordion-icon e-font-icon-svg e-fas-plus\" viewbox=\"0 0 448 512\" xmlns=\"http:\/\/www.w3.org\/2000\/svg\"><path d=\"M416 208H272V64c0-17.67-14.33-32-32-32h-32c-17.67 0-32 14.33-32 32v144H32c-17.67 0-32 14.33-32 32v32c0 17.67 14.33 32 32 32h144v144c0 17.67 14.33 32 32 32h32c17.67 0 32-14.33 32-32V304h144c17.67 0 32-14.33 32-32v-32c0-17.67-14.33-32-32-32z\"><\/path><\/svg><\/span><span class=\"eael-advanced-accordion-icon-opened\"><svg aria-hidden=\"true\" class=\"fa-accordion-icon e-font-icon-svg e-fas-minus\" viewbox=\"0 0 448 512\" xmlns=\"http:\/\/www.w3.org\/2000\/svg\"><path d=\"M416 208H32c-17.67 0-32 14.33-32 32v32c0 17.67 14.33 32 32 32h384c17.67 0 32-14.33 32-32v-32c0-17.67-14.33-32-32-32z\"><\/path><\/svg><\/span><span class=\"eael-accordion-tab-title\">Rostock'ta etkinlik ve kongre mekanlar\u0131<\/span><svg aria-hidden=\"true\" class=\"fa-toggle e-font-icon-svg e-fas-angle-right\" viewbox=\"0 0 256 512\" xmlns=\"http:\/\/www.w3.org\/2000\/svg\"><path d=\"M224.3 273l-136 136c-9.4 9.4-24.6 9.4-33.9 0l-22.6-22.6c-9.4-9.4-9.4-24.6 0-33.9l96.4-96.4-96.4-96.4c-9.4-9.4-9.4-24.6 0-33.9L54.3 103c9.4-9.4 24.6-9.4 33.9 0l136 136c9.5 9.4 9.5 24.6.1 34z\"><\/path><\/svg><\/div><div id=\"elementor-tab-content-2081\" class=\"eael-accordion-content clearfix\" data-tab=\"1\" aria-labelledby=\"veranstaltungsorte-fr-events-und-kongresse-in-rostock\"><ul><li>HanseMesse Rostock \u2013 Fuar Merkezi Rostock<\/li><li>IGA Park<\/li><li>CityHall Rostock<\/li><li>Rostock T\u0131p Merkezi<\/li><li>Warnem\u00fcnde Teknoloji Park\u0131<\/li><li>Barok salon<\/li><li>Heinrich B\u00f6ll Vakf\u0131<\/li><li>Doppelkopf b\u00f6lgesi k\u00fclt\u00fcr merkezi<\/li><li>M\u00fczik ve Tiyatro \u00dcniversitesi<\/li><li>Compagnie de Comedie<\/li><li>Villa Papendorf<\/li><li>ARThus<\/li><li>Rostock Dinlenme Merkezi<\/li><li>Rostock \u015eehir K\u00fct\u00fcphanesi<\/li><li>Pompa<\/li><li>L\u00fctten Klein Aile Merkezi<\/li><li>Warnem\u00fcnde Spa Merkezi<\/li><li>Yeni Medya Enstit\u00fcs\u00fc<\/li><li>Gen\u00e7lik k\u00fclt\u00fcr merkezi M.A.U<\/li><\/ul><\/div>\n\t\t\t\t\t<\/div><div class=\"eael-accordion-list\">\n\t\t\t\t\t<div id=\"-die-wichtigsten-veranstaltungshotels-in-rostock-\" class=\"elementor-tab-title eael-accordion-header\" tabindex=\"0\" data-tab=\"2\" aria-controls=\"elementor-tab-content-2082\"><span class=\"eael-advanced-accordion-icon-closed\"><svg aria-hidden=\"true\" class=\"fa-accordion-icon e-font-icon-svg e-fas-plus\" viewbox=\"0 0 448 512\" xmlns=\"http:\/\/www.w3.org\/2000\/svg\"><path d=\"M416 208H272V64c0-17.67-14.33-32-32-32h-32c-17.67 0-32 14.33-32 32v144H32c-17.67 0-32 14.33-32 32v32c0 17.67 14.33 32 32 32h144v144c0 17.67 14.33 32 32 32h32c17.67 0 32-14.33 32-32V304h144c17.67 0 32-14.33 32-32v-32c0-17.67-14.33-32-32-32z\"><\/path><\/svg><\/span><span class=\"eael-advanced-accordion-icon-opened\"><svg aria-hidden=\"true\" class=\"fa-accordion-icon e-font-icon-svg e-fas-minus\" viewbox=\"0 0 448 512\" xmlns=\"http:\/\/www.w3.org\/2000\/svg\"><path d=\"M416 208H32c-17.67 0-32 14.33-32 32v32c0 17.67 14.33 32 32 32h384c17.67 0 32-14.33 32-32v-32c0-17.67-14.33-32-32-32z\"><\/path><\/svg><\/span><span class=\"eael-accordion-tab-title\"> Rostock'daki en \u00f6nemli etkinlik otelleri <\/span><svg aria-hidden=\"true\" class=\"fa-toggle e-font-icon-svg e-fas-angle-right\" viewbox=\"0 0 256 512\" xmlns=\"http:\/\/www.w3.org\/2000\/svg\"><path d=\"M224.3 273l-136 136c-9.4 9.4-24.6 9.4-33.9 0l-22.6-22.6c-9.4-9.4-9.4-24.6 0-33.9l96.4-96.4-96.4-96.4c-9.4-9.4-9.4-24.6 0-33.9L54.3 103c9.4-9.4 24.6-9.4 33.9 0l136 136c9.5 9.4 9.5 24.6.1 34z\"><\/path><\/svg><\/div><div id=\"elementor-tab-content-2082\" class=\"eael-accordion-content clearfix\" data-tab=\"2\" aria-labelledby=\"-die-wichtigsten-veranstaltungshotels-in-rostock-\"><ul><li>Yat liman\u0131 rezidans\u0131 Hohe D\u00fcne Yachting &amp; Spa Resort<\/li><li>Steigenberger Hotel Sonne<\/li><li>Radisson Blu Hotel Rostock<\/li><li>pentahotel Rostock<\/li><li>TRIHOTEL Am Schweizer Wald<\/li><li>InterCityHotel Rostock<\/li><li>Beach Hotel H\u00fcbner<\/li><li>Hotel Neptun<\/li><li>Ringhotel Warnem\u00fcnder Hof<\/li><\/ul><\/div>\n\t\t\t\t\t<\/div><div class=\"eael-accordion-list\">\n\t\t\t\t\t<div id=\"-messe-rostock-und-die-wichtigsten-messetermine-\" class=\"elementor-tab-title eael-accordion-header\" tabindex=\"0\" data-tab=\"3\" aria-controls=\"elementor-tab-content-2083\"><span class=\"eael-advanced-accordion-icon-closed\"><svg aria-hidden=\"true\" class=\"fa-accordion-icon e-font-icon-svg e-fas-plus\" viewbox=\"0 0 448 512\" xmlns=\"http:\/\/www.w3.org\/2000\/svg\"><path d=\"M416 208H272V64c0-17.67-14.33-32-32-32h-32c-17.67 0-32 14.33-32 32v144H32c-17.67 0-32 14.33-32 32v32c0 17.67 14.33 32 32 32h144v144c0 17.67 14.33 32 32 32h32c17.67 0 32-14.33 32-32V304h144c17.67 0 32-14.33 32-32v-32c0-17.67-14.33-32-32-32z\"><\/path><\/svg><\/span><span class=\"eael-advanced-accordion-icon-opened\"><svg aria-hidden=\"true\" class=\"fa-accordion-icon e-font-icon-svg e-fas-minus\" viewbox=\"0 0 448 512\" xmlns=\"http:\/\/www.w3.org\/2000\/svg\"><path d=\"M416 208H32c-17.67 0-32 14.33-32 32v32c0 17.67 14.33 32 32 32h384c17.67 0 32-14.33 32-32v-32c0-17.67-14.33-32-32-32z\"><\/path><\/svg><\/span><span class=\"eael-accordion-tab-title\"> Rostock Ticaret Fuar Merkezi ve en \u00f6nemli fuar tarihleri <\/span><svg aria-hidden=\"true\" class=\"fa-toggle e-font-icon-svg e-fas-angle-right\" viewbox=\"0 0 256 512\" xmlns=\"http:\/\/www.w3.org\/2000\/svg\"><path d=\"M224.3 273l-136 136c-9.4 9.4-24.6 9.4-33.9 0l-22.6-22.6c-9.4-9.4-9.4-24.6 0-33.9l96.4-96.4-96.4-96.4c-9.4-9.4-9.4-24.6 0-33.9L54.3 103c9.4-9.4 24.6-9.4 33.9 0l136 136c9.5 9.4 9.5 24.6.1 34z\"><\/path><\/svg><\/div><div id=\"elementor-tab-content-2083\" class=\"eael-accordion-content clearfix\" data-tab=\"3\" aria-labelledby=\"-messe-rostock-und-die-wichtigsten-messetermine-\"><ul><li>Balt\u0131k Denizi Fuar\u0131<\/li><li>Kendi evim Rostock<\/li><li>KUZEY \u0130\u015e\u0130<\/li><li>FLAIR AM MEER<\/li><li>Rostock Moda G\u00fcnleri<\/li><li>Balt\u0131k Temiz Teknoloji<\/li><li>\u0130\u015e FABR\u0130KASI<\/li><li>RoBau<\/li><li>Ya\u015fam fikirleri &amp; ya\u015fam tarz\u0131<\/li><li>OYUN fikri<\/li><li>JOBACTIVE<\/li><li>GuestRo<\/li><li>Tedarik\u00e7i G\u00fcn\u00fc<\/li><li>GECE \u015eAMANDIRA PAZARI<\/li><li>Bisiklet Rostock<\/li><li>Viva Touristika Rostock<\/li><li>Rostock d\u00fc\u011f\u00fcn fuar\u0131<\/li><li>Tekne+Bal\u0131k\u00e7\u0131l\u0131k \u2013 Su sporlar\u0131<\/li><li>Kamp &amp; Karavan Rostock<\/li><li>AutoTrend<\/li><li>OMNILAB Laboratuvar Fuar\u0131 Rostock<\/li><li>Rostock Bak\u0131m Fuar\u0131<\/li><li>ROSTOCK sa\u011fl\u0131kl\u0131<\/li><\/ul><\/div>\n\t\t\t\t\t<\/div><\/div>\t\t\t\t<\/div>\n\t\t\t\t<\/div>\n\t\t\t\t\t<\/div>\n\t\t\t\t<\/div>\n\t\t<div data-particle_enable=\"false\" data-particle-mobile-disabled=\"false\" class=\"elementor-element elementor-element-b9cbebf e-flex e-con-boxed e-con e-parent\" data-id=\"b9cbebf\" data-element_type=\"container\">\n\t\t\t\t\t<div class=\"e-con-inner\">\n\t\t\t\t<div class=\"elementor-element elementor-element-7c9ace83 elementor-widget elementor-widget-shortcode\" data-id=\"7c9ace83\" data-element_type=\"widget\" data-widget_type=\"shortcode.default\">\n\t\t\t\t<div class=\"elementor-widget-container\">\n\t\t\t\t\t\t\t<div class=\"elementor-shortcode\"><\/div>\n\t\t\t\t\t\t<\/div>\n\t\t\t\t<\/div>\n\t\t\t\t\t<\/div>\n\t\t\t\t<\/div>\n\t\t\t\t<\/div>","protected":false},"excerpt":{"rendered":"<p>Sprechstellen mieten in Rostock, Diskussionsanlagen, Konferenzsysteme Jetzt anfragen Wer an Rostock denkt, der denkt zun\u00e4chst vielleicht an Urlaub und Freizeit an der Ostsee. Doch Rostock ist gerade im Veranstaltungsbereich ein beliebter Ort und hat mit der HanseMesse und der StadtHalle Rostock die beiden gr\u00f6\u00dften Eventlocations im deutschen Nordosten zu bieten. Kongresse, Workshops, Seminare, Konferenzen, Firmenevents [&hellip;]<\/p>","protected":false},"author":1,"featured_media":45482,"parent":0,"menu_order":0,"comment_status":"closed","ping_status":"closed","template":"","meta":{"_acf_changed":false,"footnotes":""},"class_list":["post-11622","page","type-page","status-publish","has-post-thumbnail","hentry"],"acf":[],"_links":{"self":[{"href":"https:\/\/konferenztechnik.de\/tr\/wp-json\/wp\/v2\/pages\/11622","targetHints":{"allow":["GET"]}}],"collection":[{"href":"https:\/\/konferenztechnik.de\/tr\/wp-json\/wp\/v2\/pages"}],"about":[{"href":"https:\/\/konferenztechnik.de\/tr\/wp-json\/wp\/v2\/types\/page"}],"author":[{"embeddable":true,"href":"https:\/\/konferenztechnik.de\/tr\/wp-json\/wp\/v2\/users\/1"}],"replies":[{"embeddable":true,"href":"https:\/\/konferenztechnik.de\/tr\/wp-json\/wp\/v2\/comments?post=11622"}],"version-history":[{"count":0,"href":"https:\/\/konferenztechnik.de\/tr\/wp-json\/wp\/v2\/pages\/11622\/revisions"}],"wp:featuredmedia":[{"embeddable":true,"href":"https:\/\/konferenztechnik.de\/tr\/wp-json\/wp\/v2\/media\/45482"}],"wp:attachment":[{"href":"https:\/\/konferenztechnik.de\/tr\/wp-json\/wp\/v2\/media?parent=11622"}],"curies":[{"name":"wp","href":"https:\/\/api.w.org\/{rel}","templated":true}]}}