{"id":11842,"date":"2017-11-10T12:53:05","date_gmt":"2017-11-10T10:53:05","guid":{"rendered":"https:\/\/www.konferenztechnik.de\/?page_id=11842"},"modified":"2023-06-19T10:40:00","modified_gmt":"2023-06-19T08:40:00","slug":"tercuemanlik-eki%cc%87pmani-ki%cc%87ralama-bonn","status":"publish","type":"page","link":"https:\/\/konferenztechnik.de\/tr\/tercuemanlik-eki%cc%87pmani-ki%cc%87ralama-bonn\/","title":{"rendered":"Terc\u00fcmanl\u0131k ekipman\u0131 kiralama Bonn"},"content":{"rendered":"<div data-elementor-type=\"wp-page\" data-elementor-id=\"11842\" class=\"elementor elementor-11842\" data-elementor-post-type=\"page\">\n\t\t\t\t<div data-particle_enable=\"false\" data-particle-mobile-disabled=\"false\" class=\"elementor-element elementor-element-431bef4f e-flex e-con-boxed e-con e-parent\" data-id=\"431bef4f\" data-element_type=\"container\">\n\t\t\t\t\t<div class=\"e-con-inner\">\n\t\t\t\t<div class=\"elementor-element elementor-element-aef2b6 elementor-widget elementor-widget-heading\" data-id=\"aef2b6\" data-element_type=\"widget\" data-settings=\"{&quot;_animation&quot;:&quot;none&quot;}\" data-widget_type=\"heading.default\">\n\t\t\t\t<div class=\"elementor-widget-container\">\n\t\t\t\t\t<h1 class=\"elementor-heading-title elementor-size-default\">Terc\u00fcmanl\u0131k ekipman\u0131 kiralama Bonn \u2013 Ren Nehri \u00fczerinde terc\u00fcmanl\u0131k ekipman\u0131, terc\u00fcmanl\u0131k kabinleri ve f\u0131s\u0131ldama sistemleri kiralama<\/h1>\t\t\t\t<\/div>\n\t\t\t\t<\/div>\n\t\t\t\t<div class=\"elementor-element elementor-element-5e3370c9 elementor-widget elementor-widget-heading\" data-id=\"5e3370c9\" data-element_type=\"widget\" data-settings=\"{&quot;_animation&quot;:&quot;none&quot;}\" data-widget_type=\"heading.default\">\n\t\t\t\t<div class=\"elementor-widget-container\">\n\t\t\t\t\t<h2 class=\"elementor-heading-title elementor-size-default\">H\u0131zl\u0131 fiyat teklifleri, profesyonel destek, geni\u015f teknoloji se\u00e7enekleri<\/h2>\t\t\t\t<\/div>\n\t\t\t\t<\/div>\n\t\t\t\t\t<\/div>\n\t\t\t\t<\/div>\n\t\t<div data-particle_enable=\"false\" data-particle-mobile-disabled=\"false\" class=\"elementor-element elementor-element-44f8c3ae e-flex e-con-boxed e-con e-parent\" data-id=\"44f8c3ae\" data-element_type=\"container\">\n\t\t\t\t\t<div class=\"e-con-inner\">\n\t\t\t\t<div class=\"elementor-element elementor-element-50188f8f elementor-widget elementor-widget-shortcode\" data-id=\"50188f8f\" data-element_type=\"widget\" data-widget_type=\"shortcode.default\">\n\t\t\t\t<div class=\"elementor-widget-container\">\n\t\t\t\t\t\t\t<div class=\"elementor-shortcode\">\t\t<div data-elementor-type=\"container\" data-elementor-id=\"30567\" class=\"elementor elementor-30567\" data-elementor-post-type=\"elementor_library\">\n\t\t\t\t<div data-particle_enable=\"false\" data-particle-mobile-disabled=\"false\" class=\"elementor-element elementor-element-349c2afa e-flex e-con-boxed e-con e-parent\" data-id=\"349c2afa\" data-element_type=\"container\">\n\t\t\t\t\t<div class=\"e-con-inner\">\n\t\t\t\t<div class=\"elementor-element elementor-element-aafaf45 elementor-grid-4 elementor-grid-tablet-2 elementor-grid-mobile-1 elementor-posts--thumbnail-top elementor-widget elementor-widget-posts\" data-id=\"aafaf45\" data-element_type=\"widget\" data-settings=\"{&quot;classic_columns&quot;:&quot;4&quot;,&quot;classic_columns_tablet&quot;:&quot;2&quot;,&quot;classic_columns_mobile&quot;:&quot;1&quot;,&quot;classic_row_gap&quot;:{&quot;unit&quot;:&quot;px&quot;,&quot;size&quot;:35,&quot;sizes&quot;:[]},&quot;classic_row_gap_widescreen&quot;:{&quot;unit&quot;:&quot;px&quot;,&quot;size&quot;:&quot;&quot;,&quot;sizes&quot;:[]},&quot;classic_row_gap_laptop&quot;:{&quot;unit&quot;:&quot;px&quot;,&quot;size&quot;:&quot;&quot;,&quot;sizes&quot;:[]},&quot;classic_row_gap_tablet_extra&quot;:{&quot;unit&quot;:&quot;px&quot;,&quot;size&quot;:&quot;&quot;,&quot;sizes&quot;:[]},&quot;classic_row_gap_tablet&quot;:{&quot;unit&quot;:&quot;px&quot;,&quot;size&quot;:&quot;&quot;,&quot;sizes&quot;:[]},&quot;classic_row_gap_mobile&quot;:{&quot;unit&quot;:&quot;px&quot;,&quot;size&quot;:&quot;&quot;,&quot;sizes&quot;:[]}}\" data-widget_type=\"posts.classic\">\n\t\t\t\t<div class=\"elementor-widget-container\">\n\t\t\t\t\t\t\t<div class=\"elementor-posts-container elementor-posts elementor-posts--skin-classic elementor-grid\" role=\"list\">\n\t\t\t\t<article class=\"elementor-post elementor-grid-item post-24659 post type-post status-publish format-standard has-post-thumbnail hentry category-produkte category-digital-und-hybrid category-events category-populaer tag-dolmetscherhub tag-dolmetscherstudio tag-dolmetschhub tag-dolmetschstudio\" role=\"listitem\">\n\t\t\t\t<a class=\"elementor-post__thumbnail__link\" href=\"https:\/\/konferenztechnik.de\/tr\/soezlue-ceviri-merkezleri-ve-soezlue-ceviri-stuedyolari\/\" tabindex=\"-1\">\n\t\t\t<div class=\"elementor-post__thumbnail\"><img fetchpriority=\"high\" decoding=\"async\" width=\"300\" height=\"198\" src=\"https:\/\/konferenztechnik.de\/wp-content\/uploads\/2023\/04\/dolmetschhubs-300x198.jpg\" class=\"attachment-medium size-medium wp-image-24663\" alt=\"Terc\u00fcmanlar\u0131n b\u00fcy\u00fck bir monit\u00f6rden konu\u015fmac\u0131y\u0131 takip etti\u011fi ve ses ge\u00e7irmez kabinlerinde \u00e7e\u015fitli dillere \u00e7eviri yapt\u0131\u011f\u0131 bir terc\u00fcme st\u00fcdyosunun g\u00f6r\u00fcn\u00fcm\u00fc\" title=\"\" srcset=\"https:\/\/konferenztechnik.de\/wp-content\/uploads\/2023\/04\/dolmetschhubs-300x198.jpg 300w, https:\/\/konferenztechnik.de\/wp-content\/uploads\/2023\/04\/dolmetschhubs-18x12.jpg 18w, https:\/\/konferenztechnik.de\/wp-content\/uploads\/2023\/04\/dolmetschhubs.jpg 399w\" sizes=\"(max-width: 300px) 100vw, 300px\" \/><\/div>\n\t\t<\/a>\n\t\t\t\t<div class=\"elementor-post__text\">\n\t\t\t\t<h3 class=\"elementor-post__title\">\n\t\t\t<a href=\"https:\/\/konferenztechnik.de\/tr\/soezlue-ceviri-merkezleri-ve-soezlue-ceviri-stuedyolari\/\">\n\t\t\t\tS\u00f6zl\u00fc \u00e7eviri merkezleri ve s\u00f6zl\u00fc \u00e7eviri st\u00fcdyolar\u0131\t\t\t<\/a>\n\t\t<\/h3>\n\t\t\t\t<div class=\"elementor-post__excerpt\">\n\t\t\t<p>Uzaktan s\u00f6zl\u00fc \u00e7eviri, video konferanslar i\u00e7in s\u00f6zl\u00fc \u00e7eviri, yay\u0131n ak\u0131\u015f\u0131 ve yerinde toplant\u0131lar i\u00e7in profesyonel merkezlerimiz<\/p>\n\t\t<\/div>\n\t\t\t\t\t<div class=\"elementor-post__read-more-wrapper\">\n\t\t\n\t\t<a class=\"elementor-post__read-more\" href=\"https:\/\/konferenztechnik.de\/tr\/soezlue-ceviri-merkezleri-ve-soezlue-ceviri-stuedyolari\/\" aria-label=\"S\u00f6zl\u00fc \u00e7eviri merkezleri ve s\u00f6zl\u00fc \u00e7eviri st\u00fcdyolar\u0131 hakk\u0131nda devam\u0131n\u0131 oku\" tabindex=\"-1\">\n\t\t\tDevam\u0131n\u0131 oku \u00bb\t\t<\/a>\n\n\t\t\t\t\t<\/div>\n\t\t\t\t<\/div>\n\t\t\t\t<\/article>\n\t\t\t\t<article class=\"elementor-post elementor-grid-item post-24480 post type-post status-publish format-standard has-post-thumbnail hentry category-produkte category-events category-populaer\" role=\"listitem\">\n\t\t\t\t<a class=\"elementor-post__thumbnail__link\" href=\"https:\/\/konferenztechnik.de\/tr\/ki%cc%87si%cc%87sel-yoenlendi%cc%87rme-si%cc%87stemleri%cc%87-ki%cc%87rala-satin-al-kur\/\" tabindex=\"-1\">\n\t\t\t<div class=\"elementor-post__thumbnail\"><img decoding=\"async\" width=\"300\" height=\"200\" src=\"https:\/\/konferenztechnik.de\/wp-content\/uploads\/2023\/07\/personenfuehrungsanlage-mieten-kaufen-300x200.webp\" class=\"attachment-medium size-medium wp-image-41906\" alt=\"Bir adam mikrofona konu\u015fuyor, seyirci tur s\u0131ras\u0131nda tur rehberi sistemi ile dinliyor. PCS&#039;den tur rehberi sistemleri kiralay\u0131n, sat\u0131n al\u0131n veya kiralay\u0131n.\" title=\"\" srcset=\"https:\/\/konferenztechnik.de\/wp-content\/uploads\/2023\/07\/personenfuehrungsanlage-mieten-kaufen-300x200.webp 300w, https:\/\/konferenztechnik.de\/wp-content\/uploads\/2023\/07\/personenfuehrungsanlage-mieten-kaufen-18x12.webp 18w, https:\/\/konferenztechnik.de\/wp-content\/uploads\/2023\/07\/personenfuehrungsanlage-mieten-kaufen-jpg.webp 424w\" sizes=\"(max-width: 300px) 100vw, 300px\" \/><\/div>\n\t\t<\/a>\n\t\t\t\t<div class=\"elementor-post__text\">\n\t\t\t\t<h3 class=\"elementor-post__title\">\n\t\t\t<a href=\"https:\/\/konferenztechnik.de\/tr\/ki%cc%87si%cc%87sel-yoenlendi%cc%87rme-si%cc%87stemleri%cc%87-ki%cc%87rala-satin-al-kur\/\">\n\t\t\t\tYolcu y\u00f6nlendirme sistemleri\t\t\t<\/a>\n\t\t<\/h3>\n\t\t\t\t<div class=\"elementor-post__excerpt\">\n\t\t\t<p>Tur rehberi sistemleri, rehber sistemleri, f\u0131s\u0131lt\u0131 sistemleri veya PFA'lar, kulakl\u0131klar, mikrofonlar, \u015farj \u00fcniteleri, ta\u015f\u0131ma \u00e7antalar\u0131, aksesuarlar<\/p>\n\t\t<\/div>\n\t\t\t\t\t<div class=\"elementor-post__read-more-wrapper\">\n\t\t\n\t\t<a class=\"elementor-post__read-more\" href=\"https:\/\/konferenztechnik.de\/tr\/ki%cc%87si%cc%87sel-yoenlendi%cc%87rme-si%cc%87stemleri%cc%87-ki%cc%87rala-satin-al-kur\/\" aria-label=\"Ki\u015fisel y\u00f6nlendirme sistemleri hakk\u0131nda devam\u0131n\u0131 oku\" tabindex=\"-1\">\n\t\t\tDevam\u0131n\u0131 oku \u00bb\t\t<\/a>\n\n\t\t\t\t\t<\/div>\n\t\t\t\t<\/div>\n\t\t\t\t<\/article>\n\t\t\t\t<article class=\"elementor-post elementor-grid-item post-24541 post type-post status-publish format-standard has-post-thumbnail hentry category-produkte category-digital-und-hybrid category-events category-populaer\" role=\"listitem\">\n\t\t\t\t<a class=\"elementor-post__thumbnail__link\" href=\"https:\/\/konferenztechnik.de\/tr\/soezlue-ceviri-sistemleri-ve-soezlue-ceviri-teknolojisi-kiralama-satin-alma-kurulum\/\" tabindex=\"-1\">\n\t\t\t<div class=\"elementor-post__thumbnail\"><img decoding=\"async\" width=\"300\" height=\"199\" src=\"https:\/\/konferenztechnik.de\/wp-content\/uploads\/2023\/05\/simultantechnik-dolmetscheranlagen-mieten-kaufen-leasen-300x199.webp\" class=\"attachment-medium size-medium wp-image-42814\" alt=\"\" title=\"\" srcset=\"https:\/\/konferenztechnik.de\/wp-content\/uploads\/2023\/05\/simultantechnik-dolmetscheranlagen-mieten-kaufen-leasen-300x199.webp 300w, https:\/\/konferenztechnik.de\/wp-content\/uploads\/2023\/05\/simultantechnik-dolmetscheranlagen-mieten-kaufen-leasen-18x12.webp 18w, https:\/\/konferenztechnik.de\/wp-content\/uploads\/2023\/05\/simultantechnik-dolmetscheranlagen-mieten-kaufen-leasen-jpg.webp 480w\" sizes=\"(max-width: 300px) 100vw, 300px\" \/><\/div>\n\t\t<\/a>\n\t\t\t\t<div class=\"elementor-post__text\">\n\t\t\t\t<h3 class=\"elementor-post__title\">\n\t\t\t<a href=\"https:\/\/konferenztechnik.de\/tr\/soezlue-ceviri-sistemleri-ve-soezlue-ceviri-teknolojisi-kiralama-satin-alma-kurulum\/\">\n\t\t\t\tS\u00f6zl\u00fc \u00e7eviri sistemleri ve s\u00f6zl\u00fc \u00e7eviri teknolojisi\t\t\t<\/a>\n\t\t<\/h3>\n\t\t\t\t<div class=\"elementor-post__excerpt\">\n\t\t\t<p>Terc\u00fcme kabinleri ile kablosuz terc\u00fcme sistemleri ve terc\u00fcme kabinleri ile tart\u0131\u015fma sistemleri<\/p>\n\t\t<\/div>\n\t\t\t\t\t<div class=\"elementor-post__read-more-wrapper\">\n\t\t\n\t\t<a class=\"elementor-post__read-more\" href=\"https:\/\/konferenztechnik.de\/tr\/soezlue-ceviri-sistemleri-ve-soezlue-ceviri-teknolojisi-kiralama-satin-alma-kurulum\/\" aria-label=\"S\u00f6zl\u00fc \u00e7eviri sistemleri ve s\u00f6zl\u00fc \u00e7eviri teknolojisi hakk\u0131nda devam\u0131n\u0131 oku\" tabindex=\"-1\">\n\t\t\tDevam\u0131n\u0131 oku \u00bb\t\t<\/a>\n\n\t\t\t\t\t<\/div>\n\t\t\t\t<\/div>\n\t\t\t\t<\/article>\n\t\t\t\t<article class=\"elementor-post elementor-grid-item post-21635 post type-post status-publish format-standard has-post-thumbnail hentry category-digital-und-hybrid category-events category-installation category-populaer\" role=\"listitem\">\n\t\t\t\t<a class=\"elementor-post__thumbnail__link\" href=\"https:\/\/konferenztechnik.de\/tr\/ptz-kameralar\/\" tabindex=\"-1\">\n\t\t\t<div class=\"elementor-post__thumbnail\"><img loading=\"lazy\" decoding=\"async\" width=\"300\" height=\"198\" src=\"https:\/\/konferenztechnik.de\/wp-content\/uploads\/2023\/03\/ptz-kameras-300x198.jpg\" class=\"attachment-medium size-medium wp-image-21637\" alt=\"\" title=\"\" srcset=\"https:\/\/konferenztechnik.de\/wp-content\/uploads\/2023\/03\/ptz-kameras-300x198.jpg 300w, https:\/\/konferenztechnik.de\/wp-content\/uploads\/2023\/03\/ptz-kameras-18x12.jpg 18w, https:\/\/konferenztechnik.de\/wp-content\/uploads\/2023\/03\/ptz-kameras.jpg 399w\" sizes=\"(max-width: 300px) 100vw, 300px\" \/><\/div>\n\t\t<\/a>\n\t\t\t\t<div class=\"elementor-post__text\">\n\t\t\t\t<h3 class=\"elementor-post__title\">\n\t\t\t<a href=\"https:\/\/konferenztechnik.de\/tr\/ptz-kameralar\/\">\n\t\t\t\tPTZ kameralar\t\t\t<\/a>\n\t\t<\/h3>\n\t\t\t\t<div class=\"elementor-post__excerpt\">\n\t\t\t<p>PTZ kameralar (genellikle DOME kameralar olarak da bilinir) bir konu\u015fma s\u0131ras\u0131nda otomatik olarak kat\u0131l\u0131mc\u0131lara odaklan\u0131r.<\/p>\n\t\t<\/div>\n\t\t\t\t\t<div class=\"elementor-post__read-more-wrapper\">\n\t\t\n\t\t<a class=\"elementor-post__read-more\" href=\"https:\/\/konferenztechnik.de\/tr\/ptz-kameralar\/\" aria-label=\"PTZ kameralar hakk\u0131nda daha fazla bilgi edinin\" tabindex=\"-1\">\n\t\t\tDevam\u0131n\u0131 oku \u00bb\t\t<\/a>\n\n\t\t\t\t\t<\/div>\n\t\t\t\t<\/div>\n\t\t\t\t<\/article>\n\t\t\t\t<article class=\"elementor-post elementor-grid-item post-21411 post type-post status-publish format-standard has-post-thumbnail hentry category-digital-und-hybrid category-events category-populaer\" role=\"listitem\">\n\t\t\t\t<a class=\"elementor-post__thumbnail__link\" href=\"https:\/\/konferenztechnik.de\/tr\/microsoft-eki%cc%87pleri%cc%87yle-konferanslar\/\" tabindex=\"-1\">\n\t\t\t<div class=\"elementor-post__thumbnail\"><img loading=\"lazy\" decoding=\"async\" width=\"300\" height=\"198\" src=\"https:\/\/konferenztechnik.de\/wp-content\/uploads\/2023\/03\/konferenzen-ms-teams-300x198.jpg\" class=\"attachment-medium size-medium wp-image-21474\" alt=\"\" title=\"\" srcset=\"https:\/\/konferenztechnik.de\/wp-content\/uploads\/2023\/03\/konferenzen-ms-teams-300x198.jpg 300w, https:\/\/konferenztechnik.de\/wp-content\/uploads\/2023\/03\/konferenzen-ms-teams-18x12.jpg 18w, https:\/\/konferenztechnik.de\/wp-content\/uploads\/2023\/03\/konferenzen-ms-teams.jpg 399w\" sizes=\"(max-width: 300px) 100vw, 300px\" \/><\/div>\n\t\t<\/a>\n\t\t\t\t<div class=\"elementor-post__text\">\n\t\t\t\t<h3 class=\"elementor-post__title\">\n\t\t\t<a href=\"https:\/\/konferenztechnik.de\/tr\/microsoft-eki%cc%87pleri%cc%87yle-konferanslar\/\">\n\t\t\t\tMicrosoft Teams ile Konferanslar\t\t\t<\/a>\n\t\t<\/h3>\n\t\t\t\t<div class=\"elementor-post__excerpt\">\n\t\t\t<p>MS Teams art\u0131k \u00e7ok dilli ve \"simultane terc\u00fcme\" i\u015flevine de sahip<\/p>\n\t\t<\/div>\n\t\t\t\t\t<div class=\"elementor-post__read-more-wrapper\">\n\t\t\n\t\t<a class=\"elementor-post__read-more\" href=\"https:\/\/konferenztechnik.de\/tr\/microsoft-eki%cc%87pleri%cc%87yle-konferanslar\/\" aria-label=\"Microsoft Teams ile Konferans hakk\u0131nda daha fazla bilgi edinin\" tabindex=\"-1\">\n\t\t\tDevam\u0131n\u0131 oku \u00bb\t\t<\/a>\n\n\t\t\t\t\t<\/div>\n\t\t\t\t<\/div>\n\t\t\t\t<\/article>\n\t\t\t\t<article class=\"elementor-post elementor-grid-item post-26634 post type-post status-publish format-standard has-post-thumbnail hentry category-produkte category-events category-populaer\" role=\"listitem\">\n\t\t\t\t<a class=\"elementor-post__thumbnail__link\" href=\"https:\/\/konferenztechnik.de\/tr\/av-ses-ve-goeruentue-eki%cc%87pmani-ki%cc%87ralama-satin-alma-kurulum-ki%cc%87ralama\/\" tabindex=\"-1\">\n\t\t\t<div class=\"elementor-post__thumbnail\"><img loading=\"lazy\" decoding=\"async\" width=\"300\" height=\"180\" src=\"https:\/\/konferenztechnik.de\/wp-content\/uploads\/2023\/03\/audio-und-videotechnik-mieten-kaufen-installieren-300x180.avif\" class=\"attachment-medium size-medium wp-image-47449\" alt=\"ses-video-teknolojisi-kirala-sat\u0131n al-kur\" title=\"\" srcset=\"https:\/\/konferenztechnik.de\/wp-content\/uploads\/2023\/03\/audio-und-videotechnik-mieten-kaufen-installieren-300x180.avif 300w, https:\/\/konferenztechnik.de\/wp-content\/uploads\/2023\/03\/audio-und-videotechnik-mieten-kaufen-installieren-1024x614.avif 1024w, https:\/\/konferenztechnik.de\/wp-content\/uploads\/2023\/03\/audio-und-videotechnik-mieten-kaufen-installieren-768x461.avif 768w, https:\/\/konferenztechnik.de\/wp-content\/uploads\/2023\/03\/audio-und-videotechnik-mieten-kaufen-installieren-18x12.avif 18w, https:\/\/konferenztechnik.de\/wp-content\/uploads\/2023\/03\/audio-und-videotechnik-mieten-kaufen-installieren.avif 1400w\" sizes=\"(max-width: 300px) 100vw, 300px\" \/><\/div>\n\t\t<\/a>\n\t\t\t\t<div class=\"elementor-post__text\">\n\t\t\t\t<h3 class=\"elementor-post__title\">\n\t\t\t<a href=\"https:\/\/konferenztechnik.de\/tr\/av-ses-ve-goeruentue-eki%cc%87pmani-ki%cc%87ralama-satin-alma-kurulum-ki%cc%87ralama\/\">\n\t\t\t\tAV: Ses ve video teknolojisi\t\t\t<\/a>\n\t\t<\/h3>\n\t\t\t\t<div class=\"elementor-post__excerpt\">\n\t\t\t<p>Mikrofonlar, genel seslendirme teknolojisi, k\u00fcrs\u00fcler, telefon hibritleri, bas\u0131n da\u011f\u0131t\u0131c\u0131lar\u0131, steno kay\u0131t yaz\u0131l\u0131m\u0131...<\/p>\n\t\t<\/div>\n\t\t\t\t\t<div class=\"elementor-post__read-more-wrapper\">\n\t\t\n\t\t<a class=\"elementor-post__read-more\" href=\"https:\/\/konferenztechnik.de\/tr\/av-ses-ve-goeruentue-eki%cc%87pmani-ki%cc%87ralama-satin-alma-kurulum-ki%cc%87ralama\/\" aria-label=\"AV hakk\u0131nda daha fazlas\u0131n\u0131 okuyun: Ses ve g\u00f6r\u00fcnt\u00fc teknolojisi\" tabindex=\"-1\">\n\t\t\tDevam\u0131n\u0131 oku \u00bb\t\t<\/a>\n\n\t\t\t\t\t<\/div>\n\t\t\t\t<\/div>\n\t\t\t\t<\/article>\n\t\t\t\t<article class=\"elementor-post elementor-grid-item post-21559 post type-post status-publish format-standard has-post-thumbnail hentry category-news\" role=\"listitem\">\n\t\t\t\t<a class=\"elementor-post__thumbnail__link\" href=\"https:\/\/konferenztechnik.de\/tr\/televi%cc%87zyon-tercuemanligi-ve-konferans-teknoloji%cc%87si%cc%87\/\" tabindex=\"-1\">\n\t\t\t<div class=\"elementor-post__thumbnail\"><img loading=\"lazy\" decoding=\"async\" width=\"300\" height=\"198\" src=\"https:\/\/konferenztechnik.de\/wp-content\/uploads\/2023\/03\/konferenztechnik-televic-300x198.jpg\" class=\"attachment-medium size-medium wp-image-21565\" alt=\"\" title=\"\" srcset=\"https:\/\/konferenztechnik.de\/wp-content\/uploads\/2023\/03\/konferenztechnik-televic-300x198.jpg 300w, https:\/\/konferenztechnik.de\/wp-content\/uploads\/2023\/03\/konferenztechnik-televic-18x12.jpg 18w, https:\/\/konferenztechnik.de\/wp-content\/uploads\/2023\/03\/konferenztechnik-televic.jpg 399w\" sizes=\"(max-width: 300px) 100vw, 300px\" \/><\/div>\n\t\t<\/a>\n\t\t\t\t<div class=\"elementor-post__text\">\n\t\t\t\t<h3 class=\"elementor-post__title\">\n\t\t\t<a href=\"https:\/\/konferenztechnik.de\/tr\/televi%cc%87zyon-tercuemanligi-ve-konferans-teknoloji%cc%87si%cc%87\/\">\n\t\t\t\tTelevic \u2013 S\u00f6zl\u00fc \u00e7eviri ve konferans teknolojisi\t\t\t<\/a>\n\t\t<\/h3>\n\t\t\t\t<div class=\"elementor-post__excerpt\">\n\t\t\t<p>Televic \u2013 S\u00f6zl\u00fc \u00e7eviri ve konferans teknolojisi Yay\u0131nlanma tarihi: 23.01.2023 Televic \u2013 Eksiksiz s\u00f6zl\u00fc \u00e7eviri ve konferans \u00e7\u00f6z\u00fcmleri yelpazesine sahip yenilik\u00e7i bir \u00fcretici Yat\u0131r\u0131m yap\u0131yoruz<\/p>\n\t\t<\/div>\n\t\t\t\t\t<div class=\"elementor-post__read-more-wrapper\">\n\t\t\n\t\t<a class=\"elementor-post__read-more\" href=\"https:\/\/konferenztechnik.de\/tr\/televi%cc%87zyon-tercuemanligi-ve-konferans-teknoloji%cc%87si%cc%87\/\" aria-label=\"Televic \u2013 s\u00f6zl\u00fc \u00e7eviri ve konferans teknolojisi hakk\u0131nda daha fazla bilgi edinin\" tabindex=\"-1\">\n\t\t\tDevam\u0131n\u0131 oku \u00bb\t\t<\/a>\n\n\t\t\t\t\t<\/div>\n\t\t\t\t<\/div>\n\t\t\t\t<\/article>\n\t\t\t\t<\/div>\n\t\t\n\t\t\t\t\t\t<\/div>\n\t\t\t\t<\/div>\n\t\t\t\t\t<\/div>\n\t\t\t\t<\/div>\n\t\t\t\t<\/div>\n\t\t<\/div>\n\t\t\t\t\t\t<\/div>\n\t\t\t\t<\/div>\n\t\t\t\t<div class=\"elementor-element elementor-element-159de740 elementor-widget elementor-widget-spacer\" data-id=\"159de740\" data-element_type=\"widget\" data-widget_type=\"spacer.default\">\n\t\t\t\t<div class=\"elementor-widget-container\">\n\t\t\t\t\t\t\t<div class=\"elementor-spacer\">\n\t\t\t<div class=\"elementor-spacer-inner\"><\/div>\n\t\t<\/div>\n\t\t\t\t\t\t<\/div>\n\t\t\t\t<\/div>\n\t\t\t\t\t<\/div>\n\t\t\t\t<\/div>\n\t\t<div data-particle_enable=\"false\" data-particle-mobile-disabled=\"false\" class=\"elementor-element elementor-element-62f13c8 e-flex e-con-boxed e-con e-parent\" data-id=\"62f13c8\" data-element_type=\"container\">\n\t\t\t\t\t<div class=\"e-con-inner\">\n\t\t\t\t<div class=\"elementor-element elementor-element-5e0eb114 elementor-widget__width-initial elementor-widget elementor-widget-heading\" data-id=\"5e0eb114\" data-element_type=\"widget\" data-settings=\"{&quot;_animation&quot;:&quot;none&quot;}\" data-widget_type=\"heading.default\">\n\t\t\t\t<div class=\"elementor-widget-container\">\n\t\t\t\t\t<h2 class=\"elementor-heading-title elementor-size-default\">Bonn'da s\u00f6zl\u00fc terc\u00fcme ve konferans ekipman\u0131 kiralama<\/h2>\t\t\t\t<\/div>\n\t\t\t\t<\/div>\n\t\t\t\t<div class=\"elementor-element elementor-element-2b42e26d elementor-widget elementor-widget-shortcode\" data-id=\"2b42e26d\" data-element_type=\"widget\" data-widget_type=\"shortcode.default\">\n\t\t\t\t<div class=\"elementor-widget-container\">\n\t\t\t\t\t\t\t<div class=\"elementor-shortcode\">\t\t<div data-elementor-type=\"container\" data-elementor-id=\"30580\" class=\"elementor elementor-30580\" data-elementor-post-type=\"elementor_library\">\n\t\t\t\t<div data-particle_enable=\"false\" data-particle-mobile-disabled=\"false\" class=\"elementor-element elementor-element-76b67369 e-flex e-con-boxed e-con e-parent\" data-id=\"76b67369\" data-element_type=\"container\">\n\t\t\t\t\t<div class=\"e-con-inner\">\n\t\t\t\t<div class=\"elementor-element elementor-element-1ebb8808 elementor-arrows-position-inside elementor-pagination-position-outside elementor-widget elementor-widget-image-carousel\" data-id=\"1ebb8808\" data-element_type=\"widget\" data-settings=\"{&quot;slides_to_show&quot;:&quot;1&quot;,&quot;navigation&quot;:&quot;both&quot;,&quot;autoplay&quot;:&quot;yes&quot;,&quot;pause_on_hover&quot;:&quot;yes&quot;,&quot;pause_on_interaction&quot;:&quot;yes&quot;,&quot;autoplay_speed&quot;:5000,&quot;infinite&quot;:&quot;yes&quot;,&quot;effect&quot;:&quot;slide&quot;,&quot;speed&quot;:500}\" data-widget_type=\"image-carousel.default\">\n\t\t\t\t<div class=\"elementor-widget-container\">\n\t\t\t\t\t\t\t<div class=\"elementor-image-carousel-wrapper swiper\" role=\"region\" aria-roledescription=\"carousel\" aria-label=\"Resim D\u00f6ng\u00fcs\u00fc\" dir=\"ltr\">\n\t\t\t<div class=\"elementor-image-carousel swiper-wrapper swiper-image-stretch\" aria-live=\"off\">\n\t\t\t\t\t\t\t\t<div class=\"swiper-slide\" role=\"group\" aria-roledescription=\"slide\" aria-label=\"1 \/ 2\"><figure class=\"swiper-slide-inner\"><img decoding=\"async\" class=\"swiper-slide-image\" src=\"https:\/\/konferenztechnik.de\/wp-content\/uploads\/2017\/03\/dolmetscherpult-mieten-1.jpg\" alt=\"terc\u00fcman masas\u0131 kiralama\" title=\"\"><\/figure><\/div><div class=\"swiper-slide\" role=\"group\" aria-roledescription=\"slide\" aria-label=\"2 \/ 2\"><figure class=\"swiper-slide-inner\"><img decoding=\"async\" class=\"swiper-slide-image\" src=\"https:\/\/konferenztechnik.de\/wp-content\/uploads\/2017\/03\/dolmetscherkabine-fuehrungsanlage-mieten-1.jpg\" alt=\"terc\u00fcman kabini-k\u0131lavuz sistem-kiralama\" title=\"\"><\/figure><\/div>\t\t\t<\/div>\n\t\t\t\t\t\t\t\t\t\t\t\t<div class=\"elementor-swiper-button elementor-swiper-button-prev\" role=\"button\" tabindex=\"0\">\n\t\t\t\t\t\t<svg aria-hidden=\"true\" class=\"e-font-icon-svg e-eicon-chevron-left\" viewbox=\"0 0 1000 1000\" xmlns=\"http:\/\/www.w3.org\/2000\/svg\"><path d=\"M646 125C629 125 613 133 604 142L308 442C296 454 292 471 292 487 292 504 296 521 308 533L604 854C617 867 629 875 646 875 663 875 679 871 692 858 704 846 713 829 713 812 713 796 708 779 692 767L438 487 692 225C700 217 708 204 708 187 708 171 704 154 692 142 675 129 663 125 646 125Z\"><\/path><\/svg>\t\t\t\t\t<\/div>\n\t\t\t\t\t<div class=\"elementor-swiper-button elementor-swiper-button-next\" role=\"button\" tabindex=\"0\">\n\t\t\t\t\t\t<svg aria-hidden=\"true\" class=\"e-font-icon-svg e-eicon-chevron-right\" viewbox=\"0 0 1000 1000\" xmlns=\"http:\/\/www.w3.org\/2000\/svg\"><path d=\"M696 533C708 521 713 504 713 487 713 471 708 454 696 446L400 146C388 133 375 125 354 125 338 125 325 129 313 142 300 154 292 171 292 187 292 204 296 221 308 233L563 492 304 771C292 783 288 800 288 817 288 833 296 850 308 863 321 871 338 875 354 875 371 875 388 867 400 854L696 533Z\"><\/path><\/svg>\t\t\t\t\t<\/div>\n\t\t\t\t\n\t\t\t\t\t\t\t\t\t<div class=\"swiper-pagination\"><\/div>\n\t\t\t\t\t\t\t\t\t<\/div>\n\t\t\t\t\t\t<\/div>\n\t\t\t\t<\/div>\n\t\t\t\t\t<\/div>\n\t\t\t\t<\/div>\n\t\t\t\t<\/div>\n\t\t<\/div>\n\t\t\t\t\t\t<\/div>\n\t\t\t\t<\/div>\n\t\t\t\t<div class=\"elementor-element elementor-element-16ab87 elementor-widget__width-initial elementor-widget elementor-widget-text-editor\" data-id=\"16ab87\" data-element_type=\"widget\" data-widget_type=\"text-editor.default\">\n\t\t\t\t<div class=\"elementor-widget-container\">\n\t\t\t\t\t\t\t\t\t<p>PCS, Bonn'a her amaca uygun s\u00f6zl\u00fc \u00e7eviri teknolojisi sa\u011flamaktad\u0131r: ister memur d\u00fczeyinde uluslararas\u0131 toplant\u0131lar, ister \u00e7ok dilli h\u00fck\u00fcmet konferanslar\u0131, hissedar toplant\u0131lar\u0131 veya STK toplant\u0131lar\u0131 olsun \u2013 PCS, Bonn ve \u00e7evresinde kiralanmak \u00fczere \u00e7ok \u00e7e\u015fitli s\u00f6zl\u00fc \u00e7eviri ekipman\u0131 ve sistemleri sunmaktad\u0131r. PCS'nin Bonn'daki m\u00fc\u015fterileri aras\u0131nda resmi makamlar ve devlet kurumlar\u0131n\u0131n yan\u0131 s\u0131ra \u015firketler, etkinlik ajanslar\u0131, teknik hizmet sa\u011flay\u0131c\u0131lar\u0131 ve organizasyon terc\u00fcmanlar\u0131 da yer almaktad\u0131r. \u00d6zellikle \u00e7ok dilli b\u00fcy\u00fck etkinlikler s\u00f6z konusu oldu\u011funda, Bonn'daki organizat\u00f6rler PCS'nin etkinlik teknolojisi alan\u0131ndaki 20 y\u0131l\u0131 a\u015fk\u0131n deneyiminden faydalanmaktan mutluluk duymaktad\u0131r.<\/p>\t\t\t\t\t\t\t\t<\/div>\n\t\t\t\t<\/div>\n\t\t\t\t<div class=\"elementor-element elementor-element-6016e58e elementor-widget__width-initial elementor-widget elementor-widget-heading\" data-id=\"6016e58e\" data-element_type=\"widget\" data-settings=\"{&quot;_animation&quot;:&quot;none&quot;}\" data-widget_type=\"heading.default\">\n\t\t\t\t<div class=\"elementor-widget-container\">\n\t\t\t\t\t<h2 class=\"elementor-heading-title elementor-size-default\">Bonn'da \u00f6zelle\u015ftirilmi\u015f s\u00f6zl\u00fc \u00e7eviri ekipman\u0131 kiralama<\/h2>\t\t\t\t<\/div>\n\t\t\t\t<\/div>\n\t\t\t\t<div class=\"elementor-element elementor-element-b648616 elementor-widget__width-inherit elementor-widget elementor-widget-text-editor\" data-id=\"b648616\" data-element_type=\"widget\" data-widget_type=\"text-editor.default\">\n\t\t\t\t<div class=\"elementor-widget-container\">\n\t\t\t\t\t\t\t\t\t<p>Bonn'da s\u00f6zl\u00fc \u00e7eviri ekipmanlar\u0131n\u0131n kiralanmas\u0131yla ba\u011flant\u0131l\u0131 olarak PCS, m\u00fc\u015fterilerine kapsaml\u0131 bir dan\u0131\u015fmanl\u0131k ve hizmet paketi sunmaktad\u0131r. PCS'deki proje planlay\u0131c\u0131lar\u0131, etkinli\u011fin teknik planlamas\u0131 ve optimum sim\u00fcltane teknolojinin se\u00e7imi konusunda organizat\u00f6rleri ilk talepten itibaren desteklemektedir. PCS, Ren Nehri k\u0131y\u0131s\u0131ndaki \u015fehirde kiral\u0131k sistemler i\u00e7in haz\u0131r \u00e7\u00f6z\u00fcmler sunmuyor, bunun yerine ilgili etkinli\u011fe ve konuma g\u00f6re \u00f6zelle\u015ftirilmi\u015f teklifler sunuyor. Talep \u00fczerine, PCS s\u00f6zl\u00fc \u00e7eviri kabinlerini ve ilgili s\u00f6zl\u00fc \u00e7eviri teknolojisini do\u011frudan mekana teslim eder, sistemleri kurar ve e\u011fitimli personel etkinlik boyunca teknik destek sa\u011flar. <br \/><br \/>Bonn'da PCS taraf\u0131ndan kiralanan s\u00f6zl\u00fc terc\u00fcme sistemlerinin t\u00fcm\u00fc, t\u00fcm standart ses sistemleri ve video teknolojisiyle uyumlu, tan\u0131nm\u0131\u015f \u00fcreticilerin markal\u0131 cihazlar\u0131d\u0131r. PCS \u00f6ncelikle Bosch'un DCN NG s\u00f6zl\u00fc \u00e7eviri sistemini (\"Next Generation\u201d) ve Beyerdynamic'in SIS \u00fcr\u00fcn ailesini kullanmaktad\u0131r. Bonn'da kiralanan s\u00f6zl\u00fc terc\u00fcme kabinlerinin tamam\u0131 Audipack'in art\u0131k end\u00fcstri standard\u0131 olan ve ISO 4043 standard\u0131n\u0131n y\u00fcksek gereksinimlerini kar\u015f\u0131layan Silent 9300 serisinden. S\u00fcrekli olarak profesyonelce bak\u0131m\u0131 yap\u0131lan ve kiralamadan \u00f6nce i\u015flevsellik a\u00e7\u0131s\u0131ndan y\u00fczde 100 test edilen y\u00fcksek kaliteli s\u00f6zl\u00fc \u00e7eviri teknolojisi, etkinliklerin m\u00fcmk\u00fcn oldu\u011funca sorunsuz ge\u00e7mesini sa\u011flamada belirleyici bir fakt\u00f6rd\u00fcr.<\/p>\t\t\t\t\t\t\t\t<\/div>\n\t\t\t\t<\/div>\n\t\t\t\t<div class=\"elementor-element elementor-element-69cb13f elementor-widget__width-initial elementor-widget elementor-widget-heading\" data-id=\"69cb13f\" data-element_type=\"widget\" data-settings=\"{&quot;_animation&quot;:&quot;none&quot;}\" data-widget_type=\"heading.default\">\n\t\t\t\t<div class=\"elementor-widget-container\">\n\t\t\t\t\t<h2 class=\"elementor-heading-title elementor-size-default\">Terc\u00fcman kabinlerine alternatif olarak f\u0131s\u0131ldama sistemleri?<\/h2>\t\t\t\t<\/div>\n\t\t\t\t<\/div>\n\t\t\t\t<div class=\"elementor-element elementor-element-545e6ff elementor-widget__width-inherit elementor-widget elementor-widget-text-editor\" data-id=\"545e6ff\" data-element_type=\"widget\" data-widget_type=\"text-editor.default\">\n\t\t\t\t<div class=\"elementor-widget-container\">\n\t\t\t\t\t\t\t\t\t<p>G\u00fcvenilir simultane terc\u00fcme teknolojisinin ve y\u00fcksek kaliteli terc\u00fcme kabinlerinin kullan\u0131lmas\u0131, konferans terc\u00fcmanlar\u0131n\u0131n zorlu g\u00f6revlerini m\u00fcmk\u00fcn olan en iyi \u015fekilde yerine getirebilecekleri uygun bir \u00e7al\u0131\u015fma ortam\u0131na sahip olmalar\u0131n\u0131 da sa\u011flamaktad\u0131r. Bu ba\u011flamda PCS, ulusal ve uluslararas\u0131 terc\u00fcman dernekleri BD\u00dc\/VKD ve AIIC ile i\u015fbirli\u011fi yapmaktad\u0131r. Terc\u00fcman kabinlerinin kullan\u0131m\u0131na s\u0131n\u0131rl\u0131 bir alternatif, f\u0131s\u0131ldama sistemleri veya tur rehberi sistemleri olarak da bilinen f\u0131s\u0131ldama kabinleridir. PCS, Bonn'da a\u011f\u0131rl\u0131kl\u0131 olarak Beyerdynamic'ten Synexis sistemini ve Sennheiser 2020-D sistemini kiralamaktad\u0131r. F\u0131s\u0131lt\u0131 sistemleri kullan\u0131ld\u0131\u011f\u0131nda, terc\u00fcman genellikle ses ge\u00e7irmez bir kabinde de\u011fil, do\u011frudan konferans kat\u0131l\u0131mc\u0131lar\u0131n\u0131n yan\u0131nda oturur ve bu da \u00f6nemli \u00f6l\u00e7\u00fcde maliyet tasarrufu sa\u011flar. Ancak bunun sonucunda hem kat\u0131l\u0131mc\u0131lar hem de terc\u00fcmanlar i\u00e7in dikkat da\u011f\u0131n\u0131kl\u0131\u011f\u0131\/dikkat da\u011f\u0131n\u0131kl\u0131\u011f\u0131 \u00e7ok daha s\u0131k meydana gelmektedir. Bu nedenle, profesyonel konferanslarda g\u00fcnlerce \u00e7al\u0131\u015fan terc\u00fcmanlar i\u00e7in terc\u00fcman kabinlerinin daha iyi bir \u00e7\u00f6z\u00fcm oldu\u011fu a\u00e7\u0131kt\u0131r. <br \/><br \/>Bonn ve Ren Nehri boyunca uzanan \u00e7evre b\u00f6lgeye D\u00fcsseldorf'taki PCS merkez ofisi hizmet vermektedir. PCS personeli, s\u00f6zl\u00fc \u00e7eviri teknolojisinin kullan\u0131m\u0131 ve etkinlik teknolojisiyle ilgili t\u00fcm konularda sorular\u0131n\u0131z\u0131 yan\u0131tlamaktan mutluluk duyacakt\u0131r.<\/p>\t\t\t\t\t\t\t\t<\/div>\n\t\t\t\t<\/div>\n\t\t\t\t<div class=\"elementor-element elementor-element-1fda5385 elementor-widget__width-initial elementor-widget elementor-widget-heading\" data-id=\"1fda5385\" data-element_type=\"widget\" data-settings=\"{&quot;_animation&quot;:&quot;none&quot;}\" data-widget_type=\"heading.default\">\n\t\t\t\t<div class=\"elementor-widget-container\">\n\t\t\t\t\t<h2 class=\"elementor-heading-title elementor-size-default\">Terc\u00fcmanl\u0131k ekipman\u0131 kiralama Bonn<\/h2>\t\t\t\t<\/div>\n\t\t\t\t<\/div>\n\t\t\t\t<div class=\"elementor-element elementor-element-78924054 elementor-widget elementor-widget-eael-adv-accordion\" data-id=\"78924054\" data-element_type=\"widget\" data-widget_type=\"eael-adv-accordion.default\">\n\t\t\t\t<div class=\"elementor-widget-container\">\n\t\t\t\t\t            <div class=\"eael-adv-accordion\" id=\"eael-adv-accordion-78924054\" data-scroll-on-click=\"no\" data-scroll-speed=\"300\" data-accordion-id=\"78924054\" data-accordion-type=\"accordion\" data-toogle-speed=\"300\">\n            <div class=\"eael-accordion-list\">\n\t\t\t\t\t<div id=\"veranstaltungsorte-fr-events-und-kongresse-in-bonn\" class=\"elementor-tab-title eael-accordion-header\" tabindex=\"0\" data-tab=\"1\" aria-controls=\"elementor-tab-content-2021\"><span class=\"eael-advanced-accordion-icon-closed\"><svg aria-hidden=\"true\" class=\"fa-accordion-icon e-font-icon-svg e-fas-plus\" viewbox=\"0 0 448 512\" xmlns=\"http:\/\/www.w3.org\/2000\/svg\"><path d=\"M416 208H272V64c0-17.67-14.33-32-32-32h-32c-17.67 0-32 14.33-32 32v144H32c-17.67 0-32 14.33-32 32v32c0 17.67 14.33 32 32 32h144v144c0 17.67 14.33 32 32 32h32c17.67 0 32-14.33 32-32V304h144c17.67 0 32-14.33 32-32v-32c0-17.67-14.33-32-32-32z\"><\/path><\/svg><\/span><span class=\"eael-advanced-accordion-icon-opened\"><svg aria-hidden=\"true\" class=\"fa-accordion-icon e-font-icon-svg e-fas-minus\" viewbox=\"0 0 448 512\" xmlns=\"http:\/\/www.w3.org\/2000\/svg\"><path d=\"M416 208H32c-17.67 0-32 14.33-32 32v32c0 17.67 14.33 32 32 32h384c17.67 0 32-14.33 32-32v-32c0-17.67-14.33-32-32-32z\"><\/path><\/svg><\/span><span class=\"eael-accordion-tab-title\">Bonn'daki etkinlikler ve kongreler i\u00e7in mekanlar<\/span><svg aria-hidden=\"true\" class=\"fa-toggle e-font-icon-svg e-fas-angle-right\" viewbox=\"0 0 256 512\" xmlns=\"http:\/\/www.w3.org\/2000\/svg\"><path d=\"M224.3 273l-136 136c-9.4 9.4-24.6 9.4-33.9 0l-22.6-22.6c-9.4-9.4-9.4-24.6 0-33.9l96.4-96.4-96.4-96.4c-9.4-9.4-9.4-24.6 0-33.9L54.3 103c9.4-9.4 24.6-9.4 33.9 0l136 136c9.5 9.4 9.5 24.6.1 34z\"><\/path><\/svg><\/div><div id=\"elementor-tab-content-2021\" class=\"eael-accordion-content clearfix\" data-tab=\"1\" aria-labelledby=\"veranstaltungsorte-fr-events-und-kongresse-in-bonn\"><ul><li>D\u00fcnya Konferans Merkezi Bonn<\/li><li>Bad Godesberg Belediye Binas\u0131<\/li><li>Telekom Dome<\/li><li>Bonn-Beuel K\u00f6pr\u00fc Forumu<\/li><li>Deutsche Welle Bonn<\/li><li>Hardtberg okul merkezi<\/li><li>Bonn-Rhein-Sieg Uygulamal\u0131 Bilimler \u00dcniversitesi (Sankt Augustin)<\/li><li>Kommende Kalesi<\/li><li>Beethoven Evi<\/li><li>Beethoven Salonu<\/li><li>Bonn Kad\u0131n M\u00fczesi<\/li><li>Ekmek fabrikas\u0131<\/li><li>STELLA RHENI<\/li><li>Plan B.<\/li><li>Dans Evi Bonn<\/li><\/ul><\/div>\n\t\t\t\t\t<\/div><div class=\"eael-accordion-list\">\n\t\t\t\t\t<div id=\"die-wichtigsten-veranstaltungshotels-in-bonn\" class=\"elementor-tab-title eael-accordion-header\" tabindex=\"0\" data-tab=\"2\" aria-controls=\"elementor-tab-content-2022\"><span class=\"eael-advanced-accordion-icon-closed\"><svg aria-hidden=\"true\" class=\"fa-accordion-icon e-font-icon-svg e-fas-plus\" viewbox=\"0 0 448 512\" xmlns=\"http:\/\/www.w3.org\/2000\/svg\"><path d=\"M416 208H272V64c0-17.67-14.33-32-32-32h-32c-17.67 0-32 14.33-32 32v144H32c-17.67 0-32 14.33-32 32v32c0 17.67 14.33 32 32 32h144v144c0 17.67 14.33 32 32 32h32c17.67 0 32-14.33 32-32V304h144c17.67 0 32-14.33 32-32v-32c0-17.67-14.33-32-32-32z\"><\/path><\/svg><\/span><span class=\"eael-advanced-accordion-icon-opened\"><svg aria-hidden=\"true\" class=\"fa-accordion-icon e-font-icon-svg e-fas-minus\" viewbox=\"0 0 448 512\" xmlns=\"http:\/\/www.w3.org\/2000\/svg\"><path d=\"M416 208H32c-17.67 0-32 14.33-32 32v32c0 17.67 14.33 32 32 32h384c17.67 0 32-14.33 32-32v-32c0-17.67-14.33-32-32-32z\"><\/path><\/svg><\/span><span class=\"eael-accordion-tab-title\">Bonn'daki en \u00f6nemli etkinlik otelleri<\/span><svg aria-hidden=\"true\" class=\"fa-toggle e-font-icon-svg e-fas-angle-right\" viewbox=\"0 0 256 512\" xmlns=\"http:\/\/www.w3.org\/2000\/svg\"><path d=\"M224.3 273l-136 136c-9.4 9.4-24.6 9.4-33.9 0l-22.6-22.6c-9.4-9.4-9.4-24.6 0-33.9l96.4-96.4-96.4-96.4c-9.4-9.4-9.4-24.6 0-33.9L54.3 103c9.4-9.4 24.6-9.4 33.9 0l136 136c9.5 9.4 9.5 24.6.1 34z\"><\/path><\/svg><\/div><div id=\"elementor-tab-content-2022\" class=\"eael-accordion-content clearfix\" data-tab=\"2\" aria-labelledby=\"die-wichtigsten-veranstaltungshotels-in-bonn\"><ul><li>Maritim Hotel Bonn<\/li><li>Kameha Grand Bonn<\/li><li>Mercure Hotel Bonn Hardtberg<\/li><li>Hilton Bonn<\/li><li>Collegium Leoninum<\/li><li>AMERON Hotel K\u00f6nigshof<\/li><li>President Hotel Bonn<\/li><li>G\u00fcnnewig Hotel Bristol by Centro Hotels,G\u00fcnnewig Hotel Residence<\/li><li>Galeri Design Hotel Bonn, Hotel-Restaurant zur Post Bonn<\/li><li>Dorint Hotel Venusberg Bonn<\/li><li>Derag Livinghotel Kanzler, Seminaris Hotel Bad Honnef<\/li><li>Commundo Konferans Oteli Bad Honnef<\/li><li>Steigenberger Grandhotel Petersberg (K\u00f6nigswinter)<\/li><\/ul><\/div>\n\t\t\t\t\t<\/div><div class=\"eael-accordion-list\">\n\t\t\t\t\t<div id=\"die-wichtigsten-messen-in-bonn\" class=\"elementor-tab-title eael-accordion-header\" tabindex=\"0\" data-tab=\"3\" aria-controls=\"elementor-tab-content-2023\"><span class=\"eael-advanced-accordion-icon-closed\"><svg aria-hidden=\"true\" class=\"fa-accordion-icon e-font-icon-svg e-fas-plus\" viewbox=\"0 0 448 512\" xmlns=\"http:\/\/www.w3.org\/2000\/svg\"><path d=\"M416 208H272V64c0-17.67-14.33-32-32-32h-32c-17.67 0-32 14.33-32 32v144H32c-17.67 0-32 14.33-32 32v32c0 17.67 14.33 32 32 32h144v144c0 17.67 14.33 32 32 32h32c17.67 0 32-14.33 32-32V304h144c17.67 0 32-14.33 32-32v-32c0-17.67-14.33-32-32-32z\"><\/path><\/svg><\/span><span class=\"eael-advanced-accordion-icon-opened\"><svg aria-hidden=\"true\" class=\"fa-accordion-icon e-font-icon-svg e-fas-minus\" viewbox=\"0 0 448 512\" xmlns=\"http:\/\/www.w3.org\/2000\/svg\"><path d=\"M416 208H32c-17.67 0-32 14.33-32 32v32c0 17.67 14.33 32 32 32h384c17.67 0 32-14.33 32-32v-32c0-17.67-14.33-32-32-32z\"><\/path><\/svg><\/span><span class=\"eael-accordion-tab-title\">Bonn'daki en \u00f6nemli ticaret fuarlar\u0131<\/span><svg aria-hidden=\"true\" class=\"fa-toggle e-font-icon-svg e-fas-angle-right\" viewbox=\"0 0 256 512\" xmlns=\"http:\/\/www.w3.org\/2000\/svg\"><path d=\"M224.3 273l-136 136c-9.4 9.4-24.6 9.4-33.9 0l-22.6-22.6c-9.4-9.4-9.4-24.6 0-33.9l96.4-96.4-96.4-96.4c-9.4-9.4-9.4-24.6 0-33.9L54.3 103c9.4-9.4 24.6-9.4 33.9 0l136 136c9.5 9.4 9.5 24.6.1 34z\"><\/path><\/svg><\/div><div id=\"elementor-tab-content-2023\" class=\"eael-accordion-content clearfix\" data-tab=\"3\" aria-labelledby=\"die-wichtigsten-messen-in-bonn\"><ul><li>FedCon, vocatium Bonn\/Rhein-Sieg<\/li><li>kad\u0131n ve i\u015f<\/li><li>I\u0307LA\u00c7 PAZARLAMA<\/li><li>Bonn emlak fuar\u0131<\/li><li>Bonn De\u011ferli Ta\u015f G\u00fcnleri<\/li><li>Kariyer G\u00fcn\u00fc Bonn<\/li><li>\u015eirket G\u00fcn\u00fc<\/li><li>A\u015f\u0131k oldum! Ni\u015fanland\u0131k! Evleniyoruz! Bonn<\/li><li>50 Plus \u2013 Hayat\u0131n tad\u0131n\u0131 \u00e7\u0131karmak Bonn<\/li><li>JuBi Bonn<\/li><li>InnoVario<\/li><li>Bonn Yap\u0131 G\u00fcnleri<\/li><li>INTERPHARM, HAPTICA canl\u0131<\/li><li>bonn sa\u011fl\u0131kl\u0131<\/li><li>D\u00fcnyaya a\u00e7\u0131lmak Messe Bonn<\/li><li>culinaria Bonn<\/li><li>Bonn bisiklet turu fuar\u0131<\/li><li>D\u00dcNYA \u00c7APINDA TAAHH\u00dcT<\/li><li>femme Bonn<\/li><li>GODEMA<\/li><li>Bonn Sanat Fuar\u0131<\/li><\/ul><\/div>\n\t\t\t\t\t<\/div><\/div>\t\t\t\t<\/div>\n\t\t\t\t<\/div>\n\t\t\t\t\t<\/div>\n\t\t\t\t<\/div>\n\t\t<div data-particle_enable=\"false\" data-particle-mobile-disabled=\"false\" class=\"elementor-element elementor-element-1fa69ac e-flex e-con-boxed e-con e-parent\" data-id=\"1fa69ac\" data-element_type=\"container\">\n\t\t\t\t\t<div class=\"e-con-inner\">\n\t\t\t\t<div class=\"elementor-element elementor-element-56dce464 elementor-widget elementor-widget-shortcode\" data-id=\"56dce464\" data-element_type=\"widget\" data-widget_type=\"shortcode.default\">\n\t\t\t\t<div class=\"elementor-widget-container\">\n\t\t\t\t\t\t\t<div class=\"elementor-shortcode\"><\/div>\n\t\t\t\t\t\t<\/div>\n\t\t\t\t<\/div>\n\t\t\t\t\t<\/div>\n\t\t\t\t<\/div>\n\t\t\t\t<\/div>","protected":false},"excerpt":{"rendered":"<p>S\u00f6zl\u00fc terc\u00fcme ekipman\u0131 kiralama Bonn \u2013 Ren Nehri \u00fczerinde s\u00f6zl\u00fc terc\u00fcme ekipman\u0131, s\u00f6zl\u00fc terc\u00fcme kabinleri ve f\u0131s\u0131ldama sistemleri kiralama H\u0131zl\u0131 fiyat teklifleri, profesyonel destek, geni\u015f ekipman se\u00e7enekleri Bonn'da s\u00f6zl\u00fc terc\u00fcme ekipman\u0131 ve konferans teknolojisi kiralama PCS, Bonn'a her ama\u00e7 i\u00e7in s\u00f6zl\u00fc terc\u00fcme ekipman\u0131 sa\u011flar: ister memur d\u00fczeyinde uluslararas\u0131 toplant\u0131lar, ister \u00e7ok dilli h\u00fck\u00fcmet konferanslar\u0131, hissedarlar toplant\u0131lar\u0131 veya STK toplant\u0131lar\u0131 olsun \u2013 PCS, Bonn ve \u00e7evresi i\u00e7in geni\u015f bir ekipman ve sistem yelpazesi sunar [...].<\/p>","protected":false},"author":1,"featured_media":45482,"parent":0,"menu_order":0,"comment_status":"closed","ping_status":"closed","template":"","meta":{"_acf_changed":false,"footnotes":""},"class_list":["post-11842","page","type-page","status-publish","has-post-thumbnail","hentry"],"acf":[],"_links":{"self":[{"href":"https:\/\/konferenztechnik.de\/tr\/wp-json\/wp\/v2\/pages\/11842","targetHints":{"allow":["GET"]}}],"collection":[{"href":"https:\/\/konferenztechnik.de\/tr\/wp-json\/wp\/v2\/pages"}],"about":[{"href":"https:\/\/konferenztechnik.de\/tr\/wp-json\/wp\/v2\/types\/page"}],"author":[{"embeddable":true,"href":"https:\/\/konferenztechnik.de\/tr\/wp-json\/wp\/v2\/users\/1"}],"replies":[{"embeddable":true,"href":"https:\/\/konferenztechnik.de\/tr\/wp-json\/wp\/v2\/comments?post=11842"}],"version-history":[{"count":0,"href":"https:\/\/konferenztechnik.de\/tr\/wp-json\/wp\/v2\/pages\/11842\/revisions"}],"wp:featuredmedia":[{"embeddable":true,"href":"https:\/\/konferenztechnik.de\/tr\/wp-json\/wp\/v2\/media\/45482"}],"wp:attachment":[{"href":"https:\/\/konferenztechnik.de\/tr\/wp-json\/wp\/v2\/media?parent=11842"}],"curies":[{"name":"wp","href":"https:\/\/api.w.org\/{rel}","templated":true}]}}