{"id":11995,"date":"2017-11-27T13:57:45","date_gmt":"2017-11-27T11:57:45","guid":{"rendered":"https:\/\/www.konferenztechnik.de\/?page_id=11995"},"modified":"2023-09-21T09:14:54","modified_gmt":"2023-09-21T07:14:54","slug":"dresden-di%cc%87afon-i%cc%87stasyonlari-ki%cc%87ralama","status":"publish","type":"page","link":"https:\/\/konferenztechnik.de\/tr\/dresden-di%cc%87afon-i%cc%87stasyonlari-ki%cc%87ralama\/","title":{"rendered":"Kiral\u0131k interkom istasyonlar\u0131 Dresden"},"content":{"rendered":"<div data-elementor-type=\"wp-page\" data-elementor-id=\"11995\" class=\"elementor elementor-11995\" data-elementor-post-type=\"page\">\n\t\t\t\t<div data-particle_enable=\"false\" data-particle-mobile-disabled=\"false\" class=\"elementor-element elementor-element-2b4b0196 e-flex e-con-boxed e-con e-parent\" data-id=\"2b4b0196\" data-element_type=\"container\">\n\t\t\t\t\t<div class=\"e-con-inner\">\n\t\t\t\t<div class=\"elementor-element elementor-element-59cde19 elementor-widget elementor-widget-heading\" data-id=\"59cde19\" data-element_type=\"widget\" data-settings=\"{&quot;_animation&quot;:&quot;none&quot;}\" data-widget_type=\"heading.default\">\n\t\t\t\t<div class=\"elementor-widget-container\">\n\t\t\t\t\t<h1 class=\"elementor-heading-title elementor-size-default\">Dresden mikrofon \u00fcniteleri kiralama, Dresden'de g\u00f6r\u00fc\u015fme sistemleri ve konferans sistemleri kiralama <\/h1>\t\t\t\t<\/div>\n\t\t\t\t<\/div>\n\t\t\t\t<div class=\"elementor-element elementor-element-30dbffb elementor-widget-widescreen__width-inherit elementor-widget elementor-widget-image\" data-id=\"30dbffb\" data-element_type=\"widget\" data-widget_type=\"image.default\">\n\t\t\t\t<div class=\"elementor-widget-container\">\n\t\t\t\t\t\t\t\t\t\t\t\t\t\t\t<img fetchpriority=\"high\" decoding=\"async\" width=\"850\" height=\"340\" src=\"https:\/\/konferenztechnik.de\/wp-content\/uploads\/2017\/06\/veranstaltungstechnik-dresden.jpg\" class=\"attachment-full size-full wp-image-10412\" alt=\"\" srcset=\"https:\/\/konferenztechnik.de\/wp-content\/uploads\/2017\/06\/veranstaltungstechnik-dresden.jpg 850w, https:\/\/konferenztechnik.de\/wp-content\/uploads\/2017\/06\/veranstaltungstechnik-dresden-300x120.jpg 300w, https:\/\/konferenztechnik.de\/wp-content\/uploads\/2017\/06\/veranstaltungstechnik-dresden-768x307.jpg 768w\" sizes=\"(max-width: 850px) 100vw, 850px\" title=\"\">\t\t\t\t\t\t\t\t\t\t\t\t\t\t\t<\/div>\n\t\t\t\t<\/div>\n\t\t<div data-particle_enable=\"false\" data-particle-mobile-disabled=\"false\" class=\"elementor-element elementor-element-34e57286 e-flex e-con-boxed e-con e-child\" data-id=\"34e57286\" data-element_type=\"container\">\n\t\t\t\t\t<div class=\"e-con-inner\">\n\t\t\t\t<div class=\"elementor-element elementor-element-5e682a2c elementor-align-left elementor-widget elementor-widget-button\" data-id=\"5e682a2c\" data-element_type=\"widget\" data-widget_type=\"button.default\">\n\t\t\t\t<div class=\"elementor-widget-container\">\n\t\t\t\t\t\t\t\t\t<div class=\"elementor-button-wrapper\">\n\t\t\t\t\t<a class=\"elementor-button elementor-button-link elementor-size-lg\" href=\"#serviceteam\">\n\t\t\t\t\t\t<span class=\"elementor-button-content-wrapper\">\n\t\t\t\t\t\t<span class=\"elementor-button-icon\">\n\t\t\t\t<svg aria-hidden=\"true\" class=\"e-font-icon-svg e-far-arrow-alt-circle-down\" viewbox=\"0 0 512 512\" xmlns=\"http:\/\/www.w3.org\/2000\/svg\"><path d=\"M256 8C119 8 8 119 8 256s111 248 248 248 248-111 248-248S393 8 256 8zm0 448c-110.5 0-200-89.5-200-200S145.5 56 256 56s200 89.5 200 200-89.5 200-200 200zm-32-316v116h-67c-10.7 0-16 12.9-8.5 20.5l99 99c4.7 4.7 12.3 4.7 17 0l99-99c7.6-7.6 2.2-20.5-8.5-20.5h-67V140c0-6.6-5.4-12-12-12h-40c-6.6 0-12 5.4-12 12z\"><\/path><\/svg>\t\t\t<\/span>\n\t\t\t\t\t\t\t\t\t<span class=\"elementor-button-text\">\u015eimdi Sorgula<\/span>\n\t\t\t\t\t<\/span>\n\t\t\t\t\t<\/a>\n\t\t\t\t<\/div>\n\t\t\t\t\t\t\t\t<\/div>\n\t\t\t\t<\/div>\n\t\t\t\t\t<\/div>\n\t\t\t\t<\/div>\n\t\t<div data-particle_enable=\"false\" data-particle-mobile-disabled=\"false\" class=\"elementor-element elementor-element-7e0ab08 e-flex e-con-boxed e-con e-child\" data-id=\"7e0ab08\" data-element_type=\"container\">\n\t\t\t\t\t<div class=\"e-con-inner\">\n\t\t\t\t<div class=\"elementor-element elementor-element-68cee23 elementor-widget elementor-widget-shortcode\" data-id=\"68cee23\" data-element_type=\"widget\" data-widget_type=\"shortcode.default\">\n\t\t\t\t<div class=\"elementor-widget-container\">\n\t\t\t\t\t\t\t<div class=\"elementor-shortcode\">\t\t<div data-elementor-type=\"section\" data-elementor-id=\"37185\" class=\"elementor elementor-37185\" data-elementor-post-type=\"elementor_library\">\n\t\t\t<div data-particle_enable=\"false\" data-particle-mobile-disabled=\"false\" class=\"elementor-element elementor-element-26482db e-flex e-con-boxed e-con e-parent\" data-id=\"26482db\" data-element_type=\"container\">\n\t\t\t\t\t<div class=\"e-con-inner\">\n\t\t\t\t<div class=\"elementor-element elementor-element-d8130b9 elementor-widget__width-inherit elementor-widget elementor-widget-eael-post-list\" data-id=\"d8130b9\" data-element_type=\"widget\" data-settings=\"{&quot;_animation&quot;:&quot;none&quot;}\" data-widget_type=\"eael-post-list.default\">\n\t\t\t\t<div class=\"elementor-widget-container\">\n\t\t\t\t\t<div class=\"eael-post-list-container advanced layout-advanced\"><div class=\"eael-post-list-wrap\"><div class=\"eael-post-list-posts-wrap eael-post-appender eael-post-appender-d8130b9\"><div class=\"eael-post-list-post\"><div class=\"eael-post-list-post-inner\"><div class=\"eael-post-list-thumbnail\"><a href=\"https:\/\/konferenztechnik.de\/tr\/televic-confidea-g4-tartisma-si%cc%87stemi%cc%87\/\">\n                <img decoding=\"async\" src=\"https:\/\/konferenztechnik.de\/wp-content\/uploads\/2023\/06\/televic-confidea-g4-1.jpg\" alt=\"Kablosuz konferans g\u00f6r\u00fc\u015fme istasyonu tipi Televic Confidea G4\" title=\"\">\n            <\/a><\/div><div class=\"eael-post-list-content\"><h3 class=\"eael-post-list-title\"><a href=\"https:\/\/konferenztechnik.de\/tr\/televic-confidea-g4-tartisma-si%cc%87stemi%cc%87\/\" >Televic Confidea G4 \u2013 Tart\u0131\u015fma \u00fcnitesi<\/a><\/h3><p>Confidea G4 kablosuz konferans sistemi Flex sisteminin \u00f6nc\u00fcl\u00fcd\u00fcr ve...<\/p><a href=\"https:\/\/konferenztechnik.de\/tr\/televic-confidea-g4-tartisma-si%cc%87stemi%cc%87\/\" class=\"eael-post-elements-readmore-btn\" >\u203a daha fazla<\/a><div class=\"boxed-meta\"><\/div><\/div><\/div><\/div><div class=\"eael-post-list-post\"><div class=\"eael-post-list-post-inner\"><div class=\"eael-post-list-thumbnail\"><a href=\"https:\/\/konferenztechnik.de\/tr\/shure-microflex-komple-goeruesme-sistemi\/\">\n                <img decoding=\"async\" src=\"https:\/\/konferenztechnik.de\/wp-content\/uploads\/2023\/07\/shure-microflex-sprechstellen-jpg.webp\" alt=\"Shure Microflex serisi mikrofon \u00fcnitesi\" title=\"\">\n            <\/a><\/div><div class=\"eael-post-list-content\"><h3 class=\"eael-post-list-title\"><a href=\"https:\/\/konferenztechnik.de\/tr\/shure-microflex-komple-goeruesme-sistemi\/\" >Shure Microflex Komple \u2013 Tart\u0131\u015fma sistemi<\/a><\/h3><p>Modern, sade tasar\u0131m zarif ve abart\u0131s\u0131zd\u0131r ve evinizle iyi uyum sa\u011flar...<\/p><a href=\"https:\/\/konferenztechnik.de\/tr\/shure-microflex-komple-goeruesme-sistemi\/\" class=\"eael-post-elements-readmore-btn\" >\u203a daha fazla<\/a><div class=\"boxed-meta\"><\/div><\/div><\/div><\/div><div class=\"eael-post-list-post\"><div class=\"eael-post-list-post-inner\"><div class=\"eael-post-list-thumbnail\"><a href=\"https:\/\/konferenztechnik.de\/tr\/televic-confidea-flex-goeruesme-si%cc%87stemi%cc%87\/\">\n                <img decoding=\"async\" src=\"https:\/\/konferenztechnik.de\/wp-content\/uploads\/2022\/06\/televic-confidea-flex.jpg\" alt=\"Televic Confidea Flex kablosuz konferans \u00fcnitesi\" title=\"\">\n            <\/a><\/div><div class=\"eael-post-list-content\"><h3 class=\"eael-post-list-title\"><a href=\"https:\/\/konferenztechnik.de\/tr\/televic-confidea-flex-goeruesme-si%cc%87stemi%cc%87\/\" >Televic Confidea Flex \u2013 Tart\u0131\u015fma \u00fcnitesi<\/a><\/h3><p>Confidea Flex sistemi \u00e7ok \u00e7e\u015fitli uygulama senaryolar\u0131na kolayca uyarlanabilir. itibaren...<\/p><a href=\"https:\/\/konferenztechnik.de\/tr\/televic-confidea-flex-goeruesme-si%cc%87stemi%cc%87\/\" class=\"eael-post-elements-readmore-btn\" >\u203a daha fazla<\/a><div class=\"boxed-meta\"><\/div><\/div><\/div><\/div><div class=\"eael-post-list-post\"><div class=\"eael-post-list-post-inner\"><div class=\"eael-post-list-thumbnail\"><a href=\"https:\/\/konferenztechnik.de\/tr\/bosch-dicentis-tartisma-si%cc%87stemi%cc%87\/\">\n                <img decoding=\"async\" src=\"https:\/\/konferenztechnik.de\/wp-content\/uploads\/2022\/06\/bosch-dicentis-sprechstelle.jpg\" alt=\"Kaz boynu mikrofonlu Bosch Dicentis konferans mikrofon \u00fcnitesi ve ek bilgi ve veri giri\u015fi i\u00e7in k\u00fc\u00e7\u00fck bir ekran\" title=\"\">\n            <\/a><\/div><div class=\"eael-post-list-content\"><h3 class=\"eael-post-list-title\"><a href=\"https:\/\/konferenztechnik.de\/tr\/bosch-dicentis-tartisma-si%cc%87stemi%cc%87\/\" >Bosch Dicentis \u2013 Tart\u0131\u015fma \u00fcnitesi<\/a><\/h3><p>Y\u00fcksek esnekli\u011fi ve basit kurulumu sayesinde DICENTIS kablosuz konferans sistemi, her t\u00fcrl\u00fc...<\/p><a href=\"https:\/\/konferenztechnik.de\/tr\/bosch-dicentis-tartisma-si%cc%87stemi%cc%87\/\" class=\"eael-post-elements-readmore-btn\" >\u203a daha fazla<\/a><div class=\"boxed-meta\"><\/div><\/div><\/div><\/div><div class=\"eael-post-list-post\"><div class=\"eael-post-list-post-inner\"><div class=\"eael-post-list-thumbnail\"><a href=\"https:\/\/konferenztechnik.de\/tr\/sennheiser-adn-goeruesme-si%cc%87stemi%cc%87\/\">\n                <img decoding=\"async\" src=\"https:\/\/konferenztechnik.de\/wp-content\/uploads\/2022\/06\/sennheiser-adn.jpg\" alt=\"Sennheiser ADN kablosuz konferans \u00fcnitesi\" title=\"\">\n            <\/a><\/div><div class=\"eael-post-list-content\"><h3 class=\"eael-post-list-title\"><a href=\"https:\/\/konferenztechnik.de\/tr\/sennheiser-adn-goeruesme-si%cc%87stemi%cc%87\/\" >Sennheiser ADN \u2013 Tart\u0131\u015fma sistemi<\/a><\/h3><p>ADN konferans sistemi etkin geri bildirim bast\u0131rma \u00f6zelli\u011fine sahiptir. Bu...<\/p><a href=\"https:\/\/konferenztechnik.de\/tr\/sennheiser-adn-goeruesme-si%cc%87stemi%cc%87\/\" class=\"eael-post-elements-readmore-btn\" >\u203a daha fazla<\/a><div class=\"boxed-meta\"><\/div><\/div><\/div><\/div><div class=\"eael-post-list-post\"><div class=\"eael-post-list-post-inner\"><div class=\"eael-post-list-thumbnail\"><a href=\"https:\/\/konferenztechnik.de\/tr\/beyerdynamic-quinta-goeruesme-si%cc%87stemi%cc%87\/\">\n                <img decoding=\"async\" src=\"https:\/\/konferenztechnik.de\/wp-content\/uploads\/2022\/06\/beyerdynamic-quinta.jpg\" alt=\"Konferans mikrofon \u00fcnitesi Beyerdynamic Quinta, kablosuz, deveboynu mikrofonlu\" title=\"\">\n            <\/a><\/div><div class=\"eael-post-list-content\"><h3 class=\"eael-post-list-title\"><a href=\"https:\/\/konferenztechnik.de\/tr\/beyerdynamic-quinta-goeruesme-si%cc%87stemi%cc%87\/\" >Beyerdynamic Quinta \u2013 Tart\u0131\u015fma sistemi<\/a><\/h3><p>Beyerdynamic Quinta sistemi, toplant\u0131lar, konferanslar, video ve bas\u0131n konferanslar\u0131, mahkeme salonlar\u0131 i\u00e7in tasarlanm\u0131\u015ft\u0131r...<\/p><a href=\"https:\/\/konferenztechnik.de\/tr\/beyerdynamic-quinta-goeruesme-si%cc%87stemi%cc%87\/\" class=\"eael-post-elements-readmore-btn\" >\u203a daha fazla<\/a><div class=\"boxed-meta\"><\/div><\/div><\/div><\/div><div class=\"eael-post-list-post\"><div class=\"eael-post-list-post-inner\"><div class=\"eael-post-list-thumbnail\"><a href=\"https:\/\/konferenztechnik.de\/tr\/bosch-tartisma-tartisma-si%cc%87stemi%cc%87\/\">\n                <img decoding=\"async\" src=\"https:\/\/konferenztechnik.de\/wp-content\/uploads\/2023\/06\/bosch-discussion-NG.jpg\" alt=\"Mikrofon \u00fcnitesinde yorumlanan dilleri \u00e7a\u011f\u0131rmak i\u00e7in dil se\u00e7icili Bosch Discussion Next Generation mikrofon \u00fcnitesi\" title=\"\">\n            <\/a><\/div><div class=\"eael-post-list-content\"><h3 class=\"eael-post-list-title\"><a href=\"https:\/\/konferenztechnik.de\/tr\/bosch-tartisma-tartisma-si%cc%87stemi%cc%87\/\" >Bosch Tart\u0131\u015fma \u2013 Tart\u0131\u015fma \u00fcnitesi<\/a><\/h3><p>DCN konferans \u00e7\u00f6z\u00fcmleri \u00e7ok y\u00f6nl\u00fcl\u00fckleri ile karakterize edilir ve y\u00fcksek ses kalitesi ve...<\/p><a href=\"https:\/\/konferenztechnik.de\/tr\/bosch-tartisma-tartisma-si%cc%87stemi%cc%87\/\" class=\"eael-post-elements-readmore-btn\" >\u203a daha fazla<\/a><div class=\"boxed-meta\"><\/div><\/div><\/div><\/div><div class=\"eael-post-list-post\"><div class=\"eael-post-list-post-inner\"><div class=\"eael-post-list-thumbnail\"><a href=\"https:\/\/konferenztechnik.de\/tr\/bosch-ccs-1000-d-tartisma-ueni%cc%87tesi%cc%87\/\">\n                <img decoding=\"async\" src=\"https:\/\/konferenztechnik.de\/wp-content\/uploads\/2023\/06\/sennheiser-ccs-1000-d.jpg\" alt=\"Mikrofon istasyonu tipi Bosch CCS 1000 d\" title=\"\">\n            <\/a><\/div><div class=\"eael-post-list-content\"><h3 class=\"eael-post-list-title\"><a href=\"https:\/\/konferenztechnik.de\/tr\/bosch-ccs-1000-d-tartisma-ueni%cc%87tesi%cc%87\/\" >BOSCH CCS 1000 D \u2013 Tart\u0131\u015fma \u00fcnitesi<\/a><\/h3><p>CCS 1000 D, teknik yeniliklerden \u00f6d\u00fcn vermeden sadeli\u011fi ile etkileyicidir.<\/p><a href=\"https:\/\/konferenztechnik.de\/tr\/bosch-ccs-1000-d-tartisma-ueni%cc%87tesi%cc%87\/\" class=\"eael-post-elements-readmore-btn\" >\u203a daha fazla<\/a><div class=\"boxed-meta\"><\/div><\/div><\/div><\/div><\/div><\/div>\n\t\t<\/div>\t\t\t\t<\/div>\n\t\t\t\t<\/div>\n\t\t\t\t\t<\/div>\n\t\t\t\t<\/div>\n\t\t\t\t<\/div>\n\t\t<\/div>\n\t\t\t\t\t\t<\/div>\n\t\t\t\t<\/div>\n\t\t\t\t\t<\/div>\n\t\t\t\t<\/div>\n\t\t\t\t\t<\/div>\n\t\t\t\t<\/div>\n\t\t<div data-particle_enable=\"false\" data-particle-mobile-disabled=\"false\" class=\"elementor-element elementor-element-4a6ed070 e-flex e-con-boxed e-con e-parent\" data-id=\"4a6ed070\" data-element_type=\"container\">\n\t\t\t\t\t<div class=\"e-con-inner\">\n\t\t\t\t<div class=\"elementor-element elementor-element-7fd00f7b elementor-widget__width-initial elementor-widget elementor-widget-text-editor\" data-id=\"7fd00f7b\" data-element_type=\"widget\" data-widget_type=\"text-editor.default\">\n\t\t\t\t<div class=\"elementor-widget-container\">\n\t\t\t\t\t\t\t\t\t<p>PCS Konferenztechnik ile Dresden'deki etkinli\u011finiz i\u00e7in masa mikrofon \u00fcniteleri, mikrofon zincirleri ve delege sistemleri kiralayabilirsiniz. \u0130ster bas\u0131n toplant\u0131s\u0131, ister yuvarlak masa veya panel tart\u0131\u015fmas\u0131 olsun, \u2013 PCS Konferenztechnik, \u2013 \u015f\u0131k, modern, \u00e7a\u011fda\u015f \u2013 ekipman\u0131yla kat\u0131l\u0131mc\u0131lar\u0131n\u0131z aras\u0131nda m\u00fckemmel ileti\u015fim sa\u011flar.<\/p><p>\u00a0<\/p><p>Tart\u0131\u015fma grubunuz uluslararas\u0131 m\u0131? O zaman neden mikrofon \u00fcnitesindeki terc\u00fcme kanallar\u0131 arac\u0131l\u0131\u011f\u0131yla do\u011frudan izleme kullanm\u0131yorsunuz? Mikrofonlar, \u00e7eviriler i\u00e7in dil se\u00e7icili bir kulakl\u0131k ba\u011flant\u0131s\u0131na sahiptir.<\/p><p>\u00a0<\/p><p>Bizden hem kablosuz hem de kablolu masa\u00fcst\u00fc mikrofon \u00fcniteleri kiralayabilirsiniz. Hangi sistemin sizin i\u00e7in do\u011fru oldu\u011fu \u00e7e\u015fitli fakt\u00f6rlere ba\u011fl\u0131d\u0131r. Proje planlay\u0131c\u0131lar\u0131m\u0131z size ki\u015fiselle\u015ftirilmi\u015f tavsiyeler, esnek fiyat teklifleri ve h\u0131zl\u0131 teslimat sa\u011flayacakt\u0131r.<\/p>\t\t\t\t\t\t\t\t<\/div>\n\t\t\t\t<\/div>\n\t\t\t\t<div class=\"elementor-element elementor-element-3ed66736 elementor-widget__width-initial elementor-widget elementor-widget-heading\" data-id=\"3ed66736\" data-element_type=\"widget\" data-settings=\"{&quot;_animation&quot;:&quot;none&quot;}\" data-widget_type=\"heading.default\">\n\t\t\t\t<div class=\"elementor-widget-container\">\n\t\t\t\t\t<h2 class=\"elementor-heading-title elementor-size-default\">Bir kelime \u2013 bir\u00e7ok terim<\/h2>\t\t\t\t<\/div>\n\t\t\t\t<\/div>\n\t\t\t\t<div class=\"elementor-element elementor-element-692896ee elementor-widget elementor-widget-image\" data-id=\"692896ee\" data-element_type=\"widget\" data-widget_type=\"image.default\">\n\t\t\t\t<div class=\"elementor-widget-container\">\n\t\t\t\t\t\t\t\t\t\t\t\t\t\t\t<img decoding=\"async\" width=\"2550\" height=\"1074\" src=\"https:\/\/konferenztechnik.de\/wp-content\/uploads\/2023\/07\/sprechstellen-mieten-pcs-konferenztechnik-jpg.webp\" class=\"attachment-full size-full wp-image-37195\" alt=\"Bir toplant\u0131 i\u00e7in haz\u0131rlanm\u0131\u015f, yaz\u0131 malzemeleri, i\u00e7ecekler ve kablosuz konferans mikrofon \u00fcniteleri ile dolu bir dizi konferans masas\u0131n\u0131n g\u00f6r\u00fcn\u00fcm\u00fc - her \u015fey bir konferans i\u00e7in haz\u0131r g\u00f6r\u00fcn\u00fcyor.\" srcset=\"https:\/\/konferenztechnik.de\/wp-content\/uploads\/2023\/07\/sprechstellen-mieten-pcs-konferenztechnik-jpg.webp 2550w, https:\/\/konferenztechnik.de\/wp-content\/uploads\/2023\/07\/sprechstellen-mieten-pcs-konferenztechnik-300x126.webp 300w, https:\/\/konferenztechnik.de\/wp-content\/uploads\/2023\/07\/sprechstellen-mieten-pcs-konferenztechnik-1024x431.webp 1024w, https:\/\/konferenztechnik.de\/wp-content\/uploads\/2023\/07\/sprechstellen-mieten-pcs-konferenztechnik-768x323.webp 768w, https:\/\/konferenztechnik.de\/wp-content\/uploads\/2023\/07\/sprechstellen-mieten-pcs-konferenztechnik-1536x647.webp 1536w, https:\/\/konferenztechnik.de\/wp-content\/uploads\/2023\/07\/sprechstellen-mieten-pcs-konferenztechnik-2048x863.webp 2048w, https:\/\/konferenztechnik.de\/wp-content\/uploads\/2023\/07\/sprechstellen-mieten-pcs-konferenztechnik-18x8.webp 18w\" sizes=\"(max-width: 2550px) 100vw, 2550px\" title=\"\">\t\t\t\t\t\t\t\t\t\t\t\t\t\t\t<\/div>\n\t\t\t\t<\/div>\n\t\t\t\t<div class=\"elementor-element elementor-element-52cfdf1f elementor-align-right elementor-mobile-align-center elementor-widget elementor-widget-button\" data-id=\"52cfdf1f\" data-element_type=\"widget\" data-widget_type=\"button.default\">\n\t\t\t\t<div class=\"elementor-widget-container\">\n\t\t\t\t\t\t\t\t\t<div class=\"elementor-button-wrapper\">\n\t\t\t\t\t<a class=\"elementor-button elementor-button-link elementor-size-lg\" href=\"#serviceteam\">\n\t\t\t\t\t\t<span class=\"elementor-button-content-wrapper\">\n\t\t\t\t\t\t<span class=\"elementor-button-icon\">\n\t\t\t\t<svg aria-hidden=\"true\" class=\"e-font-icon-svg e-far-arrow-alt-circle-down\" viewbox=\"0 0 512 512\" xmlns=\"http:\/\/www.w3.org\/2000\/svg\"><path d=\"M256 8C119 8 8 119 8 256s111 248 248 248 248-111 248-248S393 8 256 8zm0 448c-110.5 0-200-89.5-200-200S145.5 56 256 56s200 89.5 200 200-89.5 200-200 200zm-32-316v116h-67c-10.7 0-16 12.9-8.5 20.5l99 99c4.7 4.7 12.3 4.7 17 0l99-99c7.6-7.6 2.2-20.5-8.5-20.5h-67V140c0-6.6-5.4-12-12-12h-40c-6.6 0-12 5.4-12 12z\"><\/path><\/svg>\t\t\t<\/span>\n\t\t\t\t\t\t\t\t\t<span class=\"elementor-button-text\">\u015eimdi Sorgula<\/span>\n\t\t\t\t\t<\/span>\n\t\t\t\t\t<\/a>\n\t\t\t\t<\/div>\n\t\t\t\t\t\t\t\t<\/div>\n\t\t\t\t<\/div>\n\t\t\t\t<div class=\"elementor-element elementor-element-c52cec3 elementor-widget__width-inherit elementor-widget elementor-widget-text-editor\" data-id=\"c52cec3\" data-element_type=\"widget\" data-widget_type=\"text-editor.default\">\n\t\t\t\t<div class=\"elementor-widget-container\">\n\t\t\t\t\t\t\t\t\t<p>\u0130nterkom \u00fcnitelerinin masa\u00fcst\u00fc mikrofonlar veya mikrofon \u00fcniteleri gibi bir\u00e7ok ad\u0131 vard\u0131r. Ancak ayn\u0131 \u2013, d\u00fczenli bir diyalog sa\u011flayan bir tart\u0131\u015fma sistemidir. Her kat\u0131l\u0131mc\u0131n\u0131n emrinde, konu\u015fmak istediklerinde ba\u011f\u0131ms\u0131z olarak a\u00e7abilecekleri bir mikrofon vard\u0131r.<\/p><p>PCS Konferenztechnik olarak bizim i\u00e7in mikrofon \u00fcnitelerinin i\u015flevi, sesi ve konforu \u00f6zellikle \u00f6nemlidir. \u00d6rne\u011fin deveboynu mikrofonlar\u0131m\u0131z \u00f6zel bir konfor sa\u011fl\u0131yor. Konu\u015fmac\u0131lar bunlar\u0131 kendilerine en uygun konuma kolayca getirebilirler. Ses takviyesi sadece ba\u011fl\u0131 hoparl\u00f6rler arac\u0131l\u0131\u011f\u0131yla de\u011fil, mikrofon \u00fcnitelerindeki entegre hoparl\u00f6rler arac\u0131l\u0131\u011f\u0131yla da m\u00fcmk\u00fcnd\u00fcr.<\/p>\t\t\t\t\t\t\t\t<\/div>\n\t\t\t\t<\/div>\n\t\t\t\t<div class=\"elementor-element elementor-element-714323b9 elementor-widget elementor-widget-heading\" data-id=\"714323b9\" data-element_type=\"widget\" data-settings=\"{&quot;_animation&quot;:&quot;none&quot;}\" data-widget_type=\"heading.default\">\n\t\t\t\t<div class=\"elementor-widget-container\">\n\t\t\t\t\t<h2 class=\"elementor-heading-title elementor-size-default\">\u00dcreticilerimizle Dresden interkom istasyonlar\u0131 kiralay\u0131n<\/h2>\t\t\t\t<\/div>\n\t\t\t\t<\/div>\n\t\t\t\t<div class=\"elementor-element elementor-element-41748ab4 elementor-widget__width-inherit elementor-widget elementor-widget-text-editor\" data-id=\"41748ab4\" data-element_type=\"widget\" data-widget_type=\"text-editor.default\">\n\t\t\t\t<div class=\"elementor-widget-container\">\n\t\t\t\t\t\t\t\t\t<p>\u00a0PCS Konferenztechnik'ten a\u015fa\u011f\u0131daki mikrofon \u00fcnitelerini ve konferans sistemlerini kiralayabilirsiniz:<\/p>\t\t\t\t\t\t\t\t<\/div>\n\t\t\t\t<\/div>\n\t\t\t\t<div class=\"elementor-element elementor-element-2f670ebd elementor-icon-list--layout-traditional elementor-list-item-link-full_width elementor-widget elementor-widget-icon-list\" data-id=\"2f670ebd\" data-element_type=\"widget\" data-widget_type=\"icon-list.default\">\n\t\t\t\t<div class=\"elementor-widget-container\">\n\t\t\t\t\t\t\t<ul class=\"elementor-icon-list-items\">\n\t\t\t\t\t\t\t<li class=\"elementor-icon-list-item\">\n\t\t\t\t\t\t\t\t\t\t\t<a href=\"https:\/\/konferenztechnik.de\/tr\/bosch-dicentis-tartisma-si%cc%87stemi%cc%87\/\">\n\n\t\t\t\t\t\t\t\t\t\t\t\t<span class=\"elementor-icon-list-icon\">\n\t\t\t\t\t\t\t<svg aria-hidden=\"true\" class=\"e-font-icon-svg e-fas-check\" viewbox=\"0 0 512 512\" xmlns=\"http:\/\/www.w3.org\/2000\/svg\"><path d=\"M173.898 439.404l-166.4-166.4c-9.997-9.997-9.997-26.206 0-36.204l36.203-36.204c9.997-9.998 26.207-9.998 36.204 0L192 312.69 432.095 72.596c9.997-9.997 26.207-9.997 36.204 0l36.203 36.204c9.997 9.997 9.997 26.206 0 36.204l-294.4 294.401c-9.998 9.997-26.207 9.997-36.204-.001z\"><\/path><\/svg>\t\t\t\t\t\t<\/span>\n\t\t\t\t\t\t\t\t\t\t<span class=\"elementor-icon-list-text\">Bosch Dicentis mikrofon \u00fcniteleri \u2013 Kablosuz konferans sistemi<\/span>\n\t\t\t\t\t\t\t\t\t\t\t<\/a>\n\t\t\t\t\t\t\t\t\t<\/li>\n\t\t\t\t\t\t\t\t<li class=\"elementor-icon-list-item\">\n\t\t\t\t\t\t\t\t\t\t\t<a href=\"https:\/\/konferenztechnik.de\/tr\/televic-confidea-flex-goeruesme-si%cc%87stemi%cc%87\/\">\n\n\t\t\t\t\t\t\t\t\t\t\t\t<span class=\"elementor-icon-list-icon\">\n\t\t\t\t\t\t\t<svg aria-hidden=\"true\" class=\"e-font-icon-svg e-fas-check\" viewbox=\"0 0 512 512\" xmlns=\"http:\/\/www.w3.org\/2000\/svg\"><path d=\"M173.898 439.404l-166.4-166.4c-9.997-9.997-9.997-26.206 0-36.204l36.203-36.204c9.997-9.998 26.207-9.998 36.204 0L192 312.69 432.095 72.596c9.997-9.997 26.207-9.997 36.204 0l36.203 36.204c9.997 9.997 9.997 26.206 0 36.204l-294.4 294.401c-9.998 9.997-26.207 9.997-36.204-.001z\"><\/path><\/svg>\t\t\t\t\t\t<\/span>\n\t\t\t\t\t\t\t\t\t\t<span class=\"elementor-icon-list-text\">Televic Confidea Flex mikrofon \u00fcniteleri \u2013 Kablosuz konferans sistemi<\/span>\n\t\t\t\t\t\t\t\t\t\t\t<\/a>\n\t\t\t\t\t\t\t\t\t<\/li>\n\t\t\t\t\t\t\t\t<li class=\"elementor-icon-list-item\">\n\t\t\t\t\t\t\t\t\t\t\t<a href=\"https:\/\/konferenztechnik.de\/tr\/bosch-ccs-1000-d-tartisma-ueni%cc%87tesi%cc%87\/\">\n\n\t\t\t\t\t\t\t\t\t\t\t\t<span class=\"elementor-icon-list-icon\">\n\t\t\t\t\t\t\t<svg aria-hidden=\"true\" class=\"e-font-icon-svg e-fas-check\" viewbox=\"0 0 512 512\" xmlns=\"http:\/\/www.w3.org\/2000\/svg\"><path d=\"M173.898 439.404l-166.4-166.4c-9.997-9.997-9.997-26.206 0-36.204l36.203-36.204c9.997-9.998 26.207-9.998 36.204 0L192 312.69 432.095 72.596c9.997-9.997 26.207-9.997 36.204 0l36.203 36.204c9.997 9.997 9.997 26.206 0 36.204l-294.4 294.401c-9.998 9.997-26.207 9.997-36.204-.001z\"><\/path><\/svg>\t\t\t\t\t\t<\/span>\n\t\t\t\t\t\t\t\t\t\t<span class=\"elementor-icon-list-text\">BOSCH CCS 1000 D \u2013 Tart\u0131\u015fma \u00fcnitesi<\/span>\n\t\t\t\t\t\t\t\t\t\t\t<\/a>\n\t\t\t\t\t\t\t\t\t<\/li>\n\t\t\t\t\t\t\t\t<li class=\"elementor-icon-list-item\">\n\t\t\t\t\t\t\t\t\t\t\t<a href=\"https:\/\/konferenztechnik.de\/tr\/bosch-tartisma-tartisma-si%cc%87stemi%cc%87\/\">\n\n\t\t\t\t\t\t\t\t\t\t\t\t<span class=\"elementor-icon-list-icon\">\n\t\t\t\t\t\t\t<svg aria-hidden=\"true\" class=\"e-font-icon-svg e-fas-check\" viewbox=\"0 0 512 512\" xmlns=\"http:\/\/www.w3.org\/2000\/svg\"><path d=\"M173.898 439.404l-166.4-166.4c-9.997-9.997-9.997-26.206 0-36.204l36.203-36.204c9.997-9.998 26.207-9.998 36.204 0L192 312.69 432.095 72.596c9.997-9.997 26.207-9.997 36.204 0l36.203 36.204c9.997 9.997 9.997 26.206 0 36.204l-294.4 294.401c-9.998 9.997-26.207 9.997-36.204-.001z\"><\/path><\/svg>\t\t\t\t\t\t<\/span>\n\t\t\t\t\t\t\t\t\t\t<span class=\"elementor-icon-list-text\">Bosch Tart\u0131\u015fma mikrofon \u00fcniteleri \u2013 Kablolu konferans sistemi (terc\u00fcme kanallar\u0131\/\u00e7eviri dahil)<\/span>\n\t\t\t\t\t\t\t\t\t\t\t<\/a>\n\t\t\t\t\t\t\t\t\t<\/li>\n\t\t\t\t\t\t\t\t<li class=\"elementor-icon-list-item\">\n\t\t\t\t\t\t\t\t\t\t\t<a href=\"https:\/\/konferenztechnik.de\/tr\/goeruesme-sistemleri-interkom-istasyonlari-kiralayin-satin-alin-kurun-kiraya-verin\/\">\n\n\t\t\t\t\t\t\t\t\t\t\t\t<span class=\"elementor-icon-list-icon\">\n\t\t\t\t\t\t\t<svg aria-hidden=\"true\" class=\"e-font-icon-svg e-fas-check\" viewbox=\"0 0 512 512\" xmlns=\"http:\/\/www.w3.org\/2000\/svg\"><path d=\"M173.898 439.404l-166.4-166.4c-9.997-9.997-9.997-26.206 0-36.204l36.203-36.204c9.997-9.998 26.207-9.998 36.204 0L192 312.69 432.095 72.596c9.997-9.997 26.207-9.997 36.204 0l36.203 36.204c9.997 9.997 9.997 26.206 0 36.204l-294.4 294.401c-9.998 9.997-26.207 9.997-36.204-.001z\"><\/path><\/svg>\t\t\t\t\t\t<\/span>\n\t\t\t\t\t\t\t\t\t\t<span class=\"elementor-icon-list-text\">Ve \u00e7ok daha fazlas\u0131...<\/span>\n\t\t\t\t\t\t\t\t\t\t\t<\/a>\n\t\t\t\t\t\t\t\t\t<\/li>\n\t\t\t\t\t\t<\/ul>\n\t\t\t\t\t\t<\/div>\n\t\t\t\t<\/div>\n\t\t\t\t<div class=\"elementor-element elementor-element-5d9c603e elementor-widget__width-inherit elementor-widget elementor-widget-text-editor\" data-id=\"5d9c603e\" data-element_type=\"widget\" data-widget_type=\"text-editor.default\">\n\t\t\t\t<div class=\"elementor-widget-container\">\n\t\t\t\t\t\t\t\t\t<p>Her iki sistemin de avantajlar\u0131 vard\u0131r. Kablosuz mikrofon \u00fcnitelerinin kurulumu ve s\u00f6k\u00fclmesi kolay olup esnek oturma d\u00fczenleri sunarken, kablolu konferans mikrofonlar\u0131 radyo dalgalar\u0131ndan kaynaklanan harici parazitlere maruz kalmaz ve \u00e7ok b\u00fcy\u00fck gruplar i\u00e7in de uygundur.<\/p>\t\t\t\t\t\t\t\t<\/div>\n\t\t\t\t<\/div>\n\t\t\t\t<div class=\"elementor-element elementor-element-16ec65f6 elementor-widget elementor-widget-image\" data-id=\"16ec65f6\" data-element_type=\"widget\" data-widget_type=\"image.default\">\n\t\t\t\t<div class=\"elementor-widget-container\">\n\t\t\t\t\t\t\t\t\t\t\t\t\t\t\t<img decoding=\"async\" width=\"1200\" height=\"450\" src=\"https:\/\/konferenztechnik.de\/wp-content\/uploads\/2016\/10\/events-berlin.jpg\" class=\"attachment-full size-full wp-image-8486\" alt=\"\" srcset=\"https:\/\/konferenztechnik.de\/wp-content\/uploads\/2016\/10\/events-berlin.jpg 1200w, https:\/\/konferenztechnik.de\/wp-content\/uploads\/2016\/10\/events-berlin-300x113.jpg 300w, https:\/\/konferenztechnik.de\/wp-content\/uploads\/2016\/10\/events-berlin-1024x384.jpg 1024w, https:\/\/konferenztechnik.de\/wp-content\/uploads\/2016\/10\/events-berlin-768x288.jpg 768w\" sizes=\"(max-width: 1200px) 100vw, 1200px\" title=\"\">\t\t\t\t\t\t\t\t\t\t\t\t\t\t\t<\/div>\n\t\t\t\t<\/div>\n\t\t<div data-particle_enable=\"false\" data-particle-mobile-disabled=\"false\" class=\"elementor-element elementor-element-1b7c1a74 e-flex e-con-boxed e-con e-child\" data-id=\"1b7c1a74\" data-element_type=\"container\">\n\t\t\t\t\t<div class=\"e-con-inner\">\n\t\t\t\t<div class=\"elementor-element elementor-element-67dbb814 elementor-align-left elementor-widget elementor-widget-button\" data-id=\"67dbb814\" data-element_type=\"widget\" data-widget_type=\"button.default\">\n\t\t\t\t<div class=\"elementor-widget-container\">\n\t\t\t\t\t\t\t\t\t<div class=\"elementor-button-wrapper\">\n\t\t\t\t\t<a class=\"elementor-button elementor-button-link elementor-size-lg\" href=\"#serviceteam\">\n\t\t\t\t\t\t<span class=\"elementor-button-content-wrapper\">\n\t\t\t\t\t\t<span class=\"elementor-button-icon\">\n\t\t\t\t<svg aria-hidden=\"true\" class=\"e-font-icon-svg e-far-arrow-alt-circle-down\" viewbox=\"0 0 512 512\" xmlns=\"http:\/\/www.w3.org\/2000\/svg\"><path d=\"M256 8C119 8 8 119 8 256s111 248 248 248 248-111 248-248S393 8 256 8zm0 448c-110.5 0-200-89.5-200-200S145.5 56 256 56s200 89.5 200 200-89.5 200-200 200zm-32-316v116h-67c-10.7 0-16 12.9-8.5 20.5l99 99c4.7 4.7 12.3 4.7 17 0l99-99c7.6-7.6 2.2-20.5-8.5-20.5h-67V140c0-6.6-5.4-12-12-12h-40c-6.6 0-12 5.4-12 12z\"><\/path><\/svg>\t\t\t<\/span>\n\t\t\t\t\t\t\t\t\t<span class=\"elementor-button-text\">\u015eimdi Sorgula<\/span>\n\t\t\t\t\t<\/span>\n\t\t\t\t\t<\/a>\n\t\t\t\t<\/div>\n\t\t\t\t\t\t\t\t<\/div>\n\t\t\t\t<\/div>\n\t\t\t\t\t<\/div>\n\t\t\t\t<\/div>\n\t\t\t\t<div class=\"elementor-element elementor-element-5e2f89f4 elementor-widget__width-initial elementor-widget elementor-widget-heading\" data-id=\"5e2f89f4\" data-element_type=\"widget\" data-settings=\"{&quot;_animation&quot;:&quot;none&quot;}\" data-widget_type=\"heading.default\">\n\t\t\t\t<div class=\"elementor-widget-container\">\n\t\t\t\t\t<h2 class=\"elementor-heading-title elementor-size-default\">Konferans sistemleri i\u00e7in uygulama alanlar\u0131<\/h2>\t\t\t\t<\/div>\n\t\t\t\t<\/div>\n\t\t\t\t<div class=\"elementor-element elementor-element-2ccdbfd0 elementor-widget__width-inherit elementor-widget elementor-widget-text-editor\" data-id=\"2ccdbfd0\" data-element_type=\"widget\" data-widget_type=\"text-editor.default\">\n\t\t\t\t<div class=\"elementor-widget-container\">\n\t\t\t\t\t\t\t\t\t<p>\u00a0Delege sistemleri d\u00fc\u015f\u00fcnd\u00fc\u011f\u00fcn\u00fczden daha s\u0131k kullan\u0131lmaktad\u0131r. Konferans katlar\u0131n\u0131, konferans merkezlerini veya el\u00e7ilikleri onlars\u0131z hayal etmek imkans\u0131zd\u0131r. Mikrofon zincirlerinin kullan\u0131m\u0131 \u00e7ok \u00e7e\u015fitlidir ve konferanslarda, toplant\u0131larda, parlamentoda ve hatta mahkeme salonlar\u0131nda pop\u00fclerdir. Bunun nedeni mikrofon \u00fcnitelerinin sadece her koltukta daha fazla konu\u015fma anla\u015f\u0131l\u0131rl\u0131\u011f\u0131 sa\u011flamakla kalmay\u0131p ayn\u0131 zamanda daha iyi konu\u015fmac\u0131 disiplini sa\u011flamas\u0131d\u0131r.<\/p>\t\t\t\t\t\t\t\t<\/div>\n\t\t\t\t<\/div>\n\t\t\t\t<div class=\"elementor-element elementor-element-21c1f96d elementor-widget__width-inherit elementor-widget elementor-widget-text-editor\" data-id=\"21c1f96d\" data-element_type=\"widget\" data-widget_type=\"text-editor.default\">\n\t\t\t\t<div class=\"elementor-widget-container\">\n\t\t\t\t\t\t\t\t\t<p>PCS Konferenztechnik'te bizim i\u00e7in mikrofonlar\u0131n i\u015flevleri, sesi ve konforu \u00f6zellikle \u00f6nemlidir, \u00e7\u00fcnk\u00fc kalite ve g\u00fcvenilirlik en \u00f6nemli \u00f6nceliklerimizdir. Mikrofon \u00fcnitelerinden gelen mikrofon sinyali hem ba\u011fl\u0131 bir genel seslendirme sistemi arac\u0131l\u0131\u011f\u0131yla hem de her mikrofon \u00fcnitesindeki entegre hoparl\u00f6rler arac\u0131l\u0131\u011f\u0131yla oynat\u0131labilir.<\/p><p>\u00a0<\/p><p>Di\u011fer konferans teknolojileriyle birlikte interkom istasyonlar\u0131 PCS konferans sistemleri yaln\u0131zca genel seslendirme sistemleriyle de\u011fil, ayn\u0131 zamanda terc\u00fcman kabinleri gibi di\u011fer teknolojilerle de birle\u015ftirilebilir. Ayr\u0131ca mevcut sisteminizi etkinlik teknolojisi kiralama havuzumuzdaki m\u00fcnferit cihazlarla da tamamlayabilirsiniz. Bizimle ileti\u015fime ge\u00e7in. Size teknik tavsiyelerde bulunmaktan memnuniyet duyar\u0131z.<\/p>\t\t\t\t\t\t\t\t<\/div>\n\t\t\t\t<\/div>\n\t\t\t\t<div class=\"elementor-element elementor-element-1bd58b80 elementor-widget elementor-widget-eael-adv-accordion\" data-id=\"1bd58b80\" data-element_type=\"widget\" data-widget_type=\"eael-adv-accordion.default\">\n\t\t\t\t<div class=\"elementor-widget-container\">\n\t\t\t\t\t            <div class=\"eael-adv-accordion\" id=\"eael-adv-accordion-1bd58b80\" data-scroll-on-click=\"no\" data-scroll-speed=\"300\" data-accordion-id=\"1bd58b80\" data-accordion-type=\"accordion\" data-toogle-speed=\"300\">\n            <div class=\"eael-accordion-list\">\n\t\t\t\t\t<div id=\"-veranstaltungsorte-fr-events-und-kongresse-in-dresden-\" class=\"elementor-tab-title eael-accordion-header\" tabindex=\"0\" data-tab=\"1\" aria-controls=\"elementor-tab-content-4661\"><span class=\"eael-advanced-accordion-icon-closed\"><svg aria-hidden=\"true\" class=\"fa-accordion-icon e-font-icon-svg e-fas-plus\" viewbox=\"0 0 448 512\" xmlns=\"http:\/\/www.w3.org\/2000\/svg\"><path d=\"M416 208H272V64c0-17.67-14.33-32-32-32h-32c-17.67 0-32 14.33-32 32v144H32c-17.67 0-32 14.33-32 32v32c0 17.67 14.33 32 32 32h144v144c0 17.67 14.33 32 32 32h32c17.67 0 32-14.33 32-32V304h144c17.67 0 32-14.33 32-32v-32c0-17.67-14.33-32-32-32z\"><\/path><\/svg><\/span><span class=\"eael-advanced-accordion-icon-opened\"><svg aria-hidden=\"true\" class=\"fa-accordion-icon e-font-icon-svg e-fas-minus\" viewbox=\"0 0 448 512\" xmlns=\"http:\/\/www.w3.org\/2000\/svg\"><path d=\"M416 208H32c-17.67 0-32 14.33-32 32v32c0 17.67 14.33 32 32 32h384c17.67 0 32-14.33 32-32v-32c0-17.67-14.33-32-32-32z\"><\/path><\/svg><\/span><span class=\"eael-accordion-tab-title\"> Dresden'deki etkinlik ve kongre mekanlar\u0131 <\/span><svg aria-hidden=\"true\" class=\"fa-toggle e-font-icon-svg e-fas-angle-right\" viewbox=\"0 0 256 512\" xmlns=\"http:\/\/www.w3.org\/2000\/svg\"><path d=\"M224.3 273l-136 136c-9.4 9.4-24.6 9.4-33.9 0l-22.6-22.6c-9.4-9.4-9.4-24.6 0-33.9l96.4-96.4-96.4-96.4c-9.4-9.4-9.4-24.6 0-33.9L54.3 103c9.4-9.4 24.6-9.4 33.9 0l136 136c9.5 9.4 9.5 24.6.1 34z\"><\/path><\/svg><\/div><div id=\"elementor-tab-content-4661\" class=\"eael-accordion-content clearfix\" data-tab=\"1\" aria-labelledby=\"-veranstaltungsorte-fr-events-und-kongresse-in-dresden-\"><ul><li>Dresden Ticaret Fuar\u0131 Merkezi, DDV Stadyumu<\/li><li>Alte Mensa Dresden<\/li><li>Ostrapark \/ Ostragehege'deki Erlwein Forumu<\/li><li>Dresden Teknoloji \u00dcniversitesi<\/li><li>Dresden Teknik Koleksiyonlar\u0131<\/li><li>Semperoper Dresden<\/li><li>Albertinum<\/li><li>Meryem Ana Kilisesi<\/li><li>Hellerau Festival Tiyatrosu<\/li><li>Kutsal Ha\u00e7 Kilisesi<\/li><li>Pillnitz Kalesi<\/li><li>Konut Saray\u0131<\/li><li>Albrechtsberg Kalesi<\/li><li>Motor hol\u00fc<\/li><li>Japon Saray\u0131<\/li><li>Kulturrathaus Dresden<\/li><li>Frauenkirche Dresden<\/li><\/ul><\/div>\n\t\t\t\t\t<\/div><div class=\"eael-accordion-list\">\n\t\t\t\t\t<div id=\"-die-wichtigsten-veranstaltungshotels-in-dresden-\" class=\"elementor-tab-title eael-accordion-header\" tabindex=\"0\" data-tab=\"2\" aria-controls=\"elementor-tab-content-4662\"><span class=\"eael-advanced-accordion-icon-closed\"><svg aria-hidden=\"true\" class=\"fa-accordion-icon e-font-icon-svg e-fas-plus\" viewbox=\"0 0 448 512\" xmlns=\"http:\/\/www.w3.org\/2000\/svg\"><path d=\"M416 208H272V64c0-17.67-14.33-32-32-32h-32c-17.67 0-32 14.33-32 32v144H32c-17.67 0-32 14.33-32 32v32c0 17.67 14.33 32 32 32h144v144c0 17.67 14.33 32 32 32h32c17.67 0 32-14.33 32-32V304h144c17.67 0 32-14.33 32-32v-32c0-17.67-14.33-32-32-32z\"><\/path><\/svg><\/span><span class=\"eael-advanced-accordion-icon-opened\"><svg aria-hidden=\"true\" class=\"fa-accordion-icon e-font-icon-svg e-fas-minus\" viewbox=\"0 0 448 512\" xmlns=\"http:\/\/www.w3.org\/2000\/svg\"><path d=\"M416 208H32c-17.67 0-32 14.33-32 32v32c0 17.67 14.33 32 32 32h384c17.67 0 32-14.33 32-32v-32c0-17.67-14.33-32-32-32z\"><\/path><\/svg><\/span><span class=\"eael-accordion-tab-title\"> Dresden'deki en \u00f6nemli etkinlik otelleri <\/span><svg aria-hidden=\"true\" class=\"fa-toggle e-font-icon-svg e-fas-angle-right\" viewbox=\"0 0 256 512\" xmlns=\"http:\/\/www.w3.org\/2000\/svg\"><path d=\"M224.3 273l-136 136c-9.4 9.4-24.6 9.4-33.9 0l-22.6-22.6c-9.4-9.4-9.4-24.6 0-33.9l96.4-96.4-96.4-96.4c-9.4-9.4-9.4-24.6 0-33.9L54.3 103c9.4-9.4 24.6-9.4 33.9 0l136 136c9.5 9.4 9.5 24.6.1 34z\"><\/path><\/svg><\/div><div id=\"elementor-tab-content-4662\" class=\"eael-accordion-content clearfix\" data-tab=\"2\" aria-labelledby=\"-die-wichtigsten-veranstaltungshotels-in-dresden-\"><ul><li>Academy Hotel Dresden<\/li><li>MARITIM Hotel &amp; Uluslararas\u0131 Kongre Merkezi<\/li><li>THE WESTIN BELLEVUE<\/li><li>Dorint Hotel Dresden<\/li><li>Hilton Dresden<\/li><li>Art'otel Dresden, Radisson Blu Park Hotel<\/li><li>Wyndham Garden Dresden<\/li><li>Hotel Taschenbergpalais Kempinski Dresden<\/li><li>Steigenberger Hotel de Saxe<\/li><li>Hotel Elbflorenz Dresden<\/li><li>NH Dresden Neustadt<\/li><li>NH Collection Dresden Altmarkt<\/li><li>Pullman Dresden Newa<\/li><li>DORMERO Hotel Dresden City<\/li><\/ul><\/div>\n\t\t\t\t\t<\/div><div class=\"eael-accordion-list\">\n\t\t\t\t\t<div id=\"-die-messe-dresden-und-die-wichtigsten-messetermine-\" class=\"elementor-tab-title eael-accordion-header\" tabindex=\"0\" data-tab=\"3\" aria-controls=\"elementor-tab-content-4663\"><span class=\"eael-advanced-accordion-icon-closed\"><svg aria-hidden=\"true\" class=\"fa-accordion-icon e-font-icon-svg e-fas-plus\" viewbox=\"0 0 448 512\" xmlns=\"http:\/\/www.w3.org\/2000\/svg\"><path d=\"M416 208H272V64c0-17.67-14.33-32-32-32h-32c-17.67 0-32 14.33-32 32v144H32c-17.67 0-32 14.33-32 32v32c0 17.67 14.33 32 32 32h144v144c0 17.67 14.33 32 32 32h32c17.67 0 32-14.33 32-32V304h144c17.67 0 32-14.33 32-32v-32c0-17.67-14.33-32-32-32z\"><\/path><\/svg><\/span><span class=\"eael-advanced-accordion-icon-opened\"><svg aria-hidden=\"true\" class=\"fa-accordion-icon e-font-icon-svg e-fas-minus\" viewbox=\"0 0 448 512\" xmlns=\"http:\/\/www.w3.org\/2000\/svg\"><path d=\"M416 208H32c-17.67 0-32 14.33-32 32v32c0 17.67 14.33 32 32 32h384c17.67 0 32-14.33 32-32v-32c0-17.67-14.33-32-32-32z\"><\/path><\/svg><\/span><span class=\"eael-accordion-tab-title\"> Messe Dresden ve en \u00f6nemli ticaret fuar\u0131 tarihleri <\/span><svg aria-hidden=\"true\" class=\"fa-toggle e-font-icon-svg e-fas-angle-right\" viewbox=\"0 0 256 512\" xmlns=\"http:\/\/www.w3.org\/2000\/svg\"><path d=\"M224.3 273l-136 136c-9.4 9.4-24.6 9.4-33.9 0l-22.6-22.6c-9.4-9.4-9.4-24.6 0-33.9l96.4-96.4-96.4-96.4c-9.4-9.4-9.4-24.6 0-33.9L54.3 103c9.4-9.4 24.6-9.4 33.9 0l136 136c9.5 9.4 9.5 24.6.1 34z\"><\/path><\/svg><\/div><div id=\"elementor-tab-content-4663\" class=\"eael-accordion-content clearfix\" data-tab=\"3\" aria-labelledby=\"-die-messe-dresden-und-die-wichtigsten-messetermine-\"><ul><li>ISH \u0130ncelemesi Dresden<\/li><li>Dresden eMOBIL, Silikon Saksonya G\u00fcn\u00fc<\/li><li>LAB-SUPPLY Dresden<\/li><li>JuBi Dresden \u2013 Gen\u00e7lik E\u011fitim Fuar\u0131<\/li><li>Bina Sat\u0131n Alma Ya\u015fam<\/li><li>Future Care Dresden<\/li><li>Dresden \u0130\u015f Fuar\u0131<\/li><li>Dresden Model Demiryolu Borsas\u0131<\/li><li>Malzeme Haftas\u0131<\/li><li>FLORIAN Dresden<\/li><li>AREB<\/li><li>SUPREME evcil hayvan fuar\u0131 Dresden<\/li><li>Dresden klasik otomobil ve par\u00e7a pazar\u0131<\/li><li>Dresden \u00f6ng\u00f6r\u00fcs\u00fc<\/li><li>Veri izleri MMX<\/li><li>IMPULS Dresden<\/li><li>kapsam<\/li><li>Borsa G\u00fcn\u00fc Dresden<\/li><li>Dresden Seyahat Fuar\u0131<\/li><li>JAwort<\/li><li>HAUS Dresden<\/li><li>bonding \u015eirket \u0130leti\u015fim Fuar\u0131 Dresden<\/li><li>IFK<\/li><li>OSTPRO Dresden<\/li><li>PE Plastik Elektronik<\/li><li>Pieta<\/li><li>VitaGRANDE <\/li><\/ul><\/div>\n\t\t\t\t\t<\/div><\/div>\t\t\t\t<\/div>\n\t\t\t\t<\/div>\n\t\t\t\t\t<\/div>\n\t\t\t\t<\/div>\n\t\t<div data-particle_enable=\"false\" data-particle-mobile-disabled=\"false\" class=\"elementor-element elementor-element-3822c2fe e-flex e-con-boxed e-con e-parent\" data-id=\"3822c2fe\" data-element_type=\"container\">\n\t\t\t\t\t<div class=\"e-con-inner\">\n\t\t\t\t<div class=\"elementor-element elementor-element-35271194 elementor-widget elementor-widget-shortcode\" data-id=\"35271194\" data-element_type=\"widget\" data-widget_type=\"shortcode.default\">\n\t\t\t\t<div class=\"elementor-widget-container\">\n\t\t\t\t\t\t\t<div class=\"elementor-shortcode\"><\/div>\n\t\t\t\t\t\t<\/div>\n\t\t\t\t<\/div>\n\t\t\t\t\t<\/div>\n\t\t\t\t<\/div>\n\t\t\t\t<\/div>","protected":false},"excerpt":{"rendered":"<p>Dresden mikrofon \u00fcniteleri kiralama, Dresden'de tart\u0131\u015fma sistemleri ve konferans sistemleri kiralama \u015eimdi sor PCS Konferenztechnik'te bizimle Dresden'deki etkinli\u011finiz i\u00e7in masa mikrofon \u00fcniteleri, mikrofon zincirleri veya delege sistemleri kiralayabilirsiniz. \u0130ster bir bas\u0131n toplant\u0131s\u0131, ister yuvarlak masa veya panel tart\u0131\u015fmas\u0131 olsun, \u2013 PCS Konferenztechnik, \u2013 \u015f\u0131k, modern, \u00e7a\u011fda\u015f \u2013 ekipman\u0131yla kat\u0131l\u0131mc\u0131lar\u0131n\u0131z aras\u0131nda m\u00fckemmel ileti\u015fim sa\u011flar.   [...]<\/p>","protected":false},"author":1,"featured_media":45482,"parent":0,"menu_order":0,"comment_status":"closed","ping_status":"closed","template":"","meta":{"_acf_changed":false,"footnotes":""},"class_list":["post-11995","page","type-page","status-publish","has-post-thumbnail","hentry"],"acf":[],"_links":{"self":[{"href":"https:\/\/konferenztechnik.de\/tr\/wp-json\/wp\/v2\/pages\/11995","targetHints":{"allow":["GET"]}}],"collection":[{"href":"https:\/\/konferenztechnik.de\/tr\/wp-json\/wp\/v2\/pages"}],"about":[{"href":"https:\/\/konferenztechnik.de\/tr\/wp-json\/wp\/v2\/types\/page"}],"author":[{"embeddable":true,"href":"https:\/\/konferenztechnik.de\/tr\/wp-json\/wp\/v2\/users\/1"}],"replies":[{"embeddable":true,"href":"https:\/\/konferenztechnik.de\/tr\/wp-json\/wp\/v2\/comments?post=11995"}],"version-history":[{"count":0,"href":"https:\/\/konferenztechnik.de\/tr\/wp-json\/wp\/v2\/pages\/11995\/revisions"}],"wp:featuredmedia":[{"embeddable":true,"href":"https:\/\/konferenztechnik.de\/tr\/wp-json\/wp\/v2\/media\/45482"}],"wp:attachment":[{"href":"https:\/\/konferenztechnik.de\/tr\/wp-json\/wp\/v2\/media?parent=11995"}],"curies":[{"name":"wp","href":"https:\/\/api.w.org\/{rel}","templated":true}]}}