{"id":12182,"date":"2018-01-12T12:12:34","date_gmt":"2018-01-12T11:12:34","guid":{"rendered":"https:\/\/www.konferenztechnik.de\/?page_id=12182"},"modified":"2023-09-01T13:11:32","modified_gmt":"2023-09-01T11:11:32","slug":"kisisel-rehberlik-sistemi-satin-alin","status":"publish","type":"page","link":"https:\/\/konferenztechnik.de\/tr\/kisisel-rehberlik-sistemi-satin-alin\/","title":{"rendered":"Bir tur rehberi sistemi sat\u0131n al\u0131n"},"content":{"rendered":"<h1>Bir tur rehberi sistemi sat\u0131n al\u0131n: Profesyonel tur rehberi sistemleri ve aksesuarlar\u0131<\/h1>\n<div class=\"call-action-slider-img\">\n<img fetchpriority=\"high\" decoding=\"async\" width=\"850\" height=\"319\" src=\"https:\/\/konferenztechnik.de\/wp-content\/uploads\/2018\/01\/personenfuehrungsanlage-kaufen-bei-pcs.jpg\" alt=\"PCS Konferenztechnik&#039;ten insan y\u00f6nlendirme sistemleri sat\u0131n al\u0131n\" class=\"alignnone size-full wp-image-12201\" title=\"\" srcset=\"https:\/\/konferenztechnik.de\/wp-content\/uploads\/2018\/01\/personenfuehrungsanlage-kaufen-bei-pcs.jpg 850w, https:\/\/konferenztechnik.de\/wp-content\/uploads\/2018\/01\/personenfuehrungsanlage-kaufen-bei-pcs-300x113.jpg 300w, https:\/\/konferenztechnik.de\/wp-content\/uploads\/2018\/01\/personenfuehrungsanlage-kaufen-bei-pcs-768x288.jpg 768w\" sizes=\"(max-width: 850px) 100vw, 850px\" \/><br \/>\n<button class=\"bbtn popmake-12226\">Fiyat teklifi isteyin &#x9B;<\/button><\/div>\n<p><a href=\"#sennheiser\">Sennheiser tur rehberi<\/a>, <a href=\"#beyerdynamic\">Beyerdynamic UNITE<\/a>, <a href=\"#audioropa\">Audioropa Xepton<\/a> veya <a href=\"#mipro\">Mipro MTG<\/a>PCS'den en y\u00fcksek teknik standarda sahip kullan\u0131\u015fl\u0131 k\u0131lavuz sistemleri sat\u0131n al\u0131n. \u00c7e\u015fitli tan\u0131nm\u0131\u015f \u00fcreticilerin resmi uzman sat\u0131c\u0131s\u0131 olarak, size en iyi ko\u015fullarda uzman tavsiyesi ve sipari\u015f i\u015fleme sunuyoruz. Bir tur rehberi sistemi sat\u0131n almak istiyorsan\u0131z veya bir tur rehberi sistemiyle ilgileniyorsan\u0131z, bizimle ileti\u015fime ge\u00e7meniz yeterlidir. Size ba\u011flay\u0131c\u0131 olmayan bir teklif \u2013 ve tabii ki \u00fclke \u00e7ap\u0131nda g\u00f6ndermekten mutluluk duyaca\u011f\u0131z!<\/p>\n<p>[spacer size=\"10\u2033]<\/p>\n<p><img decoding=\"async\" src=\"https:\/\/konferenztechnik.de\/wp-content\/uploads\/2019\/09\/Sennheiser-logo.png\" alt=\"Sennheiser logosu\" width=\"231\" height=\"39\" class=\"alignleft size-full wp-image-15046\" id=\"sennheiser\" title=\"\"><\/p>\n<hr style=\"background-color:#999999; margin-bottom:30px;\">\n<h2>Sennheiser Tourguide 2020 D<\/h2>\n<p><a href=\"https:\/\/konferenztechnik.de\/tr\/sennheiser-tourguide-satin-al\/\"><br \/>\n<img decoding=\"async\" width=\"850\" height=\"388\" src=\"https:\/\/konferenztechnik.de\/wp-content\/uploads\/2018\/01\/sennheiser-tourguide-kaufen-set.jpg\" alt=\"Sennheiser Tourguide Set Sat\u0131n Al\u0131n\" class=\"alignnone size-full wp-image-12216\" title=\"\" srcset=\"https:\/\/konferenztechnik.de\/wp-content\/uploads\/2018\/01\/sennheiser-tourguide-kaufen-set.jpg 850w, https:\/\/konferenztechnik.de\/wp-content\/uploads\/2018\/01\/sennheiser-tourguide-kaufen-set-300x137.jpg 300w, https:\/\/konferenztechnik.de\/wp-content\/uploads\/2018\/01\/sennheiser-tourguide-kaufen-set-768x351.jpg 768w\" sizes=\"(max-width: 850px) 100vw, 850px\" \/><\/a><\/p>\n<p>Sennheiser 2020-D dijital tur rehberi sistemi, kullan\u0131m kolayl\u0131\u011f\u0131n\u0131 profesyonel fonksiyonlarla birle\u015ftirir: Sennheiser tur rehberi sistemi, rehberli turlar, konferanslar veya i\u015fitme deste\u011fi i\u00e7in kolayca kullan\u0131labilir. HDE-2020 \u00e7enelik al\u0131c\u0131lar\u0131, kulakl\u0131k ve al\u0131c\u0131y\u0131 tek bir cihazda birle\u015ftirir. Buradaki avantaj, kulakl\u0131klara giden kablolar\u0131n olmamas\u0131 ve rehber al\u0131c\u0131lar\u0131n da\u011f\u0131t\u0131lmas\u0131n\u0131\/iade edilmesini kolayla\u015ft\u0131rmas\u0131d\u0131r. Bu nedenle bu \u00e7ene bar\u0131 al\u0131c\u0131s\u0131, tur s\u0131ras\u0131nda kask takman\u0131n zorunlu oldu\u011fu durumlarda da iyi bir se\u00e7imdir. Bu arada, al\u0131c\u0131lar \u2013 tak\u0131ld\u0131\u011f\u0131nda otomatik olarak a\u00e7\u0131l\u0131r ve uzun s\u00fcre kullan\u0131lmad\u0131\u011f\u0131nda tekrar kapan\u0131r.<\/p>\n<div>\n<div style=\"float:left; text-align:left; font-size:0.8em; width:70%;\">\nSennheiser Tourguide 2020 D klasik bir rehber sistemidir ve \u00f6zel tasar\u0131m\u0131 m\u00fcze ve galerilerdeki estetik merakl\u0131lar\u0131 i\u00e7in g\u00f6z al\u0131c\u0131d\u0131r.<\/div>\n<div style=\"float:left; text-align:right; width:30%;\">\n<p>[button link=\"#popmake-12226\u2033 target=\"self\" color=\"#a62055\u2033 class=\"bbtn\" text=\"light\"]Fiyat teklifi isteyin[\/button][clear]<br \/>\n<a class=\"weiter\" href=\"https:\/\/konferenztechnik.de\/tr\/sennheiser-tourguide-satin-al\/\"><span class=\"text-kleiner\">&#x9B; Daha fazla bilgi<\/span><\/a><\/p>\n<\/div>\n<\/div>\n<p>[temiz]<\/p>\n<hr style=\"background-color:#999999; margin-bottom:30px;\">\n<h2>Sennheiser Tourguide 1039<\/h2>\n<p><img loading=\"lazy\" decoding=\"async\" width=\"850\" height=\"388\" src=\"https:\/\/konferenztechnik.de\/wp-content\/uploads\/2019\/09\/sennheiser-tourguide-1039-kaufen-bei-pcs.jpg\" alt=\"Sennheiser Tourguide 1039&#039;u PCS&#039;den sat\u0131n al\u0131n\" class=\"alignleft size-full wp-image-15021\" title=\"\" srcset=\"https:\/\/konferenztechnik.de\/wp-content\/uploads\/2019\/09\/sennheiser-tourguide-1039-kaufen-bei-pcs.jpg 850w, https:\/\/konferenztechnik.de\/wp-content\/uploads\/2019\/09\/sennheiser-tourguide-1039-kaufen-bei-pcs-300x137.jpg 300w, https:\/\/konferenztechnik.de\/wp-content\/uploads\/2019\/09\/sennheiser-tourguide-1039-kaufen-bei-pcs-768x351.jpg 768w\" sizes=\"(max-width: 850px) 100vw, 850px\" \/><\/p>\n<p>Sennheiser Tourguide System 1039, d\u00fcnya \u00e7ap\u0131nda mevcut UHF frekans aral\u0131\u011f\u0131nda \u00e7al\u0131\u015f\u0131r. Frekans \u00f6n ayarlar\u0131 sistemin kolayca kurulmas\u0131na yard\u0131mc\u0131 olur. Ayn\u0131 anda 32 kanala kadar iletim yapabilme \u00f6zelli\u011fi ile Tourguide 1039, simultane terc\u00fcmanlar\u0131n bulundu\u011fu b\u00fcy\u00fck etkinlikler i\u00e7in de uygundur. EK 1039 al\u0131c\u0131lar\u0131 son derece sa\u011flamd\u0131r ve en iyi ses kalitesinde iletim yapar. Standart bir 3,5 mm jak fi\u015fi, hem kulakl\u0131klar\u0131 hem de i\u015fitme yard\u0131m\u0131 i\u00e7in kullan\u0131lan ind\u00fcksiyon d\u00f6ng\u00fclerini ba\u011flamak i\u00e7in kullan\u0131labilir.<\/p>\n<div>\n<div style=\"float:left; text-align:left; font-size:0.8em; width:70%;\">\n\u0130letim g\u00fcvenilirli\u011fi, sa\u011flam yap\u0131 ve basit frekans y\u00f6netimi Sennheiser Tourguide 1039'u karakterize eder.<\/div>\n<div style=\"float:left; text-align:right; width:30%;\">\n<p>[button link=\"#popmake-12226\u2033 target=\"self\" color=\"#a62055\u2033 class=\"bbtn\" text=\"light\"]Fiyat teklifi isteyin[\/button][clear]<\/p>\n<\/div>\n<\/div>\n<p>[temiz]<\/p>\n<p>[spacer size=\"35\u2033]<br \/>\n<img loading=\"lazy\" decoding=\"async\" src=\"https:\/\/konferenztechnik.de\/wp-content\/uploads\/2019\/09\/beyerdynamic-logo-1-300x78.png\" alt=\"\" width=\"300\" height=\"78\" class=\"alignleft size-medium wp-image-15031\" id=\"beyerdynamic\" title=\"\" srcset=\"https:\/\/konferenztechnik.de\/wp-content\/uploads\/2019\/09\/beyerdynamic-logo-1-300x78.png 300w, https:\/\/konferenztechnik.de\/wp-content\/uploads\/2019\/09\/beyerdynamic-logo-1-768x198.png 768w, https:\/\/konferenztechnik.de\/wp-content\/uploads\/2019\/09\/beyerdynamic-logo-1.png 774w\" sizes=\"(max-width: 300px) 100vw, 300px\" \/><\/p>\n<hr style=\"background-color:#999999; margin-bottom:30px;\">\n<h2>Beyerdynamic UNITE<\/h2>\n<p><a href=\"https:\/\/konferenztechnik.de\/tr\/beyerdynamic-unite-di%cc%87ji%cc%87tal-yoenlendi%cc%87rme-si%cc%87stemi%cc%87\/\"><br \/>\n<img loading=\"lazy\" decoding=\"async\" width=\"850\" height=\"388\" src=\"https:\/\/konferenztechnik.de\/wp-content\/uploads\/2019\/09\/Beyerdynamic-UNITE-kaufen-bei-PCS.jpg\" alt=\"Beyerdynamic UNITE&#039;\u0131 PCS&#039;den sat\u0131n al\u0131n\" class=\"alignleft size-full wp-image-15018\" title=\"\" srcset=\"https:\/\/konferenztechnik.de\/wp-content\/uploads\/2019\/09\/Beyerdynamic-UNITE-kaufen-bei-PCS.jpg 850w, https:\/\/konferenztechnik.de\/wp-content\/uploads\/2019\/09\/Beyerdynamic-UNITE-kaufen-bei-PCS-300x137.jpg 300w, https:\/\/konferenztechnik.de\/wp-content\/uploads\/2019\/09\/Beyerdynamic-UNITE-kaufen-bei-PCS-768x351.jpg 768w\" sizes=\"(max-width: 850px) 100vw, 850px\" \/><\/a><\/p>\n<p>Beyerdynamic UNITE kablosuz konferans sistemi son derece esnektir ve tur rehberi sistemi, konferans sistemi veya sessiz PA etkinlikleri i\u00e7in kullan\u0131ma uygundur. UNITE iletim i\u00e7in DECT standard\u0131n\u0131 kullan\u0131r. DECT, izin ve \u00fccret olmadan kullan\u0131labilir. Sistem otomatik olarak bo\u015f radyo frekanslar\u0131n\u0131 arar ve her zaman en iyi iletim kanal\u0131n\u0131 ayarlar. UNITE ayn\u0131 anda 32 kanala kadar iletim yapabilir ve alabilir. \u00dc\u00e7 hoparl\u00f6r de ayn\u0131 anda konu\u015fabilir. Sistem ayr\u0131ca izleyici sorular\u0131 i\u00e7in bir geri d\u00f6n\u00fc\u015f kanal\u0131 sunar.<\/p>\n<div>\n<div style=\"float:left; text-align:left; font-size:0.8em; width:70%;\">\nBeyerdynamic UNITE \u00e7ift y\u00f6nl\u00fc iletim, ayn\u0131 anda 32 gruba kadar, modern DECT radyo standard\u0131nda en iyi ses ve iletim kalitesi.<\/div>\n<div style=\"float:left; text-align:right; width:30%;\">\n<p>[button link=\"#popmake-12226\u2033 target=\"self\" color=\"#a62055\u2033 class=\"bbtn\" text=\"light\"]Fiyat teklifi isteyin[\/button][clear]<br \/>\n<a class=\"weiter\" href=\"https:\/\/konferenztechnik.de\/tr\/beyerdynamic-unite-di%cc%87ji%cc%87tal-yoenlendi%cc%87rme-si%cc%87stemi%cc%87\/\"><span class=\"text-kleiner\">&#x9B; Daha fazla bilgi<\/span><\/a><\/p>\n<\/div>\n<\/div>\n<p>[temiz]<\/p>\n<hr style=\"background-color:#999999; margin-bottom:30px;\">\n<h2>Beyerdynamic Synexis (\u00fcretimi durdurulan model)<\/h2>\n<p><a href=\"https:\/\/konferenztechnik.de\/tr\/beyerdynamic-synexis-satin-al\/\"><br \/>\n<img loading=\"lazy\" decoding=\"async\" width=\"850\" height=\"388\" src=\"https:\/\/konferenztechnik.de\/wp-content\/uploads\/2018\/01\/beyerdynamic-synexis-kaufen-set.jpg\" alt=\"Beyerdynamic Synexis Set Sat\u0131n Al\u0131n\" class=\"alignnone size-full wp-image-12217\" title=\"\" srcset=\"https:\/\/konferenztechnik.de\/wp-content\/uploads\/2018\/01\/beyerdynamic-synexis-kaufen-set.jpg 850w, https:\/\/konferenztechnik.de\/wp-content\/uploads\/2018\/01\/beyerdynamic-synexis-kaufen-set-300x137.jpg 300w, https:\/\/konferenztechnik.de\/wp-content\/uploads\/2018\/01\/beyerdynamic-synexis-kaufen-set-768x351.jpg 768w\" sizes=\"(max-width: 850px) 100vw, 850px\" \/><\/a><\/p>\n<p>Beyerdynamic Synexis rehberli turlar ve konferanslar i\u00e7in idealdir, \u00e7ok dilli terc\u00fcmanl\u0131k uygulamalar\u0131 i\u00e7in kullan\u0131labilir ve i\u015fitme amplifikasyonu i\u00e7in de pop\u00fclerdir. Al\u0131c\u0131, \u00e7\u0131kar\u0131labilir kemer klipsi ile giysiye tak\u0131labilir veya bir kordon ile boyuna tak\u0131labilir. Al\u0131c\u0131, iki adet NiMH \u015farj edilebilir pil veya alternatif olarak 1,5 V AA pil ile \u00e7al\u0131\u015f\u0131r. Entegre \u015farj kontaklar\u0131, \u015farj edilebilir pillerin \u015farj olurken al\u0131c\u0131da kalmas\u0131n\u0131 sa\u011flar. Synexis sistemi \u00fcretimi durdurulmu\u015f bir modeldir, ancak kalan stok ve yedek par\u00e7alar hala mevcuttur.<\/p>\n<p>[callout add_button=\"no\" button_url=\"\" button_color=\"#a62055\u2033]<\/p>\n<p>Beyerdynamic'in Synexis sistemini durdurdu\u011funu ve \u00fcr\u00fcn yelpazesinden \u00e7\u0131kard\u0131\u011f\u0131n\u0131 l\u00fctfen unutmay\u0131n. Kalan stoklar, stoklar t\u00fckenene kadar bizden temin edilebilir. Synexis'in halefi UNITE sistemidir. Herhangi bir sorunuz varsa, l\u00fctfen bizimle ileti\u015fime ge\u00e7in.<\/p>\n<p>Ancak, halen devam etmekte olan garanti hizmetleri ve servis sipari\u015fleri belirtilen s\u00fcre boyunca ge\u00e7erli kal\u0131r.<\/p>\n<p>[\/callout]<\/p>\n<div>\n<div style=\"float:left; text-align:left; font-size:0.8em; width:70%;\">\nBeyerdynamic Synexis sistemi, B s\u0131n\u0131f\u0131ndan \u00f6d\u00fcn vermeden daha y\u00fcksek kaliteli \u00e7ok y\u00f6nl\u00fc bir \u2013'dir. Sistemin kullan\u0131m\u0131 \u00e7ok basit ve sezgiseldir.<\/div>\n<div style=\"float:left; text-align:right; width:30%;\">\n<p>[button link=\"#popmake-12226\u2033 target=\"self\" color=\"#a62055\u2033 class=\"bbtn\" text=\"light\"]Fiyat teklifi isteyin[\/button][clear]<br \/>\n<a class=\"weiter\" href=\"https:\/\/konferenztechnik.de\/tr\/beyerdynamic-synexis-satin-al\/\"><span class=\"text-kleiner\">&#x9B; Daha fazla bilgi<\/span><\/a><\/p>\n<\/div>\n<\/div>\n<p>[temiz]<br \/>\n[spacer size=\"35\u2033]<\/p>\n<p><img loading=\"lazy\" decoding=\"async\" src=\"https:\/\/konferenztechnik.de\/wp-content\/uploads\/2019\/09\/Audioropa-logo.png\" alt=\"\" width=\"197\" height=\"50\" class=\"alignleft size-full wp-image-15033\" id=\"audioropa\" title=\"\"><\/p>\n<hr style=\"background-color:#999999; margin-bottom:30px;\">\n<h2>Audioropa Xepton<\/h2>\n<p><img loading=\"lazy\" decoding=\"async\" width=\"850\" height=\"338\" src=\"https:\/\/konferenztechnik.de\/wp-content\/uploads\/2019\/08\/Audioropa-Xepton-Tourguidesystem-1.jpg\" alt=\"Audioropa Xepton tur rehberi sistemi\" class=\"alignleft size-full wp-image-15012\" title=\"\" srcset=\"https:\/\/konferenztechnik.de\/wp-content\/uploads\/2019\/08\/Audioropa-Xepton-Tourguidesystem-1.jpg 850w, https:\/\/konferenztechnik.de\/wp-content\/uploads\/2019\/08\/Audioropa-Xepton-Tourguidesystem-1-300x119.jpg 300w, https:\/\/konferenztechnik.de\/wp-content\/uploads\/2019\/08\/Audioropa-Xepton-Tourguidesystem-1-768x305.jpg 768w\" sizes=\"(max-width: 850px) 100vw, 850px\" \/><\/p>\n<p>Audioropa, Xepton ile esneklik ve maliyet etkinli\u011fini m\u00fckemmel bir \u015fekilde birle\u015ftiren radyo tabanl\u0131 bir tur rehberi ve ileti\u015fim sistemini piyasaya s\u00fcrd\u00fc. Xepton sa\u011flam bir tasar\u0131ma sahiptir ve bu nedenle \u015fehir ve fabrika turlar\u0131 s\u0131ras\u0131nda, m\u00fczelerde veya konferanslarda \"yolda\" g\u00fcnl\u00fck kullan\u0131m i\u00e7in idealdir. Xepton, i\u015fitme engelliler ve koklear implant kullan\u0131c\u0131lar\u0131 i\u00e7in ses sinyallerini ind\u00fcksiyon yoluyla iletmek \u00fczere iste\u011fe ba\u011fl\u0131 olarak teleloops ile donat\u0131labilir. Xepton, modeline ba\u011fl\u0131 olarak, izleyicilerden gelen sorular\u0131n her zaman kolayca yan\u0131tlanabilmesi i\u00e7in bir geri bildirim kanal\u0131 da sunar.<\/p>\n<div>\n<div style=\"float:left; text-align:left; font-size:0.8em; width:70%;\">\nAudioropa'n\u0131n Xepton'u sa\u011flam, esnek ve izleyici sorular\u0131 i\u00e7in geri d\u00f6n\u00fc\u015f kanallar\u0131 sunuyor.<\/div>\n<div style=\"float:left; text-align:right; width:30%;\">\n<p>[button link=\"#popmake-12226\u2033 target=\"self\" color=\"#a62055\u2033 class=\"bbtn\" text=\"light\"]Fiyat teklifi isteyin[\/button][clear]<\/p>\n<\/div>\n<\/div>\n<p>[temiz]<br \/>\n[spacer size=\"35\u2033]<\/p>\n<p><img loading=\"lazy\" decoding=\"async\" src=\"https:\/\/konferenztechnik.de\/wp-content\/uploads\/2019\/09\/mipro-logo-1.png\" alt=\"\" width=\"180\" height=\"70\" class=\"alignleft size-full wp-image-15037\" id=\"mipro\" title=\"\"><\/p>\n<hr style=\"background-color:#999999; margin-bottom:30px;\">\n<h2>Mipro MTG 100<\/h2>\n<p><a href =\"https:\/\/konferenztechnik.de\/tr\/mipro-rehber-sistemi-satin-al\/\"><br \/>\n<img loading=\"lazy\" decoding=\"async\" width=\"850\" height=\"388\" src=\"https:\/\/konferenztechnik.de\/wp-content\/uploads\/2018\/01\/mipro-mtg-kaufen-set.jpg\" alt=\"Mipro MTG Seti Sat\u0131n Al\u0131n\" class=\"alignnone size-full wp-image-12218\" title=\"\" srcset=\"https:\/\/konferenztechnik.de\/wp-content\/uploads\/2018\/01\/mipro-mtg-kaufen-set.jpg 850w, https:\/\/konferenztechnik.de\/wp-content\/uploads\/2018\/01\/mipro-mtg-kaufen-set-300x137.jpg 300w, https:\/\/konferenztechnik.de\/wp-content\/uploads\/2018\/01\/mipro-mtg-kaufen-set-768x351.jpg 768w\" sizes=\"(max-width: 850px) 100vw, 850px\" \/><\/a><\/p>\n<p>Mipro hala bir\u00e7ok ki\u015fi i\u00e7in i\u00e7eriden bir ipucu olabilir. Tayvan'daki en b\u00fcy\u00fck profesyonel kablosuz mikrofon \u00fcreticisidir. Y\u00f6nlendirme sistemi \u00e7ok iyi ses kalitesi ve g\u00fcvenilir ve istikrarl\u0131 iletim sunar. 16 kanal mevcuttur. Etkinlik ba\u015f\u0131na 4 adede kadar ayr\u0131 iletim m\u00fcmk\u00fcnd\u00fcr. Entegre lityum-polimer piller 14 saate kadar \u00e7al\u0131\u015fma s\u00fcresi sunar.<\/p>\n<div>\n<div style=\"float:left; text-align:left; font-size:0.8em; width:70%;\">\nY\u00fcksek kaliteli, sa\u011flam, kompakt. Piyasadaki en k\u00fc\u00e7\u00fck ve en hafif sistem.<\/div>\n<div style=\"float:left; text-align:right; width:30%;\">\n<p>[button link=\"#popmake-12226\u2033 target=\"self\" color=\"#a62055\u2033 class=\"bbtn\" text=\"light\"]Fiyat teklifi isteyin[\/button][clear]<br \/>\n<a class=\"weiter\" href=\"https:\/\/konferenztechnik.de\/tr\/mipro-rehber-sistemi-satin-al\/\"><span class=\"text-kleiner\">&#x9B; Daha fazla bilgi<\/span><\/a><\/p>\n<\/div>\n<\/div>\n<p>[temiz]<\/p>\n<hr style=\"background-color:#999999; margin-bottom:30px;\">\n<h2>Yolcu y\u00f6nlendirme sistemleri i\u00e7in aksesuarlar<\/h2>\n<p>Burada sunulan sistemler i\u00e7in geni\u015f bir aksesuar yelpazesi de sunuyoruz. Bunlar \u015funlar\u0131 i\u00e7erir<\/p>\n<p>[list icon=\"moon-checkmark\" color=\"#a62055\u2033]\u015earj \u00e7antas\u0131\/ta\u015f\u0131ma \u00e7antas\u0131[\/list]<br \/>\n[list icon=\"moon-checkmark\" color=\"#a62055\u2033]Mikrofon ask\u0131s\u0131[\/list]<br \/>\n[list icon=\"moon-checkmark\" color=\"#a62055\u2033]\u0130nd\u00fcksiyon ask\u0131lar\u0131[\/list]<br \/>\n[list icon=\"moon-checkmark\" color=\"#a62055\u2033]Yedek par\u00e7alar, piller[\/list]<br \/>\n[list icon=\"moon-checkmark\" color=\"#a62055\u2033]Ismarlama \u00fcr\u00fcnler[\/list]<br \/>\n[spacer size=\"20\u2033]<\/p>\n<p><img loading=\"lazy\" decoding=\"async\" width=\"850\" height=\"850\" src=\"https:\/\/konferenztechnik.de\/wp-content\/uploads\/2019\/09\/personenfuehrungsanlagen-zubehoer.jpg\" alt=\"PCS&#039;de yaya y\u00f6nlendirme sistemleri i\u00e7in aksesuarlar\" class=\"alignleft size-full wp-image-15049\" title=\"\" srcset=\"https:\/\/konferenztechnik.de\/wp-content\/uploads\/2019\/09\/personenfuehrungsanlagen-zubehoer.jpg 850w, https:\/\/konferenztechnik.de\/wp-content\/uploads\/2019\/09\/personenfuehrungsanlagen-zubehoer-300x300.jpg 300w, https:\/\/konferenztechnik.de\/wp-content\/uploads\/2019\/09\/personenfuehrungsanlagen-zubehoer-150x150.jpg 150w, https:\/\/konferenztechnik.de\/wp-content\/uploads\/2019\/09\/personenfuehrungsanlagen-zubehoer-768x768.jpg 768w\" sizes=\"(max-width: 850px) 100vw, 850px\" \/><\/p>\n<p>[spacer size=\"20\u2033]<\/p>\n<div>\n<div style=\"float:left; text-align:left; font-size:0.8em; width:70%;\">\n\u015earj kutular\u0131, ind\u00fcksiyon halkalar\u0131, tek kulakl\u0131 kulakl\u0131klar, yedek piller veya mikrofon kapaklar\u0131. Tur rehberi sisteminiz i\u00e7in ihtiyac\u0131n\u0131z olan t\u00fcm aksesuarlar\u0131 size sa\u011flayabiliriz.<\/div>\n<div style=\"float:left; text-align:right; width:30%;\">\n<p>[button link=\"#popmake-12226\u2033 target=\"self\" color=\"#a62055\u2033 class=\"bbtn\" text=\"light\"]Fiyat teklifi isteyin[\/button][clear]<\/p>\n<\/div>\n<\/div>\n<p>[temiz]<\/p>\n<hr style=\"background-color:#999999; margin-bottom:30px;\">\n<p>[spacer size=\"35\u2033]<\/p>\n<div class=\"callouthoch\">\n[callout add_button=\"no\" button_text=\"Learn More\" button_url=\"#\" button_color=\"#a62055\u2033]<br \/>\nPCS Da\u011f\u0131t\u0131m<br \/>\n[v_icon color=\"#a62055\u2033 size=\"20px\" target=\"_blank\" name=\"moon-phone-2\u2033] +49 211 737798 20<br \/>\n[\/callout]<\/div>\n<div class=\"callouthoch\">\n[callout add_button=\"no\" button_text=\"Learn More\" button_url=\"#\" button_color=\"#a62055\u2033]<br \/>\ne-posta<br \/>\n[v_icon color=\"#a62055\u2033 size=\"20px\" target=\"_blank\" name=\"moon-envelop-2\u2033] <a href=\"mailto:vertrieb@konferenztechnik.de\" onclick=\"ga('send', 'event', 'Email-Klick', 'F\u00fchrungsanlagen kaufen Vertrieb');\"> vertrieb@konferenztechnik.de<\/a><br \/>\n[\/callout]<\/div>\n<p>[spacer size=\"10\u2033]<\/p>\n<div class=\"weiterlinks\" style=\"background-color:#ffffff;\">\n<h1>Di\u011fer ba\u011flant\u0131lar<\/h1>\n<ul>\n      [list icon=\"moon-arrow-right-2\u2033 color=\"#a62055\u2033]<a title=\"\u00c7ok dilli etkinlikler i\u00e7in destek\" href=\"\/tr\/cok-dilli-etkinlikler-icin-destek\/\">\u00c7ok dilli etkinlikler i\u00e7in destek<\/a>[\/list]<br \/>\n[list icon=\"moon-arrow-right-2\u2033 color=\"#a62055\u2033]<a title=\"Referanslar\" href=\"\/tr\/hakkimizda-2\/referans-li%cc%87stesi%cc%87-etki%cc%87nli%cc%87gi%cc%87\/\">Referanslar Kiralama, Etkinlikler<\/a>[\/list]<br \/>\n[list icon=\"moon-arrow-right-2\u2033 color=\"#a62055\u2033]<a title=\"Terc\u00fcmanlar i\u00e7in e\u011fitim ve hizmetler\" href=\"\/tr\/tercuemanlara-yoenelik-egitim-kurslari-ve-hizmetler\/\">Terc\u00fcmanlar i\u00e7in e\u011fitim ve hizmetler<\/a>[\/list]<br \/>\n[list icon=\"moon-arrow-right-2\u2033 color=\"#a62055\u2033]<a title=\"PCS i\u00e7in 10 iyi neden\" href=\"\/tr\/hakkimizda-2\/pcler-icin-10-iyi-neden\/\">PCS i\u00e7in 10 iyi neden<\/a>[\/list]<br \/>\n[list icon=\"moon-arrow-right-2\u2033 color=\"#a62055\u2033]<a title=\"PCS: Bir bak\u0131\u015fta t\u00fcm hizmetler\" href=\"\/tr\/hizmetler-2\/\">PCS: Bir bak\u0131\u015fta t\u00fcm hizmetler<\/a>[\/list]<\/ul>\n<\/div>\n<p>[spacer size=\"20\u2033]<\/p>","protected":false},"excerpt":{"rendered":"<p>Personenf\u00fchrungsanlage kaufen: Professionelle Tourguide-Systeme und Zubeh\u00f6r Angebot anfordern &#x9B; Sennheiser Tourguide, Beyerdynamic UNITE, Audioropa Xepton oder Mipro MTG: Kaufen Sie bei PCS handliche F\u00fchrungsanlagen auf h\u00f6chstem technischem Niveau. Als offizieller Fachh\u00e4ndler f\u00fcr unterschiedliche namhafte Hersteller bieten wir Ihnen kompetente Beratung und Auftragsabwicklung zu besten Konditionen. Wenn Sie eine Personenf\u00fchrungsanlage kaufen m\u00f6chten oder sich f\u00fcr ein [&hellip;]<\/p>","protected":false},"author":1,"featured_media":45482,"parent":0,"menu_order":0,"comment_status":"closed","ping_status":"closed","template":"","meta":{"_acf_changed":false,"footnotes":""},"class_list":["post-12182","page","type-page","status-publish","has-post-thumbnail","hentry"],"acf":[],"_links":{"self":[{"href":"https:\/\/konferenztechnik.de\/tr\/wp-json\/wp\/v2\/pages\/12182","targetHints":{"allow":["GET"]}}],"collection":[{"href":"https:\/\/konferenztechnik.de\/tr\/wp-json\/wp\/v2\/pages"}],"about":[{"href":"https:\/\/konferenztechnik.de\/tr\/wp-json\/wp\/v2\/types\/page"}],"author":[{"embeddable":true,"href":"https:\/\/konferenztechnik.de\/tr\/wp-json\/wp\/v2\/users\/1"}],"replies":[{"embeddable":true,"href":"https:\/\/konferenztechnik.de\/tr\/wp-json\/wp\/v2\/comments?post=12182"}],"version-history":[{"count":0,"href":"https:\/\/konferenztechnik.de\/tr\/wp-json\/wp\/v2\/pages\/12182\/revisions"}],"wp:featuredmedia":[{"embeddable":true,"href":"https:\/\/konferenztechnik.de\/tr\/wp-json\/wp\/v2\/media\/45482"}],"wp:attachment":[{"href":"https:\/\/konferenztechnik.de\/tr\/wp-json\/wp\/v2\/media?parent=12182"}],"curies":[{"name":"wp","href":"https:\/\/api.w.org\/{rel}","templated":true}]}}