{"id":1219,"date":"2013-08-23T10:29:49","date_gmt":"2013-08-23T08:29:49","guid":{"rendered":"https:\/\/pcs-miete.de\/?page_id=1219"},"modified":"2023-07-05T14:17:33","modified_gmt":"2023-07-05T12:17:33","slug":"ekranlar","status":"publish","type":"page","link":"https:\/\/konferenztechnik.de\/tr\/konferans-ve-av-medya-teknoloji%cc%87si%cc%87ni%cc%87n-dagitimi\/vi%cc%87deo-teknoloji%cc%87si%cc%87\/ekranlar\/","title":{"rendered":"Ekranlar"},"content":{"rendered":"<h1>Ekranlar<\/h1>\n<p>Bug\u00fcnlerde ekranlar daha b\u00fcy\u00fck, daha y\u00fcksek \u00e7\u00f6z\u00fcn\u00fcrl\u00fckl\u00fc, daha hava ko\u015fullar\u0131na dayan\u0131kl\u0131, \u00e7izilmeye kar\u015f\u0131 daha dayan\u0131kl\u0131, daha ucuz \u2013 ve h\u0131zl\u0131 bir \u015fekilde b\u00fcy\u00fcyor. Burada \u00f6rnek olarak k\u00fc\u00e7\u00fck bir ekran se\u00e7kisi sunuyoruz.<\/p>\n<p>Bu alanda en az bunun kadar \u00f6nemli olan, elbette ekranlar i\u00e7in duvar braketleri, tavan braketleri ve zemin standlar\u0131 gibi t\u00fcm montaj se\u00e7enekleridir. Burada da geni\u015f bir se\u00e7enek yelpazesine sahibiz.<\/p>\n<h2>Full HD \u00e7\u00f6z\u00fcn\u00fcrl\u00fckl\u00fc 52\u2033 LCD ekran<\/h2>\n<p><a href=\"https:\/\/konferenztechnik.de\/wp-content\/uploads\/2013\/09\/Sony_LCD-Display_GXD-L52H1_gross.jpg\"><img fetchpriority=\"high\" decoding=\"async\" width=\"383\" height=\"300\" class=\"alignleft size-full wp-image-2415\" src=\"https:\/\/konferenztechnik.de\/wp-content\/uploads\/2013\/09\/Sony_LCD-Display_GXD-L52H1_gross.jpg\" alt=\" Sony&#039;den Full HD LCD ekran GXDL52H1\" title=\"\" srcset=\"https:\/\/konferenztechnik.de\/wp-content\/uploads\/2013\/09\/Sony_LCD-Display_GXD-L52H1_gross.jpg 383w, https:\/\/konferenztechnik.de\/wp-content\/uploads\/2013\/09\/Sony_LCD-Display_GXD-L52H1_gross-300x235.jpg 300w\" sizes=\"(max-width: 383px) 100vw, 383px\" \/><\/a><\/p>\n<p>Sony'nin ilk profesyonel Full HD LCD ekran\u0131 GXDL52H1 ola\u011fan\u00fcst\u00fc g\u00f6r\u00fcnt\u00fc kalitesi sunar, son derece sa\u011flamd\u0131r ve bu nedenle \u00f6zellikle s\u00fcrekli kullan\u0131m i\u00e7in uygundur. Yeni geli\u015ftirilen, muhafaza a\u00e7\u0131kl\u0131klar\u0131 olmayan tozsuz havaland\u0131rma sistemi, ekran dikey olarak konumland\u0131r\u0131ld\u0131\u011f\u0131nda bile etkili so\u011futmay\u0131 garanti eder.<\/p>\n<p>Uzun kullan\u0131m \u00f6mr\u00fc i\u00e7in bir ba\u015fka art\u0131 nokta da ekran\u0131n g\u00fc\u00e7l\u00fc do\u011frudan darbelere de dayanabilen sa\u011flam ve darbeye dayan\u0131kl\u0131 koruyucu cam\u0131d\u0131r.<\/p>\n<p>Bu nedenle ula\u015f\u0131m merkezleri, barlar, diskolar, ma\u011fazalar ve ofisler gibi \u00e7ok \u00e7e\u015fitli ortamlar i\u00e7in ideal se\u00e7imdir. Cihaz, HDSDI uyumlulu\u011fu sayesinde \u00e7e\u015fitli yay\u0131n ve sa\u011fl\u0131k uygulamalar\u0131 i\u00e7in de uygundur.<\/p>\n<h2>50\u2033 Full HD plazma ekran<\/h2>\n<p><a href=\"https:\/\/konferenztechnik.de\/wp-content\/uploads\/2013\/09\/Panasonic_PlasmaDisplay_TH-50PF10_gross.jpg\"><img decoding=\"async\" width=\"404\" height=\"290\" class=\"alignleft size-full wp-image-2417\" src=\"https:\/\/konferenztechnik.de\/wp-content\/uploads\/2013\/09\/Panasonic_PlasmaDisplay_TH-50PF10_gross.jpg\" alt=\"Panasonic&#039;ten Full-HD Plazma Ekran TH-50PF10EK\" title=\"\" srcset=\"https:\/\/konferenztechnik.de\/wp-content\/uploads\/2013\/09\/Panasonic_PlasmaDisplay_TH-50PF10_gross.jpg 404w, https:\/\/konferenztechnik.de\/wp-content\/uploads\/2013\/09\/Panasonic_PlasmaDisplay_TH-50PF10_gross-300x215.jpg 300w\" sizes=\"(max-width: 404px) 100vw, 404px\" \/><\/a><\/p>\n<p>Panasonic'in TH-50PF10EK Full HD plazma ekran\u0131, y\u00fcksek \u00e7\u00f6z\u00fcn\u00fcrl\u00fck (1920 x 1080 piksel) ve 10.000:1 gibi etkileyici bir kontrast oran\u0131na sahiptir. Yeni ekranlar, 68,7 milyar renk alan\u0131 ve \u00e7ok say\u0131da yeni teknoloji sayesinde t\u00fcm ortamlarda ve kullan\u0131m alanlar\u0131nda ayr\u0131nt\u0131l\u0131 bir sunum ve ikna edici g\u00f6r\u00fcnt\u00fcler sa\u011fl\u0131yor. Yeni teknolojik \u00f6zellikler aras\u0131nda geli\u015ftirilmi\u015f New MACH Panel ve daha fazla parlakl\u0131k i\u00e7in otomatik parlakl\u0131k kontrol\u00fc yer al\u0131yor. Y\u00fcksek hassasiyetli MPD g\u00fcr\u00fclt\u00fc azaltma \u00f6zelli\u011fi, h\u0131zl\u0131 hareket sekanslar\u0131nda net ve keskin g\u00f6r\u00fcnt\u00fcler sa\u011flar. Geni\u015f mod\u00fcler aray\u00fcz se\u00e7enekleri yelpazesi de size maksimum entegrasyon kabiliyeti sunar. Mevcut t\u00fcm formatlar ve sinyaller i\u00e7in ba\u011flant\u0131 kartlar\u0131, yerden tasarruf etmek i\u00e7in do\u011frudan ekranlar\u0131n \u00e7ok i\u015flevli yuvalar\u0131ndaki muhafazaya yerle\u015ftirilebilir<\/p>\n<h2>Ekranlar i\u00e7in braketler ve ba\u011flant\u0131lar<\/h2>\n<p><a href=\"https:\/\/konferenztechnik.de\/wp-content\/uploads\/2013\/09\/Audipack_Bodenstaender_Serie-700_gross.jpg\"><img decoding=\"async\" width=\"780\" height=\"585\" class=\"alignleft size-full wp-image-2416\" src=\"https:\/\/konferenztechnik.de\/wp-content\/uploads\/2013\/09\/Audipack_Bodenstaender_Serie-700_gross.jpg\" alt=\"Audipack 700 serisi zemin stand\u0131\" title=\"\" srcset=\"https:\/\/konferenztechnik.de\/wp-content\/uploads\/2013\/09\/Audipack_Bodenstaender_Serie-700_gross.jpg 780w, https:\/\/konferenztechnik.de\/wp-content\/uploads\/2013\/09\/Audipack_Bodenstaender_Serie-700_gross-300x225.jpg 300w, https:\/\/konferenztechnik.de\/wp-content\/uploads\/2013\/09\/Audipack_Bodenstaender_Serie-700_gross-768x576.jpg 768w\" sizes=\"(max-width: 780px) 100vw, 780px\" \/><\/a><\/p>\n<p>\u0130ster yerden, ister duvardan veya tavandan olsun, her t\u00fcr ekran montaj\u0131 i\u00e7in uygun bir \u00e7\u00f6z\u00fcm\u00fcm\u00fcz var! Resmi Alman uzman bayisi oldu\u011fumuz Hollandal\u0131 Audipack \u015firketinin \u00fcr\u00fcnlerini stoklar\u0131m\u0131zda bulunduruyoruz.<\/p>\n<p>Resimde 700 serisinden bir zemin stand\u0131 g\u00f6sterilmektedir. Ancak \u00e7e\u015fitli pratik ve zarif tutucular aras\u0131ndan kendiniz i\u00e7in se\u00e7im yap\u0131n:<\/p>\n<p><a href=\"\/tr\/konferans-ve-av-medya-teknoloji%cc%87si%cc%87ni%cc%87n-dagitimi\/vi%cc%87deo-teknoloji%cc%87si%cc%87\/ekranlar-ve-projektoerler-icin-montaj-aparatlari\/\">\u203a Braketlere ba\u011flant\u0131<\/a><\/p>","protected":false},"excerpt":{"rendered":"<p>Bildschirme Heutzutage werden Bildschirme immer gr\u00f6\u00dfer, hochaufl\u00f6sender, wetterfester, kratzfester, preiswerter &#8211; und das in einem rasanten Tempo. Wir zeigen hier einmal stellvertretend eine kleine Auswahl an Bildschirmen auf. Mindestens ebenso wichtig sind in diesem Bereich nat\u00fcrlich auch s\u00e4mtliche Befestigungsm\u00f6glichkeiten wie Wandhalter, Deckenhalter und Bodenst\u00e4nder f\u00fcr die Bildschirme. Hier haben wir ebenfalls eine gro\u00dfe Auswahl an [&hellip;]<\/p>","protected":false},"author":1,"featured_media":45482,"parent":1138,"menu_order":229,"comment_status":"closed","ping_status":"open","template":"","meta":{"_acf_changed":false,"footnotes":""},"class_list":["post-1219","page","type-page","status-publish","has-post-thumbnail","hentry"],"acf":[],"_links":{"self":[{"href":"https:\/\/konferenztechnik.de\/tr\/wp-json\/wp\/v2\/pages\/1219","targetHints":{"allow":["GET"]}}],"collection":[{"href":"https:\/\/konferenztechnik.de\/tr\/wp-json\/wp\/v2\/pages"}],"about":[{"href":"https:\/\/konferenztechnik.de\/tr\/wp-json\/wp\/v2\/types\/page"}],"author":[{"embeddable":true,"href":"https:\/\/konferenztechnik.de\/tr\/wp-json\/wp\/v2\/users\/1"}],"replies":[{"embeddable":true,"href":"https:\/\/konferenztechnik.de\/tr\/wp-json\/wp\/v2\/comments?post=1219"}],"version-history":[{"count":0,"href":"https:\/\/konferenztechnik.de\/tr\/wp-json\/wp\/v2\/pages\/1219\/revisions"}],"up":[{"embeddable":true,"href":"https:\/\/konferenztechnik.de\/tr\/wp-json\/wp\/v2\/pages\/1138"}],"wp:featuredmedia":[{"embeddable":true,"href":"https:\/\/konferenztechnik.de\/tr\/wp-json\/wp\/v2\/media\/45482"}],"wp:attachment":[{"href":"https:\/\/konferenztechnik.de\/tr\/wp-json\/wp\/v2\/media?parent=1219"}],"curies":[{"name":"wp","href":"https:\/\/api.w.org\/{rel}","templated":true}]}}