{"id":1245,"date":"2013-08-23T11:26:53","date_gmt":"2013-08-23T09:26:53","guid":{"rendered":"https:\/\/pcs-miete.de\/?page_id=1245"},"modified":"2023-07-05T10:48:18","modified_gmt":"2023-07-05T08:48:18","slug":"goersellestirici","status":"publish","type":"page","link":"https:\/\/konferenztechnik.de\/tr\/konferans-ve-av-medya-teknoloji%cc%87si%cc%87ni%cc%87n-dagitimi\/vi%cc%87deo-teknoloji%cc%87si%cc%87\/goersellestirici\/","title":{"rendered":"G\u00f6rselle\u015ftirici"},"content":{"rendered":"<div data-elementor-type=\"wp-page\" data-elementor-id=\"1245\" class=\"elementor elementor-1245\" data-elementor-post-type=\"page\">\n\t\t\t\t\t\t<section data-particle_enable=\"false\" data-particle-mobile-disabled=\"false\" class=\"elementor-section elementor-top-section elementor-element elementor-element-ff88ff4 elementor-section-boxed elementor-section-height-default elementor-section-height-default\" data-id=\"ff88ff4\" data-element_type=\"section\">\n\t\t\t\t\t\t<div class=\"elementor-container elementor-column-gap-default\">\n\t\t\t\t\t<div class=\"elementor-column elementor-col-100 elementor-top-column elementor-element elementor-element-7892d15b\" data-id=\"7892d15b\" data-element_type=\"column\">\n\t\t\t<div class=\"elementor-widget-wrap elementor-element-populated\">\n\t\t\t\t\t\t<div class=\"elementor-element elementor-element-255320ba elementor-widget elementor-widget-text-editor\" data-id=\"255320ba\" data-element_type=\"widget\" data-widget_type=\"text-editor.default\">\n\t\t\t\t<div class=\"elementor-widget-container\">\n\t\t\t\t\t\t\t\t\t<h1>G\u00f6rselle\u015ftirici<\/h1>\nG\u00f6rselle\u015ftirici nedir?\nBir g\u00f6rselle\u015ftirici her t\u00fcrl\u00fc \u015fablonu (kitaplar, foto\u011fraflar, \u00fc\u00e7 boyutlu nesneler vb.) h\u0131zl\u0131 ve kolay bir \u015fekilde yakalayabilir ve projekt\u00f6rler, monit\u00f6rler, dijital beyaz tahtalar veya video konferans sistemleri i\u00e7in y\u00fcksek \u00e7\u00f6z\u00fcn\u00fcrl\u00fckl\u00fc bir g\u00f6r\u00fcnt\u00fc sa\u011flayabilir.\nG\u00f6rselle\u015ftiriciler i\u00e7in tipik uygulamalar aras\u0131nda e\u011fitim kurslar\u0131, toplant\u0131lar, konferanslar, seminerler ve \u00fcr\u00fcn sunumlar\u0131 yer al\u0131r. Ayr\u0131ca mahkeme salonlar\u0131nda kan\u0131t sunumlar\u0131nda, \u00e7e\u015fitli t\u0131bbi uygulamalarda (telet\u0131p, telepatoloji, X-ray g\u00f6r\u00fcnt\u00fcleri vb.).\n<h2>Masa\u00fcst\u00fc G\u00f6rselle\u015ftirici \u2013 VZ-9plus\u00b3<\/h2>\n<a href=\"https:\/\/konferenztechnik.de\/wp-content\/uploads\/2013\/09\/wolfvison_desktop_visualizer_vz9plus.jpg\"><img fetchpriority=\"high\" decoding=\"async\" width=\"357\" height=\"436\" src=\"https:\/\/konferenztechnik.de\/wp-content\/uploads\/2013\/09\/wolfvison_desktop_visualizer_vz9plus.jpg\" alt=\"Masa\u00fcst\u00fc G\u00f6rselle\u015ftirici - VZ-9plus\u00b3\" class=\"alignleft size-full wp-image-2626\" title=\"\" srcset=\"https:\/\/konferenztechnik.de\/wp-content\/uploads\/2013\/09\/wolfvison_desktop_visualizer_vz9plus.jpg 357w, https:\/\/konferenztechnik.de\/wp-content\/uploads\/2013\/09\/wolfvison_desktop_visualizer_vz9plus-246x300.jpg 246w\" sizes=\"(max-width: 357px) 100vw, 357px\" \/><\/a>\n\nVZ-9plus\u00b3 G\u00f6rselle\u015ftirici WolfVision'\u0131n en \u00fcst d\u00fczey ta\u015f\u0131nabilir G\u00f6rselle\u015ftiricisidir. VZ-8 G\u00f6rselle\u015ftirici serisini geride b\u0131rak\u0131r:\n<ul>\n \t<li>Daha da kullan\u0131\u015fl\u0131 ve benzersiz \u00f6zellikler<\/li>\n \t<li>kullan\u0131m\u0131 daha da kolay (nesnelerin daha kolay konumland\u0131r\u0131lmas\u0131)<\/li>\n \t<li>Daha da iyi g\u00f6r\u00fcnt\u00fc kalitesi<\/li>\n<\/ul>\nVZ-9plus\u00b3'un \u00fc\u00e7\u00fcnc\u00fc nesli, tamamen yeniden tasarlanm\u0131\u015f muhafazas\u0131 ile etkileyicidir - yeni, modern ve zarif.\n<h2>Tavan G\u00f6rselle\u015ftirici VZ-C12\u00b3 \/ VZ-C32\u00b3<\/h2>\n<a href=\"https:\/\/konferenztechnik.de\/wp-content\/uploads\/2013\/09\/wolfvision_deckenvisualizer_vz-c12.jpg\"><img decoding=\"async\" width=\"600\" height=\"514\" src=\"https:\/\/konferenztechnik.de\/wp-content\/uploads\/2013\/09\/wolfvision_deckenvisualizer_vz-c12.jpg\" alt=\"Tavan G\u00f6rselle\u015ftirici VZ-C12\u00b3 \/ VZ-C32\u00b3 \" class=\"alignleft size-full wp-image-2625\" title=\"\" srcset=\"https:\/\/konferenztechnik.de\/wp-content\/uploads\/2013\/09\/wolfvision_deckenvisualizer_vz-c12.jpg 600w, https:\/\/konferenztechnik.de\/wp-content\/uploads\/2013\/09\/wolfvision_deckenvisualizer_vz-c12-300x257.jpg 300w\" sizes=\"(max-width: 600px) 100vw, 600px\" \/><\/a>\n\nTavan g\u00f6rselle\u015ftiricisi bir projekt\u00f6r gibi tavana monte edilebilir veya asma tavana yerle\u015ftirilebilir. Masa veya k\u00fcrs\u00fc \u00fczerinde herhangi bir cihaz bulunmaz ve konu\u015fmac\u0131 ile dinleyiciler aras\u0131ndaki g\u00f6r\u00fc\u015f\u00fc hi\u00e7bir \u015fey engellemez.\n<h2>Tavan G\u00f6rselle\u015ftirici VZ-C12\u00b3 \/ VZ-C32\u00b3<\/h2>\nDi\u011fer avantajlar \u015funlard\u0131r\n<ul>\n \t<li>Visualiser asma tavan i\u00e7inde tamamen gizlenebilir<\/li>\n \t<li>\u00c7al\u0131nmas\u0131 zor olan kal\u0131c\u0131 olarak kurulmu\u015f cihaz<\/li>\n \t<li>Masadan cihaza kablo yok<\/li>\n \t<li>Nesneler daha da b\u00fcy\u00fck ve daha da y\u00fcksek olabilir<\/li>\n<\/ul>\nVZ-C32\u00b3'\u00fcn \u00f6zellikleri, tasar\u0131m\u0131 ve ba\u011flant\u0131lar\u0131 VZ-C12\u00b3 tavan g\u00f6rselle\u015ftiricisininkilerle ayn\u0131d\u0131r. Aradaki en b\u00fcy\u00fck fark dahili kamerad\u0131r:\n<ul>\n \t<li>VZ-C12\u00b3 = 1-CCD SXGA\/WXGA\/720p HD kamera<\/li>\n \t<li>VZ-C32\u00b3 = 3-CCD SXGA\/WXGA\/720p HD kamera<\/li>\n<\/ul>\nVZ-C32\u00b3'\u00fcn 3-CCD kameras\u0131, renk do\u011frulu\u011fu ve \u00e7\u00f6z\u00fcn\u00fcrl\u00fck a\u00e7\u0131s\u0131ndan VZ-C12\u00b3'\u00fcn kameras\u0131n\u0131 geride b\u0131rak\u0131yor. Bu \u00f6zellikle \u00e7ok ayr\u0131nt\u0131l\u0131, \u00e7ok renkli orijinallerde fark edilir.\t\t\t\t\t\t\t\t<\/div>\n\t\t\t\t<\/div>\n\t\t\t\t\t<\/div>\n\t\t<\/div>\n\t\t\t\t\t<\/div>\n\t\t<\/section>\n\t\t\t\t<\/div>","protected":false},"excerpt":{"rendered":"<p>G\u00f6rselle\u015ftirici nedir?\nBir g\u00f6rselle\u015ftirici her t\u00fcrl\u00fc \u015fablonu (kitaplar, foto\u011fraflar, \u00fc\u00e7 boyutlu nesneler vb.) h\u0131zl\u0131 ve kolay bir \u015fekilde yakalayabilir ve projekt\u00f6rler, monit\u00f6rler, dijital beyaz tahtalar veya video konferans sistemleri i\u00e7in y\u00fcksek \u00e7\u00f6z\u00fcn\u00fcrl\u00fckl\u00fc bir g\u00f6r\u00fcnt\u00fc sa\u011flayabilir.\nG\u00f6rselle\u015ftiriciler i\u00e7in tipik uygulamalar aras\u0131nda e\u011fitim kurslar\u0131, toplant\u0131lar, konferanslar, seminerler ve \u00fcr\u00fcn sunumlar\u0131 yer al\u0131r. Ayr\u0131ca mahkeme salonlar\u0131nda kan\u0131t sunumlar\u0131nda, \u00e7e\u015fitli t\u0131bbi uygulamalarda (telet\u0131p, telepatoloji, X-ray g\u00f6r\u00fcnt\u00fcleri vb.).<\/p>","protected":false},"author":1,"featured_media":45482,"parent":1138,"menu_order":221,"comment_status":"closed","ping_status":"open","template":"","meta":{"_acf_changed":false,"footnotes":""},"class_list":["post-1245","page","type-page","status-publish","has-post-thumbnail","hentry"],"acf":[],"_links":{"self":[{"href":"https:\/\/konferenztechnik.de\/tr\/wp-json\/wp\/v2\/pages\/1245","targetHints":{"allow":["GET"]}}],"collection":[{"href":"https:\/\/konferenztechnik.de\/tr\/wp-json\/wp\/v2\/pages"}],"about":[{"href":"https:\/\/konferenztechnik.de\/tr\/wp-json\/wp\/v2\/types\/page"}],"author":[{"embeddable":true,"href":"https:\/\/konferenztechnik.de\/tr\/wp-json\/wp\/v2\/users\/1"}],"replies":[{"embeddable":true,"href":"https:\/\/konferenztechnik.de\/tr\/wp-json\/wp\/v2\/comments?post=1245"}],"version-history":[{"count":0,"href":"https:\/\/konferenztechnik.de\/tr\/wp-json\/wp\/v2\/pages\/1245\/revisions"}],"up":[{"embeddable":true,"href":"https:\/\/konferenztechnik.de\/tr\/wp-json\/wp\/v2\/pages\/1138"}],"wp:featuredmedia":[{"embeddable":true,"href":"https:\/\/konferenztechnik.de\/tr\/wp-json\/wp\/v2\/media\/45482"}],"wp:attachment":[{"href":"https:\/\/konferenztechnik.de\/tr\/wp-json\/wp\/v2\/media?parent=1245"}],"curies":[{"name":"wp","href":"https:\/\/api.w.org\/{rel}","templated":true}]}}