{"id":12554,"date":"2018-02-07T10:03:37","date_gmt":"2018-02-07T09:03:37","guid":{"rendered":"https:\/\/www.konferenztechnik.de\/?page_id=12554"},"modified":"2023-09-01T13:14:35","modified_gmt":"2023-09-01T11:14:35","slug":"beyerdynamic-unite-zi%cc%87yaretci%cc%87-yoenlendi%cc%87rme-si%cc%87stemi%cc%87","status":"publish","type":"page","link":"https:\/\/konferenztechnik.de\/tr\/beyerdynamic-unite-zi%cc%87yaretci%cc%87-yoenlendi%cc%87rme-si%cc%87stemi%cc%87\/","title":{"rendered":"Beyerdynamic UNITE ziyaret\u00e7i y\u00f6nlendirme sistemi"},"content":{"rendered":"<h1>Beyerdynamic UNITE \u2013 ISE'den \u0130zlenimler<\/h1>\n<p><img fetchpriority=\"high\" decoding=\"async\" src=\"https:\/\/konferenztechnik.de\/wp-content\/uploads\/2018\/02\/beyerdynamic-unite-neuheit.jpg\" alt=\"Beyerdynamic&#039;ten UNITE TourGuide\" width=\"1200\" height=\"750\" class=\"alignnone size-full wp-image-12559\" title=\"\" srcset=\"https:\/\/konferenztechnik.de\/wp-content\/uploads\/2018\/02\/beyerdynamic-unite-neuheit.jpg 1200w, https:\/\/konferenztechnik.de\/wp-content\/uploads\/2018\/02\/beyerdynamic-unite-neuheit-300x188.jpg 300w, https:\/\/konferenztechnik.de\/wp-content\/uploads\/2018\/02\/beyerdynamic-unite-neuheit-1024x640.jpg 1024w, https:\/\/konferenztechnik.de\/wp-content\/uploads\/2018\/02\/beyerdynamic-unite-neuheit-768x480.jpg 768w\" sizes=\"(max-width: 1200px) 100vw, 1200px\" \/><\/p>\n<h2 >Geri konu\u015f, \u015fimdi konu\u015f \u2013 Monolog yerine diyalog \u2013 Tek y\u00f6nl\u00fc yerine \u00e7ok y\u00f6nl\u00fc \u2013 Ziyaret\u00e7i rehberli\u011fi 2.0<\/h2>\n<p>Beyerdynamic, yeni UNITE y\u00f6nlendirme sistemi ile kozlar\u0131n\u0131 payla\u015f\u0131yor.<br \/>\n[spacer size=\"30\u2033]<br \/>\n<img decoding=\"async\" src=\"https:\/\/konferenztechnik.de\/wp-content\/uploads\/2018\/02\/unite-empfaenger.jpg\" alt=\"Beyerdynamic&#039;ten UNITE al\u0131c\u0131\" width=\"1200\" height=\"750\" class=\"alignnone size-full wp-image-12561\" title=\"\"><\/p>\n<h2>UNITE RP-T geri konu\u015fma fonksiyonlu cep al\u0131c\u0131s\u0131<\/h2>\n<p>Konuklar, t\u00fcm konuklar\u0131n duyabilece\u011fi \u015fekilde soru sormak i\u00e7in talkback i\u015flevini kullanabilir. Ayn\u0131 anda en fazla \u00fc\u00e7 kat\u0131l\u0131mc\u0131 ileti\u015fim kurabilir. Tur interaktif hale gelir.<br \/>\n[spacer size=\"30\u2033]<br \/>\n<img decoding=\"async\" src=\"https:\/\/konferenztechnik.de\/wp-content\/uploads\/2018\/02\/beyerdynamic-unite-mikrofon.jpg\" alt=\"Beyerdynamic&#039;ten UNITE mikrofon\" width=\"1200\" height=\"750\" class=\"alignnone size-full wp-image-12558\" title=\"\" srcset=\"https:\/\/konferenztechnik.de\/wp-content\/uploads\/2018\/02\/beyerdynamic-unite-mikrofon.jpg 1200w, https:\/\/konferenztechnik.de\/wp-content\/uploads\/2018\/02\/beyerdynamic-unite-mikrofon-300x188.jpg 300w, https:\/\/konferenztechnik.de\/wp-content\/uploads\/2018\/02\/beyerdynamic-unite-mikrofon-1024x640.jpg 1024w, https:\/\/konferenztechnik.de\/wp-content\/uploads\/2018\/02\/beyerdynamic-unite-mikrofon-768x480.jpg 768w\" sizes=\"(max-width: 1200px) 100vw, 1200px\" \/><\/p>\n<h2>Unite TH el vericisi<\/h2>\n<p>De\u011fi\u015ftirilebilir lityum-iyon pil ve 15 saatten fazla \u00e7al\u0131\u015fma s\u00fcresi. Entegre dijital ses i\u015flemcisi konu\u015fman\u0131n anla\u015f\u0131labilirli\u011fini m\u00fckemmelle\u015ftirir: optimize edilmi\u015f frekans e\u011frisi, otomatik seviye kontrol\u00fc (rehberin y\u00fcksek veya al\u00e7ak sesle konu\u015fmas\u0131ndan ba\u011f\u0131ms\u0131z olarak her zaman ayn\u0131 ses seviyesi), g\u00fcr\u00fclt\u00fc engelleme (istenmeyen arka plan g\u00fcr\u00fclt\u00fcs\u00fcn\u00fc aktif ve etkili bir \u015fekilde engeller).<br \/>\n[spacer size=\"30\u2033]<br \/>\n<img loading=\"lazy\" decoding=\"async\" src=\"https:\/\/konferenztechnik.de\/wp-content\/uploads\/2018\/02\/beyerdynamic-unite-transport-ladekoffer.jpg\" alt=\"Beyerdynamic&#039;i ta\u015f\u0131mak i\u00e7in UNITE \u015farj \u00e7antas\u0131\" width=\"1200\" height=\"750\" class=\"alignnone size-full wp-image-12560\" title=\"\" srcset=\"https:\/\/konferenztechnik.de\/wp-content\/uploads\/2018\/02\/beyerdynamic-unite-transport-ladekoffer.jpg 1200w, https:\/\/konferenztechnik.de\/wp-content\/uploads\/2018\/02\/beyerdynamic-unite-transport-ladekoffer-300x188.jpg 300w, https:\/\/konferenztechnik.de\/wp-content\/uploads\/2018\/02\/beyerdynamic-unite-transport-ladekoffer-1024x640.jpg 1024w, https:\/\/konferenztechnik.de\/wp-content\/uploads\/2018\/02\/beyerdynamic-unite-transport-ladekoffer-768x480.jpg 768w\" sizes=\"(max-width: 1200px) 100vw, 1200px\" \/><\/p>\n<h2> UNITE CC-24P \u2013 Ta\u015f\u0131ma ve \u015farj \u00e7antas\u0131<\/h2>\n<p>24 cep al\u0131c\u0131s\u0131\/vericisi i\u00e7in bir \u00fcnite. G\u00fcncellemeler ve e\u015fle\u015ftirme i\u00e7in Ethernet ba\u011flant\u0131s\u0131 ile.<br \/>\n[spacer size=\"30\u2033]<br \/>\n<img loading=\"lazy\" decoding=\"async\" src=\"https:\/\/konferenztechnik.de\/wp-content\/uploads\/2018\/02\/beyerdynamic-unite-cc-24p.jpg\" alt=\"Beyerdynamic&#039;ten UNITE CC-24p\" width=\"1200\" height=\"750\" class=\"alignnone size-full wp-image-12556\" title=\"\"><\/p>\n<h2> Beyerdynamic UNITE \u2013 \u0130\u015fleme<\/h2>\n<p>Modern, \u015f\u0131k ve sa\u011flam. Beyerdynamic'in yeni ziyaret\u00e7i y\u00f6nlendirme sistemi her a\u00e7\u0131dan vaat ettiklerini yerine getiriyor. K\u0131sa s\u00fcre i\u00e7inde ayr\u0131nt\u0131l\u0131 olarak test edece\u011fiz ve \u015fimdiden d\u00f6rt g\u00f6zle bekliyoruz.<br \/>\n[spacer size=\"30\u2033]<\/p>\n<p><a href=\"https:\/\/konferenztechnik.de\/tr\/beyerdynamic-unite-iletisim-sistemi\/\">\u00dcr\u00fcn tan\u0131t\u0131m\u0131: Beyerdynamic UNITE \u2013 dijital kablosuz ileti\u015fim sistemi<\/a><br \/>\n<a href=\"https:\/\/konferenztechnik.de\/tr\/beyerdynamic-unite-di%cc%87ji%cc%87tal-yoenlendi%cc%87rme-si%cc%87stemi%cc%87\/\">Beyerdynamic UNITE \u2013 teknik veriler<\/a><br \/>\n<a href=\"\/tr\/kisisel-rehberlik-sistemi-satin-alin\/\">Yolcu y\u00f6nlendirme sistemlerine genel bak\u0131\u015f<\/a><\/p>","protected":false},"excerpt":{"rendered":"<p>Beyerdynamic UNITE \u2013 Eindr\u00fccke von der ISE Talk back, talk now \u2013 Dialog statt Monolog \u2013 Multi Way, statt One-Way \u2013 Besucherf\u00fchrung 2.0 Beyerdynamic trumpft auf mit der neuen F\u00fchrungsanlage UNITE. [spacer size=&#8220;30&#8243;] UNITE RP-T Taschenempf\u00e4nger mit Talkback-Funktion G\u00e4ste k\u00f6nnen mit der Talkback-Funktion Fragen f\u00fcr alle G\u00e4ste h\u00f6rbar stellen. Bis zu drei Teilnehmer k\u00f6nnen parallel [&hellip;]<\/p>","protected":false},"author":1,"featured_media":45482,"parent":0,"menu_order":0,"comment_status":"closed","ping_status":"closed","template":"","meta":{"_acf_changed":false,"footnotes":""},"class_list":["post-12554","page","type-page","status-publish","has-post-thumbnail","hentry"],"acf":[],"_links":{"self":[{"href":"https:\/\/konferenztechnik.de\/tr\/wp-json\/wp\/v2\/pages\/12554","targetHints":{"allow":["GET"]}}],"collection":[{"href":"https:\/\/konferenztechnik.de\/tr\/wp-json\/wp\/v2\/pages"}],"about":[{"href":"https:\/\/konferenztechnik.de\/tr\/wp-json\/wp\/v2\/types\/page"}],"author":[{"embeddable":true,"href":"https:\/\/konferenztechnik.de\/tr\/wp-json\/wp\/v2\/users\/1"}],"replies":[{"embeddable":true,"href":"https:\/\/konferenztechnik.de\/tr\/wp-json\/wp\/v2\/comments?post=12554"}],"version-history":[{"count":0,"href":"https:\/\/konferenztechnik.de\/tr\/wp-json\/wp\/v2\/pages\/12554\/revisions"}],"wp:featuredmedia":[{"embeddable":true,"href":"https:\/\/konferenztechnik.de\/tr\/wp-json\/wp\/v2\/media\/45482"}],"wp:attachment":[{"href":"https:\/\/konferenztechnik.de\/tr\/wp-json\/wp\/v2\/media?parent=12554"}],"curies":[{"name":"wp","href":"https:\/\/api.w.org\/{rel}","templated":true}]}}