{"id":12806,"date":"2018-02-15T10:22:44","date_gmt":"2018-02-15T09:22:44","guid":{"rendered":"https:\/\/www.konferenztechnik.de\/?page_id=12806"},"modified":"2023-09-21T09:12:21","modified_gmt":"2023-09-21T07:12:21","slug":"bonn-di%cc%87afon-i%cc%87stasyonlari-ki%cc%87ralama","status":"publish","type":"page","link":"https:\/\/konferenztechnik.de\/tr\/bonn-di%cc%87afon-i%cc%87stasyonlari-ki%cc%87ralama\/","title":{"rendered":"Kiral\u0131k interkom istasyonlar\u0131 Bonn"},"content":{"rendered":"<div data-elementor-type=\"wp-page\" data-elementor-id=\"12806\" class=\"elementor elementor-12806\" data-elementor-post-type=\"page\">\n\t\t\t\t<div data-particle_enable=\"false\" data-particle-mobile-disabled=\"false\" class=\"elementor-element elementor-element-769190cd e-flex e-con-boxed e-con e-parent\" data-id=\"769190cd\" data-element_type=\"container\">\n\t\t\t\t\t<div class=\"e-con-inner\">\n\t\t\t\t<div class=\"elementor-element elementor-element-549c7ac6 elementor-widget elementor-widget-heading\" data-id=\"549c7ac6\" data-element_type=\"widget\" data-settings=\"{&quot;_animation&quot;:&quot;none&quot;}\" data-widget_type=\"heading.default\">\n\t\t\t\t<div class=\"elementor-widget-container\">\n\t\t\t\t\t<h1 class=\"elementor-heading-title elementor-size-default\">Mikrofon \u00fcniteleri kiralay\u0131n Bonn \u2013 PCS Konferenztechnik, Ren Nehri \u00fczerindeki toplant\u0131 veya konferanslar\u0131n\u0131z i\u00e7in tart\u0131\u015fma sistemleri kiral\u0131yor <\/h1>\t\t\t\t<\/div>\n\t\t\t\t<\/div>\n\t\t\t\t<div class=\"elementor-element elementor-element-38550d03 elementor-widget-widescreen__width-inherit elementor-widget elementor-widget-image\" data-id=\"38550d03\" data-element_type=\"widget\" data-widget_type=\"image.default\">\n\t\t\t\t<div class=\"elementor-widget-container\">\n\t\t\t\t\t\t\t\t\t\t\t\t\t\t\t<img fetchpriority=\"high\" decoding=\"async\" width=\"850\" height=\"380\" src=\"https:\/\/konferenztechnik.de\/wp-content\/uploads\/2017\/05\/veranstaltungstechnik-bonn.jpg\" class=\"attachment-full size-full wp-image-10277\" alt=\"\" srcset=\"https:\/\/konferenztechnik.de\/wp-content\/uploads\/2017\/05\/veranstaltungstechnik-bonn.jpg 850w, https:\/\/konferenztechnik.de\/wp-content\/uploads\/2017\/05\/veranstaltungstechnik-bonn-300x134.jpg 300w, https:\/\/konferenztechnik.de\/wp-content\/uploads\/2017\/05\/veranstaltungstechnik-bonn-768x343.jpg 768w\" sizes=\"(max-width: 850px) 100vw, 850px\" title=\"\">\t\t\t\t\t\t\t\t\t\t\t\t\t\t\t<\/div>\n\t\t\t\t<\/div>\n\t\t<div data-particle_enable=\"false\" data-particle-mobile-disabled=\"false\" class=\"elementor-element elementor-element-7c9faa20 e-flex e-con-boxed e-con e-child\" data-id=\"7c9faa20\" data-element_type=\"container\">\n\t\t\t\t\t<div class=\"e-con-inner\">\n\t\t\t\t<div class=\"elementor-element elementor-element-44b0395a elementor-align-left elementor-widget elementor-widget-button\" data-id=\"44b0395a\" data-element_type=\"widget\" data-widget_type=\"button.default\">\n\t\t\t\t<div class=\"elementor-widget-container\">\n\t\t\t\t\t\t\t\t\t<div class=\"elementor-button-wrapper\">\n\t\t\t\t\t<a class=\"elementor-button elementor-button-link elementor-size-lg\" href=\"#serviceteam\">\n\t\t\t\t\t\t<span class=\"elementor-button-content-wrapper\">\n\t\t\t\t\t\t<span class=\"elementor-button-icon\">\n\t\t\t\t<svg aria-hidden=\"true\" class=\"e-font-icon-svg e-far-arrow-alt-circle-down\" viewbox=\"0 0 512 512\" xmlns=\"http:\/\/www.w3.org\/2000\/svg\"><path d=\"M256 8C119 8 8 119 8 256s111 248 248 248 248-111 248-248S393 8 256 8zm0 448c-110.5 0-200-89.5-200-200S145.5 56 256 56s200 89.5 200 200-89.5 200-200 200zm-32-316v116h-67c-10.7 0-16 12.9-8.5 20.5l99 99c4.7 4.7 12.3 4.7 17 0l99-99c7.6-7.6 2.2-20.5-8.5-20.5h-67V140c0-6.6-5.4-12-12-12h-40c-6.6 0-12 5.4-12 12z\"><\/path><\/svg>\t\t\t<\/span>\n\t\t\t\t\t\t\t\t\t<span class=\"elementor-button-text\">\u015eimdi Sorgula<\/span>\n\t\t\t\t\t<\/span>\n\t\t\t\t\t<\/a>\n\t\t\t\t<\/div>\n\t\t\t\t\t\t\t\t<\/div>\n\t\t\t\t<\/div>\n\t\t\t\t\t<\/div>\n\t\t\t\t<\/div>\n\t\t<div data-particle_enable=\"false\" data-particle-mobile-disabled=\"false\" class=\"elementor-element elementor-element-52cc92a7 e-flex e-con-boxed e-con e-child\" data-id=\"52cc92a7\" data-element_type=\"container\">\n\t\t\t\t\t<div class=\"e-con-inner\">\n\t\t\t\t<div class=\"elementor-element elementor-element-123c2e30 elementor-widget elementor-widget-shortcode\" data-id=\"123c2e30\" data-element_type=\"widget\" data-widget_type=\"shortcode.default\">\n\t\t\t\t<div class=\"elementor-widget-container\">\n\t\t\t\t\t\t\t<div class=\"elementor-shortcode\">\t\t<div data-elementor-type=\"section\" data-elementor-id=\"37185\" class=\"elementor elementor-37185\" data-elementor-post-type=\"elementor_library\">\n\t\t\t<div data-particle_enable=\"false\" data-particle-mobile-disabled=\"false\" class=\"elementor-element elementor-element-26482db e-flex e-con-boxed e-con e-parent\" data-id=\"26482db\" data-element_type=\"container\">\n\t\t\t\t\t<div class=\"e-con-inner\">\n\t\t\t\t<div class=\"elementor-element elementor-element-d8130b9 elementor-widget__width-inherit elementor-widget elementor-widget-eael-post-list\" data-id=\"d8130b9\" data-element_type=\"widget\" data-settings=\"{&quot;_animation&quot;:&quot;none&quot;}\" data-widget_type=\"eael-post-list.default\">\n\t\t\t\t<div class=\"elementor-widget-container\">\n\t\t\t\t\t<div class=\"eael-post-list-container advanced layout-advanced\"><div class=\"eael-post-list-wrap\"><div class=\"eael-post-list-posts-wrap eael-post-appender eael-post-appender-d8130b9\"><div class=\"eael-post-list-post\"><div class=\"eael-post-list-post-inner\"><div class=\"eael-post-list-thumbnail\"><a href=\"https:\/\/konferenztechnik.de\/tr\/televic-confidea-g4-tartisma-si%cc%87stemi%cc%87\/\">\n                <img decoding=\"async\" src=\"https:\/\/konferenztechnik.de\/wp-content\/uploads\/2023\/06\/televic-confidea-g4-1.jpg\" alt=\"Kablosuz konferans g\u00f6r\u00fc\u015fme istasyonu tipi Televic Confidea G4\" title=\"\">\n            <\/a><\/div><div class=\"eael-post-list-content\"><h3 class=\"eael-post-list-title\"><a href=\"https:\/\/konferenztechnik.de\/tr\/televic-confidea-g4-tartisma-si%cc%87stemi%cc%87\/\" >Televic Confidea G4 \u2013 Tart\u0131\u015fma \u00fcnitesi<\/a><\/h3><p>Confidea G4 kablosuz konferans sistemi Flex sisteminin \u00f6nc\u00fcl\u00fcd\u00fcr ve...<\/p><a href=\"https:\/\/konferenztechnik.de\/tr\/televic-confidea-g4-tartisma-si%cc%87stemi%cc%87\/\" class=\"eael-post-elements-readmore-btn\" >\u203a daha fazla<\/a><div class=\"boxed-meta\"><\/div><\/div><\/div><\/div><div class=\"eael-post-list-post\"><div class=\"eael-post-list-post-inner\"><div class=\"eael-post-list-thumbnail\"><a href=\"https:\/\/konferenztechnik.de\/tr\/shure-microflex-komple-goeruesme-sistemi\/\">\n                <img decoding=\"async\" src=\"https:\/\/konferenztechnik.de\/wp-content\/uploads\/2023\/07\/shure-microflex-sprechstellen-jpg.webp\" alt=\"Shure Microflex serisi mikrofon \u00fcnitesi\" title=\"\">\n            <\/a><\/div><div class=\"eael-post-list-content\"><h3 class=\"eael-post-list-title\"><a href=\"https:\/\/konferenztechnik.de\/tr\/shure-microflex-komple-goeruesme-sistemi\/\" >Shure Microflex Komple \u2013 Tart\u0131\u015fma sistemi<\/a><\/h3><p>Modern, sade tasar\u0131m zarif ve abart\u0131s\u0131zd\u0131r ve evinizle iyi uyum sa\u011flar...<\/p><a href=\"https:\/\/konferenztechnik.de\/tr\/shure-microflex-komple-goeruesme-sistemi\/\" class=\"eael-post-elements-readmore-btn\" >\u203a daha fazla<\/a><div class=\"boxed-meta\"><\/div><\/div><\/div><\/div><div class=\"eael-post-list-post\"><div class=\"eael-post-list-post-inner\"><div class=\"eael-post-list-thumbnail\"><a href=\"https:\/\/konferenztechnik.de\/tr\/televic-confidea-flex-goeruesme-si%cc%87stemi%cc%87\/\">\n                <img decoding=\"async\" src=\"https:\/\/konferenztechnik.de\/wp-content\/uploads\/2022\/06\/televic-confidea-flex.jpg\" alt=\"Televic Confidea Flex kablosuz konferans \u00fcnitesi\" title=\"\">\n            <\/a><\/div><div class=\"eael-post-list-content\"><h3 class=\"eael-post-list-title\"><a href=\"https:\/\/konferenztechnik.de\/tr\/televic-confidea-flex-goeruesme-si%cc%87stemi%cc%87\/\" >Televic Confidea Flex \u2013 Tart\u0131\u015fma \u00fcnitesi<\/a><\/h3><p>Confidea Flex sistemi \u00e7ok \u00e7e\u015fitli uygulama senaryolar\u0131na kolayca uyarlanabilir. itibaren...<\/p><a href=\"https:\/\/konferenztechnik.de\/tr\/televic-confidea-flex-goeruesme-si%cc%87stemi%cc%87\/\" class=\"eael-post-elements-readmore-btn\" >\u203a daha fazla<\/a><div class=\"boxed-meta\"><\/div><\/div><\/div><\/div><div class=\"eael-post-list-post\"><div class=\"eael-post-list-post-inner\"><div class=\"eael-post-list-thumbnail\"><a href=\"https:\/\/konferenztechnik.de\/tr\/bosch-dicentis-tartisma-si%cc%87stemi%cc%87\/\">\n                <img decoding=\"async\" src=\"https:\/\/konferenztechnik.de\/wp-content\/uploads\/2022\/06\/bosch-dicentis-sprechstelle.jpg\" alt=\"Kaz boynu mikrofonlu Bosch Dicentis konferans mikrofon \u00fcnitesi ve ek bilgi ve veri giri\u015fi i\u00e7in k\u00fc\u00e7\u00fck bir ekran\" title=\"\">\n            <\/a><\/div><div class=\"eael-post-list-content\"><h3 class=\"eael-post-list-title\"><a href=\"https:\/\/konferenztechnik.de\/tr\/bosch-dicentis-tartisma-si%cc%87stemi%cc%87\/\" >Bosch Dicentis \u2013 Tart\u0131\u015fma \u00fcnitesi<\/a><\/h3><p>Y\u00fcksek esnekli\u011fi ve basit kurulumu sayesinde DICENTIS kablosuz konferans sistemi, her t\u00fcrl\u00fc...<\/p><a href=\"https:\/\/konferenztechnik.de\/tr\/bosch-dicentis-tartisma-si%cc%87stemi%cc%87\/\" class=\"eael-post-elements-readmore-btn\" >\u203a daha fazla<\/a><div class=\"boxed-meta\"><\/div><\/div><\/div><\/div><div class=\"eael-post-list-post\"><div class=\"eael-post-list-post-inner\"><div class=\"eael-post-list-thumbnail\"><a href=\"https:\/\/konferenztechnik.de\/tr\/sennheiser-adn-goeruesme-si%cc%87stemi%cc%87\/\">\n                <img decoding=\"async\" src=\"https:\/\/konferenztechnik.de\/wp-content\/uploads\/2022\/06\/sennheiser-adn.jpg\" alt=\"Sennheiser ADN kablosuz konferans \u00fcnitesi\" title=\"\">\n            <\/a><\/div><div class=\"eael-post-list-content\"><h3 class=\"eael-post-list-title\"><a href=\"https:\/\/konferenztechnik.de\/tr\/sennheiser-adn-goeruesme-si%cc%87stemi%cc%87\/\" >Sennheiser ADN \u2013 Tart\u0131\u015fma sistemi<\/a><\/h3><p>ADN konferans sistemi etkin geri bildirim bast\u0131rma \u00f6zelli\u011fine sahiptir. Bu...<\/p><a href=\"https:\/\/konferenztechnik.de\/tr\/sennheiser-adn-goeruesme-si%cc%87stemi%cc%87\/\" class=\"eael-post-elements-readmore-btn\" >\u203a daha fazla<\/a><div class=\"boxed-meta\"><\/div><\/div><\/div><\/div><div class=\"eael-post-list-post\"><div class=\"eael-post-list-post-inner\"><div class=\"eael-post-list-thumbnail\"><a href=\"https:\/\/konferenztechnik.de\/tr\/beyerdynamic-quinta-goeruesme-si%cc%87stemi%cc%87\/\">\n                <img decoding=\"async\" src=\"https:\/\/konferenztechnik.de\/wp-content\/uploads\/2022\/06\/beyerdynamic-quinta.jpg\" alt=\"Konferans mikrofon \u00fcnitesi Beyerdynamic Quinta, kablosuz, deveboynu mikrofonlu\" title=\"\">\n            <\/a><\/div><div class=\"eael-post-list-content\"><h3 class=\"eael-post-list-title\"><a href=\"https:\/\/konferenztechnik.de\/tr\/beyerdynamic-quinta-goeruesme-si%cc%87stemi%cc%87\/\" >Beyerdynamic Quinta \u2013 Tart\u0131\u015fma sistemi<\/a><\/h3><p>Beyerdynamic Quinta sistemi, toplant\u0131lar, konferanslar, video ve bas\u0131n konferanslar\u0131, mahkeme salonlar\u0131 i\u00e7in tasarlanm\u0131\u015ft\u0131r...<\/p><a href=\"https:\/\/konferenztechnik.de\/tr\/beyerdynamic-quinta-goeruesme-si%cc%87stemi%cc%87\/\" class=\"eael-post-elements-readmore-btn\" >\u203a daha fazla<\/a><div class=\"boxed-meta\"><\/div><\/div><\/div><\/div><div class=\"eael-post-list-post\"><div class=\"eael-post-list-post-inner\"><div class=\"eael-post-list-thumbnail\"><a href=\"https:\/\/konferenztechnik.de\/tr\/bosch-tartisma-tartisma-si%cc%87stemi%cc%87\/\">\n                <img decoding=\"async\" src=\"https:\/\/konferenztechnik.de\/wp-content\/uploads\/2023\/06\/bosch-discussion-NG.jpg\" alt=\"Mikrofon \u00fcnitesinde yorumlanan dilleri \u00e7a\u011f\u0131rmak i\u00e7in dil se\u00e7icili Bosch Discussion Next Generation mikrofon \u00fcnitesi\" title=\"\">\n            <\/a><\/div><div class=\"eael-post-list-content\"><h3 class=\"eael-post-list-title\"><a href=\"https:\/\/konferenztechnik.de\/tr\/bosch-tartisma-tartisma-si%cc%87stemi%cc%87\/\" >Bosch Tart\u0131\u015fma \u2013 Tart\u0131\u015fma \u00fcnitesi<\/a><\/h3><p>DCN konferans \u00e7\u00f6z\u00fcmleri \u00e7ok y\u00f6nl\u00fcl\u00fckleri ile karakterize edilir ve y\u00fcksek ses kalitesi ve...<\/p><a href=\"https:\/\/konferenztechnik.de\/tr\/bosch-tartisma-tartisma-si%cc%87stemi%cc%87\/\" class=\"eael-post-elements-readmore-btn\" >\u203a daha fazla<\/a><div class=\"boxed-meta\"><\/div><\/div><\/div><\/div><div class=\"eael-post-list-post\"><div class=\"eael-post-list-post-inner\"><div class=\"eael-post-list-thumbnail\"><a href=\"https:\/\/konferenztechnik.de\/tr\/bosch-ccs-1000-d-tartisma-ueni%cc%87tesi%cc%87\/\">\n                <img decoding=\"async\" src=\"https:\/\/konferenztechnik.de\/wp-content\/uploads\/2023\/06\/sennheiser-ccs-1000-d.jpg\" alt=\"Mikrofon istasyonu tipi Bosch CCS 1000 d\" title=\"\">\n            <\/a><\/div><div class=\"eael-post-list-content\"><h3 class=\"eael-post-list-title\"><a href=\"https:\/\/konferenztechnik.de\/tr\/bosch-ccs-1000-d-tartisma-ueni%cc%87tesi%cc%87\/\" >BOSCH CCS 1000 D \u2013 Tart\u0131\u015fma \u00fcnitesi<\/a><\/h3><p>CCS 1000 D, teknik yeniliklerden \u00f6d\u00fcn vermeden sadeli\u011fi ile etkileyicidir.<\/p><a href=\"https:\/\/konferenztechnik.de\/tr\/bosch-ccs-1000-d-tartisma-ueni%cc%87tesi%cc%87\/\" class=\"eael-post-elements-readmore-btn\" >\u203a daha fazla<\/a><div class=\"boxed-meta\"><\/div><\/div><\/div><\/div><\/div><\/div>\n\t\t<\/div>\t\t\t\t<\/div>\n\t\t\t\t<\/div>\n\t\t\t\t\t<\/div>\n\t\t\t\t<\/div>\n\t\t\t\t<\/div>\n\t\t<\/div>\n\t\t\t\t\t\t<\/div>\n\t\t\t\t<\/div>\n\t\t\t\t\t<\/div>\n\t\t\t\t<\/div>\n\t\t\t\t\t<\/div>\n\t\t\t\t<\/div>\n\t\t<div data-particle_enable=\"false\" data-particle-mobile-disabled=\"false\" class=\"elementor-element elementor-element-66c2a6f3 e-flex e-con-boxed e-con e-parent\" data-id=\"66c2a6f3\" data-element_type=\"container\">\n\t\t\t\t\t<div class=\"e-con-inner\">\n\t\t\t\t<div class=\"elementor-element elementor-element-6b77b9ad elementor-widget__width-initial elementor-widget elementor-widget-text-editor\" data-id=\"6b77b9ad\" data-element_type=\"widget\" data-widget_type=\"text-editor.default\">\n\t\t\t\t<div class=\"elementor-widget-container\">\n\t\t\t\t\t\t\t\t\t<p>\u015eimdi m\u00fczikalle\u015fiyor. Beethoven'\u0131n do\u011fdu\u011fu, Ren Nehri k\u0131y\u0131s\u0131nda yer alan ve 2.000 y\u0131l\u0131 a\u015fk\u0131n bir ge\u00e7mi\u015fe sahip olan Bonn, son y\u0131llarda uluslararas\u0131 bir konferans merkezine d\u00f6n\u00fc\u015fm\u00fc\u015ft\u00fcr.<\/p><p>\u00a0<\/p><p>\u0130ster toplant\u0131, konferans veya yuvarlak masa \u2013 olsun, PCS olarak Bonn'daki panel tart\u0131\u015fman\u0131z i\u00e7in mikrofon \u00fcniteleri, mikrofon zincirleri ve terc\u00fcman kabinleri gibi do\u011fru teknolojiyi sa\u011flayabiliriz. 20 y\u0131l\u0131 a\u015fk\u0131n deneyimimizle konferans teknolojisi alan\u0131nda uzman\u0131z ve size uygun ekipman\u0131 sa\u011flamaktan mutluluk duyaca\u011f\u0131z.<\/p><p>\u00a0<\/p><p>Uygulama alan\u0131na ba\u011fl\u0131 olarak, sizi kablolu veya kablosuz masa mikrofonu \u00fcniteleri veya tart\u0131\u015fma sistemleri ile donatabiliriz. Ki\u015fiselle\u015ftirilmi\u015f ve profesyonel tavsiyelerin yan\u0131 s\u0131ra, e\u011fitimli etkinlik teknisyenlerimiz de toplant\u0131n\u0131z i\u00e7in size genel teknik destek sa\u011flamaktan mutluluk duyacakt\u0131r.<\/p><p>PCS Konferenztechnik'ten kiralanan masa mikrofonu \u00fcniteleri ve tart\u0131\u015fma sistemleri, her zaman kusursuz bir teknolojiye sahip olman\u0131z\u0131 sa\u011flamak i\u00e7in her etkinlikten \u00f6nce ve sonra kontrol edilir.<\/p>\t\t\t\t\t\t\t\t<\/div>\n\t\t\t\t<\/div>\n\t\t\t\t<div class=\"elementor-element elementor-element-54753a33 elementor-widget__width-initial elementor-widget elementor-widget-heading\" data-id=\"54753a33\" data-element_type=\"widget\" data-settings=\"{&quot;_animation&quot;:&quot;none&quot;}\" data-widget_type=\"heading.default\">\n\t\t\t\t<div class=\"elementor-widget-container\">\n\t\t\t\t\t<h2 class=\"elementor-heading-title elementor-size-default\">PCS Konferenztechnik'ten interkom istasyonlar\u0131 \u2013 Modeller ve \u00f6zel \u00f6zellikler<\/h2>\t\t\t\t<\/div>\n\t\t\t\t<\/div>\n\t\t\t\t<div class=\"elementor-element elementor-element-7dc9f984 elementor-widget elementor-widget-image\" data-id=\"7dc9f984\" data-element_type=\"widget\" data-widget_type=\"image.default\">\n\t\t\t\t<div class=\"elementor-widget-container\">\n\t\t\t\t\t\t\t\t\t\t\t\t\t\t\t<img decoding=\"async\" width=\"2550\" height=\"1074\" src=\"https:\/\/konferenztechnik.de\/wp-content\/uploads\/2023\/07\/sprechstellen-mieten-pcs-konferenztechnik-jpg.webp\" class=\"attachment-full size-full wp-image-37195\" alt=\"Bir toplant\u0131 i\u00e7in haz\u0131rlanm\u0131\u015f, yaz\u0131 malzemeleri, i\u00e7ecekler ve kablosuz konferans mikrofon \u00fcniteleri ile dolu bir dizi konferans masas\u0131n\u0131n g\u00f6r\u00fcn\u00fcm\u00fc - her \u015fey bir konferans i\u00e7in haz\u0131r g\u00f6r\u00fcn\u00fcyor.\" srcset=\"https:\/\/konferenztechnik.de\/wp-content\/uploads\/2023\/07\/sprechstellen-mieten-pcs-konferenztechnik-jpg.webp 2550w, https:\/\/konferenztechnik.de\/wp-content\/uploads\/2023\/07\/sprechstellen-mieten-pcs-konferenztechnik-300x126.webp 300w, https:\/\/konferenztechnik.de\/wp-content\/uploads\/2023\/07\/sprechstellen-mieten-pcs-konferenztechnik-1024x431.webp 1024w, https:\/\/konferenztechnik.de\/wp-content\/uploads\/2023\/07\/sprechstellen-mieten-pcs-konferenztechnik-768x323.webp 768w, https:\/\/konferenztechnik.de\/wp-content\/uploads\/2023\/07\/sprechstellen-mieten-pcs-konferenztechnik-1536x647.webp 1536w, https:\/\/konferenztechnik.de\/wp-content\/uploads\/2023\/07\/sprechstellen-mieten-pcs-konferenztechnik-2048x863.webp 2048w, https:\/\/konferenztechnik.de\/wp-content\/uploads\/2023\/07\/sprechstellen-mieten-pcs-konferenztechnik-18x8.webp 18w\" sizes=\"(max-width: 2550px) 100vw, 2550px\" title=\"\">\t\t\t\t\t\t\t\t\t\t\t\t\t\t\t<\/div>\n\t\t\t\t<\/div>\n\t\t\t\t<div class=\"elementor-element elementor-element-1bfce7ae elementor-align-right elementor-mobile-align-center elementor-widget elementor-widget-button\" data-id=\"1bfce7ae\" data-element_type=\"widget\" data-widget_type=\"button.default\">\n\t\t\t\t<div class=\"elementor-widget-container\">\n\t\t\t\t\t\t\t\t\t<div class=\"elementor-button-wrapper\">\n\t\t\t\t\t<a class=\"elementor-button elementor-button-link elementor-size-lg\" href=\"#serviceteam\">\n\t\t\t\t\t\t<span class=\"elementor-button-content-wrapper\">\n\t\t\t\t\t\t<span class=\"elementor-button-icon\">\n\t\t\t\t<svg aria-hidden=\"true\" class=\"e-font-icon-svg e-far-arrow-alt-circle-down\" viewbox=\"0 0 512 512\" xmlns=\"http:\/\/www.w3.org\/2000\/svg\"><path d=\"M256 8C119 8 8 119 8 256s111 248 248 248 248-111 248-248S393 8 256 8zm0 448c-110.5 0-200-89.5-200-200S145.5 56 256 56s200 89.5 200 200-89.5 200-200 200zm-32-316v116h-67c-10.7 0-16 12.9-8.5 20.5l99 99c4.7 4.7 12.3 4.7 17 0l99-99c7.6-7.6 2.2-20.5-8.5-20.5h-67V140c0-6.6-5.4-12-12-12h-40c-6.6 0-12 5.4-12 12z\"><\/path><\/svg>\t\t\t<\/span>\n\t\t\t\t\t\t\t\t\t<span class=\"elementor-button-text\">\u015eimdi Sorgula<\/span>\n\t\t\t\t\t<\/span>\n\t\t\t\t\t<\/a>\n\t\t\t\t<\/div>\n\t\t\t\t\t\t\t\t<\/div>\n\t\t\t\t<\/div>\n\t\t\t\t<div class=\"elementor-element elementor-element-2db9bf73 elementor-widget__width-inherit elementor-widget elementor-widget-text-editor\" data-id=\"2db9bf73\" data-element_type=\"widget\" data-widget_type=\"text-editor.default\">\n\t\t\t\t<div class=\"elementor-widget-container\">\n\t\t\t\t\t\t\t\t\t<p>T\u00fcm mikrofon \u00fcniteleri ayn\u0131 de\u011fildir. Kablosuz ve kablolu masa\u00fcst\u00fc mikrofonlar\u0131 vard\u0131r. Rahats\u0131z edici kablolar\u0131 olmayan interkom istasyonlar\u0131n\u0131n kullan\u0131m\u0131 \u00f6zellikle esnektir ve kurulumu ve s\u00f6k\u00fclmesi h\u0131zl\u0131d\u0131r. Mikrofon zincirleri kablolarla birbirine ba\u011fl\u0131 mikrofon \u00fcniteleridir. Bunlar birka\u00e7 g\u00fcn s\u00fcren \u00e7ok b\u00fcy\u00fck konferanslar i\u00e7in daha uygundur, \u00e7\u00fcnk\u00fc arada pilleri \u015farj etmeye gerek yoktur.<\/p><p>\u00a0<\/p><p>Konferans al\u0131c\u0131lar\u0131 yerine \u00e7eviri kanallar\u0131 \u2013 Ayr\u0131ca \u00e7eviri kanal\u0131na sahip mikrofon \u00fcniteleri de kiral\u0131yoruz. Bu, kat\u0131l\u0131mc\u0131lar\u0131n\u0131z\u0131n yerel dili do\u011frudan terc\u00fcme kabininden duyabilece\u011fi anlam\u0131na gelir. Mikrofon \u00fcnitelerinin \u00fczerindeki dahili hoparl\u00f6rler sesi sa\u011flar. Ancak mikrofon \u00fcnitelerimiz harici bir ses sistemine de ba\u011flanabilir.<\/p><p>\u00a0<\/p><p>Farkl\u0131 yaz\u0131l\u0131m \u00e7\u00f6z\u00fcmleri mikrofon \u00fcnitelerini kontrol eder, \u00f6rne\u011fin bir mahkeme salonunda \u00f6nemli olan toplant\u0131y\u0131 kaydeder veya tart\u0131\u015fmay\u0131 g\u00f6r\u00fcnt\u00fc ve ses olarak kaydeder. Dome kameralar \u00f6zellikle video konferanslar i\u00e7in pop\u00fclerdir. Otomatik olarak aktif mikrofon \u00fcnitelerine odaklan\u0131rlar, b\u00f6ylece t\u00fcm konferans kat\u0131l\u0131mc\u0131lar\u0131 her zaman ilgili konu\u015fmac\u0131y\u0131 g\u00f6rebilir.<\/p><p>\u00a0<\/p><p>\u0130nterkom istasyonlar\u0131, d\u00fczenli toplant\u0131 disiplini ve geli\u015fmi\u015f konu\u015fma anla\u015f\u0131l\u0131rl\u0131\u011f\u0131 sa\u011flar. Ayr\u0131ca di\u011fer teknolojilerle de kolayca birle\u015ftirilebilirler.<\/p>\t\t\t\t\t\t\t\t<\/div>\n\t\t\t\t<\/div>\n\t\t\t\t<div class=\"elementor-element elementor-element-74b7a9e0 elementor-widget__width-initial elementor-widget elementor-widget-heading\" data-id=\"74b7a9e0\" data-element_type=\"widget\" data-settings=\"{&quot;_animation&quot;:&quot;none&quot;}\" data-widget_type=\"heading.default\">\n\t\t\t\t<div class=\"elementor-widget-container\">\n\t\t\t\t\t<h2 class=\"elementor-heading-title elementor-size-default\"> Mikrofon \u00fcniteleri kiralay\u0131n Bonn: PCS'den \u00fcreticiler ve konferans sistemleri<\/h2>\t\t\t\t<\/div>\n\t\t\t\t<\/div>\n\t\t\t\t<div class=\"elementor-element elementor-element-6b173382 elementor-icon-list--layout-traditional elementor-list-item-link-full_width elementor-widget elementor-widget-icon-list\" data-id=\"6b173382\" data-element_type=\"widget\" data-widget_type=\"icon-list.default\">\n\t\t\t\t<div class=\"elementor-widget-container\">\n\t\t\t\t\t\t\t<ul class=\"elementor-icon-list-items\">\n\t\t\t\t\t\t\t<li class=\"elementor-icon-list-item\">\n\t\t\t\t\t\t\t\t\t\t\t<a href=\"https:\/\/konferenztechnik.de\/tr\/bosch-dicentis-tartisma-si%cc%87stemi%cc%87\/\">\n\n\t\t\t\t\t\t\t\t\t\t\t\t<span class=\"elementor-icon-list-icon\">\n\t\t\t\t\t\t\t<svg aria-hidden=\"true\" class=\"e-font-icon-svg e-fas-check\" viewbox=\"0 0 512 512\" xmlns=\"http:\/\/www.w3.org\/2000\/svg\"><path d=\"M173.898 439.404l-166.4-166.4c-9.997-9.997-9.997-26.206 0-36.204l36.203-36.204c9.997-9.998 26.207-9.998 36.204 0L192 312.69 432.095 72.596c9.997-9.997 26.207-9.997 36.204 0l36.203 36.204c9.997 9.997 9.997 26.206 0 36.204l-294.4 294.401c-9.998 9.997-26.207 9.997-36.204-.001z\"><\/path><\/svg>\t\t\t\t\t\t<\/span>\n\t\t\t\t\t\t\t\t\t\t<span class=\"elementor-icon-list-text\">Bosch Dicentis mikrofon \u00fcniteleri \u2013 Kablosuz konferans sistemi<\/span>\n\t\t\t\t\t\t\t\t\t\t\t<\/a>\n\t\t\t\t\t\t\t\t\t<\/li>\n\t\t\t\t\t\t\t\t<li class=\"elementor-icon-list-item\">\n\t\t\t\t\t\t\t\t\t\t\t<a href=\"https:\/\/konferenztechnik.de\/tr\/televic-confidea-flex-goeruesme-si%cc%87stemi%cc%87\/\">\n\n\t\t\t\t\t\t\t\t\t\t\t\t<span class=\"elementor-icon-list-icon\">\n\t\t\t\t\t\t\t<svg aria-hidden=\"true\" class=\"e-font-icon-svg e-fas-check\" viewbox=\"0 0 512 512\" xmlns=\"http:\/\/www.w3.org\/2000\/svg\"><path d=\"M173.898 439.404l-166.4-166.4c-9.997-9.997-9.997-26.206 0-36.204l36.203-36.204c9.997-9.998 26.207-9.998 36.204 0L192 312.69 432.095 72.596c9.997-9.997 26.207-9.997 36.204 0l36.203 36.204c9.997 9.997 9.997 26.206 0 36.204l-294.4 294.401c-9.998 9.997-26.207 9.997-36.204-.001z\"><\/path><\/svg>\t\t\t\t\t\t<\/span>\n\t\t\t\t\t\t\t\t\t\t<span class=\"elementor-icon-list-text\">Televic Confidea Flex mikrofon \u00fcniteleri \u2013 Kablosuz konferans sistemi<\/span>\n\t\t\t\t\t\t\t\t\t\t\t<\/a>\n\t\t\t\t\t\t\t\t\t<\/li>\n\t\t\t\t\t\t\t\t<li class=\"elementor-icon-list-item\">\n\t\t\t\t\t\t\t\t\t\t\t<a href=\"https:\/\/konferenztechnik.de\/tr\/bosch-ccs-1000-d-tartisma-ueni%cc%87tesi%cc%87\/\">\n\n\t\t\t\t\t\t\t\t\t\t\t\t<span class=\"elementor-icon-list-icon\">\n\t\t\t\t\t\t\t<svg aria-hidden=\"true\" class=\"e-font-icon-svg e-fas-check\" viewbox=\"0 0 512 512\" xmlns=\"http:\/\/www.w3.org\/2000\/svg\"><path d=\"M173.898 439.404l-166.4-166.4c-9.997-9.997-9.997-26.206 0-36.204l36.203-36.204c9.997-9.998 26.207-9.998 36.204 0L192 312.69 432.095 72.596c9.997-9.997 26.207-9.997 36.204 0l36.203 36.204c9.997 9.997 9.997 26.206 0 36.204l-294.4 294.401c-9.998 9.997-26.207 9.997-36.204-.001z\"><\/path><\/svg>\t\t\t\t\t\t<\/span>\n\t\t\t\t\t\t\t\t\t\t<span class=\"elementor-icon-list-text\">BOSCH CCS 1000 D \u2013 Tart\u0131\u015fma \u00fcnitesi<\/span>\n\t\t\t\t\t\t\t\t\t\t\t<\/a>\n\t\t\t\t\t\t\t\t\t<\/li>\n\t\t\t\t\t\t\t\t<li class=\"elementor-icon-list-item\">\n\t\t\t\t\t\t\t\t\t\t\t<a href=\"https:\/\/konferenztechnik.de\/tr\/bosch-tartisma-tartisma-si%cc%87stemi%cc%87\/\">\n\n\t\t\t\t\t\t\t\t\t\t\t\t<span class=\"elementor-icon-list-icon\">\n\t\t\t\t\t\t\t<svg aria-hidden=\"true\" class=\"e-font-icon-svg e-fas-check\" viewbox=\"0 0 512 512\" xmlns=\"http:\/\/www.w3.org\/2000\/svg\"><path d=\"M173.898 439.404l-166.4-166.4c-9.997-9.997-9.997-26.206 0-36.204l36.203-36.204c9.997-9.998 26.207-9.998 36.204 0L192 312.69 432.095 72.596c9.997-9.997 26.207-9.997 36.204 0l36.203 36.204c9.997 9.997 9.997 26.206 0 36.204l-294.4 294.401c-9.998 9.997-26.207 9.997-36.204-.001z\"><\/path><\/svg>\t\t\t\t\t\t<\/span>\n\t\t\t\t\t\t\t\t\t\t<span class=\"elementor-icon-list-text\">Bosch Tart\u0131\u015fma mikrofon \u00fcniteleri \u2013 Kablolu konferans sistemi (terc\u00fcme kanallar\u0131\/\u00e7eviri dahil)<\/span>\n\t\t\t\t\t\t\t\t\t\t\t<\/a>\n\t\t\t\t\t\t\t\t\t<\/li>\n\t\t\t\t\t\t\t\t<li class=\"elementor-icon-list-item\">\n\t\t\t\t\t\t\t\t\t\t\t<a href=\"https:\/\/konferenztechnik.de\/tr\/goeruesme-sistemleri-interkom-istasyonlari-kiralayin-satin-alin-kurun-kiraya-verin\/\">\n\n\t\t\t\t\t\t\t\t\t\t\t\t<span class=\"elementor-icon-list-icon\">\n\t\t\t\t\t\t\t<svg aria-hidden=\"true\" class=\"e-font-icon-svg e-fas-check\" viewbox=\"0 0 512 512\" xmlns=\"http:\/\/www.w3.org\/2000\/svg\"><path d=\"M173.898 439.404l-166.4-166.4c-9.997-9.997-9.997-26.206 0-36.204l36.203-36.204c9.997-9.998 26.207-9.998 36.204 0L192 312.69 432.095 72.596c9.997-9.997 26.207-9.997 36.204 0l36.203 36.204c9.997 9.997 9.997 26.206 0 36.204l-294.4 294.401c-9.998 9.997-26.207 9.997-36.204-.001z\"><\/path><\/svg>\t\t\t\t\t\t<\/span>\n\t\t\t\t\t\t\t\t\t\t<span class=\"elementor-icon-list-text\">Ve \u00e7ok daha fazlas\u0131...<\/span>\n\t\t\t\t\t\t\t\t\t\t\t<\/a>\n\t\t\t\t\t\t\t\t\t<\/li>\n\t\t\t\t\t\t<\/ul>\n\t\t\t\t\t\t<\/div>\n\t\t\t\t<\/div>\n\t\t\t\t<div class=\"elementor-element elementor-element-303de14c elementor-widget elementor-widget-image\" data-id=\"303de14c\" data-element_type=\"widget\" data-widget_type=\"image.default\">\n\t\t\t\t<div class=\"elementor-widget-container\">\n\t\t\t\t\t\t\t\t\t\t\t\t\t\t\t<img decoding=\"async\" width=\"1200\" height=\"450\" src=\"https:\/\/konferenztechnik.de\/wp-content\/uploads\/2016\/10\/events-berlin.jpg\" class=\"attachment-full size-full wp-image-8486\" alt=\"\" srcset=\"https:\/\/konferenztechnik.de\/wp-content\/uploads\/2016\/10\/events-berlin.jpg 1200w, https:\/\/konferenztechnik.de\/wp-content\/uploads\/2016\/10\/events-berlin-300x113.jpg 300w, https:\/\/konferenztechnik.de\/wp-content\/uploads\/2016\/10\/events-berlin-1024x384.jpg 1024w, https:\/\/konferenztechnik.de\/wp-content\/uploads\/2016\/10\/events-berlin-768x288.jpg 768w\" sizes=\"(max-width: 1200px) 100vw, 1200px\" title=\"\">\t\t\t\t\t\t\t\t\t\t\t\t\t\t\t<\/div>\n\t\t\t\t<\/div>\n\t\t<div data-particle_enable=\"false\" data-particle-mobile-disabled=\"false\" class=\"elementor-element elementor-element-354704fa e-flex e-con-boxed e-con e-child\" data-id=\"354704fa\" data-element_type=\"container\">\n\t\t\t\t\t<div class=\"e-con-inner\">\n\t\t\t\t<div class=\"elementor-element elementor-element-3b2b5d26 elementor-align-left elementor-widget elementor-widget-button\" data-id=\"3b2b5d26\" data-element_type=\"widget\" data-widget_type=\"button.default\">\n\t\t\t\t<div class=\"elementor-widget-container\">\n\t\t\t\t\t\t\t\t\t<div class=\"elementor-button-wrapper\">\n\t\t\t\t\t<a class=\"elementor-button elementor-button-link elementor-size-lg\" href=\"#serviceteam\">\n\t\t\t\t\t\t<span class=\"elementor-button-content-wrapper\">\n\t\t\t\t\t\t<span class=\"elementor-button-icon\">\n\t\t\t\t<svg aria-hidden=\"true\" class=\"e-font-icon-svg e-far-arrow-alt-circle-down\" viewbox=\"0 0 512 512\" xmlns=\"http:\/\/www.w3.org\/2000\/svg\"><path d=\"M256 8C119 8 8 119 8 256s111 248 248 248 248-111 248-248S393 8 256 8zm0 448c-110.5 0-200-89.5-200-200S145.5 56 256 56s200 89.5 200 200-89.5 200-200 200zm-32-316v116h-67c-10.7 0-16 12.9-8.5 20.5l99 99c4.7 4.7 12.3 4.7 17 0l99-99c7.6-7.6 2.2-20.5-8.5-20.5h-67V140c0-6.6-5.4-12-12-12h-40c-6.6 0-12 5.4-12 12z\"><\/path><\/svg>\t\t\t<\/span>\n\t\t\t\t\t\t\t\t\t<span class=\"elementor-button-text\">\u015eimdi Sorgula<\/span>\n\t\t\t\t\t<\/span>\n\t\t\t\t\t<\/a>\n\t\t\t\t<\/div>\n\t\t\t\t\t\t\t\t<\/div>\n\t\t\t\t<\/div>\n\t\t\t\t\t<\/div>\n\t\t\t\t<\/div>\n\t\t\t\t<div class=\"elementor-element elementor-element-6fa4160a elementor-widget elementor-widget-eael-adv-accordion\" data-id=\"6fa4160a\" data-element_type=\"widget\" data-widget_type=\"eael-adv-accordion.default\">\n\t\t\t\t<div class=\"elementor-widget-container\">\n\t\t\t\t\t            <div class=\"eael-adv-accordion\" id=\"eael-adv-accordion-6fa4160a\" data-scroll-on-click=\"no\" data-scroll-speed=\"300\" data-accordion-id=\"6fa4160a\" data-accordion-type=\"accordion\" data-toogle-speed=\"300\">\n            <div class=\"eael-accordion-list\">\n\t\t\t\t\t<div id=\"veranstaltungsorte-fr-events-und-kongresse-in-bonn-\" class=\"elementor-tab-title eael-accordion-header\" tabindex=\"0\" data-tab=\"1\" aria-controls=\"elementor-tab-content-1871\"><span class=\"eael-advanced-accordion-icon-closed\"><svg aria-hidden=\"true\" class=\"fa-accordion-icon e-font-icon-svg e-fas-plus\" viewbox=\"0 0 448 512\" xmlns=\"http:\/\/www.w3.org\/2000\/svg\"><path d=\"M416 208H272V64c0-17.67-14.33-32-32-32h-32c-17.67 0-32 14.33-32 32v144H32c-17.67 0-32 14.33-32 32v32c0 17.67 14.33 32 32 32h144v144c0 17.67 14.33 32 32 32h32c17.67 0 32-14.33 32-32V304h144c17.67 0 32-14.33 32-32v-32c0-17.67-14.33-32-32-32z\"><\/path><\/svg><\/span><span class=\"eael-advanced-accordion-icon-opened\"><svg aria-hidden=\"true\" class=\"fa-accordion-icon e-font-icon-svg e-fas-minus\" viewbox=\"0 0 448 512\" xmlns=\"http:\/\/www.w3.org\/2000\/svg\"><path d=\"M416 208H32c-17.67 0-32 14.33-32 32v32c0 17.67 14.33 32 32 32h384c17.67 0 32-14.33 32-32v-32c0-17.67-14.33-32-32-32z\"><\/path><\/svg><\/span><span class=\"eael-accordion-tab-title\">Bonn'daki etkinlikler ve kongreler i\u00e7in mekanlar <\/span><svg aria-hidden=\"true\" class=\"fa-toggle e-font-icon-svg e-fas-angle-right\" viewbox=\"0 0 256 512\" xmlns=\"http:\/\/www.w3.org\/2000\/svg\"><path d=\"M224.3 273l-136 136c-9.4 9.4-24.6 9.4-33.9 0l-22.6-22.6c-9.4-9.4-9.4-24.6 0-33.9l96.4-96.4-96.4-96.4c-9.4-9.4-9.4-24.6 0-33.9L54.3 103c9.4-9.4 24.6-9.4 33.9 0l136 136c9.5 9.4 9.5 24.6.1 34z\"><\/path><\/svg><\/div><div id=\"elementor-tab-content-1871\" class=\"eael-accordion-content clearfix\" data-tab=\"1\" aria-labelledby=\"veranstaltungsorte-fr-events-und-kongresse-in-bonn-\"><ul><li>D\u00fcnya Konferans Merkezi Bonn<\/li><li>Bad Godesberg Belediye Binas\u0131<\/li><li>Telekom Dome<\/li><li>Bonn-Beuel K\u00f6pr\u00fc Forumu<\/li><li>Deutsche Welle Bonn<\/li><li>Hardtberg okul merkezi<\/li><li>Bonn-Rhein-Sieg Uygulamal\u0131 Bilimler \u00dcniversitesi (Sankt Augustin)<\/li><li>Kommende Kalesi<\/li><li>Beethoven Evi<\/li><li>Beethoven Salonu<\/li><li>Bonn Kad\u0131n M\u00fczesi<\/li><li>Ekmek fabrikas\u0131<\/li><li>STELLA RHENI<\/li><li>Plan B.<\/li><li>Dans Evi Bonn<\/li><\/ul><\/div>\n\t\t\t\t\t<\/div><div class=\"eael-accordion-list\">\n\t\t\t\t\t<div id=\"die-wichtigsten-veranstaltungshotels-in-bonn\" class=\"elementor-tab-title eael-accordion-header\" tabindex=\"0\" data-tab=\"2\" aria-controls=\"elementor-tab-content-1872\"><span class=\"eael-advanced-accordion-icon-closed\"><svg aria-hidden=\"true\" class=\"fa-accordion-icon e-font-icon-svg e-fas-plus\" viewbox=\"0 0 448 512\" xmlns=\"http:\/\/www.w3.org\/2000\/svg\"><path d=\"M416 208H272V64c0-17.67-14.33-32-32-32h-32c-17.67 0-32 14.33-32 32v144H32c-17.67 0-32 14.33-32 32v32c0 17.67 14.33 32 32 32h144v144c0 17.67 14.33 32 32 32h32c17.67 0 32-14.33 32-32V304h144c17.67 0 32-14.33 32-32v-32c0-17.67-14.33-32-32-32z\"><\/path><\/svg><\/span><span class=\"eael-advanced-accordion-icon-opened\"><svg aria-hidden=\"true\" class=\"fa-accordion-icon e-font-icon-svg e-fas-minus\" viewbox=\"0 0 448 512\" xmlns=\"http:\/\/www.w3.org\/2000\/svg\"><path d=\"M416 208H32c-17.67 0-32 14.33-32 32v32c0 17.67 14.33 32 32 32h384c17.67 0 32-14.33 32-32v-32c0-17.67-14.33-32-32-32z\"><\/path><\/svg><\/span><span class=\"eael-accordion-tab-title\">Bonn'daki en \u00f6nemli etkinlik otelleri<\/span><svg aria-hidden=\"true\" class=\"fa-toggle e-font-icon-svg e-fas-angle-right\" viewbox=\"0 0 256 512\" xmlns=\"http:\/\/www.w3.org\/2000\/svg\"><path d=\"M224.3 273l-136 136c-9.4 9.4-24.6 9.4-33.9 0l-22.6-22.6c-9.4-9.4-9.4-24.6 0-33.9l96.4-96.4-96.4-96.4c-9.4-9.4-9.4-24.6 0-33.9L54.3 103c9.4-9.4 24.6-9.4 33.9 0l136 136c9.5 9.4 9.5 24.6.1 34z\"><\/path><\/svg><\/div><div id=\"elementor-tab-content-1872\" class=\"eael-accordion-content clearfix\" data-tab=\"2\" aria-labelledby=\"die-wichtigsten-veranstaltungshotels-in-bonn\"><ul><li>Maritim Hotel Bonn<\/li><li>Kameha Grand Bonn<\/li><li>Mercure Hotel Bonn Hardtberg<\/li><li>Hilton Bonn<\/li><li>Collegium Leoninum, AMERON Hotel K\u00f6nigshof<\/li><li>President Hotel Bonn<\/li><li>G\u00fcnnewig Hotel Bristol by Centro Hotels<\/li><li>G\u00fcnnewig Hotel Residence<\/li><li>Galeri Design Hotel Bonn<\/li><li>Hotel-Restaurant zur Post Bonn<\/li><li>Dorint Hotel Venusberg Bonn<\/li><li>Derag Livinghotel Kanzler<\/li><li>Seminaris Hotel Bad Honnef<\/li><li>Commundo Konferans Oteli Bad Honnef<\/li><li>Steigenberger Grandhotel Petersberg (K\u00f6nigswinter)<\/li><\/ul><\/div>\n\t\t\t\t\t<\/div><div class=\"eael-accordion-list\">\n\t\t\t\t\t<div id=\"die-wichtigsten-messen-in-bonn\" class=\"elementor-tab-title eael-accordion-header\" tabindex=\"0\" data-tab=\"3\" aria-controls=\"elementor-tab-content-1873\"><span class=\"eael-advanced-accordion-icon-closed\"><svg aria-hidden=\"true\" class=\"fa-accordion-icon e-font-icon-svg e-fas-plus\" viewbox=\"0 0 448 512\" xmlns=\"http:\/\/www.w3.org\/2000\/svg\"><path d=\"M416 208H272V64c0-17.67-14.33-32-32-32h-32c-17.67 0-32 14.33-32 32v144H32c-17.67 0-32 14.33-32 32v32c0 17.67 14.33 32 32 32h144v144c0 17.67 14.33 32 32 32h32c17.67 0 32-14.33 32-32V304h144c17.67 0 32-14.33 32-32v-32c0-17.67-14.33-32-32-32z\"><\/path><\/svg><\/span><span class=\"eael-advanced-accordion-icon-opened\"><svg aria-hidden=\"true\" class=\"fa-accordion-icon e-font-icon-svg e-fas-minus\" viewbox=\"0 0 448 512\" xmlns=\"http:\/\/www.w3.org\/2000\/svg\"><path d=\"M416 208H32c-17.67 0-32 14.33-32 32v32c0 17.67 14.33 32 32 32h384c17.67 0 32-14.33 32-32v-32c0-17.67-14.33-32-32-32z\"><\/path><\/svg><\/span><span class=\"eael-accordion-tab-title\">Bonn'daki en \u00f6nemli ticaret fuarlar\u0131<\/span><svg aria-hidden=\"true\" class=\"fa-toggle e-font-icon-svg e-fas-angle-right\" viewbox=\"0 0 256 512\" xmlns=\"http:\/\/www.w3.org\/2000\/svg\"><path d=\"M224.3 273l-136 136c-9.4 9.4-24.6 9.4-33.9 0l-22.6-22.6c-9.4-9.4-9.4-24.6 0-33.9l96.4-96.4-96.4-96.4c-9.4-9.4-9.4-24.6 0-33.9L54.3 103c9.4-9.4 24.6-9.4 33.9 0l136 136c9.5 9.4 9.5 24.6.1 34z\"><\/path><\/svg><\/div><div id=\"elementor-tab-content-1873\" class=\"eael-accordion-content clearfix\" data-tab=\"3\" aria-labelledby=\"die-wichtigsten-messen-in-bonn\"><ul><li>FedCon<\/li><li>vocatium Bonn\/Rhein-Sieg<\/li><li>kad\u0131n ve i\u015f<\/li><li>I\u0307LA\u00c7 PAZARLAMA<\/li><li>Bonn emlak fuar\u0131<\/li><li>Bonn De\u011ferli Ta\u015f G\u00fcnleri<\/li><li>Kariyer G\u00fcn\u00fc Bonn<\/li><li>\u015eirket G\u00fcn\u00fc<\/li><li>A\u015f\u0131k oldum! Ni\u015fanland\u0131k! Evleniyoruz! Bonn<\/li><li>50 Plus \u2013 Hayat\u0131n tad\u0131n\u0131 \u00e7\u0131karmak Bonn<\/li><li>JuBi Bonn<\/li><li>InnoVario<\/li><li>Bonn Yap\u0131 G\u00fcnleri<\/li><li>\u0130NTERFARM<\/li><li>HAPTICA canl\u0131<\/li><li>bonn sa\u011fl\u0131kl\u0131<\/li><li>D\u00fcnyaya a\u00e7\u0131lmak Messe Bonn<\/li><li>culinaria Bonn<\/li><li>Bonn bisiklet turu fuar\u0131<\/li><li>D\u00dcNYA \u00c7APINDA TAAHH\u00dcT<\/li><li>femme Bonn<\/li><li>GODEMA<\/li><li>Bonn Sanat Fuar\u0131<\/li><\/ul><\/div>\n\t\t\t\t\t<\/div><\/div>\t\t\t\t<\/div>\n\t\t\t\t<\/div>\n\t\t\t\t\t<\/div>\n\t\t\t\t<\/div>\n\t\t<div data-particle_enable=\"false\" data-particle-mobile-disabled=\"false\" class=\"elementor-element elementor-element-33b6e37e e-flex e-con-boxed e-con e-parent\" data-id=\"33b6e37e\" data-element_type=\"container\">\n\t\t\t\t\t<div class=\"e-con-inner\">\n\t\t\t\t<div class=\"elementor-element elementor-element-1af8e305 elementor-widget elementor-widget-shortcode\" data-id=\"1af8e305\" data-element_type=\"widget\" data-widget_type=\"shortcode.default\">\n\t\t\t\t<div class=\"elementor-widget-container\">\n\t\t\t\t\t\t\t<div class=\"elementor-shortcode\"><\/div>\n\t\t\t\t\t\t<\/div>\n\t\t\t\t<\/div>\n\t\t\t\t\t<\/div>\n\t\t\t\t<\/div>\n\t\t\t\t<\/div>","protected":false},"excerpt":{"rendered":"<p>Sprechstellen mieten Bonn \u2013 PCS Konferenztechnik vermietet Diskussionsanlagen f\u00fcr Ihre Tagung oder Konferenz am Rhein Jetzt anfragen Jetzt wird\u2019s musikalisch. Beethovens Geburtsstadt Bonn, am Rhein gelegen und mit einer \u00fcber 2.000-j\u00e4hrigen Geschichte, mauserte sich in den vergangenen Jahren auch zu einem internationalen Konferenzstandort. \u00a0 Ob Tagung, Konferenz oder Runder Tisch \u2013 f\u00fcr Ihre Diskussionsrunde in [&hellip;]<\/p>","protected":false},"author":1,"featured_media":45482,"parent":0,"menu_order":0,"comment_status":"closed","ping_status":"closed","template":"","meta":{"_acf_changed":false,"footnotes":""},"class_list":["post-12806","page","type-page","status-publish","has-post-thumbnail","hentry"],"acf":[],"_links":{"self":[{"href":"https:\/\/konferenztechnik.de\/tr\/wp-json\/wp\/v2\/pages\/12806","targetHints":{"allow":["GET"]}}],"collection":[{"href":"https:\/\/konferenztechnik.de\/tr\/wp-json\/wp\/v2\/pages"}],"about":[{"href":"https:\/\/konferenztechnik.de\/tr\/wp-json\/wp\/v2\/types\/page"}],"author":[{"embeddable":true,"href":"https:\/\/konferenztechnik.de\/tr\/wp-json\/wp\/v2\/users\/1"}],"replies":[{"embeddable":true,"href":"https:\/\/konferenztechnik.de\/tr\/wp-json\/wp\/v2\/comments?post=12806"}],"version-history":[{"count":0,"href":"https:\/\/konferenztechnik.de\/tr\/wp-json\/wp\/v2\/pages\/12806\/revisions"}],"wp:featuredmedia":[{"embeddable":true,"href":"https:\/\/konferenztechnik.de\/tr\/wp-json\/wp\/v2\/media\/45482"}],"wp:attachment":[{"href":"https:\/\/konferenztechnik.de\/tr\/wp-json\/wp\/v2\/media?parent=12806"}],"curies":[{"name":"wp","href":"https:\/\/api.w.org\/{rel}","templated":true}]}}