{"id":13067,"date":"2018-05-03T09:28:17","date_gmt":"2018-05-03T08:28:17","guid":{"rendered":"https:\/\/www.konferenztechnik.de\/?page_id=13067"},"modified":"2023-09-01T13:12:43","modified_gmt":"2023-09-01T11:12:43","slug":"mipro-rehber-sistemi-satin-al","status":"publish","type":"page","link":"https:\/\/konferenztechnik.de\/tr\/mipro-rehber-sistemi-satin-al\/","title":{"rendered":"Mipro k\u0131lavuz sistemi sat\u0131n al\u0131n"},"content":{"rendered":"<h1>Mipro k\u0131lavuz sistemi sat\u0131n al\u0131n<\/h1>\n<div class=\"call-action-slider-img\">\n<img decoding=\"async\" src=\"https:\/\/konferenztechnik.de\/wp-content\/uploads\/2018\/05\/mipro-tour-guide-kaufen.jpg\" alt=\"Mipro k\u0131lavuz sistemi sat\u0131n al\u0131n\" class=\"alignnone size-full wp-image-12201\" title=\"\"><br \/>\n<button class=\"bbtn popmake-12226\">Fiyat teklifi isteyin &#x9B;<\/button><\/div>\n<h2>Al\u0131c\u0131 MTG-100R<\/h2>\n<p>[spacer size=\"10\u2033]<\/p>\n<p>G\u00f6\u011f\u00fcs cebi format\u0131nda d\u00fcnyan\u0131n en k\u00fc\u00e7\u00fck ve en hafif al\u0131c\u0131s\u0131. Sa\u011flam, dayan\u0131kl\u0131 ve kullan\u0131m\u0131 kolay.<\/p>\n<p>1: Ses seviyesi kontrol\u00fc (20 seviyede ayarlanabilir)<\/p>\n<p>2: A\u00e7ma\/kapama d\u00fc\u011fmesi (2 saniye bas\u0131l\u0131 tutun)<br \/>\na\u00e7mak veya kapatmak i\u00e7in bas\u0131l\u0131 tutun)<\/p>\n<p>3: LCD ekran (kanal, al\u0131m g\u00fcc\u00fc i\u00e7in ekran,<br \/>\nses seviyesi ve pil durumu)<\/p>\n<p>4: Kanal se\u00e7me anahtar\u0131 (16 kanal)<\/p>\n<p>5: K\u0131z\u0131l\u00f6tesi sens\u00f6r (otomatik kanal se\u00e7imi i\u00e7in)<br \/>\n\u015farj istasyonunda senkronizasyon)<\/p>\n<p>6: \u015earj kontaklar\u0131 (otomatik \u015farj i\u00e7in<br \/>\n\u015farj istasyonundaki pillerin)<\/p>\n<p>G\u00fcvenli sinyal iletimi i\u00e7in dijital \u015fifreleme<br \/>\nyetkisiz dinleyicilere kar\u015f\u0131 korur.<br \/>\nDijital ger\u00e7ek \u00e7e\u015fitlilik teknolojisi \u015funlar\u0131 \u00f6nler<br \/>\nve al\u0131m alan\u0131n\u0131 art\u0131r\u0131r. arac\u0131l\u0131\u011f\u0131yla<br \/>\ns\u00fcrekli dijital iletim, a\u015fa\u011f\u0131dakilere gerek yoktur<br \/>\ng\u00fczergah nedeniyle sinyal zay\u0131flamas\u0131.<br \/>\nKristal netli\u011finde ses ve \u00e7ok iyi konu\u015fma anla\u015f\u0131l\u0131rl\u0131\u011f\u0131.<br \/>\nOtomatik kapanma fonksiyonu azalt\u0131ld\u0131<br \/>\nstand-by modunda g\u00fc\u00e7 t\u00fcketimini azalt\u0131r ve<br \/>\ndolay\u0131s\u0131yla toplam \u00e7al\u0131\u015fma s\u00fcresi.<\/p>\n<hr style=\"background-color:#999999; margin-bottom:30px;\">\n<div class=\"call-action-slider-img\">\n<img decoding=\"async\" src=\"https:\/\/konferenztechnik.de\/wp-content\/uploads\/2018\/05\/mipro-personenfuehrungsanlage-kaufen.jpg\" alt=\"Mipro insan y\u00f6nlendirme sistemi sat\u0131n al\u0131n\" class=\"alignnone size-full wp-image-12201\" title=\"\"><\/p>\n<\/div>\n<h2>MTG-100T \/ MTG-100Ta cep vericisi<\/h2>\n<p>[spacer size=\"10\u2033]<\/p>\n<p>Ultra kompakt, ultra hafif ve g\u00f6\u011f\u00fcs cebi format\u0131ndaki MTG-100, lisanss\u0131z ISM band\u0131 863-865 MHz'de kristal netli\u011finde ses sa\u011flar. \u00d6nceden programlanm\u0131\u015f 16 adede kadar parazitsiz kanal, birbiriyle etkile\u015fime girmeden farkl\u0131 ziyaret\u00e7i gruplar\u0131na atanabilir.<\/p>\n<p>MTG100T: Li-ion batarya ile (45 x 84 x 21 mm, 65 g)<\/p>\n<p>MTG100Ta: AA pillerle (45 x 84 x 28 mm, 72 g)<\/p>\n<hr style=\"background-color:#999999; margin-bottom:30px;\">\n<div class=\"call-action-slider-img\">\n<img decoding=\"async\" src=\"https:\/\/konferenztechnik.de\/wp-content\/uploads\/2018\/05\/mipro-handsender-MTG-100Ha.jpg\" alt=\"Mipro el mikrofonu PFA\" class=\"alignnone size-full wp-image-12201\" title=\"\"><\/p>\n<\/div>\n<h2>MTG-100Ha el tipi verici<\/h2>\n<p>[spacer size=\"10\u2033]<\/p>\n<p>Kristal netli\u011finde ses ve \u00e7ok iyi konu\u015fma anla\u015f\u0131l\u0131rl\u0131\u011f\u0131. Sa\u011flam, dayan\u0131kl\u0131 ve kullan\u0131m\u0131 kolay. Bluetooth, WLAN ve 2,4 GHz radyo iletimlerinden kaynaklanan parazitlere kar\u015f\u0131 dayan\u0131kl\u0131d\u0131r.<\/p>\n<p>1: Arkadan ayd\u0131nlatmal\u0131 LCD ekran<\/p>\n<p>2: Pil b\u00f6lmesi<\/p>\n<hr style=\"background-color:#999999; margin-bottom:30px;\">\n<div class=\"call-action-slider-img\">\n<img decoding=\"async\" src=\"https:\/\/konferenztechnik.de\/wp-content\/uploads\/2018\/05\/mipro-sender-pfa.jpg\" alt=\"Mipro verici PFA\" class=\"alignnone size-full wp-image-12201\" title=\"\"><\/p>\n<\/div>\n<h2>Sabit dijital verici MTS-100<\/h2>\n<p>[spacer size=\"10\u2033]<\/p>\n<p>MTS-100 sabit verici, MTG-100R ve MTG-100Ra al\u0131c\u0131lar\u0131 i\u00e7in bir verici istasyonu olarak kullan\u0131labilir. Kablolu mikrofon, CD\/MP3 \u00e7alar veya ses mikseri gibi harici ses kaynaklar\u0131 XLR\/6.35 mm kombinasyon soketi \u00fczerinden kolayca ba\u011flanabilir.<\/p>\n<p>1: Ses sinyali ekran\u0131 (giri\u015f seviyesini g\u00f6sterir<br \/>\nses sinyalinin)<\/p>\n<p>2: \u0130letim sinyali g\u00f6stergesi (sinyal seviyesini g\u00f6sterir)<br \/>\nHF iletim sinyali)<\/p>\n<p>3: Verici mod\u00fcl\u00fc (mod\u00fcler, de\u011fi\u015ftirilebilir<br \/>\n\u00d6nceden programlanm\u0131\u015f 16 kanall\u0131 verici mod\u00fcl\u00fc)<\/p>\n<hr style=\"background-color:#999999; margin-bottom:30px;\">\n<div class=\"call-action-slider-img\">\n<img decoding=\"async\" src=\"https:\/\/konferenztechnik.de\/wp-content\/uploads\/2018\/05\/mipro-ladekoffer.jpg\" alt=\"Mipro \u015farj kutusu\" class=\"alignnone size-full wp-image-12201\" title=\"\"><\/p>\n<\/div>\n<h2>\u015earj ve ta\u015f\u0131ma \u00e7antas\u0131 MTG-100C-12 \/ MTG-100C-28<\/h2>\n<p>[spacer size=\"10\u2033]<\/p>\n<p>H\u0131zl\u0131 \u015farj 4 saatten daha k\u0131sa s\u00fcrede;<br \/>\nHer b\u00f6lme i\u00e7in LED \u015farj seviyesi g\u00f6stergesi (k\u0131rm\u0131z\u0131: \u015farj oluyor; ye\u015fil: dolu);<br \/>\nACT\u2122 d\u00fc\u011fmesi (Otomatik Kanal Hedefleme) verici ve t\u00fcm al\u0131c\u0131lar aras\u0131nda hassas ve h\u0131zl\u0131 frekans senkronizasyonu sa\u011flar;<br \/>\nDahili anahtarlamal\u0131 g\u00fc\u00e7 kayna\u011f\u0131 100-240V AC.<\/p>\n<p>MTG-100C-12 (12 al\u0131c\u0131 i\u00e7in)<\/p>\n<p>MTG-100C-28 (28 al\u0131c\u0131 i\u00e7in)<\/p>\n<hr style=\"background-color:#999999; margin-bottom:30px;\">\n<div class=\"call-action-slider-img\">\n<img decoding=\"async\" src=\"https:\/\/konferenztechnik.de\/wp-content\/uploads\/2018\/05\/MTG-100C4-Ladestation.jpg\" alt=\"Mipro \u015farj istasyonu \u0130nsan y\u00f6nlendirme sisteminin kurulumu\" class=\"alignnone size-full wp-image-12201\" title=\"\"><\/p>\n<\/div>\n<h2>\u015earj istasyonu MTG-100C4<\/h2>\n<p>[spacer size=\"10\u2033]<\/p>\n<p>MTG-100 verici\/al\u0131c\u0131 i\u00e7in 4 y\u00f6nl\u00fc \u015farj istasyonu;<br \/>\nH\u0131zl\u0131 \u015farj 4 saatten daha k\u0131sa s\u00fcrede;<br \/>\nHer b\u00f6lme i\u00e7in LED \u015farj seviyesi g\u00f6stergesi (k\u0131rm\u0131z\u0131: \u015farj oluyor; ye\u015fil: dolu);<br \/>\n8V\/0.75A DC g\u00fc\u00e7 kayna\u011f\u0131 \u00fcnitesi i\u00e7in ba\u011flant\u0131.<\/p>\n<p>Mod\u00fcler olarak geni\u015fletilebilir, sabit kurulum ve raf montaj\u0131 i\u00e7in uygundur (4 \u00fcniteli mod\u00fcl MTG-100C-16 olarak mevcuttur).<\/p>\n<hr style=\"background-color:#999999; margin-bottom:30px;\">\n<div class=\"call-action-slider-img\">\n<img decoding=\"async\" src=\"https:\/\/konferenztechnik.de\/wp-content\/uploads\/2018\/05\/mipro-mikrofone-kopfhoerer.jpg\" alt=\"Mipro mikrofonlar kulakl\u0131k aksesuarlar\u0131\" class=\"alignnone size-full wp-image-12201\" title=\"\"><\/p>\n<\/div>\n<h2>Mikrofonlar, kulakl\u0131klar, aksesuarlar<\/h2>\n<p>[spacer size=\"10\u2033]<\/p>\n<p>\u00c7ok \u00e7e\u015fitli \u2013 mikrofonlar, hem klipsli hem de boyun band\u0131 (\u00e7ok y\u00f6nl\u00fc veya kardioid), ind\u00fcksiyon halkalar\u0131, kulakl\u0131klar, stereo kulakl\u0131klar...<\/p>\n<p>Mod\u00fcler olarak geni\u015fletilebilir, sabit kurulum ve raf montaj\u0131 i\u00e7in uygundur (4 \u00fcniteli mod\u00fcl MTG-100C-16 olarak mevcuttur).<\/p>\n<hr style=\"background-color:#999999; margin-bottom:30px;\">\n<div class=\"call-action-slider-img\">\n<img decoding=\"async\" src=\"https:\/\/konferenztechnik.de\/wp-content\/uploads\/2018\/05\/mipro-fuehrungsanlage.jpg\" alt=\"Mipro k\u0131lavuz sistemi sat\u0131n al\u0131n\" class=\"alignnone size-full wp-image-12201\" title=\"\"><br \/>\n<button class=\"bbtn popmake-12226\">Fiyat teklifi isteyin &#x9B;<\/button><\/div>\n<div style=\"background-color:#f2f2f2; width:100%; display:block; margin-bottom:40px;\">\n<div style=\"text-align:center; width:100%; padding:left:10px; padding-top:18px;\"><img decoding=\"async\" src=\"https:\/\/konferenztechnik.de\/wp-content\/uploads\/2018\/05\/bewerten-happy.png\" alt=\"\" width=\"142\" height=\"42\" class=\"aligncenter size-full wp-image-13128\" title=\"\"><\/div>\n<div style=\"text-align:left; padding:10px;\">Eldiven gibi oturuyor! Tavsiyelerimizden yararlan\u0131n. Hangi k\u0131lavuz sisteminin hangi konfig\u00fcrasyonda gereksinimlerinizi en iyi \u015fekilde kar\u015f\u0131lad\u0131\u011f\u0131n\u0131 belirlemek i\u00e7in sizinle birlikte \u00e7al\u0131\u015fmaktan mutluluk duyaca\u011f\u0131z.<\/div>\n<\/div>\n<div class=\"callouthoch\">\n[callout add_button=\"no\" button_text=\"Learn More\" button_url=\"#\" button_color=\"#a62055\u2033]<br \/>\nBize do\u011frudan telefonla ula\u015fabilirsiniz:<br \/>\n[v_icon color=\"#a62055\u2033 size=\"20px\" target=\"_blank\" name=\"moon-phone-2\u2033] +49 211 737798 20<br \/>\n[\/callout]<\/div>\n<div class=\"callouthoch\">\n[callout add_button=\"no\" button_text=\"Learn More\" button_url=\"#\" button_color=\"#a62055\u2033]<br \/>\nL\u00fctfen sorular\u0131n\u0131z\u0131 e-posta ile g\u00f6nderin:<br \/>\n[v_icon color=\"#a62055\u2033 size=\"20px\" target=\"_blank\" name=\"moon-envelop-2\u2033] <a href=\"mailto:vertrieb@konferenztechnik.de\" onclick=\"ga('send', 'event', 'Email-Klick', 'F\u00fchrungsanlagen kaufen  Vertrieb');\"> vertrieb@konferenztechnik.de<\/a><br \/>\n[\/callout]<\/div>\n<p>[spacer size=\"10\u2033]<\/p>\n<div class=\"weiterlinks\" style=\"background-color:#ffffff;\">\n<h1>Di\u011fer ba\u011flant\u0131lar<\/h1>\n<p>[list icon=\"moon-arrow-right-2\u2033 color=\"#a62055\u2033]<a title=\"\u00c7ok dilli etkinlikler i\u00e7in destek\" href=\"\/tr\/kisisel-rehberlik-sistemi-satin-alin\/\">Yolcu y\u00f6nlendirme sistemleri i\u00e7in genel bak\u0131\u015f sayfas\u0131<\/a>[\/list]<br \/>\n[list icon=\"moon-arrow-right-2\u2033 color=\"#a62055\u2033]<a title=\"\u00c7ok dilli etkinlikler i\u00e7in destek\" href=\"\/tr\/beyerdynamic-unite-iletisim-sistemi\/\">Yak\u0131nda sat\u0131\u015fa sunulacak: Beyerdynamic Unite y\u00f6nlendirme sistemi<\/a>[\/list]<br \/>\n[list icon=\"moon-arrow-right-2\u2033 color=\"#a62055\u2033]<a title=\"\u00c7ok dilli etkinlikler i\u00e7in destek\" href=\"\/tr\/konferans-teknolojisi-satin-alin\/\">Konferans teknolojisi sat\u0131\u015flar\u0131<\/a>[\/list]<br \/>\n[list icon=\"moon-arrow-right-2\u2033 color=\"#a62055\u2033]<a title=\"Referanslar\" href=\"\/tr\/konferans-teknolojisi-ve-medya-sistemlerinin-kurulumu-ve-entegrasyonu\/\">Konferans ve medya teknolojisinin kurulumu<\/a>[\/list]<br \/>\n[list icon=\"moon-arrow-right-2\u2033 color=\"#a62055\u2033]<a title=\"Terc\u00fcmanlar i\u00e7in e\u011fitim ve hizmetler\" href=\"\/tr\/tercuemanlara-yoenelik-egitim-kurslari-ve-hizmetler\/\">Terc\u00fcmanlar i\u00e7in e\u011fitim ve hizmetler<\/a>[\/list]<br \/>\n[list icon=\"moon-arrow-right-2\u2033 color=\"#a62055\u2033]<a title=\"PCS i\u00e7in 10 iyi neden\" href=\"\/tr\/hakkimizda-2\/pcler-icin-10-iyi-neden\/\">PCS i\u00e7in 10 iyi neden<\/a>[\/list]<br \/>\n[list icon=\"moon-arrow-right-2\u2033 color=\"#a62055\u2033]<a title=\"PCS: Bir bak\u0131\u015fta t\u00fcm hizmetler\" href=\"\/tr\/hizmetler-2\/\">PCS: Bir bak\u0131\u015fta t\u00fcm hizmetler<\/a>[\/list]<\/ul>\n<\/div>\n<\/div>\n<p>[spacer size=\"20\u2033]<\/p>","protected":false},"excerpt":{"rendered":"<p>Mipro F\u00fchrungsanlage kaufen Angebot anfordern &#x9B; Empf\u00e4nger MTG-100R [spacer size=&#8220;10&#8243;] Der weltweit kleinste und leichteste Empf\u00e4nger im Brusttaschenformat. Robust, langlebig und einfach zu bedienen. 1: Lautst\u00e4rkeregelung (in 20 Stufen einstellbar) 2: Ein-\/Ausschalter (dr\u00fccken und 2 Sekunden halten, um ein- oder auszuschalten) 3: LCD-Display (Anzeige f\u00fcr Kanal, Empfangsst\u00e4rke, Lautst\u00e4rke und Batteriestatus) 4: Kanalwahlschalter (16 Kan\u00e4le) 5: [&hellip;]<\/p>","protected":false},"author":1,"featured_media":45482,"parent":0,"menu_order":0,"comment_status":"closed","ping_status":"closed","template":"","meta":{"_acf_changed":false,"footnotes":""},"class_list":["post-13067","page","type-page","status-publish","has-post-thumbnail","hentry"],"acf":[],"_links":{"self":[{"href":"https:\/\/konferenztechnik.de\/tr\/wp-json\/wp\/v2\/pages\/13067","targetHints":{"allow":["GET"]}}],"collection":[{"href":"https:\/\/konferenztechnik.de\/tr\/wp-json\/wp\/v2\/pages"}],"about":[{"href":"https:\/\/konferenztechnik.de\/tr\/wp-json\/wp\/v2\/types\/page"}],"author":[{"embeddable":true,"href":"https:\/\/konferenztechnik.de\/tr\/wp-json\/wp\/v2\/users\/1"}],"replies":[{"embeddable":true,"href":"https:\/\/konferenztechnik.de\/tr\/wp-json\/wp\/v2\/comments?post=13067"}],"version-history":[{"count":0,"href":"https:\/\/konferenztechnik.de\/tr\/wp-json\/wp\/v2\/pages\/13067\/revisions"}],"wp:featuredmedia":[{"embeddable":true,"href":"https:\/\/konferenztechnik.de\/tr\/wp-json\/wp\/v2\/media\/45482"}],"wp:attachment":[{"href":"https:\/\/konferenztechnik.de\/tr\/wp-json\/wp\/v2\/media?parent=13067"}],"curies":[{"name":"wp","href":"https:\/\/api.w.org\/{rel}","templated":true}]}}