{"id":141,"date":"2013-06-25T11:07:51","date_gmt":"2013-06-25T09:07:51","guid":{"rendered":"https:\/\/pcs-miete.de\/?page_id=141"},"modified":"2023-09-01T13:22:07","modified_gmt":"2023-09-01T11:22:07","slug":"hakkimizda","status":"publish","type":"page","link":"https:\/\/konferenztechnik.de\/tr\/hakkimizda\/","title":{"rendered":"Hakk\u0131m\u0131zda"},"content":{"rendered":"<h1>Hakk\u0131m\u0131zda<\/h1>\n<p>[rev_slider overuns]<br \/>\n[spacer size=\"20\u2033]<\/p>\n<p>[column size=\"1-2\u2033 last=\"0\u2033]<\/p>\n<p>PCS, 1995 y\u0131l\u0131ndan bu yana d\u00fcnyan\u0131n d\u00f6rt bir yan\u0131ndaki konferans ve toplant\u0131lar\u0131 desteklemektedir. S\u00f6zl\u00fc \u00e7eviri ekipman\u0131 ve konferans teknolojisinin kiralanmas\u0131, sat\u0131\u015f\u0131 ve servisi i\u00e7in orta\u011f\u0131n\u0131z\u0131z. Konu ne kadar zorlu olursa olsun size g\u00fcvenilir, y\u00fcksek kaliteli \u00e7eviriler \u2013 sa\u011flamak i\u00e7in en tan\u0131nm\u0131\u015f terc\u00fcmanlarla \u00e7al\u0131\u015f\u0131yoruz. En ba\u015f\u0131ndan beri t\u00fcm konferanslar\u0131 saran \u00f6zel atmosferde ba\u015far\u0131l\u0131 olduk ve uzun y\u0131llara dayanan deneyimimizi her seferinde ortaya koyarak m\u00fc\u015fterilerimizi desteklemeye kendimizi tamamen adad\u0131k. 2006 y\u0131l\u0131nda PCS, sabit kurulumlar ve s\u00f6zl\u00fc \u00e7eviri ekipman\u0131, tart\u0131\u015fma sistemleri ve konferans ve medya teknolojisi sat\u0131\u015f\u0131 sunmay\u0131 da i\u00e7erecek \u015fekilde geni\u015fledi.<\/p>\n<p>[\/column]<\/p>\n<p>[column size=\"1-2\u2033 last=\"1\u2033]<\/p>\n<p>Ekibimiz \u00e7o\u011funlukla g\u00f6rsel ve i\u015fitsel sekt\u00f6rlerin \u00e7e\u015fitli alanlar\u0131ndan daimi olarak istihdam edilen uzmanlardan olu\u015fmaktad\u0131r: M\u00fchendisler, etkinlik teknolojisi uzmanlar\u0131, yetenekli elektrik\u00e7iler, programc\u0131lar ve etkinlik teknisyenleri. Ayr\u0131ca size g\u00fcvenilir planlama, profesyonel \u00e7\u00f6z\u00fcmler ve do\u011fru bir \u015fekilde ger\u00e7ekle\u015ftirilen bir i\u015f sa\u011flayabiliriz. Kapsaml\u0131 at\u00f6lye olanaklar\u0131 ve iyi e\u011fitimli bak\u0131m ekibimizle size s\u00fcrekli destek sa\u011fl\u0131yoruz. S\u00fcrekli olarak elimizden gelen en iyi m\u00fc\u015fteri memnuniyetini sa\u011flamaya \u00e7al\u0131\u015f\u0131yoruz. M\u00fc\u015fterilerimiz, tedarik\u00e7ilerimiz ve \u00e7al\u0131\u015fanlar\u0131m\u0131zla aram\u0131zdaki e\u015fit ortakl\u0131k, projenizin ba\u015far\u0131l\u0131 olmas\u0131n\u0131 garanti eder ve uzun vadeli ba\u015far\u0131m\u0131z\u0131n stratejik temelini olu\u015fturur.<\/p>\n<p>[\/column]<\/p>\n<p><img decoding=\"async\" src=\"https:\/\/konferenztechnik.de\/wp-content\/uploads\/2018\/01\/poster-pcs.png\" alt=\"pcs-poster\" class=\"alignnone size-full wp-image-8180\" title=\"\"><\/p>","protected":false},"excerpt":{"rendered":"<p>Hakk\u0131m\u0131zda [rev_slider ueberuns] [spacer size=\"20\u2033] [column size=\"1-2\u2033 last=\"0\u2033] PCS, 1995 y\u0131l\u0131ndan bu yana d\u00fcnyan\u0131n d\u00f6rt bir yan\u0131ndaki konferans ve toplant\u0131lar\u0131 desteklemektedir. S\u00f6zl\u00fc \u00e7eviri ekipman\u0131 ve konferans teknolojisinin kiralanmas\u0131, sat\u0131\u015f\u0131 ve servisi i\u00e7in orta\u011f\u0131n\u0131z\u0131z. Ne kadar zorlu olursa olsun size g\u00fcvenilir, y\u00fcksek kaliteli \u00e7eviriler \u2013 sa\u011flamak i\u00e7in en tan\u0131nm\u0131\u015f terc\u00fcmanlarla \u00e7al\u0131\u015f\u0131yoruz [...]<\/p>","protected":false},"author":1,"featured_media":45482,"parent":0,"menu_order":256,"comment_status":"closed","ping_status":"open","template":"","meta":{"_acf_changed":false,"footnotes":""},"class_list":["post-141","page","type-page","status-publish","has-post-thumbnail","hentry"],"acf":[],"_links":{"self":[{"href":"https:\/\/konferenztechnik.de\/tr\/wp-json\/wp\/v2\/pages\/141","targetHints":{"allow":["GET"]}}],"collection":[{"href":"https:\/\/konferenztechnik.de\/tr\/wp-json\/wp\/v2\/pages"}],"about":[{"href":"https:\/\/konferenztechnik.de\/tr\/wp-json\/wp\/v2\/types\/page"}],"author":[{"embeddable":true,"href":"https:\/\/konferenztechnik.de\/tr\/wp-json\/wp\/v2\/users\/1"}],"replies":[{"embeddable":true,"href":"https:\/\/konferenztechnik.de\/tr\/wp-json\/wp\/v2\/comments?post=141"}],"version-history":[{"count":0,"href":"https:\/\/konferenztechnik.de\/tr\/wp-json\/wp\/v2\/pages\/141\/revisions"}],"wp:featuredmedia":[{"embeddable":true,"href":"https:\/\/konferenztechnik.de\/tr\/wp-json\/wp\/v2\/media\/45482"}],"wp:attachment":[{"href":"https:\/\/konferenztechnik.de\/tr\/wp-json\/wp\/v2\/media?parent=141"}],"curies":[{"name":"wp","href":"https:\/\/api.w.org\/{rel}","templated":true}]}}