{"id":15284,"date":"2019-09-26T15:54:02","date_gmt":"2019-09-26T14:54:02","guid":{"rendered":"https:\/\/www.konferenztechnik.de\/?page_id=15284"},"modified":"2023-09-01T13:19:45","modified_gmt":"2023-09-01T11:19:45","slug":"sennheiser-lsp-500-pro-satin-al","status":"publish","type":"page","link":"https:\/\/konferenztechnik.de\/tr\/sennheiser-lsp-500-pro-satin-al\/","title":{"rendered":"Sennheiser LSP 500 PRO Sat\u0131n Al\u0131n"},"content":{"rendered":"<h1>Sennheiser LSP 500 PRO Sat\u0131n Al\u0131n<\/h1>\n<h2>Toplant\u0131lar, konferanslar ve etkinlikler i\u00e7in kablosuz ses sistemi. Pille \u00e7al\u0131\u015f\u0131r, uygulama \u00fczerinden kontrol edilir, esnek kullan\u0131m, PCS paketleri, h\u0131zl\u0131 teslimat.<\/h2>\n<p><!-- <img decoding=\"async\" src=\"https:\/\/konferenztechnik.de\/wp-content\/uploads\/2019\/09\/sennheiser-lsp-500-pro-kaufen-und-angebote-1.jpg\" alt=\"Sennheiser LSP 500 PRO kaufen\" class=\"aligncenter size-full wp-image-15112\" title=\"\"> --><\/p>\n<p>L\u00fctfen Sennheiser'\u0131n LSP 500 PRO serisini derhal ge\u00e7erli olmak \u00fczere durdurdu\u011funu unutmay\u0131n. Ancak, sizin i\u00e7in sundu\u011fumuz alternatiflerimiz var. Bizimle ileti\u015fime ge\u00e7meniz yeterli.<\/p>\n<p>Ancak, halen devam etmekte olan garanti hizmetleri ve servis sipari\u015fleri belirtilen s\u00fcre boyunca ge\u00e7erli kal\u0131r.<\/p>\n<p>Sennheiser LSP 500 PRO, tamamen kablosuz olarak \u00e7al\u0131\u015ft\u0131r\u0131labilen eksiksiz bir ses sistemidir. Hoparl\u00f6rler ve mikrofonlar \u015farj edilebilir bir batarya ile \u00e7al\u0131\u015f\u0131r. Kablosuz mikrofonlar\u0131n al\u0131c\u0131lar\u0131 hoparl\u00f6rlerin arkas\u0131na entegre edilmi\u015ftir.<\/p>\n<h2>Sennheiser LSP 500 PRO \u2013 PCS teklifleri ve paketleri (art\u0131k mevcut de\u011fil)<\/h2>\n<div class=\"bundle-container\">\n<div class=\"bundle-box\"><span class=\"no-hint\">Ek olarak<\/span><\/p>\n<div class=\"bundle-box-head\"><span class=\"bundle-title\">LSP 500 Taban<\/span><\/div>\n<figure class=\"bundle-pic\"><img fetchpriority=\"high\" decoding=\"async\" width=\"500\" height=\"280\" class=\"alignleft size-full wp-image-15171\" src=\"https:\/\/konferenztechnik.de\/wp-content\/uploads\/2019\/09\/sennheiser-lsp-500-pro-basis-angebot.jpg\" alt=\"sennheiser-lsp-500-pro-basic-offer\" title=\"\" srcset=\"https:\/\/konferenztechnik.de\/wp-content\/uploads\/2019\/09\/sennheiser-lsp-500-pro-basis-angebot.jpg 500w, https:\/\/konferenztechnik.de\/wp-content\/uploads\/2019\/09\/sennheiser-lsp-500-pro-basis-angebot-300x168.jpg 300w\" sizes=\"(max-width: 500px) 100vw, 500px\" \/><\/figure>\n<div class=\"bundle-box-body\">1 hoparl\u00f6r (mono)<br \/>\nPil ile \u00e7al\u0131\u015fma<br \/>\nBluetooth \u00fczerinden ak\u0131\u015f<br \/>\nSes \u00e7alma ve kaydetme<\/div>\n<\/div>\n<div class=\"bundle-box bundle-box-hint\"><span class=\"hint\">Bizim tavsiyemiz<\/span><\/p>\n<div class=\"bundle-box-head\"><span class=\"bundle-title\">LSP 500 Eylem<\/span><\/div>\n<figure class=\"bundle-pic\"><img decoding=\"async\" width=\"500\" height=\"280\" class=\"alignleft size-full wp-image-15174\" src=\"https:\/\/konferenztechnik.de\/wp-content\/uploads\/2019\/09\/sennheiser-lsp-500-pro-start-angebot.jpg\" alt=\"\" title=\"\" srcset=\"https:\/\/konferenztechnik.de\/wp-content\/uploads\/2019\/09\/sennheiser-lsp-500-pro-start-angebot.jpg 500w, https:\/\/konferenztechnik.de\/wp-content\/uploads\/2019\/09\/sennheiser-lsp-500-pro-start-angebot-300x168.jpg 300w\" sizes=\"(max-width: 500px) 100vw, 500px\" \/><\/figure>\n<div class=\"bundle-box-body\">2 hoparl\u00f6r (stereo)<br \/>\nPil ile \u00e7al\u0131\u015fma<br \/>\nBluetooth \u00fczerinden ak\u0131\u015f<br \/>\nSes \u00e7alma ve kaydetme<br \/>\n1 kablosuz mikrofon ve al\u0131c\u0131<br \/>\n2 hoparl\u00f6r stand\u0131<\/div>\n<\/div>\n<div class=\"bundle-box\"><span class=\"no-hint\">Tam olarak sizin fikirlerinize g\u00f6re<\/span><\/p>\n<div class=\"bundle-box-head\"><span class=\"bundle-title\">LSP 500 \u00d6zel<\/span><\/div>\n<figure class=\"bundle-pic\"><img decoding=\"async\" width=\"500\" height=\"280\" class=\"alignleft size-full wp-image-15176\" src=\"https:\/\/konferenztechnik.de\/wp-content\/uploads\/2019\/09\/sennheiser-lsp-500-pro-custom-angebot.jpg\" alt=\"\" title=\"\" srcset=\"https:\/\/konferenztechnik.de\/wp-content\/uploads\/2019\/09\/sennheiser-lsp-500-pro-custom-angebot.jpg 500w, https:\/\/konferenztechnik.de\/wp-content\/uploads\/2019\/09\/sennheiser-lsp-500-pro-custom-angebot-300x168.jpg 300w\" sizes=\"(max-width: 500px) 100vw, 500px\" \/><\/figure>\n<div class=\"bundle-box-body\">\u0130steklerinize g\u00f6re yap\u0131land\u0131r\u0131l\u0131r<br \/>\nPil ile \u00e7al\u0131\u015fma<br \/>\nBluetooth \u00fczerinden ak\u0131\u015f<br \/>\nSes \u00e7alma ve kaydetme<\/div>\n<\/div>\n<\/div>\n<p>Sennheiser LSP 500 PRO fabrikadan temel konfig\u00fcrasyonda teslim edilir. Bu, hoparl\u00f6r\u00fc bir arama motoru kullanarak bulursan\u0131z \u00e7e\u015fitli \u00e7evrimi\u00e7i perakendecilerden de alaca\u011f\u0131n\u0131z yap\u0131land\u0131rmad\u0131r.<\/p>\n<p>Ses sisteminin tam performans\u0131ndan ve potansiyelinden faydalanmak i\u00e7in ya paketlerimizden birini se\u00e7menizi ya da sisteminizi ihtiya\u00e7lar\u0131n\u0131za g\u00f6re yap\u0131land\u0131rmam\u0131z\u0131 tavsiye ederiz. Daha sonra \u00f6nceden yap\u0131land\u0131r\u0131lm\u0131\u015f sistemi do\u011frudan bizden sipari\u015f edebilirsiniz. Ya da teknisyenlerimiz taraf\u0131ndan tesisinize entegre edilmesini sa\u011flayabilirsiniz. Ayr\u0131ca siz ve \u00e7al\u0131\u015fanlar\u0131n\u0131z i\u00e7in talimat ve e\u011fitim de sunuyoruz. Ba\u011flay\u0131c\u0131 olmayan bir fiyat teklifi i\u00e7in bizimle ileti\u015fime ge\u00e7meniz yeterlidir.<\/p>\n<h2>+ PCS, LSP 500 PRO i\u00e7in tam hizmet sunar<\/h2>\n<div id=\"newscontainer\">\n<div class=\"newskasten\">\n<h3>\u00d6n Yap\u0131land\u0131rma<\/h3>\n<p>Hemen ba\u015flay\u0131n<br \/>\nKablolu t\u00fcm cihazlar<br \/>\nFrekans kayd\u0131<br \/>\nAk\u00fcler \u015farj edildi<\/p>\n<p><span class=\"popmake-13384\"> \u015eimdi Sorgula <\/span><\/p>\n<\/div>\n<div class=\"newskasten\">\n<h3>E\u011fitim<\/h3>\n<p>Sahada e\u011fitim<br \/>\nT\u00fcm \u00e7al\u0131\u015fanlar\u0131n e\u011fitimi<br \/>\nBa\u015far\u0131l\u0131 toplant\u0131lar<\/p>\n<p><span class=\"popmake-13384\"> \u015eimdi Sorgula <\/span><\/p>\n<\/div>\n<div class=\"newskasten\">\n<h3>Kurulum<\/h3>\n<p>Odalar\u0131n\u0131za entegrasyon<br \/>\nOptimum ses<br \/>\nEn iyi yerle\u015ftirme<\/p>\n<p><span class=\"popmake-13384\"> \u015eimdi Sorgula <\/span><\/p>\n<\/div>\n<div class=\"newskasten\">\n<h3>Hizmet<\/h3>\n<p>H\u0131zl\u0131 yard\u0131m<br \/>\nTelefonla\/sitede<br \/>\n\u00c7e\u015fitli destek seviyeleri rezerve edilebilir<\/p>\n<p><span class=\"popmake-13384\"> \u015eimdi Sorgula <\/span><\/p>\n<\/div>\n<\/div>\n<p>Hi\u00e7bir \u015fey i\u00e7in endi\u015felenmenize gerek yok ve yeni sisteminizi hemen kullanmaya ba\u015flayabilirsiniz. \u00d6n konfig\u00fcrasyonla ilgileniyor ve gerekirse radyo frekanslar\u0131n\u0131z\u0131 Federal A\u011f Ajans\u0131na kaydediyoruz. Teknisyenlerimiz sisteminizi tesislerinizde kuracak ve siz ve \u00e7al\u0131\u015fanlar\u0131n\u0131z i\u00e7in e\u011fitim kurslar\u0131 d\u00fczenleyecektir. Ayr\u0131ca h\u0131zl\u0131 PCS destek hizmetimizi de sunuyoruz. Bir \u015fey \u00e7al\u0131\u015fmazsa, gelip yard\u0131m edece\u011fiz. Bu iste\u011fe ba\u011fl\u0131 hizmetleri sipari\u015finize ek olarak rezerve etmeniz yeterlidir.<\/p>\n<h2>Sennheiser LSP 500 PRO ses sisteminin \u00f6ne \u00e7\u0131kan \u00f6zellikleri<\/h2>\n<p><img decoding=\"async\" class=\"alignleft size-full wp-image-15121\" src=\"https:\/\/konferenztechnik.de\/wp-content\/uploads\/2019\/09\/sennheiser-lsp-500-pro-ansicht-1-1.jpg\" alt=\"Sennheiser LSP 500 PRO G\u00f6r\u00fcn\u00fcm\" title=\"\"><\/p>\n<p><span style=\"font-family: AvenirLTPro-LightOblique; font-size: 1.1em; color: #ac145a;\">Ta\u015f\u0131nabilir, kablosuz ve esnek hepsi bir arada ses sistemi.<\/span><\/p>\n<p>Sennheiser LSP 500 PRO ile sadece ihtiyac\u0131n\u0131z olan bile\u015fenleri sat\u0131n al\u0131rs\u0131n\u0131z. \u0130htiya\u00e7lar\u0131n\u0131z de\u011fi\u015firse, sistem istedi\u011finiz zaman esnek bir \u015fekilde geni\u015fletilebilir. LSP 500 PRO i\u00e7in ta\u015f\u0131ma arabalar\u0131, koruyucu kapaklar ve yedek piller gibi geni\u015f bir aksesuar yelpazesi de mevcuttur.<\/p>\n<p><span class=\"popmake-13384\"> \u015eimdi \u00fccretsiz bilgi al\u0131n <\/span><\/p>\n<p><img decoding=\"async\" class=\"alignleft size-full wp-image-15104\" src=\"https:\/\/konferenztechnik.de\/wp-content\/uploads\/2019\/09\/Sennheiser-LSP-500-PRO-kaufen-bei-pcs-1-1.jpg\" alt=\"Sennheiser LSP 500 PRO&#039;yu PCS&#039;den sat\u0131n al\u0131n\" title=\"\"><\/p>\n<p><span style=\"font-family: AvenirLTPro-LightOblique; font-size: 1.1em; color: #ac145a;\">Uygulama \u00fczerinden kontrol, miks konsolu gerekmez.<\/span><\/p>\n<p>T\u00fcm ses sistemi bir uygulama arac\u0131l\u0131\u011f\u0131yla seviyelendirilebilir ve kontrol edilebilir. Sistemi kontrol etmek i\u00e7in ek bir miks konsoluna ihtiyac\u0131n\u0131z yoktur. 20 adede kadar hoparl\u00f6r birbirine ba\u011flanabilir, b\u00f6ylece b\u00fcy\u00fck toplant\u0131lar veya etkinlikler bile kapsanabilir.<\/p>\n<p><img decoding=\"async\" class=\"aligncenter size-full wp-image-15117\" src=\"https:\/\/konferenztechnik.de\/wp-content\/uploads\/2019\/09\/Sennheiser_LSP_500_PRO_anschluesse-rueckseite-1.jpg\" alt=\"Sennheiser LSP 500 PRO Arka ba\u011flant\u0131lar\" title=\"\"><\/p>\n<p><span style=\"font-family: AvenirLTPro-LightOblique; font-size: 1.1em; color: #ac145a;\">Bluetooth ve UHF \u00fczerinden m\u00fczik ak\u0131\u015f\u0131.<\/span><\/p>\n<p>Dahili Bluetooth al\u0131c\u0131s\u0131, harici ses kaynaklar\u0131ndan (\u00f6rn. ak\u0131ll\u0131 telefon veya diz\u00fcst\u00fc bilgisayar) basit oynatma sa\u011flar. Alternatif olarak, dahili ses oynat\u0131c\u0131 ve kaydedici (oynatma ve kay\u0131t i\u00e7in) de kullan\u0131labilir.<\/p>\n<p><img loading=\"lazy\" decoding=\"async\" width=\"800\" height=\"207\" class=\"alignleft size-full wp-image-15271\" src=\"https:\/\/konferenztechnik.de\/wp-content\/uploads\/2019\/09\/sennheiser-lsp-500-pro-anschluesse-rueckseite-1.jpg\" alt=\"Sennheiser LSP 500 PRO Arka ba\u011flant\u0131lar\" title=\"\" srcset=\"https:\/\/konferenztechnik.de\/wp-content\/uploads\/2019\/09\/sennheiser-lsp-500-pro-anschluesse-rueckseite-1.jpg 800w, https:\/\/konferenztechnik.de\/wp-content\/uploads\/2019\/09\/sennheiser-lsp-500-pro-anschluesse-rueckseite-1-300x78.jpg 300w, https:\/\/konferenztechnik.de\/wp-content\/uploads\/2019\/09\/sennheiser-lsp-500-pro-anschluesse-rueckseite-1-768x199.jpg 768w\" sizes=\"(max-width: 800px) 100vw, 800px\" \/><\/p>\n<p><span style=\"font-family: AvenirLTPro-LightOblique; font-size: 1.1em; color: #ac145a;\">Her durum i\u00e7in ba\u011flant\u0131lar.<\/span><\/p>\n<p>Kablolu mikrofon, USB depolama ortam\u0131 (MP3 \u00e7alar ve kay\u0131t cihaz\u0131 olarak kullan\u0131n), Bluetooth \u00fczerinden ak\u0131\u015f, CD \u00e7alar veya di\u011fer oynat\u0131c\u0131lar i\u00e7in cinch stereo giri\u015f ve \u00e7\u0131k\u0131\u015f, u\u011fultu d\u00f6ng\u00fclerini \u00f6nlemek i\u00e7in zemin kald\u0131rma, kablosuz mikrofonlar i\u00e7in 3 yuva i\u00e7in ba\u011flant\u0131lar.<\/p>\n<h2>LSP 500 PRO i\u00e7in aksesuarlar<\/h2>\n<p><img loading=\"lazy\" decoding=\"async\" width=\"1200\" height=\"430\" class=\"alignleft size-full wp-image-15275\" src=\"https:\/\/konferenztechnik.de\/wp-content\/uploads\/2019\/09\/sennheiser-lsp-500-pro-zubehoer.jpg\" alt=\"Sennheiser LSP 500 PRO aksesuarlar\u0131\" title=\"\" srcset=\"https:\/\/konferenztechnik.de\/wp-content\/uploads\/2019\/09\/sennheiser-lsp-500-pro-zubehoer.jpg 1200w, https:\/\/konferenztechnik.de\/wp-content\/uploads\/2019\/09\/sennheiser-lsp-500-pro-zubehoer-300x108.jpg 300w, https:\/\/konferenztechnik.de\/wp-content\/uploads\/2019\/09\/sennheiser-lsp-500-pro-zubehoer-1024x367.jpg 1024w, https:\/\/konferenztechnik.de\/wp-content\/uploads\/2019\/09\/sennheiser-lsp-500-pro-zubehoer-768x275.jpg 768w\" sizes=\"(max-width: 1200px) 100vw, 1200px\" \/><\/p>\n<p>1. Sennheiser LSP PRO 500<br \/>\n2. sennheiser LAS 500 slip kapak, beyaz kapak<br \/>\n3. sennheiser LAP 500 koruyucu kapak \u2013 siyah<\/p>\n<p>4 Sennheiser Trolley LAB 500 \u00f6n taraf<br \/>\n5 Sennheiser Trolley LAB 500 arka panel<\/p>\n<p>LSP 500 Pro i\u00e7in geni\u015f bir aksesuar yelpazesi mevcuttur: Ta\u015f\u0131ma \u00e7antalar\u0131, koruyucu k\u0131l\u0131flar, makas tutucular, tripodlar ve \u00e7ok daha fazlas\u0131. Bize sorman\u0131z yeterli, size yard\u0131mc\u0131 olmaktan mutluluk duyar\u0131z.<\/p>\n<h2>Sennheiser LSP 500 PRO ses sisteminin teknik verileri<\/h2>\n<table class=\"tg\">\n<tbody>\n<tr>\n<td><strong>Boyutlar<\/strong><\/td>\n<td>290 x 550 x 320 mm<\/td>\n<\/tr>\n<tr>\n<td><strong>\u0130letim aral\u0131\u011f\u0131 (ses)<\/strong><\/td>\n<td>65 \u2013 18.000 Hz<\/td>\n<\/tr>\n<tr>\n<td><strong>A\u011f\u0131rl\u0131k<\/strong><\/td>\n<td>yakla\u015f\u0131k 13 kg<\/td>\n<\/tr>\n<tr>\n<td><strong>\u015earj s\u00fcresi<\/strong><\/td>\n<td>pil ba\u015f\u0131na yakla\u015f\u0131k 2,5 saat<\/td>\n<\/tr>\n<tr>\n<td><strong>\u00c7\u0131k\u0131\u015f g\u00fcc\u00fc (ses)<\/strong><\/td>\n<td>55 ila 120 W (tepe noktas\u0131)<\/td>\n<\/tr>\n<tr>\n<td><strong>Ak\u00fc<\/strong><\/td>\n<td>2 Li-Ion ak\u00fc 14,4 V \/ 4,4 Ah<\/td>\n<\/tr>\n<tr>\n<td><strong>Hoparl\u00f6r tipi<\/strong><\/td>\n<td>20,3 cm woofer, 19 mm tweeter<\/td>\n<\/tr>\n<\/tbody>\n<\/table>\n<h2>\u0130ndirmeler<\/h2>\n<p><a href=\"https:\/\/konferenztechnik.de\/wp-content\/uploads\/2019\/09\/LSP_500_PRO_Manual_03_2019_DE-1.pdf\" target=\"_blank\" rel=\"noopener noreferrer\">Sennheiser LSP 500 PRO Kullan\u0131m K\u0131lavuzu (7,5 MB)<\/a><\/p>\n<p><a href=\"https:\/\/konferenztechnik.de\/wp-content\/uploads\/2019\/09\/LSP_500_product_sheet-1.pdf\" target=\"_blank\" rel=\"noopener noreferrer\">Sennheiser LSP 500 PRO bro\u015f\u00fcr\u00fc (2,4 MB)<\/a><\/p>\n<div class=\"boxcontainer\">\n<div class=\"box1-2\">\n<h1>\u0130leti\u015fim kurulacak ki\u015fi<\/h1>\n<\/div>\n<div class=\"box1-2-order\">\n<h1>Di\u011fer ba\u011flant\u0131lar<\/h1>\n<\/div>\n<div class=\"box1-4\">\n<div class=\"box-head\">\u00dclke \u00e7ap\u0131nda ileti\u015fim<\/div>\n<\/div>\n<div class=\"box2-4-2\" style=\"order: 1;\">\n<div class=\"weiterlinks\"><a title=\"\u00dcr\u00fcn grubuna g\u00f6re da\u011f\u0131l\u0131m\" href=\"\/tr\/ueruen-gruplari\/\">\u00dcr\u00fcn grubuna g\u00f6re da\u011f\u0131l\u0131m<\/a><br \/>\n<a title=\"\u00dcreticiye g\u00f6re da\u011f\u0131l\u0131m\" href=\"\/tr\/ueretici\/\">\u00dcreticiye g\u00f6re da\u011f\u0131l\u0131m<\/a><br \/>\n<a title=\"\u00d6zelle\u015ftirilmi\u015f \u00fcr\u00fcnler, bak\u0131m ve onar\u0131mlar\" href=\"\/tr\/hizmetler-2\/bakim-ve-onarim\/\">\u00d6zelle\u015ftirilmi\u015f \u00fcr\u00fcnler, bak\u0131m ve onar\u0131mlar<\/a><br \/>\n<a title=\"PCS i\u00e7in 10 iyi neden\" href=\"\/tr\/hakkimizda-2\/pcler-icin-10-iyi-neden\/\">PCS i\u00e7in 10 iyi neden<\/a><br \/>\n<a title=\"Referanslar\" href=\"\/tr\/hakkimizda-2\/referans-li%cc%87stesi%cc%87-kurulumu\/\">Referanslar Kurulum ve entegrasyon<\/a><br \/>\n<a title=\"PCS: Bir bak\u0131\u015fta t\u00fcm hizmetler\" href=\"\/tr\/hizmetler-2\/\">PCS: Bir bak\u0131\u015fta t\u00fcm hizmetler<\/a><\/p>\n<\/div>\n<\/div>\n<\/div>","protected":false},"excerpt":{"rendered":"<p>Sennheiser LSP 500 PRO kaufen Kabelloses Audiosystem f\u00fcr Meetings, Konferenzen und Events. L\u00e4uft mit Akku, Steuerung per App, flexibel einsetzbar, PCS-Bundles, schnelle Lieferung. Bitte beachten Sie, dass Sennheiser die LSP 500 PRO Serie ab sofort nicht mehr anbietet und weiterentwickelt. Wir haben aber Alternativen f\u00fcr Sie im Angebot. Melden Sie sich einfach bei uns. Noch [&hellip;]<\/p>","protected":false},"author":1,"featured_media":45482,"parent":0,"menu_order":0,"comment_status":"closed","ping_status":"closed","template":"","meta":{"_acf_changed":false,"footnotes":""},"class_list":["post-15284","page","type-page","status-publish","has-post-thumbnail","hentry"],"acf":[],"_links":{"self":[{"href":"https:\/\/konferenztechnik.de\/tr\/wp-json\/wp\/v2\/pages\/15284","targetHints":{"allow":["GET"]}}],"collection":[{"href":"https:\/\/konferenztechnik.de\/tr\/wp-json\/wp\/v2\/pages"}],"about":[{"href":"https:\/\/konferenztechnik.de\/tr\/wp-json\/wp\/v2\/types\/page"}],"author":[{"embeddable":true,"href":"https:\/\/konferenztechnik.de\/tr\/wp-json\/wp\/v2\/users\/1"}],"replies":[{"embeddable":true,"href":"https:\/\/konferenztechnik.de\/tr\/wp-json\/wp\/v2\/comments?post=15284"}],"version-history":[{"count":0,"href":"https:\/\/konferenztechnik.de\/tr\/wp-json\/wp\/v2\/pages\/15284\/revisions"}],"wp:featuredmedia":[{"embeddable":true,"href":"https:\/\/konferenztechnik.de\/tr\/wp-json\/wp\/v2\/media\/45482"}],"wp:attachment":[{"href":"https:\/\/konferenztechnik.de\/tr\/wp-json\/wp\/v2\/media?parent=15284"}],"curies":[{"name":"wp","href":"https:\/\/api.w.org\/{rel}","templated":true}]}}