{"id":15542,"date":"2020-01-13T11:20:39","date_gmt":"2020-01-13T10:20:39","guid":{"rendered":"https:\/\/www.konferenztechnik.de\/?page_id=15542"},"modified":"2023-08-29T14:45:39","modified_gmt":"2023-08-29T12:45:39","slug":"service-des-ventes","status":"publish","type":"page","link":"https:\/\/konferenztechnik.de\/tr\/service-des-ventes\/","title":{"rendered":"Havaland\u0131rma Servisi"},"content":{"rendered":"<div data-elementor-type=\"wp-page\" data-elementor-id=\"15542\" class=\"elementor elementor-15542\" data-elementor-post-type=\"page\">\n\t\t\t\t\t\t<section data-particle_enable=\"false\" data-particle-mobile-disabled=\"false\" class=\"elementor-section elementor-top-section elementor-element elementor-element-1642ea5a elementor-section-boxed elementor-section-height-default elementor-section-height-default\" data-id=\"1642ea5a\" data-element_type=\"section\">\n\t\t\t\t\t\t<div class=\"elementor-container elementor-column-gap-default\">\n\t\t\t\t\t<div class=\"elementor-column elementor-col-100 elementor-top-column elementor-element elementor-element-5d2018ab\" data-id=\"5d2018ab\" data-element_type=\"column\">\n\t\t\t<div class=\"elementor-widget-wrap elementor-element-populated\">\n\t\t\t\t\t\t<div class=\"elementor-element elementor-element-5096329c elementor-widget elementor-widget-text-editor\" data-id=\"5096329c\" data-element_type=\"widget\" data-widget_type=\"text-editor.default\">\n\t\t\t\t<div class=\"elementor-widget-container\">\n\t\t\t\t\t\t\t\t\t<h1>Ventes -Technologie de conf\u00e9rence et multimedias<\/h1>\n<p><br><\/p>\n<p>PCS, profesyonel teknolojileri d\u00fczenli olarak g\u00fcncellenen ko\u015fullar alt\u0131nda ticari kullan\u0131m i\u00e7in da\u011f\u0131t\u0131r ve dan\u0131\u015fmanl\u0131k ve sat\u0131\u015f sonras\u0131 hizmetler sunar.<\/p>\n<p>\u0130malat\u00e7\u0131lara ba\u011f\u0131ms\u0131z olarak dan\u0131\u015fmanl\u0131k hizmeti veriyoruz ve ihtiya\u00e7lar\u0131n\u0131za uygun bir sistemi hayata ge\u00e7irmekten memnuniyet duyuyoruz.<\/p>\n<p>Konferans ve multimedya sistemleri mi ar\u0131yorsunuz veya ses veya g\u00f6r\u00fcnt\u00fc teknolojisine mi ihtiyac\u0131n\u0131z var?<br>Bizler, bu alanlarda tan\u0131nm\u0131\u015f profesyonel b\u00fcy\u00fck imalat\u00e7\u0131lar\u0131n da\u011f\u0131t\u0131m ortaklar\u0131y\u0131z.<br>K\u00fc\u00e7\u00fck ve b\u00fcy\u00fck boyutlu ses sistemlerinin yan\u0131 s\u0131ra bireysel komponentleri, de\u011fi\u015fim par\u00e7alar\u0131n\u0131 ve aksesuarlar\u0131 da bizden temin edebilirsiniz.<\/p>\n<h2>\u00dcr\u00fcn gruplar\u0131na g\u00f6re se\u00e7im<\/h2>\n<p><br><\/p>\n<p><img decoding=\"async\" src=\"https:\/\/konferenztechnik.de\/wp-content\/uploads\/2018\/07\/fuehrungsanlagen-kaufen-1.jpg\" alt=\"K\u0131lavuz sistemleri sat\u0131n al\u0131n\" class=\"alignleft size-full wp-image-13481\" title=\"\"><\/p>\n<h3><b><br><\/b><\/h3><h3><b><br><\/b><\/h3><h3><b><br><\/b><\/h3><h3><b><br><\/b><\/h3><h3><b>Acheter un syst\u00e8me \/ casque audio guide (Tourguide Systems)<\/b><\/h3>\n<p>Sa\u011flam, m\u00fckemmel ses kalitesi, uzun \u00f6m\u00fcrl\u00fc yeni lityum-iyon piller<\/p>\n<p><br><\/p>\n<p><img decoding=\"async\" class=\"alignnone size-full wp-image-1287\" src=\"https:\/\/konferenztechnik.de\/wp-content\/uploads\/2013\/06\/quinta.jpg\" alt=\"quinta\" title=\"\"><\/p>\n<h3><b>Masa mikrofonu sat\u0131n al\u0131n<\/b><\/h3>\n<p>Profesyonel malzemeyi bizden sat\u0131n al\u0131n: avec ou sans fil \u2013 avec une excellente qualit\u00e9 audio<\/p>\n<p><br><\/p>\n<p><img decoding=\"async\" src=\"https:\/\/konferenztechnik.de\/wp-content\/uploads\/2018\/07\/dolmetscherkabinen-kaufen-1.jpg\" alt=\"Terc\u00fcmanl\u0131k kabinleri sat\u0131n al\u0131n\" class=\"alignleft size-full wp-image-13486\" title=\"\"><\/p>\n<h3><b><br><\/b><\/h3><h3><b><br><\/b><\/h3><h3><b><br><\/b><\/h3><h3><b><br><\/b><\/h3><h3><b>Yorumlama kabinleri sat\u0131n al\u0131n<\/b><\/h3>\n<p>Yorumlama kabinleri,<br>ISO sertifikal\u0131,<br>mobiles et flexibles<br>hemen kullan\u0131labilir \u00e0 partir de l'entrep\u00f4t PCS<\/p>\n<p><br><\/p>\n<p><img fetchpriority=\"high\" decoding=\"async\" width=\"288\" height=\"198\" class=\"alignleft size-full wp-image-3750\" src=\"https:\/\/konferenztechnik.de\/wp-content\/uploads\/2013\/11\/03-mediensteuerungen.jpg\" alt=\"PCS&#039;de medya kontrolleri - Crestron, AMX, RTI\" title=\"\"><\/p>\n<h3><b><br><\/b><\/h3><h3><b><br><\/b><\/h3><h3><b><br><\/b><\/h3><h3><b><br><\/b><\/h3><h3><b><br><\/b><\/h3><h3><b>Commande multimedya<\/b><\/h3>\n<p>Syst\u00e8me domotique command\u00e9: Salonlar\u0131n\u0131z\u0131n ve b\u00e2timents'inizin multimedya teknik kurulumlar\u0131n\u0131 (video, ses ve ayd\u0131nlatma) merkezi olarak y\u00f6netin.<\/p>\n<p><br><\/p>\n<p><img decoding=\"async\" width=\"288\" height=\"198\" class=\"alignleft size-full wp-image-3748\" src=\"https:\/\/konferenztechnik.de\/wp-content\/uploads\/2013\/11\/01-i3.jpg\" alt=\"Vanerum i3 interaktif beyaz tahta\" title=\"\"><\/p>\n<h3><b><br><\/b><\/h3><h3><b><br><\/b><\/h3><h3><b><br><\/b><\/h3><h3><b><br><\/b><\/h3><h3><b><br><\/b><\/h3><h3><b>Outils d'apprentissage, de pr\u00e9sentation et de travail collaboratif.<\/b><\/h3>\n<p>Sanal beyaz masa, ekranlar ve etkile\u015fimli video-projeler<\/p>\n<p><br><\/p>\n<p><img decoding=\"async\" src=\"https:\/\/konferenztechnik.de\/wp-content\/uploads\/2018\/07\/dolmetschertechnik-kaufen-1.jpg\" alt=\"Terc\u00fcmanl\u0131k ekipman\u0131 sat\u0131n al\u0131n\" class=\"alignleft size-full wp-image-13484\" title=\"\"><\/p>\n<h3><b><br><\/b><\/h3><h3><b><br><\/b><\/h3><h3><b><br><\/b><\/h3><h3><b><br><\/b><\/h3><h3><b><br><\/b><\/h3><h3><b>Yorumlama Ekipman\u0131<\/b><\/h3>\n<p>Interpr\u00e8tes kabinleri, interpr\u00e8tes pupitres, infrarouge par interpr\u00e9tation tekni\u011fi, liaison radio \/ hertzienne par interpr\u00e9tation tekni\u011fi<\/p>\n<p><br><\/p>\n<p><img decoding=\"async\" width=\"288\" height=\"198\" class=\"alignleft size-full wp-image-3751\" src=\"https:\/\/konferenztechnik.de\/wp-content\/uploads\/2013\/11\/07-projektorenhalterungen.jpg\" alt=\"Projekt\u00f6rler ve \u0131\u015f\u0131nlay\u0131c\u0131lar i\u00e7in ba\u011flant\u0131lar\" title=\"\"><\/p>\n<h3><b><br><\/b><\/h3><h3><b><br><\/b><\/h3><h3><b><br><\/b><\/h3><h3><b><br><\/b><\/h3><h3><b><br><\/b><\/h3><h3><b>Destekler \/ sabitleme d'\u00e9cran et de projecteur<\/b><\/h3>\n<p>Sabitleme plakas\u0131, ekran tr\u00e9pieds, projekt\u00f6r ve ekran kurulum sistemleri, projekt\u00f6r kurulum sistemi, ses yal\u0131t\u0131m\u0131 ve akustik izolasyon enceintes<\/p>\n<p><br><\/p>\n<p><img loading=\"lazy\" decoding=\"async\" width=\"288\" height=\"198\" class=\"alignleft size-full wp-image-3752\" src=\"https:\/\/konferenztechnik.de\/wp-content\/uploads\/2013\/11\/08-funklautsprecher.jpg\" alt=\"Sennheiser LSP 500 PRO kablosuz hoparl\u00f6r\" title=\"\"><\/p>\n<h3><b><br><\/b><\/h3><h3><b><br><\/b><\/h3><h3><b><br><\/b><\/h3><h3><b><br><\/b><\/h3><h3><b><br><\/b><\/h3><h3><b>Ses teknolojisi, video teknolojisi<\/b><\/h3>\n<p>Sonorizasyon sistemleri, mikrofonlar, miksaj masalar\u0131, vid\u00e9oprojecteurs, afficheurs, \u00e9crans, visualiseurs, \u00e9crans de projection, signalisation num\u00e9rique<\/p>\n<p><br><\/p>\n<p>\n<img loading=\"lazy\" decoding=\"async\" width=\"288\" height=\"198\" class=\"alignnone size-full wp-image-3851\" src=\"https:\/\/konferenztechnik.de\/wp-content\/uploads\/2013\/11\/barco_clickshare_bei-pcs.jpg\" alt=\"barco_clickshare_by-pcs\" title=\"\"><\/p>\n<h3><br><\/h3><div class=\"rahmen\">\n<p><br><\/p><\/div>\t\t\t\t\t\t\t\t<\/div>\n\t\t\t\t<\/div>\n\t\t\t\t\t<\/div>\n\t\t<\/div>\n\t\t\t\t\t<\/div>\n\t\t<\/section>\n\t\t\t\t<\/div>","protected":false},"excerpt":{"rendered":"<p>Ventes -Technologie de conf\u00e9rence et multimedias PCS distribue des technologies professionnelles \u00e0 usage commercial \u00e0 des conditions r\u00e9guli\u00e8rement mises \u00e0 jour, et propose des services de conseil et de service apr\u00e8s-vente. Nous vous conseillons ind\u00e9pendamment des fabricants et nous nous ferons un plaisir de vous mettre en place un syst\u00e8me adapt\u00e9 \u00e0 vos besoins. Vous [&hellip;]<\/p>","protected":false},"author":1,"featured_media":45482,"parent":0,"menu_order":0,"comment_status":"closed","ping_status":"closed","template":"","meta":{"_acf_changed":false,"footnotes":""},"class_list":["post-15542","page","type-page","status-publish","has-post-thumbnail","hentry"],"acf":[],"_links":{"self":[{"href":"https:\/\/konferenztechnik.de\/tr\/wp-json\/wp\/v2\/pages\/15542","targetHints":{"allow":["GET"]}}],"collection":[{"href":"https:\/\/konferenztechnik.de\/tr\/wp-json\/wp\/v2\/pages"}],"about":[{"href":"https:\/\/konferenztechnik.de\/tr\/wp-json\/wp\/v2\/types\/page"}],"author":[{"embeddable":true,"href":"https:\/\/konferenztechnik.de\/tr\/wp-json\/wp\/v2\/users\/1"}],"replies":[{"embeddable":true,"href":"https:\/\/konferenztechnik.de\/tr\/wp-json\/wp\/v2\/comments?post=15542"}],"version-history":[{"count":0,"href":"https:\/\/konferenztechnik.de\/tr\/wp-json\/wp\/v2\/pages\/15542\/revisions"}],"wp:featuredmedia":[{"embeddable":true,"href":"https:\/\/konferenztechnik.de\/tr\/wp-json\/wp\/v2\/media\/45482"}],"wp:attachment":[{"href":"https:\/\/konferenztechnik.de\/tr\/wp-json\/wp\/v2\/media?parent=15542"}],"curies":[{"name":"wp","href":"https:\/\/api.w.org\/{rel}","templated":true}]}}