{"id":24026,"date":"2023-04-08T11:43:24","date_gmt":"2023-04-08T09:43:24","guid":{"rendered":"http:\/\/dev.konferenztechnik.de\/?page_id=24026"},"modified":"2023-08-15T00:44:26","modified_gmt":"2023-08-14T22:44:26","slug":"federal-devletler-sehi%cc%87rler-si%cc%87yaset","status":"publish","type":"page","link":"https:\/\/konferenztechnik.de\/tr\/federal-devletler-sehi%cc%87rler-si%cc%87yaset\/","title":{"rendered":"Federal h\u00fck\u00fcmet, eyaletler, \u015fehirler, politika"},"content":{"rendered":"<div data-elementor-type=\"wp-page\" data-elementor-id=\"24026\" class=\"elementor elementor-24026\" data-elementor-post-type=\"page\">\n\t\t\t\t<div data-particle_enable=\"false\" data-particle-mobile-disabled=\"false\" class=\"elementor-element elementor-element-d8aba58 e-flex e-con-boxed e-con e-parent\" data-id=\"d8aba58\" data-element_type=\"container\">\n\t\t\t\t\t<div class=\"e-con-inner\">\n\t\t\t\t<div class=\"elementor-element elementor-element-366d4e5 elementor-widget__width-inherit elementor-widget elementor-widget-heading\" data-id=\"366d4e5\" data-element_type=\"widget\" data-widget_type=\"heading.default\">\n\t\t\t\t<div class=\"elementor-widget-container\">\n\t\t\t\t\t<h1 class=\"elementor-heading-title elementor-size-default\">Federal h\u00fck\u00fcmet, eyaletler, \u015fehirler, politika<\/h1>\t\t\t\t<\/div>\n\t\t\t\t<\/div>\n\t\t\t\t<div class=\"elementor-element elementor-element-e4b6b7a elementor-widget elementor-widget-image\" data-id=\"e4b6b7a\" data-element_type=\"widget\" data-widget_type=\"image.default\">\n\t\t\t\t<div class=\"elementor-widget-container\">\n\t\t\t\t\t\t\t\t\t\t\t\t\t\t\t<img fetchpriority=\"high\" decoding=\"async\" width=\"1300\" height=\"486\" src=\"https:\/\/konferenztechnik.de\/wp-content\/uploads\/2023\/04\/konferenztechnik-bund-laender-staedte-politik.jpg\" class=\"attachment-full size-full wp-image-24029\" alt=\"Berlin&#039;deki modern h\u00fck\u00fcmet binalar\u0131n\u0131n g\u00f6r\u00fcn\u00fcm\u00fc, federal h\u00fck\u00fcmet, eyaletler, \u015fehirler ve siyaset i\u00e7in konferans teknolojisi i\u00e7in yer tutucu\" srcset=\"https:\/\/konferenztechnik.de\/wp-content\/uploads\/2023\/04\/konferenztechnik-bund-laender-staedte-politik.jpg 1300w, https:\/\/konferenztechnik.de\/wp-content\/uploads\/2023\/04\/konferenztechnik-bund-laender-staedte-politik-300x112.jpg 300w, https:\/\/konferenztechnik.de\/wp-content\/uploads\/2023\/04\/konferenztechnik-bund-laender-staedte-politik-1024x383.jpg 1024w, https:\/\/konferenztechnik.de\/wp-content\/uploads\/2023\/04\/konferenztechnik-bund-laender-staedte-politik-768x287.jpg 768w, https:\/\/konferenztechnik.de\/wp-content\/uploads\/2023\/04\/konferenztechnik-bund-laender-staedte-politik-18x7.jpg 18w\" sizes=\"(max-width: 1300px) 100vw, 1300px\" title=\"\">\t\t\t\t\t\t\t\t\t\t\t\t\t\t\t<\/div>\n\t\t\t\t<\/div>\n\t\t\t\t\t<\/div>\n\t\t\t\t<\/div>\n\t\t<div data-particle_enable=\"false\" data-particle-mobile-disabled=\"false\" class=\"elementor-element elementor-element-9deafd4 e-flex e-con-boxed e-con e-parent\" data-id=\"9deafd4\" data-element_type=\"container\">\n\t\t\t\t\t<div class=\"e-con-inner\">\n\t\t\t\t<div class=\"elementor-element elementor-element-7bdca29 elementor-widget elementor-widget-heading\" data-id=\"7bdca29\" data-element_type=\"widget\" data-settings=\"{&quot;_animation&quot;:&quot;none&quot;}\" data-widget_type=\"heading.default\">\n\t\t\t\t<div class=\"elementor-widget-container\">\n\t\t\t\t\t<h2 class=\"elementor-heading-title elementor-size-default\">Siyaset: \u00c7e\u015fitlilik ve sorumluluk<\/h2>\t\t\t\t<\/div>\n\t\t\t\t<\/div>\n\t\t\t\t<div class=\"elementor-element elementor-element-d16fcf6 elementor-widget__width-inherit elementor-widget elementor-widget-text-editor\" data-id=\"d16fcf6\" data-element_type=\"widget\" data-widget_type=\"text-editor.default\">\n\t\t\t\t<div class=\"elementor-widget-container\">\n\t\t\t\t\t\t\t\t\t<p>Toplant\u0131 ve konferanslar i\u00e7in y\u00fcksek kaliteli konferans teknolojisini bizden kiralayabilir veya sat\u0131n alabilirsiniz. Teknolojimiz pano korumal\u0131d\u0131r, GDPR uyumludur ve ayr\u0131ca resmi Alman mevzuat\u0131n\u0131n gerekliliklerini yerine getirmenize yard\u0131mc\u0131 olabilir. <a href=\"https:\/\/www.onlinezugangsgesetz.de\/\" target=\"_blank\" rel=\"noopener\">\u00c7evrimi\u00e7i Eri\u015fim Yasas\u0131<\/a> yerine getirmek i\u00e7in.<\/p><p>\u00a0<\/p><p>Dan\u0131\u015fmanl\u0131k, tasar\u0131m ve planlamadan uygulama, destek, lojistik ve bak\u0131ma kadar t\u00fcm hizmetleri sunuyoruz.<\/p>\t\t\t\t\t\t\t\t<\/div>\n\t\t\t\t<\/div>\n\t\t\t\t\t<\/div>\n\t\t\t\t<\/div>\n\t\t<div data-particle_enable=\"false\" data-particle-mobile-disabled=\"false\" class=\"elementor-element elementor-element-455c20b e-flex e-con-boxed e-con e-parent\" data-id=\"455c20b\" data-element_type=\"container\" data-settings=\"{&quot;animation&quot;:&quot;none&quot;}\">\n\t\t\t\t\t<div class=\"e-con-inner\">\n\t\t\t\t<div class=\"elementor-element elementor-element-66ea8b4 elementor-widget elementor-widget-heading\" data-id=\"66ea8b4\" data-element_type=\"widget\" data-settings=\"{&quot;_animation&quot;:&quot;none&quot;}\" data-widget_type=\"heading.default\">\n\t\t\t\t<div class=\"elementor-widget-container\">\n\t\t\t\t\t<h2 class=\"elementor-heading-title elementor-size-default\">S\u0131k kar\u015f\u0131la\u015f\u0131lan konular<\/h2>\t\t\t\t<\/div>\n\t\t\t\t<\/div>\n\t\t\t\t<div class=\"elementor-element elementor-element-1e5ddfb elementor-widget__width-inherit smart-post-list-4-col elementor-widget elementor-widget-eael-post-list\" data-id=\"1e5ddfb\" data-element_type=\"widget\" data-settings=\"{&quot;_animation&quot;:&quot;none&quot;}\" data-widget_type=\"eael-post-list.default\">\n\t\t\t\t<div class=\"elementor-widget-container\">\n\t\t\t\t\t<div class=\"eael-post-list-container advanced layout-advanced\"><div class=\"eael-post-list-wrap\"><div class=\"eael-post-list-posts-wrap eael-post-appender eael-post-appender-1e5ddfb\"><div class=\"eael-post-list-post\"><div class=\"eael-post-list-post-inner\"><div class=\"eael-post-list-thumbnail\"><a href=\"https:\/\/konferenztechnik.de\/tr\/oylama-oylama-etkinlikleri\/\">\n                <img decoding=\"async\" src=\"https:\/\/konferenztechnik.de\/wp-content\/uploads\/2023\/04\/abstimmen-events.jpg\" alt=\"Oylar i\u00e7in sembol\" title=\"\">\n            <\/a><\/div><div class=\"eael-post-list-content\"><h3 class=\"eael-post-list-title\"><a href=\"https:\/\/konferenztechnik.de\/tr\/oylama-oylama-etkinlikleri\/\">Oy, Oylama<\/a><\/h3><p>Oylama makineleri, \u00e7evrimi\u00e7i oylama, dijital se\u00e7imler: yoklama oylar\u0131, yoklama d\u0131\u015f\u0131 oylar, gizli oy pusulalar\u0131...<\/p><a href=\"https:\/\/konferenztechnik.de\/tr\/oylama-oylama-etkinlikleri\/\" class=\"eael-post-elements-readmore-btn\">\u203a daha fazla<\/a><div class=\"boxed-meta\"><\/div><\/div><\/div><\/div><div class=\"eael-post-list-post\"><div class=\"eael-post-list-post-inner\"><div class=\"eael-post-list-thumbnail\"><a href=\"https:\/\/konferenztechnik.de\/tr\/eri%cc%87si%cc%87lebi%cc%87li%cc%87rli%cc%87k-etki%cc%87nli%cc%87kleri%cc%87-tekni%cc%87k-coezuemler-danismanlik-uygulama\/\">\n                <img decoding=\"async\" src=\"https:\/\/konferenztechnik.de\/wp-content\/uploads\/2023\/03\/barrierefreie-events.jpg\" alt=\"Eri\u015filebilirlik sembol\u00fc\" title=\"\">\n            <\/a><\/div><div class=\"eael-post-list-content\"><h3 class=\"eael-post-list-title\"><a href=\"https:\/\/konferenztechnik.de\/tr\/eri%cc%87si%cc%87lebi%cc%87li%cc%87rli%cc%87k-etki%cc%87nli%cc%87kleri%cc%87-tekni%cc%87k-coezuemler-danismanlik-uygulama\/\">Eri\u015filebilirlik<\/a><\/h3><p>Etkinlikler ve dijital ileti\u015fim i\u00e7in: Dan\u0131\u015fmanl\u0131k, uygulama: Etkinlikler, fonksiyonlar, dijital ileti\u015fim...<\/p><a href=\"https:\/\/konferenztechnik.de\/tr\/eri%cc%87si%cc%87lebi%cc%87li%cc%87rli%cc%87k-etki%cc%87nli%cc%87kleri%cc%87-tekni%cc%87k-coezuemler-danismanlik-uygulama\/\" class=\"eael-post-elements-readmore-btn\">\u203a daha fazla<\/a><div class=\"boxed-meta\"><\/div><\/div><\/div><\/div><div class=\"eael-post-list-post\"><div class=\"eael-post-list-post-inner\"><div class=\"eael-post-list-thumbnail\"><a href=\"https:\/\/konferenztechnik.de\/tr\/yesil-av-arka-plan\/\">\n                <img decoding=\"async\" src=\"https:\/\/konferenztechnik.de\/wp-content\/uploads\/2023\/03\/green-av.jpg\" alt=\"S\u00fcrd\u00fcr\u00fclebilirli\u011fin simgesi, i\u015fte Ye\u015fil Ses\/Video\" title=\"\">\n            <\/a><\/div><div class=\"eael-post-list-content\"><h3 class=\"eael-post-list-title\"><a href=\"https:\/\/konferenztechnik.de\/tr\/yesil-av-arka-plan\/\">Ye\u015fil-AV: Arka Plan<\/a><\/h3><p>Konferans salonlar\u0131nda, ofislerde, etkinlik mekanlar\u0131nda ye\u015fil AV \u2013 Arka Planlar Ye\u015fil AV'ye Meydan Okuyor Bu...<\/p><a href=\"https:\/\/konferenztechnik.de\/tr\/yesil-av-arka-plan\/\" class=\"eael-post-elements-readmore-btn\">\u203a daha fazla<\/a><div class=\"boxed-meta\"><\/div><\/div><\/div><\/div><div class=\"eael-post-list-post\"><div class=\"eael-post-list-post-inner\"><div class=\"eael-post-list-thumbnail\"><a href=\"https:\/\/konferenztechnik.de\/tr\/etkinlikler-icin-acilis-sayfalari-sanal-etkinlik-platformlari\/\">\n                <img decoding=\"async\" src=\"https:\/\/konferenztechnik.de\/wp-content\/uploads\/2023\/03\/landingpage-beitrag.jpg\" alt=\"\" title=\"\">\n            <\/a><\/div><div class=\"eael-post-list-content\"><h3 class=\"eael-post-list-title\"><a href=\"https:\/\/konferenztechnik.de\/tr\/etkinlikler-icin-acilis-sayfalari-sanal-etkinlik-platformlari\/\">Etkinlikler i\u00e7in a\u00e7\u0131l\u0131\u015f sayfalar\u0131, sanal etkinlik platformlar\u0131<\/a><\/h3><p>Etkinlikler i\u00e7in a\u00e7\u0131l\u0131\u015f sayfalar\u0131, sanal etkinlik platformlar\u0131 Temel paket a\u015fa\u011f\u0131daki unsurlardan olu\u015fur...<\/p><a href=\"https:\/\/konferenztechnik.de\/tr\/etkinlikler-icin-acilis-sayfalari-sanal-etkinlik-platformlari\/\" class=\"eael-post-elements-readmore-btn\">\u203a daha fazla<\/a><div class=\"boxed-meta\"><\/div><\/div><\/div><\/div><div class=\"eael-post-list-post\"><div class=\"eael-post-list-post-inner\"><div class=\"eael-post-list-thumbnail\"><a href=\"https:\/\/konferenztechnik.de\/tr\/ptz-kameralar\/\">\n                <img decoding=\"async\" src=\"https:\/\/konferenztechnik.de\/wp-content\/uploads\/2023\/03\/ptz-kameras.jpg\" alt=\"\" title=\"\">\n            <\/a><\/div><div class=\"eael-post-list-content\"><h3 class=\"eael-post-list-title\"><a href=\"https:\/\/konferenztechnik.de\/tr\/ptz-kameralar\/\">PTZ kameralar<\/a><\/h3><p>PTZ kameralar (genellikle DOME kameralar olarak da bilinir) hedef alana otomatik olarak odaklan\u0131r...<\/p><a href=\"https:\/\/konferenztechnik.de\/tr\/ptz-kameralar\/\" class=\"eael-post-elements-readmore-btn\">\u203a daha fazla<\/a><div class=\"boxed-meta\"><\/div><\/div><\/div><\/div><div class=\"eael-post-list-post\"><div class=\"eael-post-list-post-inner\"><div class=\"eael-post-list-thumbnail\"><a href=\"https:\/\/konferenztechnik.de\/tr\/akis\/\">\n                <img decoding=\"async\" src=\"https:\/\/konferenztechnik.de\/wp-content\/uploads\/2023\/04\/streaming-hosting-events-jpg.webp\" alt=\"Bir konferans salonunda etkinlik teknisyenleri ile ses kontrol\u00fc ve video y\u00f6netimi, \u00f6n\u00fcnde birka\u00e7 kez &quot;Live - Live - Live&quot; yaz\u0131s\u0131 ile\" title=\"\">\n            <\/a><\/div><div class=\"eael-post-list-content\"><h3 class=\"eael-post-list-title\"><a href=\"https:\/\/konferenztechnik.de\/tr\/akis\/\">Ak\u0131\u015f ve bar\u0131nd\u0131rma<\/a><\/h3><p>Canl\u0131 ve video i\u00e7erik ak\u0131\u015f\u0131, ar\u015fivleme ve sunucularda ve video platformlar\u0131nda sa\u011flama<\/p><a href=\"https:\/\/konferenztechnik.de\/tr\/akis\/\" class=\"eael-post-elements-readmore-btn\">\u203a daha fazla<\/a><div class=\"boxed-meta\"><\/div><\/div><\/div><\/div><div class=\"eael-post-list-post\"><div class=\"eael-post-list-post-inner\"><div class=\"eael-post-list-thumbnail\"><a href=\"https:\/\/konferenztechnik.de\/tr\/konferanslar-gelecekte-neye-benzeyecek\/\">\n                <img decoding=\"async\" src=\"https:\/\/konferenztechnik.de\/wp-content\/uploads\/2023\/04\/zukunft-konferenzen.jpg\" alt=\"Ormanda bir dere kenar\u0131nda, \u00e7ocuklar ve onlara bir \u015feyler anlatan bir e\u011fitmen g\u00f6r\u00fcyorsunuz. &quot;Gelecekte konferanslar neye benzeyecek? \u00d6nerilerimiz var! &quot;\" title=\"\">\n            <\/a><\/div><div class=\"eael-post-list-content\"><h3 class=\"eael-post-list-title\"><a href=\"https:\/\/konferenztechnik.de\/tr\/konferanslar-gelecekte-neye-benzeyecek\/\">Konferanslar gelecekte nas\u0131l g\u00f6r\u00fcnecek?<\/a><\/h3><p>Teknisyenler, f\u00fct\u00fcrologlar, terc\u00fcmanlar ve dernek kat\u0131l\u0131mc\u0131lar\u0131ndan olu\u015fan disiplinler aras\u0131 bir ekiple...<\/p><a href=\"https:\/\/konferenztechnik.de\/tr\/konferanslar-gelecekte-neye-benzeyecek\/\" class=\"eael-post-elements-readmore-btn\">\u203a daha fazla<\/a><div class=\"boxed-meta\"><\/div><\/div><\/div><\/div><\/div><\/div>\n\t\t<\/div>\t\t\t\t<\/div>\n\t\t\t\t<\/div>\n\t\t\t\t\t<\/div>\n\t\t\t\t<\/div>\n\t\t<div data-particle_enable=\"false\" data-particle-mobile-disabled=\"false\" class=\"elementor-element elementor-element-1d7236e e-flex e-con-boxed e-con e-parent\" data-id=\"1d7236e\" data-element_type=\"container\">\n\t\t\t\t\t<div class=\"e-con-inner\">\n\t\t\t\t<div class=\"elementor-element elementor-element-0805c5c elementor-widget elementor-widget-heading\" data-id=\"0805c5c\" data-element_type=\"widget\" data-settings=\"{&quot;_animation&quot;:&quot;none&quot;}\" data-widget_type=\"heading.default\">\n\t\t\t\t<div class=\"elementor-widget-container\">\n\t\t\t\t\t<h2 class=\"elementor-heading-title elementor-size-default\">Konferans sistemleri, masa mikrofonlar\u0131, tart\u0131\u015fma sistemleri<\/h2>\t\t\t\t<\/div>\n\t\t\t\t<\/div>\n\t\t\t\t<div class=\"elementor-element elementor-element-72ddd0c elementor-widget__width-inherit elementor-widget elementor-widget-text-editor\" data-id=\"72ddd0c\" data-element_type=\"widget\" data-widget_type=\"text-editor.default\">\n\t\t\t\t<div class=\"elementor-widget-container\">\n\t\t\t\t\t\t\t\t\tMasa mikrofonlu konferans sistemlerimiz, parlamento oturma d\u00fczenine sahip odalar veya ola\u011fan \"yuvarlak masa\u201d i\u00e7in idealdir. Gerekti\u011finde kablosuz olarak bile esnek bir \u015fekilde kurulabilirler. Bu mikrofon \u00fcniteleri h\u0131zl\u0131 bir \u015fekilde kurulabilir ve s\u00f6k\u00fclebilir. Hem ge\u00e7ici kullan\u0131m i\u00e7in hem de kal\u0131c\u0131 bir \u00e7\u00f6z\u00fcm olarak uygundurlar.\t\t\t\t\t\t\t\t<\/div>\n\t\t\t\t<\/div>\n\t\t\t\t<div class=\"elementor-element elementor-element-c270f17 elementor-widget__width-inherit elementor-widget elementor-widget-text-editor\" data-id=\"c270f17\" data-element_type=\"widget\" data-widget_type=\"text-editor.default\">\n\t\t\t\t<div class=\"elementor-widget-container\">\n\t\t\t\t\t\t\t\t\t<p>Konferans sistemlerimiz \u00e7e\u015fitli \u015fekillerde kullan\u0131labilir:<\/p><ul><li>Konu\u015fmac\u0131 listesi ve toplant\u0131 ba\u015fkanl\u0131\u011f\u0131 da dahil olmak \u00fczere k\u00fc\u00e7\u00fck ve b\u00fcy\u00fck tart\u0131\u015fmalar<\/li><li>Ak\u0131\u015flar\u0131n entegrasyonu ve oturumlar\u0131n d\u0131\u015f d\u00fcnyaya aktar\u0131lmas\u0131<\/li><li>Her koltuktan konu\u015fmalar\u0131n video aktar\u0131m\u0131 i\u00e7in otomatik kamera kontrol\u00fc<\/li><li>Oylar\u0131n uygulanmas\u0131<\/li><li>Terc\u00fcmanlar\u0131n entegrasyonu<\/li><li>Hem odada hem de ak\u0131\u015ftaki kat\u0131l\u0131mc\u0131 cihazlarda en iyi konu\u015fma anla\u015f\u0131l\u0131rl\u0131\u011f\u0131<\/li><\/ul>\t\t\t\t\t\t\t\t<\/div>\n\t\t\t\t<\/div>\n\t\t\t\t\t<\/div>\n\t\t\t\t<\/div>\n\t\t<div data-particle_enable=\"false\" data-particle-mobile-disabled=\"false\" class=\"elementor-element elementor-element-0e0551a e-flex e-con-boxed e-con e-parent\" data-id=\"0e0551a\" data-element_type=\"container\">\n\t\t\t\t\t<div class=\"e-con-inner\">\n\t\t\t\t<div class=\"elementor-element elementor-element-4deec90 elementor-widget elementor-widget-heading\" data-id=\"4deec90\" data-element_type=\"widget\" data-settings=\"{&quot;_animation&quot;:&quot;none&quot;}\" data-widget_type=\"heading.default\">\n\t\t\t\t<div class=\"elementor-widget-container\">\n\t\t\t\t\t<h2 class=\"elementor-heading-title elementor-size-default\">Ak\u0131\u015f, a\u00e7\u0131l\u0131\u015f sayfalar\u0131, hibrit etkinlikler<\/h2>\t\t\t\t<\/div>\n\t\t\t\t<\/div>\n\t\t\t\t<div class=\"elementor-element elementor-element-c5b26f0 elementor-widget__width-inherit elementor-widget elementor-widget-text-editor\" data-id=\"c5b26f0\" data-element_type=\"widget\" data-widget_type=\"text-editor.default\">\n\t\t\t\t<div class=\"elementor-widget-container\">\n\t\t\t\t\t\t\t\t\tToplant\u0131lar\u0131 ve konferanslar\u0131 yay\u0131nlamak ve ar\u015fivlemek i\u00e7in ak\u0131\u015f hizmetimizi ve \u00f6zelle\u015ftirilmi\u015f a\u00e7\u0131l\u0131\u015f sayfam\u0131z\u0131 kullan\u0131n. Toplant\u0131lar canl\u0131 olarak yay\u0131nlanabilir ve ayn\u0131 zamanda kaydedilebilir. Kay\u0131tlar daha sonra geri al\u0131nmak \u00fczere \u00e7evrimi\u00e7i olarak kullan\u0131ma sunulur. Bu, kendi web sitenizde veya bizim taraf\u0131m\u0131zdan sa\u011flanan bir a\u00e7\u0131l\u0131\u015f sayfas\u0131nda yap\u0131labilir.\n\nHizmetlerimizi GDPR'ye uygun olarak y\u00fcr\u00fct\u00fcyoruz ve Alman veri koruma yasas\u0131n\u0131n kat\u0131 h\u00fck\u00fcmlerine ba\u011fl\u0131 kal\u0131yoruz.\t\t\t\t\t\t\t\t<\/div>\n\t\t\t\t<\/div>\n\t\t\t\t\t<\/div>\n\t\t\t\t<\/div>\n\t\t<div data-particle_enable=\"false\" data-particle-mobile-disabled=\"false\" class=\"elementor-element elementor-element-c0beb89 e-flex e-con-boxed e-con e-parent\" data-id=\"c0beb89\" data-element_type=\"container\">\n\t\t\t\t\t<div class=\"e-con-inner\">\n\t\t\t\t<div class=\"elementor-element elementor-element-9ac45a6 elementor-widget elementor-widget-heading\" data-id=\"9ac45a6\" data-element_type=\"widget\" data-settings=\"{&quot;_animation&quot;:&quot;none&quot;}\" data-widget_type=\"heading.default\">\n\t\t\t\t<div class=\"elementor-widget-container\">\n\t\t\t\t\t<h2 class=\"elementor-heading-title elementor-size-default\">Mevcut bina sistemlerine ilaveler<\/h2>\t\t\t\t<\/div>\n\t\t\t\t<\/div>\n\t\t\t\t<div class=\"elementor-element elementor-element-7b7c464 elementor-widget__width-inherit elementor-widget elementor-widget-text-editor\" data-id=\"7b7c464\" data-element_type=\"widget\" data-widget_type=\"text-editor.default\">\n\t\t\t\t<div class=\"elementor-widget-container\">\n\t\t\t\t\t\t\t\t\t<p>Sat\u0131\u015f ve kiralama i\u00e7in tan\u0131nm\u0131\u015f \u00fcreticilerin \u00e7ok geni\u015f bir sistem yelpazesine sahibiz. Ev sisteminizi ge\u00e7ici olarak geni\u015fletmek isterseniz, b\u00fcy\u00fck olas\u0131l\u0131kla sisteminizi destekleyebilir ve ge\u00e7ici olarak daha b\u00fcy\u00fck bir sistemle de\u011fi\u015ftirebilir \/ y\u00fckseltebiliriz. Bize sorman\u0131z yeterli!<\/p>\t\t\t\t\t\t\t\t<\/div>\n\t\t\t\t<\/div>\n\t\t\t\t\t<\/div>\n\t\t\t\t<\/div>\n\t\t<div data-particle_enable=\"false\" data-particle-mobile-disabled=\"false\" class=\"elementor-element elementor-element-f34fc49 e-flex e-con-boxed e-con e-parent\" data-id=\"f34fc49\" data-element_type=\"container\">\n\t\t\t\t\t<div class=\"e-con-inner\">\n\t\t\t\t<div class=\"elementor-element elementor-element-e602a4e elementor-widget elementor-widget-heading\" data-id=\"e602a4e\" data-element_type=\"widget\" data-settings=\"{&quot;_animation&quot;:&quot;none&quot;}\" data-widget_type=\"heading.default\">\n\t\t\t\t<div class=\"elementor-widget-container\">\n\t\t\t\t\t<h2 class=\"elementor-heading-title elementor-size-default\">Ses, video, ayd\u0131nlatma, kamera teknolojisi ve sahne<\/h2>\t\t\t\t<\/div>\n\t\t\t\t<\/div>\n\t\t\t\t<div class=\"elementor-element elementor-element-309a304 elementor-widget__width-inherit elementor-widget elementor-widget-text-editor\" data-id=\"309a304\" data-element_type=\"widget\" data-widget_type=\"text-editor.default\">\n\t\t\t\t<div class=\"elementor-widget-container\">\n\t\t\t\t\t\t\t\t\t<p>Size projekt\u00f6rler, ekranlar, k\u00fcrs\u00fcler, arka duvarlar, mikrofonlar, ses sistemleri, BT teknolojisi, sahne elemanlar\u0131 ve ayd\u0131nlatma \u2013, k\u0131sacas\u0131 toplant\u0131n\u0131z veya konferans\u0131n\u0131z i\u00e7in t\u00fcm etkinlik teknolojisini sunuyoruz.<\/p>\t\t\t\t\t\t\t\t<\/div>\n\t\t\t\t<\/div>\n\t\t\t\t\t<\/div>\n\t\t\t\t<\/div>\n\t\t<div data-particle_enable=\"false\" data-particle-mobile-disabled=\"false\" class=\"elementor-element elementor-element-0ec85a7 e-flex e-con-boxed e-con e-parent\" data-id=\"0ec85a7\" data-element_type=\"container\">\n\t\t\t\t\t<div class=\"e-con-inner\">\n\t\t\t\t<div class=\"elementor-element elementor-element-c636d17 elementor-widget elementor-widget-heading\" data-id=\"c636d17\" data-element_type=\"widget\" data-settings=\"{&quot;_animation&quot;:&quot;none&quot;}\" data-widget_type=\"heading.default\">\n\t\t\t\t<div class=\"elementor-widget-container\">\n\t\t\t\t\t<h2 class=\"elementor-heading-title elementor-size-default\">Dan\u0131\u015fmanl\u0131k, planlama ve uygulama<\/h2>\t\t\t\t<\/div>\n\t\t\t\t<\/div>\n\t\t\t\t<div class=\"elementor-element elementor-element-62660b5 elementor-widget__width-inherit elementor-widget elementor-widget-text-editor\" data-id=\"62660b5\" data-element_type=\"widget\" data-widget_type=\"text-editor.default\">\n\t\t\t\t<div class=\"elementor-widget-container\">\n\t\t\t\t\t\t\t\t\t<p>Etkinli\u011finizi planl\u0131yor ve sizin i\u00e7in en iyi teknik \u00e7\u00f6z\u00fcm\u00fc bulmak \u00fczere size \u00f6nceden tavsiyelerde bulunuyoruz. Ayr\u0131ca ger\u00e7ekle\u015ftirme, destek ve lojistik ile de ilgileniyoruz.<\/p>\t\t\t\t\t\t\t\t<\/div>\n\t\t\t\t<\/div>\n\t\t\t\t\t<\/div>\n\t\t\t\t<\/div>\n\t\t<div data-particle_enable=\"false\" data-particle-mobile-disabled=\"false\" class=\"elementor-element elementor-element-76b02e4 e-flex e-con-boxed e-con e-parent\" data-id=\"76b02e4\" data-element_type=\"container\">\n\t\t\t\t\t<div class=\"e-con-inner\">\n\t\t\t\t<div class=\"elementor-element elementor-element-6f08565 elementor-widget elementor-widget-heading\" data-id=\"6f08565\" data-element_type=\"widget\" data-settings=\"{&quot;_animation&quot;:&quot;none&quot;}\" data-widget_type=\"heading.default\">\n\t\t\t\t<div class=\"elementor-widget-container\">\n\t\t\t\t\t<h2 class=\"elementor-heading-title elementor-size-default\">\u0130haleler<\/h2>\t\t\t\t<\/div>\n\t\t\t\t<\/div>\n\t\t\t\t<div class=\"elementor-element elementor-element-0c7fde2 elementor-widget__width-inherit elementor-widget elementor-widget-text-editor\" data-id=\"0c7fde2\" data-element_type=\"widget\" data-widget_type=\"text-editor.default\">\n\t\t\t\t<div class=\"elementor-widget-container\">\n\t\t\t\t\t\t\t\t\t<p>\u0130halelere kat\u0131lmaktan mutluluk duyar\u0131z. Bize bir e-posta g\u00f6ndermeniz yeterlidir <a href=\"mailto:info@konferenztechnik.de\">info@konferenztechnik.de<\/a>. <\/p><p>\u00c7e\u015fitlilik, eri\u015filebilirlik, adalet ve s\u00fcrd\u00fcr\u00fclebilirlik gibi \u00e7a\u011fda\u015f fakt\u00f6rler kamu ihalelerinde giderek daha fazla dikkate al\u0131nmaktad\u0131r. Bu konular\u0131n ciddiye al\u0131nmas\u0131n\u0131n ve ihalelerin de\u011ferlendirilmesinde \u00f6nemli bir rol oynamas\u0131n\u0131n iyi ve uygun oldu\u011funu d\u00fc\u015f\u00fcn\u00fcyoruz. Biz de bu konulara b\u00fcy\u00fck \u00f6nem veriyoruz. Bu nedenle kendimizi s\u00fcrd\u00fcr\u00fclebilir bir \u015firket olarak sertifikaland\u0131rd\u0131k ve tabii ki T\u00dcV sertifikas\u0131na da sahibiz. Bu konuda daha fazla bilgiyi web sitemizde bulabilirsiniz:\u00a0<a href=\"https:\/\/konferenztechnik.de\/tr\/vi%cc%87zyon-suerdueruelebi%cc%87li%cc%87rli%cc%87k\/\">Sorumluluk<\/a><\/p><p><br \/>Hala teklif konsorsiyumlar\u0131 i\u00e7in ortaklar ar\u0131yorsan\u0131z, bizimle ileti\u015fime ge\u00e7meniz yeterlidir. Portf\u00f6y\u00fcm\u00fcze ve uzmanl\u0131\u011f\u0131m\u0131za katk\u0131da bulunmaktan mutluluk duyar\u0131z.<\/p>\t\t\t\t\t\t\t\t<\/div>\n\t\t\t\t<\/div>\n\t\t\t\t<div class=\"elementor-element elementor-element-088fa80 elementor-widget elementor-widget-spacer\" data-id=\"088fa80\" data-element_type=\"widget\" data-widget_type=\"spacer.default\">\n\t\t\t\t<div class=\"elementor-widget-container\">\n\t\t\t\t\t\t\t<div class=\"elementor-spacer\">\n\t\t\t<div class=\"elementor-spacer-inner\"><\/div>\n\t\t<\/div>\n\t\t\t\t\t\t<\/div>\n\t\t\t\t<\/div>\n\t\t\t\t\t<\/div>\n\t\t\t\t<\/div>\n\t\t<div data-particle_enable=\"false\" data-particle-mobile-disabled=\"false\" class=\"elementor-element elementor-element-eaddbcf e-flex e-con-boxed e-con e-parent\" data-id=\"eaddbcf\" data-element_type=\"container\">\n\t\t\t\t\t<div class=\"e-con-inner\">\n\t\t\t\t<div class=\"elementor-element elementor-element-7fa8348 elementor-widget__width-inherit elementor-widget elementor-widget-heading\" data-id=\"7fa8348\" data-element_type=\"widget\" data-widget_type=\"heading.default\">\n\t\t\t\t<div class=\"elementor-widget-container\">\n\t\t\t\t\t<h2 class=\"elementor-heading-title elementor-size-default\">Referanslar: Federal h\u00fck\u00fcmet, eyaletler, \u015fehirler, siyaset<\/h2>\t\t\t\t<\/div>\n\t\t\t\t<\/div>\n\t\t\t\t<div class=\"elementor-element elementor-element-28236df elementor-widget__width-inherit elementor-widget elementor-widget-text-editor\" data-id=\"28236df\" data-element_type=\"widget\" data-widget_type=\"text-editor.default\">\n\t\t\t\t<div class=\"elementor-widget-container\">\n\t\t\t\t\t\t\t\t\t<ul><li>Berlin Temsilciler Meclisi<\/li><li>K\u00f6ln B\u00f6lge H\u00fck\u00fcmeti<\/li><li>ABD Berlin B\u00fcy\u00fckel\u00e7ili\u011fi<\/li><li>Katar B\u00fcy\u00fckel\u00e7ili\u011fi Berlin<\/li><li>Berlin \u0130ngiliz B\u00fcy\u00fckel\u00e7ili\u011fi<\/li><li>BSPC Balt\u0131k Denizi Parlamenter Konferans\u0131<\/li><li>Federal Ba\u015fbakanl\u0131k<\/li><li>Federal Kriminal Polis B\u00fcrosu<\/li><li>Federal \u00c7al\u0131\u015fma ve Sosyal \u0130\u015fler Bakanl\u0131\u011f\u0131<\/li><li>Federal E\u011fitim ve Ara\u015ft\u0131rma Bakanl\u0131\u011f\u0131<\/li><li>Federal G\u0131da ve Tar\u0131m Bakanl\u0131\u011f\u0131\u00a0<\/li><li>Federal Maliye Bakanl\u0131\u011f\u0131<\/li><li>Federal Adalet Bakanl\u0131\u011f\u0131<\/li><li>Federal Konut, Kentsel Geli\u015fim ve \u0130n\u015faat Bakanl\u0131\u011f\u0131<\/li><li>Federal Meclis'teki FDP parlamento grubu<\/li><li>Sol Parti Parlamento Grubu<\/li><li>Alliance90\/Ye\u015fillerin Federal Meclis'teki parlamento grubu<\/li><li>Berlin Federal Konseyi<\/li><li>Federal Anayasa Mahkemesi Karlsruhe<\/li><li>Leipzig Federal \u0130dare Mahkemesi<\/li><li>CDU Almanya Hristiyan Demokrat Birli\u011fi<\/li><li>Berlin Avrupa Akademisi<\/li><li>Burbach Belediyesi<\/li><li>Dossenheim Belediyesi<\/li><li>Hamburg Parlamentosu<\/li><li>Hansa \u015eehri Buxtehude<\/li><li>Berlin \u0130bero-Amerikan Enstit\u00fcs\u00fc<\/li><li>IHK D\u00fcsseldorf<\/li><li>IHK M\u00fcnih<\/li><li>Istituto Italiano di Cultura (\u0130talyan K\u00fclt\u00fcr Enstit\u00fcs\u00fc) Berlin<\/li><li>\u0130talyan B\u00fcy\u00fckel\u00e7ili\u011fi<\/li><li>Siegburg il\u00e7e kasabas\u0131<\/li><li>Berlin Eyaleti Sa\u011fl\u0131k ve Sosyal \u0130\u015fler Dairesi (LAGeSo)<\/li><li>Eyalet ba\u015fkenti D\u00fcsseldorf<\/li><li>A\u015fa\u011f\u0131 Saksonya Temsilcili\u011fi<\/li><li>Karlsruhe B\u00f6lge Mahkemesi<\/li><li>Oder-Spree b\u00f6lgesi<\/li><li>Stendal B\u00f6lgesi<\/li><li>NRW Eyalet Parlamentosu<\/li><li>LKA Eyalet Kriminal Soru\u015fturma Dairesi NRW D\u00fcsseldorf<\/li><li>Bremerhaven Belediye Meclisi<\/li><li>\u0130skandinav B\u00fcy\u00fckel\u00e7ilikleri Berlin<\/li><li>Alt Landsberg Brandenburg Belediye Binas\u0131<\/li><li>Falkensee Belediye Binas\u0131 Falkensee<\/li><li>RKI Robert Koch Enstit\u00fcs\u00fc Berlin<\/li><li>E\u011fitim ve K\u00fclt\u00fcr \u0130\u015fleri Bakanlar\u0131 Daimi Konferans\u0131 Sekretaryas\u0131 Bonn &amp; Berlin<\/li><li>Senato \u00c7al\u0131\u015fma, Uyum ve Kad\u0131n Sorunlar\u0131 Dairesi Berlin<\/li><li>Berlin Ekonomi, Teknoloji ve Ara\u015ft\u0131rma Senat\u00f6rl\u00fc\u011f\u00fc<\/li><li>A\u015fa\u011f\u0131 Saksonya Eyalet Ba\u015fbakanl\u0131\u011f\u0131<\/li><li>Dortmund \u015eehri<\/li><li>Hagen \u015eehri<\/li><li>K\u00f6ln \u015eehri<\/li><li>Mettmann \u015eehri<\/li><li>Monheim \u015eehri<\/li><li>Solingen \u015eehri<\/li><li>T\u00f6nisvorst \u015eehri<\/li><li>D\u00fcsseldorf \u015fehir y\u00f6netimi<\/li><\/ul>\t\t\t\t\t\t\t\t<\/div>\n\t\t\t\t<\/div>\n\t\t\t\t<div class=\"elementor-element elementor-element-572cea8 elementor-icon-list--layout-traditional elementor-list-item-link-full_width elementor-widget elementor-widget-icon-list\" data-id=\"572cea8\" data-element_type=\"widget\" data-widget_type=\"icon-list.default\">\n\t\t\t\t<div class=\"elementor-widget-container\">\n\t\t\t\t\t\t\t<ul class=\"elementor-icon-list-items\">\n\t\t\t\t\t\t\t<li class=\"elementor-icon-list-item\">\n\t\t\t\t\t\t\t\t\t\t\t<a href=\"\/tr\/referanslar\/\">\n\n\t\t\t\t\t\t\t\t\t\t\t\t<span class=\"elementor-icon-list-icon\">\n\t\t\t\t\t\t\t<svg aria-hidden=\"true\" class=\"e-font-icon-svg e-fas-chevron-right\" viewbox=\"0 0 320 512\" xmlns=\"http:\/\/www.w3.org\/2000\/svg\"><path d=\"M285.476 272.971L91.132 467.314c-9.373 9.373-24.569 9.373-33.941 0l-22.667-22.667c-9.357-9.357-9.375-24.522-.04-33.901L188.505 256 34.484 101.255c-9.335-9.379-9.317-24.544.04-33.901l22.667-22.667c9.373-9.373 24.569-9.373 33.941 0L285.475 239.03c9.373 9.372 9.373 24.568.001 33.941z\"><\/path><\/svg>\t\t\t\t\t\t<\/span>\n\t\t\t\t\t\t\t\t\t\t<span class=\"elementor-icon-list-text\">Di\u011fer referanslar<\/span>\n\t\t\t\t\t\t\t\t\t\t\t<\/a>\n\t\t\t\t\t\t\t\t\t<\/li>\n\t\t\t\t\t\t<\/ul>\n\t\t\t\t\t\t<\/div>\n\t\t\t\t<\/div>\n\t\t\t\t\t<\/div>\n\t\t\t\t<\/div>\n\t\t<div data-particle_enable=\"false\" data-particle-mobile-disabled=\"false\" class=\"elementor-element elementor-element-0362c43 e-flex e-con-boxed e-con e-parent\" data-id=\"0362c43\" data-element_type=\"container\">\n\t\t\t\t\t<div class=\"e-con-inner\">\n\t\t<div data-particle_enable=\"false\" data-particle-mobile-disabled=\"false\" class=\"elementor-element elementor-element-7a69283 e-flex e-con-boxed e-con e-parent\" data-id=\"7a69283\" data-element_type=\"container\">\n\t\t\t\t\t<div class=\"e-con-inner\">\n\t\t\t\t<div class=\"elementor-element elementor-element-6e3b3bc elementor-widget elementor-widget-shortcode\" data-id=\"6e3b3bc\" data-element_type=\"widget\" data-widget_type=\"shortcode.default\">\n\t\t\t\t<div class=\"elementor-widget-container\">\n\t\t\t\t\t\t\t<div class=\"elementor-shortcode\"><\/div>\n\t\t\t\t\t\t<\/div>\n\t\t\t\t<\/div>\n\t\t\t\t\t<\/div>\n\t\t\t\t<\/div>\n\t\t\t\t\t<\/div>\n\t\t\t\t<\/div>\n\t\t<div data-particle_enable=\"false\" data-particle-mobile-disabled=\"false\" class=\"elementor-element elementor-element-14d115f e-flex e-con-boxed e-con e-parent\" data-id=\"14d115f\" data-element_type=\"container\">\n\t\t\t\t\t<div class=\"e-con-inner\">\n\t\t\t\t<div class=\"elementor-element elementor-element-0f53c4b elementor-widget elementor-widget-shortcode\" data-id=\"0f53c4b\" data-element_type=\"widget\" data-widget_type=\"shortcode.default\">\n\t\t\t\t<div class=\"elementor-widget-container\">\n\t\t\t\t\t\t\t<div class=\"elementor-shortcode\"><\/div>\n\t\t\t\t\t\t<\/div>\n\t\t\t\t<\/div>\n\t\t\t\t\t<\/div>\n\t\t\t\t<\/div>\n\t\t\t\t<\/div>","protected":false},"excerpt":{"rendered":"<p>Federal h\u00fck\u00fcmet, eyaletler, \u015fehirler, politika Politika: \u00e7e\u015fitlilik ve sorumluluk Toplant\u0131lar ve konferanslar i\u00e7in y\u00fcksek kaliteli konferans teknolojisini bizden kiralayabilir veya sat\u0131n alabilirsiniz. Teknolojimiz pano korumal\u0131d\u0131r, GDPR uyumludur ve ayr\u0131ca resmi Alman \u00c7evrimi\u00e7i Eri\u015fim Yasas\u0131'n\u0131n gerekliliklerini yerine getirmenize yard\u0131mc\u0131 olabilir.   Dan\u0131\u015fmanl\u0131k, konsept ve planlamadan [...]'e kadar t\u00fcm hizmetleri sunuyoruz.<\/p>","protected":false},"author":2,"featured_media":24029,"parent":0,"menu_order":0,"comment_status":"closed","ping_status":"closed","template":"","meta":{"_acf_changed":false,"footnotes":""},"class_list":["post-24026","page","type-page","status-publish","has-post-thumbnail","hentry"],"acf":[],"_links":{"self":[{"href":"https:\/\/konferenztechnik.de\/tr\/wp-json\/wp\/v2\/pages\/24026","targetHints":{"allow":["GET"]}}],"collection":[{"href":"https:\/\/konferenztechnik.de\/tr\/wp-json\/wp\/v2\/pages"}],"about":[{"href":"https:\/\/konferenztechnik.de\/tr\/wp-json\/wp\/v2\/types\/page"}],"author":[{"embeddable":true,"href":"https:\/\/konferenztechnik.de\/tr\/wp-json\/wp\/v2\/users\/2"}],"replies":[{"embeddable":true,"href":"https:\/\/konferenztechnik.de\/tr\/wp-json\/wp\/v2\/comments?post=24026"}],"version-history":[{"count":0,"href":"https:\/\/konferenztechnik.de\/tr\/wp-json\/wp\/v2\/pages\/24026\/revisions"}],"wp:featuredmedia":[{"embeddable":true,"href":"https:\/\/konferenztechnik.de\/tr\/wp-json\/wp\/v2\/media\/24029"}],"wp:attachment":[{"href":"https:\/\/konferenztechnik.de\/tr\/wp-json\/wp\/v2\/media?parent=24026"}],"curies":[{"name":"wp","href":"https:\/\/api.w.org\/{rel}","templated":true}]}}