{"id":24791,"date":"2023-04-18T09:46:11","date_gmt":"2023-04-18T07:46:11","guid":{"rendered":"http:\/\/dev.konferenztechnik.de\/?page_id=24791"},"modified":"2025-12-20T19:14:57","modified_gmt":"2025-12-20T18:14:57","slug":"egi%cc%87ti%cc%87m-ve-ueni%cc%87versi%cc%87teler","status":"publish","type":"page","link":"https:\/\/konferenztechnik.de\/tr\/egi%cc%87ti%cc%87m-ve-ueni%cc%87versi%cc%87teler\/","title":{"rendered":"E\u011fitim ve \u00fcniversiteler"},"content":{"rendered":"<div data-elementor-type=\"wp-page\" data-elementor-id=\"24791\" class=\"elementor elementor-24791\" data-elementor-post-type=\"page\">\n\t\t\t\t<div data-particle_enable=\"false\" data-particle-mobile-disabled=\"false\" class=\"elementor-element elementor-element-d8aba58 e-flex e-con-boxed e-con e-parent\" data-id=\"d8aba58\" data-element_type=\"container\">\n\t\t\t\t\t<div class=\"e-con-inner\">\n\t\t\t\t<div class=\"elementor-element elementor-element-366d4e5 elementor-widget__width-inherit elementor-widget elementor-widget-heading\" data-id=\"366d4e5\" data-element_type=\"widget\" data-widget_type=\"heading.default\">\n\t\t\t\t<div class=\"elementor-widget-container\">\n\t\t\t\t\t<h1 class=\"elementor-heading-title elementor-size-default\">E\u011fitim ve \u00fcniversiteler<\/h1>\t\t\t\t<\/div>\n\t\t\t\t<\/div>\n\t\t\t\t<div class=\"elementor-element elementor-element-e4b6b7a elementor-widget elementor-widget-image\" data-id=\"e4b6b7a\" data-element_type=\"widget\" data-widget_type=\"image.default\">\n\t\t\t\t<div class=\"elementor-widget-container\">\n\t\t\t\t\t\t\t\t\t\t\t\t\t\t\t<img fetchpriority=\"high\" decoding=\"async\" width=\"1300\" height=\"486\" src=\"https:\/\/konferenztechnik.de\/wp-content\/uploads\/2023\/04\/uni-medieninstallation.jpg\" class=\"attachment-full size-full wp-image-24799\" alt=\"Bo\u015f bir modern amfinin g\u00f6r\u00fcn\u00fcm\u00fc - burada E\u011fitim ve \u00dcniversiteler b\u00f6l\u00fcm\u00fcm\u00fcz\u00fcn sembol\u00fc olarak yer al\u0131yor\" srcset=\"https:\/\/konferenztechnik.de\/wp-content\/uploads\/2023\/04\/uni-medieninstallation.jpg 1300w, https:\/\/konferenztechnik.de\/wp-content\/uploads\/2023\/04\/uni-medieninstallation-300x112.jpg 300w, https:\/\/konferenztechnik.de\/wp-content\/uploads\/2023\/04\/uni-medieninstallation-1024x383.jpg 1024w, https:\/\/konferenztechnik.de\/wp-content\/uploads\/2023\/04\/uni-medieninstallation-768x287.jpg 768w, https:\/\/konferenztechnik.de\/wp-content\/uploads\/2023\/04\/uni-medieninstallation-18x7.jpg 18w\" sizes=\"(max-width: 1300px) 100vw, 1300px\" title=\"\">\t\t\t\t\t\t\t\t\t\t\t\t\t\t\t<\/div>\n\t\t\t\t<\/div>\n\t\t\t\t\t<\/div>\n\t\t\t\t<\/div>\n\t\t<div data-particle_enable=\"false\" data-particle-mobile-disabled=\"false\" class=\"elementor-element elementor-element-9deafd4 e-flex e-con-boxed e-con e-parent\" data-id=\"9deafd4\" data-element_type=\"container\">\n\t\t\t\t\t<div class=\"e-con-inner\">\n\t\t\t\t<div class=\"elementor-element elementor-element-66ea8b4 elementor-widget elementor-widget-heading\" data-id=\"66ea8b4\" data-element_type=\"widget\" data-settings=\"{&quot;_animation&quot;:&quot;none&quot;}\" data-widget_type=\"heading.default\">\n\t\t\t\t<div class=\"elementor-widget-container\">\n\t\t\t\t\t<h2 class=\"elementor-heading-title elementor-size-default\">E\u011fitim: modern, dinamik, b\u00fct\u00fcnsel<\/h2>\t\t\t\t<\/div>\n\t\t\t\t<\/div>\n\t\t\t\t<div class=\"elementor-element elementor-element-d16fcf6 elementor-widget__width-inherit elementor-widget elementor-widget-text-editor\" data-id=\"d16fcf6\" data-element_type=\"widget\" data-widget_type=\"text-editor.default\">\n\t\t\t\t<div class=\"elementor-widget-container\">\n\t\t\t\t\t\t\t\t\t<p>E\u011fitim kurumlar\u0131 ve \u00fcniversiteler, modern medya teknolojisine \u00f6zellikle y\u00fcksek talepler y\u00f6neltmektedir. \u00dcreticiler taraf\u0131ndan d\u00fczenli olarak verilen e\u011fitimler ve kurulumlarda pratik uygulamalar sayesinde, teknolojide en son geli\u015fmeleri takip ediyoruz. \u00dcniversiteler, genellikle ses, video ve sunum teknolojisinde yeniliklerin itici g\u00fcc\u00fc olarak i\u015flev g\u00f6rmektedir.<\/p><p>\u00a0<\/p><p>\u00d6\u011fretim ve \u00f6\u011frenim ortamlar\u0131nda y\u00fcksek ses netli\u011fi ve g\u00fcvenilir g\u00f6rsel aktar\u0131m ihtiyac\u0131 temel bir gerekliliktir. Net ses kalitesi ve istikrarl\u0131 g\u00f6r\u00fcnt\u00fc kalitesi, dersler, karma \u00f6\u011fretim formatlar\u0131 ve dijital i\u015fbirli\u011fi i\u00e7in \u00e7ok \u00f6nemlidir.<\/p><p>\u00a0<\/p><p>Ayr\u0131ca, \u00fcniversitelerde kullan\u0131lan medya teknolojisi sistemleri y\u00fcksek kullan\u0131labilirli\u011fe sahip, sa\u011flam ve yanl\u0131\u015f kullan\u0131mlara kar\u015f\u0131 g\u00fcvenli olmal\u0131d\u0131r. Kullan\u0131m konseptleri, derslerin aksamas\u0131n\u0131 \u00f6nlemek i\u00e7in sezgisel olmal\u0131d\u0131r. Bug\u00fcn \u015firketlerin konferans salonlar\u0131nda kulland\u0131\u011f\u0131m\u0131z bir\u00e7ok \u00e7\u00f6z\u00fcm, asl\u0131nda \u00fcniversite projelerinde kendini kan\u0131tlam\u0131\u015ft\u0131r. \u2013, profesyonel interaktif ekranlar da bunlara dahildir.<\/p><p>\u00a0<\/p><p>\u00dcniversitelerde kullan\u0131ma uygun olan\u0131, teknik a\u00e7\u0131dan alt\u0131n standart olarak kabul ediyoruz. Burada talep edilen g\u00fcvenilirlik, kullan\u0131labilirlik ve performans kalite standartlar\u0131n\u0131 di\u011fer uygulama alanlar\u0131nda da tutarl\u0131 bir \u015fekilde uyguluyoruz. \u00dcniversite projeleri, teknolojik a\u00e7\u0131dan zorlu olmalar\u0131 ve en y\u00fcksek d\u00fczeyde teknik uzmanl\u0131k gerektirmeleri nedeniyle \u015firket i\u00e7inde de \u00f6zellikle talep g\u00f6rmektedir.<\/p>\t\t\t\t\t\t\t\t<\/div>\n\t\t\t\t<\/div>\n\t\t\t\t\t<\/div>\n\t\t\t\t<\/div>\n\t\t<div data-particle_enable=\"false\" data-particle-mobile-disabled=\"false\" class=\"elementor-element elementor-element-455c20b e-flex e-con-boxed e-con e-parent\" data-id=\"455c20b\" data-element_type=\"container\" data-settings=\"{&quot;animation&quot;:&quot;none&quot;}\">\n\t\t\t\t\t<div class=\"e-con-inner\">\n\t\t\t\t<div class=\"elementor-element elementor-element-7734196 elementor-widget elementor-widget-heading\" data-id=\"7734196\" data-element_type=\"widget\" data-settings=\"{&quot;_animation&quot;:&quot;none&quot;}\" data-widget_type=\"heading.default\">\n\t\t\t\t<div class=\"elementor-widget-container\">\n\t\t\t\t\t<h2 class=\"elementor-heading-title elementor-size-default\">S\u0131k kar\u015f\u0131la\u015f\u0131lan konular<\/h2>\t\t\t\t<\/div>\n\t\t\t\t<\/div>\n\t\t\t\t<div class=\"elementor-element elementor-element-1e5ddfb elementor-widget__width-inherit smart-post-list-4-col elementor-widget elementor-widget-eael-post-list\" data-id=\"1e5ddfb\" data-element_type=\"widget\" data-settings=\"{&quot;_animation&quot;:&quot;none&quot;}\" data-widget_type=\"eael-post-list.default\">\n\t\t\t\t<div class=\"elementor-widget-container\">\n\t\t\t\t\t<div class=\"eael-post-list-container advanced layout-advanced\"><div class=\"eael-post-list-wrap\"><div class=\"eael-post-list-posts-wrap eael-post-appender eael-post-appender-1e5ddfb\"><div class=\"eael-post-list-post\"><div class=\"eael-post-list-post-inner\"><div class=\"eael-post-list-thumbnail\"><a href=\"https:\/\/konferenztechnik.de\/tr\/shure-mxw-next-2-kablosuz-mikrofon-sistemi\/\">\n                <img decoding=\"async\" src=\"https:\/\/konferenztechnik.de\/wp-content\/uploads\/2024\/02\/drahtlose-konferenz-shure-mxw-next-2-jpg.webp\" alt=\"Bir mikrofon sistemi, bir ki\u015fi onu a\u00e7ar.\" title=\"\">\n            <\/a><\/div><div class=\"eael-post-list-content\"><h3 class=\"eael-post-list-title\"><a href=\"https:\/\/konferenztechnik.de\/tr\/shure-mxw-next-2-kablosuz-mikrofon-sistemi\/\" >Shure MXW NEXT 2 kablosuz mikrofon sistemi<\/a><\/h3><p>S\u0131n\u0131flar, e\u011fitim odalar\u0131, amfiler ve hibrit konferans salonlar\u0131 i\u00e7in kablosuz mikrofonlar \u2013 basit, g\u00fcvenilir,...<\/p><a href=\"https:\/\/konferenztechnik.de\/tr\/shure-mxw-next-2-kablosuz-mikrofon-sistemi\/\" class=\"eael-post-elements-readmore-btn\" >\u203a daha fazla<\/a><div class=\"boxed-meta\"><\/div><\/div><\/div><\/div><div class=\"eael-post-list-post\"><div class=\"eael-post-list-post-inner\"><div class=\"eael-post-list-thumbnail\"><a href=\"https:\/\/konferenztechnik.de\/tr\/eri%cc%87si%cc%87lebi%cc%87li%cc%87rli%cc%87k-etki%cc%87nli%cc%87kleri%cc%87-tekni%cc%87k-coezuemler-danismanlik-uygulama\/\">\n                <img decoding=\"async\" src=\"https:\/\/konferenztechnik.de\/wp-content\/uploads\/2023\/03\/barrierefreie-events.jpg\" alt=\"Eri\u015filebilirlik sembol\u00fc\" title=\"\">\n            <\/a><\/div><div class=\"eael-post-list-content\"><h3 class=\"eael-post-list-title\"><a href=\"https:\/\/konferenztechnik.de\/tr\/eri%cc%87si%cc%87lebi%cc%87li%cc%87rli%cc%87k-etki%cc%87nli%cc%87kleri%cc%87-tekni%cc%87k-coezuemler-danismanlik-uygulama\/\" >Eri\u015filebilirlik<\/a><\/h3><p>Etkinlikler ve dijital ileti\u015fim i\u00e7in: Dan\u0131\u015fmanl\u0131k, uygulama: Etkinlikler, fonksiyonlar, dijital ileti\u015fim...<\/p><a href=\"https:\/\/konferenztechnik.de\/tr\/eri%cc%87si%cc%87lebi%cc%87li%cc%87rli%cc%87k-etki%cc%87nli%cc%87kleri%cc%87-tekni%cc%87k-coezuemler-danismanlik-uygulama\/\" class=\"eael-post-elements-readmore-btn\" >\u203a daha fazla<\/a><div class=\"boxed-meta\"><\/div><\/div><\/div><\/div><div class=\"eael-post-list-post\"><div class=\"eael-post-list-post-inner\"><div class=\"eael-post-list-thumbnail\"><a href=\"https:\/\/konferenztechnik.de\/tr\/interaktif-ekranlar-beyaz-tahtalar-flipchartlar\/\">\n                <img decoding=\"async\" src=\"https:\/\/konferenztechnik.de\/wp-content\/uploads\/2023\/04\/i3-displays-whiteboards-flipcharts-jpg.webp\" alt=\"2 adet hareketli tripod \u00fczerinde I3 marka ekran\" title=\"\">\n            <\/a><\/div><div class=\"eael-post-list-content\"><h3 class=\"eael-post-list-title\"><a href=\"https:\/\/konferenztechnik.de\/tr\/interaktif-ekranlar-beyaz-tahtalar-flipchartlar\/\" >\u0130nteraktif ekranlar, beyaz tahtalar, flipchartlar<\/a><\/h3><p>Dokunmatik ekranlar, beyaz tahtalar ve dijital flipchartlar i\u00e7in ilk tercihimiz genellikle i3-Technologies oluyor.<\/p><a href=\"https:\/\/konferenztechnik.de\/tr\/interaktif-ekranlar-beyaz-tahtalar-flipchartlar\/\" class=\"eael-post-elements-readmore-btn\" >\u203a daha fazla<\/a><div class=\"boxed-meta\"><\/div><\/div><\/div><\/div><div class=\"eael-post-list-post\"><div class=\"eael-post-list-post-inner\"><div class=\"eael-post-list-thumbnail\"><a href=\"https:\/\/konferenztechnik.de\/tr\/hava-kali%cc%87tesi%cc%87\/\">\n                <img decoding=\"async\" src=\"https:\/\/konferenztechnik.de\/wp-content\/uploads\/2023\/04\/luftqualitaet-veranstaltungen-hochschulen.jpg\" alt=\"Hava kalitesi indeksi sembol\u00fc\" title=\"\">\n            <\/a><\/div><div class=\"eael-post-list-content\"><h3 class=\"eael-post-list-title\"><a href=\"https:\/\/konferenztechnik.de\/tr\/hava-kali%cc%87tesi%cc%87\/\" >\u00c7al\u0131\u015fma ve \u00f6\u011frenme alanlar\u0131nda hava kalitesi<\/a><\/h3><p>\u0130\u00e7 mekanlarda \u00e7al\u0131\u015f\u0131yor ve \u00f6\u011freniyoruz. Bu nedenle iyi bir i\u00e7 mekan hava kalitesi...<\/p><a href=\"https:\/\/konferenztechnik.de\/tr\/hava-kali%cc%87tesi%cc%87\/\" class=\"eael-post-elements-readmore-btn\" >\u203a daha fazla<\/a><div class=\"boxed-meta\"><\/div><\/div><\/div><\/div><div class=\"eael-post-list-post\"><div class=\"eael-post-list-post-inner\"><div class=\"eael-post-list-thumbnail\"><a href=\"https:\/\/konferenztechnik.de\/tr\/ptz-kameralar\/\">\n                <img decoding=\"async\" src=\"https:\/\/konferenztechnik.de\/wp-content\/uploads\/2023\/03\/ptz-kameras.jpg\" alt=\"\" title=\"\">\n            <\/a><\/div><div class=\"eael-post-list-content\"><h3 class=\"eael-post-list-title\"><a href=\"https:\/\/konferenztechnik.de\/tr\/ptz-kameralar\/\" >PTZ kameralar<\/a><\/h3><p>PTZ kameralar (genellikle DOME kameralar olarak da bilinir) hedef alana otomatik olarak odaklan\u0131r...<\/p><a href=\"https:\/\/konferenztechnik.de\/tr\/ptz-kameralar\/\" class=\"eael-post-elements-readmore-btn\" >\u203a daha fazla<\/a><div class=\"boxed-meta\"><\/div><\/div><\/div><\/div><div class=\"eael-post-list-post\"><div class=\"eael-post-list-post-inner\"><div class=\"eael-post-list-thumbnail\"><a href=\"https:\/\/konferenztechnik.de\/tr\/video-konferans-icin-hibrit-toplanti-odalari-2\/\">\n                <img decoding=\"async\" src=\"https:\/\/konferenztechnik.de\/wp-content\/uploads\/2023\/03\/hybride-besprechungsraeume.jpg\" alt=\"\" title=\"\">\n            <\/a><\/div><div class=\"eael-post-list-content\"><h3 class=\"eael-post-list-title\"><a href=\"https:\/\/konferenztechnik.de\/tr\/video-konferans-icin-hibrit-toplanti-odalari-2\/\" >Video konferans i\u00e7in hibrit toplant\u0131 odalar\u0131<\/a><\/h3><p>Odada ve ba\u011fl\u0131 kat\u0131l\u0131mc\u0131lar i\u00e7in optimum ko\u015fullar ve uyumlu kullan\u0131m...<\/p><a href=\"https:\/\/konferenztechnik.de\/tr\/video-konferans-icin-hibrit-toplanti-odalari-2\/\" class=\"eael-post-elements-readmore-btn\" >\u203a daha fazla<\/a><div class=\"boxed-meta\"><\/div><\/div><\/div><\/div><div class=\"eael-post-list-post\"><div class=\"eael-post-list-post-inner\"><div class=\"eael-post-list-thumbnail\"><a href=\"https:\/\/konferenztechnik.de\/tr\/etkinlikler-icin-acilis-sayfalari-sanal-etkinlik-platformlari\/\">\n                <img decoding=\"async\" src=\"https:\/\/konferenztechnik.de\/wp-content\/uploads\/2023\/03\/landingpage-beitrag.jpg\" alt=\"\" title=\"\">\n            <\/a><\/div><div class=\"eael-post-list-content\"><h3 class=\"eael-post-list-title\"><a href=\"https:\/\/konferenztechnik.de\/tr\/etkinlikler-icin-acilis-sayfalari-sanal-etkinlik-platformlari\/\" >Etkinlikler i\u00e7in a\u00e7\u0131l\u0131\u015f sayfalar\u0131, sanal etkinlik platformlar\u0131<\/a><\/h3><p>Etkinlikler i\u00e7in a\u00e7\u0131l\u0131\u015f sayfalar\u0131, sanal etkinlik platformlar\u0131 Temel paket a\u015fa\u011f\u0131daki unsurlardan olu\u015fur...<\/p><a href=\"https:\/\/konferenztechnik.de\/tr\/etkinlikler-icin-acilis-sayfalari-sanal-etkinlik-platformlari\/\" class=\"eael-post-elements-readmore-btn\" >\u203a daha fazla<\/a><div class=\"boxed-meta\"><\/div><\/div><\/div><\/div><div class=\"eael-post-list-post\"><div class=\"eael-post-list-post-inner\"><div class=\"eael-post-list-thumbnail\"><a href=\"https:\/\/konferenztechnik.de\/tr\/microsoft-eki%cc%87pleri%cc%87yle-konferanslar\/\">\n                <img decoding=\"async\" src=\"https:\/\/konferenztechnik.de\/wp-content\/uploads\/2023\/03\/konferenzen-ms-teams.jpg\" alt=\"\" title=\"\">\n            <\/a><\/div><div class=\"eael-post-list-content\"><h3 class=\"eael-post-list-title\"><a href=\"https:\/\/konferenztechnik.de\/tr\/microsoft-eki%cc%87pleri%cc%87yle-konferanslar\/\" >Microsoft Teams ile Konferanslar<\/a><\/h3><p>MS Teams art\u0131k \u00e7ok dilli ve \"Simultane terc\u00fcme\" i\u015flevine de sahip<\/p><a href=\"https:\/\/konferenztechnik.de\/tr\/microsoft-eki%cc%87pleri%cc%87yle-konferanslar\/\" class=\"eael-post-elements-readmore-btn\" >\u203a daha fazla<\/a><div class=\"boxed-meta\"><\/div><\/div><\/div><\/div><\/div><\/div>\n\t\t<\/div>\t\t\t\t<\/div>\n\t\t\t\t<\/div>\n\t\t\t\t\t<\/div>\n\t\t\t\t<\/div>\n\t\t<div data-particle_enable=\"false\" data-particle-mobile-disabled=\"false\" class=\"elementor-element elementor-element-eaddbcf e-flex e-con-boxed e-con e-parent\" data-id=\"eaddbcf\" data-element_type=\"container\">\n\t\t\t\t\t<div class=\"e-con-inner\">\n\t\t\t\t<div class=\"elementor-element elementor-element-7fa8348 elementor-widget__width-inherit elementor-widget elementor-widget-heading\" data-id=\"7fa8348\" data-element_type=\"widget\" data-widget_type=\"heading.default\">\n\t\t\t\t<div class=\"elementor-widget-container\">\n\t\t\t\t\t<h2 class=\"elementor-heading-title elementor-size-default\">Referanslar: E\u011fitim ve \u00fcniversiteler<\/h2>\t\t\t\t<\/div>\n\t\t\t\t<\/div>\n\t\t\t\t<div class=\"elementor-element elementor-element-28236df elementor-widget__width-inherit elementor-widget elementor-widget-text-editor\" data-id=\"28236df\" data-element_type=\"widget\" data-widget_type=\"text-editor.default\">\n\t\t\t\t<div class=\"elementor-widget-container\">\n\t\t\t\t\t\t\t\t\t<ul><li>Bauhaus \u00dcniversitesi Weimar<\/li><li>Wuppertal \u00dcniversitesi<\/li><li>Berlin Uygulamal\u0131 Bilimler \u00dcniversitesi<\/li><li>BIBB Federal H\u00fck\u00fcmet Mesleki E\u011fitim ve \u00d6\u011fretimde Uluslararas\u0131 \u0130\u015fbirli\u011fi Merkezi<\/li><li>Federal E\u011fitim ve Ara\u015ft\u0131rma Bakanl\u0131\u011f\u0131<\/li><li>Federal Yurtta\u015fl\u0131k E\u011fitimi Ajans\u0131<\/li><li>Christian-Albrechts-Universit\u00e4t zu Kiel<\/li><li>Avrupa \u00dcniversitesi Viadrina Frankfurt\/Oder<\/li><li>Aachen Uygulamal\u0131 Bilimler \u00dcniversitesi<\/li><li>Erfurt Uygulamal\u0131 Bilimler \u00dcniversitesi<\/li><li>Babelsberg Film \u00dcniversitesi Konrad Wolf<\/li><li>Berlin \u00d6zg\u00fcr \u00dcniversitesi<\/li><li>Jena Friedrich Schiller \u00dcniversitesi<\/li><li>Heinrich Heine \u00dcniversitesi D\u00fcsseldorf<\/li><li>Polis ve Kamu Y\u00f6netimi Uygulamal\u0131 Bilimler \u00dcniversitesi NRW<\/li><li>Niederrhein Uygulamal\u0131 Bilimler \u00dcniversitesi<\/li><li>Berlin Humboldt \u00dcniversitesi<\/li><li>IG Metall E\u011fitim Merkezi<\/li><li>Internationales Bildungs- und Begegnungswerk e.V.<\/li><li>Ludwig-Maximilians-University Munich<\/li><li>Hamburg \u00dcniversitesi Misyon Akademisi<\/li><li>Kuzey Ren-Vestfalya Bilimler ve Be\u015feri Bilimler Akademisi<\/li><li>Do\u011fu Bavyera Teknik \u00dcniversitesi (OTH)<\/li><li>Rheinische Friedrich-Wilhelms-Universit\u00e4t Bonn<\/li><li>Ruhr \u00dcniversitesi Bochum<\/li><li>Senato E\u011fitim, Gen\u00e7lik ve Aile Bakanl\u0131\u011f\u0131 Berlin<\/li><li>Hildesheim \u00dcniversitesi Vakf\u0131<\/li><li>Alman Rekt\u00f6rler Konferans\u0131 Tan\u0131t\u0131m Vakf\u0131<\/li><li>K\u00f6ln Teknoloji \u00dcniversitesi<\/li><li>Berlin Teknoloji \u00dcniversitesi<\/li><li>M\u00fcnih Teknik \u00dcniversitesi<\/li><li>Duisburg Essen \u00dcniversitesi<\/li><li>M\u00fcnih Ukrayna \u00d6zg\u00fcr \u00dcniversitesi<\/li><li>Heidelberg \u00dcniversitesi<\/li><li>Kassel \u00dcniversitesi<\/li><li>Potsdam \u00dcniversitesi<\/li><li>Askeri T\u0131p Kongresi ve E\u011fitim Organizasyonu mbH<\/li><\/ul>\t\t\t\t\t\t\t\t<\/div>\n\t\t\t\t<\/div>\n\t\t\t\t<div class=\"elementor-element elementor-element-507e68a elementor-icon-list--layout-traditional elementor-list-item-link-full_width elementor-widget elementor-widget-icon-list\" data-id=\"507e68a\" data-element_type=\"widget\" data-widget_type=\"icon-list.default\">\n\t\t\t\t<div class=\"elementor-widget-container\">\n\t\t\t\t\t\t\t<ul class=\"elementor-icon-list-items\">\n\t\t\t\t\t\t\t<li class=\"elementor-icon-list-item\">\n\t\t\t\t\t\t\t\t\t\t\t<a href=\"\/tr\/referanslar\/\">\n\n\t\t\t\t\t\t\t\t\t\t\t\t<span class=\"elementor-icon-list-icon\">\n\t\t\t\t\t\t\t<svg aria-hidden=\"true\" class=\"e-font-icon-svg e-fas-chevron-right\" viewbox=\"0 0 320 512\" xmlns=\"http:\/\/www.w3.org\/2000\/svg\"><path d=\"M285.476 272.971L91.132 467.314c-9.373 9.373-24.569 9.373-33.941 0l-22.667-22.667c-9.357-9.357-9.375-24.522-.04-33.901L188.505 256 34.484 101.255c-9.335-9.379-9.317-24.544.04-33.901l22.667-22.667c9.373-9.373 24.569-9.373 33.941 0L285.475 239.03c9.373 9.372 9.373 24.568.001 33.941z\"><\/path><\/svg>\t\t\t\t\t\t<\/span>\n\t\t\t\t\t\t\t\t\t\t<span class=\"elementor-icon-list-text\">Di\u011fer referanslar<\/span>\n\t\t\t\t\t\t\t\t\t\t\t<\/a>\n\t\t\t\t\t\t\t\t\t<\/li>\n\t\t\t\t\t\t<\/ul>\n\t\t\t\t\t\t<\/div>\n\t\t\t\t<\/div>\n\t\t\t\t\t<\/div>\n\t\t\t\t<\/div>\n\t\t<div data-particle_enable=\"false\" data-particle-mobile-disabled=\"false\" class=\"elementor-element elementor-element-2af5988 e-flex e-con-boxed e-con e-parent\" data-id=\"2af5988\" data-element_type=\"container\">\n\t\t\t\t\t<div class=\"e-con-inner\">\n\t\t\t\t<div class=\"elementor-element elementor-element-f28f352 elementor-widget elementor-widget-shortcode\" data-id=\"f28f352\" data-element_type=\"widget\" data-widget_type=\"shortcode.default\">\n\t\t\t\t<div class=\"elementor-widget-container\">\n\t\t\t\t\t\t\t<div class=\"elementor-shortcode\"><\/div>\n\t\t\t\t\t\t<\/div>\n\t\t\t\t<\/div>\n\t\t\t\t\t<\/div>\n\t\t\t\t<\/div>\n\t\t<div data-particle_enable=\"false\" data-particle-mobile-disabled=\"false\" class=\"elementor-element elementor-element-14d115f e-flex e-con-boxed e-con e-parent\" data-id=\"14d115f\" data-element_type=\"container\">\n\t\t\t\t\t<div class=\"e-con-inner\">\n\t\t\t\t<div class=\"elementor-element elementor-element-0f53c4b elementor-widget elementor-widget-shortcode\" data-id=\"0f53c4b\" data-element_type=\"widget\" data-widget_type=\"shortcode.default\">\n\t\t\t\t<div class=\"elementor-widget-container\">\n\t\t\t\t\t\t\t<div class=\"elementor-shortcode\"><\/div>\n\t\t\t\t\t\t<\/div>\n\t\t\t\t<\/div>\n\t\t\t\t\t<\/div>\n\t\t\t\t<\/div>\n\t\t\t\t<\/div>","protected":false},"excerpt":{"rendered":"<p>E\u011fitim ve \u00fcniversiteler E\u011fitim: modern, dinamik, b\u00fct\u00fcnsel E\u011fitim kurumlar\u0131 ve \u00fcniversiteler, \u00e7a\u011fda\u015f medya teknolojisine \u00f6zellikle y\u00fcksek talepler y\u00f6neltmektedir. \u00dcreticiler taraf\u0131ndan d\u00fczenli olarak verilen e\u011fitimler ve kurulumlarda pratik uygulamalar sayesinde, teknolojide en son geli\u015fmeleri takip ediyoruz. \u00dcniversiteler, genellikle ses, video ve sunum teknolojilerinde yeniliklerin itici g\u00fcc\u00fc olarak i\u015flev g\u00f6rmektedir.   Y\u00fcksek ses netli\u011fi ve g\u00fcvenilir g\u00f6rsel [\u2026]<\/p>","protected":false},"author":2,"featured_media":45482,"parent":0,"menu_order":0,"comment_status":"closed","ping_status":"closed","template":"","meta":{"_acf_changed":false,"footnotes":""},"class_list":["post-24791","page","type-page","status-publish","has-post-thumbnail","hentry"],"acf":[],"_links":{"self":[{"href":"https:\/\/konferenztechnik.de\/tr\/wp-json\/wp\/v2\/pages\/24791","targetHints":{"allow":["GET"]}}],"collection":[{"href":"https:\/\/konferenztechnik.de\/tr\/wp-json\/wp\/v2\/pages"}],"about":[{"href":"https:\/\/konferenztechnik.de\/tr\/wp-json\/wp\/v2\/types\/page"}],"author":[{"embeddable":true,"href":"https:\/\/konferenztechnik.de\/tr\/wp-json\/wp\/v2\/users\/2"}],"replies":[{"embeddable":true,"href":"https:\/\/konferenztechnik.de\/tr\/wp-json\/wp\/v2\/comments?post=24791"}],"version-history":[{"count":0,"href":"https:\/\/konferenztechnik.de\/tr\/wp-json\/wp\/v2\/pages\/24791\/revisions"}],"wp:featuredmedia":[{"embeddable":true,"href":"https:\/\/konferenztechnik.de\/tr\/wp-json\/wp\/v2\/media\/45482"}],"wp:attachment":[{"href":"https:\/\/konferenztechnik.de\/tr\/wp-json\/wp\/v2\/media?parent=24791"}],"curies":[{"name":"wp","href":"https:\/\/api.w.org\/{rel}","templated":true}]}}