{"id":24845,"date":"2023-04-18T10:22:58","date_gmt":"2023-04-18T08:22:58","guid":{"rendered":"http:\/\/dev.konferenztechnik.de\/?page_id=24845"},"modified":"2025-12-20T19:21:26","modified_gmt":"2025-12-20T18:21:26","slug":"dernekler-ve-kuluepler","status":"publish","type":"page","link":"https:\/\/konferenztechnik.de\/tr\/dernekler-ve-kuluepler\/","title":{"rendered":"Dernekler ve kul\u00fcpler"},"content":{"rendered":"<div data-elementor-type=\"wp-page\" data-elementor-id=\"24845\" class=\"elementor elementor-24845\" data-elementor-post-type=\"page\">\n\t\t\t\t<div data-particle_enable=\"false\" data-particle-mobile-disabled=\"false\" class=\"elementor-element elementor-element-d8aba58 e-flex e-con-boxed e-con e-parent\" data-id=\"d8aba58\" data-element_type=\"container\">\n\t\t\t\t\t<div class=\"e-con-inner\">\n\t\t\t\t<div class=\"elementor-element elementor-element-366d4e5 elementor-widget__width-inherit elementor-widget elementor-widget-heading\" data-id=\"366d4e5\" data-element_type=\"widget\" data-widget_type=\"heading.default\">\n\t\t\t\t<div class=\"elementor-widget-container\">\n\t\t\t\t\t<h1 class=\"elementor-heading-title elementor-size-default\">Dernekler ve federasyonlar<\/h1>\t\t\t\t<\/div>\n\t\t\t\t<\/div>\n\t\t\t\t<div class=\"elementor-element elementor-element-e4b6b7a elementor-widget elementor-widget-image\" data-id=\"e4b6b7a\" data-element_type=\"widget\" data-widget_type=\"image.default\">\n\t\t\t\t<div class=\"elementor-widget-container\">\n\t\t\t\t\t\t\t\t\t\t\t\t\t\t\t<img fetchpriority=\"high\" decoding=\"async\" width=\"1300\" height=\"486\" src=\"https:\/\/konferenztechnik.de\/wp-content\/uploads\/2023\/04\/verbaende-vereine-installation.jpg\" class=\"attachment-full size-full wp-image-24846\" alt=\"Kat\u0131l\u0131mc\u0131lar aras\u0131nda yap\u0131lan bir turda, muhtemelen bir oylama yap\u0131laca\u011f\u0131 i\u00e7in baz\u0131lar\u0131 ellerini kald\u0131r\u0131r - i\u015fte &quot; derneklerimizin ve kul\u00fcplerimizin temsilcileri&quot; b\u00f6l\u00fcm\u00fc\" srcset=\"https:\/\/konferenztechnik.de\/wp-content\/uploads\/2023\/04\/verbaende-vereine-installation.jpg 1300w, https:\/\/konferenztechnik.de\/wp-content\/uploads\/2023\/04\/verbaende-vereine-installation-300x112.jpg 300w, https:\/\/konferenztechnik.de\/wp-content\/uploads\/2023\/04\/verbaende-vereine-installation-1024x383.jpg 1024w, https:\/\/konferenztechnik.de\/wp-content\/uploads\/2023\/04\/verbaende-vereine-installation-768x287.jpg 768w, https:\/\/konferenztechnik.de\/wp-content\/uploads\/2023\/04\/verbaende-vereine-installation-18x7.jpg 18w\" sizes=\"(max-width: 1300px) 100vw, 1300px\" title=\"\">\t\t\t\t\t\t\t\t\t\t\t\t\t\t\t<\/div>\n\t\t\t\t<\/div>\n\t\t\t\t\t<\/div>\n\t\t\t\t<\/div>\n\t\t<div data-particle_enable=\"false\" data-particle-mobile-disabled=\"false\" class=\"elementor-element elementor-element-9deafd4 e-flex e-con-boxed e-con e-parent\" data-id=\"9deafd4\" data-element_type=\"container\">\n\t\t\t\t\t<div class=\"e-con-inner\">\n\t\t\t\t<div class=\"elementor-element elementor-element-66ea8b4 elementor-widget elementor-widget-heading\" data-id=\"66ea8b4\" data-element_type=\"widget\" data-settings=\"{&quot;_animation&quot;:&quot;none&quot;}\" data-widget_type=\"heading.default\">\n\t\t\t\t<div class=\"elementor-widget-container\">\n\t\t\t\t\t<h2 class=\"elementor-heading-title elementor-size-default\">Almanya'daki dernekler ve federasyonlar i\u00e7in etkinlik ve medya teknolojisi <\/h2>\t\t\t\t<\/div>\n\t\t\t\t<\/div>\n\t\t\t\t<div class=\"elementor-element elementor-element-d16fcf6 elementor-widget__width-inherit elementor-widget elementor-widget-text-editor\" data-id=\"d16fcf6\" data-element_type=\"widget\" data-widget_type=\"text-editor.default\">\n\t\t\t\t<div class=\"elementor-widget-container\">\n\t\t\t\t\t\t\t\t\t<p>600.000'den fazla dernek ve federasyon ile dernekler, Almanya'daki sosyal ya\u015fam\u0131 \u00f6nemli \u00f6l\u00e7\u00fcde \u015fekillendirmektedir. Bu kurulu\u015flar k\u00fclt\u00fcr, e\u011fitim, spor ve sosyal kat\u0131l\u0131m alanlar\u0131nda \u00f6nemli katk\u0131lar sa\u011flamaktad\u0131r. Bu yap\u0131y\u0131 takdir ediyor ve dernekler, federasyonlar ve kurumlarla i\u015fbirli\u011fi konusunda kapsaml\u0131 deneyime sahibiz.<\/p><p>\u00a0<\/p><p>Etkinlik ve medya teknolojisi projelerinde, profesyonel ses ve g\u00f6r\u00fcnt\u00fc teknolojisinden sunum sistemlerine, hibrit ve dijital etkinlik formatlar\u0131na kadar, \u00fcye toplant\u0131lar\u0131, konferanslar, kongreler ve halka a\u00e7\u0131k etkinlikleri destekliyoruz.<\/p><p>\u00a0<\/p><p>Dernekler ve federasyonlarla yapt\u0131\u011f\u0131m\u0131z i\u015fbirli\u011fi, bize farkl\u0131 organizasyon yap\u0131lar\u0131, karar alma s\u00fcre\u00e7leri ve hedef gruplar hakk\u0131nda bilgi edinme imkan\u0131 sunuyor. \u00c7e\u015fitlilik, kat\u0131l\u0131m ve \u015feffaf ileti\u015fim, g\u00fcvenilir ve kullan\u0131m\u0131 kolay teknolojilerle destekledi\u011fimiz temel gerekliliklerdir.<\/p><p>\u00a0<\/p><p>Teknik hizmet sa\u011flay\u0131c\u0131 olarak, ortakl\u0131k temelli bir i\u015fbirli\u011fi ve y\u00fcksek bir takdir g\u00f6r\u00fcyoruz. Bu projeler, net hedefler, toplumsal \u00f6nemi ve g\u00fcvenilir, anla\u015f\u0131l\u0131r ve s\u00fcrd\u00fcr\u00fclebilir medya teknolojisi \u00e7\u00f6z\u00fcmlerine olan talebi ile \u00f6ne \u00e7\u0131k\u0131yor.<\/p>\t\t\t\t\t\t\t\t<\/div>\n\t\t\t\t<\/div>\n\t\t\t\t\t<\/div>\n\t\t\t\t<\/div>\n\t\t<div data-particle_enable=\"false\" data-particle-mobile-disabled=\"false\" class=\"elementor-element elementor-element-455c20b e-flex e-con-boxed e-con e-parent\" data-id=\"455c20b\" data-element_type=\"container\" data-settings=\"{&quot;animation&quot;:&quot;none&quot;}\">\n\t\t\t\t\t<div class=\"e-con-inner\">\n\t\t\t\t<div class=\"elementor-element elementor-element-7734196 elementor-widget elementor-widget-heading\" data-id=\"7734196\" data-element_type=\"widget\" data-settings=\"{&quot;_animation&quot;:&quot;none&quot;}\" data-widget_type=\"heading.default\">\n\t\t\t\t<div class=\"elementor-widget-container\">\n\t\t\t\t\t<h2 class=\"elementor-heading-title elementor-size-default\">S\u0131k kar\u015f\u0131la\u015f\u0131lan konular<\/h2>\t\t\t\t<\/div>\n\t\t\t\t<\/div>\n\t\t\t\t<div class=\"elementor-element elementor-element-d1cf50a elementor-widget__width-inherit smart-post-list-4-col elementor-widget elementor-widget-eael-post-list\" data-id=\"d1cf50a\" data-element_type=\"widget\" data-settings=\"{&quot;_animation&quot;:&quot;none&quot;}\" data-widget_type=\"eael-post-list.default\">\n\t\t\t\t<div class=\"elementor-widget-container\">\n\t\t\t\t\t<div class=\"eael-post-list-container advanced layout-advanced\"><div class=\"eael-post-list-wrap\"><div class=\"eael-post-list-posts-wrap eael-post-appender eael-post-appender-d1cf50a\"><div class=\"eael-post-list-post\"><div class=\"eael-post-list-post-inner\"><div class=\"eael-post-list-thumbnail\"><a href=\"https:\/\/konferenztechnik.de\/tr\/ki%cc%87si%cc%87sel-yoenlendi%cc%87rme-si%cc%87stemleri%cc%87-ki%cc%87rala-satin-al-kur\/\">\n                <img decoding=\"async\" src=\"https:\/\/konferenztechnik.de\/wp-content\/uploads\/2023\/07\/personenfuehrungsanlage-mieten-kaufen-jpg.webp\" alt=\"Bir adam mikrofona konu\u015fuyor, seyirci tur s\u0131ras\u0131nda tur rehberi sistemi ile dinliyor. PCS&#039;den tur rehberi sistemleri kiralay\u0131n, sat\u0131n al\u0131n veya kiralay\u0131n.\" title=\"\">\n            <\/a><\/div><div class=\"eael-post-list-content\"><h3 class=\"eael-post-list-title\"><a href=\"https:\/\/konferenztechnik.de\/tr\/ki%cc%87si%cc%87sel-yoenlendi%cc%87rme-si%cc%87stemleri%cc%87-ki%cc%87rala-satin-al-kur\/\" >Yolcu y\u00f6nlendirme sistemleri<\/a><\/h3><p>Tur rehberi sistemleri, rehber sistemleri, f\u0131s\u0131lt\u0131 sistemleri veya PFA'lar, kulakl\u0131klar, mikrofonlar, \u015farj \u00fcniteleri, ta\u015f\u0131ma \u00e7antalar\u0131, aksesuarlar<\/p><a href=\"https:\/\/konferenztechnik.de\/tr\/ki%cc%87si%cc%87sel-yoenlendi%cc%87rme-si%cc%87stemleri%cc%87-ki%cc%87rala-satin-al-kur\/\" class=\"eael-post-elements-readmore-btn\" >\u203a daha fazla<\/a><div class=\"boxed-meta\"><\/div><\/div><\/div><\/div><div class=\"eael-post-list-post\"><div class=\"eael-post-list-post-inner\"><div class=\"eael-post-list-thumbnail\"><a href=\"https:\/\/konferenztechnik.de\/tr\/konferans-odasinin-yeni%cc%87lenmesi%cc%87-vi%cc%87deo-konferanslar-i%cc%87ci%cc%87n-i%cc%87deal-kosullar-yaratiyor\/\">\n                <img decoding=\"async\" src=\"https:\/\/konferenztechnik.de\/wp-content\/uploads\/2023\/03\/konferenzraum-upgrades.jpg\" alt=\"\" title=\"\">\n            <\/a><\/div><div class=\"eael-post-list-content\"><h3 class=\"eael-post-list-title\"><a href=\"https:\/\/konferenztechnik.de\/tr\/konferans-odasinin-yeni%cc%87lenmesi%cc%87-vi%cc%87deo-konferanslar-i%cc%87ci%cc%87n-i%cc%87deal-kosullar-yaratiyor\/\" >Konferans odas\u0131 y\u00fckseltmesi: hibrit konferans odas\u0131<\/a><\/h3><p>Bir video steli, bir k\u00fcp: uzayda fiziksel bir nesne olarak video kat\u0131l\u0131mc\u0131lar\u0131. Video...<\/p><a href=\"https:\/\/konferenztechnik.de\/tr\/konferans-odasinin-yeni%cc%87lenmesi%cc%87-vi%cc%87deo-konferanslar-i%cc%87ci%cc%87n-i%cc%87deal-kosullar-yaratiyor\/\" class=\"eael-post-elements-readmore-btn\" >\u203a daha fazla<\/a><div class=\"boxed-meta\"><\/div><\/div><\/div><\/div><div class=\"eael-post-list-post\"><div class=\"eael-post-list-post-inner\"><div class=\"eael-post-list-thumbnail\"><a href=\"https:\/\/konferenztechnik.de\/tr\/pcs-konferans-salonu-paketleri%cc%87-uygun-kosullarda-modern-hi%cc%87bri%cc%87t-konferans-salonlari\/\">\n                <img decoding=\"async\" src=\"https:\/\/konferenztechnik.de\/wp-content\/uploads\/2023\/03\/konferenzraum-bundles.jpg\" alt=\"\" title=\"\">\n            <\/a><\/div><div class=\"eael-post-list-content\"><h3 class=\"eael-post-list-title\"><a href=\"https:\/\/konferenztechnik.de\/tr\/pcs-konferans-salonu-paketleri%cc%87-uygun-kosullarda-modern-hi%cc%87bri%cc%87t-konferans-salonlari\/\" >Konferans odas\u0131 paketleri<\/a><\/h3><p>\u0130nteraktif, hibrit kablosuz ve esnek toplant\u0131 odalar\u0131 5.000 Euro'dan ba\u015flayan fiyatlarla<\/p><a href=\"https:\/\/konferenztechnik.de\/tr\/pcs-konferans-salonu-paketleri%cc%87-uygun-kosullarda-modern-hi%cc%87bri%cc%87t-konferans-salonlari\/\" class=\"eael-post-elements-readmore-btn\" >\u203a daha fazla<\/a><div class=\"boxed-meta\"><\/div><\/div><\/div><\/div><div class=\"eael-post-list-post\"><div class=\"eael-post-list-post-inner\"><div class=\"eael-post-list-thumbnail\"><a href=\"https:\/\/konferenztechnik.de\/tr\/interaktif-ekranlar-beyaz-tahtalar-flipchartlar\/\">\n                <img decoding=\"async\" src=\"https:\/\/konferenztechnik.de\/wp-content\/uploads\/2023\/04\/i3-displays-whiteboards-flipcharts-jpg.webp\" alt=\"2 adet hareketli tripod \u00fczerinde I3 marka ekran\" title=\"\">\n            <\/a><\/div><div class=\"eael-post-list-content\"><h3 class=\"eael-post-list-title\"><a href=\"https:\/\/konferenztechnik.de\/tr\/interaktif-ekranlar-beyaz-tahtalar-flipchartlar\/\" >\u0130nteraktif ekranlar, beyaz tahtalar, flipchartlar<\/a><\/h3><p>Dokunmatik ekranlar, beyaz tahtalar ve dijital flipchartlar i\u00e7in ilk tercihimiz genellikle i3-Technologies oluyor.<\/p><a href=\"https:\/\/konferenztechnik.de\/tr\/interaktif-ekranlar-beyaz-tahtalar-flipchartlar\/\" class=\"eael-post-elements-readmore-btn\" >\u203a daha fazla<\/a><div class=\"boxed-meta\"><\/div><\/div><\/div><\/div><div class=\"eael-post-list-post\"><div class=\"eael-post-list-post-inner\"><div class=\"eael-post-list-thumbnail\"><a href=\"https:\/\/konferenztechnik.de\/tr\/video-konferans-icin-hibrit-toplanti-odalari-2\/\">\n                <img decoding=\"async\" src=\"https:\/\/konferenztechnik.de\/wp-content\/uploads\/2023\/03\/hybride-besprechungsraeume.jpg\" alt=\"\" title=\"\">\n            <\/a><\/div><div class=\"eael-post-list-content\"><h3 class=\"eael-post-list-title\"><a href=\"https:\/\/konferenztechnik.de\/tr\/video-konferans-icin-hibrit-toplanti-odalari-2\/\" >Video konferans i\u00e7in hibrit toplant\u0131 odalar\u0131<\/a><\/h3><p>Odada ve ba\u011fl\u0131 kat\u0131l\u0131mc\u0131lar i\u00e7in optimum ko\u015fullar ve uyumlu kullan\u0131m...<\/p><a href=\"https:\/\/konferenztechnik.de\/tr\/video-konferans-icin-hibrit-toplanti-odalari-2\/\" class=\"eael-post-elements-readmore-btn\" >\u203a daha fazla<\/a><div class=\"boxed-meta\"><\/div><\/div><\/div><\/div><div class=\"eael-post-list-post\"><div class=\"eael-post-list-post-inner\"><div class=\"eael-post-list-thumbnail\"><a href=\"https:\/\/konferenztechnik.de\/tr\/goeruesme-sistemleri-interkom-istasyonlari-kiralayin-satin-alin-kurun-kiraya-verin\/\">\n                <img decoding=\"async\" src=\"https:\/\/konferenztechnik.de\/wp-content\/uploads\/2023\/06\/diskussionsanlage-sprechstellen-tischmikrofone.jpg\" alt=\"Bir konferans masas\u0131n\u0131n etraf\u0131na da\u011f\u0131t\u0131lm\u0131\u015f, deveboynu mikrofonlara sahip masa mikrofonu \u00fcniteleri\" title=\"\">\n            <\/a><\/div><div class=\"eael-post-list-content\"><h3 class=\"eael-post-list-title\"><a href=\"https:\/\/konferenztechnik.de\/tr\/goeruesme-sistemleri-interkom-istasyonlari-kiralayin-satin-alin-kurun-kiraya-verin\/\" >\u2013 g\u00f6r\u00fc\u015fme sistemleri, interkom istasyonlar\u0131 kiralay\u0131n, sat\u0131n al\u0131n, kurun, kiraya verin<\/a><\/h3><p>\u2013 g\u00f6r\u00fc\u015fme sistemleri, interkom istasyonlar\u0131 kiralay\u0131n, sat\u0131n al\u0131n, kurun, kiraya verin<\/p><a href=\"https:\/\/konferenztechnik.de\/tr\/goeruesme-sistemleri-interkom-istasyonlari-kiralayin-satin-alin-kurun-kiraya-verin\/\" class=\"eael-post-elements-readmore-btn\" >\u203a daha fazla<\/a><div class=\"boxed-meta\"><\/div><\/div><\/div><\/div><div class=\"eael-post-list-post\"><div class=\"eael-post-list-post-inner\"><div class=\"eael-post-list-thumbnail\"><a href=\"https:\/\/konferenztechnik.de\/tr\/oylama-oylama-etkinlikleri\/\">\n                <img decoding=\"async\" src=\"https:\/\/konferenztechnik.de\/wp-content\/uploads\/2023\/04\/abstimmen-events.jpg\" alt=\"Oylar i\u00e7in sembol\" title=\"\">\n            <\/a><\/div><div class=\"eael-post-list-content\"><h3 class=\"eael-post-list-title\"><a href=\"https:\/\/konferenztechnik.de\/tr\/oylama-oylama-etkinlikleri\/\" >Oy, Oylama<\/a><\/h3><p>Oylama makineleri, \u00e7evrimi\u00e7i oylama, dijital se\u00e7imler: yoklama oylar\u0131, yoklama d\u0131\u015f\u0131 oylar, gizli oy pusulalar\u0131...<\/p><a href=\"https:\/\/konferenztechnik.de\/tr\/oylama-oylama-etkinlikleri\/\" class=\"eael-post-elements-readmore-btn\" >\u203a daha fazla<\/a><div class=\"boxed-meta\"><\/div><\/div><\/div><\/div><\/div><\/div>\n\t\t<\/div>\t\t\t\t<\/div>\n\t\t\t\t<\/div>\n\t\t\t\t\t<\/div>\n\t\t\t\t<\/div>\n\t\t<div data-particle_enable=\"false\" data-particle-mobile-disabled=\"false\" class=\"elementor-element elementor-element-eaddbcf e-flex e-con-boxed e-con e-parent\" data-id=\"eaddbcf\" data-element_type=\"container\">\n\t\t\t\t\t<div class=\"e-con-inner\">\n\t\t\t\t<div class=\"elementor-element elementor-element-7fa8348 elementor-widget__width-inherit elementor-widget elementor-widget-heading\" data-id=\"7fa8348\" data-element_type=\"widget\" data-widget_type=\"heading.default\">\n\t\t\t\t<div class=\"elementor-widget-container\">\n\t\t\t\t\t<h2 class=\"elementor-heading-title elementor-size-default\">Referanslar: Dernekler ve kul\u00fcpler<\/h2>\t\t\t\t<\/div>\n\t\t\t\t<\/div>\n\t\t\t\t<div class=\"elementor-element elementor-element-28236df elementor-widget__width-inherit elementor-widget elementor-widget-text-editor\" data-id=\"28236df\" data-element_type=\"widget\" data-widget_type=\"text-editor.default\">\n\t\t\t\t<div class=\"elementor-widget-container\">\n\t\t\t\t\t\t\t\t\t<ul><li>M\u00fcnih B\u00f6lge ve B\u00f6lge Tabipler Birli\u011fi<\/li><li>Bavyera Binicilik ve S\u00fcr\u00fc\u015f Derne\u011fi e.V.<\/li><li>Alman Mimarlar Birli\u011fi, Saksonya-Anhalt B\u00f6lge Birli\u011fi<\/li><li>Alman Sanayi Federasyonu<\/li><li>Alman Alkoll\u00fc \u0130\u00e7ki End\u00fcstrisi ve \u0130thalat\u00e7\u0131lar\u0131 Federal Birli\u011fi (BSI)<\/li><li>Alman Bankalar Birli\u011fi<\/li><li>Alman N\u00fckleer T\u0131p Meslek Birli\u011fi<\/li><li>Alman Kamu Sekt\u00f6r\u00fc Bankalar\u0131 Birli\u011fi V\u00d6B<\/li><li>Bundesverband Industrie Kommunikation e.V.<\/li><li>Alman Yay\u0131nc\u0131lar ve Kitap\u00e7\u0131lar Birli\u011fi<\/li><li>Federal M\u00fctercimler ve Terc\u00fcmanlar Birli\u011fi (BD\u00dc)<\/li><li>Rottenburg-Stuttgart Piskoposlu\u011fu Caritas Derne\u011fi e.V.<\/li><li>Alman Tasarruf Bankalar\u0131 ve Giro Birli\u011fi e.V.<\/li><li>Alman Homeopatik Doktorlar Merkez Birli\u011fi Bavyera e.V.<\/li><li>DFB \u2013 Alman Futbol Federasyonu e.V.<\/li><li>Dieter Schwarz Vakf\u0131 kar amac\u0131 g\u00fctmeyen kurulu\u015f<\/li><li>EUREGIO Alman-Hollanda \u00d6zel Ama\u00e7l\u0131 Derne\u011fi<\/li><li>Fachverband Biogas e.V.<\/li><li>Fritz Thyssen Vakf\u0131 \u2013 Fritz Thyssen Vakf\u0131 \u2013 K\u00f6ln Evi<\/li><li>Gerda Henkel Vakf\u0131 D\u00fcsseldorf<\/li><li>Alman Sigorta Birli\u011fi<\/li><li>Baden-W\u00fcrttemberg Yasal Sa\u011fl\u0131k Sigortas\u0131 Hekimleri Birli\u011fi<\/li><li>Kunststiftung NRW D\u00fcsseldorf<\/li><li>Lezbiyen ve Gey Federasyonu LSVD\u00a0<\/li><li>Ravensbr\u00fcck An\u0131t\u0131 ve Anma Merkezi<\/li><li>Naturland Organik Tar\u0131m Derne\u011fi<\/li><li>Parit\u00e4tischer Wohlfahrtsverband LV Berlin e.V.\u00a0<\/li><li>Stifterverband f\u00fcr die Deutsche Wissenschaft e.V.<\/li><li>UNITI Orta \u00d6l\u00e7ekli Petrol \u015eirketleri Federal Birli\u011fi<\/li><li>VDMA e.V. Hassas Aletler Birli\u011fi<\/li><li>Alman Piskoposlar Birli\u011fi, Alman Piskoposlar Konferans\u0131 Sekretaryas\u0131<\/li><li>Konferans Terc\u00fcmanlar\u0131 Derne\u011fi VKD<\/li><li>Alman Orman Fidanl\u0131klar\u0131 Birli\u011fi e.V.<\/li><li>Alman B\u00f6brek Merkezleri Birli\u011fi (DN) e.V.<\/li><li>Alman \u00c7imento Fabrikalar\u0131 Birli\u011fi<\/li><\/ul>\t\t\t\t\t\t\t\t<\/div>\n\t\t\t\t<\/div>\n\t\t\t\t<div class=\"elementor-element elementor-element-b6366d1 elementor-icon-list--layout-traditional elementor-list-item-link-full_width elementor-widget elementor-widget-icon-list\" data-id=\"b6366d1\" data-element_type=\"widget\" data-widget_type=\"icon-list.default\">\n\t\t\t\t<div class=\"elementor-widget-container\">\n\t\t\t\t\t\t\t<ul class=\"elementor-icon-list-items\">\n\t\t\t\t\t\t\t<li class=\"elementor-icon-list-item\">\n\t\t\t\t\t\t\t\t\t\t\t<a href=\"\/tr\/referanslar\/\">\n\n\t\t\t\t\t\t\t\t\t\t\t\t<span class=\"elementor-icon-list-icon\">\n\t\t\t\t\t\t\t<svg aria-hidden=\"true\" class=\"e-font-icon-svg e-fas-chevron-right\" viewbox=\"0 0 320 512\" xmlns=\"http:\/\/www.w3.org\/2000\/svg\"><path d=\"M285.476 272.971L91.132 467.314c-9.373 9.373-24.569 9.373-33.941 0l-22.667-22.667c-9.357-9.357-9.375-24.522-.04-33.901L188.505 256 34.484 101.255c-9.335-9.379-9.317-24.544.04-33.901l22.667-22.667c9.373-9.373 24.569-9.373 33.941 0L285.475 239.03c9.373 9.372 9.373 24.568.001 33.941z\"><\/path><\/svg>\t\t\t\t\t\t<\/span>\n\t\t\t\t\t\t\t\t\t\t<span class=\"elementor-icon-list-text\">Di\u011fer referanslar<\/span>\n\t\t\t\t\t\t\t\t\t\t\t<\/a>\n\t\t\t\t\t\t\t\t\t<\/li>\n\t\t\t\t\t\t<\/ul>\n\t\t\t\t\t\t<\/div>\n\t\t\t\t<\/div>\n\t\t\t\t\t<\/div>\n\t\t\t\t<\/div>\n\t\t<div data-particle_enable=\"false\" data-particle-mobile-disabled=\"false\" class=\"elementor-element elementor-element-567038e e-flex e-con-boxed e-con e-parent\" data-id=\"567038e\" data-element_type=\"container\">\n\t\t\t\t\t<div class=\"e-con-inner\">\n\t\t\t\t<div class=\"elementor-element elementor-element-9635f09 elementor-widget elementor-widget-shortcode\" data-id=\"9635f09\" data-element_type=\"widget\" data-widget_type=\"shortcode.default\">\n\t\t\t\t<div class=\"elementor-widget-container\">\n\t\t\t\t\t\t\t<div class=\"elementor-shortcode\"><\/div>\n\t\t\t\t\t\t<\/div>\n\t\t\t\t<\/div>\n\t\t\t\t\t<\/div>\n\t\t\t\t<\/div>\n\t\t<div data-particle_enable=\"false\" data-particle-mobile-disabled=\"false\" class=\"elementor-element elementor-element-14d115f e-flex e-con-boxed e-con e-parent\" data-id=\"14d115f\" data-element_type=\"container\">\n\t\t\t\t\t<div class=\"e-con-inner\">\n\t\t\t\t<div class=\"elementor-element elementor-element-0f53c4b elementor-widget elementor-widget-shortcode\" data-id=\"0f53c4b\" data-element_type=\"widget\" data-widget_type=\"shortcode.default\">\n\t\t\t\t<div class=\"elementor-widget-container\">\n\t\t\t\t\t\t\t<div class=\"elementor-shortcode\"><\/div>\n\t\t\t\t\t\t<\/div>\n\t\t\t\t<\/div>\n\t\t\t\t\t<\/div>\n\t\t\t\t<\/div>\n\t\t\t\t<\/div>","protected":false},"excerpt":{"rendered":"<p>Vereine und Verb\u00e4nde Veranstaltungs- und Medientechnik f\u00fcr Vereine und Verb\u00e4nde in Deutschland Mit \u00fcber 600.000 Vereinen und Verb\u00e4nden pr\u00e4gt das Vereinswesen ma\u00dfgeblich das gesellschaftliche Leben in Deutschland. Diese Organisationen leisten einen wichtigen Beitrag zu Kultur, Bildung, Sport und sozialem Engagement. Wir sch\u00e4tzen diese Struktur und verf\u00fcgen \u00fcber umfangreiche Erfahrung in der Zusammenarbeit mit Vereinen, Verb\u00e4nden [&hellip;]<\/p>","protected":false},"author":2,"featured_media":45482,"parent":0,"menu_order":0,"comment_status":"closed","ping_status":"closed","template":"","meta":{"_acf_changed":false,"footnotes":""},"class_list":["post-24845","page","type-page","status-publish","has-post-thumbnail","hentry"],"acf":[],"_links":{"self":[{"href":"https:\/\/konferenztechnik.de\/tr\/wp-json\/wp\/v2\/pages\/24845","targetHints":{"allow":["GET"]}}],"collection":[{"href":"https:\/\/konferenztechnik.de\/tr\/wp-json\/wp\/v2\/pages"}],"about":[{"href":"https:\/\/konferenztechnik.de\/tr\/wp-json\/wp\/v2\/types\/page"}],"author":[{"embeddable":true,"href":"https:\/\/konferenztechnik.de\/tr\/wp-json\/wp\/v2\/users\/2"}],"replies":[{"embeddable":true,"href":"https:\/\/konferenztechnik.de\/tr\/wp-json\/wp\/v2\/comments?post=24845"}],"version-history":[{"count":0,"href":"https:\/\/konferenztechnik.de\/tr\/wp-json\/wp\/v2\/pages\/24845\/revisions"}],"wp:featuredmedia":[{"embeddable":true,"href":"https:\/\/konferenztechnik.de\/tr\/wp-json\/wp\/v2\/media\/45482"}],"wp:attachment":[{"href":"https:\/\/konferenztechnik.de\/tr\/wp-json\/wp\/v2\/media?parent=24845"}],"curies":[{"name":"wp","href":"https:\/\/api.w.org\/{rel}","templated":true}]}}