{"id":28670,"date":"2023-05-28T11:04:26","date_gmt":"2023-05-28T09:04:26","guid":{"rendered":"http:\/\/dev.konferenztechnik.de\/?page_id=28670"},"modified":"2026-01-13T21:47:53","modified_gmt":"2026-01-13T20:47:53","slug":"si%cc%87rket-profi%cc%87li%cc%87","status":"publish","type":"page","link":"https:\/\/konferenztechnik.de\/tr\/si%cc%87rket-profi%cc%87li%cc%87\/","title":{"rendered":"\u015eirket Profili"},"content":{"rendered":"<div data-elementor-type=\"wp-page\" data-elementor-id=\"28670\" class=\"elementor elementor-28670\" data-elementor-post-type=\"page\">\n\t\t\t\t<div data-particle_enable=\"false\" data-particle-mobile-disabled=\"false\" class=\"elementor-element elementor-element-d8aba58 e-flex e-con-boxed e-con e-parent\" data-id=\"d8aba58\" data-element_type=\"container\">\n\t\t\t\t\t<div class=\"e-con-inner\">\n\t\t\t\t<div class=\"elementor-element elementor-element-366d4e5 elementor-widget__width-inherit elementor-widget elementor-widget-heading\" data-id=\"366d4e5\" data-element_type=\"widget\" data-widget_type=\"heading.default\">\n\t\t\t\t<div class=\"elementor-widget-container\">\n\t\t\t\t\t<h1 class=\"elementor-heading-title elementor-size-default\">\u015eirket Profili<\/h1>\t\t\t\t<\/div>\n\t\t\t\t<\/div>\n\t\t\t\t<div class=\"elementor-element elementor-element-77d318d elementor-widget elementor-widget-image\" data-id=\"77d318d\" data-element_type=\"widget\" data-widget_type=\"image.default\">\n\t\t\t\t<div class=\"elementor-widget-container\">\n\t\t\t\t\t\t\t\t\t\t\t\t\t\t\t<img fetchpriority=\"high\" decoding=\"async\" width=\"1300\" height=\"433\" src=\"https:\/\/konferenztechnik.de\/wp-content\/uploads\/2024\/06\/firmenprofil-pcs-konferenztechnik.jpg\" class=\"attachment-full size-full wp-image-45771\" alt=\"\u015fi\u0307rket profi\u0307li\u0307-pcs-konferans teknoloji\u0307si\u0307\" srcset=\"https:\/\/konferenztechnik.de\/wp-content\/uploads\/2024\/06\/firmenprofil-pcs-konferenztechnik.jpg 1300w, https:\/\/konferenztechnik.de\/wp-content\/uploads\/2024\/06\/firmenprofil-pcs-konferenztechnik-300x100.jpg 300w, https:\/\/konferenztechnik.de\/wp-content\/uploads\/2024\/06\/firmenprofil-pcs-konferenztechnik-1024x341.jpg 1024w, https:\/\/konferenztechnik.de\/wp-content\/uploads\/2024\/06\/firmenprofil-pcs-konferenztechnik-768x256.jpg 768w, https:\/\/konferenztechnik.de\/wp-content\/uploads\/2024\/06\/firmenprofil-pcs-konferenztechnik-18x6.jpg 18w\" sizes=\"(max-width: 1300px) 100vw, 1300px\" title=\"\">\t\t\t\t\t\t\t\t\t\t\t\t\t\t\t<\/div>\n\t\t\t\t<\/div>\n\t\t\t\t\t<\/div>\n\t\t\t\t<\/div>\n\t\t<div data-particle_enable=\"false\" data-particle-mobile-disabled=\"false\" class=\"elementor-element elementor-element-9deafd4 e-flex e-con-boxed e-con e-parent\" data-id=\"9deafd4\" data-element_type=\"container\">\n\t\t\t\t\t<div class=\"e-con-inner\">\n\t\t\t\t<div class=\"elementor-element elementor-element-66ea8b4 elementor-widget elementor-widget-heading\" data-id=\"66ea8b4\" data-element_type=\"widget\" data-settings=\"{&quot;_animation&quot;:&quot;none&quot;}\" data-widget_type=\"heading.default\">\n\t\t\t\t<div class=\"elementor-widget-container\">\n\t\t\t\t\t<h2 class=\"elementor-heading-title elementor-size-default\">Etkinlik ve konferanslarda engelsiz, \u00e7ok dilli ileti\u015fim ve a\u011f olu\u015fturma. \u0130\u015fte bizim hedefimiz bu. <\/h2>\t\t\t\t<\/div>\n\t\t\t\t<\/div>\n\t\t\t\t<div class=\"elementor-element elementor-element-d16fcf6 elementor-widget__width-inherit elementor-widget elementor-widget-text-editor\" data-id=\"d16fcf6\" data-element_type=\"widget\" data-widget_type=\"text-editor.default\">\n\t\t\t\t<div class=\"elementor-widget-container\">\n\t\t\t\t\t\t\t\t\t<div class=\"elementor-element elementor-element-26b6215 elementor-widget elementor-widget-text-editor\" data-id=\"26b6215\" data-element_type=\"widget\" data-widget_type=\"text-editor.default\"><div class=\"elementor-widget-container\"><p>PCS 1995 y\u0131l\u0131ndan bu yana d\u00fcnyan\u0131n d\u00f6rt bir yan\u0131nda konferanslar ve toplant\u0131lar d\u00fczenlemektedir. S\u00f6zl\u00fc \u00e7eviri ekipman\u0131, konferans ve medya teknolojisinin kiralanmas\u0131, sat\u0131n al\u0131nmas\u0131 ve desteklenmesi i\u00e7in muhatab\u0131n\u0131z biziz.<\/p><p>\u00a0<\/p><p>Kendimizi t\u00fcm kalbimizle kongrelerin \u00f6zel atmosferine adad\u0131k ve o zamandan beri m\u00fc\u015fterilerimizi tam ba\u011fl\u0131l\u0131k ve uzun y\u0131llara dayanan deneyimimizle destekliyoruz.\u00a0<\/p><p>\u00a0<\/p><p>En tan\u0131nm\u0131\u015f terc\u00fcmanlarla \u00e7al\u0131\u015f\u0131yor ve zorlu durumlarda bile g\u00fcvenilir, y\u00fcksek kaliteli \u00e7eviriler sa\u011fl\u0131yoruz.<\/p><p>\u00a0<\/p><p>Ekibimiz a\u011f\u0131rl\u0131kl\u0131 olarak ses\/video end\u00fcstrisinin \u00e7e\u015fitli dallar\u0131ndan daimi olarak istihdam edilen uzmanlardan olu\u015fmaktad\u0131r: m\u00fchendisler, usta etkinlik teknisyenleri, usta elektrik\u00e7iler, programc\u0131lar ve etkinlik teknisyenleri. Size g\u00fcvenilir planlama, profesyonel \u00e7\u00f6z\u00fcmler ve titiz sipari\u015f kar\u015f\u0131lama sunuyoruz. Kapsaml\u0131 at\u00f6lye ekipman\u0131m\u0131z ve uygun \u015fekilde e\u011fitilmi\u015f bak\u0131m personelimizle size uzun vadeli destek sa\u011fl\u0131yoruz.<\/p><p>\u00a0<\/p><p>M\u00fc\u015fterilerimizin ihtiya\u00e7lar\u0131n\u0131 her zaman m\u00fcmk\u00fcn olan en iyi \u015fekilde kar\u015f\u0131lamaya \u00e7al\u0131\u015f\u0131yoruz. M\u00fc\u015fterilerimiz, tedarik\u00e7ilerimiz ve \u00e7al\u0131\u015fanlar\u0131m\u0131zla adil ve i\u015fbirli\u011fine dayal\u0131 ili\u015fkilerimiz, ba\u015far\u0131l\u0131 projenizin garantisi ve uzun vadeli ba\u015far\u0131m\u0131z\u0131n stratejik temelidir.<\/p><\/div><\/div>\t\t\t\t\t\t\t\t<\/div>\n\t\t\t\t<\/div>\n\t\t\t\t\t<\/div>\n\t\t\t\t<\/div>\n\t\t<div data-particle_enable=\"false\" data-particle-mobile-disabled=\"false\" class=\"elementor-element elementor-element-a09ffb5 e-flex e-con-boxed e-con e-parent\" data-id=\"a09ffb5\" data-element_type=\"container\">\n\t\t\t\t\t<div class=\"e-con-inner\">\n\t\t\t\t<div class=\"elementor-element elementor-element-dee57d3 elementor-widget elementor-widget-image\" data-id=\"dee57d3\" data-element_type=\"widget\" data-widget_type=\"image.default\">\n\t\t\t\t<div class=\"elementor-widget-container\">\n\t\t\t\t\t\t\t\t\t\t\t\t\t\t\t<img decoding=\"async\" width=\"1200\" height=\"752\" src=\"https:\/\/konferenztechnik.de\/wp-content\/uploads\/2018\/01\/poster-pcs.png\" class=\"attachment-full size-full wp-image-12163\" alt=\"\" srcset=\"https:\/\/konferenztechnik.de\/wp-content\/uploads\/2018\/01\/poster-pcs.png 1200w, https:\/\/konferenztechnik.de\/wp-content\/uploads\/2018\/01\/poster-pcs-300x188.png 300w, https:\/\/konferenztechnik.de\/wp-content\/uploads\/2018\/01\/poster-pcs-1024x642.png 1024w, https:\/\/konferenztechnik.de\/wp-content\/uploads\/2018\/01\/poster-pcs-768x481.png 768w\" sizes=\"(max-width: 1200px) 100vw, 1200px\" title=\"\">\t\t\t\t\t\t\t\t\t\t\t\t\t\t\t<\/div>\n\t\t\t\t<\/div>\n\t\t\t\t\t<\/div>\n\t\t\t\t<\/div>\n\t\t<div data-particle_enable=\"false\" data-particle-mobile-disabled=\"false\" class=\"elementor-element elementor-element-cd3ffd2 e-flex e-con-boxed e-con e-parent\" data-id=\"cd3ffd2\" data-element_type=\"container\">\n\t\t\t\t\t<div class=\"e-con-inner\">\n\t\t\t\t<div class=\"elementor-element elementor-element-600c399 elementor-widget elementor-widget-heading\" data-id=\"600c399\" data-element_type=\"widget\" data-settings=\"{&quot;_animation&quot;:&quot;none&quot;}\" data-widget_type=\"heading.default\">\n\t\t\t\t<div class=\"elementor-widget-container\">\n\t\t\t\t\t<h2 class=\"elementor-heading-title elementor-size-default\">Kurumsal yap\u0131<\/h2>\t\t\t\t<\/div>\n\t\t\t\t<\/div>\n\t\t\t\t<div class=\"elementor-element elementor-element-180f856 elementor-widget__width-inherit elementor-widget elementor-widget-text-editor\" data-id=\"180f856\" data-element_type=\"widget\" data-widget_type=\"text-editor.default\">\n\t\t\t\t<div class=\"elementor-widget-container\">\n\t\t\t\t\t\t\t\t\t<div class=\"elementor-element elementor-element-26b6215 elementor-widget elementor-widget-text-editor\" data-id=\"26b6215\" data-element_type=\"widget\" data-widget_type=\"text-editor.default\"><div class=\"elementor-widget-container\"><p><strong>Yasal bi\u00e7im<\/strong><br \/>GmbH (limited \u015firket)<br \/><br \/><\/p><p><strong>Tutucu<\/strong><br \/>Dirk Neumann<br \/>J\u00f6rg Peschka<br \/><br \/><\/p><p><strong>Y\u00f6netim<\/strong><br \/>Dirk Neumann<br \/>J\u00f6rg Peschka<br \/>Gunnar Hermenau<br \/>Thorsten Gei\u00dfler<br \/><br \/><\/p><p>Daha fazla bilgi i\u00e7in <a href=\"https:\/\/konferenztechnik.de\/tr\/baski-2\/\">K\u00fcnye<\/a>.<\/p><\/div><\/div>\t\t\t\t\t\t\t\t<\/div>\n\t\t\t\t<\/div>\n\t\t\t\t\t<\/div>\n\t\t\t\t<\/div>\n\t\t<div data-particle_enable=\"false\" data-particle-mobile-disabled=\"false\" class=\"elementor-element elementor-element-6da31cd e-flex e-con-boxed e-con e-parent\" data-id=\"6da31cd\" data-element_type=\"container\">\n\t\t\t\t\t<div class=\"e-con-inner\">\n\t\t\t\t<div class=\"elementor-element elementor-element-c382613 elementor-widget elementor-widget-heading\" data-id=\"c382613\" data-element_type=\"widget\" data-settings=\"{&quot;_animation&quot;:&quot;none&quot;}\" data-widget_type=\"heading.default\">\n\t\t\t\t<div class=\"elementor-widget-container\">\n\t\t\t\t\t<h2 class=\"elementor-heading-title elementor-size-default\">Sertifikalar<\/h2>\t\t\t\t<\/div>\n\t\t\t\t<\/div>\n\t\t\t\t<div class=\"elementor-element elementor-element-454bba7 elementor-widget elementor-widget-image\" data-id=\"454bba7\" data-element_type=\"widget\" data-widget_type=\"image.default\">\n\t\t\t\t<div class=\"elementor-widget-container\">\n\t\t\t\t\t\t\t\t\t\t\t\t\t\t\t<img decoding=\"async\" width=\"600\" height=\"298\" src=\"https:\/\/konferenztechnik.de\/wp-content\/uploads\/2023\/03\/sustainable-meetings-berlin.jpg\" class=\"attachment-full size-full wp-image-23439\" alt=\"&quot;Sustainable Meetings Berlin&quot; ad\u0131 ve &quot;High Performer&quot; kategorisi ile s\u00fcrd\u00fcr\u00fclebilirlik denetimini ge\u00e7me logosu ve sertifikas\u0131\" srcset=\"https:\/\/konferenztechnik.de\/wp-content\/uploads\/2023\/03\/sustainable-meetings-berlin.jpg 600w, https:\/\/konferenztechnik.de\/wp-content\/uploads\/2023\/03\/sustainable-meetings-berlin-300x149.jpg 300w, https:\/\/konferenztechnik.de\/wp-content\/uploads\/2023\/03\/sustainable-meetings-berlin-18x9.jpg 18w\" sizes=\"(max-width: 600px) 100vw, 600px\" title=\"\">\t\t\t\t\t\t\t\t\t\t\t\t\t\t\t<\/div>\n\t\t\t\t<\/div>\n\t\t\t\t<div class=\"elementor-element elementor-element-c77e4cd elementor-widget__width-inherit elementor-widget elementor-widget-text-editor\" data-id=\"c77e4cd\" data-element_type=\"widget\" data-widget_type=\"text-editor.default\">\n\t\t\t\t<div class=\"elementor-widget-container\">\n\t\t\t\t\t\t\t\t\t<div class=\"elementor-element elementor-element-26b6215 elementor-widget elementor-widget-text-editor\" data-id=\"26b6215\" data-element_type=\"widget\" data-widget_type=\"text-editor.default\"><div class=\"elementor-widget-container\"><p>S\u00fcrd\u00fcr\u00fclebilir bir \u015firket ve S\u00fcrd\u00fcr\u00fclebilir Toplant\u0131 Orta\u011f\u0131 olarak sertifikaland\u0131r\u0131ld\u0131k.<\/p><\/div><\/div>\t\t\t\t\t\t\t\t<\/div>\n\t\t\t\t<\/div>\n\t\t<div data-particle_enable=\"false\" data-particle-mobile-disabled=\"false\" class=\"elementor-element elementor-element-dadd0b5 e-grid e-con-boxed e-con e-child\" data-id=\"dadd0b5\" data-element_type=\"container\">\n\t\t\t\t\t<div class=\"e-con-inner\">\n\t\t\t\t<div class=\"elementor-element elementor-element-0155e3d elementor-widget elementor-widget-image\" data-id=\"0155e3d\" data-element_type=\"widget\" data-widget_type=\"image.default\">\n\t\t\t\t<div class=\"elementor-widget-container\">\n\t\t\t\t\t\t\t\t\t\t\t\t\t\t\t<img decoding=\"async\" src=\"https:\/\/konferenztechnik.de\/wp-content\/uploads\/2022\/08\/DPVT-Zertifizierung-Logo.png\" title=\"DPVT sertifikasyon logosu\" alt=\"DPVT sertifikasyon logosu\" loading=\"lazy\" \/>\t\t\t\t\t\t\t\t\t\t\t\t\t\t\t<\/div>\n\t\t\t\t<\/div>\n\t\t\t\t\t<\/div>\n\t\t\t\t<\/div>\n\t\t\t\t<div class=\"elementor-element elementor-element-c59e7cd elementor-widget__width-inherit elementor-widget elementor-widget-text-editor\" data-id=\"c59e7cd\" data-element_type=\"widget\" data-widget_type=\"text-editor.default\">\n\t\t\t\t<div class=\"elementor-widget-container\">\n\t\t\t\t\t\t\t\t\t<div class=\"elementor-element elementor-element-26b6215 elementor-widget elementor-widget-text-editor\" data-id=\"26b6215\" data-element_type=\"widget\" data-widget_type=\"text-editor.default\"><div class=\"elementor-widget-container\"><p>Alman Etkinlik Teknolojisi Test Merkezi (DPVT) taraf\u0131ndan etkinlik teknolojisi hizmet sa\u011flay\u0131c\u0131s\u0131 olarak sertifikaland\u0131r\u0131ld\u0131k.<\/p><\/div><\/div>\t\t\t\t\t\t\t\t<\/div>\n\t\t\t\t<\/div>\n\t\t\t\t\t<\/div>\n\t\t\t\t<\/div>\n\t\t<div data-particle_enable=\"false\" data-particle-mobile-disabled=\"false\" class=\"elementor-element elementor-element-8e1f414 e-flex e-con-boxed e-con e-parent\" data-id=\"8e1f414\" data-element_type=\"container\">\n\t\t\t\t\t<div class=\"e-con-inner\">\n\t\t\t\t<div class=\"elementor-element elementor-element-8b3f635 elementor-widget elementor-widget-heading\" data-id=\"8b3f635\" data-element_type=\"widget\" data-settings=\"{&quot;_animation&quot;:&quot;none&quot;}\" data-widget_type=\"heading.default\">\n\t\t\t\t<div class=\"elementor-widget-container\">\n\t\t\t\t\t<h2 class=\"elementor-heading-title elementor-size-default\">\u00dcyelikler, dernekler, kurulu\u015flar<\/h2>\t\t\t\t<\/div>\n\t\t\t\t<\/div>\n\t\t\t\t<div class=\"elementor-element elementor-element-f7feadf elementor-widget__width-inherit elementor-widget elementor-widget-text-editor\" data-id=\"f7feadf\" data-element_type=\"widget\" data-widget_type=\"text-editor.default\">\n\t\t\t\t<div class=\"elementor-widget-container\">\n\t\t\t\t\t\t\t\t\t<div class=\"elementor-element elementor-element-26b6215 elementor-widget elementor-widget-text-editor\" data-id=\"26b6215\" data-element_type=\"widget\" data-widget_type=\"text-editor.default\"><div class=\"elementor-widget-container\"><div class=\"elementor-element elementor-element-a86739a e-con-boxed e-flex e-con\" data-particle_enable=\"false\" data-particle-mobile-disabled=\"false\" data-id=\"a86739a\" data-element_type=\"container\" data-settings=\"{&quot;content_width&quot;:&quot;boxed&quot;}\"><div class=\"e-con-inner\"><div class=\"elementor-element elementor-element-f6fa46c e-con-full e-flex e-con\" data-particle_enable=\"false\" data-particle-mobile-disabled=\"false\" data-id=\"f6fa46c\" data-element_type=\"container\" data-settings=\"{&quot;content_width&quot;:&quot;full&quot;}\"><div class=\"elementor-element elementor-element-18f65c8 elementor-widget__width-inherit elementor-widget elementor-widget-text-editor\" data-id=\"18f65c8\" data-element_type=\"widget\" data-widget_type=\"text-editor.default\"><div class=\"elementor-widget-container\"><p>A\u015fa\u011f\u0131daki dernek, kurulu\u015f ve federasyonlar\u0131n \u00fcyesiyiz<\/p><ul><li>IHK Berlin, IHK D\u00fcsseldorf, IHK M\u00fcnih<\/li><li>VPLT \u2013 Association for Media and Event Technology e.V.<\/li><li>DPVT \u2013 Etkinlik teknolojisi i\u00e7in Alman test merkezi<\/li><li>ISDV e.V. \u2013 Etkinlik sekt\u00f6r\u00fcnde serbest \u00e7al\u0131\u015fan hizmet sa\u011flay\u0131c\u0131lar\u0131n ilgi grubu<\/li><li>100PRO \u2013 Etkinlik sekt\u00f6r\u00fcn\u00fcn e\u011fitim giri\u015fimi<\/li><li>BVMW \u2013 Bundesverband mittelst\u00e4ndische Wirtschaft, Unternehmerverband Deutschlands e.V. (Alman K\u00fc\u00e7\u00fck ve Orta \u00d6l\u00e7ekli \u0130\u015fletmeler Birli\u011fi)<\/li><li>VBG \u2013 \u0130dari i\u015fveren sorumluluk sigortas\u0131 derne\u011fi<\/li><\/ul><\/div><\/div><\/div><\/div><\/div><\/div><\/div>\t\t\t\t\t\t\t\t<\/div>\n\t\t\t\t<\/div>\n\t\t\t\t\t<\/div>\n\t\t\t\t<\/div>\n\t\t<div data-particle_enable=\"false\" data-particle-mobile-disabled=\"false\" class=\"elementor-element elementor-element-e0a9011 e-flex e-con-boxed e-con e-parent\" data-id=\"e0a9011\" data-element_type=\"container\">\n\t\t\t\t\t<div class=\"e-con-inner\">\n\t\t\t\t<div class=\"elementor-element elementor-element-aa75c0a elementor-widget elementor-widget-shortcode\" data-id=\"aa75c0a\" data-element_type=\"widget\" data-widget_type=\"shortcode.default\">\n\t\t\t\t<div class=\"elementor-widget-container\">\n\t\t\t\t\t\t\t<div class=\"elementor-shortcode\">\t\t<div data-elementor-type=\"container\" data-elementor-id=\"29227\" class=\"elementor elementor-29227\" data-elementor-post-type=\"elementor_library\">\n\t\t\t\t<div data-particle_enable=\"false\" data-particle-mobile-disabled=\"false\" class=\"elementor-element elementor-element-1149edd e-flex e-con-boxed e-con e-parent\" data-id=\"1149edd\" data-element_type=\"container\">\n\t\t\t\t\t<div class=\"e-con-inner\">\n\t\t\t\t<div class=\"elementor-element elementor-element-637047c7 elementor-icon-list--layout-traditional elementor-list-item-link-full_width elementor-widget elementor-widget-icon-list\" data-id=\"637047c7\" data-element_type=\"widget\" data-widget_type=\"icon-list.default\">\n\t\t\t\t<div class=\"elementor-widget-container\">\n\t\t\t\t\t\t\t<ul class=\"elementor-icon-list-items\">\n\t\t\t\t\t\t\t<li class=\"elementor-icon-list-item\">\n\t\t\t\t\t\t\t\t\t\t\t<a href=\"\/tr\/isler\/\">\n\n\t\t\t\t\t\t\t\t\t\t\t\t<span class=\"elementor-icon-list-icon\">\n\t\t\t\t\t\t\t<svg aria-hidden=\"true\" class=\"e-font-icon-svg e-fas-chevron-right\" viewbox=\"0 0 320 512\" xmlns=\"http:\/\/www.w3.org\/2000\/svg\"><path d=\"M285.476 272.971L91.132 467.314c-9.373 9.373-24.569 9.373-33.941 0l-22.667-22.667c-9.357-9.357-9.375-24.522-.04-33.901L188.505 256 34.484 101.255c-9.335-9.379-9.317-24.544.04-33.901l22.667-22.667c9.373-9.373 24.569-9.373 33.941 0L285.475 239.03c9.373 9.372 9.373 24.568.001 33.941z\"><\/path><\/svg>\t\t\t\t\t\t<\/span>\n\t\t\t\t\t\t\t\t\t\t<span class=\"elementor-icon-list-text\">i\u015fler<\/span>\n\t\t\t\t\t\t\t\t\t\t\t<\/a>\n\t\t\t\t\t\t\t\t\t<\/li>\n\t\t\t\t\t\t\t\t<li class=\"elementor-icon-list-item\">\n\t\t\t\t\t\t\t\t\t\t\t<a href=\"\/tr\/egitim\/\">\n\n\t\t\t\t\t\t\t\t\t\t\t\t<span class=\"elementor-icon-list-icon\">\n\t\t\t\t\t\t\t<svg aria-hidden=\"true\" class=\"e-font-icon-svg e-fas-chevron-right\" viewbox=\"0 0 320 512\" xmlns=\"http:\/\/www.w3.org\/2000\/svg\"><path d=\"M285.476 272.971L91.132 467.314c-9.373 9.373-24.569 9.373-33.941 0l-22.667-22.667c-9.357-9.357-9.375-24.522-.04-33.901L188.505 256 34.484 101.255c-9.335-9.379-9.317-24.544.04-33.901l22.667-22.667c9.373-9.373 24.569-9.373 33.941 0L285.475 239.03c9.373 9.372 9.373 24.568.001 33.941z\"><\/path><\/svg>\t\t\t\t\t\t<\/span>\n\t\t\t\t\t\t\t\t\t\t<span class=\"elementor-icon-list-text\">E\u011fitim<\/span>\n\t\t\t\t\t\t\t\t\t\t\t<\/a>\n\t\t\t\t\t\t\t\t\t<\/li>\n\t\t\t\t\t\t\t\t<li class=\"elementor-icon-list-item\">\n\t\t\t\t\t\t\t\t\t\t\t<a href=\"\/tr\/biz\/\">\n\n\t\t\t\t\t\t\t\t\t\t\t\t<span class=\"elementor-icon-list-icon\">\n\t\t\t\t\t\t\t<svg aria-hidden=\"true\" class=\"e-font-icon-svg e-fas-chevron-right\" viewbox=\"0 0 320 512\" xmlns=\"http:\/\/www.w3.org\/2000\/svg\"><path d=\"M285.476 272.971L91.132 467.314c-9.373 9.373-24.569 9.373-33.941 0l-22.667-22.667c-9.357-9.357-9.375-24.522-.04-33.901L188.505 256 34.484 101.255c-9.335-9.379-9.317-24.544.04-33.901l22.667-22.667c9.373-9.373 24.569-9.373 33.941 0L285.475 239.03c9.373 9.372 9.373 24.568.001 33.941z\"><\/path><\/svg>\t\t\t\t\t\t<\/span>\n\t\t\t\t\t\t\t\t\t\t<span class=\"elementor-icon-list-text\">Bu biziz.<\/span>\n\t\t\t\t\t\t\t\t\t\t\t<\/a>\n\t\t\t\t\t\t\t\t\t<\/li>\n\t\t\t\t\t\t\t\t<li class=\"elementor-icon-list-item\">\n\t\t\t\t\t\t\t\t\t\t\t<a href=\"\/tr\/si%cc%87rket-profi%cc%87li%cc%87\/\">\n\n\t\t\t\t\t\t\t\t\t\t\t\t<span class=\"elementor-icon-list-icon\">\n\t\t\t\t\t\t\t<svg aria-hidden=\"true\" class=\"e-font-icon-svg e-fas-chevron-right\" viewbox=\"0 0 320 512\" xmlns=\"http:\/\/www.w3.org\/2000\/svg\"><path d=\"M285.476 272.971L91.132 467.314c-9.373 9.373-24.569 9.373-33.941 0l-22.667-22.667c-9.357-9.357-9.375-24.522-.04-33.901L188.505 256 34.484 101.255c-9.335-9.379-9.317-24.544.04-33.901l22.667-22.667c9.373-9.373 24.569-9.373 33.941 0L285.475 239.03c9.373 9.372 9.373 24.568.001 33.941z\"><\/path><\/svg>\t\t\t\t\t\t<\/span>\n\t\t\t\t\t\t\t\t\t\t<span class=\"elementor-icon-list-text\">\u015eirket Profili<\/span>\n\t\t\t\t\t\t\t\t\t\t\t<\/a>\n\t\t\t\t\t\t\t\t\t<\/li>\n\t\t\t\t\t\t\t\t<li class=\"elementor-icon-list-item\">\n\t\t\t\t\t\t\t\t\t\t\t<a href=\"\/tr\/pcler-icin-10-iyi-neden\/\">\n\n\t\t\t\t\t\t\t\t\t\t\t\t<span class=\"elementor-icon-list-icon\">\n\t\t\t\t\t\t\t<svg aria-hidden=\"true\" class=\"e-font-icon-svg e-fas-chevron-right\" viewbox=\"0 0 320 512\" xmlns=\"http:\/\/www.w3.org\/2000\/svg\"><path d=\"M285.476 272.971L91.132 467.314c-9.373 9.373-24.569 9.373-33.941 0l-22.667-22.667c-9.357-9.357-9.375-24.522-.04-33.901L188.505 256 34.484 101.255c-9.335-9.379-9.317-24.544.04-33.901l22.667-22.667c9.373-9.373 24.569-9.373 33.941 0L285.475 239.03c9.373 9.372 9.373 24.568.001 33.941z\"><\/path><\/svg>\t\t\t\t\t\t<\/span>\n\t\t\t\t\t\t\t\t\t\t<span class=\"elementor-icon-list-text\">PCS i\u00e7in 10 iyi neden<\/span>\n\t\t\t\t\t\t\t\t\t\t\t<\/a>\n\t\t\t\t\t\t\t\t\t<\/li>\n\t\t\t\t\t\t\t\t<li class=\"elementor-icon-list-item\">\n\t\t\t\t\t\t\t\t\t\t\t<a href=\"\/tr\/vi%cc%87zyon-suerdueruelebi%cc%87li%cc%87rli%cc%87k\/\">\n\n\t\t\t\t\t\t\t\t\t\t\t\t<span class=\"elementor-icon-list-icon\">\n\t\t\t\t\t\t\t<svg aria-hidden=\"true\" class=\"e-font-icon-svg e-fas-chevron-right\" viewbox=\"0 0 320 512\" xmlns=\"http:\/\/www.w3.org\/2000\/svg\"><path d=\"M285.476 272.971L91.132 467.314c-9.373 9.373-24.569 9.373-33.941 0l-22.667-22.667c-9.357-9.357-9.375-24.522-.04-33.901L188.505 256 34.484 101.255c-9.335-9.379-9.317-24.544.04-33.901l22.667-22.667c9.373-9.373 24.569-9.373 33.941 0L285.475 239.03c9.373 9.372 9.373 24.568.001 33.941z\"><\/path><\/svg>\t\t\t\t\t\t<\/span>\n\t\t\t\t\t\t\t\t\t\t<span class=\"elementor-icon-list-text\">Vizyon, s\u00fcrd\u00fcr\u00fclebilirlik<\/span>\n\t\t\t\t\t\t\t\t\t\t\t<\/a>\n\t\t\t\t\t\t\t\t\t<\/li>\n\t\t\t\t\t\t\t\t<li class=\"elementor-icon-list-item\">\n\t\t\t\t\t\t\t\t\t\t\t<a href=\"\/tr\/cesitlilik\/\">\n\n\t\t\t\t\t\t\t\t\t\t\t\t<span class=\"elementor-icon-list-icon\">\n\t\t\t\t\t\t\t<svg aria-hidden=\"true\" class=\"e-font-icon-svg e-fas-chevron-right\" viewbox=\"0 0 320 512\" xmlns=\"http:\/\/www.w3.org\/2000\/svg\"><path d=\"M285.476 272.971L91.132 467.314c-9.373 9.373-24.569 9.373-33.941 0l-22.667-22.667c-9.357-9.357-9.375-24.522-.04-33.901L188.505 256 34.484 101.255c-9.335-9.379-9.317-24.544.04-33.901l22.667-22.667c9.373-9.373 24.569-9.373 33.941 0L285.475 239.03c9.373 9.372 9.373 24.568.001 33.941z\"><\/path><\/svg>\t\t\t\t\t\t<\/span>\n\t\t\t\t\t\t\t\t\t\t<span class=\"elementor-icon-list-text\">\u00c7e\u015fitlilik ve farkl\u0131l\u0131k<\/span>\n\t\t\t\t\t\t\t\t\t\t\t<\/a>\n\t\t\t\t\t\t\t\t\t<\/li>\n\t\t\t\t\t\t\t\t<li class=\"elementor-icon-list-item\">\n\t\t\t\t\t\t\t\t\t\t\t<a href=\"\/tr\/referanslar\/\">\n\n\t\t\t\t\t\t\t\t\t\t\t\t<span class=\"elementor-icon-list-icon\">\n\t\t\t\t\t\t\t<svg aria-hidden=\"true\" class=\"e-font-icon-svg e-fas-chevron-right\" viewbox=\"0 0 320 512\" xmlns=\"http:\/\/www.w3.org\/2000\/svg\"><path d=\"M285.476 272.971L91.132 467.314c-9.373 9.373-24.569 9.373-33.941 0l-22.667-22.667c-9.357-9.357-9.375-24.522-.04-33.901L188.505 256 34.484 101.255c-9.335-9.379-9.317-24.544.04-33.901l22.667-22.667c9.373-9.373 24.569-9.373 33.941 0L285.475 239.03c9.373 9.372 9.373 24.568.001 33.941z\"><\/path><\/svg>\t\t\t\t\t\t<\/span>\n\t\t\t\t\t\t\t\t\t\t<span class=\"elementor-icon-list-text\">Projeler, Referanslar<\/span>\n\t\t\t\t\t\t\t\t\t\t\t<\/a>\n\t\t\t\t\t\t\t\t\t<\/li>\n\t\t\t\t\t\t\t\t<li class=\"elementor-icon-list-item\">\n\t\t\t\t\t\t\t\t\t\t\t<a href=\"\/tr\/muesteri%cc%87-referanslari\/\">\n\n\t\t\t\t\t\t\t\t\t\t\t\t<span class=\"elementor-icon-list-icon\">\n\t\t\t\t\t\t\t<svg aria-hidden=\"true\" class=\"e-font-icon-svg e-fas-chevron-right\" viewbox=\"0 0 320 512\" xmlns=\"http:\/\/www.w3.org\/2000\/svg\"><path d=\"M285.476 272.971L91.132 467.314c-9.373 9.373-24.569 9.373-33.941 0l-22.667-22.667c-9.357-9.357-9.375-24.522-.04-33.901L188.505 256 34.484 101.255c-9.335-9.379-9.317-24.544.04-33.901l22.667-22.667c9.373-9.373 24.569-9.373 33.941 0L285.475 239.03c9.373 9.372 9.373 24.568.001 33.941z\"><\/path><\/svg>\t\t\t\t\t\t<\/span>\n\t\t\t\t\t\t\t\t\t\t<span class=\"elementor-icon-list-text\">M\u00fc\u015fteri referanslar\u0131<\/span>\n\t\t\t\t\t\t\t\t\t\t\t<\/a>\n\t\t\t\t\t\t\t\t\t<\/li>\n\t\t\t\t\t\t\t\t<li class=\"elementor-icon-list-item\">\n\t\t\t\t\t\t\t\t\t\t\t<a href=\"\/tr\/haberler\/\">\n\n\t\t\t\t\t\t\t\t\t\t\t\t<span class=\"elementor-icon-list-icon\">\n\t\t\t\t\t\t\t<svg aria-hidden=\"true\" class=\"e-font-icon-svg e-fas-chevron-right\" viewbox=\"0 0 320 512\" xmlns=\"http:\/\/www.w3.org\/2000\/svg\"><path d=\"M285.476 272.971L91.132 467.314c-9.373 9.373-24.569 9.373-33.941 0l-22.667-22.667c-9.357-9.357-9.375-24.522-.04-33.901L188.505 256 34.484 101.255c-9.335-9.379-9.317-24.544.04-33.901l22.667-22.667c9.373-9.373 24.569-9.373 33.941 0L285.475 239.03c9.373 9.372 9.373 24.568.001 33.941z\"><\/path><\/svg>\t\t\t\t\t\t<\/span>\n\t\t\t\t\t\t\t\t\t\t<span class=\"elementor-icon-list-text\">Haberler<\/span>\n\t\t\t\t\t\t\t\t\t\t\t<\/a>\n\t\t\t\t\t\t\t\t\t<\/li>\n\t\t\t\t\t\t<\/ul>\n\t\t\t\t\t\t<\/div>\n\t\t\t\t<\/div>\n\t\t\t\t\t<\/div>\n\t\t\t\t<\/div>\n\t\t\t\t<\/div>\n\t\t<\/div>\n\t\t\t\t\t\t<\/div>\n\t\t\t\t<\/div>\n\t\t\t\t\t<\/div>\n\t\t\t\t<\/div>\n\t\t\t\t<\/div>","protected":false},"excerpt":{"rendered":"<p>\u015eirket profili Etkinliklerde ve konferanslarda engelsiz, \u00e7ok dilli ileti\u015fim ve a\u011f olu\u015fturma. Bizim hedefimiz bu. PCS 1995 y\u0131l\u0131ndan beri d\u00fcnyan\u0131n her yerinde konferanslar ve toplant\u0131lar d\u00fczenlemektedir. S\u00f6zl\u00fc \u00e7eviri ekipman\u0131, konferans ve medya teknolojisinin kiralanmas\u0131, sat\u0131n al\u0131nmas\u0131 ve desteklenmesi i\u00e7in muhatab\u0131n\u0131z biziz. Kendimizi t\u00fcm kalbimizle kongrelerin \u00f6zel atmosferine adad\u0131k ve [...]<\/p>","protected":false},"author":2,"featured_media":24879,"parent":0,"menu_order":0,"comment_status":"closed","ping_status":"closed","template":"","meta":{"_acf_changed":false,"footnotes":""},"class_list":["post-28670","page","type-page","status-publish","has-post-thumbnail","hentry"],"acf":[],"_links":{"self":[{"href":"https:\/\/konferenztechnik.de\/tr\/wp-json\/wp\/v2\/pages\/28670","targetHints":{"allow":["GET"]}}],"collection":[{"href":"https:\/\/konferenztechnik.de\/tr\/wp-json\/wp\/v2\/pages"}],"about":[{"href":"https:\/\/konferenztechnik.de\/tr\/wp-json\/wp\/v2\/types\/page"}],"author":[{"embeddable":true,"href":"https:\/\/konferenztechnik.de\/tr\/wp-json\/wp\/v2\/users\/2"}],"replies":[{"embeddable":true,"href":"https:\/\/konferenztechnik.de\/tr\/wp-json\/wp\/v2\/comments?post=28670"}],"version-history":[{"count":0,"href":"https:\/\/konferenztechnik.de\/tr\/wp-json\/wp\/v2\/pages\/28670\/revisions"}],"wp:featuredmedia":[{"embeddable":true,"href":"https:\/\/konferenztechnik.de\/tr\/wp-json\/wp\/v2\/media\/24879"}],"wp:attachment":[{"href":"https:\/\/konferenztechnik.de\/tr\/wp-json\/wp\/v2\/media?parent=28670"}],"curies":[{"name":"wp","href":"https:\/\/api.w.org\/{rel}","templated":true}]}}