{"id":3618,"date":"2013-10-24T14:44:08","date_gmt":"2013-10-24T12:44:08","guid":{"rendered":"https:\/\/konferenztechnik.de\/?page_id=3618"},"modified":"2025-12-20T19:57:07","modified_gmt":"2025-12-20T18:57:07","slug":"konferans-eki%cc%87pmani-ki%cc%87ralama","status":"publish","type":"page","link":"https:\/\/konferenztechnik.de\/tr\/konferans-eki%cc%87pmani-ki%cc%87ralama\/","title":{"rendered":"Konferans teknolojisi kiralama"},"content":{"rendered":"<div data-elementor-type=\"wp-page\" data-elementor-id=\"3618\" class=\"elementor elementor-3618\" data-elementor-post-type=\"page\">\n\t\t\t\t<div data-particle_enable=\"false\" data-particle-mobile-disabled=\"false\" class=\"elementor-element elementor-element-ce2605a e-con-full e-flex e-con e-parent\" data-id=\"ce2605a\" data-element_type=\"container\">\n\t\t<div data-particle_enable=\"false\" data-particle-mobile-disabled=\"false\" class=\"elementor-element elementor-element-72b0a35 e-flex e-con-boxed e-con e-child\" data-id=\"72b0a35\" data-element_type=\"container\">\n\t\t\t\t\t<div class=\"e-con-inner\">\n\t\t\t\t<div class=\"elementor-element elementor-element-cb3f62b elementor-widget__width-inherit elementor-widget elementor-widget-heading\" data-id=\"cb3f62b\" data-element_type=\"widget\" data-widget_type=\"heading.default\">\n\t\t\t\t<div class=\"elementor-widget-container\">\n\t\t\t\t\t<h1 class=\"elementor-heading-title elementor-size-default\">Konferans, medya ve terc\u00fcme ekipmanlar\u0131 kiralama \u2013, Almanya genelinde profesyonel destek <\/h1>\t\t\t\t<\/div>\n\t\t\t\t<\/div>\n\t\t\t\t<div class=\"elementor-element elementor-element-39a20b9 elementor-widget elementor-widget-image\" data-id=\"39a20b9\" data-element_type=\"widget\" data-widget_type=\"image.default\">\n\t\t\t\t<div class=\"elementor-widget-container\">\n\t\t\t\t\t\t\t\t\t\t\t\t\t\t\t<img fetchpriority=\"high\" decoding=\"async\" width=\"1300\" height=\"485\" src=\"https:\/\/konferenztechnik.de\/wp-content\/uploads\/2025\/03\/vermietung-konferenztechnik.avif\" class=\"attachment-full size-full wp-image-47453\" alt=\"ki\u0307ralama-konferans teknoloji\u0307si\u0307\" srcset=\"https:\/\/konferenztechnik.de\/wp-content\/uploads\/2025\/03\/vermietung-konferenztechnik.avif 1300w, https:\/\/konferenztechnik.de\/wp-content\/uploads\/2025\/03\/vermietung-konferenztechnik-300x112.avif 300w, https:\/\/konferenztechnik.de\/wp-content\/uploads\/2025\/03\/vermietung-konferenztechnik-1024x382.avif 1024w, https:\/\/konferenztechnik.de\/wp-content\/uploads\/2025\/03\/vermietung-konferenztechnik-768x287.avif 768w, https:\/\/konferenztechnik.de\/wp-content\/uploads\/2025\/03\/vermietung-konferenztechnik-18x7.avif 18w\" sizes=\"(max-width: 1300px) 100vw, 1300px\" title=\"\">\t\t\t\t\t\t\t\t\t\t\t\t\t\t\t<\/div>\n\t\t\t\t<\/div>\n\t\t\t\t\t<\/div>\n\t\t\t\t<\/div>\n\t\t\t\t<\/div>\n\t\t<div data-particle_enable=\"false\" data-particle-mobile-disabled=\"false\" class=\"elementor-element elementor-element-20a61bd e-flex e-con-boxed e-con e-parent\" data-id=\"20a61bd\" data-element_type=\"container\">\n\t\t\t\t\t<div class=\"e-con-inner\">\n\t\t\t\t<div class=\"elementor-element elementor-element-2909165 elementor-widget__width-inherit elementor-widget elementor-widget-text-editor\" data-id=\"2909165\" data-element_type=\"widget\" data-widget_type=\"text-editor.default\">\n\t\t\t\t<div class=\"elementor-widget-container\">\n\t\t\t\t\t\t\t\t\t<p>Bizden konferans teknolojisi, medya teknolojisi, etkinlik teknolojisi ve terc\u00fcme teknolojisini esnek bir \u015fekilde kiralayabilirsiniz. \u2013, iste\u011fe ba\u011fl\u0131 olarak deneyimli teknisyenlerimizin tam deste\u011fini de sunmaktad\u0131r. Toplant\u0131lar, kongreler, hibrit etkinlikler, video konferanslar ve daha fazlas\u0131 i\u00e7in profesyonel \u00e7\u00f6z\u00fcmler sunuyoruz.<\/p><p>\u00a0<\/p><p>Almanya genelinde sundu\u011fumuz kiralama hizmetimiz, g\u00fcvenilir, uyumlu, g\u00fcvenli ve hemen kullan\u0131ma haz\u0131r birinci s\u0131n\u0131f konferans teknolojisini kapsamaktad\u0131r. Tekli mikrofonlardan rehberlik sistemlerine ve 32 dile kadar tam e\u015fzamanl\u0131 \u00e7eviri sistemlerine kadar, her b\u00fcy\u00fckl\u00fckteki etkinlik i\u00e7in teknik a\u00e7\u0131dan zorlu senaryolar\u0131 hayata ge\u00e7iriyoruz.<\/p><p>\u00a0<\/p><p>Sim\u00fcltane terc\u00fcmanlar\u0131 video konferanslar\u0131n\u0131za veya hibrit etkinliklerinize do\u011frudan ba\u011flamak i\u00e7in terc\u00fcme st\u00fcdyolar\u0131m\u0131z\u0131 kullan\u0131n. B\u00f6ylece, yer ve format ne olursa olsun, \u2013 ile do\u011fru, engelsiz ve uluslararas\u0131 d\u00fczeyde anla\u015f\u0131l\u0131r bir ileti\u015fim sa\u011flayabilirsiniz.<\/p><p>\u00a0<\/p><p>Etkinli\u011finiz i\u00e7in en uygun ses, g\u00f6r\u00fcnt\u00fc ve konferans teknolojisini se\u00e7ebilmeniz i\u00e7in \u00f6nceden profesyonel dan\u0131\u015fmanl\u0131k hizmeti sunuyoruz. Etkinlik s\u0131ras\u0131nda teknisyenlerimiz, etkinlik koordinat\u00f6rlerimiz, teknik moderat\u00f6rlerimiz ve g\u00f6r\u00fcnt\u00fc y\u00f6netmenlerimiz, her \u015feyin sorunsuz bir \u015fekilde ilerlemesini ve en y\u00fcksek teknik kaliteyi sa\u011flamaktad\u0131r.<\/p>\t\t\t\t\t\t\t\t<\/div>\n\t\t\t\t<\/div>\n\t\t\t\t<div class=\"elementor-element elementor-element-ba5c4e4 elementor-widget elementor-widget-button\" data-id=\"ba5c4e4\" data-element_type=\"widget\" data-widget_type=\"button.default\">\n\t\t\t\t<div class=\"elementor-widget-container\">\n\t\t\t\t\t\t\t\t\t<div class=\"elementor-button-wrapper\">\n\t\t\t\t\t<a class=\"elementor-button elementor-button-link elementor-size-lg\" href=\"#serviceteam\">\n\t\t\t\t\t\t<span class=\"elementor-button-content-wrapper\">\n\t\t\t\t\t\t<span class=\"elementor-button-icon\">\n\t\t\t\t<svg aria-hidden=\"true\" class=\"e-font-icon-svg e-far-arrow-alt-circle-down\" viewbox=\"0 0 512 512\" xmlns=\"http:\/\/www.w3.org\/2000\/svg\"><path d=\"M256 8C119 8 8 119 8 256s111 248 248 248 248-111 248-248S393 8 256 8zm0 448c-110.5 0-200-89.5-200-200S145.5 56 256 56s200 89.5 200 200-89.5 200-200 200zm-32-316v116h-67c-10.7 0-16 12.9-8.5 20.5l99 99c4.7 4.7 12.3 4.7 17 0l99-99c7.6-7.6 2.2-20.5-8.5-20.5h-67V140c0-6.6-5.4-12-12-12h-40c-6.6 0-12 5.4-12 12z\"><\/path><\/svg>\t\t\t<\/span>\n\t\t\t\t\t\t\t\t\t<span class=\"elementor-button-text\">\u015eimdi Sorgula<\/span>\n\t\t\t\t\t<\/span>\n\t\t\t\t\t<\/a>\n\t\t\t\t<\/div>\n\t\t\t\t\t\t\t\t<\/div>\n\t\t\t\t<\/div>\n\t\t\t\t\t<\/div>\n\t\t\t\t<\/div>\n\t\t<div data-particle_enable=\"false\" data-particle-mobile-disabled=\"false\" class=\"elementor-element elementor-element-c24ee69 e-flex e-con-boxed e-con e-parent\" data-id=\"c24ee69\" data-element_type=\"container\">\n\t\t\t\t\t<div class=\"e-con-inner\">\n\t\t\t\t\t<\/div>\n\t\t\t\t<\/div>\n\t\t<div data-particle_enable=\"false\" data-particle-mobile-disabled=\"false\" class=\"elementor-element elementor-element-6199ecb e-flex e-con-boxed e-con e-parent\" data-id=\"6199ecb\" data-element_type=\"container\">\n\t\t\t\t\t<div class=\"e-con-inner\">\n\t\t<div data-particle_enable=\"false\" data-particle-mobile-disabled=\"false\" class=\"elementor-element elementor-element-dcebc3e e-flex e-con-boxed e-con e-child\" data-id=\"dcebc3e\" data-element_type=\"container\" data-settings=\"{&quot;animation&quot;:&quot;none&quot;}\">\n\t\t\t\t\t<div class=\"e-con-inner\">\n\t\t\t\t<div class=\"elementor-element elementor-element-640f43b elementor-widget elementor-widget-heading\" data-id=\"640f43b\" data-element_type=\"widget\" data-settings=\"{&quot;_animation&quot;:&quot;none&quot;}\" data-widget_type=\"heading.default\">\n\t\t\t\t<div class=\"elementor-widget-container\">\n\t\t\t\t\t<h2 class=\"elementor-heading-title elementor-size-default\">Kiralama yelpazemiz<\/h2>\t\t\t\t<\/div>\n\t\t\t\t<\/div>\n\t\t\t\t<div class=\"elementor-element elementor-element-6b2ae7a elementor-widget__width-inherit elementor-widget elementor-widget-eael-post-list\" data-id=\"6b2ae7a\" data-element_type=\"widget\" data-settings=\"{&quot;_animation&quot;:&quot;none&quot;}\" data-widget_type=\"eael-post-list.default\">\n\t\t\t\t<div class=\"elementor-widget-container\">\n\t\t\t\t\t<div class=\"eael-post-list-container advanced layout-advanced\"><div class=\"eael-post-list-wrap\"><div class=\"eael-post-list-posts-wrap eael-post-appender eael-post-appender-6b2ae7a\"><div class=\"eael-post-list-post\"><div class=\"eael-post-list-post-inner\"><div class=\"eael-post-list-thumbnail\"><a href=\"https:\/\/konferenztechnik.de\/tr\/etkinlik-ekipmani-kiralama\/\">\n                <img decoding=\"async\" src=\"https:\/\/konferenztechnik.de\/wp-content\/uploads\/2024\/02\/Veranstaltungstechnik-mieten-post-jpg.webp\" alt=\"Etkinlik teknolojisi kiralama: Bir etkinlikte miks masas\u0131\" title=\"\">\n            <\/a><\/div><div class=\"eael-post-list-content\"><h2 class=\"eael-post-list-title\"><a href=\"https:\/\/konferenztechnik.de\/tr\/etkinlik-ekipmani-kiralama\/\" >Etkinlik teknolojisi kiralama<\/a><\/h2><p>Tam hizmet sa\u011flay\u0131c\u0131 olarak, size tek bir kaynaktan \u2013'ye kadar her \u015feyi sunuyoruz...<\/p><a href=\"https:\/\/konferenztechnik.de\/tr\/etkinlik-ekipmani-kiralama\/\" class=\"eael-post-elements-readmore-btn\" >\u015fimdi bilgilendir<\/a><div class=\"boxed-meta\"><\/div><\/div><\/div><\/div><div class=\"eael-post-list-post\"><div class=\"eael-post-list-post-inner\"><div class=\"eael-post-list-thumbnail\"><a href=\"https:\/\/konferenztechnik.de\/tr\/soezlue-ceviri-merkezleri-ve-soezlue-ceviri-stuedyolari\/\">\n                <img decoding=\"async\" src=\"https:\/\/konferenztechnik.de\/wp-content\/uploads\/2023\/04\/dolmetschhubs.jpg\" alt=\"Terc\u00fcmanlar\u0131n b\u00fcy\u00fck bir monit\u00f6rden konu\u015fmac\u0131y\u0131 takip etti\u011fi ve ses ge\u00e7irmez kabinlerinde \u00e7e\u015fitli dillere \u00e7eviri yapt\u0131\u011f\u0131 bir terc\u00fcme st\u00fcdyosunun g\u00f6r\u00fcn\u00fcm\u00fc\" title=\"\">\n            <\/a><\/div><div class=\"eael-post-list-content\"><h2 class=\"eael-post-list-title\"><a href=\"https:\/\/konferenztechnik.de\/tr\/soezlue-ceviri-merkezleri-ve-soezlue-ceviri-stuedyolari\/\" >S\u00f6zl\u00fc \u00e7eviri merkezleri ve s\u00f6zl\u00fc \u00e7eviri st\u00fcdyolar\u0131<\/a><\/h2><p>Uzaktan s\u00f6zl\u00fc \u00e7eviri, video konferanslar i\u00e7in s\u00f6zl\u00fc \u00e7eviri, yay\u0131n ak\u0131\u015f\u0131 ve yerinde toplant\u0131lar i\u00e7in profesyonel merkezlerimiz<\/p><a href=\"https:\/\/konferenztechnik.de\/tr\/soezlue-ceviri-merkezleri-ve-soezlue-ceviri-stuedyolari\/\" class=\"eael-post-elements-readmore-btn\" >\u015fimdi bilgilendir<\/a><div class=\"boxed-meta\"><\/div><\/div><\/div><\/div><div class=\"eael-post-list-post\"><div class=\"eael-post-list-post-inner\"><div class=\"eael-post-list-thumbnail\"><a href=\"https:\/\/konferenztechnik.de\/tr\/ki%cc%87si%cc%87sel-yoenlendi%cc%87rme-si%cc%87stemleri%cc%87-ki%cc%87rala-satin-al-kur\/\">\n                <img decoding=\"async\" src=\"https:\/\/konferenztechnik.de\/wp-content\/uploads\/2023\/07\/personenfuehrungsanlage-mieten-kaufen-jpg.webp\" alt=\"Bir adam mikrofona konu\u015fuyor, seyirci tur s\u0131ras\u0131nda tur rehberi sistemi ile dinliyor. PCS&#039;den tur rehberi sistemleri kiralay\u0131n, sat\u0131n al\u0131n veya kiralay\u0131n.\" title=\"\">\n            <\/a><\/div><div class=\"eael-post-list-content\"><h2 class=\"eael-post-list-title\"><a href=\"https:\/\/konferenztechnik.de\/tr\/ki%cc%87si%cc%87sel-yoenlendi%cc%87rme-si%cc%87stemleri%cc%87-ki%cc%87rala-satin-al-kur\/\" >Yolcu y\u00f6nlendirme sistemleri<\/a><\/h2><p>Tur rehberi sistemleri, rehber sistemleri, f\u0131s\u0131lt\u0131 sistemleri veya PFA'lar, kulakl\u0131klar, mikrofonlar, \u015farj \u00fcniteleri, ta\u015f\u0131ma \u00e7antalar\u0131, aksesuarlar<\/p><a href=\"https:\/\/konferenztechnik.de\/tr\/ki%cc%87si%cc%87sel-yoenlendi%cc%87rme-si%cc%87stemleri%cc%87-ki%cc%87rala-satin-al-kur\/\" class=\"eael-post-elements-readmore-btn\" >\u015fimdi bilgilendir<\/a><div class=\"boxed-meta\"><\/div><\/div><\/div><\/div><div class=\"eael-post-list-post\"><div class=\"eael-post-list-post-inner\"><div class=\"eael-post-list-thumbnail\"><a href=\"https:\/\/konferenztechnik.de\/tr\/goeruesme-sistemleri-interkom-istasyonlari-kiralayin-satin-alin-kurun-kiraya-verin\/\">\n                <img decoding=\"async\" src=\"https:\/\/konferenztechnik.de\/wp-content\/uploads\/2023\/06\/diskussionsanlage-sprechstellen-tischmikrofone.jpg\" alt=\"Bir konferans masas\u0131n\u0131n etraf\u0131na da\u011f\u0131t\u0131lm\u0131\u015f, deveboynu mikrofonlara sahip masa mikrofonu \u00fcniteleri\" title=\"\">\n            <\/a><\/div><div class=\"eael-post-list-content\"><h2 class=\"eael-post-list-title\"><a href=\"https:\/\/konferenztechnik.de\/tr\/goeruesme-sistemleri-interkom-istasyonlari-kiralayin-satin-alin-kurun-kiraya-verin\/\" >\u2013 g\u00f6r\u00fc\u015fme sistemleri, interkom istasyonlar\u0131 kiralay\u0131n, sat\u0131n al\u0131n, kurun, kiraya verin<\/a><\/h2><p>\u2013 g\u00f6r\u00fc\u015fme sistemleri, interkom istasyonlar\u0131 kiralay\u0131n, sat\u0131n al\u0131n, kurun, kiraya verin<\/p><a href=\"https:\/\/konferenztechnik.de\/tr\/goeruesme-sistemleri-interkom-istasyonlari-kiralayin-satin-alin-kurun-kiraya-verin\/\" class=\"eael-post-elements-readmore-btn\" >\u015fimdi bilgilendir<\/a><div class=\"boxed-meta\"><\/div><\/div><\/div><\/div><div class=\"eael-post-list-post\"><div class=\"eael-post-list-post-inner\"><div class=\"eael-post-list-thumbnail\"><a href=\"https:\/\/konferenztechnik.de\/tr\/soezlue-ceviri-sistemleri-ve-soezlue-ceviri-teknolojisi-kiralama-satin-alma-kurulum\/\">\n                <img decoding=\"async\" src=\"https:\/\/konferenztechnik.de\/wp-content\/uploads\/2023\/05\/simultantechnik-dolmetscheranlagen-mieten-kaufen-leasen-jpg.webp\" alt=\"\" title=\"\">\n            <\/a><\/div><div class=\"eael-post-list-content\"><h2 class=\"eael-post-list-title\"><a href=\"https:\/\/konferenztechnik.de\/tr\/soezlue-ceviri-sistemleri-ve-soezlue-ceviri-teknolojisi-kiralama-satin-alma-kurulum\/\" >S\u00f6zl\u00fc \u00e7eviri sistemleri ve s\u00f6zl\u00fc \u00e7eviri teknolojisi<\/a><\/h2><p>Terc\u00fcme kabinleri ile kablosuz terc\u00fcme sistemleri ve terc\u00fcme kabinleri ile tart\u0131\u015fma sistemleri<\/p><a href=\"https:\/\/konferenztechnik.de\/tr\/soezlue-ceviri-sistemleri-ve-soezlue-ceviri-teknolojisi-kiralama-satin-alma-kurulum\/\" class=\"eael-post-elements-readmore-btn\" >\u015fimdi bilgilendir<\/a><div class=\"boxed-meta\"><\/div><\/div><\/div><\/div><div class=\"eael-post-list-post\"><div class=\"eael-post-list-post-inner\"><div class=\"eael-post-list-thumbnail\"><a href=\"https:\/\/konferenztechnik.de\/tr\/akis\/\">\n                <img decoding=\"async\" src=\"https:\/\/konferenztechnik.de\/wp-content\/uploads\/2023\/04\/streaming-hosting-events-jpg.webp\" alt=\"Bir konferans salonunda etkinlik teknisyenleri ile ses kontrol\u00fc ve video y\u00f6netimi, \u00f6n\u00fcnde birka\u00e7 kez &quot;Live - Live - Live&quot; yaz\u0131s\u0131 ile\" title=\"\">\n            <\/a><\/div><div class=\"eael-post-list-content\"><h2 class=\"eael-post-list-title\"><a href=\"https:\/\/konferenztechnik.de\/tr\/akis\/\" >Ak\u0131\u015f ve bar\u0131nd\u0131rma<\/a><\/h2><p>Canl\u0131 ve video i\u00e7erik ak\u0131\u015f\u0131, ar\u015fivleme ve sunucularda ve video platformlar\u0131nda sa\u011flama<\/p><a href=\"https:\/\/konferenztechnik.de\/tr\/akis\/\" class=\"eael-post-elements-readmore-btn\" >\u015fimdi bilgilendir<\/a><div class=\"boxed-meta\"><\/div><\/div><\/div><\/div><div class=\"eael-post-list-post\"><div class=\"eael-post-list-post-inner\"><div class=\"eael-post-list-thumbnail\"><a href=\"https:\/\/konferenztechnik.de\/tr\/etkinlikler-icin-acilis-sayfalari-sanal-etkinlik-platformlari\/\">\n                <img decoding=\"async\" src=\"https:\/\/konferenztechnik.de\/wp-content\/uploads\/2023\/03\/landingpage-beitrag.jpg\" alt=\"\" title=\"\">\n            <\/a><\/div><div class=\"eael-post-list-content\"><h2 class=\"eael-post-list-title\"><a href=\"https:\/\/konferenztechnik.de\/tr\/etkinlikler-icin-acilis-sayfalari-sanal-etkinlik-platformlari\/\" >Etkinlikler i\u00e7in a\u00e7\u0131l\u0131\u015f sayfalar\u0131, sanal etkinlik platformlar\u0131<\/a><\/h2><p>Etkinlikler i\u00e7in a\u00e7\u0131l\u0131\u015f sayfalar\u0131, sanal etkinlik platformlar\u0131 Temel paket a\u015fa\u011f\u0131daki unsurlardan olu\u015fur...<\/p><a href=\"https:\/\/konferenztechnik.de\/tr\/etkinlikler-icin-acilis-sayfalari-sanal-etkinlik-platformlari\/\" class=\"eael-post-elements-readmore-btn\" >\u015fimdi bilgilendir<\/a><div class=\"boxed-meta\"><\/div><\/div><\/div><\/div><div class=\"eael-post-list-post\"><div class=\"eael-post-list-post-inner\"><div class=\"eael-post-list-thumbnail\"><a href=\"https:\/\/konferenztechnik.de\/tr\/av-ses-ve-goeruentue-eki%cc%87pmani-ki%cc%87ralama-satin-alma-kurulum-ki%cc%87ralama\/\">\n                <img decoding=\"async\" src=\"https:\/\/konferenztechnik.de\/wp-content\/uploads\/2023\/03\/audio-und-videotechnik-mieten-kaufen-installieren-1024x614.avif\" alt=\"ses-video-teknolojisi-kirala-sat\u0131n al-kur\" title=\"\">\n            <\/a><\/div><div class=\"eael-post-list-content\"><h2 class=\"eael-post-list-title\"><a href=\"https:\/\/konferenztechnik.de\/tr\/av-ses-ve-goeruentue-eki%cc%87pmani-ki%cc%87ralama-satin-alma-kurulum-ki%cc%87ralama\/\" >AV: Ses ve video teknolojisi<\/a><\/h2><p>Mikrofonlar, genel seslendirme teknolojisi, k\u00fcrs\u00fcler, telefon hibritleri, bas\u0131n da\u011f\u0131t\u0131c\u0131lar\u0131, steno kay\u0131t yaz\u0131l\u0131m\u0131...<\/p><a href=\"https:\/\/konferenztechnik.de\/tr\/av-ses-ve-goeruentue-eki%cc%87pmani-ki%cc%87ralama-satin-alma-kurulum-ki%cc%87ralama\/\" class=\"eael-post-elements-readmore-btn\" >\u015fimdi bilgilendir<\/a><div class=\"boxed-meta\"><\/div><\/div><\/div><\/div><\/div><\/div>\n\t\t<\/div>\t\t\t\t<\/div>\n\t\t\t\t<\/div>\n\t\t\t\t\t<\/div>\n\t\t\t\t<\/div>\n\t\t\t\t\t<\/div>\n\t\t\t\t<\/div>\n\t\t<div data-particle_enable=\"false\" data-particle-mobile-disabled=\"false\" class=\"elementor-element elementor-element-4be366c e-flex e-con-boxed e-con e-parent\" data-id=\"4be366c\" data-element_type=\"container\">\n\t\t\t\t\t<div class=\"e-con-inner\">\n\t\t<div data-particle_enable=\"false\" data-particle-mobile-disabled=\"false\" class=\"elementor-element elementor-element-a7882b6 e-flex e-con-boxed e-con e-child\" data-id=\"a7882b6\" data-element_type=\"container\" data-settings=\"{&quot;background_background&quot;:&quot;classic&quot;}\">\n\t\t\t\t\t<div class=\"e-con-inner\">\n\t\t\t\t<div class=\"elementor-element elementor-element-52d730d elementor-widget elementor-widget-text-editor\" data-id=\"52d730d\" data-element_type=\"widget\" data-widget_type=\"text-editor.default\">\n\t\t\t\t<div class=\"elementor-widget-container\">\n\t\t\t\t\t\t\t\t\t<p>Sunulan teknolojilerden hangisinin sizin i\u00e7in do\u011fru oldu\u011fundan hala emin de\u011fil misiniz? Bizimle ileti\u015fime ge\u00e7in.<\/p>\t\t\t\t\t\t\t\t<\/div>\n\t\t\t\t<\/div>\n\t\t\t\t\t<\/div>\n\t\t\t\t<\/div>\n\t\t\t\t\t<\/div>\n\t\t\t\t<\/div>\n\t\t<div data-particle_enable=\"false\" data-particle-mobile-disabled=\"false\" class=\"elementor-element elementor-element-13e4821 e-flex e-con-boxed e-con e-parent\" data-id=\"13e4821\" data-element_type=\"container\">\n\t\t\t\t\t<div class=\"e-con-inner\">\n\t\t\t\t<div class=\"elementor-element elementor-element-a0083f0 elementor-widget elementor-widget-shortcode\" data-id=\"a0083f0\" data-element_type=\"widget\" data-widget_type=\"shortcode.default\">\n\t\t\t\t<div class=\"elementor-widget-container\">\n\t\t\t\t\t\t\t<div class=\"elementor-shortcode\"><\/div>\n\t\t\t\t\t\t<\/div>\n\t\t\t\t<\/div>\n\t\t\t\t\t<\/div>\n\t\t\t\t<\/div>\n\t\t<div data-particle_enable=\"false\" data-particle-mobile-disabled=\"false\" class=\"elementor-element elementor-element-8c11562 e-flex e-con-boxed e-con e-parent\" data-id=\"8c11562\" data-element_type=\"container\">\n\t\t\t\t\t<div class=\"e-con-inner\">\n\t\t\t\t<div class=\"elementor-element elementor-element-38af8e9 elementor-widget elementor-widget-shortcode\" data-id=\"38af8e9\" data-element_type=\"widget\" data-widget_type=\"shortcode.default\">\n\t\t\t\t<div class=\"elementor-widget-container\">\n\t\t\t\t\t\t\t<div class=\"elementor-shortcode\"><\/div>\n\t\t\t\t\t\t<\/div>\n\t\t\t\t<\/div>\n\t\t\t\t\t<\/div>\n\t\t\t\t<\/div>\n\t\t\t\t<\/div>","protected":false},"excerpt":{"rendered":"<p>Konferenz-, Medien- und Dolmetschtechnik mieten \u2013 bundesweit und professionell betreut Bei uns k\u00f6nnen Sie Konferenztechnik, Medientechnik, Veranstaltungstechnik und Dolmetschtechnik flexibel mieten \u2013 auf Wunsch inklusive vollst\u00e4ndiger Betreuung durch unsere erfahrenen Techniker*innen. Wir bieten Ihnen professionelle L\u00f6sungen f\u00fcr Meetings, Kongresse, hybride Events, Videokonferenzen und mehr. \u00a0 Unsere bundesweite Vermietung umfasst Konferenztechnik der Spitzenklasse: zuverl\u00e4ssig, kompatibel, sicher [&hellip;]<\/p>","protected":false},"author":1,"featured_media":47453,"parent":0,"menu_order":112,"comment_status":"closed","ping_status":"open","template":"","meta":{"_acf_changed":false,"footnotes":""},"class_list":["post-3618","page","type-page","status-publish","has-post-thumbnail","hentry"],"acf":[],"_links":{"self":[{"href":"https:\/\/konferenztechnik.de\/tr\/wp-json\/wp\/v2\/pages\/3618","targetHints":{"allow":["GET"]}}],"collection":[{"href":"https:\/\/konferenztechnik.de\/tr\/wp-json\/wp\/v2\/pages"}],"about":[{"href":"https:\/\/konferenztechnik.de\/tr\/wp-json\/wp\/v2\/types\/page"}],"author":[{"embeddable":true,"href":"https:\/\/konferenztechnik.de\/tr\/wp-json\/wp\/v2\/users\/1"}],"replies":[{"embeddable":true,"href":"https:\/\/konferenztechnik.de\/tr\/wp-json\/wp\/v2\/comments?post=3618"}],"version-history":[{"count":0,"href":"https:\/\/konferenztechnik.de\/tr\/wp-json\/wp\/v2\/pages\/3618\/revisions"}],"wp:featuredmedia":[{"embeddable":true,"href":"https:\/\/konferenztechnik.de\/tr\/wp-json\/wp\/v2\/media\/47453"}],"wp:attachment":[{"href":"https:\/\/konferenztechnik.de\/tr\/wp-json\/wp\/v2\/media?parent=3618"}],"curies":[{"name":"wp","href":"https:\/\/api.w.org\/{rel}","templated":true}]}}