{"id":3687,"date":"2013-11-13T13:09:32","date_gmt":"2013-11-13T11:09:32","guid":{"rendered":"https:\/\/konferenztechnik.de\/?page_id=3687"},"modified":"2023-07-05T14:25:16","modified_gmt":"2023-07-05T12:25:16","slug":"dijital-kar-payi","status":"publish","type":"page","link":"https:\/\/konferenztechnik.de\/tr\/dijital-kar-payi\/","title":{"rendered":"Dijital kar pay\u0131"},"content":{"rendered":"<h1>Dijital kar pay\u0131<\/h1>\n<p>\u015eu andan itibaren, kablosuz mikrofonlar kullan\u0131l\u0131rken kopmalar ve al\u0131m sorunlar\u0131 meydana gelebilir. Bunun nedeni, kablosuz iletim frekanslar\u0131n\u0131n Federal A\u011f Ajans\u0131 taraf\u0131ndan de\u011fi\u015ftirilmi\u015f ve yeniden da\u011f\u0131t\u0131lm\u0131\u015f olmas\u0131d\u0131r.<br \/>\nHer \u015fey dijital kar pay\u0131 olarak biliniyor.<br \/>\n<img fetchpriority=\"high\" decoding=\"async\" class=\"size-full wp-image-3708\" src=\"https:\/\/konferenztechnik.de\/wp-content\/uploads\/2016\/10\/sennheiser-skm5200.jpg\" alt=\"Yeni tahsis edilen frekanslar da LTE ile paralel olarak parazitsiz \u00e7al\u0131\u015f\u0131r. \u0130\u015fte Sennheiser SKM5200\" width=\"850\" height=\"358\" title=\"\"><\/p>\n<div style=\"font-size: 0.8em; padding-bottom: 20px;\">Yeni tahsis edilen frekanslar da parazit olmadan LTE ile paralel olarak kullan\u0131labilir. \u0130\u015fte Sennheiser SKM5200<\/div>\n<p>2016 y\u0131l\u0131ndan itibaren, \u015fu anda kullan\u0131lmakta olan kablosuz sistemlerin \u00e7o\u011funun kullan\u0131lmas\u0131na art\u0131k izin verilmeyecek (hatta m\u00fcmk\u00fcn olmayacak).<br \/>\nBu, kablosuz mikrofonlar\u0131n kullan\u0131ld\u0131\u011f\u0131 t\u00fcm alanlar\u0131 ve yerleri etkiler: \u00f6rne\u011fin tiyatrolar, kiliseler, konser salonlar\u0131, kul\u00fcpler, m\u00fczikaller, konferans ve toplant\u0131 mekanlar\u0131 veya spor stadyumlar\u0131. \u00d6rne\u011fin turlar veya kiralama \u015firketleri i\u00e7in mobil ses takviyesi de etkilenir.<\/p>\n<p>Kablosuz mikrofon sistemleri i\u00e7in \u00e7e\u015fitli zaman s\u0131n\u0131rl\u0131 de\u011fi\u015fim ve yeniden frekans promosyonlar\u0131ndan \u015fimdi yararlan\u0131n.<\/p>\n<p>Bizimle ileti\u015fime ge\u00e7meniz yeterlidir, uzmanlar\u0131m\u0131z size yard\u0131mc\u0131 olmaktan mutluluk duyacakt\u0131r.<\/p>\n<h4>Dijital kar pay\u0131na ili\u015fkin sorular ve yan\u0131tlar<\/h4>\n<p>Dijital kar pay\u0131, analog (PAL) televizyondan dijital (DVB-T) televizyona ge\u00e7i\u015fle serbest b\u0131rak\u0131lan frekans bantlar\u0131n\u0131 ifade eder. Bu frekanslar 2010 y\u0131l\u0131nda Federal A\u011f Ajans\u0131 taraf\u0131ndan a\u00e7\u0131k artt\u0131rmayla en y\u00fcksek teklifi verene sat\u0131lm\u0131\u015f ve Almanya'da faaliyet g\u00f6steren en b\u00fcy\u00fck \u00fc\u00e7 cep telefonu sa\u011flay\u0131c\u0131s\u0131 taraf\u0131ndan sat\u0131n al\u0131nm\u0131\u015ft\u0131r. 2016 y\u0131l\u0131ndan itibaren bu frekans band\u0131n\u0131n sadece k\u00fc\u00e7\u00fck bir k\u0131sm\u0131 kablosuz mikrofonlar\u0131n kullan\u0131m\u0131na a\u00e7\u0131lacakt\u0131r.<\/p>\n<p>Eski frekans tahsislerine sahip \u00e7o\u011fu kablosuz mikrofon sistemi 2016'dan itibaren art\u0131k \u00e7al\u0131\u015ft\u0131r\u0131lamaz ve \u00e7al\u0131\u015ft\u0131r\u0131lmamal\u0131d\u0131r. Eski sistemler yenileriyle de\u011fi\u015ftirilmeli veya m\u00fcmk\u00fcnse yeniden frekans tahsisi yap\u0131lmal\u0131d\u0131r.<\/p>\n<p>470\u2013865 MHz UHF aral\u0131\u011f\u0131n\u0131n tamam\u0131 etkilenmi\u015ftir. Buna daha \u00f6nce kablosuz mikrofonlar\u0131n kullan\u0131labildi\u011fi alt aral\u0131klar da dahildir. 863\u2013865 MHz aral\u0131\u011f\u0131 serbest\u00e7e kullan\u0131labilir durumda kal\u0131r.<\/p>\n<p>Bir\u00e7ok \u00fcretici \u015fu anda zaman s\u0131n\u0131rl\u0131 de\u011fi\u015ftirme veya yeniden frekans programlar\u0131 sundu\u011fundan, bunu hemen yapmak en iyisidir. Buna ek olarak, Almanya'n\u0131n bir\u00e7ok b\u00f6lgesinde LTE test i\u015flemleri y\u00fcr\u00fct\u00fclmektedir, bu da kablosuz mikrofonlar\u0131n sorunsuz kullan\u0131m\u0131n\u0131n art\u0131k garanti edilemeyece\u011fi anlam\u0131na gelmektedir.<\/p>\n<p>Uzun Vadeli Evrim, UMTS'nin halefi olarak belirtilen bir mobil ileti\u015fim standard\u0131d\u0131r. LTE, video iletimi i\u00e7in gerekli olanlar gibi \u00e7ok y\u00fcksek veri h\u0131zlar\u0131nda hareket halindeyken \u0130nternet kullan\u0131m\u0131n\u0131 m\u00fcmk\u00fcn k\u0131lar. LTE, DSL kablo ba\u011flant\u0131s\u0131 olmayan b\u00f6lgelerde h\u0131zl\u0131 \u0130nternet eri\u015fimini garanti etmeyi ama\u00e7lamaktad\u0131r.<\/p>\n<p><a href=\"https:\/\/www.ltemobile.de\/lte-verfuegbarkeit\/\" target=\"_blank\" rel=\"noopener\">Ba\u011flant\u0131: Almanya'da LTE kullan\u0131labilirli\u011fi<\/a><\/p>\n<p>Vvn\u00f6ml'e g\u00f6re, 2016'dan itibaren UHF frekanslar\u0131 i\u00e7in d\u00f6rt kullan\u0131c\u0131 grubu olacak. Hangi gruba atand\u0131\u011f\u0131n\u0131z\u0131 a\u00e7\u0131klamaktan memnuniyet duyar\u0131z. Bizimle ileti\u015fime ge\u00e7meniz yeterli.<\/p>\n<ul>\n<li>Dijital kar pay\u0131 ile ilgili t\u00fcm sorular\u0131n\u0131zda size dan\u0131\u015fmanl\u0131k hizmeti verebiliriz.<\/li>\n<li>Sistemlerin de\u011fi\u015ftirilmesini ve yeniden merkezlenmesini \u00fcstleniyoruz.<\/li>\n<li>Do\u011frudan sat\u0131\u015f departman\u0131m\u0131zdan sat\u0131n alabilece\u011finiz yeni sistemlerin se\u00e7imi konusunda size \u00fcreticiden ba\u011f\u0131ms\u0131z tavsiyeler sunuyoruz.<\/li>\n<li>Formlar\u0131 doldurman\u0131za veya ihtiyac\u0131n\u0131z olan frekanslar\u0131 kaydetmenize yard\u0131mc\u0131 olabiliriz.<\/li>\n<li>Yeni sistemleri kuruyor ve mevcut sisteminize sorunsuz entegrasyon sa\u011fl\u0131yoruz.<\/li>\n<li>Gerekirse, personeli yeni sistemlerin kullan\u0131m\u0131 konusunda e\u011fitiriz.<\/li>\n<\/ul>","protected":false},"excerpt":{"rendered":"<p>Digitale Dividende Ab sofort kann es bei der Nutzung von drahtlosen Mikrofonen zu Aussetzern und Empfangsproblemen kommen. Das liegt daran, dass die Frequenzen f\u00fcr drahtlose \u00dcbertragung von der Bundesnetzagentur ge\u00e4ndert und neu verteilt werden. Das Ganze l\u00e4uft unter dem Namen Digitale Dividende. Mit neu vergebenen Frequenzen kann auch parallel zu LTE st\u00f6rungsfrei gearbeitet werden. Hier [&hellip;]<\/p>","protected":false},"author":1,"featured_media":45482,"parent":0,"menu_order":111,"comment_status":"closed","ping_status":"open","template":"","meta":{"_acf_changed":false,"footnotes":""},"class_list":["post-3687","page","type-page","status-publish","has-post-thumbnail","hentry"],"acf":[],"_links":{"self":[{"href":"https:\/\/konferenztechnik.de\/tr\/wp-json\/wp\/v2\/pages\/3687","targetHints":{"allow":["GET"]}}],"collection":[{"href":"https:\/\/konferenztechnik.de\/tr\/wp-json\/wp\/v2\/pages"}],"about":[{"href":"https:\/\/konferenztechnik.de\/tr\/wp-json\/wp\/v2\/types\/page"}],"author":[{"embeddable":true,"href":"https:\/\/konferenztechnik.de\/tr\/wp-json\/wp\/v2\/users\/1"}],"replies":[{"embeddable":true,"href":"https:\/\/konferenztechnik.de\/tr\/wp-json\/wp\/v2\/comments?post=3687"}],"version-history":[{"count":0,"href":"https:\/\/konferenztechnik.de\/tr\/wp-json\/wp\/v2\/pages\/3687\/revisions"}],"wp:featuredmedia":[{"embeddable":true,"href":"https:\/\/konferenztechnik.de\/tr\/wp-json\/wp\/v2\/media\/45482"}],"wp:attachment":[{"href":"https:\/\/konferenztechnik.de\/tr\/wp-json\/wp\/v2\/media?parent=3687"}],"curies":[{"name":"wp","href":"https:\/\/api.w.org\/{rel}","templated":true}]}}