{"id":3768,"date":"2013-11-27T14:19:01","date_gmt":"2013-11-27T12:19:01","guid":{"rendered":"https:\/\/konferenztechnik.de\/?page_id=3768"},"modified":"2023-09-27T11:58:03","modified_gmt":"2023-09-27T09:58:03","slug":"vanerum-i3","status":"publish","type":"page","link":"https:\/\/konferenztechnik.de\/tr\/konferans-ve-av-medya-teknoloji%cc%87si%cc%87ni%cc%87n-dagitimi\/vanerum-i3\/","title":{"rendered":"Vanerum i3"},"content":{"rendered":"<p>[column size=\"2-3\u2033 last=\"0\u2033]<\/p>\n<h1>\u0130nteraktif \u00f6\u011frenme, \u00e7al\u0131\u015fma, sunum<\/h1>\n<p>Vanerum, Bel\u00e7ika'dan e\u011fitim mobilyalar\u0131 konusunda uzmanla\u015fm\u0131\u015ft\u0131r. PCS, e\u015fle\u015fen oynat\u0131c\u0131lar ve \u00e7evre birimleri de dahil olmak \u00fczere interaktif ileti\u015fim \u00e7\u00f6z\u00fcmlerinin da\u011f\u0131t\u0131m\u0131n\u0131 yapmaktad\u0131r.<br \/>\nSize en \u00fcst d\u00fczey \u00fcretim kalitesi, g\u00fcnl\u00fck kullan\u0131ma uygunluk ve uyumlu uygulama ile rakipsiz fiyatlarla birinci s\u0131n\u0131f interaktif sunum sistemleri sunuyoruz. Sadece okullar ve \u00fcniversiteler i\u00e7in de\u011fil.<\/p>\n<p>[\/column]<\/p>\n<p>[column size=\"1-3\u2033 last=\"1\u2033]<\/p>\n<div style=\"padding-top:60px;\">\n<img decoding=\"async\" class=\"alignright size-full wp-image-3771\" alt=\"Vanerum i3 logosu\" src=\"https:\/\/konferenztechnik.de\/wp-content\/uploads\/2013\/11\/vanerum_i3_logo.jpg\" width=\"185\" height=\"208\" title=\"\"><\/div>\n<p>[\/column]<\/p>\n<h4>Vanerum'dan projekt\u00f6rl\u00fc interaktif beyaz tahta i3BOARD<\/h4>\n<p>[column size=\"2-3\u2033 last=\"0\u2033]<br \/>\n[tabs style=\"1\u2033]<br \/>\n[tab title=\"Resimler\"]<img fetchpriority=\"high\" decoding=\"async\" class=\"alignnone size-full wp-image-3791\" alt=\"Vanerum i3 TAHTA\" src=\"https:\/\/konferenztechnik.de\/wp-content\/uploads\/2013\/11\/i3-von-vanerum-02small.jpg\" width=\"484\" height=\"389\" title=\"\" srcset=\"https:\/\/konferenztechnik.de\/wp-content\/uploads\/2013\/11\/i3-von-vanerum-02small.jpg 484w, https:\/\/konferenztechnik.de\/wp-content\/uploads\/2013\/11\/i3-von-vanerum-02small-300x241.jpg 300w\" sizes=\"(max-width: 484px) 100vw, 484px\" \/><br \/>\n[\/tab]<br \/>\n[tab title=\"\u00d6zel \u00f6zellikler\"]<\/p>\n<ul>\n<li>On adede kadar e\u015fzamanl\u0131 dokunu\u015fla \u00e7ok kullan\u0131c\u0131l\u0131 etkile\u015fim<\/li>\n<li>Kalem ve parmak dokunu\u015flar\u0131yla giri\u015f<\/li>\n<li>Hassas ve kan\u0131tlanm\u0131\u015f V-Sense dokunmatik teknolojisi<\/li>\n<li>ultra ince 24 mm al\u00fcminyum \u00e7er\u00e7eve<\/li>\n<li>\u00d6m\u00fcr boyu garantili dayan\u0131kl\u0131 emaye \u00e7elik y\u00fczey<\/li>\n<li>Kuru silinebilir beyaz tahta kalemleri ile kullan\u0131labilir<\/li>\n<li>Y\u00fcksek tepki h\u0131z\u0131<\/li>\n<li>Standart duvar montaj\u0131 dahildir<\/li>\n<li>\u0130\u015fletim sisteminden ba\u011f\u0131ms\u0131z, her t\u00fcrl\u00fc e\u011fitim yaz\u0131l\u0131m\u0131 ile kullan\u0131m i\u00e7in ideal<\/li>\n<li>Toza dayan\u0131kl\u0131 V-Sense dokunmatik teknolojisi<\/li>\n<li>Otomatik kaynak alg\u0131lama<\/li>\n<li>Projekt\u00f6r lambas\u0131n\u0131n uzun kullan\u0131m \u00f6mr\u00fc<\/li>\n<\/ul>\n<p>[\/tab]<br \/>\n[tab title=\"Teknik \u00f6zellikler\"]<\/p>\n<ul>\n<li>En boy oran\u0131: 4:3<\/li>\n<li>\u00c7\u00f6z\u00fcn\u00fcrl\u00fck: 32.767 \u00d7 32.767<\/li>\n<li>Boyutlar i3BOARD (77\u2033): Y\/K\/D 122,2 x 161,3 x 3,5 cm<\/li>\n<li>Aktif alan boyutlar\u0131: 117,2 x 156,3 cm<\/li>\n<li>Yaz\u0131 y\u00fczeyi: beyaz, emaye \u00e7elik, yans\u0131t\u0131c\u0131 de\u011fil<\/li>\n<li>Dokunmatik teknolojisi: V-Sense Multi<\/li>\n<li>Aray\u00fcz USB 2.0 veya \u00fcst\u00fc<\/li>\n<li>Enerji t\u00fcketimi \u2264 400 mA<\/li>\n<li>2.800 l\u00fcmen projekt\u00f6r<\/li>\n<li>WXGA 1.280 x 800<\/li>\n<li>Etkile\u015fimli aral\u0131k: 75\u2033 ila 115\u2033 diyagonal<\/li>\n<li>Otomatik kaynak alg\u0131lama<\/li>\n<li>Projekt\u00f6r lamba \u00f6mr\u00fc: 5.000 saat (eko modunda)<\/li>\n<\/ul>\n<p>[\/tab]<br \/>\n[\/tabs]<br \/>\n[\/column]<\/p>\n<p>[column size=\"1-3\u2033 last=\"1\u2033]<br \/>\n[spacer size=\"40\u2033]<\/p>\n<p>Geleneksel beyaz tahtalarla kar\u015f\u0131la\u015ft\u0131r\u0131ld\u0131\u011f\u0131nda, i3BOARD baz\u0131 benzersiz \u00f6zelliklere sahiptir. Kalem ve parmakla dokunmatik giri\u015fe ek olarak, hassas ve kan\u0131tlanm\u0131\u015f V-Sense dokunmatik teknolojisi \u00e7ok kullan\u0131c\u0131l\u0131 etkile\u015fime olanak tan\u0131r.<\/p>\n<p>Ultra ince al\u00fcminyum \u00e7er\u00e7eve i3BOARD'a \u015f\u0131k bir g\u00f6r\u00fcn\u00fcm kazand\u0131r\u0131r, bak\u0131m\u0131 kolayla\u015ft\u0131r\u0131r ve ayr\u0131ca toplam sahip olma maliyetini azalt\u0131r.<\/p>\n<p>[\/column]<\/p>\n<p>[spacer size=\"20\u2033]<\/p>\n<h4>i3TOUCH ile interaktif ekran<\/h4>\n<p>[column size=\"2-3\u2033 last=\"0\u2033]<br \/>\n[tabs style=\"1\u2033]<br \/>\n[tab title=\"Resimler\"]<img decoding=\"async\" src=\"https:\/\/konferenztechnik.de\/wp-content\/uploads\/2013\/11\/11123515-standard.jpg\" alt=\"Beyaz Tahta Vanerum i3\" width=\"665\" height=\"441\" class=\"alignleft size-full wp-image-4344\" title=\"\" srcset=\"https:\/\/konferenztechnik.de\/wp-content\/uploads\/2013\/11\/11123515-standard.jpg 665w, https:\/\/konferenztechnik.de\/wp-content\/uploads\/2013\/11\/11123515-standard-300x199.jpg 300w\" sizes=\"(max-width: 665px) 100vw, 665px\" \/><br \/>\n[\/tab]<br \/>\n[tab title=\"\u00d6zel \u00f6zellikler\"]<\/p>\n<ul>\n<li>\u0130ki ki\u015fi parmaklar\u0131n\u0131 veya bir kalemi kullanarak ayn\u0131 anda yazabilir, \u00e7izebilir veya i\u00e7erikle etkile\u015fime girebilir<\/li>\n<li>G\u00f6lgesiz y\u00fczey sayesinde parlak g\u00f6r\u00fcnt\u00fcler ve hassas bir dokunma deneyimi<\/li>\n<li>Varl\u0131k alg\u0131lama g\u00fc\u00e7 tasarrufu sa\u011flar ve ekran \u00f6mr\u00fcn\u00fc uzat\u0131r<\/li>\n<li>\u0130nteraktif Ekran Yerle\u015fimi, dokunmatik ekran i\u015flevlerini d\u00fcz ekranlar\u0131n avantajlar\u0131yla birle\u015ftirir<\/li>\n<li>\u0130ste\u011fe ba\u011fl\u0131, mobil SMART zemin stand\u0131<\/li>\n<\/ul>\n<p>[\/tab]<br \/>\n[tab title=\"Teknik \u00f6zellikler\"]<\/p>\n<ul>\n<li>Y\u00fcksek \u00e7\u00f6z\u00fcn\u00fcrl\u00fckl\u00fc LCD ekran<\/li>\n<li>\u00c7ift Dokunmatik<\/li>\n<li>Mevcut boyutlar: 133 x 82 x 9,3 cm ve 168,5 x 103,8 x 25 cm<\/li>\n<li>En boy oran\u0131: 16:9<\/li>\n<\/ul>\n<p>[\/tab]<br \/>\n[\/tabs]<br \/>\n[\/column]<\/p>\n<p>[column size=\"1-3\u2033 last=\"1\u2033]<br \/>\n[spacer size=\"40\u2033]<\/p>\n<p>\u0130nteraktif beyaz tahtan\u0131n dokunmatik i\u015flevlerini d\u00fcz ekran teknolojisinin keskin g\u00f6r\u00fcnt\u00fcleriyle birle\u015ftirin.<\/p>\n<p>8070i \u0130nteraktif Ekran tam entegre bir \u00e7\u00f6z\u00fcm sunar.<\/p>\n<p>[\/column]<\/p>\n<p>[spacer size=\"20\u2033]<\/p>\n<h4>i3TOUCH ile \u00fcst d\u00fczey halka a\u00e7\u0131k ekran<\/h4>\n<p>[column size=\"2-3\u2033 last=\"0\u2033]<br \/>\n[tabs style=\"1\u2033]<br \/>\n[tab title=\"Resimler\"]<img loading=\"lazy\" decoding=\"async\" class=\"alignnone size-full wp-image-3801\" alt=\"i3-from-vanerum-04small\" src=\"https:\/\/konferenztechnik.de\/wp-content\/uploads\/2013\/11\/i3-von-vanerum-04small.jpg\" width=\"608\" height=\"382\" title=\"\" srcset=\"https:\/\/konferenztechnik.de\/wp-content\/uploads\/2013\/11\/i3-von-vanerum-04small.jpg 608w, https:\/\/konferenztechnik.de\/wp-content\/uploads\/2013\/11\/i3-von-vanerum-04small-300x188.jpg 300w\" sizes=\"(max-width: 608px) 100vw, 608px\" \/><br \/>\n[\/tab]<br \/>\n[tab title=\"\u00d6zel \u00f6zellikler\"]<\/p>\n<ul>\n<li>\u00d6d\u00fcn vermeyen g\u00fcvenilirlik<\/li>\n<li>Son teknoloji DisplayPort ve LAN aray\u00fczleri<\/li>\n<li>Uygulanan ortam \u0131\u015f\u0131\u011f\u0131 sens\u00f6rleri sayesinde minimum g\u00fc\u00e7 t\u00fcketimi<\/li>\n<li>Perakende, toplant\u0131 odalar\u0131, video konferans, ula\u015f\u0131m ve trafik ve kontrol odalar\u0131 ve kontrol merkezlerindeki dijital tabela uygulamalar\u0131 i\u00e7in ideal \u00e7\u00f6z\u00fcm<\/li>\n<li>T\u0131bbi uygulamalar i\u00e7in DICOM deste\u011fi<\/li>\n<\/ul>\n<p>[\/tab]<br \/>\n[tab title=\"Teknik \u00f6zellikler\"]<\/p>\n<ul>\n<li>Boyut: 40 ila 82 in\u00e7<\/li>\n<li>Kontrast: 2000:1, 3000:1, 3500:1<\/li>\n<li>G\u00fc\u00e7 t\u00fcketimi [W]: 145 ila 680<\/li>\n<li>En boy oran\u0131: 16:9<\/li>\n<li>Panel teknolojisi: S-PVA<\/li>\n<li>Parlakl\u0131k [cd\/m\u00b2]: 700<\/li>\n<li>\u00c7\u00f6z\u00fcn\u00fcrl\u00fck: 1.920 x 1.080<\/li>\n<li>Optimize edilmi\u015f parlakl\u0131k i\u00e7in programlanabilir ortam \u0131\u015f\u0131\u011f\u0131 sens\u00f6r\u00fc<\/li>\n<li>Kullan\u0131c\u0131 tan\u0131ml\u0131 giri\u015f \u00f6nceli\u011fi<\/li>\n<li>DICOM deste\u011fi<\/li>\n<li>Geli\u015fmi\u015f fan kontrol\u00fc<\/li>\n<li>Donan\u0131m tabanl\u0131 renk kalibrasyonu<\/li>\n<li>RS232 aray\u00fcz\u00fc<\/li>\n<li>Matris bellek<\/li>\n<li>H\u0131zl\u0131 giri\u015f de\u011fi\u015fimi<\/li>\n<li>TileMatrix (10 x 10)<\/li>\n<li>\u00c7e\u015fitli resim i\u00e7inde resim se\u00e7enekleri<\/li>\n<li>Zamanlay\u0131c\u0131<\/li>\n<\/ul>\n<p>[\/tab]<br \/>\n[\/tabs]<br \/>\n[\/column]<\/p>\n<p>[column size=\"1-3\u2033 last=\"1\u2033]<br \/>\n[spacer size=\"40\u2033]<\/p>\n<p>i3TOUCH LCD dokunmatik \u00e7\u00f6z\u00fcm kristal netli\u011finde, y\u00fcksek \u00e7\u00f6z\u00fcn\u00fcrl\u00fckl\u00fc g\u00f6r\u00fcnt\u00fcler sunar. Optik dokunmatik teknolojisi parmakla veya kalemle kullan\u0131labilir ve ekran an\u0131nda yan\u0131t verir.<\/p>\n<p>i3TOUCH ekranlar optik alg\u0131lama teknolojisini destekleyerek interaktif ekranla \u00f6zellikle h\u0131zl\u0131 ve do\u011fru \u00e7al\u0131\u015fmay\u0131 garanti eder. Bu da onlar\u0131 okullarda ve s\u0131n\u0131flarda kullan\u0131m i\u00e7in m\u00fckemmel bir \u00e7\u00f6z\u00fcm haline getiriyor!<\/p>\n<p>[\/column]<\/p>\n<p>[spacer size=\"20\u2033]<\/p>","protected":false},"excerpt":{"rendered":"<p>[column size=\"2-3\u2033 last=\"0\u2033] \u0130nteraktif \u00f6\u011frenme, \u00e7al\u0131\u015fma, sunum Vanerum, Bel\u00e7ika'dan bir e\u011fitim mobilyas\u0131 uzman\u0131d\u0131r. PCS, e\u015fle\u015fen oynat\u0131c\u0131lar ve \u00e7evre birimleri de dahil olmak \u00fczere interaktif ileti\u015fim \u00e7\u00f6z\u00fcmlerinin da\u011f\u0131t\u0131m\u0131n\u0131 yapmaktad\u0131r. Size rakipsiz fiyatlarla, en \u00fcst d\u00fczeyde \u00fcretim kalitesi, g\u00fcnl\u00fck kullan\u0131ma uygunluk ve uyumlu uygulama ile birinci s\u0131n\u0131f interaktif sunum sistemleri sunuyoruz. Sadece okullar ve \u00fcniversiteler i\u00e7in de\u011fil. [\/column] [column [...]<\/p>","protected":false},"author":1,"featured_media":45482,"parent":3614,"menu_order":106,"comment_status":"closed","ping_status":"open","template":"","meta":{"_acf_changed":false,"footnotes":""},"class_list":["post-3768","page","type-page","status-publish","has-post-thumbnail","hentry"],"acf":[],"_links":{"self":[{"href":"https:\/\/konferenztechnik.de\/tr\/wp-json\/wp\/v2\/pages\/3768","targetHints":{"allow":["GET"]}}],"collection":[{"href":"https:\/\/konferenztechnik.de\/tr\/wp-json\/wp\/v2\/pages"}],"about":[{"href":"https:\/\/konferenztechnik.de\/tr\/wp-json\/wp\/v2\/types\/page"}],"author":[{"embeddable":true,"href":"https:\/\/konferenztechnik.de\/tr\/wp-json\/wp\/v2\/users\/1"}],"replies":[{"embeddable":true,"href":"https:\/\/konferenztechnik.de\/tr\/wp-json\/wp\/v2\/comments?post=3768"}],"version-history":[{"count":0,"href":"https:\/\/konferenztechnik.de\/tr\/wp-json\/wp\/v2\/pages\/3768\/revisions"}],"up":[{"embeddable":true,"href":"https:\/\/konferenztechnik.de\/tr\/wp-json\/wp\/v2\/pages\/3614"}],"wp:featuredmedia":[{"embeddable":true,"href":"https:\/\/konferenztechnik.de\/tr\/wp-json\/wp\/v2\/media\/45482"}],"wp:attachment":[{"href":"https:\/\/konferenztechnik.de\/tr\/wp-json\/wp\/v2\/media?parent=3768"}],"curies":[{"name":"wp","href":"https:\/\/api.w.org\/{rel}","templated":true}]}}