{"id":3858,"date":"2013-11-28T16:34:43","date_gmt":"2013-11-28T14:34:43","guid":{"rendered":"https:\/\/konferenztechnik.de\/?page_id=3858"},"modified":"2023-07-05T14:25:44","modified_gmt":"2023-07-05T12:25:44","slug":"ekran-ve-projektoer-baglantilari","status":"publish","type":"page","link":"https:\/\/konferenztechnik.de\/tr\/konferans-ve-av-medya-teknoloji%cc%87si%cc%87ni%cc%87n-dagitimi\/ekran-ve-projektoer-baglantilari\/","title":{"rendered":"Ekran ve projekt\u00f6r ba\u011flant\u0131lar\u0131"},"content":{"rendered":"<h1>Ekran ve projekt\u00f6r ba\u011flant\u0131lar\u0131<\/h1>\n<p>Bir projekt\u00f6r veya ekran sat\u0131n ald\u0131ktan sonra muhtemelen kendinize a\u015fa\u011f\u0131daki sorulardan birini soracaks\u0131n\u0131z<\/p>\n<ul>\n<li>Cihaz\u0131 nas\u0131l ve nereye kurabilirim?<\/li>\n<li>\u0130htiyac\u0131m olmad\u0131\u011f\u0131nda nerede saklayaca\u011f\u0131m?<\/li>\n<li>Cihaz\u0131m\u0131 h\u0131rs\u0131zl\u0131\u011fa veya hasara kar\u015f\u0131 nas\u0131l koruyabilirim?<\/li>\n<\/ul>\n<p>Video sistemlerinizin kurulumu i\u00e7in size esnek ve profesyonel \u00e7\u00f6z\u00fcmler sunuyoruz: <a href=\"\/tr\/konferans-ve-av-medya-teknoloji%cc%87si%cc%87ni%cc%87n-dagitimi\/vi%cc%87deo-teknoloji%cc%87si%cc%87\/ekranlar-ve-projektoerler-icin-montaj-aparatlari\/tavan-baglantilari\/\">Tavan braketleri<\/a>, <a href=\"\/tr\/konferans-ve-av-medya-teknoloji%cc%87si%cc%87ni%cc%87n-dagitimi\/vi%cc%87deo-teknoloji%cc%87si%cc%87\/ekranlar-ve-projektoerler-icin-montaj-aparatlari\/duvar-braketleri\/\">Duvar braketleri<\/a> veya <a href=\"\/tr\/konferans-ve-av-medya-teknoloji%cc%87si%cc%87ni%cc%87n-dagitimi\/vi%cc%87deo-teknoloji%cc%87si%cc%87\/ekranlar-ve-projektoerler-icin-montaj-aparatlari\/makas-braketleri\/\">Makas braketleri<\/a>, <a href=\"\/tr\/konferans-ve-av-medya-teknoloji%cc%87si%cc%87ni%cc%87n-dagitimi\/vi%cc%87deo-teknoloji%cc%87si%cc%87\/ekranlar-ve-projektoerler-icin-montaj-aparatlari\/zemin-standi\/\">Zemin stand\u0131<\/a>, <a href=\"\/tr\/konferans-ve-av-medya-teknoloji%cc%87si%cc%87ni%cc%87n-dagitimi\/vi%cc%87deo-teknoloji%cc%87si%cc%87\/asansoer-si%cc%87stemleri%cc%87\/\">Asans\u00f6rler<\/a>, <a href=\"\/tr\/konferans-ve-av-medya-teknoloji%cc%87si%cc%87ni%cc%87n-dagitimi\/vi%cc%87deo-teknoloji%cc%87si%cc%87\/konut\/\">Dijital tabela \u00e7\u00f6z\u00fcmleri<\/a>dokunmatik ekranl\u0131 masalar veya komple <a href=\"\/tr\/konferans-ve-av-medya-teknoloji%cc%87si%cc%87ni%cc%87n-dagitimi\/vi%cc%87deo-teknoloji%cc%87si%cc%87\/ekranlar-ve-projektoerler-icin-montaj-aparatlari\/konferans-mobi%cc%87lyalari\/\">Konferans mobilyalar\u0131<\/a> video konferans sistemleri i\u00e7in.<\/p>\n<p>Cihaz\u0131n\u0131z i\u00e7in do\u011fru sistemi bulaca\u011f\u0131z. \u00dcreticiden ba\u011f\u0131ms\u0131z, neredeyse t\u00fcm boyutlar ve neredeyse t\u00fcm a\u011f\u0131rl\u0131klar i\u00e7in. Kiralama i\u015finin yan\u0131 s\u0131ra kal\u0131c\u0131 kurulumlar i\u00e7in de braketler sunuyoruz.<\/p>\n<p>Elbette, sistemlerimizin servis ekiplerimiz taraf\u0131ndan teslim edilmesini ve kurulmas\u0131n\u0131 da sa\u011flayabilirsiniz. Bizim <a href=\"\/tr\/konferans-teknolojisi-ve-medya-sistemlerinin-kurulumu-ve-entegrasyonu\/\">Kurulum departman\u0131<\/a> komple konferans salonlar\u0131n\u0131n planlama, kurulum ve deste\u011fini \u00fcstlenir.<\/p>\n<p>Bizimle ileti\u015fime ge\u00e7meniz yeterlidir, size tavsiyelerde bulunmaktan memnuniyet duyar\u0131z.<\/p>\n<p><a href=\"\/tr\/konferans-ve-av-medya-teknoloji%cc%87si%cc%87ni%cc%87n-dagitimi\/vi%cc%87deo-teknoloji%cc%87si%cc%87\/ekranlar-ve-projektoerler-icin-montaj-aparatlari\/\"><img fetchpriority=\"high\" decoding=\"async\" src=\"https:\/\/konferenztechnik.de\/wp-content\/uploads\/2013\/08\/videotechnik03.jpg\" alt=\"Ekranlar ve projekt\u00f6rler i\u00e7in montaj aparatlar\u0131\" width=\"288\" height=\"198\" class=\"alignnone size-full wp-image-1209\" title=\"\"><\/a><a href=\"\/tr\/konferans-ve-av-medya-teknoloji%cc%87si%cc%87ni%cc%87n-dagitimi\/vi%cc%87deo-teknoloji%cc%87si%cc%87\/ekranlar-ve-projektoerler-icin-montaj-aparatlari\/\"><br \/>\nParantezler<\/a><\/p>\n<p><a href=\"\/tr\/konferans-ve-av-medya-teknoloji%cc%87si%cc%87ni%cc%87n-dagitimi\/vi%cc%87deo-teknoloji%cc%87si%cc%87\/asansoer-si%cc%87stemleri%cc%87\/\"><img decoding=\"async\" src=\"https:\/\/konferenztechnik.de\/wp-content\/uploads\/2013\/08\/videotechnik04.jpg\" alt=\"I\u015f\u0131nlay\u0131c\u0131lar ve projekt\u00f6rler i\u00e7in asans\u00f6rler\" width=\"288\" height=\"198\" class=\"alignleft size-full wp-image-1210\" title=\"\"><\/a><a href=\"\/tr\/konferans-ve-av-medya-teknoloji%cc%87si%cc%87ni%cc%87n-dagitimi\/vi%cc%87deo-teknoloji%cc%87si%cc%87\/asansoer-si%cc%87stemleri%cc%87\/\"><br \/>\nAsans\u00f6r sistemleri<\/a><\/p>\n<p><a href=\"\/tr\/konferans-ve-av-medya-teknoloji%cc%87si%cc%87ni%cc%87n-dagitimi\/vi%cc%87deo-teknoloji%cc%87si%cc%87\/konut-2\/\"><img decoding=\"async\" src=\"https:\/\/konferenztechnik.de\/wp-content\/uploads\/2013\/08\/videotechnik05.jpg\" alt=\"Projekt\u00f6rler i\u00e7in muhafaza\" width=\"288\" height=\"198\" class=\"alignnone size-full wp-image-1211\" title=\"\"><\/a><a href=\"\/tr\/konferans-ve-av-medya-teknoloji%cc%87si%cc%87ni%cc%87n-dagitimi\/vi%cc%87deo-teknoloji%cc%87si%cc%87\/konut-2\/\"><br \/>\nG\u00f6vdeler<\/a><\/p>\n<div class=\"boxcontainer\">\n<div class=\"box1-2\">\n<h1>\u0130leti\u015fim kurulacak ki\u015fi<\/h1>\n<\/div>\n<div class=\"box1-2-order\">\n<h1>Di\u011fer ba\u011flant\u0131lar<\/h1>\n<\/div>\n<div class=\"box1-4\">\n<div class=\"box-head\">Da\u011f\u0131t\u0131m ve sat\u0131\u015f<\/div>\n<\/div>\n<div class=\"box2-4-2\" style=\"order:1;\">\n<div class=\"weiterlinks\">\n<ul>\n<a title=\"\u00dcr\u00fcn grubuna g\u00f6re da\u011f\u0131l\u0131m\" href=\"\/tr\/ueruen-gruplari\/\">\u00dcr\u00fcn grubuna g\u00f6re da\u011f\u0131l\u0131m<\/a><br \/>\n<a title=\"\u00dcreticiye g\u00f6re da\u011f\u0131l\u0131m\" href=\"\/tr\/ueretici\/\">\u00dcreticiye g\u00f6re da\u011f\u0131l\u0131m<\/a><br \/>\n<a title=\"\u00d6zelle\u015ftirilmi\u015f \u00fcr\u00fcnler, bak\u0131m ve onar\u0131mlar\" href=\"\/tr\/hizmetler-2\/bakim-ve-onarim\/\">\u00d6zelle\u015ftirilmi\u015f \u00fcr\u00fcnler, bak\u0131m ve onar\u0131mlar<\/a><br \/>\n<a title=\"PCS i\u00e7in 10 iyi neden\" href=\"\/tr\/hakkimizda-2\/pcler-icin-10-iyi-neden\/\">PCS i\u00e7in 10 iyi neden<\/a><br \/>\n<a title=\"Referanslar\" href=\"\/tr\/hakkimizda-2\/referans-li%cc%87stesi%cc%87-kurulumu\/\">Referanslar Kurulum ve entegrasyon<\/a><br \/>\n<a title=\"PCS: Bir bak\u0131\u015fta t\u00fcm hizmetler\" href=\"\/tr\/hizmetler-2\/\">PCS: Bir bak\u0131\u015fta t\u00fcm hizmetler<\/a><\/ul>\n<\/div>\n<\/div>\n<\/div>","protected":false},"excerpt":{"rendered":"<p>Display- und Projektorhalterungen Nach der Anschaffung eines Projektors oder Displays stellen Sie sich bestimmt eine der folgenden Fragen Wie und wo montiere ich das Ger\u00e4t? Wo verstaue ich es, wenn es nicht ben\u00f6tigt wird? Wie kann ich mein Ger\u00e4t vor Diebstahl oder Besch\u00e4digungen sch\u00fctzen? Wir bieten Ihnen flexible und professionelle L\u00f6sungen f\u00fcr die Montage Ihrer [&hellip;]<\/p>","protected":false},"author":1,"featured_media":45482,"parent":3614,"menu_order":104,"comment_status":"closed","ping_status":"open","template":"","meta":{"_acf_changed":false,"footnotes":""},"class_list":["post-3858","page","type-page","status-publish","has-post-thumbnail","hentry"],"acf":[],"_links":{"self":[{"href":"https:\/\/konferenztechnik.de\/tr\/wp-json\/wp\/v2\/pages\/3858","targetHints":{"allow":["GET"]}}],"collection":[{"href":"https:\/\/konferenztechnik.de\/tr\/wp-json\/wp\/v2\/pages"}],"about":[{"href":"https:\/\/konferenztechnik.de\/tr\/wp-json\/wp\/v2\/types\/page"}],"author":[{"embeddable":true,"href":"https:\/\/konferenztechnik.de\/tr\/wp-json\/wp\/v2\/users\/1"}],"replies":[{"embeddable":true,"href":"https:\/\/konferenztechnik.de\/tr\/wp-json\/wp\/v2\/comments?post=3858"}],"version-history":[{"count":0,"href":"https:\/\/konferenztechnik.de\/tr\/wp-json\/wp\/v2\/pages\/3858\/revisions"}],"up":[{"embeddable":true,"href":"https:\/\/konferenztechnik.de\/tr\/wp-json\/wp\/v2\/pages\/3614"}],"wp:featuredmedia":[{"embeddable":true,"href":"https:\/\/konferenztechnik.de\/tr\/wp-json\/wp\/v2\/media\/45482"}],"wp:attachment":[{"href":"https:\/\/konferenztechnik.de\/tr\/wp-json\/wp\/v2\/media?parent=3858"}],"curies":[{"name":"wp","href":"https:\/\/api.w.org\/{rel}","templated":true}]}}