{"id":5760,"date":"2015-06-24T14:06:19","date_gmt":"2015-06-24T13:06:19","guid":{"rendered":"https:\/\/konferenztechnik.de\/?page_id=5760"},"modified":"2023-09-01T13:06:15","modified_gmt":"2023-09-01T11:06:15","slug":"tercueman-kabini","status":"publish","type":"page","link":"https:\/\/konferenztechnik.de\/tr\/tercueman-kabini\/","title":{"rendered":"Terc\u00fcman kabini"},"content":{"rendered":"<h1>Kiralama ve sat\u0131\u015f i\u00e7in \u2013 terc\u00fcman kabinleri<\/h1>\n<p>[spacer size=\"30\u2033]<br \/>\n[rev_slider Terc\u00fcman kabini]<br \/>\n[spacer size=\"30\u2033]<br \/>\n[column size=\"1-2\u2033 last=\"0\u2033]<br \/>\nPCS'de yaln\u0131zca Audipack'in y\u00fcksek kaliteli, profesyonel ve bak\u0131ml\u0131 s\u00f6zl\u00fc \u00e7eviri kabinlerini al\u0131rs\u0131n\u0131z. Audipack Silent serisindeki kabinler, a\u015f\u0131r\u0131 esneklik ve hareket kabiliyetleri ile karakterize edilir.<\/p>\n<p>Kabinler en y\u00fcksek end\u00fcstriyel standartlar\u0131 kar\u015f\u0131lamakta ve hatta akustik yal\u0131t\u0131mlar\u0131yla ISO 4043 standard\u0131n\u0131n y\u00fcksek gereksinimlerini a\u015fmaktad\u0131r.<\/p>\n<p>S\u00f6zl\u00fc terc\u00fcme kabinleri mod\u00fcler bir tasar\u0131ma sahiptir ve teknisyenlerimiz taraf\u0131ndan kolayca monte edilip s\u00f6k\u00fclebilir.<br \/>\n[\/column]<\/p>\n<p>[column size=\"1-2\u2033 last=\"1\u2033]<\/p>\n<p>Terc\u00fcme kabini bir masa ve aktif havaland\u0131rma ile donat\u0131lm\u0131\u015ft\u0131r. Standart renk a\u00e7\u0131k gridir. Kabinler, mobil terc\u00fcmanl\u0131k kabinleri i\u00e7in ISO 4043 standard\u0131na uygun oldu\u011fundan, \u00f6zellikle Avrupa d\u00fczeyinde bir\u00e7ok ihalenin gerekliliklerini yerine getirmektedir.<\/p>\n<p>Kabinlerimiz standart olarak iki ki\u015fi i\u00e7in tasarlanm\u0131\u015ft\u0131r, ancak daha fazla ki\u015fiyi bar\u0131nd\u0131rmak i\u00e7in kolayca b\u00fcy\u00fct\u00fclebilir.<br \/>\n[\/column]<br \/>\n[spacer size=\"30\u2033]<br \/>\n[column size=\"1-2\u2033 last=\"0\u2033]<br \/>\n\u00d6nemli noktalar:<\/p>\n<p>[v_icon color=\"#a5186d\" size=\"18px\" target=\"_blank\" name=\"moon-checkmark-3\u2033] Kolay montaj ve demontaj, mobil kullan\u0131m<br \/>\n[v_icon color=\"#a5186d\" size=\"18px\" target=\"_blank\" name=\"moon-checkmark-3\u2033] ISO 4043 standard\u0131 ile uyumludur<br \/>\n[v_icon color=\"#a5186d\" size=\"18px\" target=\"_blank\" name=\"moon-checkmark-3\u2033] D\u00f6rt ki\u015fiye kadar geni\u015fletilebilir<br \/>\n[v_icon color=\"#a5186d\" size=\"18px\" target=\"_blank\" name=\"moon-checkmark-3\u2033] Aktif havaland\u0131rma<br \/>\n[\/column]<\/p>\n<p>[column size=\"1-2\u2033 last=\"1\u2033]<br \/>\n\u00d6zellikler:<\/p>\n<p>[v_icon color=\"#a5186d\" size=\"18px\" target=\"_blank\" name=\"moon-circle-small\"] Renk: A\u00e7\u0131k gri (yakla\u015f\u0131k olarak RAL 7042'ye kar\u015f\u0131l\u0131k gelir)<br \/>\n[v_icon color=\"#a5186d\" size=\"18px\" target=\"_blank\" name=\"moon-circle-small\"] D\u0131\u015f boyutlar: 1682 x 1682 x 2041 mm<br \/>\n[v_icon color=\"#a5186d\" size=\"18px\" target=\"_blank\" name=\"moon-circle-small\"] \u0130\u00e7 boyutlar: 1600 x 1600 x 2000 mm<br \/>\n[v_icon color=\"#a5186d\" size=\"18px\" target=\"_blank\" name=\"moon-circle-small\"] A\u011f\u0131rl\u0131k: yakla\u015f\u0131k 210 kg<br \/>\n[\/column]<\/p>\n<p>[spacer size=\"30\u2033]<\/p>\n<p>[temiz]<\/p>\n<h1>\u0130leti\u015fim kurulacak ki\u015fi<\/h1>\n<p>[spacer size=\"20\u2033]<\/p>\n<p>[column size=\"1-2\u2033 last=\"0\u2033]<br \/>\n[tabs style=\"2\u2033]<br \/>\n[tab title=\"Kiralama ve sat\u0131\u015f \"]<br \/>\n<img fetchpriority=\"high\" decoding=\"async\" width=\"800\" height=\"533\" src=\"https:\/\/konferenztechnik.de\/wp-content\/uploads\/2013\/09\/christian_becker_pcs-gmbh.jpg\" alt=\"christian_becker_pcs-gmbh\" class=\"alignleft size-full wp-image-2293\" title=\"\" srcset=\"https:\/\/konferenztechnik.de\/wp-content\/uploads\/2013\/09\/christian_becker_pcs-gmbh.jpg 800w, https:\/\/konferenztechnik.de\/wp-content\/uploads\/2013\/09\/christian_becker_pcs-gmbh-300x200.jpg 300w, https:\/\/konferenztechnik.de\/wp-content\/uploads\/2013\/09\/christian_becker_pcs-gmbh-768x512.jpg 768w\" sizes=\"(max-width: 800px) 100vw, 800px\" \/><br \/>\nChristian Becker<br \/>\nBat\u0131 Kiralama B\u00f6l\u00fcm M\u00fcd\u00fcr\u00fc<br \/>\nTelefon +49 211 737798 17<br \/>\ne-posta <a href=\"mailto:becker@konferenztechnik.de\">becker@konferenztechnik.de<\/a><br \/>\nQR kodu <a href=\"https:\/\/konferenztechnik.de\/wp-content\/uploads\/2013\/09\/christian_becker_qrcode.png\" title=\"QR kodu Christian Becker\">&#x9B; g\u00f6ster<\/a><br \/>\n[\/tab]<br \/>\n[\/tabs]<br \/>\n[\/column]<\/p>\n<p>[spacer size=\"30\u2033]<\/p>\n<div class=\"weiterlinks\">\n<h1>Di\u011fer ba\u011flant\u0131lar:<\/h1>\n<ul>\n<li>\u203a <a title=\"Referanslar\" href=\"\/tr\/hakkimizda-2\/referans-li%cc%87stesi%cc%87-etki%cc%87nli%cc%87gi%cc%87\/\">Referanslar Destek ve izin<\/a><\/li>\n<li>\u203a <a title=\"PCS i\u00e7in 10 iyi neden\" href=\"\/tr\/hakkimizda-2\/pcler-icin-10-iyi-neden\/\">PCS i\u00e7in 10 iyi neden<\/a><\/li>\n<li>\u203a <a title=\"\u00c7ok dilli etkinlikler i\u00e7in destek\" href=\"\/tr\/cok-dilli-etkinlikler-icin-destek\/\">\u00c7ok dilli etkinlikler i\u00e7in destek<\/a><\/li>\n<\/ul>\n<\/div>","protected":false},"excerpt":{"rendered":"<p>Dolmetscherkabinen &#8211; Vermietung und Verkauf [spacer size=&#8220;30&#8243;] [rev_slider Dolmetscherkabine] [spacer size=&#8220;30&#8243;] [column size=&#8220;1-2&#8243; last=&#8220;0&#8243;] Bei PCS erhalten Sie nur qualitativ hochwertige, pofessionelle und bestens gewartete Dolmetschkabinen der Firma Audipack. Die Kabinen der Audipack Silent Serie zeichnen sich durch \u00e4u\u00dferste Flexibilit\u00e4t und Mobilit\u00e4t aus. Die Kabinen entsprechen h\u00f6chsten industriellen Standards und \u00fcbertreffen mit ihrer akustischen D\u00e4mmung [&hellip;]<\/p>","protected":false},"author":1,"featured_media":45482,"parent":0,"menu_order":40,"comment_status":"closed","ping_status":"open","template":"","meta":{"_acf_changed":false,"footnotes":""},"class_list":["post-5760","page","type-page","status-publish","has-post-thumbnail","hentry"],"acf":[],"_links":{"self":[{"href":"https:\/\/konferenztechnik.de\/tr\/wp-json\/wp\/v2\/pages\/5760","targetHints":{"allow":["GET"]}}],"collection":[{"href":"https:\/\/konferenztechnik.de\/tr\/wp-json\/wp\/v2\/pages"}],"about":[{"href":"https:\/\/konferenztechnik.de\/tr\/wp-json\/wp\/v2\/types\/page"}],"author":[{"embeddable":true,"href":"https:\/\/konferenztechnik.de\/tr\/wp-json\/wp\/v2\/users\/1"}],"replies":[{"embeddable":true,"href":"https:\/\/konferenztechnik.de\/tr\/wp-json\/wp\/v2\/comments?post=5760"}],"version-history":[{"count":0,"href":"https:\/\/konferenztechnik.de\/tr\/wp-json\/wp\/v2\/pages\/5760\/revisions"}],"wp:featuredmedia":[{"embeddable":true,"href":"https:\/\/konferenztechnik.de\/tr\/wp-json\/wp\/v2\/media\/45482"}],"wp:attachment":[{"href":"https:\/\/konferenztechnik.de\/tr\/wp-json\/wp\/v2\/media?parent=5760"}],"curies":[{"name":"wp","href":"https:\/\/api.w.org\/{rel}","templated":true}]}}