{"id":6443,"date":"2016-04-07T15:41:05","date_gmt":"2016-04-07T14:41:05","guid":{"rendered":"https:\/\/konferenztechnik.de\/?page_id=6443"},"modified":"2023-09-01T12:08:03","modified_gmt":"2023-09-01T10:08:03","slug":"yaz-kablosu","status":"publish","type":"page","link":"https:\/\/konferenztechnik.de\/tr\/ueretici\/yaz-kablosu\/","title":{"rendered":"Yaz Kablosu"},"content":{"rendered":"<p>[column size=\"1-2\u2033 last=\"0\u2033]<\/p>\n<h1>Yaz Kablosu<\/h1>\n<p>[\/column]<br \/>\n[column size=\"1-2\u2033 last=\"1\u2033]<img decoding=\"async\" width=\"407\" height=\"74\" src=\"https:\/\/konferenztechnik.de\/wp-content\/uploads\/2016\/04\/logo-sommercable.jpg\" alt=\"Logo Sommercable\" class=\"alignright size-full wp-image-6445\" title=\"\" srcset=\"https:\/\/konferenztechnik.de\/wp-content\/uploads\/2016\/04\/logo-sommercable.jpg 407w, https:\/\/konferenztechnik.de\/wp-content\/uploads\/2016\/04\/logo-sommercable-300x55.jpg 300w\" sizes=\"(max-width: 407px) 100vw, 407px\" \/>[\/column]<\/p>\n<p>Sommer Cable, \u00f6zellikle ses, video, yay\u0131n, st\u00fcdyo ve medya teknolojisinde profesyonel kablo ve ba\u011flant\u0131 teknolojisi konusunda uzmanla\u015fm\u0131\u015ft\u0131r.<\/p>\n<p><img fetchpriority=\"high\" decoding=\"async\" width=\"933\" height=\"425\" src=\"https:\/\/konferenztechnik.de\/wp-content\/uploads\/2016\/04\/sommercable-pcs.jpg\" alt=\"PCS&#039;de Sommercable\" class=\"alignleft size-full wp-image-6450\" title=\"\" srcset=\"https:\/\/konferenztechnik.de\/wp-content\/uploads\/2016\/04\/sommercable-pcs.jpg 933w, https:\/\/konferenztechnik.de\/wp-content\/uploads\/2016\/04\/sommercable-pcs-300x137.jpg 300w, https:\/\/konferenztechnik.de\/wp-content\/uploads\/2016\/04\/sommercable-pcs-768x350.jpg 768w\" sizes=\"(max-width: 933px) 100vw, 933px\" \/><\/p>\n<p>Sommercable sadece her uygulama i\u00e7in m\u00fckemmel kabloyu sunmakla kalmaz, ayn\u0131 zamanda m\u00fckemmel hizmet, h\u0131zl\u0131 teslimat s\u00fcreleri ve bireysel talepler i\u00e7in \u00e7\u00f6z\u00fcmler sunar. Sommercable'dan ayr\u0131ca aktif bile\u015fenler, ba\u011flant\u0131 panelleri, adapt\u00f6rler ve sabit kurulumlar i\u00e7in bir\u00e7ok sorun \u00e7\u00f6z\u00fcc\u00fc tedarik ediyoruz.<\/p>\n<p>[column size=\"1-3\u2033 last=\"0\u2033]<\/p>\n<h2>Kablolar<\/h2>\n<p>Metre ile ses<br \/>\nMetre baz\u0131nda enstr\u00fcman<br \/>\nMetre ba\u015f\u0131na hoparl\u00f6r<br \/>\nMetre ba\u015f\u0131na video<br \/>\nMetre baz\u0131nda fiber\/LAN\/CAT<br \/>\nMetre e\u015fya g\u00fc\u00e7\/kontrol<br \/>\nMetre baz\u0131nda hibrit\/kombinasyon<br \/>\nSes\/hoparl\u00f6r kablosu<br \/>\nBNC\/video kablosu<br \/>\nBilgisayar\/medya kablosu<br \/>\nHiFi &amp; Ev<br \/>\nEnstr\u00fcman kablosu<br \/>\nY\u00fck\/g\u00fc\u00e7 kablosu<br \/>\n\u00c7ok kanall\u0131\/multicore<br \/>\nMikrofon kablosu<br \/>\nPatch\/adapt\u00f6r kablosu<br \/>\nSt\u00fcdyo Tezgahlar\u0131<br \/>\nDi\u011fer<br \/>\n[\/column]<\/p>\n<p>[column size=\"1-3\u2033 last=\"0\u2033]<\/p>\n<h2>Fi\u015f konekt\u00f6r\u00fc<\/h2>\n<p>Adapt\u00f6r<br \/>\nBNC\/koaksiyel<br \/>\nCinch (RCA)<br \/>\nHiFi<br \/>\nJack\/Jack<br \/>\nY\u00fck\/G\u00fc\u00e7<br \/>\n\u00c7ok kanall\u0131\/multipin<br \/>\nRJ45\/CAT\/F\u0130BER<br \/>\nKonu\u015fmac\u0131<br \/>\nXLR<br \/>\nDi\u011fer<br \/>\nAksesuarlar<br \/>\n[\/column]<\/p>\n<p>[column size=\"1-3\u2033 last=\"1\u2033]<\/p>\n<h2>Da\u011f\u0131t\u0131m sistemleri<\/h2>\n<p>Ba\u011flant\u0131 panelleri 19\u2033<br \/>\nSabit kurulum<br \/>\nY\u00fck\/G\u00fc\u00e7<br \/>\nMultimedya\/Fiber\/Hibrit<br \/>\nKonu\u015fmac\u0131<br \/>\nSahne kutular\u0131<br \/>\nStagereels<br \/>\nSahne \u00e7oklu \u00e7ekirdekleri<br \/>\nSYSBOXX muhafaza sistemi<br \/>\nSYSBOARD duvar kutusu<br \/>\nSYSDESK masa \u00fcst\u00fc tank\u0131<br \/>\nSYSFLOOR zemin tank\u0131 \u00e7er\u00e7evesi<br \/>\nSYSPANEL 1U kurulum sistemi<br \/>\nSYSWALL duvar mod\u00fcl\u00fc sistemi<br \/>\nAksesuarlar<br \/>\n[\/column]<\/p>\n<p>[button link=\"https:\/\/konferenztechnik.de\/hersteller\/\" target=\"self\" icon=\"moon-arrow-left-9\u2033 color=\"#a62055\u2033 text=\"light\"]Geri[\/button]<\/p>","protected":false},"excerpt":{"rendered":"<p>[column size=&#8220;1-2&#8243; last=&#8220;0&#8243;] Sommer Cable [\/column] [column size=&#8220;1-2&#8243; last=&#8220;1&#8243;][\/column] Sommercable ist der Spezialist f\u00fcr professionelle Kabel- und Anschlusstechnik, insbesondere in Sachen Audio, Video, Broadcast, Studio- und Medientechnik. Sommercable bietet nicht nur f\u00fcr jeden Anwendungsfall das perfekte Kabel, sondern auch perfekten Service, schnelle Lieferzeiten und L\u00f6sungen f\u00fcr individuelle Anfragen. Wir beziehen bei Sommercable au\u00dferdem aktive Komponenten, [&hellip;]<\/p>","protected":false},"author":1,"featured_media":45482,"parent":6152,"menu_order":41,"comment_status":"closed","ping_status":"closed","template":"","meta":{"_acf_changed":false,"footnotes":""},"class_list":["post-6443","page","type-page","status-publish","has-post-thumbnail","hentry"],"acf":[],"_links":{"self":[{"href":"https:\/\/konferenztechnik.de\/tr\/wp-json\/wp\/v2\/pages\/6443","targetHints":{"allow":["GET"]}}],"collection":[{"href":"https:\/\/konferenztechnik.de\/tr\/wp-json\/wp\/v2\/pages"}],"about":[{"href":"https:\/\/konferenztechnik.de\/tr\/wp-json\/wp\/v2\/types\/page"}],"author":[{"embeddable":true,"href":"https:\/\/konferenztechnik.de\/tr\/wp-json\/wp\/v2\/users\/1"}],"replies":[{"embeddable":true,"href":"https:\/\/konferenztechnik.de\/tr\/wp-json\/wp\/v2\/comments?post=6443"}],"version-history":[{"count":0,"href":"https:\/\/konferenztechnik.de\/tr\/wp-json\/wp\/v2\/pages\/6443\/revisions"}],"up":[{"embeddable":true,"href":"https:\/\/konferenztechnik.de\/tr\/wp-json\/wp\/v2\/pages\/6152"}],"wp:featuredmedia":[{"embeddable":true,"href":"https:\/\/konferenztechnik.de\/tr\/wp-json\/wp\/v2\/media\/45482"}],"wp:attachment":[{"href":"https:\/\/konferenztechnik.de\/tr\/wp-json\/wp\/v2\/media?parent=6443"}],"curies":[{"name":"wp","href":"https:\/\/api.w.org\/{rel}","templated":true}]}}