{"id":9763,"date":"2017-04-06T12:54:52","date_gmt":"2017-04-06T11:54:52","guid":{"rendered":"https:\/\/www.konferenztechnik.de\/?page_id=9763\/"},"modified":"2023-06-14T13:31:09","modified_gmt":"2023-06-14T11:31:09","slug":"konferans-ekipmani-kiralama","status":"publish","type":"page","link":"https:\/\/konferenztechnik.de\/tr\/konferans-ekipmani-kiralama\/","title":{"rendered":"Konferans teknolojisi kiralama \u2013 H\u0131zl\u0131 teklifler, y\u00fcksek kullan\u0131labilirlik"},"content":{"rendered":"<div data-elementor-type=\"wp-page\" data-elementor-id=\"9763\" class=\"elementor elementor-9763\" data-elementor-post-type=\"page\">\n\t\t\t\t<div data-particle_enable=\"false\" data-particle-mobile-disabled=\"false\" class=\"elementor-element elementor-element-7297c7e3 e-flex e-con-boxed e-con e-parent\" data-id=\"7297c7e3\" data-element_type=\"container\">\n\t\t\t\t\t<div class=\"e-con-inner\">\n\t\t\t\t<div class=\"elementor-element elementor-element-63ccc8fb elementor-widget elementor-widget-heading\" data-id=\"63ccc8fb\" data-element_type=\"widget\" data-settings=\"{&quot;_animation&quot;:&quot;none&quot;}\" data-widget_type=\"heading.default\">\n\t\t\t\t<div class=\"elementor-widget-container\">\n\t\t\t\t\t<h1 class=\"elementor-heading-title elementor-size-default\">Konferans teknolojisi kiralama \u2013 PCS'de h\u0131zl\u0131 fiyat teklifleri, en son teknoloji ve uzman hizmet al\u0131rs\u0131n\u0131z<\/h1>\t\t\t\t<\/div>\n\t\t\t\t<\/div>\n\t\t\t\t<div class=\"elementor-element elementor-element-5c3396e elementor-widget elementor-widget-shortcode\" data-id=\"5c3396e\" data-element_type=\"widget\" data-widget_type=\"shortcode.default\">\n\t\t\t\t<div class=\"elementor-widget-container\">\n\t\t\t\t\t\t\t<div class=\"elementor-shortcode\">\t\t<div data-elementor-type=\"container\" data-elementor-id=\"30792\" class=\"elementor elementor-30792\" data-elementor-post-type=\"elementor_library\">\n\t\t\t\t<div data-particle_enable=\"false\" data-particle-mobile-disabled=\"false\" class=\"elementor-element elementor-element-7cbf976e e-con-full e-flex e-con e-parent\" data-id=\"7cbf976e\" data-element_type=\"container\">\n\t\t<div data-particle_enable=\"false\" data-particle-mobile-disabled=\"false\" class=\"elementor-element elementor-element-166ffdd6 e-flex e-con-boxed e-con e-parent\" data-id=\"166ffdd6\" data-element_type=\"container\">\n\t\t\t\t\t<div class=\"e-con-inner\">\n\t\t\t\t<div class=\"elementor-element elementor-element-549decf5 elementor-grid-4 elementor-grid-tablet-2 elementor-grid-mobile-1 elementor-posts--thumbnail-top elementor-widget elementor-widget-posts\" data-id=\"549decf5\" data-element_type=\"widget\" data-settings=\"{&quot;classic_columns&quot;:&quot;4&quot;,&quot;classic_columns_tablet&quot;:&quot;2&quot;,&quot;classic_columns_mobile&quot;:&quot;1&quot;,&quot;classic_row_gap&quot;:{&quot;unit&quot;:&quot;px&quot;,&quot;size&quot;:35,&quot;sizes&quot;:[]},&quot;classic_row_gap_widescreen&quot;:{&quot;unit&quot;:&quot;px&quot;,&quot;size&quot;:&quot;&quot;,&quot;sizes&quot;:[]},&quot;classic_row_gap_laptop&quot;:{&quot;unit&quot;:&quot;px&quot;,&quot;size&quot;:&quot;&quot;,&quot;sizes&quot;:[]},&quot;classic_row_gap_tablet_extra&quot;:{&quot;unit&quot;:&quot;px&quot;,&quot;size&quot;:&quot;&quot;,&quot;sizes&quot;:[]},&quot;classic_row_gap_tablet&quot;:{&quot;unit&quot;:&quot;px&quot;,&quot;size&quot;:&quot;&quot;,&quot;sizes&quot;:[]},&quot;classic_row_gap_mobile&quot;:{&quot;unit&quot;:&quot;px&quot;,&quot;size&quot;:&quot;&quot;,&quot;sizes&quot;:[]}}\" data-widget_type=\"posts.classic\">\n\t\t\t\t<div class=\"elementor-widget-container\">\n\t\t\t\t\t\t\t<div class=\"elementor-posts-container elementor-posts elementor-posts--skin-classic elementor-grid\" role=\"list\">\n\t\t\t\t<article class=\"elementor-post elementor-grid-item post-24659 post type-post status-publish format-standard has-post-thumbnail hentry category-produkte category-digital-und-hybrid category-events category-populaer tag-dolmetscherhub tag-dolmetscherstudio tag-dolmetschhub tag-dolmetschstudio\" role=\"listitem\">\n\t\t\t\t<a class=\"elementor-post__thumbnail__link\" href=\"https:\/\/konferenztechnik.de\/tr\/soezlue-ceviri-merkezleri-ve-soezlue-ceviri-stuedyolari\/\" tabindex=\"-1\">\n\t\t\t<div class=\"elementor-post__thumbnail\"><img fetchpriority=\"high\" decoding=\"async\" width=\"300\" height=\"198\" src=\"https:\/\/konferenztechnik.de\/wp-content\/uploads\/2023\/04\/dolmetschhubs-300x198.jpg\" class=\"attachment-medium size-medium wp-image-24663\" alt=\"Terc\u00fcmanlar\u0131n b\u00fcy\u00fck bir monit\u00f6rden konu\u015fmac\u0131y\u0131 takip etti\u011fi ve ses ge\u00e7irmez kabinlerinde \u00e7e\u015fitli dillere \u00e7eviri yapt\u0131\u011f\u0131 bir terc\u00fcme st\u00fcdyosunun g\u00f6r\u00fcn\u00fcm\u00fc\" title=\"\" srcset=\"https:\/\/konferenztechnik.de\/wp-content\/uploads\/2023\/04\/dolmetschhubs-300x198.jpg 300w, https:\/\/konferenztechnik.de\/wp-content\/uploads\/2023\/04\/dolmetschhubs-18x12.jpg 18w, https:\/\/konferenztechnik.de\/wp-content\/uploads\/2023\/04\/dolmetschhubs.jpg 399w\" sizes=\"(max-width: 300px) 100vw, 300px\" \/><\/div>\n\t\t<\/a>\n\t\t\t\t<div class=\"elementor-post__text\">\n\t\t\t\t<h3 class=\"elementor-post__title\">\n\t\t\t<a href=\"https:\/\/konferenztechnik.de\/tr\/soezlue-ceviri-merkezleri-ve-soezlue-ceviri-stuedyolari\/\">\n\t\t\t\tS\u00f6zl\u00fc \u00e7eviri merkezleri ve s\u00f6zl\u00fc \u00e7eviri st\u00fcdyolar\u0131\t\t\t<\/a>\n\t\t<\/h3>\n\t\t\t\t<div class=\"elementor-post__excerpt\">\n\t\t\t<p>Uzaktan s\u00f6zl\u00fc \u00e7eviri, video konferanslar i\u00e7in s\u00f6zl\u00fc \u00e7eviri, yay\u0131n ak\u0131\u015f\u0131 ve yerinde toplant\u0131lar i\u00e7in profesyonel merkezlerimiz<\/p>\n\t\t<\/div>\n\t\t\t\t\t<div class=\"elementor-post__read-more-wrapper\">\n\t\t\n\t\t<a class=\"elementor-post__read-more\" href=\"https:\/\/konferenztechnik.de\/tr\/soezlue-ceviri-merkezleri-ve-soezlue-ceviri-stuedyolari\/\" aria-label=\"S\u00f6zl\u00fc \u00e7eviri merkezleri ve s\u00f6zl\u00fc \u00e7eviri st\u00fcdyolar\u0131 hakk\u0131nda devam\u0131n\u0131 oku\" tabindex=\"-1\">\n\t\t\tDevam\u0131n\u0131 oku \u00bb\t\t<\/a>\n\n\t\t\t\t\t<\/div>\n\t\t\t\t<\/div>\n\t\t\t\t<\/article>\n\t\t\t\t<article class=\"elementor-post elementor-grid-item post-24480 post type-post status-publish format-standard has-post-thumbnail hentry category-produkte category-events category-populaer\" role=\"listitem\">\n\t\t\t\t<a class=\"elementor-post__thumbnail__link\" href=\"https:\/\/konferenztechnik.de\/tr\/ki%cc%87si%cc%87sel-yoenlendi%cc%87rme-si%cc%87stemleri%cc%87-ki%cc%87rala-satin-al-kur\/\" tabindex=\"-1\">\n\t\t\t<div class=\"elementor-post__thumbnail\"><img decoding=\"async\" width=\"300\" height=\"200\" src=\"https:\/\/konferenztechnik.de\/wp-content\/uploads\/2023\/07\/personenfuehrungsanlage-mieten-kaufen-300x200.webp\" class=\"attachment-medium size-medium wp-image-41906\" alt=\"Bir adam mikrofona konu\u015fuyor, seyirci tur s\u0131ras\u0131nda tur rehberi sistemi ile dinliyor. PCS&#039;den tur rehberi sistemleri kiralay\u0131n, sat\u0131n al\u0131n veya kiralay\u0131n.\" title=\"\" srcset=\"https:\/\/konferenztechnik.de\/wp-content\/uploads\/2023\/07\/personenfuehrungsanlage-mieten-kaufen-300x200.webp 300w, https:\/\/konferenztechnik.de\/wp-content\/uploads\/2023\/07\/personenfuehrungsanlage-mieten-kaufen-18x12.webp 18w, https:\/\/konferenztechnik.de\/wp-content\/uploads\/2023\/07\/personenfuehrungsanlage-mieten-kaufen-jpg.webp 424w\" sizes=\"(max-width: 300px) 100vw, 300px\" \/><\/div>\n\t\t<\/a>\n\t\t\t\t<div class=\"elementor-post__text\">\n\t\t\t\t<h3 class=\"elementor-post__title\">\n\t\t\t<a href=\"https:\/\/konferenztechnik.de\/tr\/ki%cc%87si%cc%87sel-yoenlendi%cc%87rme-si%cc%87stemleri%cc%87-ki%cc%87rala-satin-al-kur\/\">\n\t\t\t\tYolcu y\u00f6nlendirme sistemleri\t\t\t<\/a>\n\t\t<\/h3>\n\t\t\t\t<div class=\"elementor-post__excerpt\">\n\t\t\t<p>Tur rehberi sistemleri, rehber sistemleri, f\u0131s\u0131lt\u0131 sistemleri veya PFA'lar, kulakl\u0131klar, mikrofonlar, \u015farj \u00fcniteleri, ta\u015f\u0131ma \u00e7antalar\u0131, aksesuarlar<\/p>\n\t\t<\/div>\n\t\t\t\t\t<div class=\"elementor-post__read-more-wrapper\">\n\t\t\n\t\t<a class=\"elementor-post__read-more\" href=\"https:\/\/konferenztechnik.de\/tr\/ki%cc%87si%cc%87sel-yoenlendi%cc%87rme-si%cc%87stemleri%cc%87-ki%cc%87rala-satin-al-kur\/\" aria-label=\"Ki\u015fisel y\u00f6nlendirme sistemleri hakk\u0131nda devam\u0131n\u0131 oku\" tabindex=\"-1\">\n\t\t\tDevam\u0131n\u0131 oku \u00bb\t\t<\/a>\n\n\t\t\t\t\t<\/div>\n\t\t\t\t<\/div>\n\t\t\t\t<\/article>\n\t\t\t\t<article class=\"elementor-post elementor-grid-item post-24541 post type-post status-publish format-standard has-post-thumbnail hentry category-produkte category-digital-und-hybrid category-events category-populaer\" role=\"listitem\">\n\t\t\t\t<a class=\"elementor-post__thumbnail__link\" href=\"https:\/\/konferenztechnik.de\/tr\/soezlue-ceviri-sistemleri-ve-soezlue-ceviri-teknolojisi-kiralama-satin-alma-kurulum\/\" tabindex=\"-1\">\n\t\t\t<div class=\"elementor-post__thumbnail\"><img decoding=\"async\" width=\"300\" height=\"199\" src=\"https:\/\/konferenztechnik.de\/wp-content\/uploads\/2023\/05\/simultantechnik-dolmetscheranlagen-mieten-kaufen-leasen-300x199.webp\" class=\"attachment-medium size-medium wp-image-42814\" alt=\"\" title=\"\" srcset=\"https:\/\/konferenztechnik.de\/wp-content\/uploads\/2023\/05\/simultantechnik-dolmetscheranlagen-mieten-kaufen-leasen-300x199.webp 300w, https:\/\/konferenztechnik.de\/wp-content\/uploads\/2023\/05\/simultantechnik-dolmetscheranlagen-mieten-kaufen-leasen-18x12.webp 18w, https:\/\/konferenztechnik.de\/wp-content\/uploads\/2023\/05\/simultantechnik-dolmetscheranlagen-mieten-kaufen-leasen-jpg.webp 480w\" sizes=\"(max-width: 300px) 100vw, 300px\" \/><\/div>\n\t\t<\/a>\n\t\t\t\t<div class=\"elementor-post__text\">\n\t\t\t\t<h3 class=\"elementor-post__title\">\n\t\t\t<a href=\"https:\/\/konferenztechnik.de\/tr\/soezlue-ceviri-sistemleri-ve-soezlue-ceviri-teknolojisi-kiralama-satin-alma-kurulum\/\">\n\t\t\t\tS\u00f6zl\u00fc \u00e7eviri sistemleri ve s\u00f6zl\u00fc \u00e7eviri teknolojisi\t\t\t<\/a>\n\t\t<\/h3>\n\t\t\t\t<div class=\"elementor-post__excerpt\">\n\t\t\t<p>Terc\u00fcme kabinleri ile kablosuz terc\u00fcme sistemleri ve terc\u00fcme kabinleri ile tart\u0131\u015fma sistemleri<\/p>\n\t\t<\/div>\n\t\t\t\t\t<div class=\"elementor-post__read-more-wrapper\">\n\t\t\n\t\t<a class=\"elementor-post__read-more\" href=\"https:\/\/konferenztechnik.de\/tr\/soezlue-ceviri-sistemleri-ve-soezlue-ceviri-teknolojisi-kiralama-satin-alma-kurulum\/\" aria-label=\"S\u00f6zl\u00fc \u00e7eviri sistemleri ve s\u00f6zl\u00fc \u00e7eviri teknolojisi hakk\u0131nda devam\u0131n\u0131 oku\" tabindex=\"-1\">\n\t\t\tDevam\u0131n\u0131 oku \u00bb\t\t<\/a>\n\n\t\t\t\t\t<\/div>\n\t\t\t\t<\/div>\n\t\t\t\t<\/article>\n\t\t\t\t<article class=\"elementor-post elementor-grid-item post-21635 post type-post status-publish format-standard has-post-thumbnail hentry category-digital-und-hybrid category-events category-installation category-populaer\" role=\"listitem\">\n\t\t\t\t<a class=\"elementor-post__thumbnail__link\" href=\"https:\/\/konferenztechnik.de\/tr\/ptz-kameralar\/\" tabindex=\"-1\">\n\t\t\t<div class=\"elementor-post__thumbnail\"><img loading=\"lazy\" decoding=\"async\" width=\"300\" height=\"198\" src=\"https:\/\/konferenztechnik.de\/wp-content\/uploads\/2023\/03\/ptz-kameras-300x198.jpg\" class=\"attachment-medium size-medium wp-image-21637\" alt=\"\" title=\"\" srcset=\"https:\/\/konferenztechnik.de\/wp-content\/uploads\/2023\/03\/ptz-kameras-300x198.jpg 300w, https:\/\/konferenztechnik.de\/wp-content\/uploads\/2023\/03\/ptz-kameras-18x12.jpg 18w, https:\/\/konferenztechnik.de\/wp-content\/uploads\/2023\/03\/ptz-kameras.jpg 399w\" sizes=\"(max-width: 300px) 100vw, 300px\" \/><\/div>\n\t\t<\/a>\n\t\t\t\t<div class=\"elementor-post__text\">\n\t\t\t\t<h3 class=\"elementor-post__title\">\n\t\t\t<a href=\"https:\/\/konferenztechnik.de\/tr\/ptz-kameralar\/\">\n\t\t\t\tPTZ kameralar\t\t\t<\/a>\n\t\t<\/h3>\n\t\t\t\t<div class=\"elementor-post__excerpt\">\n\t\t\t<p>PTZ kameralar (genellikle DOME kameralar olarak da bilinir) bir konu\u015fma s\u0131ras\u0131nda otomatik olarak kat\u0131l\u0131mc\u0131lara odaklan\u0131r.<\/p>\n\t\t<\/div>\n\t\t\t\t\t<div class=\"elementor-post__read-more-wrapper\">\n\t\t\n\t\t<a class=\"elementor-post__read-more\" href=\"https:\/\/konferenztechnik.de\/tr\/ptz-kameralar\/\" aria-label=\"PTZ kameralar hakk\u0131nda daha fazla bilgi edinin\" tabindex=\"-1\">\n\t\t\tDevam\u0131n\u0131 oku \u00bb\t\t<\/a>\n\n\t\t\t\t\t<\/div>\n\t\t\t\t<\/div>\n\t\t\t\t<\/article>\n\t\t\t\t<article class=\"elementor-post elementor-grid-item post-21411 post type-post status-publish format-standard has-post-thumbnail hentry category-digital-und-hybrid category-events category-populaer\" role=\"listitem\">\n\t\t\t\t<a class=\"elementor-post__thumbnail__link\" href=\"https:\/\/konferenztechnik.de\/tr\/microsoft-eki%cc%87pleri%cc%87yle-konferanslar\/\" tabindex=\"-1\">\n\t\t\t<div class=\"elementor-post__thumbnail\"><img loading=\"lazy\" decoding=\"async\" width=\"300\" height=\"198\" src=\"https:\/\/konferenztechnik.de\/wp-content\/uploads\/2023\/03\/konferenzen-ms-teams-300x198.jpg\" class=\"attachment-medium size-medium wp-image-21474\" alt=\"\" title=\"\" srcset=\"https:\/\/konferenztechnik.de\/wp-content\/uploads\/2023\/03\/konferenzen-ms-teams-300x198.jpg 300w, https:\/\/konferenztechnik.de\/wp-content\/uploads\/2023\/03\/konferenzen-ms-teams-18x12.jpg 18w, https:\/\/konferenztechnik.de\/wp-content\/uploads\/2023\/03\/konferenzen-ms-teams.jpg 399w\" sizes=\"(max-width: 300px) 100vw, 300px\" \/><\/div>\n\t\t<\/a>\n\t\t\t\t<div class=\"elementor-post__text\">\n\t\t\t\t<h3 class=\"elementor-post__title\">\n\t\t\t<a href=\"https:\/\/konferenztechnik.de\/tr\/microsoft-eki%cc%87pleri%cc%87yle-konferanslar\/\">\n\t\t\t\tMicrosoft Teams ile Konferanslar\t\t\t<\/a>\n\t\t<\/h3>\n\t\t\t\t<div class=\"elementor-post__excerpt\">\n\t\t\t<p>MS Teams art\u0131k \u00e7ok dilli ve \"simultane terc\u00fcme\" i\u015flevine de sahip<\/p>\n\t\t<\/div>\n\t\t\t\t\t<div class=\"elementor-post__read-more-wrapper\">\n\t\t\n\t\t<a class=\"elementor-post__read-more\" href=\"https:\/\/konferenztechnik.de\/tr\/microsoft-eki%cc%87pleri%cc%87yle-konferanslar\/\" aria-label=\"Microsoft Teams ile Konferans hakk\u0131nda daha fazla bilgi edinin\" tabindex=\"-1\">\n\t\t\tDevam\u0131n\u0131 oku \u00bb\t\t<\/a>\n\n\t\t\t\t\t<\/div>\n\t\t\t\t<\/div>\n\t\t\t\t<\/article>\n\t\t\t\t<article class=\"elementor-post elementor-grid-item post-26634 post type-post status-publish format-standard has-post-thumbnail hentry category-produkte category-events category-populaer\" role=\"listitem\">\n\t\t\t\t<a class=\"elementor-post__thumbnail__link\" href=\"https:\/\/konferenztechnik.de\/tr\/av-ses-ve-goeruentue-eki%cc%87pmani-ki%cc%87ralama-satin-alma-kurulum-ki%cc%87ralama\/\" tabindex=\"-1\">\n\t\t\t<div class=\"elementor-post__thumbnail\"><img loading=\"lazy\" decoding=\"async\" width=\"300\" height=\"180\" src=\"https:\/\/konferenztechnik.de\/wp-content\/uploads\/2023\/03\/audio-und-videotechnik-mieten-kaufen-installieren-300x180.avif\" class=\"attachment-medium size-medium wp-image-47449\" alt=\"ses-video-teknolojisi-kirala-sat\u0131n al-kur\" title=\"\" srcset=\"https:\/\/konferenztechnik.de\/wp-content\/uploads\/2023\/03\/audio-und-videotechnik-mieten-kaufen-installieren-300x180.avif 300w, https:\/\/konferenztechnik.de\/wp-content\/uploads\/2023\/03\/audio-und-videotechnik-mieten-kaufen-installieren-1024x614.avif 1024w, https:\/\/konferenztechnik.de\/wp-content\/uploads\/2023\/03\/audio-und-videotechnik-mieten-kaufen-installieren-768x461.avif 768w, https:\/\/konferenztechnik.de\/wp-content\/uploads\/2023\/03\/audio-und-videotechnik-mieten-kaufen-installieren-18x12.avif 18w, https:\/\/konferenztechnik.de\/wp-content\/uploads\/2023\/03\/audio-und-videotechnik-mieten-kaufen-installieren.avif 1400w\" sizes=\"(max-width: 300px) 100vw, 300px\" \/><\/div>\n\t\t<\/a>\n\t\t\t\t<div class=\"elementor-post__text\">\n\t\t\t\t<h3 class=\"elementor-post__title\">\n\t\t\t<a href=\"https:\/\/konferenztechnik.de\/tr\/av-ses-ve-goeruentue-eki%cc%87pmani-ki%cc%87ralama-satin-alma-kurulum-ki%cc%87ralama\/\">\n\t\t\t\tAV: Ses ve video teknolojisi\t\t\t<\/a>\n\t\t<\/h3>\n\t\t\t\t<div class=\"elementor-post__excerpt\">\n\t\t\t<p>Mikrofonlar, genel seslendirme teknolojisi, k\u00fcrs\u00fcler, telefon hibritleri, bas\u0131n da\u011f\u0131t\u0131c\u0131lar\u0131, steno kay\u0131t yaz\u0131l\u0131m\u0131...<\/p>\n\t\t<\/div>\n\t\t\t\t\t<div class=\"elementor-post__read-more-wrapper\">\n\t\t\n\t\t<a class=\"elementor-post__read-more\" href=\"https:\/\/konferenztechnik.de\/tr\/av-ses-ve-goeruentue-eki%cc%87pmani-ki%cc%87ralama-satin-alma-kurulum-ki%cc%87ralama\/\" aria-label=\"AV hakk\u0131nda daha fazlas\u0131n\u0131 okuyun: Ses ve g\u00f6r\u00fcnt\u00fc teknolojisi\" tabindex=\"-1\">\n\t\t\tDevam\u0131n\u0131 oku \u00bb\t\t<\/a>\n\n\t\t\t\t\t<\/div>\n\t\t\t\t<\/div>\n\t\t\t\t<\/article>\n\t\t\t\t<article class=\"elementor-post elementor-grid-item post-21559 post type-post status-publish format-standard has-post-thumbnail hentry category-news\" role=\"listitem\">\n\t\t\t\t<a class=\"elementor-post__thumbnail__link\" href=\"https:\/\/konferenztechnik.de\/tr\/televi%cc%87zyon-tercuemanligi-ve-konferans-teknoloji%cc%87si%cc%87\/\" tabindex=\"-1\">\n\t\t\t<div class=\"elementor-post__thumbnail\"><img loading=\"lazy\" decoding=\"async\" width=\"300\" height=\"198\" src=\"https:\/\/konferenztechnik.de\/wp-content\/uploads\/2023\/03\/konferenztechnik-televic-300x198.jpg\" class=\"attachment-medium size-medium wp-image-21565\" alt=\"\" title=\"\" srcset=\"https:\/\/konferenztechnik.de\/wp-content\/uploads\/2023\/03\/konferenztechnik-televic-300x198.jpg 300w, https:\/\/konferenztechnik.de\/wp-content\/uploads\/2023\/03\/konferenztechnik-televic-18x12.jpg 18w, https:\/\/konferenztechnik.de\/wp-content\/uploads\/2023\/03\/konferenztechnik-televic.jpg 399w\" sizes=\"(max-width: 300px) 100vw, 300px\" \/><\/div>\n\t\t<\/a>\n\t\t\t\t<div class=\"elementor-post__text\">\n\t\t\t\t<h3 class=\"elementor-post__title\">\n\t\t\t<a href=\"https:\/\/konferenztechnik.de\/tr\/televi%cc%87zyon-tercuemanligi-ve-konferans-teknoloji%cc%87si%cc%87\/\">\n\t\t\t\tTelevic \u2013 S\u00f6zl\u00fc \u00e7eviri ve konferans teknolojisi\t\t\t<\/a>\n\t\t<\/h3>\n\t\t\t\t<div class=\"elementor-post__excerpt\">\n\t\t\t<p>Televic \u2013 S\u00f6zl\u00fc \u00e7eviri ve konferans teknolojisi Yay\u0131nlanma tarihi: 23.01.2023 Televic \u2013 Eksiksiz s\u00f6zl\u00fc \u00e7eviri ve konferans \u00e7\u00f6z\u00fcmleri yelpazesine sahip yenilik\u00e7i bir \u00fcretici Yat\u0131r\u0131m yap\u0131yoruz<\/p>\n\t\t<\/div>\n\t\t\t\t\t<div class=\"elementor-post__read-more-wrapper\">\n\t\t\n\t\t<a class=\"elementor-post__read-more\" href=\"https:\/\/konferenztechnik.de\/tr\/televi%cc%87zyon-tercuemanligi-ve-konferans-teknoloji%cc%87si%cc%87\/\" aria-label=\"Televic \u2013 s\u00f6zl\u00fc \u00e7eviri ve konferans teknolojisi hakk\u0131nda daha fazla bilgi edinin\" tabindex=\"-1\">\n\t\t\tDevam\u0131n\u0131 oku \u00bb\t\t<\/a>\n\n\t\t\t\t\t<\/div>\n\t\t\t\t<\/div>\n\t\t\t\t<\/article>\n\t\t\t\t<\/div>\n\t\t\n\t\t\t\t\t\t<\/div>\n\t\t\t\t<\/div>\n\t\t\t\t\t<\/div>\n\t\t\t\t<\/div>\n\t\t\t\t<\/div>\n\t\t\t\t<\/div>\n\t\t<\/div>\n\t\t\t\t\t\t<\/div>\n\t\t\t\t<\/div>\n\t\t<div data-particle_enable=\"false\" data-particle-mobile-disabled=\"false\" class=\"elementor-element elementor-element-6af370f e-con-full e-flex e-con e-parent\" data-id=\"6af370f\" data-element_type=\"container\">\n\t\t<div data-particle_enable=\"false\" data-particle-mobile-disabled=\"false\" class=\"elementor-element elementor-element-b1e1d3b e-flex e-con-boxed e-con e-parent\" data-id=\"b1e1d3b\" data-element_type=\"container\">\n\t\t\t\t\t<div class=\"e-con-inner\">\n\t\t<div data-particle_enable=\"false\" data-particle-mobile-disabled=\"false\" class=\"elementor-element elementor-element-3470879 e-flex e-con-boxed e-con e-parent\" data-id=\"3470879\" data-element_type=\"container\">\n\t\t\t\t\t<div class=\"e-con-inner\">\n\t\t\t\t<div class=\"elementor-element elementor-element-fce9805 elementor-widget elementor-widget-heading\" data-id=\"fce9805\" data-element_type=\"widget\" data-settings=\"{&quot;_animation&quot;:&quot;none&quot;}\" data-widget_type=\"heading.default\">\n\t\t\t\t<div class=\"elementor-widget-container\">\n\t\t\t\t\t<h2 class=\"elementor-heading-title elementor-size-default\">Konferans sistemleri, s\u00f6zl\u00fc \u00e7eviri sistemleri, mikrofon \u00fcniteleri, AV medya teknolojisi\n<\/h2>\t\t\t\t<\/div>\n\t\t\t\t<\/div>\n\t\t\t\t<div class=\"elementor-element elementor-element-699d7088 elementor-widget__width-initial elementor-widget elementor-widget-text-editor\" data-id=\"699d7088\" data-element_type=\"widget\" data-widget_type=\"text-editor.default\">\n\t\t\t\t<div class=\"elementor-widget-container\">\n\t\t\t\t\t\t\t\t\t<p>\u00c7ok \u00e7e\u015fitli uygulamalar i\u00e7in PCS GmbH'den konferans teknolojisi kiralay\u0131n. En son teknolojiyi b\u00fcy\u00fck miktarlarda sunuyoruz. Sistemlerimizin t\u00fcm\u00fc bak\u0131ml\u0131d\u0131r, gerekti\u011finde ISO sertifikal\u0131d\u0131r ve DGUV-V3 (eski ad\u0131yla BGV-A3) uyar\u0131nca teknik g\u00fcvenlik ve g\u00fcvenilirlik a\u00e7\u0131s\u0131ndan test edilmi\u015ftir. Ses, video, simultane ve konferans teknolojilerini bizden kiralayabilirsiniz. Repertuar\u0131m\u0131zda s\u00f6zl\u00fc \u00e7eviri kabinleri, s\u00f6zl\u00fc \u00e7eviri sistemleri, konferans al\u0131c\u0131lar\u0131 ve masa \u00fcst\u00fc mikrofon \u00fcniteleri bulunmaktad\u0131r. Ayr\u0131ca bizden genel seslendirme sistemleri, projekt\u00f6rler veya TED oylama \u00fcniteleri de kiralayabilirsiniz. Biz 20 y\u0131l\u0131 a\u015fk\u0131n bir s\u00fcredir konferans teknolojisi alan\u0131nda kaliteli bir tedarik\u00e7iyiz. Konferans teknolojisi kiralamak istiyorsan\u0131z, bizimle ileti\u015fime ge\u00e7meniz yeterlidir.<\/p>\t\t\t\t\t\t\t\t<\/div>\n\t\t\t\t<\/div>\n\t\t\t\t<div class=\"elementor-element elementor-element-153fe106 elementor-widget elementor-widget-image\" data-id=\"153fe106\" data-element_type=\"widget\" data-widget_type=\"image.default\">\n\t\t\t\t<div class=\"elementor-widget-container\">\n\t\t\t\t\t\t\t\t\t\t\t\t\t\t\t<img loading=\"lazy\" decoding=\"async\" width=\"800\" height=\"407\" src=\"https:\/\/konferenztechnik.de\/wp-content\/uploads\/2016\/10\/dolmetscherkabinen-mieten-1024x521.jpg\" class=\"attachment-large size-large wp-image-8570\" alt=\"\" srcset=\"https:\/\/konferenztechnik.de\/wp-content\/uploads\/2016\/10\/dolmetscherkabinen-mieten-1024x521.jpg 1024w, https:\/\/konferenztechnik.de\/wp-content\/uploads\/2016\/10\/dolmetscherkabinen-mieten-300x153.jpg 300w, https:\/\/konferenztechnik.de\/wp-content\/uploads\/2016\/10\/dolmetscherkabinen-mieten-768x390.jpg 768w, https:\/\/konferenztechnik.de\/wp-content\/uploads\/2016\/10\/dolmetscherkabinen-mieten.jpg 1200w\" sizes=\"(max-width: 800px) 100vw, 800px\" title=\"\">\t\t\t\t\t\t\t\t\t\t\t\t\t\t\t<\/div>\n\t\t\t\t<\/div>\n\t\t\t\t<div class=\"elementor-element elementor-element-f22d679 elementor-widget__width-initial elementor-widget elementor-widget-text-editor\" data-id=\"f22d679\" data-element_type=\"widget\" data-widget_type=\"text-editor.default\">\n\t\t\t\t<div class=\"elementor-widget-container\">\n\t\t\t\t\t\t\t\t\t<p>\u00c7ok \u00e7e\u015fitli uygulamalar i\u00e7in PCS GmbH'den konferans teknolojisi kiralay\u0131n. En son teknolojiyi b\u00fcy\u00fck miktarlarda sunuyoruz. Sistemlerimizin t\u00fcm\u00fc bak\u0131ml\u0131d\u0131r, gerekti\u011finde ISO sertifikal\u0131d\u0131r ve DGUV-V3 (eski ad\u0131yla BGV-A3) uyar\u0131nca teknik g\u00fcvenlik ve g\u00fcvenilirlik a\u00e7\u0131s\u0131ndan test edilmi\u015ftir. Ses, video, simultane ve konferans teknolojilerini bizden kiralayabilirsiniz. Repertuar\u0131m\u0131zda s\u00f6zl\u00fc \u00e7eviri kabinleri, s\u00f6zl\u00fc \u00e7eviri sistemleri, konferans al\u0131c\u0131lar\u0131 ve masa \u00fcst\u00fc mikrofon \u00fcniteleri bulunmaktad\u0131r. Ayr\u0131ca bizden genel seslendirme sistemleri, projekt\u00f6rler veya TED oylama \u00fcniteleri de kiralayabilirsiniz. Biz 20 y\u0131l\u0131 a\u015fk\u0131n bir s\u00fcredir konferans teknolojisi alan\u0131nda kaliteli bir tedarik\u00e7iyiz. Konferans teknolojisi kiralamak istiyorsan\u0131z, bizimle ileti\u015fime ge\u00e7meniz yeterlidir.<\/p><p>\u00a0<\/p><p>Size h\u0131zl\u0131 bir fiyat teklifi vermemize izin verin. Teknolojimizi teslim al\u0131p kendiniz kullanmak m\u0131 yoksa e\u011fitimli servis teknisyenlerimizden biri taraf\u0131ndan kurulmas\u0131n\u0131 ve denetlenmesini mi istedi\u011finize kendiniz karar verin. Talep \u00fczerine, konferans teknolojisinin m\u00fcnferit alanlar\u0131n\u0131 sa\u011flayabilir veya tam hizmet sa\u011flay\u0131c\u0131 olarak etkinli\u011finizin t\u00fcm teknik y\u00f6netimini \u00fcstlenebiliriz. Yaln\u0131zca e\u011fitimli uzmanlar kullan\u0131yoruz. Etkinli\u011finiz i\u00e7in sahne y\u00f6neticilerine veya st\u00fcdyo y\u00f6neticilerine ihtiyac\u0131n\u0131z varsa, etkinlik y\u00f6neticilerimizi arayabilirsiniz.<\/p><p>\u00a0<\/p><p>T\u00fcm konferans teknolojilerini PCS GmbH'den kiralayabilirsiniz. \u00dcr\u00fcn yelpazemizde konferans sistemleri, s\u00f6zl\u00fc \u00e7eviri sistemleri, s\u00f6zl\u00fc \u00e7eviri kabinleri ve y\u00f6nlendirme sistemleri bulunmaktad\u0131r. Ayr\u0131ca mikrofon \u00fcniteleri veya konferans sistemleri de kiralayabilirsiniz. Konferans teknolojimizi \u00fclke \u00e7ap\u0131nda teslim ediyor ve\/veya kuruyoruz. \u015eubelerimizden biri de bulundu\u011funuz yerde\u00a0<a href=\"\/tr\/iletisim\/\">Yak\u0131nl\u0131k<\/a>.<\/p>\t\t\t\t\t\t\t\t<\/div>\n\t\t\t\t<\/div>\n\t\t\t\t<div class=\"elementor-element elementor-element-35747fd6 elementor-widget__width-initial elementor-widget elementor-widget-heading\" data-id=\"35747fd6\" data-element_type=\"widget\" data-settings=\"{&quot;_animation&quot;:&quot;none&quot;}\" data-widget_type=\"heading.default\">\n\t\t\t\t<div class=\"elementor-widget-container\">\n\t\t\t\t\t<h2 class=\"elementor-heading-title elementor-size-default\">Ortak uygulama alanlar\u0131 ve uygulanan teknoloji<\/h2>\t\t\t\t<\/div>\n\t\t\t\t<\/div>\n\t\t\t\t<div class=\"elementor-element elementor-element-e5b77c7 elementor-widget elementor-widget-heading\" data-id=\"e5b77c7\" data-element_type=\"widget\" data-settings=\"{&quot;_animation&quot;:&quot;none&quot;}\" data-widget_type=\"heading.default\">\n\t\t\t\t<div class=\"elementor-widget-container\">\n\t\t\t\t\t<h2 class=\"elementor-heading-title elementor-size-default\">Simultane teknolojisi ve s\u00f6zl\u00fc \u00e7eviri ekipman\u0131<\/h2>\t\t\t\t<\/div>\n\t\t\t\t<\/div>\n\t\t\t\t<div class=\"elementor-element elementor-element-52930e97 elementor-widget__width-initial elementor-widget elementor-widget-text-editor\" data-id=\"52930e97\" data-element_type=\"widget\" data-widget_type=\"text-editor.default\">\n\t\t\t\t<div class=\"elementor-widget-container\">\n\t\t\t\t\t\t\t\t\t<p>\u00c7ok dilli konferans ve toplant\u0131larda sim\u00fcltane teknoloji veya s\u00f6zl\u00fc \u00e7eviri sistemleri kullan\u0131l\u0131r. Terc\u00fcmanlar terc\u00fcme kabinlerinde otururlar ve konu\u015fulanlar\u0131 e\u015f zamanl\u0131 olarak terc\u00fcme edebilirler. Konferans kat\u0131l\u0131mc\u0131lar\u0131 \u00e7eviriyi kulakl\u0131klar ve konferans al\u0131c\u0131lar\u0131 arac\u0131l\u0131\u011f\u0131yla dinler. \u00c7evirinin kulakl\u0131klar arac\u0131l\u0131\u011f\u0131yla do\u011frudan masa mikrofon \u00fcnitelerine verilmesi de m\u00fcmk\u00fcnd\u00fcr.<br \/>PCS'de t\u00fcm s\u00f6zl\u00fc \u00e7eviri ekipmanlar\u0131n\u0131 kiralayabilirsiniz. Sizin i\u00e7in her zaman stoklar\u0131m\u0131zda \u00e7ok say\u0131da konferans al\u0131c\u0131s\u0131 bulunduruyoruz. Ayr\u0131ca s\u00f6zl\u00fc terc\u00fcme kabinleri ve iletim teknolojisi de kiralayabilirsiniz. Gerekirse, elbette eksiksiz bir hizmet sa\u011flayabiliriz. Teknolojiyi planl\u0131yor, ta\u015f\u0131yor, kuruyor ve bak\u0131m\u0131n\u0131 yap\u0131yoruz. Etkinli\u011finizden sonra s\u00f6kme ve kald\u0131rma i\u015flemleriyle ilgileniyoruz.<\/p>\t\t\t\t\t\t\t\t<\/div>\n\t\t\t\t<\/div>\n\t\t\t\t<div class=\"elementor-element elementor-element-c3fce21 elementor-widget elementor-widget-heading\" data-id=\"c3fce21\" data-element_type=\"widget\" data-settings=\"{&quot;_animation&quot;:&quot;none&quot;}\" data-widget_type=\"heading.default\">\n\t\t\t\t<div class=\"elementor-widget-container\">\n\t\t\t\t\t<h2 class=\"elementor-heading-title elementor-size-default\">\u0130nterkom istasyonlar\u0131, g\u00f6r\u00fc\u015fme sistemleri<\/h2>\t\t\t\t<\/div>\n\t\t\t\t<\/div>\n\t\t\t\t<div class=\"elementor-element elementor-element-6163d26 elementor-widget__width-initial elementor-widget elementor-widget-text-editor\" data-id=\"6163d26\" data-element_type=\"widget\" data-widget_type=\"text-editor.default\">\n\t\t\t\t<div class=\"elementor-widget-container\">\n\t\t\t\t\t\t\t\t\t<p>Envanterimizde \u00e7ok say\u0131da mikrofon \u00fcnitesi bulunmaktad\u0131r. Tart\u0131\u015fma sistemleri, mikrofon zincirleri veya delege mikrofon \u00fcniteleri olarak da bilinen bu masa mikrofonlar\u0131, yuvarlak masalarda veya genellikle kat\u0131l\u0131mc\u0131lar\u0131n masalarda oturdu\u011fu ve konu\u015fmak zorunda oldu\u011fu etkinliklerde kullan\u0131l\u0131r. Uygulamaya ba\u011fl\u0131 olarak kullan\u0131lan hem kablosuz mikrofon \u00fcniteleri hem de kablolu sistemler sunuyoruz. \u015eu anda kablosuz mikrofon \u00fcnitelerine (\u00f6rn. Bosch Dicentis) b\u00fcy\u00fck talep var, \u00e7\u00fcnk\u00fc bu sistemlerin kurulumu h\u0131zl\u0131 ve esnek bir \u015fekilde konumland\u0131r\u0131labiliyor.<\/p>\t\t\t\t\t\t\t\t<\/div>\n\t\t\t\t<\/div>\n\t\t\t\t<div class=\"elementor-element elementor-element-f33fca9 elementor-widget elementor-widget-heading\" data-id=\"f33fca9\" data-element_type=\"widget\" data-settings=\"{&quot;_animation&quot;:&quot;none&quot;}\" data-widget_type=\"heading.default\">\n\t\t\t\t<div class=\"elementor-widget-container\">\n\t\t\t\t\t<h2 class=\"elementor-heading-title elementor-size-default\">Ses teknolojisi, video teknolojisi, AV medya teknolojisi<\/h2>\t\t\t\t<\/div>\n\t\t\t\t<\/div>\n\t\t\t\t<div class=\"elementor-element elementor-element-940fe40 elementor-widget__width-initial elementor-widget elementor-widget-text-editor\" data-id=\"940fe40\" data-element_type=\"widget\" data-widget_type=\"text-editor.default\">\n\t\t\t\t<div class=\"elementor-widget-container\">\n\t\t\t\t\t\t\t\t\t<p>Konferans teknolojisi kiralad\u0131\u011f\u0131n\u0131zda, genellikle AV medya teknolojisi de dahil edilir. Buna mikrofonlar (kablosuz veya kablolu), k\u00fcrs\u00fc mikrofonlar\u0131 veya masa mikrofonlar\u0131 dahildir. Buna ek olarak, odan\u0131n b\u00fcy\u00fckl\u00fc\u011f\u00fcne ve kat\u0131l\u0131mc\u0131 say\u0131s\u0131na uygun olarak tasarlanm\u0131\u015f bir ses sistemi (hoparl\u00f6rler ve amplifikat\u00f6rler, monit\u00f6r kutular\u0131) vard\u0131r. Gerekirse, uygun video teknolojisini de kiralayabiliriz. Projekt\u00f6rler, ekranlar veya ekranlar ve sunumlar, filmler veya di\u011fer g\u00f6rsel i\u00e7erikler i\u00e7in m\u00fckemmel sahneyi ayarlay\u0131n.<\/p>\t\t\t\t\t\t\t\t<\/div>\n\t\t\t\t<\/div>\n\t\t\t\t\t<\/div>\n\t\t\t\t<\/div>\n\t\t\t\t\t<\/div>\n\t\t\t\t<\/div>\n\t\t\t\t<\/div>\n\t\t\t\t\t<\/div>\n\t\t\t\t<\/div>\n\t\t<div data-particle_enable=\"false\" data-particle-mobile-disabled=\"false\" class=\"elementor-element elementor-element-473c0489 e-flex e-con-boxed e-con e-parent\" data-id=\"473c0489\" data-element_type=\"container\">\n\t\t\t\t\t<div class=\"e-con-inner\">\n\t\t\t\t<div class=\"elementor-element elementor-element-49534613 elementor-widget elementor-widget-shortcode\" data-id=\"49534613\" data-element_type=\"widget\" data-widget_type=\"shortcode.default\">\n\t\t\t\t<div class=\"elementor-widget-container\">\n\t\t\t\t\t\t\t<div class=\"elementor-shortcode\"><\/div>\n\t\t\t\t\t\t<\/div>\n\t\t\t\t<\/div>\n\t\t\t\t\t<\/div>\n\t\t\t\t<\/div>\n\t\t\t\t<\/div>","protected":false},"excerpt":{"rendered":"<p>Konferenztechnik mieten \u2013 bei PCS erhalten Sie schnelle Angebote, modernste Technik und kompetenten Service Konferenzanlagen, Dolmetscheranlagen, Sprechstellen, AV-Medientechnik Leihen Sie bei der PCS GmbH Konferenztechnik f\u00fcr die unterschiedlichsten Einsatzgebiete. Wir bieten modernste Technik in hoher St\u00fcckzahl. Unsere Systeme sind alle top gepflegt, wo gefordert auch ISO-zertifiziert und nach DGUV-V3 (ehm. BGV-A3) auf technische Sicherheit und [&hellip;]<\/p>","protected":false},"author":1,"featured_media":45482,"parent":0,"menu_order":0,"comment_status":"closed","ping_status":"closed","template":"","meta":{"_acf_changed":false,"footnotes":""},"class_list":["post-9763","page","type-page","status-publish","has-post-thumbnail","hentry"],"acf":[],"_links":{"self":[{"href":"https:\/\/konferenztechnik.de\/tr\/wp-json\/wp\/v2\/pages\/9763","targetHints":{"allow":["GET"]}}],"collection":[{"href":"https:\/\/konferenztechnik.de\/tr\/wp-json\/wp\/v2\/pages"}],"about":[{"href":"https:\/\/konferenztechnik.de\/tr\/wp-json\/wp\/v2\/types\/page"}],"author":[{"embeddable":true,"href":"https:\/\/konferenztechnik.de\/tr\/wp-json\/wp\/v2\/users\/1"}],"replies":[{"embeddable":true,"href":"https:\/\/konferenztechnik.de\/tr\/wp-json\/wp\/v2\/comments?post=9763"}],"version-history":[{"count":0,"href":"https:\/\/konferenztechnik.de\/tr\/wp-json\/wp\/v2\/pages\/9763\/revisions"}],"wp:featuredmedia":[{"embeddable":true,"href":"https:\/\/konferenztechnik.de\/tr\/wp-json\/wp\/v2\/media\/45482"}],"wp:attachment":[{"href":"https:\/\/konferenztechnik.de\/tr\/wp-json\/wp\/v2\/media?parent=9763"}],"curies":[{"name":"wp","href":"https:\/\/api.w.org\/{rel}","templated":true}]}}