{"id":3062,"date":"2013-09-27T15:17:26","date_gmt":"2013-09-27T13:17:26","guid":{"rendered":"https:\/\/konferenztechnik.de\/?page_id=3062"},"modified":"2013-09-27T15:17:26","modified_gmt":"2013-09-27T13:17:26","slug":"%d0%bf%d0%b5%d1%80%d0%b5%d0%ba%d0%bb%d0%b0%d0%b4%d0%b0%d1%86%d1%8c%d0%ba%d1%96-%d0%ba%d0%b0%d0%b1%d1%96%d0%bd%d0%ba%d0%b8-%d1%82%d0%b0-%d1%81%d1%82%d0%be%d0%bb%d0%b8","status":"publish","type":"page","link":"https:\/\/konferenztechnik.de\/uk\/%d0%b4%d0%b8%d1%81%d1%82%d1%80%d0%b8%d0%b1%d1%83%d1%86%d1%96%d1%8f-%d0%ba%d0%be%d0%bd%d1%84%d0%b5%d1%80%d0%b5%d0%bd%d1%86-%d1%82%d0%b0-%d0%b0%d1%83%d0%b4%d1%96%d0%be-%d0%bc%d0%b5%d0%b4%d1%96%d0%b0\/%d0%bf%d0%b5%d1%80%d0%b5%d0%ba%d0%bb%d0%b0%d0%b4%d0%b0%d1%86%d1%8c%d0%ba%d1%96-%d0%ba%d0%b0%d0%b1%d1%96%d0%bd%d0%ba%d0%b8-%d1%82%d0%b0-%d1%81%d1%82%d0%be%d0%bb%d0%b8\/","title":{"rendered":"\u041f\u0435\u0440\u0435\u043a\u043b\u0430\u0434\u0430\u0446\u044c\u043a\u0456 \u043a\u0430\u0431\u0456\u043d\u0438 \u0442\u0430 \u043f\u0435\u0440\u0435\u043a\u043b\u0430\u0434\u0430\u0446\u044c\u043a\u0456 \u0441\u0442\u043e\u043b\u0438"},"content":{"rendered":"<h1>Dolmetscherkabinen und Dolmetschpulte<\/h1>\n<p><img decoding=\"async\" src=\"https:\/\/konferenztechnik.de\/wp-content\/uploads\/2013\/09\/PCS-GmbH-Audipack-authorized-dealer-small.jpg\" alt=\"Die PCS GmbH ist Audipack authorized dealer\" width=\"200\" height=\"81\" class=\"alignright size-full wp-image-5489\" title=\"\"><\/p>\n<p>Dolmetscherkabinen sind der Arbeitsplatz f\u00fcr Simultandolmetscher*innen. In den stark schallged\u00e4mmten Dolmetscherkabinen k\u00f6nnen Dolmetscher in Ruhe arbeiten, ohne Tagungsg\u00e4ste zu st\u00f6ren oder von Au\u00dfenger\u00e4uschen abgelenkt zu werden. In de Regel arbeiten Dolmetscher*innen im Team, deshalb bieten Kabinen Platz f\u00fcr mindesten zwei Personen. Die aufgesetzte Ventilation sorgt f\u00fcr ausreichend Frischluft. In unserem Sortiment finden Sie sowohl 2er-, 3er- als auch 4er-Kabinen. Die Gr\u00f6\u00dfe l\u00e4sst sich auch je nach Bedarf flexibel \u00e4ndern.<\/p>\n<h2>Einsatzgebiete von Dolmetscherkabinen<\/h2>\n<p>Dolmetscherkabinen kommen bei internationalen Konferenzen, Tagungen oder Kongressen zum Einsatz. Sie sind mobil einsetzbar oder fester Bestandteil von Konferenztetagen in Ministerien, Universit\u00e4ten, Firmenzentralen oder anderen Tagungsst\u00e4tten.<\/p>\n<p>[tabs style=&#8220;1&#8243;]<br \/>\n[tab title=&#8220;Artikel&#8220;]<\/p>\n<h2>Dolmetscherkabine Silent 9600<\/h2>\n<p>[column size=&#8220;2-5&#8243; last=&#8220;0&#8243;]<\/p>\n<p><a href=\"https:\/\/www.konferenztechnik.de\/audipack-silent-9600-kaufen\/\"><img decoding=\"async\" src=\"https:\/\/konferenztechnik.de\/wp-content\/uploads\/2018\/07\/dolmetscherkabinen-kaufen-1.jpg\" alt=\"Dolmetscherkabinen kaufen\" class=\"alignleft size-full wp-image-13486\" title=\"\"><\/a><\/p>\n<p>[\/column]<br \/>\n[column size=&#8220;3-5&#8243; last=&#8220;1&#8243;]<\/p>\n<p>Die Dolmetscherkabine Audipack Silent 9600 ist der neue Standard f\u00fcr den mobilen Einsatz. Diese schallged\u00e4mmte Simultankabine erf\u00fcllt die neue internationale Norm ISO 4043:2016 und kann mit einigen technischen Highlights wie Deckenlicht oder CO<sup style=\"font-size:.7em; line-height:2em;\">2<\/sup>-Messtechnik auftrumpfen.<br \/>\nZwei Dolmetscher*innen finden in dieser Kabine Platz (bei einem Innenma\u00df von 1,60 x 1,60 m). Die Kabine l\u00e4sst sich einfach durch zus\u00e4tliche Teile erweitern und kann so f\u00fcr bis zu vier Personen Raum bieten. Die Kabine ist modular aufgabaut, sodass auch eine flexible Positionierung der Eingangst\u00fcr problemlos m\u00f6glich ist. Die Standardfarbe der Silent 9600 ist grau, sie kann aber auch in anderen Farbt\u00f6nen geliefert werden.<\/p>\n<p>[button link=&#8220;https:\/\/www.konferenztechnik.de\/audipack-silent-9600-kaufen\/&#8220; target=&#8220;self&#8220; color=&#8220;#a62055&#8243; text=&#8220;light&#8220;]Mehr Informationen[\/button]<br \/>\n[\/column]<br \/>\n[\/tab]<br \/>\n[\/tabs]<\/p>\n<p>[spacer size=&#8220;20&#8243;]<br \/>\n[tabs style=&#8220;1&#8243;]<br \/>\n[tab title=&#8220;Artikel&#8220;]<\/p>\n<h2>Dolmetscherkabine Silent 9700<\/h2>\n<p>[column size=&#8220;2-5&#8243; last=&#8220;0&#8243;]<\/p>\n<p><a href=\"https:\/\/www.konferenztechnik.de\/audipack-silent-9700-kaufen\/\"><img decoding=\"async\" src=\"https:\/\/konferenztechnik.de\/wp-content\/uploads\/2018\/07\/audipack-silent-9700-dolmetscherkabine-1.jpg\" alt=\"Aaudipack Silent 9700 Dolmetscherkabine\" class=\"alignleft size-full wp-image-13520\" title=\"\"><\/a><\/p>\n<p>[\/column]<br \/>\n[column size=&#8220;3-5&#8243; last=&#8220;1&#8243;]<\/p>\n<p>Die Dolmetscherkabine 9700 ist fast baugleich mit der zuvor beschrieben 9600, lediglich die Einzelteile unterscheiden sich in den Abmessungen. Die Hauptpaneele sind nicht senkrecht sondern waagerecht angeordnet, so dass die Kabine in kleinere Einzelteile zerlegt werden kann. Dadurch kann die Kabine platzsparender gepackt werden.<\/p>\n<p>[button link=&#8220;https:\/\/www.konferenztechnik.de\/audipack-silent-9700-kaufen\/&#8220; target=&#8220;self&#8220; color=&#8220;#a62055&#8243; text=&#8220;light&#8220;]Mehr Informationen[\/button]<\/p>\n<p>[\/column]<br \/>\n[\/tab]<br \/>\n[\/tabs]<\/p>\n<p>[spacer size=&#8220;20&#8243;]<br \/>\n[tabs style=&#8220;1&#8243;]<br \/>\n[tab title=&#8220;Artikel&#8220;]<\/p>\n<h2>Dolmetscherkabine Silent 6300<\/h2>\n<p>[column size=&#8220;2-5&#8243; last=&#8220;0&#8243;]<br \/>\n<img decoding=\"async\" src=\"https:\/\/konferenztechnik.de\/wp-content\/uploads\/2018\/07\/audipack-silent-6300-dolmetscherkabine-1.jpg\" alt=\"Audipack Silent 6300 Dolmetscherkabine\" class=\"alignleft size-full wp-image-13523\" title=\"\"><\/p>\n<p>[\/column]<br \/>\n[column size=&#8220;3-5&#8243; last=&#8220;1&#8243;]<br \/>\nDas Modell Silent 6300 ist die richtige Wahl f\u00fcr besonders hohe Anforderungen an die Schalld\u00e4mmung. Diese Dolmetscherkabine hat eine deutlich dickere Wandst\u00e4rke, zus\u00e4tzlich ged\u00e4mmte Fu\u00dfbodenelemente und auf Wunsch auch eine Doppelverglasung. Damit \u00fcbertrifft sie die Normen und Vorgaben aus der ISO 4043 deutlich und erreicht auch die D\u00e4mpfungswerte der DIN 56924, Teil 2, m\u00fchelos. Die Kabine hat durch die hohe Schalld\u00e4mmung auch ein h\u00f6heres Gewicht. W\u00e4hrend die Modelle 9600 und 9700 etwa 210 Kg wiegen, bringt die 6300 schon ca. 340 Kg auf die Waage. F\u00fcr sehr h\u00e4ufige Auf- und Abbauten empfehlen wir daher die Modelle 9600 oder 9700.<br \/>\n[\/column]<br \/>\n[\/tab]<br \/>\n[\/tabs]<\/p>\n<p>[spacer size=&#8220;20&#8243;]<br \/>\n[tabs style=&#8220;1&#8243;]<br \/>\n[tab title=&#8220;Auslaufmodell&#8220;]<\/p>\n<h2>Dolmetscherkabine Silent 9300<\/h2>\n<p>[column size=&#8220;2-5&#8243; last=&#8220;0&#8243;]<\/p>\n<p><a href=\"https:\/\/konferenztechnik.de\/wp-content\/uploads\/2013\/09\/Dolmetscherkabine_Silent-9300_gross.jpg\"><img fetchpriority=\"high\" decoding=\"async\" width=\"274\" height=\"294\" src=\"https:\/\/konferenztechnik.de\/wp-content\/uploads\/2013\/09\/Dolmetscherkabine_Silent-9300_gross.jpg\" alt=\"Dolmetscherkabine Silent 9300\" class=\"alignleft size-full wp-image-3085\" title=\"\"><\/a><\/p>\n<p>[\/column]<br \/>\n[column size=&#8220;3-5&#8243; last=&#8220;1&#8243;]<\/p>\n<p>Die Produktion der Audipack Silent 9300 wurde 2018 eingestellt. Die Kabinen werden durch das neue Modell Audipack Silent 9600 abgel\u00f6st. Die neuen Modelle bieten einen gr\u00f6\u00dferen Sichtbereich, Deckenbeleuchtung, CO2-Messger\u00e4te und sind nach der neuesten Norm f\u00fcr mobile Dolmetscherkabinen zertifiziert.<\/p>\n<p>[button link=&#8220;https:\/\/www.konferenztechnik.de\/audipack-silent-9600-kaufen\/&#8220; target=&#8220;self&#8220; color=&#8220;#a62055&#8243; text=&#8220;light&#8220;]Mehr Informationen[\/button]<\/p>\n<p>[\/column]<br \/>\n[\/tab]<br \/>\n[\/tabs]<\/p>\n<p>[spacer size=&#8220;20&#8243;]<br \/>\n[tabs style=&#8220;1&#8243;]<br \/>\n[tab title=&#8220;Auslaufmodell&#8220;]<\/p>\n<h2>Dolmetscherkabine Silent 9500<\/h2>\n<p>[column size=&#8220;2-5&#8243; last=&#8220;0&#8243;]<\/p>\n<p><a href=\"https:\/\/konferenztechnik.de\/wp-content\/uploads\/2013\/09\/Dolmetscherkabine_Silent-9500_gross.jpg\"><img decoding=\"async\" width=\"272\" height=\"204\" src=\"https:\/\/konferenztechnik.de\/wp-content\/uploads\/2013\/09\/Dolmetscherkabine_Silent-9500_gross.jpg\" alt=\"Dolmetscherkabine Silent 9500\" class=\"alignleft size-full wp-image-3008\" title=\"\"><\/a><\/p>\n<p>[\/column]<br \/>\n[column size=&#8220;3-5&#8243; last=&#8220;1&#8243;]<\/p>\n<p>Die Produktion der Audipack Silent 9500 wurde 2018 eingestellt. Die Kabinen werden durch das neue Modell Audipack Silent 9700 abgel\u00f6st. Die neuen Modelle bieten Deckenbeleuchtung, CO2-Messger\u00e4te und sind nach der neuesten Norm f\u00fcr mobile Dolmetscherkabinen zertifiziert.<\/p>\n<p>[button link=&#8220;https:\/\/www.konferenztechnik.de\/audipack-silent-9700-kaufen\/&#8220; target=&#8220;self&#8220; color=&#8220;#a62055&#8243; text=&#8220;light&#8220;]Mehr Informationen[\/button]<br \/>\n[\/column]<br \/>\n[\/tab]<br \/>\n[\/tabs]<br \/>\n[spacer size=&#8220;20&#8243;]<\/p>\n<h2>Zubeh\u00f6r und weitere Informationen<\/h2>\n<p>[column size=&#8220;1-3&#8243; last=&#8220;0&#8243;]<\/p>\n<p><figure id=\"attachment_9210\" aria-describedby=\"caption-attachment-9210\" style=\"width: 536px\" class=\"wp-caption alignleft\"><img loading=\"lazy\" decoding=\"async\" width=\"536\" height=\"413\" src=\"https:\/\/konferenztechnik.de\/wp-content\/uploads\/2013\/09\/Audipack-Silent-Daempfungsgrad-Standard.jpg\" alt=\"Audipack-Silent-Daempfungsgrad-Standard\" class=\"size-full wp-image-9210\" title=\"\" srcset=\"https:\/\/konferenztechnik.de\/wp-content\/uploads\/2013\/09\/Audipack-Silent-Daempfungsgrad-Standard.jpg 536w, https:\/\/konferenztechnik.de\/wp-content\/uploads\/2013\/09\/Audipack-Silent-Daempfungsgrad-Standard-300x231.jpg 300w\" sizes=\"(max-width: 536px) 100vw, 536px\" \/><figcaption id=\"caption-attachment-9210\" class=\"wp-caption-text\">Hoher D\u00e4mpfungsgrad<\/figcaption><\/figure><br \/>\n[\/column]<\/p>\n<p>[column size=&#8220;1-3&#8243; last=&#8220;0&#8243;]<br \/>\n<figure id=\"attachment_9211\" aria-describedby=\"caption-attachment-9211\" style=\"width: 548px\" class=\"wp-caption alignleft\"><img loading=\"lazy\" decoding=\"async\" width=\"548\" height=\"412\" src=\"https:\/\/konferenztechnik.de\/wp-content\/uploads\/2013\/09\/Audipack-Flightcase-Doplmetscherkabine-5604.jpg\" alt=\"Audipack-Flightcase-Doplmetscherkabine-5604\" class=\"size-full wp-image-9211\" title=\"\" srcset=\"https:\/\/konferenztechnik.de\/wp-content\/uploads\/2013\/09\/Audipack-Flightcase-Doplmetscherkabine-5604.jpg 548w, https:\/\/konferenztechnik.de\/wp-content\/uploads\/2013\/09\/Audipack-Flightcase-Doplmetscherkabine-5604-300x226.jpg 300w\" sizes=\"(max-width: 548px) 100vw, 548px\" \/><figcaption id=\"caption-attachment-9211\" class=\"wp-caption-text\">Auswahl an Transport-Cases<\/figcaption><\/figure><br \/>\n[\/column]<\/p>\n<p>[column size=&#8220;1-3&#8243; last=&#8220;1&#8243;]<br \/>\n<figure id=\"attachment_9212\" aria-describedby=\"caption-attachment-9212\" style=\"width: 548px\" class=\"wp-caption alignleft\"><img loading=\"lazy\" decoding=\"async\" width=\"548\" height=\"412\" src=\"https:\/\/konferenztechnik.de\/wp-content\/uploads\/2013\/09\/Audipack-Doplmetscherkabine-Ventilator.jpg\" alt=\"Audipack-Doplmetscherkabine-Ventilator\" class=\"size-full wp-image-9212\" title=\"\" srcset=\"https:\/\/konferenztechnik.de\/wp-content\/uploads\/2013\/09\/Audipack-Doplmetscherkabine-Ventilator.jpg 548w, https:\/\/konferenztechnik.de\/wp-content\/uploads\/2013\/09\/Audipack-Doplmetscherkabine-Ventilator-300x226.jpg 300w\" sizes=\"(max-width: 548px) 100vw, 548px\" \/><figcaption id=\"caption-attachment-9212\" class=\"wp-caption-text\">Verschiedene Ventilationssysteme<\/figcaption><\/figure><br \/>\n[\/column]<\/p>\n<p>[column size=&#8220;1-3&#8243; last=&#8220;0&#8243;]<br \/>\n<figure id=\"attachment_9213\" aria-describedby=\"caption-attachment-9213\" style=\"width: 548px\" class=\"wp-caption alignleft\"><img loading=\"lazy\" decoding=\"async\" width=\"548\" height=\"412\" src=\"https:\/\/konferenztechnik.de\/wp-content\/uploads\/2013\/09\/Audipack-Erweiterungsset-Doplmetscherkabine.jpg\" alt=\"Audipack-Erweiterungsset-Doplmetscherkabine\" class=\"size-full wp-image-9213\" title=\"\" srcset=\"https:\/\/konferenztechnik.de\/wp-content\/uploads\/2013\/09\/Audipack-Erweiterungsset-Doplmetscherkabine.jpg 548w, https:\/\/konferenztechnik.de\/wp-content\/uploads\/2013\/09\/Audipack-Erweiterungsset-Doplmetscherkabine-300x226.jpg 300w\" sizes=\"(max-width: 548px) 100vw, 548px\" \/><figcaption id=\"caption-attachment-9213\" class=\"wp-caption-text\">Erweiterungs-Sets erh\u00e4ltlich<\/figcaption><\/figure><br \/>\n[\/column]<\/p>\n<p>[column size=&#8220;1-3&#8243; last=&#8220;0&#8243;]<br \/>\n<figure id=\"attachment_9214\" aria-describedby=\"caption-attachment-9214\" style=\"width: 403px\" class=\"wp-caption alignleft\"><img loading=\"lazy\" decoding=\"async\" width=\"403\" height=\"401\" src=\"https:\/\/konferenztechnik.de\/wp-content\/uploads\/2013\/09\/Audipack-Silent-Dolmetscherkabine-Grundriss-Standard.png\" alt=\"Audipack-Silent-Dolmetscherkabine-Grundriss-Standard\" class=\"size-full wp-image-9214\" title=\"\" srcset=\"https:\/\/konferenztechnik.de\/wp-content\/uploads\/2013\/09\/Audipack-Silent-Dolmetscherkabine-Grundriss-Standard.png 403w, https:\/\/konferenztechnik.de\/wp-content\/uploads\/2013\/09\/Audipack-Silent-Dolmetscherkabine-Grundriss-Standard-300x300.png 300w, https:\/\/konferenztechnik.de\/wp-content\/uploads\/2013\/09\/Audipack-Silent-Dolmetscherkabine-Grundriss-Standard-150x150.png 150w\" sizes=\"(max-width: 403px) 100vw, 403px\" \/><figcaption id=\"caption-attachment-9214\" class=\"wp-caption-text\">Standard Grundriss von oben<\/figcaption><\/figure><br \/>\n[\/column]<\/p>\n<p>[column size=&#8220;1-3&#8243; last=&#8220;1&#8243;]<br \/>\n<figure id=\"attachment_9215\" aria-describedby=\"caption-attachment-9215\" style=\"width: 548px\" class=\"wp-caption alignleft\"><img loading=\"lazy\" decoding=\"async\" width=\"548\" height=\"412\" src=\"https:\/\/konferenztechnik.de\/wp-content\/uploads\/2013\/09\/Audipack-Transportwagen-Doplmetscherkabine.jpg\" alt=\"Audipack-Transportwagen-Doplmetscherkabine\" class=\"size-full wp-image-9215\" title=\"\" srcset=\"https:\/\/konferenztechnik.de\/wp-content\/uploads\/2013\/09\/Audipack-Transportwagen-Doplmetscherkabine.jpg 548w, https:\/\/konferenztechnik.de\/wp-content\/uploads\/2013\/09\/Audipack-Transportwagen-Doplmetscherkabine-300x226.jpg 300w\" sizes=\"(max-width: 548px) 100vw, 548px\" \/><figcaption id=\"caption-attachment-9215\" class=\"wp-caption-text\">Transportwagen<\/figcaption><\/figure><br \/>\n[\/column]<\/p>\n<p>[spacer size=&#8220;20&#8243;]<\/p>\n<h1>Dolmetscherpulte<\/h1>\n<p>Zur Grundausr\u00fcstung einer Dolmetscherkabine geh\u00f6rt ein Dolmetscherpult. Am Pult w\u00e4hlt der Dolmetscher den Kanal der Sprache, in die er gerade \u00fcbersetzt. Eine R\u00e4uspertaste erm\u00f6glicht ihm, kurz die \u00dcbertragung zu unterbrechen. \u00dcber eine Klangregelung l\u00e4sst sich das geh\u00f6rte Signal den W\u00fcnschen entsprechend anpassen.<\/p>\n<p><a href=\"https:\/\/konferenztechnik.de\/wp-content\/uploads\/2013\/09\/SichtAusDerDolmetscherkabine.jpg\"><img loading=\"lazy\" decoding=\"async\" width=\"480\" height=\"249\" src=\"https:\/\/konferenztechnik.de\/wp-content\/uploads\/2013\/09\/SichtAusDerDolmetscherkabine.jpg\" alt=\"Sicht aus einer Dolmetscherkabine\" class=\"size-full wp-image-3090\" title=\"\" srcset=\"https:\/\/konferenztechnik.de\/wp-content\/uploads\/2013\/09\/SichtAusDerDolmetscherkabine.jpg 480w, https:\/\/konferenztechnik.de\/wp-content\/uploads\/2013\/09\/SichtAusDerDolmetscherkabine-300x156.jpg 300w\" sizes=\"(max-width: 480px) 100vw, 480px\" \/><\/a><\/p>\n<p>Der Dolmetscher kann beeinflussen, ob er den Originalton aus dem Tagungssaal oder einen Relaiskanal, also den gedolmetschten Ton aus einer Nachbarkabine, h\u00f6ren m\u00f6chte. Der Relaisbetrieb sei hier kurz erkl\u00e4rt: Bei Konferenzen und Kongressen k\u00f6nnen viele Sprachkombinationen gleichzeitig vorkommen. Dabei beherrscht ein Dolmetscher nicht unbedingt alle ben\u00f6tigten Sprachen. Die Konferenzdolmetscher einer deutschen Kabine zum Beispiel, die aus dem Englischen in die deutsche Sprache arbeiten, m\u00fcssen so nicht auch noch aus dem Japanischen dolmetschen. Sobald ein japanischer Referent das Wort ergreift, schalten sich die der Sprache unkundigen Dolmetscher in die &#8222;japanische Dolmetscherkabine&#8220; ein und h\u00f6ren dort ihren Kollegen z. B. in die englische Sprache \u00fcbersetzen. Die Dolmetscher der &#8222;deutschen Kabine&#8220; \u00fcbersetzen dann wiederum aus dem Englischen ins Deutsche.<\/p>\n<p>Am Dolmetscherpult wird f\u00fcr jeden Dolmetscher eine H\u00f6rsprech-Garnitur (bzw. Headset) angeschlossen. Durch den konstanten Besprechungsabstand vom Mund zum B\u00fcgelmikrofon ist man auch bei Bewegung immer sehr gut zu verstehen. Das Headset muss zudem leicht sein, damit es w\u00e4hrend des ganzen Einsatzes gut zu tragen ist.<\/p>\n<p>Au\u00dferhalb Deutschlands sind Headsets weniger verbreitet, hier wird eher mit station\u00e4ren Tischmikrofonen und einfachen Kopfh\u00f6rern gearbeitet. Dies mag auf den ersten Blick angenehmer sein, weil ein Kopfh\u00f6rer etwas weniger wiegt als ein Headset, aber je nach Position und Agilit\u00e4t des Dolmetschers \u00e4ndert sich hier nat\u00fcrlich st\u00e4ndig der Besprechungsabstand zum Mikrofon, was wiederum f\u00fcr die Teilnehmer im Saal als unangenehme Pegelschwankung empfunden wird. Wenn diese Variante trotzdem gew\u00fcnscht ist, sollten bei einer Festinstallation entsprechende Regelkomponenten eingeplant werden.<\/p>\n<p>Wir bieten Dolmetscherpulte von Bosch und Beyerdynamic an.<\/p>\n<p>[spacer size=&#8220;20&#8243;]<br \/>\n[tabs style=&#8220;1&#8243;]<br \/>\n[tab title=&#8220;Artikel&#8220;]<\/p>\n<h2>Bosch Dolmetscherpult DCN-IDESK<\/h2>\n<p>[column size=&#8220;2-5&#8243; last=&#8220;0&#8243;]<\/p>\n<p><a href=\"https:\/\/konferenztechnik.de\/wp-content\/uploads\/2013\/09\/Dolmetscherpult_DCN-IDESK_gross.jpg\"><img loading=\"lazy\" decoding=\"async\" width=\"466\" height=\"212\" src=\"https:\/\/konferenztechnik.de\/wp-content\/uploads\/2013\/09\/Dolmetscherpult_DCN-IDESK_gross.jpg\" alt=\"Bosch Dolmetscherpult DCN-IDESK \" class=\"alignleft size-full wp-image-3010\" title=\"\" srcset=\"https:\/\/konferenztechnik.de\/wp-content\/uploads\/2013\/09\/Dolmetscherpult_DCN-IDESK_gross.jpg 466w, https:\/\/konferenztechnik.de\/wp-content\/uploads\/2013\/09\/Dolmetscherpult_DCN-IDESK_gross-300x136.jpg 300w\" sizes=\"(max-width: 466px) 100vw, 466px\" \/><\/a><\/p>\n<p>[\/column]<br \/>\n[column size=&#8220;3-5&#8243; last=&#8220;1&#8243;]<\/p>\n<p>Das DCN-IDESK ist ein Dolmetscherpult in elegantem und modernem Design f\u00fcr einen Benutzer. Es entspricht allen internationalen Standards. Eine klare Anordnung der Pultbedienelemente nach Funktionsbereichen gew\u00e4hrleistet eine intuitive, fehlerfreie Bedienung. Das Pult kann entweder mit steckbarem Mikrofon oder einer H\u00f6r-Sprech-Garnitur verwendet werden. <\/p>\n<p>[\/column]<br \/>\n[\/tab]<br \/>\n[tab title=&#8220;Technische Details&#8220;]<\/p>\n<h2>Bosch Dolmetscherpult DCN-IDESK<\/h2>\n<ul>\n<li>Bis zu 31 Dolmetschkan\u00e4le plus Saalsprache mit einer Audiobandbreite von 20 kHz<\/li>\n<li>Hintergrundbeleuchtetes LCD-Grafikdisplay f\u00fcr gut erkennbare Informationsanzeige bei schlechten Lichtverh\u00e4ltnissen<\/li>\n<li>Integrierter Lautsprecher<\/li>\n<li>Ergonomisches Design und Funktionen f\u00fcr Sehbehinderte<\/li>\n<li>Geringe Empfindlichkeit f\u00fcr Mobiltelefoninterferenzen<\/li>\n<\/ul>\n<p>[\/tab]<br \/>\n[\/tabs]<\/p>\n<p>[spacer size=&#8220;20&#8243;]<br \/>\n[tabs style=&#8220;1&#8243;]<br \/>\n[tab title=&#8220;Artikel&#8220;]<\/p>\n<h2>Kopfh\u00f6rer LBB 9095\/30<\/h2>\n<p>[column size=&#8220;2-5&#8243; last=&#8220;0&#8243;]<\/p>\n<p><a href=\"https:\/\/konferenztechnik.de\/wp-content\/uploads\/2013\/09\/Dolmetscherkopfhoerer_LBB-9095-30_gross.jpg\"><img loading=\"lazy\" decoding=\"async\" width=\"466\" height=\"187\" src=\"https:\/\/konferenztechnik.de\/wp-content\/uploads\/2013\/09\/Dolmetscherkopfhoerer_LBB-9095-30_gross.jpg\" alt=\"Kopfh\u00f6rer LBB 9095\/30\" class=\"alignleft size-full wp-image-3009\" title=\"\" srcset=\"https:\/\/konferenztechnik.de\/wp-content\/uploads\/2013\/09\/Dolmetscherkopfhoerer_LBB-9095-30_gross.jpg 466w, https:\/\/konferenztechnik.de\/wp-content\/uploads\/2013\/09\/Dolmetscherkopfhoerer_LBB-9095-30_gross-300x120.jpg 300w\" sizes=\"(max-width: 466px) 100vw, 466px\" \/><\/a><\/p>\n<p>[\/column]<br \/>\n[column size=&#8220;3-5&#8243; last=&#8220;1&#8243;]<\/p>\n<p>Dynamische Leichtgewicht-Kopfh\u00f6rer zum direkten Anschluss an das DCN-IDESK Dolmetschpult. 2,2 m Kabel mit 6,3 mm Stereo-Klinkenstecker <\/p>\n<p>[\/column]<br \/>\n[\/tab]<br \/>\n[\/tabs]<\/p>\n<p>[spacer size=&#8220;20&#8243;]<br \/>\n[tabs style=&#8220;1&#8243;]<br \/>\n[tab title=&#8220;Artikel&#8220;]<\/p>\n<h2>Dolmetscherzentrale DCN-CCU<\/h2>\n<p>[column size=&#8220;2-5&#8243; last=&#8220;0&#8243;]<\/p>\n<p><a href=\"https:\/\/konferenztechnik.de\/wp-content\/uploads\/2013\/09\/Steuerzentrale_DCN-CCU_gross.jpg\"><img loading=\"lazy\" decoding=\"async\" width=\"439\" height=\"207\" src=\"https:\/\/konferenztechnik.de\/wp-content\/uploads\/2013\/09\/Steuerzentrale_DCN-CCU_gross.jpg\" alt=\"Dolmetscherzentrale DCN-CCU\" class=\"alignleft size-full wp-image-3013\" title=\"\" srcset=\"https:\/\/konferenztechnik.de\/wp-content\/uploads\/2013\/09\/Steuerzentrale_DCN-CCU_gross.jpg 439w, https:\/\/konferenztechnik.de\/wp-content\/uploads\/2013\/09\/Steuerzentrale_DCN-CCU_gross-300x141.jpg 300w\" sizes=\"(max-width: 439px) 100vw, 439px\" \/><\/a><\/p>\n<p>[\/column]<br \/>\n[column size=&#8220;3-5&#8243; last=&#8220;1&#8243;]<\/p>\n<p>Die zentrale Steuereinheit DCN-CCU bildet das Herzst\u00fcck des Bosch-Konferenz-Systems mit 2 x 32 Audiokan\u00e4len, die eine hohe Tonqualit\u00e4t bieten. Sie unterst\u00fctzt Dolmetschanwendungen mit Saalsprache und bis zu 31 Dolmetschsprachen.<br \/>\nDie CCU ist sowohl als drahtgebundene, als auch in der Ausf\u00fchrung Wireless als drahtloses System erh\u00e4ltlich. <\/p>\n<p>[\/column]<br \/>\n[\/tab]<br \/>\n[tab title=&#8220;Technische Details&#8220;]<\/p>\n<h2>Dolmetscherzentrale DCN-CCU<\/h2>\n<ul>\n<li>Preisgekr\u00f6ntes Design<\/li>\n<li>Steuerung von bis zu 245 Contribution-Einheiten<\/li>\n<li>Steuervorrichtungen f\u00fcr eine unbegrenzte Anzahl von DCN-FCS Kanalw\u00e4hlereinheiten f\u00fcr 32 Kan\u00e4le<\/li>\n<li>Optisches Netzwerk f\u00fcr den Anschluss der zentralen Steuereinheit an PRS-4AEX4 Audio-Expander, um vielseitige Audio\u00fcbertragungen zu erm\u00f6glichen<\/li>\n<\/ul>\n<p>[\/tab]<br \/>\n[\/tabs]<\/p>\n<p>[spacer size=&#8220;20&#8243;]<br \/>\n[tabs style=&#8220;1&#8243;]<br \/>\n[tab title=&#8220;Artikel&#8220;]<\/p>\n<h2>Beyerdynamic Dolmetscherpult SIS 1202<\/h2>\n<p>[column size=&#8220;2-5&#8243; last=&#8220;0&#8243;]<\/p>\n<p><a href=\"https:\/\/konferenztechnik.de\/wp-content\/uploads\/2013\/09\/Dolmetscherpult_SIS1202_gross.jpg\"><img loading=\"lazy\" decoding=\"async\" width=\"800\" height=\"533\" src=\"https:\/\/konferenztechnik.de\/wp-content\/uploads\/2013\/09\/Dolmetscherpult_SIS1202_gross.jpg\" alt=\"Beyerdynamic Dolmetscherpult SIS 1202\" class=\"alignleft size-full wp-image-3011\" title=\"\" srcset=\"https:\/\/konferenztechnik.de\/wp-content\/uploads\/2013\/09\/Dolmetscherpult_SIS1202_gross.jpg 800w, https:\/\/konferenztechnik.de\/wp-content\/uploads\/2013\/09\/Dolmetscherpult_SIS1202_gross-300x200.jpg 300w, https:\/\/konferenztechnik.de\/wp-content\/uploads\/2013\/09\/Dolmetscherpult_SIS1202_gross-768x512.jpg 768w\" sizes=\"(max-width: 800px) 100vw, 800px\" \/><\/a><\/p>\n<p>[\/column]<br \/>\n[column size=&#8220;3-5&#8243; last=&#8220;1&#8243;]<\/p>\n<p>In einer schallisolierten Kabine kommt das Dolmetscherpult als wichtigstes Arbeitsger\u00e4t der Simultan\u00fcbersetzer zum Einsatz. Das Bedienfeld des SIS 1202 ist von Beyerdynamic als Doppelpult f\u00fcr den Einsatz von abwechselnd zwei Dolmetschern f\u00fcr einen nahtlosen \u00dcbersetzungsbetrieb konzipiert. Alle relevanten Einstellungen f\u00fcr den Betrieb (z.B. Abh\u00f6r-\/Relaisekan\u00e4le sowie Ausgangskan\u00e4le direkt oder im A\/B-Betrieb) k\u00f6nnen au\u00dfer durch einen Techniker an der Steuerzentrale auch von den Dolmetschern an den jeweiligen Pulten selbst vorgenommen werden, vor und sogar w\u00e4hrend des Dolmetschereinsatzes. Am Dolmetscherpult wird wahlweise \u00fcber Kopfh\u00f6rer und Mikrofon oder \u00fcber die DT 394.SIS H\u00f6rsprech-Kombination die Originalsprache des Redners abgeh\u00f6rt und simultan \u00fcbersetzt. Zus\u00e4tzlich kann durch den am Pult frei w\u00e4hlbaren Relaiskanal ohne Audio-Aussetzer mittels Knopfdruck auf die voreingestellte \u00dcbersetzung eines anderen Dolmetschers zur\u00fcckgegriffen werden (cabin pivot), falls die Originalsprache des Redners nicht beherrscht wird. Nat\u00fcrlich kann genauso schnell wieder zur Originalsprache zur\u00fcck gewechselt werden. \u00dcber das gro\u00df dimensionierte 4-zeilige Display k\u00f6nnen neben w\u00e4hlbaren Sprech- und Relaiskan\u00e4len auch die Informationen der patentierten Geh\u00f6rschutzfunktion EarPatron\u00ae in Echtzeit visualisiert werden. Angezeigt werden auch \u00fcber die Steuerzentrale individuell programmierbare n\u00fctzliche Daten, wie z.B. der Name des aktuellen Redners oder die Uhrzeit. \u00dcber ein weit sichtbares rotes On-Air-Signal wird der aktive \u00dcbersetzungsbetrieb des Dolmetscherpults aufgezeigt. \u00dcber eine Service-Taste kann der Dolmetscher bei Bedarf einen Service-Techniker mit einer Meldung auf dem Touchscreen der Steuerzentrale alarmieren. Der \u00dcbersetzer erh\u00e4lt durch den Techniker eine optische Quittierung. Eine auf die pers\u00f6nlichen Bed\u00fcrfnisse der Dolmetscher abstimmbare individuelle Klangregelung ist durch Lautst\u00e4rke-, H\u00f6hen- und Tiefeneinstellung pr\u00e4sent. Durch die Mute-Funktion (R\u00e4uspertaste) kann die Audio\u00fcbertragung in das System \u00fcber die Dauer der Bet\u00e4tigung unterbrochen werden. <\/p>\n<p>[\/column]<br \/>\n[\/tab]<br \/>\n[\/tabs]<\/p>\n<p>[spacer size=&#8220;20&#8243;]<br \/>\n[tabs style=&#8220;1&#8243;]<br \/>\n[tab title=&#8220;Artikel&#8220;]<\/p>\n<h2>Headset DT 394.SIS<\/h2>\n<p>[column size=&#8220;2-5&#8243; last=&#8220;0&#8243;]<\/p>\n<p><a href=\"https:\/\/konferenztechnik.de\/wp-content\/uploads\/2013\/09\/Dolmetschheadset_DT-394_SIS_gross.jpg\"><img loading=\"lazy\" decoding=\"async\" width=\"447\" height=\"600\" src=\"https:\/\/konferenztechnik.de\/wp-content\/uploads\/2013\/09\/Dolmetschheadset_DT-394_SIS_gross.jpg\" alt=\"Headset DT 394.SIS\" class=\"alignleft size-full wp-image-3012\" title=\"\" srcset=\"https:\/\/konferenztechnik.de\/wp-content\/uploads\/2013\/09\/Dolmetschheadset_DT-394_SIS_gross.jpg 447w, https:\/\/konferenztechnik.de\/wp-content\/uploads\/2013\/09\/Dolmetschheadset_DT-394_SIS_gross-224x300.jpg 224w\" sizes=\"(max-width: 447px) 100vw, 447px\" \/><\/a><\/p>\n<p>[\/column]<br \/>\n[column size=&#8220;3-5&#8243; last=&#8220;1&#8243;]<\/p>\n<p>Die mit 154 g extrem leichte H\u00f6rsprech-Garnitur DT 394.SIS mit gepolstertem Kopfb\u00fcgel f\u00fcr h\u00f6chsten Tragekomfort eignet sich besonders f\u00fcr Simultan\u00fcbersetzungen an Dolmetscherpulten. Leistungsstarke Neodym-Magnetsysteme in den halboffenen H\u00f6rern sowie das stufenlos verstellbare Kondensatormikrofon mit Nierencharakteristik und hoher St\u00f6rschallausl\u00f6schung auf einem flexiblen Schwanenhals sorgen f\u00fcr hervorragende Sprachverst\u00e4ndlichkeit. Der Anschluss des DT 394.SIS erfolgt \u00fcber 3 pol. XLR-Stecker und 6,35 mm Stereo-Klinkenstecker. Die pflegeleichten Ohrpolster k\u00f6nnen leicht ausgetauscht werden. Die Auslieferung erfolgt in einer Lederpolstertasche und beiliegend einem Paar Ersatzohrpolstern. <\/p>\n<p>[\/column]<br \/>\n[\/tab]<br \/>\n[\/tabs]<\/p>\n","protected":false},"excerpt":{"rendered":"<p>Dolmetscherkabinen und Dolmetschpulte Dolmetscherkabinen sind der Arbeitsplatz f\u00fcr Simultandolmetscher*innen. In den stark schallged\u00e4mmten Dolmetscherkabinen k\u00f6nnen Dolmetscher in Ruhe arbeiten, ohne Tagungsg\u00e4ste zu st\u00f6ren oder von Au\u00dfenger\u00e4uschen abgelenkt zu werden. In de Regel arbeiten Dolmetscher*innen im Team, deshalb bieten Kabinen Platz f\u00fcr mindesten zwei Personen. Die aufgesetzte Ventilation sorgt f\u00fcr ausreichend Frischluft. In unserem Sortiment finden [&hellip;]<\/p>\n","protected":false},"author":1,"featured_media":45482,"parent":3614,"menu_order":123,"comment_status":"closed","ping_status":"open","template":"page-right-sidebar.php","meta":{"_acf_changed":false,"footnotes":""},"class_list":["post-3062","page","type-page","status-publish","has-post-thumbnail","hentry"],"acf":[],"_links":{"self":[{"href":"https:\/\/konferenztechnik.de\/uk\/wp-json\/wp\/v2\/pages\/3062","targetHints":{"allow":["GET"]}}],"collection":[{"href":"https:\/\/konferenztechnik.de\/uk\/wp-json\/wp\/v2\/pages"}],"about":[{"href":"https:\/\/konferenztechnik.de\/uk\/wp-json\/wp\/v2\/types\/page"}],"author":[{"embeddable":true,"href":"https:\/\/konferenztechnik.de\/uk\/wp-json\/wp\/v2\/users\/1"}],"replies":[{"embeddable":true,"href":"https:\/\/konferenztechnik.de\/uk\/wp-json\/wp\/v2\/comments?post=3062"}],"version-history":[{"count":0,"href":"https:\/\/konferenztechnik.de\/uk\/wp-json\/wp\/v2\/pages\/3062\/revisions"}],"up":[{"embeddable":true,"href":"https:\/\/konferenztechnik.de\/uk\/wp-json\/wp\/v2\/pages\/3614"}],"wp:featuredmedia":[{"embeddable":true,"href":"https:\/\/konferenztechnik.de\/uk\/wp-json\/wp\/v2\/media\/45482"}],"wp:attachment":[{"href":"https:\/\/konferenztechnik.de\/uk\/wp-json\/wp\/v2\/media?parent=3062"}],"curies":[{"name":"wp","href":"https:\/\/api.w.org\/{rel}","templated":true}]}}