{"id":12802,"date":"2018-02-15T10:08:35","date_gmt":"2018-02-15T09:08:35","guid":{"rendered":"https:\/\/www.konferenztechnik.de\/?page_id=12802"},"modified":"2023-09-21T09:13:37","modified_gmt":"2023-09-21T07:13:37","slug":"%e7%a7%9f%e7%94%a8%e5%a4%9a%e7%89%b9%e8%92%99%e5%be%b7%e5%af%b9%e8%ae%b2%e7%ab%99","status":"publish","type":"page","link":"https:\/\/konferenztechnik.de\/zh\/%e7%a7%9f%e7%94%a8%e5%a4%9a%e7%89%b9%e8%92%99%e5%be%b7%e5%af%b9%e8%ae%b2%e7%ab%99\/","title":{"rendered":"\u591a\u7279\u8499\u5fb7\u5bf9\u8bb2\u7ad9\u51fa\u79df"},"content":{"rendered":"<div data-elementor-type=\"wp-page\" data-elementor-id=\"12802\" class=\"elementor elementor-12802\" data-elementor-post-type=\"page\">\n\t\t\t\t<div data-particle_enable=\"false\" data-particle-mobile-disabled=\"false\" class=\"elementor-element elementor-element-754e480d e-flex e-con-boxed e-con e-parent\" data-id=\"754e480d\" data-element_type=\"container\">\n\t\t\t\t\t<div class=\"e-con-inner\">\n\t\t\t\t<div class=\"elementor-element elementor-element-59be47ac elementor-widget elementor-widget-heading\" data-id=\"59be47ac\" data-element_type=\"widget\" data-settings=\"{&quot;_animation&quot;:&quot;none&quot;}\" data-widget_type=\"heading.default\">\n\t\t\t\t<div class=\"elementor-widget-container\">\n\t\t\t\t\t<h1 class=\"elementor-heading-title elementor-size-default\">\u591a\u7279\u8499\u5fb7 \u2013 PCS Konferenztechnik \u5728\u591a\u7279\u8499\u5fb7\u4e3a\u60a8\u7684\u4f1a\u8bae\u51fa\u79df\u65e0\u7ebf\u548c\u6709\u7ebf\u8ba8\u8bba\u7cfb\u7edf <\/h1>\t\t\t\t<\/div>\n\t\t\t\t<\/div>\n\t\t\t\t<div class=\"elementor-element elementor-element-1bd2aba6 elementor-widget-widescreen__width-inherit elementor-widget elementor-widget-image\" data-id=\"1bd2aba6\" data-element_type=\"widget\" data-widget_type=\"image.default\">\n\t\t\t\t<div class=\"elementor-widget-container\">\n\t\t\t\t\t\t\t\t\t\t\t\t\t\t\t<img fetchpriority=\"high\" decoding=\"async\" width=\"850\" height=\"380\" src=\"https:\/\/konferenztechnik.de\/wp-content\/uploads\/2017\/05\/veranstaltungstechnik-dortmund.jpg\" class=\"attachment-full size-full wp-image-10281\" alt=\"\" srcset=\"https:\/\/konferenztechnik.de\/wp-content\/uploads\/2017\/05\/veranstaltungstechnik-dortmund.jpg 850w, https:\/\/konferenztechnik.de\/wp-content\/uploads\/2017\/05\/veranstaltungstechnik-dortmund-300x134.jpg 300w, https:\/\/konferenztechnik.de\/wp-content\/uploads\/2017\/05\/veranstaltungstechnik-dortmund-768x343.jpg 768w\" sizes=\"(max-width: 850px) 100vw, 850px\" title=\"\">\t\t\t\t\t\t\t\t\t\t\t\t\t\t\t<\/div>\n\t\t\t\t<\/div>\n\t\t<div data-particle_enable=\"false\" data-particle-mobile-disabled=\"false\" class=\"elementor-element elementor-element-3639e04f e-flex e-con-boxed e-con e-child\" data-id=\"3639e04f\" data-element_type=\"container\">\n\t\t\t\t\t<div class=\"e-con-inner\">\n\t\t\t\t<div class=\"elementor-element elementor-element-1bde9a65 elementor-align-left elementor-widget elementor-widget-button\" data-id=\"1bde9a65\" data-element_type=\"widget\" data-widget_type=\"button.default\">\n\t\t\t\t<div class=\"elementor-widget-container\">\n\t\t\t\t\t\t\t\t\t<div class=\"elementor-button-wrapper\">\n\t\t\t\t\t<a class=\"elementor-button elementor-button-link elementor-size-lg\" href=\"#serviceteam\">\n\t\t\t\t\t\t<span class=\"elementor-button-content-wrapper\">\n\t\t\t\t\t\t<span class=\"elementor-button-icon\">\n\t\t\t\t<svg aria-hidden=\"true\" class=\"e-font-icon-svg e-far-arrow-alt-circle-down\" viewbox=\"0 0 512 512\" xmlns=\"http:\/\/www.w3.org\/2000\/svg\"><path d=\"M256 8C119 8 8 119 8 256s111 248 248 248 248-111 248-248S393 8 256 8zm0 448c-110.5 0-200-89.5-200-200S145.5 56 256 56s200 89.5 200 200-89.5 200-200 200zm-32-316v116h-67c-10.7 0-16 12.9-8.5 20.5l99 99c4.7 4.7 12.3 4.7 17 0l99-99c7.6-7.6 2.2-20.5-8.5-20.5h-67V140c0-6.6-5.4-12-12-12h-40c-6.6 0-12 5.4-12 12z\"><\/path><\/svg>\t\t\t<\/span>\n\t\t\t\t\t\t\t\t\t<span class=\"elementor-button-text\">\u7acb\u5373\u67e5\u8be2<\/span>\n\t\t\t\t\t<\/span>\n\t\t\t\t\t<\/a>\n\t\t\t\t<\/div>\n\t\t\t\t\t\t\t\t<\/div>\n\t\t\t\t<\/div>\n\t\t\t\t\t<\/div>\n\t\t\t\t<\/div>\n\t\t<div data-particle_enable=\"false\" data-particle-mobile-disabled=\"false\" class=\"elementor-element elementor-element-72611b83 e-flex e-con-boxed e-con e-child\" data-id=\"72611b83\" data-element_type=\"container\">\n\t\t\t\t\t<div class=\"e-con-inner\">\n\t\t\t\t<div class=\"elementor-element elementor-element-2db42322 elementor-widget elementor-widget-shortcode\" data-id=\"2db42322\" data-element_type=\"widget\" data-widget_type=\"shortcode.default\">\n\t\t\t\t<div class=\"elementor-widget-container\">\n\t\t\t\t\t\t\t<div class=\"elementor-shortcode\">\t\t<div data-elementor-type=\"section\" data-elementor-id=\"37185\" class=\"elementor elementor-37185\" data-elementor-post-type=\"elementor_library\">\n\t\t\t<div data-particle_enable=\"false\" data-particle-mobile-disabled=\"false\" class=\"elementor-element elementor-element-26482db e-flex e-con-boxed e-con e-parent\" data-id=\"26482db\" data-element_type=\"container\">\n\t\t\t\t\t<div class=\"e-con-inner\">\n\t\t\t\t<div class=\"elementor-element elementor-element-d8130b9 elementor-widget__width-inherit elementor-widget elementor-widget-eael-post-list\" data-id=\"d8130b9\" data-element_type=\"widget\" data-settings=\"{&quot;_animation&quot;:&quot;none&quot;}\" data-widget_type=\"eael-post-list.default\">\n\t\t\t\t<div class=\"elementor-widget-container\">\n\t\t\t\t\t<div class=\"eael-post-list-container advanced layout-advanced\"><div class=\"eael-post-list-wrap\"><div class=\"eael-post-list-posts-wrap eael-post-appender eael-post-appender-d8130b9\"><div class=\"eael-post-list-post\"><div class=\"eael-post-list-post-inner\"><div class=\"eael-post-list-thumbnail\"><a href=\"https:\/\/konferenztechnik.de\/zh\/televic-confidea-g4-%e8%ae%a8%e8%ae%ba%e7%b3%bb%e7%bb%9f\/\">\n                <img decoding=\"async\" src=\"https:\/\/konferenztechnik.de\/wp-content\/uploads\/2023\/06\/televic-confidea-g4-1.jpg\" alt=\"Televic Confidea G4 \u65e0\u7ebf\u4f1a\u8bae\u5355\u5143\" title=\"\">\n            <\/a><\/div><div class=\"eael-post-list-content\"><h3 class=\"eael-post-list-title\"><a href=\"https:\/\/konferenztechnik.de\/zh\/televic-confidea-g4-%e8%ae%a8%e8%ae%ba%e7%b3%bb%e7%bb%9f\/\" >Televic Confidea G4 \u2013 \u8ba8\u8bba\u88c5\u7f6e<\/a><\/h3><p>Confidea G4 \u65e0\u7ebf\u4f1a\u8bae\u7cfb\u7edf\u662f Flex \u7cfb\u7edf\u7684\u524d\u8eab\uff0c\u4e5f\u662f\u76ee\u524d\u6700\u5148\u8fdb\u7684\u65e0\u7ebf\u4f1a\u8bae\u7cfb\u7edf\u3002<\/p><a href=\"https:\/\/konferenztechnik.de\/zh\/televic-confidea-g4-%e8%ae%a8%e8%ae%ba%e7%b3%bb%e7%bb%9f\/\" class=\"eael-post-elements-readmore-btn\" >\u203a \u66f4\u591a<\/a><div class=\"boxed-meta\"><\/div><\/div><\/div><\/div><div class=\"eael-post-list-post\"><div class=\"eael-post-list-post-inner\"><div class=\"eael-post-list-thumbnail\"><a href=\"https:\/\/konferenztechnik.de\/zh\/%e8%88%92%e5%b0%94-microflex-%e5%ae%8c%e6%95%b4%e8%ae%a8%e8%ae%ba%e7%b3%bb%e7%bb%9f\/\">\n                <img decoding=\"async\" src=\"https:\/\/konferenztechnik.de\/wp-content\/uploads\/2023\/07\/shure-microflex-sprechstellen-jpg.webp\" alt=\"\u8212\u5c14 Microflex \u7cfb\u5217\u9ea6\u514b\u98ce\u88c5\u7f6e\" title=\"\">\n            <\/a><\/div><div class=\"eael-post-list-content\"><h3 class=\"eael-post-list-title\"><a href=\"https:\/\/konferenztechnik.de\/zh\/%e8%88%92%e5%b0%94-microflex-%e5%ae%8c%e6%95%b4%e8%ae%a8%e8%ae%ba%e7%b3%bb%e7%bb%9f\/\" >\u8212\u5c14 Microflex \u5168\u5957 \u2013 \u8ba8\u8bba\u7cfb\u7edf<\/a><\/h3><p>\u73b0\u4ee3\u7b80\u7ea6\u7684\u8bbe\u8ba1\u5178\u96c5\u800c\u4f4e\u8c03\uff0c\u975e\u5e38\u9002\u5408\u4e0e\u5176\u4ed6\u8bbe\u8ba1\u5143\u7d20\u642d\u914d\u3002<\/p><a href=\"https:\/\/konferenztechnik.de\/zh\/%e8%88%92%e5%b0%94-microflex-%e5%ae%8c%e6%95%b4%e8%ae%a8%e8%ae%ba%e7%b3%bb%e7%bb%9f\/\" class=\"eael-post-elements-readmore-btn\" >\u203a \u66f4\u591a<\/a><div class=\"boxed-meta\"><\/div><\/div><\/div><\/div><div class=\"eael-post-list-post\"><div class=\"eael-post-list-post-inner\"><div class=\"eael-post-list-thumbnail\"><a href=\"https:\/\/konferenztechnik.de\/zh\/televic-confidea-%e7%81%b5%e6%b4%bb%e8%ae%a8%e8%ae%ba%e7%b3%bb%e7%bb%9f\/\">\n                <img decoding=\"async\" src=\"https:\/\/konferenztechnik.de\/wp-content\/uploads\/2022\/06\/televic-confidea-flex.jpg\" alt=\"Televic Confidea Flex \u65e0\u7ebf\u4f1a\u8bae\u5355\u5143\" title=\"\">\n            <\/a><\/div><div class=\"eael-post-list-content\"><h3 class=\"eael-post-list-title\"><a href=\"https:\/\/konferenztechnik.de\/zh\/televic-confidea-%e7%81%b5%e6%b4%bb%e8%ae%a8%e8%ae%ba%e7%b3%bb%e7%bb%9f\/\" >Televic Confidea Flex \u2013 \u8ba8\u8bba\u88c5\u7f6e<\/a><\/h3><p>Confidea Flex \u7cfb\u7edf\u53ef\u8f7b\u677e\u9002\u5e94\u5404\u79cd\u5e94\u7528\u573a\u666f\u3002\u4ece...<\/p><a href=\"https:\/\/konferenztechnik.de\/zh\/televic-confidea-%e7%81%b5%e6%b4%bb%e8%ae%a8%e8%ae%ba%e7%b3%bb%e7%bb%9f\/\" class=\"eael-post-elements-readmore-btn\" >\u203a \u66f4\u591a<\/a><div class=\"boxed-meta\"><\/div><\/div><\/div><\/div><div class=\"eael-post-list-post\"><div class=\"eael-post-list-post-inner\"><div class=\"eael-post-list-thumbnail\"><a href=\"https:\/\/konferenztechnik.de\/zh\/%e5%8d%9a%e4%b8%96-dicentis-%e8%ae%a8%e8%ae%ba%e7%b3%bb%e7%bb%9f\/\">\n                <img decoding=\"async\" src=\"https:\/\/konferenztechnik.de\/wp-content\/uploads\/2022\/06\/bosch-dicentis-sprechstelle.jpg\" alt=\"\u535a\u4e16 Dicentis \u4f1a\u8bae\u9ea6\u514b\u98ce\u88c5\u7f6e\u914d\u6709\u9e45\u9888\u9ea6\u514b\u98ce\u548c\u4e00\u4e2a\u5c0f\u578b\u663e\u793a\u5c4f\uff0c\u7528\u4e8e\u8f93\u5165\u5176\u4ed6\u4fe1\u606f\u548c\u6570\u636e\" title=\"\">\n            <\/a><\/div><div class=\"eael-post-list-content\"><h3 class=\"eael-post-list-title\"><a href=\"https:\/\/konferenztechnik.de\/zh\/%e5%8d%9a%e4%b8%96-dicentis-%e8%ae%a8%e8%ae%ba%e7%b3%bb%e7%bb%9f\/\" >\u535a\u4e16 Dicentis \u2013 \u8ba8\u8bba\u88c5\u7f6e<\/a><\/h3><p>DICENTIS \u65e0\u7ebf\u4f1a\u8bae\u7cfb\u7edf\u5177\u6709\u9ad8\u5ea6\u7075\u6d3b\u6027\u548c\u5b89\u88c5\u7b80\u5355\u7684\u7279\u70b9\u3002<\/p><a href=\"https:\/\/konferenztechnik.de\/zh\/%e5%8d%9a%e4%b8%96-dicentis-%e8%ae%a8%e8%ae%ba%e7%b3%bb%e7%bb%9f\/\" class=\"eael-post-elements-readmore-btn\" >\u203a \u66f4\u591a<\/a><div class=\"boxed-meta\"><\/div><\/div><\/div><\/div><div class=\"eael-post-list-post\"><div class=\"eael-post-list-post-inner\"><div class=\"eael-post-list-thumbnail\"><a href=\"https:\/\/konferenztechnik.de\/zh\/%e6%a3%ae%e6%b5%b7%e5%a1%9e%e5%b0%94-adn-%e8%ae%a8%e8%ae%ba%e7%b3%bb%e7%bb%9f\/\">\n                <img decoding=\"async\" src=\"https:\/\/konferenztechnik.de\/wp-content\/uploads\/2022\/06\/sennheiser-adn.jpg\" alt=\"\u68ee\u6d77\u585e\u5c14 ADN \u65e0\u7ebf\u4f1a\u8bae\u5355\u5143\" title=\"\">\n            <\/a><\/div><div class=\"eael-post-list-content\"><h3 class=\"eael-post-list-title\"><a href=\"https:\/\/konferenztechnik.de\/zh\/%e6%a3%ae%e6%b5%b7%e5%a1%9e%e5%b0%94-adn-%e8%ae%a8%e8%ae%ba%e7%b3%bb%e7%bb%9f\/\" >\u68ee\u6d77\u585e\u5c14 ADN \u2013 \u8ba8\u8bba\u7cfb\u7edf<\/a><\/h3><p>ADN \u4f1a\u8bae\u7cfb\u7edf\u5177\u6709\u9ad8\u6548\u7684\u53cd\u9988\u6291\u5236\u529f\u80fd\u3002\u5b83...<\/p><a href=\"https:\/\/konferenztechnik.de\/zh\/%e6%a3%ae%e6%b5%b7%e5%a1%9e%e5%b0%94-adn-%e8%ae%a8%e8%ae%ba%e7%b3%bb%e7%bb%9f\/\" class=\"eael-post-elements-readmore-btn\" >\u203a \u66f4\u591a<\/a><div class=\"boxed-meta\"><\/div><\/div><\/div><\/div><div class=\"eael-post-list-post\"><div class=\"eael-post-list-post-inner\"><div class=\"eael-post-list-thumbnail\"><a href=\"https:\/\/konferenztechnik.de\/zh\/%e6%8b%9c%e4%ba%9a%e5%8a%a8%e5%8a%9b%e6%98%86%e5%a1%94%e8%ae%a8%e8%ae%ba%e7%b3%bb%e7%bb%9f\/\">\n                <img decoding=\"async\" src=\"https:\/\/konferenztechnik.de\/wp-content\/uploads\/2022\/06\/beyerdynamic-quinta.jpg\" alt=\"\u4f1a\u8bae\u9ea6\u514b\u98ce\u5355\u5143 Beyerdynamic Quinta\uff0c\u65e0\u7ebf\uff0c\u5e26\u9e45\u9888\u9ea6\u514b\u98ce\" title=\"\">\n            <\/a><\/div><div class=\"eael-post-list-content\"><h3 class=\"eael-post-list-title\"><a href=\"https:\/\/konferenztechnik.de\/zh\/%e6%8b%9c%e4%ba%9a%e5%8a%a8%e5%8a%9b%e6%98%86%e5%a1%94%e8%ae%a8%e8%ae%ba%e7%b3%bb%e7%bb%9f\/\" >\u62dc\u4e9a\u52a8\u529b Quinta \u2013 \u8ba8\u8bba\u7cfb\u7edf<\/a><\/h3><p>Beyerdynamic Quinta \u7cfb\u7edf\u4e13\u4e3a\u4f1a\u8bae\u3001\u89c6\u9891\u548c\u65b0\u95fb\u53d1\u5e03\u4f1a\u3001\u6cd5\u5ead\u7b49\u573a\u5408\u800c\u8bbe\u8ba1\u3002<\/p><a href=\"https:\/\/konferenztechnik.de\/zh\/%e6%8b%9c%e4%ba%9a%e5%8a%a8%e5%8a%9b%e6%98%86%e5%a1%94%e8%ae%a8%e8%ae%ba%e7%b3%bb%e7%bb%9f\/\" class=\"eael-post-elements-readmore-btn\" >\u203a \u66f4\u591a<\/a><div class=\"boxed-meta\"><\/div><\/div><\/div><\/div><div class=\"eael-post-list-post\"><div class=\"eael-post-list-post-inner\"><div class=\"eael-post-list-thumbnail\"><a href=\"https:\/\/konferenztechnik.de\/zh\/%e5%8d%9a%e4%b8%96%e8%ae%a8%e8%ae%ba%e7%b3%bb%e7%bb%9f\/\">\n                <img decoding=\"async\" src=\"https:\/\/konferenztechnik.de\/wp-content\/uploads\/2023\/06\/bosch-discussion-NG.jpg\" alt=\"\u535a\u4e16\u65b0\u4e00\u4ee3\u8ba8\u8bba\u5f0f\u9ea6\u514b\u98ce\u88c5\u7f6e\uff0c\u5e26\u8bed\u8a00\u9009\u62e9\u5668\uff0c\u7528\u4e8e\u5728\u9ea6\u514b\u98ce\u88c5\u7f6e\u4e0a\u8c03\u7528\u89e3\u91ca\u8bed\u8a00\" title=\"\">\n            <\/a><\/div><div class=\"eael-post-list-content\"><h3 class=\"eael-post-list-title\"><a href=\"https:\/\/konferenztechnik.de\/zh\/%e5%8d%9a%e4%b8%96%e8%ae%a8%e8%ae%ba%e7%b3%bb%e7%bb%9f\/\" >\u535a\u4e16 \u2013 \u8ba8\u8bba\u88c5\u7f6e<\/a><\/h3><p>DCN \u4f1a\u8bae\u89e3\u51b3\u65b9\u6848\u5177\u6709\u591a\u529f\u80fd\u6027\u7684\u7279\u70b9\uff0c\u53ef\u63d0\u4f9b\u9ad8\u8d28\u91cf\u7684\u97f3\u9891\u548c...<\/p><a href=\"https:\/\/konferenztechnik.de\/zh\/%e5%8d%9a%e4%b8%96%e8%ae%a8%e8%ae%ba%e7%b3%bb%e7%bb%9f\/\" class=\"eael-post-elements-readmore-btn\" >\u203a \u66f4\u591a<\/a><div class=\"boxed-meta\"><\/div><\/div><\/div><\/div><div class=\"eael-post-list-post\"><div class=\"eael-post-list-post-inner\"><div class=\"eael-post-list-thumbnail\"><a href=\"https:\/\/konferenztechnik.de\/zh\/%e5%8d%9a%e4%b8%96-ccs-1000-d-%e8%ae%a8%e8%ae%ba%e8%a3%85%e7%bd%ae\/\">\n                <img decoding=\"async\" src=\"https:\/\/konferenztechnik.de\/wp-content\/uploads\/2023\/06\/sennheiser-ccs-1000-d.jpg\" alt=\"\u535a\u4e16 CCS 1000 d \u578b\u4f20\u58f0\u5668\u7ad9\" title=\"\">\n            <\/a><\/div><div class=\"eael-post-list-content\"><h3 class=\"eael-post-list-title\"><a href=\"https:\/\/konferenztechnik.de\/zh\/%e5%8d%9a%e4%b8%96-ccs-1000-d-%e8%ae%a8%e8%ae%ba%e8%a3%85%e7%bd%ae\/\" >BOSCH CCS 1000 D \u2013 \u8ba8\u8bba\u88c5\u7f6e<\/a><\/h3><p>CCS 1000 D \u7684\u7b80\u6d01\u6027\u7ed9\u4eba\u7559\u4e0b\u4e86\u6df1\u523b\u5370\u8c61\uff0c\u540c\u65f6\u53c8\u4e0d\u5931\u6280\u672f\u521b\u65b0\u3002<\/p><a href=\"https:\/\/konferenztechnik.de\/zh\/%e5%8d%9a%e4%b8%96-ccs-1000-d-%e8%ae%a8%e8%ae%ba%e8%a3%85%e7%bd%ae\/\" class=\"eael-post-elements-readmore-btn\" >\u203a \u66f4\u591a<\/a><div class=\"boxed-meta\"><\/div><\/div><\/div><\/div><\/div><\/div>\n\t\t<\/div>\t\t\t\t<\/div>\n\t\t\t\t<\/div>\n\t\t\t\t\t<\/div>\n\t\t\t\t<\/div>\n\t\t\t\t<\/div>\n\t\t<\/div>\n\t\t\t\t\t\t<\/div>\n\t\t\t\t<\/div>\n\t\t\t\t\t<\/div>\n\t\t\t\t<\/div>\n\t\t\t\t\t<\/div>\n\t\t\t\t<\/div>\n\t\t<div data-particle_enable=\"false\" data-particle-mobile-disabled=\"false\" class=\"elementor-element elementor-element-48c1b994 e-flex e-con-boxed e-con e-parent\" data-id=\"48c1b994\" data-element_type=\"container\">\n\t\t\t\t\t<div class=\"e-con-inner\">\n\t\t\t\t<div class=\"elementor-element elementor-element-6e1c7fdc elementor-widget__width-initial elementor-widget elementor-widget-text-editor\" data-id=\"6e1c7fdc\" data-element_type=\"widget\" data-widget_type=\"text-editor.default\">\n\t\t\t\t<div class=\"elementor-widget-container\">\n\t\t\t\t\t\t\t\t\t<p>\u8db3\u7403\u5e76\u4e0d\u662f\u591a\u7279\u8499\u5fb7\u552f\u4e00\u7684\u4f53\u80b2\u8fd0\u52a8\u3002\u591a\u7279\u8499\u5fb7\u4f1a\u8bae\u4e2d\u5fc3\uff08Dortmund Congress Centre\uff09\u662f\u5a01\u65af\u7279\u6cd5\u4f26\u5dde\u6700\u5927\u7684\u4f1a\u8bae\u573a\u6240\uff0c\u8fd9\u5ea7\u57ce\u5e02\u8fd8\u5438\u5f15\u7740\u5927\u5927\u5c0f\u5c0f\u7684\u4f1a\u8bae\u3001\u5927\u4f1a\u548c\u5176\u4ed6\u6d3b\u52a8\u3002<\/p><p>\u00a0<\/p><p>\u60a8\u662f\u5426\u8ba1\u5212\u5728\u591a\u7279\u8499\u5fb7\u4e3e\u884c\u5c0f\u7ec4\u8ba8\u8bba\uff0c\u5e76\u9700\u8981\u9ea6\u514b\u98ce\u548c\u53e3\u8bd1\u53a2\u7b49\u5408\u9002\u7684\u6280\u672f\uff1fPCS Konferenztechnik \u662f\u8fd9\u65b9\u9762\u7684\u4e13\u5bb6\uff0c\u6211\u4eec\u5f88\u4e50\u610f\u4e3a\u60a8\u63d0\u4f9b\u5408\u9002\u7684\u8bbe\u5907\u3002\u6839\u636e\u60a8\u7684\u4f1a\u8bae\u89c4\u6a21\u548c\u7c7b\u578b\uff0c\u6211\u4eec\u53ef\u4ee5\u4e3a\u60a8\u914d\u5907\u6709\u7ebf\u6216\u65e0\u7ebf\u684c\u9762\u9ea6\u514b\u98ce\u88c5\u7f6e\u6216\u8ba8\u8bba\u7cfb\u7edf\u3002\u9664\u4e86\u4e2a\u6027\u5316\u7684\u4e13\u4e1a\u5efa\u8bae\u5916\uff0c\u6211\u4eec\u4e13\u4e1a\u7684\u6d3b\u52a8\u6280\u672f\u4eba\u5458\u4e5f\u5f88\u4e50\u610f\u4e3a\u60a8\u7684\u4f1a\u8bae\u63d0\u4f9b\u5168\u9762\u7684\u6280\u672f\u652f\u6301\u3002<\/p>\t\t\t\t\t\t\t\t<\/div>\n\t\t\t\t<\/div>\n\t\t\t\t<div class=\"elementor-element elementor-element-2c45f4c elementor-widget__width-initial elementor-widget elementor-widget-heading\" data-id=\"2c45f4c\" data-element_type=\"widget\" data-settings=\"{&quot;_animation&quot;:&quot;none&quot;}\" data-widget_type=\"heading.default\">\n\t\t\t\t<div class=\"elementor-widget-container\">\n\t\t\t\t\t<h2 class=\"elementor-heading-title elementor-size-default\">PCS \u4f1a\u8bae\u6280\u672f\u53f0\u5f0f\u9ea6\u514b\u98ce\u88c5\u7f6e\u7684\u578b\u53f7\u548c\u7279\u6b8a\u529f\u80fd<\/h2>\t\t\t\t<\/div>\n\t\t\t\t<\/div>\n\t\t\t\t<div class=\"elementor-element elementor-element-709eb545 elementor-widget elementor-widget-image\" data-id=\"709eb545\" data-element_type=\"widget\" data-widget_type=\"image.default\">\n\t\t\t\t<div class=\"elementor-widget-container\">\n\t\t\t\t\t\t\t\t\t\t\t\t\t\t\t<img decoding=\"async\" width=\"2550\" height=\"1074\" src=\"https:\/\/konferenztechnik.de\/wp-content\/uploads\/2023\/07\/sprechstellen-mieten-pcs-konferenztechnik-jpg.webp\" class=\"attachment-full size-full wp-image-37195\" alt=\"\u4e00\u6392\u4e3a\u4f1a\u8bae\u51c6\u5907\u7684\u4f1a\u8bae\u684c\uff0c\u6446\u653e\u7740\u4e66\u5199\u6750\u6599\u3001\u996e\u6599\u548c\u65e0\u7ebf\u4f1a\u8bae\u9ea6\u514b\u98ce--\u4e00\u5207\u4f3c\u4e4e\u90fd\u4e3a\u4f1a\u8bae\u505a\u597d\u4e86\u51c6\u5907\u3002\" srcset=\"https:\/\/konferenztechnik.de\/wp-content\/uploads\/2023\/07\/sprechstellen-mieten-pcs-konferenztechnik-jpg.webp 2550w, https:\/\/konferenztechnik.de\/wp-content\/uploads\/2023\/07\/sprechstellen-mieten-pcs-konferenztechnik-300x126.webp 300w, https:\/\/konferenztechnik.de\/wp-content\/uploads\/2023\/07\/sprechstellen-mieten-pcs-konferenztechnik-1024x431.webp 1024w, https:\/\/konferenztechnik.de\/wp-content\/uploads\/2023\/07\/sprechstellen-mieten-pcs-konferenztechnik-768x323.webp 768w, https:\/\/konferenztechnik.de\/wp-content\/uploads\/2023\/07\/sprechstellen-mieten-pcs-konferenztechnik-1536x647.webp 1536w, https:\/\/konferenztechnik.de\/wp-content\/uploads\/2023\/07\/sprechstellen-mieten-pcs-konferenztechnik-2048x863.webp 2048w, https:\/\/konferenztechnik.de\/wp-content\/uploads\/2023\/07\/sprechstellen-mieten-pcs-konferenztechnik-18x8.webp 18w\" sizes=\"(max-width: 2550px) 100vw, 2550px\" title=\"\">\t\t\t\t\t\t\t\t\t\t\t\t\t\t\t<\/div>\n\t\t\t\t<\/div>\n\t\t\t\t<div class=\"elementor-element elementor-element-2068367a elementor-align-right elementor-mobile-align-center elementor-widget elementor-widget-button\" data-id=\"2068367a\" data-element_type=\"widget\" data-widget_type=\"button.default\">\n\t\t\t\t<div class=\"elementor-widget-container\">\n\t\t\t\t\t\t\t\t\t<div class=\"elementor-button-wrapper\">\n\t\t\t\t\t<a class=\"elementor-button elementor-button-link elementor-size-lg\" href=\"#serviceteam\">\n\t\t\t\t\t\t<span class=\"elementor-button-content-wrapper\">\n\t\t\t\t\t\t<span class=\"elementor-button-icon\">\n\t\t\t\t<svg aria-hidden=\"true\" class=\"e-font-icon-svg e-far-arrow-alt-circle-down\" viewbox=\"0 0 512 512\" xmlns=\"http:\/\/www.w3.org\/2000\/svg\"><path d=\"M256 8C119 8 8 119 8 256s111 248 248 248 248-111 248-248S393 8 256 8zm0 448c-110.5 0-200-89.5-200-200S145.5 56 256 56s200 89.5 200 200-89.5 200-200 200zm-32-316v116h-67c-10.7 0-16 12.9-8.5 20.5l99 99c4.7 4.7 12.3 4.7 17 0l99-99c7.6-7.6 2.2-20.5-8.5-20.5h-67V140c0-6.6-5.4-12-12-12h-40c-6.6 0-12 5.4-12 12z\"><\/path><\/svg>\t\t\t<\/span>\n\t\t\t\t\t\t\t\t\t<span class=\"elementor-button-text\">\u7acb\u5373\u67e5\u8be2<\/span>\n\t\t\t\t\t<\/span>\n\t\t\t\t\t<\/a>\n\t\t\t\t<\/div>\n\t\t\t\t\t\t\t\t<\/div>\n\t\t\t\t<\/div>\n\t\t\t\t<div class=\"elementor-element elementor-element-7e854c3a elementor-widget__width-inherit elementor-widget elementor-widget-text-editor\" data-id=\"7e854c3a\" data-element_type=\"widget\" data-widget_type=\"text-editor.default\">\n\t\t\t\t<div class=\"elementor-widget-container\">\n\t\t\t\t\t\t\t\t\t<p>\u6211\u4eec\u63d0\u4f9b\u5404\u79cd\u578b\u53f7\u7684\u9ea6\u514b\u98ce\u88c5\u7f6e\uff1a\u53ef\u4ee5\u662f\u65e0\u7ebf\u7cfb\u7edf\uff0c\u4e5f\u53ef\u4ee5\u662f\u6709\u7ebf\u7cfb\u7edf\u3002\u4e0d\u5e26\u7535\u7f06\u7684\u9ea6\u514b\u98ce\u88c5\u7f6e\u53ef\u4ee5\u5feb\u901f\u65b9\u4fbf\u5730\u5b89\u88c5\u548c\u62c6\u5378\u3002\u53e6\u4e00\u65b9\u9762\uff0c\u5e26\u7535\u7f06\u7684\u9ea6\u514b\u98ce\u88c5\u7f6e\u975e\u5e38\u9002\u5408\u6301\u7eed\u6570\u5929\u7684\u4f1a\u8bae\uff0c\u56e0\u4e3a\u65e0\u9700\u6bcf\u5929\u7ed9\u7535\u6c60\u5145\u7535\u3002<\/p><p>\u00a0<\/p><p>\u4ece\u53e3\u8bd1\u95f4\u76f4\u63a5\u8fdb\u5165\u8033\u6735 \u2013 \u591a\u8bed\u79cd\u53e3\u8bd1\u9891\u9053\u53ef\u76f4\u63a5\u5728\u6211\u4eec\u7684\u8ba8\u8bba\u7cfb\u7edf\u4e0a\u6536\u542c\uff0c\u65e0\u9700\u989d\u5916\u7684\u4f1a\u8bae\u63a5\u6536\u5668\u3002\u9ea6\u514b\u98ce\u88c5\u7f6e\u4e0a\u7684\u96c6\u6210\u626c\u58f0\u5668\u53ef\u63d0\u4f9b\u58f0\u97f3\u3002\u4e0d\u8fc7\uff0c\u4e5f\u53ef\u4ee5\u8fde\u63a5\u516c\u5171\u5e7f\u64ad\u7cfb\u7edf\u3002<\/p><p>\u00a0<\/p><p>\u8fd8\u6709\u5404\u79cd\u8f6f\u4ef6\u89e3\u51b3\u65b9\u6848\u53ef\u7528\u4e8e\u4f1a\u8bae\u5f55\u5236\u3002\u7136\u540e\u53ef\u4ee5\u8fde\u63a5\u81ea\u52a8\u7403\u5f62\u6444\u50cf\u673a\uff0c\u7528\u4e8e\u89c6\u9891\u4f1a\u8bae\u3002\u5b83\u59cb\u7ec8\u5bf9\u51c6\u5f53\u524d\u6fc0\u6d3b\u7684\u9ea6\u514b\u98ce\u88c5\u7f6e\uff0c\u4f7f\u53d1\u8a00\u8005\u6210\u4e3a\u7126\u70b9\u3002\u56e0\u6b64\uff0c\u6211\u4eec\u7684\u9ea6\u514b\u98ce\u88c5\u7f6e\u59cb\u7ec8\u80fd\u786e\u4fdd\u6709\u5e8f\u7684\u4f1a\u8bae\u7eaa\u5f8b\u548c\u66f4\u9ad8\u7684\u8bed\u97f3\u6e05\u6670\u5ea6\uff0c\u5e76\u80fd\u4ee5\u591a\u79cd\u65b9\u5f0f\u4e0e\u5176\u4ed6\u6280\u672f\u76f8\u7ed3\u5408\u3002<\/p>\t\t\t\t\t\t\t\t<\/div>\n\t\t\t\t<\/div>\n\t\t\t\t<div class=\"elementor-element elementor-element-7bb2c380 elementor-widget__width-initial elementor-widget elementor-widget-heading\" data-id=\"7bb2c380\" data-element_type=\"widget\" data-settings=\"{&quot;_animation&quot;:&quot;none&quot;}\" data-widget_type=\"heading.default\">\n\t\t\t\t<div class=\"elementor-widget-container\">\n\t\t\t\t\t<h2 class=\"elementor-heading-title elementor-size-default\">\u591a\u7279\u8499\u5fb7\u9ea6\u514b\u98ce\u79df\u8d41\uff1aPCS \u63d0\u4f9b\u7684\u5236\u9020\u5546\u548c\u4f1a\u8bae\u7cfb\u7edf<\/h2>\t\t\t\t<\/div>\n\t\t\t\t<\/div>\n\t\t\t\t<div class=\"elementor-element elementor-element-1ca5a4f8 elementor-icon-list--layout-traditional elementor-list-item-link-full_width elementor-widget elementor-widget-icon-list\" data-id=\"1ca5a4f8\" data-element_type=\"widget\" data-widget_type=\"icon-list.default\">\n\t\t\t\t<div class=\"elementor-widget-container\">\n\t\t\t\t\t\t\t<ul class=\"elementor-icon-list-items\">\n\t\t\t\t\t\t\t<li class=\"elementor-icon-list-item\">\n\t\t\t\t\t\t\t\t\t\t\t<a href=\"https:\/\/konferenztechnik.de\/zh\/%e5%8d%9a%e4%b8%96-dicentis-%e8%ae%a8%e8%ae%ba%e7%b3%bb%e7%bb%9f\/\">\n\n\t\t\t\t\t\t\t\t\t\t\t\t<span class=\"elementor-icon-list-icon\">\n\t\t\t\t\t\t\t<svg aria-hidden=\"true\" class=\"e-font-icon-svg e-fas-check\" viewbox=\"0 0 512 512\" xmlns=\"http:\/\/www.w3.org\/2000\/svg\"><path d=\"M173.898 439.404l-166.4-166.4c-9.997-9.997-9.997-26.206 0-36.204l36.203-36.204c9.997-9.998 26.207-9.998 36.204 0L192 312.69 432.095 72.596c9.997-9.997 26.207-9.997 36.204 0l36.203 36.204c9.997 9.997 9.997 26.206 0 36.204l-294.4 294.401c-9.998 9.997-26.207 9.997-36.204-.001z\"><\/path><\/svg>\t\t\t\t\t\t<\/span>\n\t\t\t\t\t\t\t\t\t\t<span class=\"elementor-icon-list-text\">\u535a\u4e16 Dicentis \u9ea6\u514b\u98ce\u88c5\u7f6e \u2013 \u65e0\u7ebf\u4f1a\u8bae\u7cfb\u7edf<\/span>\n\t\t\t\t\t\t\t\t\t\t\t<\/a>\n\t\t\t\t\t\t\t\t\t<\/li>\n\t\t\t\t\t\t\t\t<li class=\"elementor-icon-list-item\">\n\t\t\t\t\t\t\t\t\t\t\t<a href=\"https:\/\/konferenztechnik.de\/zh\/televic-confidea-%e7%81%b5%e6%b4%bb%e8%ae%a8%e8%ae%ba%e7%b3%bb%e7%bb%9f\/\">\n\n\t\t\t\t\t\t\t\t\t\t\t\t<span class=\"elementor-icon-list-icon\">\n\t\t\t\t\t\t\t<svg aria-hidden=\"true\" class=\"e-font-icon-svg e-fas-check\" viewbox=\"0 0 512 512\" xmlns=\"http:\/\/www.w3.org\/2000\/svg\"><path d=\"M173.898 439.404l-166.4-166.4c-9.997-9.997-9.997-26.206 0-36.204l36.203-36.204c9.997-9.998 26.207-9.998 36.204 0L192 312.69 432.095 72.596c9.997-9.997 26.207-9.997 36.204 0l36.203 36.204c9.997 9.997 9.997 26.206 0 36.204l-294.4 294.401c-9.998 9.997-26.207 9.997-36.204-.001z\"><\/path><\/svg>\t\t\t\t\t\t<\/span>\n\t\t\t\t\t\t\t\t\t\t<span class=\"elementor-icon-list-text\">Televic Confidea Flex \u9ea6\u514b\u98ce\u88c5\u7f6e \u2013 \u65e0\u7ebf\u4f1a\u8bae\u7cfb\u7edf<\/span>\n\t\t\t\t\t\t\t\t\t\t\t<\/a>\n\t\t\t\t\t\t\t\t\t<\/li>\n\t\t\t\t\t\t\t\t<li class=\"elementor-icon-list-item\">\n\t\t\t\t\t\t\t\t\t\t\t<a href=\"https:\/\/konferenztechnik.de\/zh\/%e5%8d%9a%e4%b8%96-ccs-1000-d-%e8%ae%a8%e8%ae%ba%e8%a3%85%e7%bd%ae\/\">\n\n\t\t\t\t\t\t\t\t\t\t\t\t<span class=\"elementor-icon-list-icon\">\n\t\t\t\t\t\t\t<svg aria-hidden=\"true\" class=\"e-font-icon-svg e-fas-check\" viewbox=\"0 0 512 512\" xmlns=\"http:\/\/www.w3.org\/2000\/svg\"><path d=\"M173.898 439.404l-166.4-166.4c-9.997-9.997-9.997-26.206 0-36.204l36.203-36.204c9.997-9.998 26.207-9.998 36.204 0L192 312.69 432.095 72.596c9.997-9.997 26.207-9.997 36.204 0l36.203 36.204c9.997 9.997 9.997 26.206 0 36.204l-294.4 294.401c-9.998 9.997-26.207 9.997-36.204-.001z\"><\/path><\/svg>\t\t\t\t\t\t<\/span>\n\t\t\t\t\t\t\t\t\t\t<span class=\"elementor-icon-list-text\">BOSCH CCS 1000 D \u2013 \u8ba8\u8bba\u88c5\u7f6e<\/span>\n\t\t\t\t\t\t\t\t\t\t\t<\/a>\n\t\t\t\t\t\t\t\t\t<\/li>\n\t\t\t\t\t\t\t\t<li class=\"elementor-icon-list-item\">\n\t\t\t\t\t\t\t\t\t\t\t<a href=\"https:\/\/konferenztechnik.de\/zh\/%e5%8d%9a%e4%b8%96%e8%ae%a8%e8%ae%ba%e7%b3%bb%e7%bb%9f\/\">\n\n\t\t\t\t\t\t\t\t\t\t\t\t<span class=\"elementor-icon-list-icon\">\n\t\t\t\t\t\t\t<svg aria-hidden=\"true\" class=\"e-font-icon-svg e-fas-check\" viewbox=\"0 0 512 512\" xmlns=\"http:\/\/www.w3.org\/2000\/svg\"><path d=\"M173.898 439.404l-166.4-166.4c-9.997-9.997-9.997-26.206 0-36.204l36.203-36.204c9.997-9.998 26.207-9.998 36.204 0L192 312.69 432.095 72.596c9.997-9.997 26.207-9.997 36.204 0l36.203 36.204c9.997 9.997 9.997 26.206 0 36.204l-294.4 294.401c-9.998 9.997-26.207 9.997-36.204-.001z\"><\/path><\/svg>\t\t\t\t\t\t<\/span>\n\t\t\t\t\t\t\t\t\t\t<span class=\"elementor-icon-list-text\">\u535a\u4e16\u8ba8\u8bba\u9ea6\u514b\u98ce\u5355\u5143 \u2013 \u6709\u7ebf\u4f1a\u8bae\u7cfb\u7edf\uff08\u5305\u62ec\u53e3\u8bd1\u901a\u9053\/\u7ffb\u8bd1\uff09<\/span>\n\t\t\t\t\t\t\t\t\t\t\t<\/a>\n\t\t\t\t\t\t\t\t\t<\/li>\n\t\t\t\t\t\t\t\t<li class=\"elementor-icon-list-item\">\n\t\t\t\t\t\t\t\t\t\t\t<a href=\"https:\/\/konferenztechnik.de\/zh\/%e8%ae%a8%e8%ae%ba%e7%b3%bb%e7%bb%9f-%e9%ba%a6%e5%85%8b%e9%a3%8e%e5%8d%95%e5%85%83-%e7%a7%9f%e8%b5%81-%e8%b4%ad%e4%b9%b0-%e5%ae%89%e8%a3%85-%e7%a7%9f%e8%b5%81\/\">\n\n\t\t\t\t\t\t\t\t\t\t\t\t<span class=\"elementor-icon-list-icon\">\n\t\t\t\t\t\t\t<svg aria-hidden=\"true\" class=\"e-font-icon-svg e-fas-check\" viewbox=\"0 0 512 512\" xmlns=\"http:\/\/www.w3.org\/2000\/svg\"><path d=\"M173.898 439.404l-166.4-166.4c-9.997-9.997-9.997-26.206 0-36.204l36.203-36.204c9.997-9.998 26.207-9.998 36.204 0L192 312.69 432.095 72.596c9.997-9.997 26.207-9.997 36.204 0l36.203 36.204c9.997 9.997 9.997 26.206 0 36.204l-294.4 294.401c-9.998 9.997-26.207 9.997-36.204-.001z\"><\/path><\/svg>\t\t\t\t\t\t<\/span>\n\t\t\t\t\t\t\t\t\t\t<span class=\"elementor-icon-list-text\">\u8fd8\u6709\u66f4\u591a...<\/span>\n\t\t\t\t\t\t\t\t\t\t\t<\/a>\n\t\t\t\t\t\t\t\t\t<\/li>\n\t\t\t\t\t\t<\/ul>\n\t\t\t\t\t\t<\/div>\n\t\t\t\t<\/div>\n\t\t\t\t<div class=\"elementor-element elementor-element-47748f4 elementor-widget__width-inherit elementor-widget elementor-widget-text-editor\" data-id=\"47748f4\" data-element_type=\"widget\" data-widget_type=\"text-editor.default\">\n\t\t\t\t<div class=\"elementor-widget-container\">\n\t\t\t\t\t\t\t\t\t<p>\u00a0\u6211\u4eec\u4f18\u5148\u8003\u8651\u5bf9\u8bb2\u7ad9\u7684\u8d28\u91cf\u548c\u53ef\u9760\u6027\u3002\u56e0\u6b64\uff0c\u5bf9\u6280\u672f\u8fdb\u884c\u5b9a\u671f\u6d4b\u8bd5\u548c\u7ef4\u62a4\u662f PCS \u7406\u6240\u5f53\u7136\u7684\u5de5\u4f5c\uff0c\u8fd9\u6837\u6211\u4eec\u53ea\u51fa\u79df\u5de5\u4f5c\u72b6\u6001\u826f\u597d\u7684\u6280\u672f\u3002<\/p>\t\t\t\t\t\t\t\t<\/div>\n\t\t\t\t<\/div>\n\t\t\t\t<div class=\"elementor-element elementor-element-31db2f61 elementor-widget elementor-widget-image\" data-id=\"31db2f61\" data-element_type=\"widget\" data-widget_type=\"image.default\">\n\t\t\t\t<div class=\"elementor-widget-container\">\n\t\t\t\t\t\t\t\t\t\t\t\t\t\t\t<img decoding=\"async\" width=\"1200\" height=\"450\" src=\"https:\/\/konferenztechnik.de\/wp-content\/uploads\/2016\/10\/events-berlin.jpg\" class=\"attachment-full size-full wp-image-8486\" alt=\"\" srcset=\"https:\/\/konferenztechnik.de\/wp-content\/uploads\/2016\/10\/events-berlin.jpg 1200w, https:\/\/konferenztechnik.de\/wp-content\/uploads\/2016\/10\/events-berlin-300x113.jpg 300w, https:\/\/konferenztechnik.de\/wp-content\/uploads\/2016\/10\/events-berlin-1024x384.jpg 1024w, https:\/\/konferenztechnik.de\/wp-content\/uploads\/2016\/10\/events-berlin-768x288.jpg 768w\" sizes=\"(max-width: 1200px) 100vw, 1200px\" title=\"\">\t\t\t\t\t\t\t\t\t\t\t\t\t\t\t<\/div>\n\t\t\t\t<\/div>\n\t\t<div data-particle_enable=\"false\" data-particle-mobile-disabled=\"false\" class=\"elementor-element elementor-element-424f5f05 e-flex e-con-boxed e-con e-child\" data-id=\"424f5f05\" data-element_type=\"container\">\n\t\t\t\t\t<div class=\"e-con-inner\">\n\t\t\t\t<div class=\"elementor-element elementor-element-4b550729 elementor-align-left elementor-widget elementor-widget-button\" data-id=\"4b550729\" data-element_type=\"widget\" data-widget_type=\"button.default\">\n\t\t\t\t<div class=\"elementor-widget-container\">\n\t\t\t\t\t\t\t\t\t<div class=\"elementor-button-wrapper\">\n\t\t\t\t\t<a class=\"elementor-button elementor-button-link elementor-size-lg\" href=\"#serviceteam\">\n\t\t\t\t\t\t<span class=\"elementor-button-content-wrapper\">\n\t\t\t\t\t\t<span class=\"elementor-button-icon\">\n\t\t\t\t<svg aria-hidden=\"true\" class=\"e-font-icon-svg e-far-arrow-alt-circle-down\" viewbox=\"0 0 512 512\" xmlns=\"http:\/\/www.w3.org\/2000\/svg\"><path d=\"M256 8C119 8 8 119 8 256s111 248 248 248 248-111 248-248S393 8 256 8zm0 448c-110.5 0-200-89.5-200-200S145.5 56 256 56s200 89.5 200 200-89.5 200-200 200zm-32-316v116h-67c-10.7 0-16 12.9-8.5 20.5l99 99c4.7 4.7 12.3 4.7 17 0l99-99c7.6-7.6 2.2-20.5-8.5-20.5h-67V140c0-6.6-5.4-12-12-12h-40c-6.6 0-12 5.4-12 12z\"><\/path><\/svg>\t\t\t<\/span>\n\t\t\t\t\t\t\t\t\t<span class=\"elementor-button-text\">\u7acb\u5373\u67e5\u8be2<\/span>\n\t\t\t\t\t<\/span>\n\t\t\t\t\t<\/a>\n\t\t\t\t<\/div>\n\t\t\t\t\t\t\t\t<\/div>\n\t\t\t\t<\/div>\n\t\t\t\t\t<\/div>\n\t\t\t\t<\/div>\n\t\t\t\t<div class=\"elementor-element elementor-element-24f72080 elementor-widget elementor-widget-eael-adv-accordion\" data-id=\"24f72080\" data-element_type=\"widget\" data-widget_type=\"eael-adv-accordion.default\">\n\t\t\t\t<div class=\"elementor-widget-container\">\n\t\t\t\t\t            <div class=\"eael-adv-accordion\" id=\"eael-adv-accordion-24f72080\" data-scroll-on-click=\"no\" data-scroll-speed=\"300\" data-accordion-id=\"24f72080\" data-accordion-type=\"accordion\" data-toogle-speed=\"300\">\n            <div class=\"eael-accordion-list\">\n\t\t\t\t\t<div id=\"veranstaltungsorte-fr-events-und-kongresse-in-dortmund\" class=\"elementor-tab-title eael-accordion-header\" tabindex=\"0\" data-tab=\"1\" aria-controls=\"elementor-tab-content-6201\"><span class=\"eael-advanced-accordion-icon-closed\"><svg aria-hidden=\"true\" class=\"fa-accordion-icon e-font-icon-svg e-fas-plus\" viewbox=\"0 0 448 512\" xmlns=\"http:\/\/www.w3.org\/2000\/svg\"><path d=\"M416 208H272V64c0-17.67-14.33-32-32-32h-32c-17.67 0-32 14.33-32 32v144H32c-17.67 0-32 14.33-32 32v32c0 17.67 14.33 32 32 32h144v144c0 17.67 14.33 32 32 32h32c17.67 0 32-14.33 32-32V304h144c17.67 0 32-14.33 32-32v-32c0-17.67-14.33-32-32-32z\"><\/path><\/svg><\/span><span class=\"eael-advanced-accordion-icon-opened\"><svg aria-hidden=\"true\" class=\"fa-accordion-icon e-font-icon-svg e-fas-minus\" viewbox=\"0 0 448 512\" xmlns=\"http:\/\/www.w3.org\/2000\/svg\"><path d=\"M416 208H32c-17.67 0-32 14.33-32 32v32c0 17.67 14.33 32 32 32h384c17.67 0 32-14.33 32-32v-32c0-17.67-14.33-32-32-32z\"><\/path><\/svg><\/span><span class=\"eael-accordion-tab-title\">\u591a\u7279\u8499\u5fb7\u7684\u6d3b\u52a8\u548c\u4f1a\u8bae\u573a\u6240<\/span><svg aria-hidden=\"true\" class=\"fa-toggle e-font-icon-svg e-fas-angle-right\" viewbox=\"0 0 256 512\" xmlns=\"http:\/\/www.w3.org\/2000\/svg\"><path d=\"M224.3 273l-136 136c-9.4 9.4-24.6 9.4-33.9 0l-22.6-22.6c-9.4-9.4-9.4-24.6 0-33.9l96.4-96.4-96.4-96.4c-9.4-9.4-9.4-24.6 0-33.9L54.3 103c9.4-9.4 24.6-9.4 33.9 0l136 136c9.5 9.4 9.5 24.6.1 34z\"><\/path><\/svg><\/div><div id=\"elementor-tab-content-6201\" class=\"eael-accordion-content clearfix\" data-tab=\"1\" aria-labelledby=\"veranstaltungsorte-fr-events-und-kongresse-in-dortmund\"><ul><li>\u591a\u7279\u8499\u5fb7 Westfalenhallen \u5c55\u89c8\u4e2d\u5fc3<\/li><li>\u8fea\u7279\u91cc\u5e0c-\u5e93\u5b81\u6545\u5c45<\/li><li>\u97e6\u82cf\u68ee\u57ce\u5821<\/li><li>\u591a\u7279\u8499\u5fb7 U<\/li><li>\u6797\u8f9b-\u5361\u91cc\u4f1a\u8bae\u4e2d\u5fc3<\/li><li>\u591a\u7279\u8499\u5fb7\u97f3\u4e50\u5385<\/li><li>\u591a\u7279\u8499\u5fb7\u6d3b\u52a8\u6559\u5802<\/li><li>\u74e6\u5c14\u7279\u5148\u751f<\/li><li>\u970d\u5e0c\u535a\u7269\u9986<\/li><li>\u5fb7\u56fd\u8db3\u7403\u535a\u7269\u9986<\/li><li>\u591a\u7279\u8499\u5fb7\u7535\u5f71\u4e4b\u661f<\/li><li>\u5e03\u62c9\u8328\u6d77\u59c6\u7238\u7238<\/li><li>\u4fe1\u53f7\u4f0a\u675c\u7eb3\u516c\u56ed<\/li><li>\u5f17\u8d56\u65bd<\/li><li>\u6c49\u8428\u7126\u5316\u5382<\/li><li>\u5df4\u7f57\u666e\u591a\u5c42\u505c\u8f66\u573a \u2013 Stolzenhoff<\/li><li>\u9ad8\u5cf0\u65f6\u6bb5<\/li><li>\u516c\u56ed\u91cc\u7684 Sch\u00fcrmanns<\/li><li>\u6e56\u5fc3\u4ead<\/li><li>Eventhouse \/ \u9633\u5149\u9152\u5e97<\/li><li>\u827a\u672f\u4e0e\u6587\u5316\u5386\u53f2\u535a\u7269\u9986\u5706\u5f62\u5927\u5385<\/li><\/ul><\/div>\n\t\t\t\t\t<\/div><div class=\"eael-accordion-list\">\n\t\t\t\t\t<div id=\"die-wichtigsten-veranstaltungshotels-in-dortmund\" class=\"elementor-tab-title eael-accordion-header\" tabindex=\"0\" data-tab=\"2\" aria-controls=\"elementor-tab-content-6202\"><span class=\"eael-advanced-accordion-icon-closed\"><svg aria-hidden=\"true\" class=\"fa-accordion-icon e-font-icon-svg e-fas-plus\" viewbox=\"0 0 448 512\" xmlns=\"http:\/\/www.w3.org\/2000\/svg\"><path d=\"M416 208H272V64c0-17.67-14.33-32-32-32h-32c-17.67 0-32 14.33-32 32v144H32c-17.67 0-32 14.33-32 32v32c0 17.67 14.33 32 32 32h144v144c0 17.67 14.33 32 32 32h32c17.67 0 32-14.33 32-32V304h144c17.67 0 32-14.33 32-32v-32c0-17.67-14.33-32-32-32z\"><\/path><\/svg><\/span><span class=\"eael-advanced-accordion-icon-opened\"><svg aria-hidden=\"true\" class=\"fa-accordion-icon e-font-icon-svg e-fas-minus\" viewbox=\"0 0 448 512\" xmlns=\"http:\/\/www.w3.org\/2000\/svg\"><path d=\"M416 208H32c-17.67 0-32 14.33-32 32v32c0 17.67 14.33 32 32 32h384c17.67 0 32-14.33 32-32v-32c0-17.67-14.33-32-32-32z\"><\/path><\/svg><\/span><span class=\"eael-accordion-tab-title\">\u591a\u7279\u8499\u5fb7\u6700\u91cd\u8981\u7684\u6d3b\u52a8\u9152\u5e97<\/span><svg aria-hidden=\"true\" class=\"fa-toggle e-font-icon-svg e-fas-angle-right\" viewbox=\"0 0 256 512\" xmlns=\"http:\/\/www.w3.org\/2000\/svg\"><path d=\"M224.3 273l-136 136c-9.4 9.4-24.6 9.4-33.9 0l-22.6-22.6c-9.4-9.4-9.4-24.6 0-33.9l96.4-96.4-96.4-96.4c-9.4-9.4-9.4-24.6 0-33.9L54.3 103c9.4-9.4 24.6-9.4 33.9 0l136 136c9.5 9.4 9.5 24.6.1 34z\"><\/path><\/svg><\/div><div id=\"elementor-tab-content-6202\" class=\"eael-accordion-content clearfix\" data-tab=\"2\" aria-labelledby=\"die-wichtigsten-veranstaltungshotels-in-dortmund\"><ul><li>\u7ef4\u7279\u91d1\u7ecd\u592b\u516c\u56ed\u9152\u5e97<\/li><li>\u591a\u7279\u8499\u5fb7\u4e3d\u7b19\u9152\u5e97<\/li><li>\u591a\u7279\u8499\u5fb7\u7f8e\u5c45\u9152\u5e97\uff08Mercure Hotel Dortmund Messe &amp; Kongress Westfalenhallen<\/li><li>\u591a\u7279\u8499\u5fb7\u4e2d\u5fc3\u7f8e\u5c45\u9152\u5e97<\/li><li>\u591a\u7279\u8499\u5fb7\u963f\u5361\u8fea\u4e9a\u5927\u9152\u5e97<\/li><li>\u5fb7\u96f7\u65af\u9152\u5e97<\/li><li>\u591a\u7279\u8499\u5fb7\u673a\u573a\u6700\u4f73\u897f\u65b9\u9152\u5e97<\/li><li>\u591a\u7279\u8499\u5fb7\u9876\u7ea7\u4f1a\u8bae\u4e2d\u5fc3<\/li><li>TOP Hotel Esplanade<\/li><li>\u591a\u7279\u8499\u5fb7 Steigenberger \u9152\u5e97<\/li><li>\u963f\u9053\u592b-\u79d1\u5c14\u5e73 DJH \u9752\u5e74\u5bbe\u9986<\/li><\/ul><\/div>\n\t\t\t\t\t<\/div><div class=\"eael-accordion-list\">\n\t\t\t\t\t<div id=\"messe-dortmund-und-die-wichtigsten-messetermine\" class=\"elementor-tab-title eael-accordion-header\" tabindex=\"0\" data-tab=\"3\" aria-controls=\"elementor-tab-content-6203\"><span class=\"eael-advanced-accordion-icon-closed\"><svg aria-hidden=\"true\" class=\"fa-accordion-icon e-font-icon-svg e-fas-plus\" viewbox=\"0 0 448 512\" xmlns=\"http:\/\/www.w3.org\/2000\/svg\"><path d=\"M416 208H272V64c0-17.67-14.33-32-32-32h-32c-17.67 0-32 14.33-32 32v144H32c-17.67 0-32 14.33-32 32v32c0 17.67 14.33 32 32 32h144v144c0 17.67 14.33 32 32 32h32c17.67 0 32-14.33 32-32V304h144c17.67 0 32-14.33 32-32v-32c0-17.67-14.33-32-32-32z\"><\/path><\/svg><\/span><span class=\"eael-advanced-accordion-icon-opened\"><svg aria-hidden=\"true\" class=\"fa-accordion-icon e-font-icon-svg e-fas-minus\" viewbox=\"0 0 448 512\" xmlns=\"http:\/\/www.w3.org\/2000\/svg\"><path d=\"M416 208H32c-17.67 0-32 14.33-32 32v32c0 17.67 14.33 32 32 32h384c17.67 0 32-14.33 32-32v-32c0-17.67-14.33-32-32-32z\"><\/path><\/svg><\/span><span class=\"eael-accordion-tab-title\">\u591a\u7279\u8499\u5fb7\u535a\u89c8\u4f1a\u548c\u6700\u91cd\u8981\u7684\u5c55\u4f1a\u65e5\u671f<\/span><svg aria-hidden=\"true\" class=\"fa-toggle e-font-icon-svg e-fas-angle-right\" viewbox=\"0 0 256 512\" xmlns=\"http:\/\/www.w3.org\/2000\/svg\"><path d=\"M224.3 273l-136 136c-9.4 9.4-24.6 9.4-33.9 0l-22.6-22.6c-9.4-9.4-9.4-24.6 0-33.9l96.4-96.4-96.4-96.4c-9.4-9.4-9.4-24.6 0-33.9L54.3 103c9.4-9.4 24.6-9.4 33.9 0l136 136c9.5 9.4 9.5 24.6.1 34z\"><\/path><\/svg><\/div><div id=\"elementor-tab-content-6203\" class=\"eael-accordion-content clearfix\" data-tab=\"3\" aria-labelledby=\"messe-dortmund-und-die-wichtigsten-messetermine\"><ul><li>\u5fb7\u56fd\u86cb\u7cd5\u4e0e\u70d8\u7119<\/li><li>\u56fd\u9645\u6700\u4f73\u6d3b\u52a8<\/li><li>\u5fb7\u56fd\u4fe1\u9e3d\u5c55\u89c8<\/li><li>\u773c\u955c\u516c\u53f8<\/li><li>vivanti<\/li><li>\u591a\u7279\u8499\u5fb7<\/li><li>\u72e9\u730e\u4e0e\u72d7<\/li><li>\u9c7c\u4e0e\u5929\u4f7f<\/li><li>\u7535\u6c14\u5de5\u7a0b<\/li><li>\u6d17\u8863\u53ca\u5176\u4ed6<\/li><li>\u7ef4\u62a4\u591a\u7279\u8499\u5fb7<\/li><li>\u6cf5\u548c\u9600\u95e8<\/li><li>\u56fd\u9645\u535a\u7269\u9986\u534f\u4f1a<\/li><li>\u62cd\u6444\u7528\u54c1<\/li><li>\u56de\u6536\u6280\u672f<\/li><li>\u5b9e\u8df5\u751f\u4ea7<\/li><li>WM \u5de5\u4f5c\u574a\u535a\u89c8\u4f1a<\/li><li>\u516c\u5e73\u7684\u670b\u53cb<\/li><li>InterTabac<\/li><li>\u6700\u521d\u7684<\/li><li>\u591a\u7279\u8499\u5fb7\u79cb<\/li><li>DKM<\/li><li>\u5fb7\u56fd\u591a\u7279\u8499\u5fb7\u52a8\u6f2b\u5c55<\/li><\/ul><\/div>\n\t\t\t\t\t<\/div><\/div>\t\t\t\t<\/div>\n\t\t\t\t<\/div>\n\t\t\t\t\t<\/div>\n\t\t\t\t<\/div>\n\t\t<div data-particle_enable=\"false\" data-particle-mobile-disabled=\"false\" class=\"elementor-element elementor-element-13c4e62e e-flex e-con-boxed e-con e-parent\" data-id=\"13c4e62e\" data-element_type=\"container\">\n\t\t\t\t\t<div class=\"e-con-inner\">\n\t\t\t\t<div class=\"elementor-element elementor-element-4ab699c0 elementor-widget elementor-widget-shortcode\" data-id=\"4ab699c0\" data-element_type=\"widget\" data-widget_type=\"shortcode.default\">\n\t\t\t\t<div class=\"elementor-widget-container\">\n\t\t\t\t\t\t\t<div class=\"elementor-shortcode\"><\/div>\n\t\t\t\t\t\t<\/div>\n\t\t\t\t<\/div>\n\t\t\t\t\t<\/div>\n\t\t\t\t<\/div>\n\t\t\t\t<\/div>","protected":false},"excerpt":{"rendered":"<p>Sprechstellen mieten Dortmund \u2013 PCS Konferenztechnik vermietet drahtlose und drahtgebundene Diskussionsanlagen f\u00fcr Ihre Tagung oder Konferenz in Dortmund Jetzt anfragen In Dortmund wird nicht nur Fu\u00dfball gespielt. Mit dem Kongresszentrum Dortmund als gr\u00f6\u00dfter Tagungsst\u00e4tte Westfalens ist diese Stadt auch ein Magnet f\u00fcr gro\u00dfe und kleine Meetings, Konferenzen, Kongresse und andere Veranstaltungen. \u00a0 Sie planen eine [&hellip;]<\/p>","protected":false},"author":1,"featured_media":45482,"parent":0,"menu_order":0,"comment_status":"closed","ping_status":"closed","template":"","meta":{"_acf_changed":false,"footnotes":""},"class_list":["post-12802","page","type-page","status-publish","has-post-thumbnail","hentry"],"acf":[],"_links":{"self":[{"href":"https:\/\/konferenztechnik.de\/zh\/wp-json\/wp\/v2\/pages\/12802","targetHints":{"allow":["GET"]}}],"collection":[{"href":"https:\/\/konferenztechnik.de\/zh\/wp-json\/wp\/v2\/pages"}],"about":[{"href":"https:\/\/konferenztechnik.de\/zh\/wp-json\/wp\/v2\/types\/page"}],"author":[{"embeddable":true,"href":"https:\/\/konferenztechnik.de\/zh\/wp-json\/wp\/v2\/users\/1"}],"replies":[{"embeddable":true,"href":"https:\/\/konferenztechnik.de\/zh\/wp-json\/wp\/v2\/comments?post=12802"}],"version-history":[{"count":0,"href":"https:\/\/konferenztechnik.de\/zh\/wp-json\/wp\/v2\/pages\/12802\/revisions"}],"wp:featuredmedia":[{"embeddable":true,"href":"https:\/\/konferenztechnik.de\/zh\/wp-json\/wp\/v2\/media\/45482"}],"wp:attachment":[{"href":"https:\/\/konferenztechnik.de\/zh\/wp-json\/wp\/v2\/media?parent=12802"}],"curies":[{"name":"wp","href":"https:\/\/api.w.org\/{rel}","templated":true}]}}