{"id":9847,"date":"2017-04-24T15:13:06","date_gmt":"2017-04-24T14:13:06","guid":{"rendered":"https:\/\/www.konferenztechnik.de\/?page_id=9847\/"},"modified":"2023-09-01T11:50:04","modified_gmt":"2023-09-01T09:50:04","slug":"%e8%b4%ad%e4%b9%b0%e4%bc%9a%e8%ae%ae%e6%8a%80%e6%9c%af","status":"publish","type":"page","link":"https:\/\/konferenztechnik.de\/zh\/%e8%b4%ad%e4%b9%b0%e4%bc%9a%e8%ae%ae%e6%8a%80%e6%9c%af\/","title":{"rendered":"\u8d2d\u4e70\u4f1a\u8bae\u6280\u672f"},"content":{"rendered":"<p>[column size=\"3-4\u2033 last=\"0\u2033]<\/p>\n<h1>\u8d2d\u4e70\u4f1a\u8bae\u6280\u672f \u2013 \u9500\u552e\u4f1a\u8bae\u548c AV \u5a92\u4f53\u6280\u672f<\/h1>\n<p>[rev_slider\u522b\u540d=\"\u9500\u552e\"]<br \/>\n[spacer size=\"10\u2033]<\/p>\n<p>PCS \u4ee5\u6bcf\u65e5\u66f4\u65b0\u7684\u4ef7\u683c\u9500\u552e\u5546\u4e1a\u7528\u9014\u7684\u4e13\u4e1a\u6280\u672f\uff0c\u5305\u62ec\u54a8\u8be2\u548c\u552e\u540e\u670d\u52a1\u3002\u6211\u4eec\u63d0\u4f9b\u72ec\u7acb\u4e8e\u5236\u9020\u5546\u7684\u5efa\u8bae\uff0c\u5e76\u5f88\u4e50\u610f\u6839\u636e\u60a8\u7684\u9700\u6c42\u91cf\u8eab\u5b9a\u5236\u4e00\u5957\u7cfb\u7edf\u3002<\/p>\n<p>\u60a8\u662f\u5426\u6b63\u5728\u5bfb\u627e\u4f1a\u8bae\u548c\u5a92\u4f53\u7cfb\u7edf\uff0c\u6216\u8005\u60a8\u662f\u5426\u9700\u8981\u97f3\u9891\u6216\u89c6\u9891\u6280\u672f\uff1f\u6211\u4eec\u662f\u8fd9\u4e9b\u9886\u57df\u77e5\u540d\u4e13\u4e1a\u5236\u9020\u5546\u7684\u9500\u552e\u5408\u4f5c\u4f19\u4f34\u3002\u60a8\u53ef\u4ee5\u4ece\u6211\u4eec\u8fd9\u91cc\u8d2d\u4e70\u5c0f\u578b\u548c\u5927\u578b\u89c6\u542c\u6280\u672f\u7cfb\u7edf\uff0c\u4ee5\u53ca\u5355\u4e2a\u7ec4\u4ef6\u3001\u5907\u4ef6\u548c\u914d\u4ef6\u3002<\/p>\n<p>[\/column]<\/p>\n<p>[column size=\"1-4\u2033 last=\"1\u2033]<br \/>\n[spacer size=\"98\u2033]<\/p>\n<div class=\"box1-4\" style=\"margin-bottom: 0!important\">\n<b><span class=\"pcs-color\">\u54a8\u8be2\u548c\u9500\u552e<\/span><\/b><br \/>\n<img fetchpriority=\"high\" decoding=\"async\" width=\"2560\" height=\"1920\" src=\"https:\/\/konferenztechnik.de\/wp-content\/uploads\/2021\/06\/enriko-hucke-pcs-gmbh-scaled-1.jpg\" alt=\"\" class=\"alignleft size-full wp-image-17441\" title=\"\" srcset=\"https:\/\/konferenztechnik.de\/wp-content\/uploads\/2021\/06\/enriko-hucke-pcs-gmbh-scaled-1.jpg 2560w, https:\/\/konferenztechnik.de\/wp-content\/uploads\/2021\/06\/enriko-hucke-pcs-gmbh-scaled-1-300x225.jpg 300w, https:\/\/konferenztechnik.de\/wp-content\/uploads\/2021\/06\/enriko-hucke-pcs-gmbh-scaled-1-1024x768.jpg 1024w, https:\/\/konferenztechnik.de\/wp-content\/uploads\/2021\/06\/enriko-hucke-pcs-gmbh-scaled-1-768x576.jpg 768w, https:\/\/konferenztechnik.de\/wp-content\/uploads\/2021\/06\/enriko-hucke-pcs-gmbh-scaled-1-1536x1152.jpg 1536w, https:\/\/konferenztechnik.de\/wp-content\/uploads\/2021\/06\/enriko-hucke-pcs-gmbh-scaled-1-2048x1536.jpg 2048w\" sizes=\"(max-width: 2560px) 100vw, 2560px\" \/><br \/>\n\u8bf7\u7ed9\u6211\u4eec\u6253\u7535\u8bdd\uff01<br \/>\n<a href=\"tel:+49 21173779820\"><b>+49 211 737798 20<\/b><\/a><br \/>\n\u6216\u53d1\u9001\u7535\u5b50\u90ae\u4ef6\u81f3<br \/>\n<span class=\"volleansicht\"><a href=\"mailto:vertrieb@konferenztechnik.de\" onclick=\"ga('send', 'event', 'Email-Klick', 'Kontakt Vertrieb');\">vertrieb@konferenztechnik.de<\/a><br \/>\n<\/span><br \/>\n<span class=\"mobileansicht\"><a href=\"mailto:vertrieb@konferenztechnik.de\" onclick=\"ga('send', 'event', 'Email-Klick', 'Kontakt Vertrieb');\">\u5199\u9053<\/a><br \/>\n<\/span><\/div>\n<p>[\/column]<\/p>\n<p>[spacer size=\"20\u2033]<\/p>\n<hr>\n<p>[spacer size=\"20\u2033]<\/p>\n<h2>\u6309\u4ea7\u54c1\u7c7b\u522b\u9009\u62e9<\/h2>\n<p>[spacer size=\"10\u2033]<br \/>\n[column size=\"1-2\u2033 last=\"0\u2033]<br \/>\n<a href=\"\/zh\/%e5%88%86%e5%8f%91%e4%bc%9a%e8%ae%ae%e5%92%8c-av-%e5%aa%92%e4%bd%93%e6%8a%80%e6%9c%af\/%e5%af%bc%e5%90%91%e7%b3%bb%e7%bb%9f-2\/\"><\/p>\n<h3 class=\"pcs-color\"><strong>\u8d2d\u4e70\u5236\u5bfc\u7cfb\u7edf<\/strong><\/h3>\n<p><img decoding=\"async\" src=\"https:\/\/konferenztechnik.de\/wp-content\/uploads\/2018\/07\/fuehrungsanlagen-kaufen-1.jpg\" alt=\"\u8d2d\u4e70\u5bfc\u5f15\u7cfb\u7edf\" class=\"alignleft size-full wp-image-13481\" title=\"\"><\/a><br \/>\n\u575a\u56fa\u8010\u7528\uff0c\u97f3\u8d28\u5353\u8d8a\uff0c\u65b0\u578b\u9502\u79bb\u5b50\u7535\u6c60\u7eed\u822a\u65f6\u95f4\u957f\u3002<br \/>\n[\u6e05\u9664]<br \/>\n[button link=\"\/vertrieb-von-konferenz-und-av-medientechnik\/fuehrungsanlagen\/\" target=\"self\" color=\"#a62055\u2033 text=\"light\"]\u4e86\u89e3\u66f4\u591a\u4fe1\u606f[\/button]<br \/>\n[\/column]<\/p>\n<p>[column size=\"1-2\u2033 last=\"0\u2033]<br \/>\n<a href=\"https:\/\/konferenztechnik.de\/zh\/%e8%b4%ad%e4%b9%b0%e6%97%a0%e7%ba%bf%e4%bc%9a%e8%ae%ae%e7%b3%bb%e7%bb%9f\/\"><\/p>\n<h3 class=\"pcs-color\"><strong>\u8d2d\u4e70\u4f1a\u8bae\u7cfb\u7edf<\/strong><\/h3>\n<p><img decoding=\"async\" class=\"alignnone size-full wp-image-1287\" src=\"https:\/\/konferenztechnik.de\/wp-content\/uploads\/2013\/06\/quinta.jpg\" alt=\"\u91d1\u5854\" title=\"\"><\/a><br \/>\n\u8d2d\u4e70\u4e13\u4e1a\u7cfb\u7edf\uff1a\u97f3\u9891\u8d28\u91cf\u51fa\u4f17\u7684\u6709\u7ebf\u6216\u65e0\u7ebf \u2013\u3002<br \/>\n[\u6e05\u9664]<br \/>\n[button link=\"https:\/\/www.konferenztechnik.de\/drahtlose-konferenzsysteme-kaufen\/\" target=\"self\" color=\"#a62055\u2033 text=\"light\"]\u4e86\u89e3\u66f4\u591a\u4fe1\u606f[\/button]<br \/>\n[\/column]<\/p>\n<p>[column size=\"1-3\u2033 last=\"1\u2033]<br \/>\n<a href=\"https:\/\/konferenztechnik.de\/zh\/%e8%b4%ad%e4%b9%b0%e5%8f%a3%e8%af%91%e7%ae%b1\/\"><\/p>\n<h3 class=\"pcs-color\"><strong>\u8d2d\u4e70\u53e3\u8bd1\u7bb1<\/strong><\/h3>\n<p><img decoding=\"async\" src=\"https:\/\/konferenztechnik.de\/wp-content\/uploads\/2020\/08\/audipack-dolmetscherkabine-kaufen.jpg\" alt=\"\u8d2d\u4e70 Audipack \u53e3\u8bd1\u7bb1\" class=\"alignleft size-full wp-image-16494\" height=\"198px\" width=\"288px\" title=\"\"><\/a><br \/>\n\u53e3\u8bd1\u5c97\u4ead\u3001<br \/>\n\u901a\u8fc7 ISO \u8ba4\u8bc1\u3001<br \/>\n\u673a\u52a8\u7075\u6d3b\u3002<br \/>\n[\u6e05\u9664]<br \/>\n[button link=\"https:\/\/www.konferenztechnik.de\/dolmetscherkabinen-kaufen\/\" target=\"self\" color=\"#a62055\u2033 text=\"light\"]\u4e86\u89e3\u66f4\u591a\u4fe1\u606f[\/button]<br \/>\n[\/column]<\/p>\n<p>[spacer size=\"20\u2033]<\/p>\n<hr>\n<p>[spacer size=\"20\u2033]<\/p>\n<p>[column size=\"1-2\u2033 last=\"0\u2033]<br \/>\n<a href=\"\/zh\/%e5%88%86%e5%8f%91%e4%bc%9a%e8%ae%ae%e5%92%8c-av-%e5%aa%92%e4%bd%93%e6%8a%80%e6%9c%af\/%e5%aa%92%e4%bd%93%e6%8e%a7%e5%88%b6\/\"><\/p>\n<h3 class=\"pcs-color\"><strong>\u5a92\u4f53\u63a7\u5236<\/strong><\/h3>\n<p><img decoding=\"async\" width=\"288\" height=\"198\" class=\"alignleft size-full wp-image-3750\" src=\"https:\/\/konferenztechnik.de\/wp-content\/uploads\/2013\/11\/03-mediensteuerungen.jpg\" alt=\"PCS \u7684\u5a92\u4f53\u63a7\u5236 - \u5feb\u601d\u806a\u3001AMX\u3001RTI\" title=\"\"><\/a><br \/>\n\u623f\u95f4\u548c\u697c\u5b87\u63a7\u5236\uff1a\u63a7\u5236\u89c6\u9891\u3001\u97f3\u9891\u3001\u7167\u660e\u548c\u697c\u5b87\u6280\u672f\u3002<br \/>\n[\u6e05\u9664]<br \/>\n[button link=\"\/vertrieb-von-konferenz-und-av-medientechnik\/mediensteuerungen\/\" target=\"self\" color=\"#a62055\u2033 text=\"light\"]\u4e86\u89e3\u66f4\u591a\u4fe1\u606f[\/button]<br \/>\n[\/column]<\/p>\n<p>[column size=\"1-2\u2033 last=\"0\u2033]<br \/>\n<a href=\"\/zh\/%e5%88%86%e5%8f%91%e4%bc%9a%e8%ae%ae%e5%92%8c-av-%e5%aa%92%e4%bd%93%e6%8a%80%e6%9c%af\/vanerum-i3\/\"><\/p>\n<h3 class=\"pcs-color\"><strong>\u667a\u80fd\u5b66\u4e60\u3001\u6f14\u793a\u3001\u534f\u4f5c<\/strong><\/h3>\n<p><img decoding=\"async\" width=\"288\" height=\"198\" class=\"alignleft size-full wp-image-3748\" src=\"https:\/\/konferenztechnik.de\/wp-content\/uploads\/2013\/11\/01-i3.jpg\" alt=\"Vanerum i3 \u4ea4\u4e92\u5f0f\u767d\u677f\" title=\"\"><\/a><br \/>\n\u4ea4\u4e92\u5f0f\u767d\u677f\u3001\u4ea4\u4e92\u5f0f\u663e\u793a\u5668\u548c\u6295\u5f71\u4eea\u3002<br \/>\n[\u6e05\u9664]<br \/>\n[button link=\"\/vertrieb-von-konferenz-und-av-medientechnik\/vanerum-i3\/\" target=\"self\" color=\"#a62055\u2033 text=\"light\"]\u4e86\u89e3\u66f4\u591a\u4fe1\u606f[\/button]<br \/>\n[\/column]<\/p>\n<p>[column size=\"1-3\u2033 last=\"1\u2033]<br \/>\n<a href=\"\/zh\/%e5%88%86%e5%8f%91%e4%bc%9a%e8%ae%ae%e5%92%8c-av-%e5%aa%92%e4%bd%93%e6%8a%80%e6%9c%af\/%e5%8f%a3%e8%af%91%e7%b3%bb%e7%bb%9f\/\"><\/p>\n<h3 class=\"pcs-color\"><strong>\u53e3\u8bd1\u7cfb\u7edf<\/strong><\/h3>\n<p><img decoding=\"async\" src=\"https:\/\/konferenztechnik.de\/wp-content\/uploads\/2018\/07\/dolmetschertechnik-kaufen-1.jpg\" alt=\"\u8d2d\u4e70\u53e3\u8bd1\u8bbe\u5907\" class=\"alignleft size-full wp-image-13484\" title=\"\"><\/a><br \/>\n\u53d1\u8a00\u548c\u53e3\u8bd1\u53a2\u3001\u53e3\u8bd1\u684c\u3001\u7ea2\u5916\u4f20\u8bd1\u6280\u672f\u3001\u65e0\u7ebf\u7535\u4f20\u8bd1\u6280\u672f\u3002<br \/>\n[\u6e05\u9664]<br \/>\n[button link=\"\/vertrieb-von-konferenz-und-av-medientechnik\/dolmetscheranlagen\/\" target=\"self\" color=\"#a62055\u2033 text=\"light\"]\u4e86\u89e3\u66f4\u591a\u4fe1\u606f[\/button]<\/p>\n<p>[\/column]<\/p>\n<p>[spacer size=\"20\u2033]<\/p>\n<hr>\n<p>[spacer size=\"20\u2033]<\/p>\n<p>[column size=\"1-2\u2033 last=\"0\u2033]<br \/>\n<a href=\"\/zh\/%e5%88%86%e5%8f%91%e4%bc%9a%e8%ae%ae%e5%92%8c-av-%e5%aa%92%e4%bd%93%e6%8a%80%e6%9c%af\/%e6%98%be%e7%a4%ba%e5%99%a8%e5%92%8c%e6%8a%95%e5%bd%b1%e4%bb%aa%e6%94%af%e6%9e%b6-2\/\"><\/p>\n<h3 class=\"pcs-color\"><strong>\u663e\u793a\u5668\u548c\u6295\u5f71\u4eea\u652f\u67b6<\/strong><\/h3>\n<p><img loading=\"lazy\" decoding=\"async\" width=\"288\" height=\"198\" class=\"alignleft size-full wp-image-3751\" src=\"https:\/\/konferenztechnik.de\/wp-content\/uploads\/2013\/11\/07-projektorenhalterungen.jpg\" alt=\"\u6295\u5f71\u4eea\u548c\u6295\u5c04\u5668\u652f\u67b6\" title=\"\"><\/a><br \/>\n\u5929\u82b1\u677f\u652f\u67b6\u3001\u5c4f\u5e55\u652f\u67b6\u3001\u6295\u5f71\u4eea\u548c\u5c4f\u5e55\u7684\u5b89\u88c5\u7cfb\u7edf\u3001\u6295\u5f71\u4eea\u7684 \"\u98de\u884c\"\uff08\u7d22\u5177\uff09\u3001\u9694\u97f3\u548c\u9694\u97f3\u7f69\u3002<br \/>\n[\u6e05\u9664]<br \/>\n[button link=\"\/vertrieb-von-konferenz-und-av-medientechnik\/display-und-projektorhalterungen\/\" target=\"self\" color=\"#a62055\u2033 text=\"light\"]\u4e86\u89e3\u66f4\u591a\u4fe1\u606f[\/button]<br \/>\n[\/column]<\/p>\n<p>[column size=\"1-2\u2033 last=\"0\u2033]<br \/>\n<a href=\"\/zh\/%e5%88%86%e5%8f%91%e4%bc%9a%e8%ae%ae%e5%92%8c-av-%e5%aa%92%e4%bd%93%e6%8a%80%e6%9c%af\/%e9%9f%b3%e8%a7%86%e9%a2%91%e6%8a%80%e6%9c%af\/\"><\/p>\n<h3 class=\"pcs-color\"><strong>\u97f3\u9891\u6280\u672f\u3001\u89c6\u9891\u6280\u672f<\/strong><\/h3>\n<p><img decoding=\"async\" src=\"https:\/\/konferenztechnik.de\/wp-content\/uploads\/2020\/05\/audiotechnik-kaufen-pca-1.jpg\" alt=\"\u4ece PCS \u8d2d\u4e70\u97f3\u9891\u6280\u672f\u548c\u89c6\u9891\u6280\u672f\" class=\"alignleft size-full wp-image-16137\" title=\"\"><\/a><br \/>\n\u97f3\u54cd\u7cfb\u7edf\u3001\u9ea6\u514b\u98ce\u3001\u6df7\u97f3\u53f0\u3001\u89c6\u9891\u6295\u5f71\u4eea\u3001\u663e\u793a\u5668\u3001\u5c4f\u5e55\u3001\u5c55\u793a\u53f0\u3001\u6295\u5f71\u5c4f\u5e55\u3001\u6570\u5b57\u6807\u724c\u3002<br \/>\n[\u6e05\u9664]<br \/>\n[button link=\"\/vertrieb-von-konferenz-und-av-medientechnik\/audio-und-videotechnik\/\" target=\"self\" color=\"#a62055\u2033 text=\"light\"]\u4e86\u89e3\u66f4\u591a\u4fe1\u606f[\/button]<br \/>\n[\/column]<\/p>\n<p>[column size=\"1-3\u2033 last=\"1\u2033]<br \/>\n<a href=\"\/zh\/%e5%88%86%e5%8f%91%e4%bc%9a%e8%ae%ae%e5%92%8c-av-%e5%aa%92%e4%bd%93%e6%8a%80%e6%9c%af\/%e5%b7%b4%e5%8f%af%e7%82%b9%e5%87%bb%e5%85%b1%e4%ba%ab\/\"><\/p>\n<h3 class=\"pcs-color\"><strong>\u65e0\u7ebf\u6f14\u793a\uff1a\u5df4\u53ef ClickShare<\/strong><\/h3>\n<p><img loading=\"lazy\" decoding=\"async\" width=\"288\" height=\"198\" class=\"alignnone size-full wp-image-3851\" src=\"https:\/\/konferenztechnik.de\/wp-content\/uploads\/2013\/11\/barco_clickshare_bei-pcs.jpg\" alt=\"barco_clickshare_by-pcs\" title=\"\"><\/a><br \/>\n\u53ea\u9700\u70b9\u51fb\u4e00\u4e0b\uff0c\u60a8\u5c31\u53ef\u4ee5\u5728\u5c4f\u5e55\u4e0a\u770b\u5230\u3002\u5df4\u53ef ClickShare \u8d1f\u8d23\u6240\u6709\u6280\u672f\u3002<br \/>\n[\u6e05\u9664]<br \/>\n[button link=\"\/vertrieb-von-konferenz-und-av-medientechnik\/barco-clickshare\/\" target=\"self\" color=\"#a62055\u2033 text=\"light\"]\u4e86\u89e3\u66f4\u591a\u4fe1\u606f[\/button]<br \/>\n[\/column]<br \/>\n[spacer size=\"20\u2033]<\/p>\n<hr>\n<p>[spacer size=\"20\u2033]<\/p>\n<h2>\u6309\u5236\u9020\u5546\u9009\u62e9<\/h2>\n<div class=\"rahmen\">\n[column size=\"1-2\u2033 last=\"0\u2033]<a href=\"https:\/\/konferenztechnik.de\/zh\/%e7%94%9f%e4%ba%a7%e5%95%86\/%e4%ba%9a%e5%bd%93-%e9%9c%8d%e5%b0%94\/\"><img loading=\"lazy\" decoding=\"async\" width=\"250\" height=\"250\" src=\"https:\/\/konferenztechnik.de\/wp-content\/uploads\/2016\/04\/logo-adamhall.jpg\" alt=\"\u6807\u5fd7 \u4e9a\u5f53-\u970d\u5c14\" class=\"alignleft size-full wp-image-6606\" title=\"\" srcset=\"https:\/\/konferenztechnik.de\/wp-content\/uploads\/2016\/04\/logo-adamhall.jpg 250w, https:\/\/konferenztechnik.de\/wp-content\/uploads\/2016\/04\/logo-adamhall-150x150.jpg 150w\" sizes=\"(max-width: 250px) 100vw, 250px\" \/><\/a><br \/>\n[\/column]<\/p>\n<p>[column size=\"1-2\u2033 last=\"0\u2033]<a href=\"https:\/\/konferenztechnik.de\/zh\/%e7%94%9f%e4%ba%a7%e5%95%86\/amx\/\"><img loading=\"lazy\" decoding=\"async\" width=\"250\" height=\"250\" src=\"https:\/\/konferenztechnik.de\/wp-content\/uploads\/2016\/04\/logo-amx.jpg\" alt=\"\u5fbd\u6807 AMX\" class=\"alignleft size-full wp-image-6607\" title=\"\" srcset=\"https:\/\/konferenztechnik.de\/wp-content\/uploads\/2016\/04\/logo-amx.jpg 250w, https:\/\/konferenztechnik.de\/wp-content\/uploads\/2016\/04\/logo-amx-150x150.jpg 150w\" sizes=\"(max-width: 250px) 100vw, 250px\" \/><\/a><br \/>\n[\/column]<\/p>\n<p>[column size=\"1-2\u2033 last=\"0\u2033]<a href=\"https:\/\/konferenztechnik.de\/zh\/%e9%9f%b3%e9%a2%91%e5%8c%85\/\"><img loading=\"lazy\" decoding=\"async\" width=\"250\" height=\"250\" src=\"https:\/\/konferenztechnik.de\/wp-content\/uploads\/2016\/04\/logo-audipack.jpg\" alt=\"\u5fbd\u6807 Audipack\" class=\"alignleft size-full wp-image-6608\" title=\"\" srcset=\"https:\/\/konferenztechnik.de\/wp-content\/uploads\/2016\/04\/logo-audipack.jpg 250w, https:\/\/konferenztechnik.de\/wp-content\/uploads\/2016\/04\/logo-audipack-150x150.jpg 150w\" sizes=\"(max-width: 250px) 100vw, 250px\" \/><\/a><br \/>\n[\/column]<\/p>\n<p>[column size=\"1-2\u2033 last=\"0\u2033]<a href=\"https:\/\/konferenztechnik.de\/zh\/%e7%94%9f%e4%ba%a7%e5%95%86\/%e5%b7%b4%e8%b5%ab%e6%9b%bc\/\"><img loading=\"lazy\" decoding=\"async\" width=\"250\" height=\"250\" src=\"https:\/\/konferenztechnik.de\/wp-content\/uploads\/2016\/04\/logo-bachmann.jpg\" alt=\"\u5df4\u5408\u66fc\u5fbd\u6807\" class=\"alignnone size-full wp-image-6609\" title=\"\" srcset=\"https:\/\/konferenztechnik.de\/wp-content\/uploads\/2016\/04\/logo-bachmann.jpg 250w, https:\/\/konferenztechnik.de\/wp-content\/uploads\/2016\/04\/logo-bachmann-150x150.jpg 150w\" sizes=\"(max-width: 250px) 100vw, 250px\" \/><\/a><br \/>\n[\/column]<\/p>\n<p>[column size=\"1-2\u2033 last=\"0\u2033]<a href=\"https:\/\/konferenztechnik.de\/zh\/%e5%b7%b4%e5%8f%af\/\"><img loading=\"lazy\" decoding=\"async\" width=\"250\" height=\"250\" src=\"https:\/\/konferenztechnik.de\/wp-content\/uploads\/2016\/04\/logo-barco.jpg\" alt=\"\u5df4\u53ef\u6807\u5fd7\" class=\"alignleft size-full wp-image-6610\" title=\"\" srcset=\"https:\/\/konferenztechnik.de\/wp-content\/uploads\/2016\/04\/logo-barco.jpg 250w, https:\/\/konferenztechnik.de\/wp-content\/uploads\/2016\/04\/logo-barco-150x150.jpg 150w\" sizes=\"(max-width: 250px) 100vw, 250px\" \/><\/a><br \/>\n[\/column]<\/p>\n<p>[column size=\"1-6\u2033 last=\"1\u2033]<a href=\"https:\/\/konferenztechnik.de\/zh\/%e7%94%9f%e4%ba%a7%e5%95%86\/%e6%8b%9c%e4%ba%9a%e5%8a%a8%e5%8a%9b\/\"><img loading=\"lazy\" decoding=\"async\" width=\"250\" height=\"250\" src=\"https:\/\/konferenztechnik.de\/wp-content\/uploads\/2016\/04\/logo-beyerdynamic.jpg\" alt=\"\u62dc\u4e9a\u52a8\u529b\u6807\u5fd7\" class=\"alignnone size-full wp-image-6613\" title=\"\" srcset=\"https:\/\/konferenztechnik.de\/wp-content\/uploads\/2016\/04\/logo-beyerdynamic.jpg 250w, https:\/\/konferenztechnik.de\/wp-content\/uploads\/2016\/04\/logo-beyerdynamic-150x150.jpg 150w\" sizes=\"(max-width: 250px) 100vw, 250px\" \/><\/a><br \/>\n[\/column]<\/p>\n<p>[column size=\"1-2\u2033 last=\"0\u2033]<a href=\"https:\/\/konferenztechnik.de\/zh\/biamp-%e7%b3%bb%e7%bb%9f\/\"><img loading=\"lazy\" decoding=\"async\" width=\"250\" height=\"250\" src=\"https:\/\/konferenztechnik.de\/wp-content\/uploads\/2016\/04\/logo-biamp.jpg\" alt=\"\u5fbd\u6807 Biamp\" class=\"alignnone size-full wp-image-6615\" title=\"\" srcset=\"https:\/\/konferenztechnik.de\/wp-content\/uploads\/2016\/04\/logo-biamp.jpg 250w, https:\/\/konferenztechnik.de\/wp-content\/uploads\/2016\/04\/logo-biamp-150x150.jpg 150w\" sizes=\"(max-width: 250px) 100vw, 250px\" \/><\/a><br \/>\n[\/column]<\/p>\n<p>[column size=\"1-2\u2033 last=\"0\u2033]<a href=\"https:\/\/konferenztechnik.de\/zh\/%e5%8d%9a%e4%b8%96\/\"><img loading=\"lazy\" decoding=\"async\" width=\"250\" height=\"250\" src=\"https:\/\/konferenztechnik.de\/wp-content\/uploads\/2016\/04\/logo-bosch.jpg\" alt=\"\u535a\u4e16\u5fbd\u6807\" class=\"alignnone size-full wp-image-6616\" title=\"\" srcset=\"https:\/\/konferenztechnik.de\/wp-content\/uploads\/2016\/04\/logo-bosch.jpg 250w, https:\/\/konferenztechnik.de\/wp-content\/uploads\/2016\/04\/logo-bosch-150x150.jpg 150w\" sizes=\"(max-width: 250px) 100vw, 250px\" \/><\/a><br \/>\n[\/column]<\/p>\n<p>[column size=\"1-2\u2033 last=\"0\u2033]<a href=\"https:\/\/konferenztechnik.de\/zh\/bower-wilkins\/\"><img loading=\"lazy\" decoding=\"async\" width=\"250\" height=\"250\" src=\"https:\/\/konferenztechnik.de\/wp-content\/uploads\/2016\/04\/logos-bowers-wilkins.jpg\" alt=\"\u6807\u5fd7 Bowers Wilkins\" class=\"alignnone size-full wp-image-6619\" title=\"\" srcset=\"https:\/\/konferenztechnik.de\/wp-content\/uploads\/2016\/04\/logos-bowers-wilkins.jpg 250w, https:\/\/konferenztechnik.de\/wp-content\/uploads\/2016\/04\/logos-bowers-wilkins-150x150.jpg 150w\" sizes=\"(max-width: 250px) 100vw, 250px\" \/><\/a><br \/>\n[\/column]<\/p>\n<p>[column size=\"1-2\u2033 last=\"0\u2033]<a href=\"https:\/\/konferenztechnik.de\/zh\/%e5%b5%b4\/\"><img loading=\"lazy\" decoding=\"async\" width=\"250\" height=\"250\" src=\"https:\/\/konferenztechnik.de\/wp-content\/uploads\/2016\/04\/logo-crestron.jpg\" alt=\"\u5feb\u601d\u806a\u5fbd\u6807\" class=\"alignnone size-full wp-image-6617\" title=\"\" srcset=\"https:\/\/konferenztechnik.de\/wp-content\/uploads\/2016\/04\/logo-crestron.jpg 250w, https:\/\/konferenztechnik.de\/wp-content\/uploads\/2016\/04\/logo-crestron-150x150.jpg 150w\" sizes=\"(max-width: 250px) 100vw, 250px\" \/><\/a><br \/>\n[\/column]<\/p>\n<p>[column size=\"1-2\u2033 last=\"0\u2033]<a href=\"https:\/\/konferenztechnik.de\/zh\/db-%e6%8a%80%e6%9c%af\/\"><img loading=\"lazy\" decoding=\"async\" width=\"250\" height=\"250\" src=\"https:\/\/konferenztechnik.de\/wp-content\/uploads\/2016\/09\/logo-dbtechnologies.jpg\" alt=\"\u5fbd\u6807 dbtechnologies\" class=\"alignnone size-full wp-image-6618\" title=\"\"><\/a><br \/>\n[\/column]<\/p>\n<p>[column size=\"1-6\u2033 last=\"1\u2033]<a href=\"https:\/\/konferenztechnik.de\/zh\/%e6%96%b0%e9%97%bb%e5%a4%84\/\"><img loading=\"lazy\" decoding=\"async\" width=\"250\" height=\"250\" src=\"https:\/\/konferenztechnik.de\/wp-content\/uploads\/2016\/04\/logos-dpa-microphones.jpg\" alt=\"\u5fbd\u6807 dbtechnologies\" class=\"alignnone size-full wp-image-6614\" title=\"\" srcset=\"https:\/\/konferenztechnik.de\/wp-content\/uploads\/2016\/04\/logos-dpa-microphones.jpg 250w, https:\/\/konferenztechnik.de\/wp-content\/uploads\/2016\/04\/logos-dpa-microphones-150x150.jpg 150w\" sizes=\"(max-width: 250px) 100vw, 250px\" \/><\/a><br \/>\n[\/column]<\/p>\n<p>[column size=\"1-2\u2033 last=\"0\u2033]<a href=\"https:\/\/konferenztechnik.de\/zh\/eiki\/\"><img loading=\"lazy\" decoding=\"async\" width=\"250\" height=\"250\" src=\"https:\/\/konferenztechnik.de\/wp-content\/uploads\/2016\/04\/logo-eiki.jpg\" alt=\"\u5fbd\u6807 Eiki\" class=\"alignnone size-full wp-image-6643\" title=\"\" srcset=\"https:\/\/konferenztechnik.de\/wp-content\/uploads\/2016\/04\/logo-eiki.jpg 250w, https:\/\/konferenztechnik.de\/wp-content\/uploads\/2016\/04\/logo-eiki-150x150.jpg 150w\" sizes=\"(max-width: 250px) 100vw, 250px\" \/><\/a><br \/>\n[\/column]<\/p>\n<p>[column size=\"1-2\u2033 last=\"0\u2033]<a href=\"https:\/\/konferenztechnik.de\/zh\/%e7%88%b1%e6%99%ae%e7%94%9f\/\"><img loading=\"lazy\" decoding=\"async\" width=\"250\" height=\"250\" src=\"https:\/\/konferenztechnik.de\/wp-content\/uploads\/2016\/04\/logo-epson.jpg\" alt=\"\u7231\u666e\u751f\u5fbd\u6807\" class=\"alignnone size-full wp-image-6642\" title=\"\" srcset=\"https:\/\/konferenztechnik.de\/wp-content\/uploads\/2016\/04\/logo-epson.jpg 250w, https:\/\/konferenztechnik.de\/wp-content\/uploads\/2016\/04\/logo-epson-150x150.jpg 150w\" sizes=\"(max-width: 250px) 100vw, 250px\" \/><\/a><br \/>\n[\/column]<\/p>\n<p>[column size=\"1-2\u2033 last=\"0\u2033]<a href=\"https:\/\/konferenztechnik.de\/zh\/%e9%8d%91%e8%99%b9\/\"><img loading=\"lazy\" decoding=\"async\" width=\"250\" height=\"250\" src=\"https:\/\/konferenztechnik.de\/wp-content\/uploads\/2016\/04\/logo-extron.jpg\" alt=\"Extron \u5fbd\u6807\" class=\"alignnone size-full wp-image-6638\" title=\"\" srcset=\"https:\/\/konferenztechnik.de\/wp-content\/uploads\/2016\/04\/logo-extron.jpg 250w, https:\/\/konferenztechnik.de\/wp-content\/uploads\/2016\/04\/logo-extron-150x150.jpg 150w\" sizes=\"(max-width: 250px) 100vw, 250px\" \/><\/a><br \/>\n[\/column]<\/p>\n<p>[column size=\"1-2\u2033 last=\"0\u2033]<a href=\"https:\/\/konferenztechnik.de\/zh\/fohn\/\"><a href=\"https:\/\/konferenztechnik.de\/zh\/fohhn\/\"><img loading=\"lazy\" decoding=\"async\" width=\"250\" height=\"250\" src=\"https:\/\/konferenztechnik.de\/wp-content\/uploads\/2016\/04\/logo-fohhn.jpg\" alt=\"\u6807\u5fd7 Fohhn\" class=\"alignnone size-full wp-image-6641\" title=\"\" srcset=\"https:\/\/konferenztechnik.de\/wp-content\/uploads\/2016\/04\/logo-fohhn.jpg 250w, https:\/\/konferenztechnik.de\/wp-content\/uploads\/2016\/04\/logo-fohhn-150x150.jpg 150w\" sizes=\"(max-width: 250px) 100vw, 250px\" \/><\/a><br \/>\n[\/column]<\/p>\n<p>[column size=\"1-2\u2033 last=\"0\u2033]<a href=\"https:\/\/konferenztechnik.de\/zh\/i3-%e6%8a%80%e6%9c%af\/\"><a href=\"https:\/\/konferenztechnik.de\/zh\/i3-%e6%8a%80%e6%9c%af\/\"><img loading=\"lazy\" decoding=\"async\" width=\"250\" height=\"250\" src=\"https:\/\/konferenztechnik.de\/wp-content\/uploads\/2016\/04\/logo-i3learning.jpg\" alt=\"\u5fbd\u6807 i3learning\" class=\"alignnone size-full wp-image-6640\" title=\"\" srcset=\"https:\/\/konferenztechnik.de\/wp-content\/uploads\/2016\/04\/logo-i3learning.jpg 250w, https:\/\/konferenztechnik.de\/wp-content\/uploads\/2016\/04\/logo-i3learning-150x150.jpg 150w\" sizes=\"(max-width: 250px) 100vw, 250px\" \/><\/a><br \/>\n[\/column]<\/p>\n<p>[column size=\"1-6\u2033 last=\"1\u2033]<a href=\"https:\/\/konferenztechnik.de\/zh\/jbl\/\"><a href=\"https:\/\/konferenztechnik.de\/zh\/jbl\/\"><img loading=\"lazy\" decoding=\"async\" width=\"250\" height=\"250\" src=\"https:\/\/konferenztechnik.de\/wp-content\/uploads\/2016\/04\/logo-jbl.jpg\" alt=\"\u5fbd\u6807 JBL\" class=\"alignnone size-full wp-image-6639\" title=\"\" srcset=\"https:\/\/konferenztechnik.de\/wp-content\/uploads\/2016\/04\/logo-jbl.jpg 250w, https:\/\/konferenztechnik.de\/wp-content\/uploads\/2016\/04\/logo-jbl-150x150.jpg 150w\" sizes=\"(max-width: 250px) 100vw, 250px\" \/><\/a><br \/>\n[\/column]<\/p>\n<p>[column size=\"1-2\u2033 last=\"0\u2033]<a href=\"https:\/\/konferenztechnik.de\/zh\/%e5%ad%a9%e5%ad%90%e4%bb%ac\/\"><img loading=\"lazy\" decoding=\"async\" width=\"250\" height=\"250\" src=\"https:\/\/konferenztechnik.de\/wp-content\/uploads\/2016\/04\/logo-kindermann.jpg\" alt=\"\u6807\u5fd7 \u91d1\u5fb7\u66fc\" class=\"alignnone size-full wp-image-6637\" title=\"\" srcset=\"https:\/\/konferenztechnik.de\/wp-content\/uploads\/2016\/04\/logo-kindermann.jpg 250w, https:\/\/konferenztechnik.de\/wp-content\/uploads\/2016\/04\/logo-kindermann-150x150.jpg 150w\" sizes=\"(max-width: 250px) 100vw, 250px\" \/><\/a><br \/>\n[\/column]<\/p>\n<p>[column size=\"1-2\u2033 last=\"0\u2033]<br \/>\n<a href=\"https:\/\/konferenztechnik.de\/zh\/%e5%a3%b0%e9%9f%b3%e6%98%9f%e6%9c%9f%e4%ba%94\/\"><img loading=\"lazy\" decoding=\"async\" width=\"250\" height=\"250\" src=\"https:\/\/konferenztechnik.de\/wp-content\/uploads\/2016\/04\/logo-kling-freitag.jpg\" alt=\"\u5fbd\u6807 Kling Freitag\" class=\"alignnone size-full wp-image-6636\" title=\"\" srcset=\"https:\/\/konferenztechnik.de\/wp-content\/uploads\/2016\/04\/logo-kling-freitag.jpg 250w, https:\/\/konferenztechnik.de\/wp-content\/uploads\/2016\/04\/logo-kling-freitag-150x150.jpg 150w\" sizes=\"(max-width: 250px) 100vw, 250px\" \/><\/a><br \/>\n[\/column]<\/p>\n<p>[column size=\"1-2\u2033 last=\"0\u2033]<br \/>\n<a href=\"https:\/\/konferenztechnik.de\/zh\/%e7%a7%91%e5%b0%bc%e6%a0%bc-%e8%bf%88%e8%80%b6\/\"><img loading=\"lazy\" decoding=\"async\" width=\"250\" height=\"250\" src=\"https:\/\/konferenztechnik.de\/wp-content\/uploads\/2016\/04\/logo-kundm.jpg\" alt=\"\u6807\u5fd7 \u79d1\u5c3c\u683c\u548c\u8fc8\u8036\" class=\"alignnone size-full wp-image-6635\" title=\"\" srcset=\"https:\/\/konferenztechnik.de\/wp-content\/uploads\/2016\/04\/logo-kundm.jpg 250w, https:\/\/konferenztechnik.de\/wp-content\/uploads\/2016\/04\/logo-kundm-150x150.jpg 150w\" sizes=\"(max-width: 250px) 100vw, 250px\" \/><\/a><br \/>\n[\/column]<\/p>\n<p>[column size=\"1-2\u2033 last=\"0\u2033]<br \/>\n<a href=\"https:\/\/konferenztechnik.de\/zh\/%e5%85%8b%e6%8b%89%e9%bb%98-2\/\"><img loading=\"lazy\" decoding=\"async\" width=\"250\" height=\"250\" src=\"https:\/\/konferenztechnik.de\/wp-content\/uploads\/2016\/04\/logo-kramer.jpg\" alt=\"\u514b\u96f7\u9ed8\u6807\u5fd7\" class=\"alignnone size-full wp-image-6634\" title=\"\" srcset=\"https:\/\/konferenztechnik.de\/wp-content\/uploads\/2016\/04\/logo-kramer.jpg 250w, https:\/\/konferenztechnik.de\/wp-content\/uploads\/2016\/04\/logo-kramer-150x150.jpg 150w\" sizes=\"(max-width: 250px) 100vw, 250px\" \/><\/a><br \/>\n[\/column]<\/p>\n<p>[column size=\"1-2\u2033 last=\"0\u2033]<br \/>\n<a href=\"https:\/\/konferenztechnik.de\/zh\/%e6%b3%95%e5%b8%88-2\/\"><img loading=\"lazy\" decoding=\"async\" width=\"250\" height=\"250\" src=\"https:\/\/konferenztechnik.de\/wp-content\/uploads\/2016\/04\/logo-legamster.jpg\" alt=\"Legamaster \u5fbd\u6807\" class=\"alignnone size-full wp-image-6633\" title=\"\" srcset=\"https:\/\/konferenztechnik.de\/wp-content\/uploads\/2016\/04\/logo-legamster.jpg 250w, https:\/\/konferenztechnik.de\/wp-content\/uploads\/2016\/04\/logo-legamster-150x150.jpg 150w\" sizes=\"(max-width: 250px) 100vw, 250px\" \/><\/a><br \/>\n[\/column]<\/p>\n<p>[column size=\"1-6\u2033 last=\"1\u2033]<br \/>\n<a href=\"https:\/\/konferenztechnik.de\/zh\/%e5%ae%9e%e7%89%a9%e5%b0%ba%e5%af%b8-2\/\"><img decoding=\"async\" src=\"https:\/\/konferenztechnik.de\/wp-content\/uploads\/2016\/08\/lifesize-logo.jpg\" alt=\"\u5fbd\u6807 Lifesize\" class=\"alignnone size-full wp-image-6632\" title=\"\"><\/a><br \/>\n[\/column]<\/p>\n<p>[column size=\"1-2\u2033 last=\"0\u2033]<br \/>\n<a href=\"https:\/\/konferenztechnik.de\/zh\/%e9%a9%ac%e5%85%b0%e5%a3%ab\/\"><img loading=\"lazy\" decoding=\"async\" width=\"250\" height=\"250\" src=\"https:\/\/konferenztechnik.de\/wp-content\/uploads\/2016\/04\/logo-marantz.jpg\" alt=\"\u9a6c\u5170\u58eb\u5fbd\u6807\" class=\"alignnone size-full wp-image-6649\" title=\"\" srcset=\"https:\/\/konferenztechnik.de\/wp-content\/uploads\/2016\/04\/logo-marantz.jpg 250w, https:\/\/konferenztechnik.de\/wp-content\/uploads\/2016\/04\/logo-marantz-150x150.jpg 150w\" sizes=\"(max-width: 250px) 100vw, 250px\" \/><\/a><br \/>\n[\/column]<\/p>\n<p>[column size=\"1-2\u2033 last=\"0\u2033]<br \/>\n<a href=\"https:\/\/konferenztechnik.de\/zh\/%e9%9d%a1%e9%9d%a1%e4%b9%8b%e9%9f%b3\/\"><img loading=\"lazy\" decoding=\"async\" width=\"250\" height=\"250\" src=\"https:\/\/konferenztechnik.de\/wp-content\/uploads\/2016\/04\/logo-mipro.jpg\" alt=\"\u5fbd\u6807 Mipro\" class=\"alignnone size-full wp-image-6648\" title=\"\" srcset=\"https:\/\/konferenztechnik.de\/wp-content\/uploads\/2016\/04\/logo-mipro.jpg 250w, https:\/\/konferenztechnik.de\/wp-content\/uploads\/2016\/04\/logo-mipro-150x150.jpg 150w\" sizes=\"(max-width: 250px) 100vw, 250px\" \/><\/a><br \/>\n[\/column]<\/p>\n<p>[column size=\"1-2\u2033 last=\"0\u2033]<br \/>\n<a href=\"https:\/\/konferenztechnik.de\/zh\/%e6%a1%88%e4%bb%b6\/\"><img loading=\"lazy\" decoding=\"async\" width=\"250\" height=\"250\" src=\"https:\/\/konferenztechnik.de\/wp-content\/uploads\/2016\/04\/logo-mycases.jpg\" alt=\"MyCases \u5fbd\u6807\" class=\"alignnone size-full wp-image-6647\" title=\"\" srcset=\"https:\/\/konferenztechnik.de\/wp-content\/uploads\/2016\/04\/logo-mycases.jpg 250w, https:\/\/konferenztechnik.de\/wp-content\/uploads\/2016\/04\/logo-mycases-150x150.jpg 150w\" sizes=\"(max-width: 250px) 100vw, 250px\" \/><\/a><br \/>\n[\/column]<\/p>\n<p>[column size=\"1-2\u2033 last=\"0\u2033]<br \/>\n<a href=\"https:\/\/konferenztechnik.de\/zh\/nec\/\"><img loading=\"lazy\" decoding=\"async\" width=\"250\" height=\"250\" src=\"https:\/\/konferenztechnik.de\/wp-content\/uploads\/2016\/04\/logos-nec.jpg\" alt=\"\u5fbd\u6807 NEC\" class=\"alignnone size-full wp-image-6646\" title=\"\" srcset=\"https:\/\/konferenztechnik.de\/wp-content\/uploads\/2016\/04\/logos-nec.jpg 250w, https:\/\/konferenztechnik.de\/wp-content\/uploads\/2016\/04\/logos-nec-150x150.jpg 150w\" sizes=\"(max-width: 250px) 100vw, 250px\" \/><\/a><br \/>\n[\/column]<\/p>\n<p>[column size=\"1-2\u2033 last=\"0\u2033]<br \/>\n<a href=\"https:\/\/konferenztechnik.de\/zh\/%e6%9d%be%e4%b8%8b\/\"><img loading=\"lazy\" decoding=\"async\" width=\"250\" height=\"250\" src=\"https:\/\/konferenztechnik.de\/wp-content\/uploads\/2016\/04\/logos-panasonic.jpg\" alt=\"\u677e\u4e0b\u6807\u5fd7\" class=\"alignnone size-full wp-image-6645\" title=\"\" srcset=\"https:\/\/konferenztechnik.de\/wp-content\/uploads\/2016\/04\/logos-panasonic.jpg 250w, https:\/\/konferenztechnik.de\/wp-content\/uploads\/2016\/04\/logos-panasonic-150x150.jpg 150w\" sizes=\"(max-width: 250px) 100vw, 250px\" \/><\/a><br \/>\n[\/column]<\/p>\n<p>[column size=\"1-6\u2033 last=\"1\u2033]<br \/>\n<a href=\"https:\/\/konferenztechnik.de\/zh\/qsc\/\"><img loading=\"lazy\" decoding=\"async\" width=\"250\" height=\"250\" src=\"https:\/\/konferenztechnik.de\/wp-content\/uploads\/2016\/04\/logo-qsc.jpg\" alt=\"\u5fbd\u6807 QSC\" class=\"alignnone size-full wp-image-6657\" title=\"\" srcset=\"https:\/\/konferenztechnik.de\/wp-content\/uploads\/2016\/04\/logo-qsc.jpg 250w, https:\/\/konferenztechnik.de\/wp-content\/uploads\/2016\/04\/logo-qsc-150x150.jpg 150w\" sizes=\"(max-width: 250px) 100vw, 250px\" \/><\/a><br \/>\n[\/column]<\/p>\n<p>[column size=\"1-2\u2033 last=\"0\u2033]<br \/>\n<a href=\"https:\/\/konferenztechnik.de\/zh\/rti\/\"><img loading=\"lazy\" decoding=\"async\" width=\"250\" height=\"250\" src=\"https:\/\/konferenztechnik.de\/wp-content\/uploads\/2016\/04\/logo-rti.jpg\" alt=\"\u5fbd\u6807 RTI\" class=\"alignnone size-full wp-image-6656\" title=\"\" srcset=\"https:\/\/konferenztechnik.de\/wp-content\/uploads\/2016\/04\/logo-rti.jpg 250w, https:\/\/konferenztechnik.de\/wp-content\/uploads\/2016\/04\/logo-rti-150x150.jpg 150w\" sizes=\"(max-width: 250px) 100vw, 250px\" \/><\/a><br \/>\n[\/column]<\/p>\n<p>[column size=\"1-2\u2033 last=\"0\u2033]<br \/>\n<a href=\"https:\/\/konferenztechnik.de\/zh\/%e4%b8%89%e6%98%9f\/\"><img loading=\"lazy\" decoding=\"async\" width=\"250\" height=\"250\" src=\"https:\/\/konferenztechnik.de\/wp-content\/uploads\/2016\/04\/logo-samsung.jpg\" alt=\"\u4e09\u661f\u6807\u5fd7\" class=\"alignnone size-full wp-image-6655\" title=\"\" srcset=\"https:\/\/konferenztechnik.de\/wp-content\/uploads\/2016\/04\/logo-samsung.jpg 250w, https:\/\/konferenztechnik.de\/wp-content\/uploads\/2016\/04\/logo-samsung-150x150.jpg 150w\" sizes=\"(max-width: 250px) 100vw, 250px\" \/><\/a><br \/>\n[\/column]<\/p>\n<p>[column size=\"1-2\u2033 last=\"0\u2033]<a href=\"https:\/\/konferenztechnik.de\/zh\/%e6%a3%ae%e6%b5%b7%e5%a1%9e%e5%b0%94\/\"><img loading=\"lazy\" decoding=\"async\" width=\"250\" height=\"250\" src=\"https:\/\/konferenztechnik.de\/wp-content\/uploads\/2016\/04\/logo-sennheise.jpg\" alt=\"\u68ee\u6d77\u585e\u5c14\u6807\u5fd7\" class=\"alignnone size-full wp-image-6654\" title=\"\" srcset=\"https:\/\/konferenztechnik.de\/wp-content\/uploads\/2016\/04\/logo-sennheise.jpg 250w, https:\/\/konferenztechnik.de\/wp-content\/uploads\/2016\/04\/logo-sennheise-150x150.jpg 150w\" sizes=\"(max-width: 250px) 100vw, 250px\" \/><\/a><br \/>\n[\/column]<\/p>\n<p>[column size=\"1-2\u2033 last=\"0\u2033]<br \/>\n<a href=\"https:\/\/konferenztechnik.de\/zh\/%e7%ba%af%e5%b1%9e\/\"><img loading=\"lazy\" decoding=\"async\" width=\"250\" height=\"250\" src=\"https:\/\/konferenztechnik.de\/wp-content\/uploads\/2016\/04\/logo-shure.jpg\" alt=\"\u8212\u5c14\u5fbd\u6807\" class=\"alignnone size-full wp-image-6659\" title=\"\" srcset=\"https:\/\/konferenztechnik.de\/wp-content\/uploads\/2016\/04\/logo-shure.jpg 250w, https:\/\/konferenztechnik.de\/wp-content\/uploads\/2016\/04\/logo-shure-150x150.jpg 150w\" sizes=\"(max-width: 250px) 100vw, 250px\" \/><\/a><br \/>\n[\/column]<\/p>\n<p>[column size=\"1-2\u2033 last=\"0\u2033]<br \/>\n<a href=\"https:\/\/konferenztechnik.de\/zh\/%e6%99%ba%e8%83%bd%e9%87%91%e5%b1%9e\/\"><img loading=\"lazy\" decoding=\"async\" width=\"250\" height=\"250\" src=\"https:\/\/konferenztechnik.de\/wp-content\/uploads\/2016\/04\/logo-smartmetals.jpg\" alt=\"\u6807\u8bc6 smartmetals\" class=\"alignnone size-full wp-image-6666\" title=\"\" srcset=\"https:\/\/konferenztechnik.de\/wp-content\/uploads\/2016\/04\/logo-smartmetals.jpg 250w, https:\/\/konferenztechnik.de\/wp-content\/uploads\/2016\/04\/logo-smartmetals-150x150.jpg 150w\" sizes=\"(max-width: 250px) 100vw, 250px\" \/><\/a><br \/>\n[\/column]<\/p>\n<p>[column size=\"1-6\u2033 last=\"1\u2033]<br \/>\n<a href=\"https:\/\/konferenztechnik.de\/zh\/%e5%a4%8f%e5%ad%a3%e7%94%b5%e7%bc%86\/\"><img loading=\"lazy\" decoding=\"async\" width=\"250\" height=\"250\" src=\"https:\/\/konferenztechnik.de\/wp-content\/uploads\/2016\/04\/logo-sommercable-1.jpg\" alt=\"\u5fbd\u6807 Sommercable\" class=\"alignnone size-full wp-image-6665\" title=\"\" srcset=\"https:\/\/konferenztechnik.de\/wp-content\/uploads\/2016\/04\/logo-sommercable-1.jpg 250w, https:\/\/konferenztechnik.de\/wp-content\/uploads\/2016\/04\/logo-sommercable-1-150x150.jpg 150w\" sizes=\"(max-width: 250px) 100vw, 250px\" \/><\/a><br \/>\n[\/column]<\/p>\n<p>[column size=\"1-2\u2033 last=\"0\u2033]<br \/>\n<a href=\"https:\/\/konferenztechnik.de\/zh\/%e7%b4%a2%e5%b0%bc\/\"><img loading=\"lazy\" decoding=\"async\" width=\"250\" height=\"250\" src=\"https:\/\/konferenztechnik.de\/wp-content\/uploads\/2016\/04\/logo-sony.jpg\" alt=\"\u7d22\u5c3c\u6807\u5fd7\" class=\"alignnone size-full wp-image-6664\" title=\"\" srcset=\"https:\/\/konferenztechnik.de\/wp-content\/uploads\/2016\/04\/logo-sony.jpg 250w, https:\/\/konferenztechnik.de\/wp-content\/uploads\/2016\/04\/logo-sony-150x150.jpg 150w\" sizes=\"(max-width: 250px) 100vw, 250px\" \/><\/a><br \/>\n[\/column]<\/p>\n<p>[column size=\"1-2\u2033 last=\"0\u2033]<br \/>\n<a href=\"https:\/\/konferenztechnik.de\/zh\/%e5%a3%b0%e7%ae%a1\/\"><img loading=\"lazy\" decoding=\"async\" width=\"250\" height=\"250\" src=\"https:\/\/konferenztechnik.de\/wp-content\/uploads\/2016\/04\/logo-soundtube.jpg\" alt=\"\u5fbd\u6807\u58f0\u7ba1\" class=\"alignnone size-full wp-image-6663\" title=\"\" srcset=\"https:\/\/konferenztechnik.de\/wp-content\/uploads\/2016\/04\/logo-soundtube.jpg 250w, https:\/\/konferenztechnik.de\/wp-content\/uploads\/2016\/04\/logo-soundtube-150x150.jpg 150w\" sizes=\"(max-width: 250px) 100vw, 250px\" \/><\/a><br \/>\n[\/column]<\/p>\n<p>[column size=\"1-2\u2033 last=\"0\u2033]<br \/>\n<a href=\"https:\/\/konferenztechnik.de\/zh\/symetrix\/\"><img loading=\"lazy\" decoding=\"async\" width=\"250\" height=\"250\" src=\"https:\/\/konferenztechnik.de\/wp-content\/uploads\/2016\/04\/logo-symetrix.jpg\" alt=\"\u5fbd\u6807 Symetrix\" class=\"alignnone size-full wp-image-6662\" title=\"\" srcset=\"https:\/\/konferenztechnik.de\/wp-content\/uploads\/2016\/04\/logo-symetrix.jpg 250w, https:\/\/konferenztechnik.de\/wp-content\/uploads\/2016\/04\/logo-symetrix-150x150.jpg 150w\" sizes=\"(max-width: 250px) 100vw, 250px\" \/><\/a><br \/>\n[\/column]<\/p>\n<p>[column size=\"1-2\u2033 last=\"0\u2033]<br \/>\n<a href=\"https:\/\/konferenztechnik.de\/zh\/%e9%ab%98%e9%9f%b3%e5%96%87%e5%8f%ad\/\"><img loading=\"lazy\" decoding=\"async\" width=\"250\" height=\"250\" src=\"https:\/\/konferenztechnik.de\/wp-content\/uploads\/2016\/04\/logo-tannoy.jpg\" alt=\"\u5fbd\u6807 Tannoy\" class=\"alignnone size-full wp-image-6667\" title=\"\" srcset=\"https:\/\/konferenztechnik.de\/wp-content\/uploads\/2016\/04\/logo-tannoy.jpg 250w, https:\/\/konferenztechnik.de\/wp-content\/uploads\/2016\/04\/logo-tannoy-150x150.jpg 150w\" sizes=\"(max-width: 250px) 100vw, 250px\" \/><\/a><br \/>\n[\/column]<\/p>\n<p>[column size=\"1-2\u2033 last=\"0\u2033]<br \/>\n<a href=\"https:\/\/konferenztechnik.de\/zh\/%e7%94%b5%e8%a7%86\/\"><img loading=\"lazy\" decoding=\"async\" width=\"250\" height=\"250\" src=\"https:\/\/konferenztechnik.de\/wp-content\/uploads\/2016\/04\/logo-televic.jpg\" alt=\"\u5fbd\u6807\u7535\u89c6\" class=\"alignnone size-full wp-image-6670\" title=\"\" srcset=\"https:\/\/konferenztechnik.de\/wp-content\/uploads\/2016\/04\/logo-televic.jpg 250w, https:\/\/konferenztechnik.de\/wp-content\/uploads\/2016\/04\/logo-televic-150x150.jpg 150w\" sizes=\"(max-width: 250px) 100vw, 250px\" \/><\/a><br \/>\n[\/column]<\/p>\n<p>[column size=\"1-6\u2033 last=\"1\u2033]<br \/>\n<a href=\"https:\/\/konferenztechnik.de\/zh\/%e4%b8%89%e4%bd%8d%e4%b8%80%e4%bd%93%e8%a7%a3%e5%86%b3%e6%96%b9%e6%a1%88\/\"><img loading=\"lazy\" decoding=\"async\" width=\"250\" height=\"250\" src=\"https:\/\/konferenztechnik.de\/wp-content\/uploads\/2016\/04\/logo-trinity.jpg\" alt=\"\u4e09\u4f4d\u4e00\u4f53\u5fbd\u6807\" class=\"alignnone size-full wp-image-6669\" title=\"\" srcset=\"https:\/\/konferenztechnik.de\/wp-content\/uploads\/2016\/04\/logo-trinity.jpg 250w, https:\/\/konferenztechnik.de\/wp-content\/uploads\/2016\/04\/logo-trinity-150x150.jpg 150w\" sizes=\"(max-width: 250px) 100vw, 250px\" \/><\/a><br \/>\n[\/column]<\/p>\n<p>[column size=\"1-2\u2033 last=\"0\u2033]<br \/>\n<a href=\"https:\/\/konferenztechnik.de\/zh\/viprinet\/\"><img loading=\"lazy\" decoding=\"async\" width=\"250\" height=\"250\" src=\"https:\/\/konferenztechnik.de\/wp-content\/uploads\/2016\/04\/logo-viprinet.jpg\" alt=\"\u5fbd\u6807 Viprinet\" class=\"alignnone size-full wp-image-6668\" title=\"\" srcset=\"https:\/\/konferenztechnik.de\/wp-content\/uploads\/2016\/04\/logo-viprinet.jpg 250w, https:\/\/konferenztechnik.de\/wp-content\/uploads\/2016\/04\/logo-viprinet-150x150.jpg 150w\" sizes=\"(max-width: 250px) 100vw, 250px\" \/><\/a><br \/>\n[\/column]<\/p>\n<p>[column size=\"1-6\u2033 last=\"1\u2033]<br \/>\n<a href=\"https:\/\/konferenztechnik.de\/zh\/%e9%9b%85%e9%a9%ac%e5%93%88\/\"><img loading=\"lazy\" decoding=\"async\" width=\"250\" height=\"250\" src=\"https:\/\/konferenztechnik.de\/wp-content\/uploads\/2016\/04\/logo-yamaha.jpg\" alt=\"\u96c5\u9a6c\u54c8\u6807\u5fd7\" class=\"alignnone size-full wp-image-6671\" title=\"\" srcset=\"https:\/\/konferenztechnik.de\/wp-content\/uploads\/2016\/04\/logo-yamaha.jpg 250w, https:\/\/konferenztechnik.de\/wp-content\/uploads\/2016\/04\/logo-yamaha-150x150.jpg 150w\" sizes=\"(max-width: 250px) 100vw, 250px\" \/><\/a><br \/>\n[\/column]<\/p>\n<\/div>\n<p>[spacer size=\"30\u2033]<\/p>\n<hr>\n<p>[spacer size=\"20\u2033]<\/p>\n<div class=\"box1-2-order\">\n<h1>PCS \u4f1a\u8bae\u5ba4\u6346\u7ed1\u670d\u52a1\u548c\u4f1a\u8bae\u5ba4\u5347\u7ea7\u670d\u52a1<\/h1>\n<p>\u6211\u4eec\u63d0\u4f9b\u73b0\u4ee3\u5316\u3001\u9ad8\u54c1\u8d28\u4f1a\u8bae\u5ba4\u7684\u7b80\u6613\u5b9e\u73b0\u65b9\u6848\uff0c\u5305\u62ec\u5d4c\u5165\u6240\u6709\u5e38\u7528\u89c6\u9891\u4f1a\u8bae\u8f6f\u4ef6\u3002\u6211\u4eec\u8fd8\u53ef\u4ee5\u5bf9\u73b0\u6709\u4f1a\u8bae\u5ba4\u8fdb\u884c\u5347\u7ea7\u3002\u60a8\u53ef\u4ee5\u8f7b\u677e\u5730\u5c06\u89c6\u9891\u4f1a\u8bae\u548c\u5916\u90e8\u4e0e\u4f1a\u8005\u6574\u5408\u5230\u60a8\u7684\u5927\u4f1a\u3001\u4f1a\u8bae\u548c\u6d3b\u52a8\u4e2d\u3002<\/p>\n<\/div>\n<p>[column size=\"1-2\u2033 last=\"0\u2033]<br \/>\n<a href=\"https:\/\/konferenztechnik.de\/zh\/%e7%94%a8%e4%ba%8e%e6%b7%b7%e5%90%88%e5%9e%8b%e4%bc%9a%e8%ae%ae%e5%ae%a4%e7%9a%84-pcs-%e4%bc%9a%e8%ae%ae%e5%ae%a4%e6%8d%86%e7%bb%91%e5%8c%85\/\" class=\"pcs-color\"><\/p>\n<h3><strong>\u4f1a\u8bae\u5ba4\u6346\u7ed1\u5305<\/strong><\/h3>\n<p><img loading=\"lazy\" decoding=\"async\" src=\"https:\/\/konferenztechnik.de\/wp-content\/uploads\/2021\/06\/1-pcs-raumbundles-konferenzraum-bundles.jpg\" alt=\"\" width=\"1200\" height=\"451\" class=\"alignleft size-full wp-image-18001\" title=\"\" srcset=\"https:\/\/konferenztechnik.de\/wp-content\/uploads\/2021\/06\/1-pcs-raumbundles-konferenzraum-bundles.jpg 1200w, https:\/\/konferenztechnik.de\/wp-content\/uploads\/2021\/06\/1-pcs-raumbundles-konferenzraum-bundles-300x113.jpg 300w, https:\/\/konferenztechnik.de\/wp-content\/uploads\/2021\/06\/1-pcs-raumbundles-konferenzraum-bundles-1024x385.jpg 1024w, https:\/\/konferenztechnik.de\/wp-content\/uploads\/2021\/06\/1-pcs-raumbundles-konferenzraum-bundles-768x289.jpg 768w\" sizes=\"(max-width: 1200px) 100vw, 1200px\" \/><\/p>\n<p>\u8f7b\u677e\u5b9e\u73b0\u73b0\u4ee3\u5316\u548c\u9ad8\u8d28\u91cf\u4f1a\u8bae\uff0c\u5305\u62ec\u5d4c\u5165\u6240\u6709\u5e38\u7528\u89c6\u9891\u4f1a\u8bae\u8f6f\u4ef6\u3002\u5957\u9910\u4ef7\u683c 5,000 \u6b27\u5143\u8d77\u3002<\/p>\n<p><\/a><br \/>\n[button link=\"https:\/\/www.konferenztechnik.de\/pcs-konferenzraum-bundles-fuer-hybride-konferenzraeume\/\" target=\"self\" color=\"#a62055\u2033 text=\"light\"]\u4e86\u89e3\u66f4\u591a\u4fe1\u606f[\/button]<br \/>\n[\/column]<br \/>\n[column size=\"1-2\u2033 last=\"1\u2033]<br \/>\n<a href=\"https:\/\/konferenztechnik.de\/zh\/%e5%8d%87%e7%ba%a7%e4%bc%9a%e8%ae%ae%e5%ae%a4%ef%bc%8c%e4%b8%ba%e8%a7%86%e9%a2%91%e4%bc%9a%e8%ae%ae%e5%88%9b%e9%80%a0%e7%90%86%e6%83%b3%e6%9d%a1%e4%bb%b6\/\" class=\"pcs-color\"><\/p>\n<h3><strong>\u4f1a\u8bae\u5ba4\u5347\u7ea7<\/strong><\/h3>\n<p><img loading=\"lazy\" decoding=\"async\" width=\"1200\" height=\"451\" src=\"https:\/\/konferenztechnik.de\/wp-content\/uploads\/2021\/06\/konferenzraum-upgrades-videokonferenz-technik-upgrade.jpg\" alt=\"\u4f1a\u8bae\u5ba4\u5347\u7ea7-\u89c6\u9891\u4f1a\u8bae\u6280\u672f\u5347\u7ea7\" class=\"alignleft size-full wp-image-18072\" title=\"\" srcset=\"https:\/\/konferenztechnik.de\/wp-content\/uploads\/2021\/06\/konferenzraum-upgrades-videokonferenz-technik-upgrade.jpg 1200w, https:\/\/konferenztechnik.de\/wp-content\/uploads\/2021\/06\/konferenzraum-upgrades-videokonferenz-technik-upgrade-300x113.jpg 300w, https:\/\/konferenztechnik.de\/wp-content\/uploads\/2021\/06\/konferenzraum-upgrades-videokonferenz-technik-upgrade-1024x385.jpg 1024w, https:\/\/konferenztechnik.de\/wp-content\/uploads\/2021\/06\/konferenzraum-upgrades-videokonferenz-technik-upgrade-768x289.jpg 768w\" sizes=\"(max-width: 1200px) 100vw, 1200px\" \/><\/p>\n<p>\u5347\u7ea7\u73b0\u6709\u573a\u6240\u3002\u66f4\u597d\u5730\u6574\u5408\u89c6\u9891\u4f1a\u8bae\u3002\u5c3d\u91cf\u51cf\u5c11 \"\u73b0\u573a \"\u548c \"\u5728\u5bb6 \"\u7684\u5206\u79bb\u3002<\/p>\n<p>[button link=\"https:\/\/www.konferenztechnik.de\/konferenzraum-upgrade-ideale-bedingungen-fuer-videokonferenzen-schaffen\/\" target=\"self\" color=\"#a62055\u2033 text=\"light\"]\u4e86\u89e3\u66f4\u591a\u4fe1\u606f[\/button]<br \/>\n[\/column]<\/p>\n<p>[spacer size=\"30\u2033]<\/p>\n<hr id=\"kontakt\">\n<p>[spacer size=\"30\u2033]<\/p>\n<div class=\"box1-4 medium-size-txt\" style=\"margin-bottom: 0!important\">\n<h2><b><span class=\"pcs-color medium-size-txt\">\u60a8\u7684\u670d\u52a1\u56e2\u961f<\/span><\/b><\/h2>\n<p>[spacer size=\"5\u2033]<br \/>\n[column size=\"1-2\u2033 last=\"0\u2033]<\/p>\n<p>\u6211\u4eec\u7684\u4e13\u4e1a\u90e8\u95e8\u5c06\u975e\u5e38\u4e50\u610f\u56de\u7b54\u60a8\u7684\u95ee\u9898\uff0c\u4e3a\u60a8\u63d0\u4f9b\u4ea7\u54c1\u5efa\u8bae\uff0c\u51c6\u5907\u4e2a\u6027\u5316\u62a5\u4ef7\u6216\u4e2a\u6027\u5316\u623f\u95f4\u6982\u5ff5\u3002<\/p>\n<p><img loading=\"lazy\" decoding=\"async\" src=\"https:\/\/konferenztechnik.de\/wp-content\/uploads\/2021\/06\/enricohucke-pcsgmbh.jpg\" alt=\"Enrico Hucke - PCS GmbH \u9500\u552e\u56e2\u961f\" width=\"150\" height=\"150\" class=\"alignleft size-full wp-image-17496\" title=\"\"><br \/>\n<img loading=\"lazy\" decoding=\"async\" width=\"150\" height=\"150\" src=\"https:\/\/konferenztechnik.de\/wp-content\/uploads\/2021\/06\/roland-baur-pcs-gmbh.jpeg\" alt=\"Roland Baur - PCS GmbH \u9500\u552e\u56e2\u961f\" class=\"alignleft size-full wp-image-18053\" title=\"\"><br \/>\n<img loading=\"lazy\" decoding=\"async\" src=\"https:\/\/konferenztechnik.de\/wp-content\/uploads\/2021\/06\/jeremias-daniel-pcs-gmbh-2-1.jpg\" alt=\"Jeremias Daniel - PCS GmbH \u9500\u552e\u56e2\u961f\" width=\"150\" height=\"150\" class=\"alignleft size-full wp-image-17836\" title=\"\"><br \/>\n[spacer size=\"5\u2033]<br \/>\n<span class=\"medium-size-txt\"><br \/>\n\u8bf7\u7ed9\u6211\u4eec\u6253\u7535\u8bdd\uff01<br \/>\n<a href=\"tel:+49 21173779820\"><b>+49 211 737798 20<\/b><\/a><\/p>\n<p>\u8bf7\u53d1\u9001\u7535\u5b50\u90ae\u4ef6\u81f3<br \/>\n<span class=\"volleansicht\"><a href=\"mailto:vertrieb@konferenztechnik.de\" onclick=\"ga('send', 'event', 'Email-Klick', 'Kontakt Vertrieb');\">vertrieb@konferenztechnik.de<\/a><br \/>\n<\/span><br \/>\n<span class=\"mobileansicht\"><a href=\"mailto:vertrieb@konferenztechnik.de\" onclick=\"ga('send', 'event', 'Email-Klick', 'Kontakt Vertrieb');\">\u5199\u9053<\/a><br \/>\n<\/span><\/p>\n<p>\u4e0e\u6211\u4eec\u804a\u5929\u6216\u4f7f\u7528\u6211\u4eec\u7684\u56de\u62e8\u670d\u52a1<br \/>\n<\/span><br \/>\n[\/column]<br \/>\n[column size=\"1-2\u2033 last=\"1\u2033]<\/p>\n<h2>\u5b89\u6392\u56de\u8c03<\/h2>\n<p>[contact-form-7 id=\"17990\u2033 title=\"\u8054\u7cfb\u623f\u95f4\u6346\u7ed1\/\u5347\u7ea7\"]<br \/>\n[\/column]<\/p>\n<\/div>\n<p>[spacer size=\"20\u2033]<\/p>\n<hr>\n<p><span><\/span><\/div>\n<p>[spacer size=\"20\u2033]<\/p>\n<div class=\"leistungen-menu\">\n[column size=\"1-2\u2033 last=\"0\u2033]<\/p>\n<h3>\u79df\u7528\u53e3\u8bd1\u8bbe\u5907<\/h3>\n<p>[menu theme_location='dolmetschertechnik-mieten-\u65af\u56fe\u52a0\u7279']<br \/>\n[\/column]<\/p>\n<p>[column size=\"1-2\u2033 last=\"0\u2033]<\/p>\n<h3>\u8d2d\u4e70\u53e3\u8bd1\u8bbe\u5907<\/h3>\n<p>[menu theme_location='dolmetschertechnik-mieten-stuttgart-2\u2032]<br \/>\n[\/column]<\/p>\n<p>[column size=\"1-2\u2033 last=\"0\u2033]<\/p>\n<h3>\u5b89\u88c5\u548c\u96c6\u6210<\/h3>\n<p>[menu theme_location='dolmetschertechnik-mieten-stuttgart-4\u2032]<br \/>\n[\/column]<\/p>\n<p>[column size=\"1-4\u2033 last=\"1\u2033]<\/p>\n<h3 >PCS \u4f1a\u8bae\u6280\u672f<\/h3>\n<p>[menu theme_location='dolmetschertechnik-mieten-stuttgart-3\u2032]<br \/>\n[\/column]<\/p>\n<\/div>","protected":false},"excerpt":{"rendered":"<p>[column size=&#8220;3-4&#8243; last=&#8220;0&#8243;] Konferenztechnik kaufen &#8211; Vertrieb von Konferenz- und AV-Medientechnik [rev_slider alias=&#8220;vertrieb&#8220;] [spacer size=&#8220;10&#8243;] PCS vertreibt f\u00fcr die gewerbliche Nutzung professionelle Technik zu tagesaktuellen Konditionen, inklusive Beratung und After-Sales-Service. Wir beraten herstellerunabh\u00e4ngig und stellen Ihnen gerne ein genau auf Ihre Bed\u00fcrfnisse zugeschnittenes System zusammen. Sie suchen Konferenz- und Mediensysteme oder ben\u00f6tigen Audio- oder Videotechnik? [&hellip;]<\/p>","protected":false},"author":1,"featured_media":45482,"parent":0,"menu_order":0,"comment_status":"closed","ping_status":"closed","template":"","meta":{"_acf_changed":false,"footnotes":""},"class_list":["post-9847","page","type-page","status-publish","has-post-thumbnail","hentry"],"acf":[],"_links":{"self":[{"href":"https:\/\/konferenztechnik.de\/zh\/wp-json\/wp\/v2\/pages\/9847","targetHints":{"allow":["GET"]}}],"collection":[{"href":"https:\/\/konferenztechnik.de\/zh\/wp-json\/wp\/v2\/pages"}],"about":[{"href":"https:\/\/konferenztechnik.de\/zh\/wp-json\/wp\/v2\/types\/page"}],"author":[{"embeddable":true,"href":"https:\/\/konferenztechnik.de\/zh\/wp-json\/wp\/v2\/users\/1"}],"replies":[{"embeddable":true,"href":"https:\/\/konferenztechnik.de\/zh\/wp-json\/wp\/v2\/comments?post=9847"}],"version-history":[{"count":0,"href":"https:\/\/konferenztechnik.de\/zh\/wp-json\/wp\/v2\/pages\/9847\/revisions"}],"wp:featuredmedia":[{"embeddable":true,"href":"https:\/\/konferenztechnik.de\/zh\/wp-json\/wp\/v2\/media\/45482"}],"wp:attachment":[{"href":"https:\/\/konferenztechnik.de\/zh\/wp-json\/wp\/v2\/media?parent=9847"}],"curies":[{"name":"wp","href":"https:\/\/api.w.org\/{rel}","templated":true}]}}